{"id":8647,"date":"2018-05-10T13:11:49","date_gmt":"2018-05-10T13:11:49","guid":{"rendered":"https:\/\/leathershopdoci.nl\/?post_type=product&#038;p=17142"},"modified":"2025-05-09T10:30:34","modified_gmt":"2025-05-09T10:30:34","slug":"heren-imitatie-leren-jas-zwart-trr-46-versano","status":"publish","type":"product","link":"https:\/\/versano.nl\/fr\/shop\/heren-imitatie-leren-jas-zwart-trr-46-versano\/","title":{"rendered":"blouson simili cuir homme noir TRR 46 Versano"},"content":{"rendered":"<h2>blouson simili cuir homme noir TRR 46 Versano<\/h2>\n<p>Les vestes de motard sont un \u00e9l\u00e9ment indispensable de la sc\u00e8ne de rue et sont intemporelles. Cette veste en similicuir pour hommes noire TRR 46 Versano est un nouveau mod\u00e8le dans la collection cool de vestes en similicuir pour hommes de Versano. On a affaire ici \u00e0 une veste qui a l&#039;air cool, mais qui sera aussi tr\u00e8s confortable. Cette veste a une partie \u00e9lastique \u00e0 la taille, de sorte que la veste a \u00e9galement une fonction flexible \u00e0 la taille. La veste a deux poches lat\u00e9rales spacieuses avec fermeture \u00e9clair, avec une poche int\u00e9rieure. Il y a aussi deux poches poitrine sur cette veste, que vous pouvez \u00e9galement fermer avec une fermeture \u00e9clair. La veste a une coupe slim italienne et s&#039;adaptera donc parfaitement \u00e0 votre corps. Cette veste de motard est disponible dans les coloris noir, vert et bleu, et nous avons \u00e9galement r\u00e9alis\u00e9 quelques coloris en cuir d&#039;agneau. Avec nous, vous pouvez facilement choisir la bonne taille, sur la base de nos vid\u00e9os d&#039;instructions intelligentes.<\/p>\n<h2>Commander le mod\u00e8le TRR 46 en noir<\/h2>\n<p>Avec une si belle veste Versano, vous pouvez \u00eatre s\u00fbr que vous pourrez la porter tout l&#039;hiver. Vous pouvez facilement commander ce mod\u00e8le dans la boutique en ligne Versano. Nous avons rassembl\u00e9 ici toutes nos vestes pour que vous puissiez facilement passer une commande. Chez Versano, vous pouvez toujours \u00eatre s\u00fbr que vous achetez un beau manteau qui a \u00e9t\u00e9 travaill\u00e9 avec soin. Avec nous, vous pouvez facilement choisir la bonne taille en fonction de nos vid\u00e9os d&#039;instructions intelligentes. Vous avez des questions ou vous ne savez pas quelle taille commander ? Ensuite, vous pouvez toujours nous contacter par mail ou WhatsApp. Nos employ\u00e9s aimeraient vous aider!<\/p>\n<p>marque: <a href=\"https:\/\/versano.nl\/\">Versano<\/a><br \/>\nMat\u00e9riau: simili cuir 100%<br \/>\nDoublure: 100% polyester<br \/>\nLongueur: court<br \/>\nCoupe : coupe ajust\u00e9e<br \/>\nFermeture: fermeture \u00e9clair<br \/>\nPoches: poches avec zip<br \/>\nCol: col montant<br \/>\nMat\u00e9riau couche ext\u00e9rieure: imitation cuir de tr\u00e8s haute qualit\u00e9 et souple<br \/>\nD\u00e9lai de livraison: 2-3 jours ouvrables<\/p>","protected":false},"excerpt":{"rendered":"<p>CHOISISSEZ UNE AUTRE COULEUR ICI<\/p>\n<p><a href=\"https:\/\/versano.nl\/shop\/kunstleren-heren-bikerjack-blauw-versano-trr-46\/\"><img loading=\"lazy\" decoding=\"async\" class=\"alignnone size-full wp-image-19898\" src=\"https:\/\/versano.nl\/wp-content\/uploads\/sites\/2\/2018\/04\/heren-leren-jas-blauw-TR46-thumb.jpg\" alt=\"\" width=\"57\" height=\"75\" \/><\/a><a href=\"https:\/\/versano.nl\/shop\/imitatie-leren-bikerjack-heren-groen-trr-46-versano\/\"><img loading=\"lazy\" decoding=\"async\" class=\"alignnone size-full wp-image-19901\" src=\"https:\/\/versano.nl\/wp-content\/uploads\/sites\/2\/2019\/10\/imitatieleren-heren-bikerjack-groen-versano-tr46-thumb.jpg\" alt=\"\" width=\"57\" height=\"75\" \/><\/a><\/p>\n<p style=\"margin: 0cm 0cm 11.25pt 0cm;\"><span style=\"font-family: 'Arial',sans-serif; color: red;\">Conseils d&#039;ajustement:\u00a0<\/span><span style=\"font-family: 'Arial',sans-serif;\">La coupe de cette veste est ajust\u00e9e. Notre mannequin mesure 1,75 cm et porte une taille M.<\/span><\/p>\n<p style=\"margin: 0cm 0cm 11.25pt 0cm;\"><span style=\"font-family: 'Arial',sans-serif;\">Si vous n&#039;\u00eates pas s\u00fbr de vos mesures, nous vous recommandons de commencer par mesurer vos mesures de taille et de les comparer avec notre tableau des tailles. Si vous n&#039;avez aucune exp\u00e9rience dans la mesure des tailles de circonf\u00e9rence, cliquez sur\u00a0<\/span><a href=\"https:\/\/www.youtube.com\/watch?v=3ZSfY87v6pM\"><em><span style=\"font-family: 'Arial',sans-serif; color: windowtext; text-decoration: none; text-underline: none;\">ICI<\/span><\/em><span style=\"font-family: 'Arial',sans-serif; color: windowtext; text-decoration: none; text-underline: none;\">\u00a0<\/span><\/a><span style=\"font-family: 'Arial',sans-serif;\">\u00a0\u00e0\u00a0<\/span><a href=\"https:\/\/www.youtube.com\/watch?v=3ZSfY87v6pM\"><em><span style=\"font-family: 'Arial',sans-serif; color: red; text-decoration: none; text-underline: none;\">VIDEO<\/span><\/em><\/a><span style=\"font-family: 'Arial',sans-serif;\">\u00a0 avec des instructions. Vous pouvez \u00e9galement nous appeler ou nous appliquer directement! Nos employ\u00e9s sont toujours disponibles pour vous aider.<\/span><\/p>\n<p style=\"margin: 0cm;\"><strong><span style=\"font-family: 'Arial',sans-serif;\">HEURE DE LIVRAISON :<\/span><\/strong><span style=\"font-family: 'Arial',sans-serif;\">\u00a02 \u00e0 3 jours ouvr\u00e9s.<\/span><\/p>\n<p>&nbsp;<\/p>","protected":false},"featured_media":20777,"comment_status":"open","ping_status":"closed","template":"","meta":[],"product_brand":[],"product_cat":[1672,734,923,16,882],"product_tag":[1922,185,300,636,1710,188,1921,1916,1915,968,969,970,1838,1856,971,972],"class_list":{"0":"post-8647","1":"product","2":"type-product","3":"status-publish","4":"has-post-thumbnail","6":"product_cat-biker-jas-heren","7":"product_cat-heren-leatherlook-jassen-lederlook-jassen","8":"product_cat-imitatie-leren-jas","9":"product_cat-imitatieleren-jassen-heren","10":"product_cat-versano","11":"product_tag-biker-jas-heren-imitatie-leer","12":"product_tag-biker-jas-zwart","13":"product_tag-bikerjack-heren","14":"product_tag-bikerjack-heren-zwart","15":"product_tag-blauwe-biker-jas-heren","16":"product_tag-heren-bikerjas-zwart","17":"product_tag-heren-zomerjassen","18":"product_tag-imitatie-leren-biker-jas-heren","19":"product_tag-imitatie-leren-heren-jas","20":"product_tag-imitatieleren-heren-jassen","21":"product_tag-kunst-leren-jassen-heren","22":"product_tag-nep-leren-jassen-heren","23":"product_tag-versano-jassen-in-sale","24":"product_tag-versano-uitverkoop","25":"product_tag-zwarte-imitatieleren-jas-heren","26":"product_tag-zwarte-kunstleren-heren-jas","27":"product_shipping_class-verzendkosten-1","28":"tm-no-options","30":"first","31":"instock","32":"sale","33":"taxable","34":"shipping-taxable","35":"purchasable","36":"product-type-variable"},"yoast_head":"<!-- This site is optimized with the Yoast SEO plugin v27.2 - https:\/\/yoast.com\/product\/yoast-seo-wordpress\/ -->\n<title>heren imitatie leren jas zwart TRR 46 Versano, biker jas heren<\/title>\n<meta name=\"description\" content=\"Bent u op zoek naar een heren imitatie leren jas zwart TRR 46 Versano? Bij Versano zit u goed, want hier treft u een ruime collectie aan.\" \/>\n<meta name=\"robots\" content=\"index, follow, max-snippet:-1, max-image-preview:large, max-video-preview:-1\" \/>\n<link rel=\"canonical\" href=\"https:\/\/versano.nl\/fr\/shop\/heren-imitatie-leren-jas-zwart-trr-46-versano\/\" \/>\n<meta property=\"og:locale\" content=\"fr_FR\" \/>\n<meta property=\"og:type\" content=\"article\" \/>\n<meta property=\"og:title\" content=\"heren imitatie leren jas zwart TRR 46 Versano, biker jas heren\" \/>\n<meta property=\"og:description\" content=\"Bent u op zoek naar een heren imitatie leren jas zwart TRR 46 Versano? Bij Versano zit u goed, want hier treft u een ruime collectie aan.\" \/>\n<meta property=\"og:url\" content=\"https:\/\/versano.nl\/fr\/shop\/heren-imitatie-leren-jas-zwart-trr-46-versano\/\" \/>\n<meta property=\"og:site_name\" content=\"Versano\" \/>\n<meta property=\"article:modified_time\" content=\"2025-05-09T10:30:34+00:00\" \/>\n<meta property=\"og:image\" content=\"https:\/\/versano.nl\/wp-content\/uploads\/2021\/03\/leren-jas-heren-zwart-versano-TR46-model2.jpg\" \/>\n\t<meta property=\"og:image:width\" content=\"900\" \/>\n\t<meta property=\"og:image:height\" content=\"1176\" \/>\n\t<meta property=\"og:image:type\" content=\"image\/jpeg\" \/>\n<meta name=\"twitter:card\" content=\"summary_large_image\" \/>\n<meta name=\"twitter:label1\" content=\"Dur\u00e9e de lecture estim\u00e9e\" \/>\n\t<meta name=\"twitter:data1\" content=\"2 minutes\" \/>\n<script type=\"application\/ld+json\" class=\"yoast-schema-graph\">{\"@context\":\"https:\/\/schema.org\",\"@graph\":[{\"@type\":\"WebPage\",\"@id\":\"https:\/\/versano.nl\/shop\/heren-imitatie-leren-jas-zwart-trr-46-versano\/\",\"url\":\"https:\/\/versano.nl\/shop\/heren-imitatie-leren-jas-zwart-trr-46-versano\/\",\"name\":\"heren imitatie leren jas zwart TRR 46 Versano, biker jas heren\",\"isPartOf\":{\"@id\":\"https:\/\/versano.nl\/#website\"},\"primaryImageOfPage\":{\"@id\":\"https:\/\/versano.nl\/shop\/heren-imitatie-leren-jas-zwart-trr-46-versano\/#primaryimage\"},\"image\":{\"@id\":\"https:\/\/versano.nl\/shop\/heren-imitatie-leren-jas-zwart-trr-46-versano\/#primaryimage\"},\"thumbnailUrl\":\"https:\/\/versano.nl\/wp-content\/uploads\/2021\/03\/leren-jas-heren-zwart-versano-TR46-model2.jpg\",\"datePublished\":\"2018-05-10T13:11:49+00:00\",\"dateModified\":\"2025-05-09T10:30:34+00:00\",\"description\":\"Bent u op zoek naar een heren imitatie leren jas zwart TRR 46 Versano? Bij Versano zit u goed, want hier treft u een ruime collectie aan.\",\"breadcrumb\":{\"@id\":\"https:\/\/versano.nl\/shop\/heren-imitatie-leren-jas-zwart-trr-46-versano\/#breadcrumb\"},\"inLanguage\":\"fr-FR\",\"potentialAction\":[{\"@type\":\"ReadAction\",\"target\":[\"https:\/\/versano.nl\/shop\/heren-imitatie-leren-jas-zwart-trr-46-versano\/\"]}]},{\"@type\":\"ImageObject\",\"inLanguage\":\"fr-FR\",\"@id\":\"https:\/\/versano.nl\/shop\/heren-imitatie-leren-jas-zwart-trr-46-versano\/#primaryimage\",\"url\":\"https:\/\/versano.nl\/wp-content\/uploads\/2021\/03\/leren-jas-heren-zwart-versano-TR46-model2.jpg\",\"contentUrl\":\"https:\/\/versano.nl\/wp-content\/uploads\/2021\/03\/leren-jas-heren-zwart-versano-TR46-model2.jpg\",\"width\":900,\"height\":1176,\"caption\":\"leren-jas-heren-zwart-versano-TR46\"},{\"@type\":\"BreadcrumbList\",\"@id\":\"https:\/\/versano.nl\/shop\/heren-imitatie-leren-jas-zwart-trr-46-versano\/#breadcrumb\",\"itemListElement\":[{\"@type\":\"ListItem\",\"position\":1,\"name\":\"Home\",\"item\":\"https:\/\/versano.nl\/\"},{\"@type\":\"ListItem\",\"position\":2,\"name\":\"Shop\",\"item\":\"https:\/\/versano.nl\/shop\/\"},{\"@type\":\"ListItem\",\"position\":3,\"name\":\"heren imitatie leren jas zwart TRR 46 Versano\"}]},{\"@type\":\"WebSite\",\"@id\":\"https:\/\/versano.nl\/#website\",\"url\":\"https:\/\/versano.nl\/\",\"name\":\"Versano\",\"description\":\"winterjassen met bontkraag | leren dames jassen | leren heren jassen\",\"potentialAction\":[{\"@type\":\"SearchAction\",\"target\":{\"@type\":\"EntryPoint\",\"urlTemplate\":\"https:\/\/versano.nl\/?s={search_term_string}\"},\"query-input\":{\"@type\":\"PropertyValueSpecification\",\"valueRequired\":true,\"valueName\":\"search_term_string\"}}],\"inLanguage\":\"fr-FR\"}]}<\/script>\n<!-- \/ Yoast SEO plugin. -->","yoast_head_json":{"title":"blouson simili cuir homme noir TRR 46 Versano, blouson motard homme","description":"Vous \u00eates \u00e0 la recherche d&#039;un blouson homme en simili cuir noir TRR 46 Versano ? Versano est le bon endroit pour vous, car vous trouverez ici une large collection.","robots":{"index":"index","follow":"follow","max-snippet":"max-snippet:-1","max-image-preview":"max-image-preview:large","max-video-preview":"max-video-preview:-1"},"canonical":"https:\/\/versano.nl\/fr\/shop\/heren-imitatie-leren-jas-zwart-trr-46-versano\/","og_locale":"fr_FR","og_type":"article","og_title":"heren imitatie leren jas zwart TRR 46 Versano, biker jas heren","og_description":"Bent u op zoek naar een heren imitatie leren jas zwart TRR 46 Versano? Bij Versano zit u goed, want hier treft u een ruime collectie aan.","og_url":"https:\/\/versano.nl\/fr\/shop\/heren-imitatie-leren-jas-zwart-trr-46-versano\/","og_site_name":"Versano","article_modified_time":"2025-05-09T10:30:34+00:00","og_image":[{"width":900,"height":1176,"url":"https:\/\/versano.nl\/wp-content\/uploads\/2021\/03\/leren-jas-heren-zwart-versano-TR46-model2.jpg","type":"image\/jpeg"}],"twitter_card":"summary_large_image","twitter_misc":{"Dur\u00e9e de lecture estim\u00e9e":"2 minutes"},"schema":{"@context":"https:\/\/schema.org","@graph":[{"@type":"WebPage","@id":"https:\/\/versano.nl\/shop\/heren-imitatie-leren-jas-zwart-trr-46-versano\/","url":"https:\/\/versano.nl\/shop\/heren-imitatie-leren-jas-zwart-trr-46-versano\/","name":"blouson simili cuir homme noir TRR 46 Versano, blouson motard homme","isPartOf":{"@id":"https:\/\/versano.nl\/#website"},"primaryImageOfPage":{"@id":"https:\/\/versano.nl\/shop\/heren-imitatie-leren-jas-zwart-trr-46-versano\/#primaryimage"},"image":{"@id":"https:\/\/versano.nl\/shop\/heren-imitatie-leren-jas-zwart-trr-46-versano\/#primaryimage"},"thumbnailUrl":"https:\/\/versano.nl\/wp-content\/uploads\/2021\/03\/leren-jas-heren-zwart-versano-TR46-model2.jpg","datePublished":"2018-05-10T13:11:49+00:00","dateModified":"2025-05-09T10:30:34+00:00","description":"Vous \u00eates \u00e0 la recherche d&#039;un blouson homme en simili cuir noir TRR 46 Versano ? Versano est le bon endroit pour vous, car vous trouverez ici une large collection.","breadcrumb":{"@id":"https:\/\/versano.nl\/shop\/heren-imitatie-leren-jas-zwart-trr-46-versano\/#breadcrumb"},"inLanguage":"fr-FR","potentialAction":[{"@type":"ReadAction","target":["https:\/\/versano.nl\/shop\/heren-imitatie-leren-jas-zwart-trr-46-versano\/"]}]},{"@type":"ImageObject","inLanguage":"fr-FR","@id":"https:\/\/versano.nl\/shop\/heren-imitatie-leren-jas-zwart-trr-46-versano\/#primaryimage","url":"https:\/\/versano.nl\/wp-content\/uploads\/2021\/03\/leren-jas-heren-zwart-versano-TR46-model2.jpg","contentUrl":"https:\/\/versano.nl\/wp-content\/uploads\/2021\/03\/leren-jas-heren-zwart-versano-TR46-model2.jpg","width":900,"height":1176,"caption":"leren-jas-heren-zwart-versano-TR46"},{"@type":"BreadcrumbList","@id":"https:\/\/versano.nl\/shop\/heren-imitatie-leren-jas-zwart-trr-46-versano\/#breadcrumb","itemListElement":[{"@type":"ListItem","position":1,"name":"Home","item":"https:\/\/versano.nl\/"},{"@type":"ListItem","position":2,"name":"Shop","item":"https:\/\/versano.nl\/shop\/"},{"@type":"ListItem","position":3,"name":"heren imitatie leren jas zwart TRR 46 Versano"}]},{"@type":"WebSite","@id":"https:\/\/versano.nl\/#website","url":"https:\/\/versano.nl\/","name":"Versano","description":"manteaux d&#039;hiver avec col en fourrure | vestes femme en cuir | vestes en cuir pour hommes","potentialAction":[{"@type":"SearchAction","target":{"@type":"EntryPoint","urlTemplate":"https:\/\/versano.nl\/?s={search_term_string}"},"query-input":{"@type":"PropertyValueSpecification","valueRequired":true,"valueName":"search_term_string"}}],"inLanguage":"fr-FR"}]}},"_links":{"self":[{"href":"https:\/\/versano.nl\/fr\/wp-json\/wp\/v2\/product\/8647","targetHints":{"allow":["GET"]}}],"collection":[{"href":"https:\/\/versano.nl\/fr\/wp-json\/wp\/v2\/product"}],"about":[{"href":"https:\/\/versano.nl\/fr\/wp-json\/wp\/v2\/types\/product"}],"replies":[{"embeddable":true,"href":"https:\/\/versano.nl\/fr\/wp-json\/wp\/v2\/comments?post=8647"}],"wp:featuredmedia":[{"embeddable":true,"href":"https:\/\/versano.nl\/fr\/wp-json\/wp\/v2\/media\/20777"}],"wp:attachment":[{"href":"https:\/\/versano.nl\/fr\/wp-json\/wp\/v2\/media?parent=8647"}],"wp:term":[{"taxonomy":"product_brand","embeddable":true,"href":"https:\/\/versano.nl\/fr\/wp-json\/wp\/v2\/product_brand?post=8647"},{"taxonomy":"product_cat","embeddable":true,"href":"https:\/\/versano.nl\/fr\/wp-json\/wp\/v2\/product_cat?post=8647"},{"taxonomy":"product_tag","embeddable":true,"href":"https:\/\/versano.nl\/fr\/wp-json\/wp\/v2\/product_tag?post=8647"}],"curies":[{"name":"wp","href":"https:\/\/api.w.org\/{rel}","templated":true}]}}