{"id":8205,"date":"2018-04-27T19:12:59","date_gmt":"2018-04-27T19:12:59","guid":{"rendered":"https:\/\/leathershopdoci.nl\/?post_type=product&#038;p=16901"},"modified":"2026-04-06T18:13:54","modified_gmt":"2026-04-06T18:13:54","slug":"bikerjack-heren-cognac-in-lamsleer-versano-tr-46","status":"publish","type":"product","link":"https:\/\/versano.nl\/fr\/shop\/bikerjack-heren-cognac-in-lamsleer-versano-tr-46\/","title":{"rendered":"Blouson cuir homme biker TR46 cognac Versano"},"content":{"rendered":"<h2 style=\"margin: 0cm 0cm 16.5pt 0cm;\"><span style=\"font-size: 14.0pt; font-family: 'Arial',sans-serif; color: #282828;\">Blouson cuir homme biker TR46 cognac Versano<\/span><\/h2>\n<p style=\"margin: 0cm 0cm 16.5pt 0cm;\"><span style=\"font-size: 10.5pt; font-family: 'Arial',sans-serif; color: #282828;\">Les vestes de motard sont un \u00e9l\u00e9ment indispensable de la sc\u00e8ne de rue et sont intemporelles. Cette veste de motard pour hommes en cuir de motard TR46 Cognac Versano est un nouveau mod\u00e8le dans la collection cool de vestes en cuir pour hommes de Versano. On a affaire ici \u00e0 une veste qui a l&#039;air cool, mais qui vous ira aussi tr\u00e8s confortablement. Cette veste a une partie \u00e9lastique \u00e0 la taille, de sorte que la veste peut \u00e9galement avoir une livre de plus. La veste a deux poches lat\u00e9rales spacieuses avec fermeture \u00e9clair, avec une poche int\u00e9rieure. Il y a aussi deux poches poitrine sur cette veste, que vous pouvez \u00e9galement fermer avec une fermeture \u00e9clair. La coupe de cette veste est ajust\u00e9e et s&#039;adaptera donc parfaitement \u00e0 votre corps. Il s&#039;agit d&#039;une belle veste ajust\u00e9e qui est compl\u00e8tement de style italien. En d&#039;autres termes, avec cette veste, vous n&#039;avez pas \u00e0 vous soucier de ne pas avoir l&#039;air \u00e0 votre place. Vous pouvez facilement commander ce mod\u00e8le sur notre site en diff\u00e9rentes couleurs.<\/span><\/p>\n<h2><span style=\"font-size: 15.0pt; font-family: 'Arial',sans-serif; color: #282828; font-weight: normal;\">Commander le mod\u00e8le TR46 en cognac<\/span><\/h2>\n<p style=\"text-align: start; margin: 0cm 0cm 16.5pt 0cm;\"><span style=\"font-size: 10.5pt; font-family: 'Arial',sans-serif; color: #282828;\">Ce blouson de motard est disponible dans les coloris noir, bleu et cognac.Nous avons \u00e9galement r\u00e9alis\u00e9 quelques coloris en simili cuir. Nous vous recommandons donc de simplement jeter un \u0153il \u00e0 la couleur qui, selon vous, convient le mieux \u00e0 votre propre style. Avec nous, vous pouvez facilement choisir la bonne taille en fonction de nos vid\u00e9os d&#039;instructions intelligentes. Vous avez des questions ou vous ne savez pas quelle taille commander ? Ensuite, vous pouvez toujours nous contacter par mail ou WhatsApp. Nos employ\u00e9s aimeraient vous aider!<\/span><\/p>\n<p style=\"margin: 0cm; text-align: start;\"><span style=\"font-size: 10.5pt; font-family: 'Arial',sans-serif; color: #282828;\">marque:\u00a0<a style=\"color: inherit;\" href=\"https:\/\/versano.nl\/\"><span style=\"text-decoration: none;\">Versano<\/span><\/a><br \/>\nMati\u00e8re: 100% cuir d&#039;agneau<br \/>\nDoublure: 100% polyester<br \/>\nLongueur: court<br \/>\nCoupe : coupe ajust\u00e9e<br \/>\nFermeture: fermeture \u00e9clair<br \/>\nPoches: poches avec zip<br \/>\nCol: col montant<br \/>\nMat\u00e9riau couche ext\u00e9rieure: Tr\u00e8s haute qualit\u00e9 et doux en peau d&#039;agneau<br \/>\nD\u00e9lai de livraison: 2-3 jours ouvrables<\/span><\/p>","protected":false},"excerpt":{"rendered":"<p>CHOISISSEZ UNE AUTRE COULEUR ICI<\/p>\n<p><a href=\"https:\/\/versano.nl\/shop\/bikerjack-heren-blauw-in-lamsleer-versano-tr-46\/\"><img loading=\"lazy\" decoding=\"async\" class=\"alignnone size-full wp-image-19898\" src=\"https:\/\/versano.nl\/wp-content\/uploads\/sites\/2\/2018\/04\/heren-leren-jas-blauw-TR46-thumb.jpg\" alt=\"\" width=\"57\" height=\"75\" \/><\/a><a href=\"https:\/\/versano.nl\/shop\/bikerjack-heren-zwart-in-lamsleer-versano-tr-46\/\"><img loading=\"lazy\" decoding=\"async\" class=\"alignnone size-full wp-image-19900\" src=\"https:\/\/versano.nl\/wp-content\/uploads\/sites\/2\/2018\/04\/leren-jas-heren-zwart-versano-TR46-thumb.jpg\" alt=\"\" width=\"57\" height=\"75\" \/><\/a><\/p>\n<p style=\"margin: 0cm 0cm 11.25pt 0cm;\"><span style=\"font-size: 10.5pt; font-family: 'Arial',sans-serif; color: red;\">Conseils d&#039;ajustement:\u00a0<\/span><span style=\"font-size: 10.5pt; font-family: 'Arial',sans-serif; color: #5d5d5d;\">La coupe de cette veste est ajust\u00e9e. Notre mannequin mesure 1,75 cm et porte une taille M.<\/span><\/p>\n<p style=\"text-align: start; margin: 0cm 0cm 11.25pt 0cm;\"><span style=\"font-size: 10.5pt; font-family: 'Arial',sans-serif; color: #5d5d5d;\">Si vous n&#039;\u00eates pas s\u00fbr de vos mesures, nous vous recommandons de commencer par mesurer vos mesures de taille et de les comparer avec notre tableau des tailles. Si vous n&#039;avez aucune exp\u00e9rience dans la mesure des tailles de circonf\u00e9rence, cliquez sur\u00a0<a style=\"color: inherit;\" href=\"https:\/\/www.youtube.com\/watch?v=3ZSfY87v6pM\"><em><span style=\"font-family: 'Arial',sans-serif; text-decoration: none;\">ICI<\/span><\/em><span style=\"text-decoration: none;\">\u00a0<\/span><\/a>\u00a0\u00e0\u00a0<a style=\"color: inherit;\" href=\"https:\/\/www.youtube.com\/watch?v=3ZSfY87v6pM\"><em><span style=\"font-family: 'Arial',sans-serif; color: red; text-decoration: none;\">VIDEO<\/span><\/em><\/a>\u00a0 avec des instructions. Vous pouvez \u00e9galement nous appeler ou nous appliquer directement! Nos employ\u00e9s sont toujours disponibles pour vous aider.<\/span><\/p>\n<p style=\"margin: 0cm; text-align: start;\"><strong><span style=\"font-size: 10.5pt; font-family: 'Arial',sans-serif; color: #5d5d5d;\">HEURE DE LIVRAISON :<\/span><\/strong><span style=\"font-size: 10.5pt; font-family: 'Arial',sans-serif; color: #5d5d5d;\">\u00a02 \u00e0 3 jours ouvr\u00e9s.<\/span><\/p>","protected":false},"featured_media":20766,"comment_status":"open","ping_status":"closed","template":"","meta":[],"product_brand":[],"product_cat":[1672,1670,147,907,912,1671,908,1669,1712,913,910,882],"product_tag":[1704,83,1702,439,300,644,1701,1691,931,86,1703,932,649,153,1698,921,1697,1699],"class_list":{"0":"post-8205","1":"product","2":"type-product","3":"status-publish","4":"has-post-thumbnail","6":"product_cat-biker-jas-heren","7":"product_cat-heren-leren-jas","8":"product_cat-heren-leren-jassen","9":"product_cat-kort-leren-jasje-heren","10":"product_cat-leren-bikerjacks-heren","11":"product_cat-leren-heren-jas","12":"product_cat-leren-heren-jassen","13":"product_cat-leren-jas-heren","14":"product_cat-leren-jassen","15":"product_cat-leren-jassen-heren-uitverkoop","16":"product_cat-leren-jassen-heren","17":"product_cat-versano","18":"product_tag-biker-echt-leer-jas","19":"product_tag-biker-jack-cognac","20":"product_tag-biker-jas-versano","21":"product_tag-bikerjack-cognac","22":"product_tag-bikerjack-heren","23":"product_tag-bikerjack-heren-cognac","24":"product_tag-cognac-leren-jas-heren","25":"product_tag-echt-leer-heren-jas","26":"product_tag-heren-bikerjas","27":"product_tag-heren-jas-biker-model-cognac","28":"product_tag-lamsleer-heren-jassen","29":"product_tag-leren-bikerjack-heren","30":"product_tag-leren-heren-bikerjack","31":"product_tag-leren-heren-jas-cognac","32":"product_tag-leren-heren-jas-sale","33":"product_tag-leren-jasje-heren","34":"product_tag-uitverkoop-heren-leren-jas","35":"product_tag-versano-heren-leren-jas","36":"tm-no-options","38":"first","39":"instock","40":"sale","41":"taxable","42":"shipping-taxable","43":"purchasable","44":"product-type-variable"},"yoast_head":"<!-- This site is optimized with the Yoast SEO plugin v27.2 - https:\/\/yoast.com\/product\/yoast-seo-wordpress\/ -->\n<title>Heren leren jas biker TR46 cognac Versano, bikerjassen heren<\/title>\n<meta name=\"description\" content=\"Bent u op zoek naar een Heren leren jas biker TR46 cognac Versano? Bij Versano zit u goed, want hier treft u een ruime keuze jassen aan.\" \/>\n<meta name=\"robots\" content=\"index, follow, max-snippet:-1, max-image-preview:large, max-video-preview:-1\" \/>\n<link rel=\"canonical\" href=\"https:\/\/versano.nl\/fr\/shop\/bikerjack-heren-cognac-in-lamsleer-versano-tr-46\/\" \/>\n<meta property=\"og:locale\" content=\"fr_FR\" \/>\n<meta property=\"og:type\" content=\"article\" \/>\n<meta property=\"og:title\" content=\"Heren leren jas biker TR46 cognac Versano, bikerjassen heren\" \/>\n<meta property=\"og:description\" content=\"Bent u op zoek naar een Heren leren jas biker TR46 cognac Versano? Bij Versano zit u goed, want hier treft u een ruime keuze jassen aan.\" \/>\n<meta property=\"og:url\" content=\"https:\/\/versano.nl\/fr\/shop\/bikerjack-heren-cognac-in-lamsleer-versano-tr-46\/\" \/>\n<meta property=\"og:site_name\" content=\"Versano\" \/>\n<meta property=\"article:modified_time\" content=\"2026-04-06T18:13:54+00:00\" \/>\n<meta property=\"og:image\" content=\"https:\/\/versano.nl\/wp-content\/uploads\/2021\/03\/heren-leren-jas-zwart-cognac-TR46-model2.jpg\" \/>\n\t<meta property=\"og:image:width\" content=\"900\" \/>\n\t<meta property=\"og:image:height\" content=\"1176\" \/>\n\t<meta property=\"og:image:type\" content=\"image\/jpeg\" \/>\n<meta name=\"twitter:card\" content=\"summary_large_image\" \/>\n<meta name=\"twitter:label1\" content=\"Dur\u00e9e de lecture estim\u00e9e\" \/>\n\t<meta name=\"twitter:data1\" content=\"2 minutes\" \/>\n<script type=\"application\/ld+json\" class=\"yoast-schema-graph\">{\"@context\":\"https:\/\/schema.org\",\"@graph\":[{\"@type\":\"WebPage\",\"@id\":\"https:\/\/versano.nl\/shop\/bikerjack-heren-cognac-in-lamsleer-versano-tr-46\/\",\"url\":\"https:\/\/versano.nl\/shop\/bikerjack-heren-cognac-in-lamsleer-versano-tr-46\/\",\"name\":\"Heren leren jas biker TR46 cognac Versano, bikerjassen heren\",\"isPartOf\":{\"@id\":\"https:\/\/versano.nl\/#website\"},\"primaryImageOfPage\":{\"@id\":\"https:\/\/versano.nl\/shop\/bikerjack-heren-cognac-in-lamsleer-versano-tr-46\/#primaryimage\"},\"image\":{\"@id\":\"https:\/\/versano.nl\/shop\/bikerjack-heren-cognac-in-lamsleer-versano-tr-46\/#primaryimage\"},\"thumbnailUrl\":\"https:\/\/versano.nl\/wp-content\/uploads\/2021\/03\/heren-leren-jas-zwart-cognac-TR46-model2.jpg\",\"datePublished\":\"2018-04-27T19:12:59+00:00\",\"dateModified\":\"2026-04-06T18:13:54+00:00\",\"description\":\"Bent u op zoek naar een Heren leren jas biker TR46 cognac Versano? Bij Versano zit u goed, want hier treft u een ruime keuze jassen aan.\",\"breadcrumb\":{\"@id\":\"https:\/\/versano.nl\/shop\/bikerjack-heren-cognac-in-lamsleer-versano-tr-46\/#breadcrumb\"},\"inLanguage\":\"fr-FR\",\"potentialAction\":[{\"@type\":\"ReadAction\",\"target\":[\"https:\/\/versano.nl\/shop\/bikerjack-heren-cognac-in-lamsleer-versano-tr-46\/\"]}]},{\"@type\":\"ImageObject\",\"inLanguage\":\"fr-FR\",\"@id\":\"https:\/\/versano.nl\/shop\/bikerjack-heren-cognac-in-lamsleer-versano-tr-46\/#primaryimage\",\"url\":\"https:\/\/versano.nl\/wp-content\/uploads\/2021\/03\/heren-leren-jas-zwart-cognac-TR46-model2.jpg\",\"contentUrl\":\"https:\/\/versano.nl\/wp-content\/uploads\/2021\/03\/heren-leren-jas-zwart-cognac-TR46-model2.jpg\",\"width\":900,\"height\":1176,\"caption\":\"Heren leren jas biker TR46 cognac Versano\"},{\"@type\":\"BreadcrumbList\",\"@id\":\"https:\/\/versano.nl\/shop\/bikerjack-heren-cognac-in-lamsleer-versano-tr-46\/#breadcrumb\",\"itemListElement\":[{\"@type\":\"ListItem\",\"position\":1,\"name\":\"Home\",\"item\":\"https:\/\/versano.nl\/\"},{\"@type\":\"ListItem\",\"position\":2,\"name\":\"Shop\",\"item\":\"https:\/\/versano.nl\/shop\/\"},{\"@type\":\"ListItem\",\"position\":3,\"name\":\"Heren leren jas biker TR46 cognac Versano\"}]},{\"@type\":\"WebSite\",\"@id\":\"https:\/\/versano.nl\/#website\",\"url\":\"https:\/\/versano.nl\/\",\"name\":\"Versano\",\"description\":\"winterjassen met bontkraag | leren dames jassen | leren heren jassen\",\"potentialAction\":[{\"@type\":\"SearchAction\",\"target\":{\"@type\":\"EntryPoint\",\"urlTemplate\":\"https:\/\/versano.nl\/?s={search_term_string}\"},\"query-input\":{\"@type\":\"PropertyValueSpecification\",\"valueRequired\":true,\"valueName\":\"search_term_string\"}}],\"inLanguage\":\"fr-FR\"}]}<\/script>\n<!-- \/ Yoast SEO plugin. -->","yoast_head_json":{"title":"Blouson cuir homme motard TR46 cognac Versano, vestes motard homme","description":"Vous recherchez un Blouson cuir homme biker TR46 cognac Versano ? Versano est le bon endroit pour vous, car vous trouverez ici un large choix de vestes.","robots":{"index":"index","follow":"follow","max-snippet":"max-snippet:-1","max-image-preview":"max-image-preview:large","max-video-preview":"max-video-preview:-1"},"canonical":"https:\/\/versano.nl\/fr\/shop\/bikerjack-heren-cognac-in-lamsleer-versano-tr-46\/","og_locale":"fr_FR","og_type":"article","og_title":"Heren leren jas biker TR46 cognac Versano, bikerjassen heren","og_description":"Bent u op zoek naar een Heren leren jas biker TR46 cognac Versano? Bij Versano zit u goed, want hier treft u een ruime keuze jassen aan.","og_url":"https:\/\/versano.nl\/fr\/shop\/bikerjack-heren-cognac-in-lamsleer-versano-tr-46\/","og_site_name":"Versano","article_modified_time":"2026-04-06T18:13:54+00:00","og_image":[{"width":900,"height":1176,"url":"https:\/\/versano.nl\/wp-content\/uploads\/2021\/03\/heren-leren-jas-zwart-cognac-TR46-model2.jpg","type":"image\/jpeg"}],"twitter_card":"summary_large_image","twitter_misc":{"Dur\u00e9e de lecture estim\u00e9e":"2 minutes"},"schema":{"@context":"https:\/\/schema.org","@graph":[{"@type":"WebPage","@id":"https:\/\/versano.nl\/shop\/bikerjack-heren-cognac-in-lamsleer-versano-tr-46\/","url":"https:\/\/versano.nl\/shop\/bikerjack-heren-cognac-in-lamsleer-versano-tr-46\/","name":"Blouson cuir homme motard TR46 cognac Versano, vestes motard homme","isPartOf":{"@id":"https:\/\/versano.nl\/#website"},"primaryImageOfPage":{"@id":"https:\/\/versano.nl\/shop\/bikerjack-heren-cognac-in-lamsleer-versano-tr-46\/#primaryimage"},"image":{"@id":"https:\/\/versano.nl\/shop\/bikerjack-heren-cognac-in-lamsleer-versano-tr-46\/#primaryimage"},"thumbnailUrl":"https:\/\/versano.nl\/wp-content\/uploads\/2021\/03\/heren-leren-jas-zwart-cognac-TR46-model2.jpg","datePublished":"2018-04-27T19:12:59+00:00","dateModified":"2026-04-06T18:13:54+00:00","description":"Vous recherchez un Blouson cuir homme biker TR46 cognac Versano ? Versano est le bon endroit pour vous, car vous trouverez ici un large choix de vestes.","breadcrumb":{"@id":"https:\/\/versano.nl\/shop\/bikerjack-heren-cognac-in-lamsleer-versano-tr-46\/#breadcrumb"},"inLanguage":"fr-FR","potentialAction":[{"@type":"ReadAction","target":["https:\/\/versano.nl\/shop\/bikerjack-heren-cognac-in-lamsleer-versano-tr-46\/"]}]},{"@type":"ImageObject","inLanguage":"fr-FR","@id":"https:\/\/versano.nl\/shop\/bikerjack-heren-cognac-in-lamsleer-versano-tr-46\/#primaryimage","url":"https:\/\/versano.nl\/wp-content\/uploads\/2021\/03\/heren-leren-jas-zwart-cognac-TR46-model2.jpg","contentUrl":"https:\/\/versano.nl\/wp-content\/uploads\/2021\/03\/heren-leren-jas-zwart-cognac-TR46-model2.jpg","width":900,"height":1176,"caption":"Heren leren jas biker TR46 cognac Versano"},{"@type":"BreadcrumbList","@id":"https:\/\/versano.nl\/shop\/bikerjack-heren-cognac-in-lamsleer-versano-tr-46\/#breadcrumb","itemListElement":[{"@type":"ListItem","position":1,"name":"Home","item":"https:\/\/versano.nl\/"},{"@type":"ListItem","position":2,"name":"Shop","item":"https:\/\/versano.nl\/shop\/"},{"@type":"ListItem","position":3,"name":"Heren leren jas biker TR46 cognac Versano"}]},{"@type":"WebSite","@id":"https:\/\/versano.nl\/#website","url":"https:\/\/versano.nl\/","name":"Versano","description":"manteaux d&#039;hiver avec col en fourrure | vestes femme en cuir | vestes en cuir pour hommes","potentialAction":[{"@type":"SearchAction","target":{"@type":"EntryPoint","urlTemplate":"https:\/\/versano.nl\/?s={search_term_string}"},"query-input":{"@type":"PropertyValueSpecification","valueRequired":true,"valueName":"search_term_string"}}],"inLanguage":"fr-FR"}]}},"_links":{"self":[{"href":"https:\/\/versano.nl\/fr\/wp-json\/wp\/v2\/product\/8205","targetHints":{"allow":["GET"]}}],"collection":[{"href":"https:\/\/versano.nl\/fr\/wp-json\/wp\/v2\/product"}],"about":[{"href":"https:\/\/versano.nl\/fr\/wp-json\/wp\/v2\/types\/product"}],"replies":[{"embeddable":true,"href":"https:\/\/versano.nl\/fr\/wp-json\/wp\/v2\/comments?post=8205"}],"wp:featuredmedia":[{"embeddable":true,"href":"https:\/\/versano.nl\/fr\/wp-json\/wp\/v2\/media\/20766"}],"wp:attachment":[{"href":"https:\/\/versano.nl\/fr\/wp-json\/wp\/v2\/media?parent=8205"}],"wp:term":[{"taxonomy":"product_brand","embeddable":true,"href":"https:\/\/versano.nl\/fr\/wp-json\/wp\/v2\/product_brand?post=8205"},{"taxonomy":"product_cat","embeddable":true,"href":"https:\/\/versano.nl\/fr\/wp-json\/wp\/v2\/product_cat?post=8205"},{"taxonomy":"product_tag","embeddable":true,"href":"https:\/\/versano.nl\/fr\/wp-json\/wp\/v2\/product_tag?post=8205"}],"curies":[{"name":"wp","href":"https:\/\/api.w.org\/{rel}","templated":true}]}}