{"id":7981,"date":"2018-04-21T21:16:26","date_gmt":"2018-04-21T21:16:26","guid":{"rendered":"https:\/\/leathershopdoci.nl\/?post_type=product&#038;p=16784"},"modified":"2026-04-23T11:29:02","modified_gmt":"2026-04-23T11:29:02","slug":"leren-heren-jasje-basic-zwart-versano-tr36-s","status":"publish","type":"product","link":"https:\/\/versano.nl\/fr\/shop\/leren-heren-jasje-basic-zwart-versano-tr36-s\/","title":{"rendered":"veste en cuir pour hommes noir TR36 S Versano"},"content":{"rendered":"<h2>veste en cuir pour hommes noir TR36 S Versano<\/h2>\n<p>Le blouson cuir homme noir TR36 S Versano est un mod\u00e8le basique de blouson de chez Versano. Le TR36 S fait partie de la nouvelle collection Versano. Un mod\u00e8le de base sp\u00e9cial de cette veste a \u00e9t\u00e9 con\u00e7u par les talentueux designers de Versano. La veste est \u00e9quip\u00e9e de deux poches lat\u00e9rales profondes avec fermetures \u00e9clair, ainsi que de deux poches plus petites sur la poitrine. Ceux-ci peuvent \u00e9galement \u00eatre ferm\u00e9s avec une fermeture \u00e0 glissi\u00e8re robuste. En plus de la couleur noire cool, cette veste en cuir pour hommes est \u00e9galement disponible dans d&#039;autres couleurs et convient \u00e0 toutes les saisons. Si vous commandez cette veste chez nous, vous recevrez une veste qui restera certainement belle toute une vie.<\/p>\n<h2>Commandez le mod\u00e8le TR 36S en noir chez Versano<\/h2>\n<p>Vous cherchez une veste de tous les jours pour chaque saison ? Alors vous pouvez avoir fi\u00e8re allure avec cette veste en cuir d&#039;agneau. Il s&#039;agit d&#039;une belle veste ajust\u00e9e qui est compl\u00e8tement de style italien. En d&#039;autres termes, avec cette veste, vous n&#039;avez pas \u00e0 vous soucier de ne pas avoir l&#039;air \u00e0 votre place. Vous pouvez facilement commander ce mod\u00e8le sur notre site en cognac ou en d&#039;autres coloris vari\u00e9s comme le noir et le marron. Nous vous recommandons donc de simplement jeter un \u0153il \u00e0 la couleur qui, selon vous, convient le mieux \u00e0 votre propre style. La couleur est facile \u00e0 combiner et se marie avec presque toutes vos tenues. Vous avez des questions ou vous ne savez pas quelle taille commander ? Ensuite, vous pouvez toujours nous contacter par mail ou WhatsApp. Nos employ\u00e9s aimeraient vous aider!<\/p>\n<p>&nbsp;<\/p>\n<p>marque:\u00a0<a href=\"https:\/\/versano.nl\/\">Versano<\/a><br \/>\nMati\u00e8re: 100% cuir d&#039;agneau<br \/>\nDoublure: 100% polyester<br \/>\nlongueur: court-moyen<br \/>\nCoupe : coupe ajust\u00e9e<br \/>\nFermeture: fermeture \u00e9clair<br \/>\nPoches: poches avec zip<br \/>\nCol: col montant<br \/>\nMat\u00e9riau couche ext\u00e9rieure: Tr\u00e8s haute qualit\u00e9 et doux en peau d&#039;agneau<br \/>\nD\u00e9lai de livraison : 2-3 jours ouvrables<\/p>","protected":false},"excerpt":{"rendered":"<p>CHOISISSEZ UNE AUTRE COULEUR ICI<\/p>\n<p><a href=\"https:\/\/versano.nl\/shop\/leren-heren-jas-basic-cognac-versano-tr36-s\/\"><img loading=\"lazy\" decoding=\"async\" class=\"alignnone size-full wp-image-19927\" src=\"https:\/\/versano.nl\/wp-content\/uploads\/sites\/2\/2020\/08\/lederen-heren-jack-cognac-ronde-kraag-TR36S-thumb.jpg\" alt=\"\" width=\"56\" height=\"75\" \/><\/a><a href=\"https:\/\/versano.nl\/shop\/leren-heren-jas-basic-bruin-versano-tr36-s\/\"><img loading=\"lazy\" decoding=\"async\" class=\"alignnone size-full wp-image-19928\" src=\"https:\/\/versano.nl\/wp-content\/uploads\/sites\/2\/2020\/08\/leren-heren-jack-ronde-kraag-bruin-versano-tr36s-thumb.jpg\" alt=\"\" width=\"56\" height=\"75\" \/><\/a><a href=\"https:\/\/versano.nl\/shop\/leren-heren-jasje-basic-blauw-versano-tr36-s\/\"><img loading=\"lazy\" decoding=\"async\" class=\"alignnone size-full wp-image-19929\" src=\"https:\/\/versano.nl\/wp-content\/uploads\/sites\/2\/2020\/08\/leren-jasje-heren-blauw-TR36S-versano-thumb.jpg\" alt=\"\" width=\"57\" height=\"75\" \/><\/a><\/p>\n<p><span style=\"color: #ff0000;\">Conseils d&#039;ajustement:<\/span> La coupe de cette veste est ajust\u00e9e. Notre mannequin mesure 1,75 cm et porte une taille M.<\/p>\n<p>Si vous n&#039;\u00eates pas s\u00fbr de vos mesures, nous vous recommandons de commencer par mesurer vos mesures de taille et de les comparer avec notre tableau des tailles. Si vous n&#039;avez aucune exp\u00e9rience dans la mesure des tailles de circonf\u00e9rence, cliquez sur\u00a0<a href=\"https:\/\/www.youtube.com\/watch?v=3ZSfY87v6pM\"><em>ICI<\/em>\u00a0<\/a>\u00a0\u00e0\u00a0<span style=\"color: #ff0000;\"><a style=\"color: #ff0000;\" href=\"https:\/\/www.youtube.com\/watch?v=3ZSfY87v6pM\"><em>VIDEO<\/em><\/a>\u00a0<\/span> avec des instructions. Vous pouvez \u00e9galement nous appeler ou nous appliquer directement! Nos employ\u00e9s sont toujours disponibles pour vous aider.<\/p>\n<p><strong>HEURE DE LIVRAISON :<\/strong>\u00a02 \u00e0 3 jours ouvr\u00e9s.<\/p>","protected":false},"featured_media":33562,"comment_status":"closed","ping_status":"closed","template":"","meta":[],"product_brand":[],"product_cat":[1670,147,874,907,1671,908,1669,1712,913,910,882],"product_tag":[1691,1784,49,1692,50,52,53,23,24,1697,1708,55,56,347,59,348],"class_list":{"0":"post-7981","1":"product","2":"type-product","3":"status-publish","4":"has-post-thumbnail","6":"product_cat-heren-leren-jas","7":"product_cat-heren-leren-jassen","8":"product_cat-kort-leren-jasje","9":"product_cat-kort-leren-jasje-heren","10":"product_cat-leren-heren-jas","11":"product_cat-leren-heren-jassen","12":"product_cat-leren-jas-heren","13":"product_cat-leren-jassen","14":"product_cat-leren-jassen-heren-uitverkoop","15":"product_cat-leren-jassen-heren","16":"product_cat-versano","17":"product_tag-echt-leer-heren-jas","18":"product_tag-heren-leren-jassen-sale","19":"product_tag-heren-zwart","20":"product_tag-lamsleer-heren-jas","21":"product_tag-lederen-heren-jas-zwart","22":"product_tag-leren-jas-heren-zwart","23":"product_tag-leren-jas-zwart","24":"product_tag-motorjacks-heren","25":"product_tag-stoer-jasje-heren","26":"product_tag-uitverkoop-heren-leren-jas","27":"product_tag-zomerjassen-heren","28":"product_tag-zwarte-heren-jas","29":"product_tag-zwarte-heren-leren-jas","30":"product_tag-zwarte-lederen-heren-jas","31":"product_tag-zwarte-leren-heren-jas","32":"product_tag-zwarte-leren-jas-heren","33":"tm-no-options","35":"first","36":"instock","37":"sale","38":"taxable","39":"shipping-taxable","40":"purchasable","41":"product-type-variable"},"yoast_head":"<!-- This site is optimized with the Yoast SEO plugin v27.2 - https:\/\/yoast.com\/product\/yoast-seo-wordpress\/ -->\n<title>heren leren jas zwart TR36 S Versano, zwarte leren heren jas<\/title>\n<meta name=\"description\" content=\"Ben je op zoek naar een heren leren jas zwart TR36 S Versano? Dan moet je zeker een kijkje nemen in de webshop van Versano.\" \/>\n<meta name=\"robots\" content=\"index, follow, max-snippet:-1, max-image-preview:large, max-video-preview:-1\" \/>\n<link rel=\"canonical\" href=\"https:\/\/versano.nl\/fr\/shop\/leren-heren-jasje-basic-zwart-versano-tr36-s\/\" \/>\n<meta property=\"og:locale\" content=\"fr_FR\" \/>\n<meta property=\"og:type\" content=\"article\" \/>\n<meta property=\"og:title\" content=\"heren leren jas zwart TR36 S Versano, zwarte leren heren jas\" \/>\n<meta property=\"og:description\" content=\"Ben je op zoek naar een heren leren jas zwart TR36 S Versano? Dan moet je zeker een kijkje nemen in de webshop van Versano.\" \/>\n<meta property=\"og:url\" content=\"https:\/\/versano.nl\/fr\/shop\/leren-heren-jasje-basic-zwart-versano-tr36-s\/\" \/>\n<meta property=\"og:site_name\" content=\"Versano\" \/>\n<meta property=\"article:modified_time\" content=\"2026-04-23T11:29:02+00:00\" \/>\n<meta property=\"og:image\" content=\"https:\/\/versano.nl\/wp-content\/uploads\/2018\/04\/tr36s-zwart.jpg\" \/>\n\t<meta property=\"og:image:width\" content=\"600\" \/>\n\t<meta property=\"og:image:height\" content=\"800\" \/>\n\t<meta property=\"og:image:type\" content=\"image\/jpeg\" \/>\n<meta name=\"twitter:card\" content=\"summary_large_image\" \/>\n<meta name=\"twitter:label1\" content=\"Dur\u00e9e de lecture estim\u00e9e\" \/>\n\t<meta name=\"twitter:data1\" content=\"2 minutes\" \/>\n<script type=\"application\/ld+json\" class=\"yoast-schema-graph\">{\"@context\":\"https:\/\/schema.org\",\"@graph\":[{\"@type\":\"WebPage\",\"@id\":\"https:\/\/versano.nl\/shop\/leren-heren-jasje-basic-zwart-versano-tr36-s\/\",\"url\":\"https:\/\/versano.nl\/shop\/leren-heren-jasje-basic-zwart-versano-tr36-s\/\",\"name\":\"heren leren jas zwart TR36 S Versano, zwarte leren heren jas\",\"isPartOf\":{\"@id\":\"https:\/\/versano.nl\/#website\"},\"primaryImageOfPage\":{\"@id\":\"https:\/\/versano.nl\/shop\/leren-heren-jasje-basic-zwart-versano-tr36-s\/#primaryimage\"},\"image\":{\"@id\":\"https:\/\/versano.nl\/shop\/leren-heren-jasje-basic-zwart-versano-tr36-s\/#primaryimage\"},\"thumbnailUrl\":\"https:\/\/versano.nl\/wp-content\/uploads\/2018\/04\/tr36s-zwart.jpg\",\"datePublished\":\"2018-04-21T21:16:26+00:00\",\"dateModified\":\"2026-04-23T11:29:02+00:00\",\"description\":\"Ben je op zoek naar een heren leren jas zwart TR36 S Versano? Dan moet je zeker een kijkje nemen in de webshop van Versano.\",\"breadcrumb\":{\"@id\":\"https:\/\/versano.nl\/shop\/leren-heren-jasje-basic-zwart-versano-tr36-s\/#breadcrumb\"},\"inLanguage\":\"fr-FR\",\"potentialAction\":[{\"@type\":\"ReadAction\",\"target\":[\"https:\/\/versano.nl\/shop\/leren-heren-jasje-basic-zwart-versano-tr36-s\/\"]}]},{\"@type\":\"ImageObject\",\"inLanguage\":\"fr-FR\",\"@id\":\"https:\/\/versano.nl\/shop\/leren-heren-jasje-basic-zwart-versano-tr36-s\/#primaryimage\",\"url\":\"https:\/\/versano.nl\/wp-content\/uploads\/2018\/04\/tr36s-zwart.jpg\",\"contentUrl\":\"https:\/\/versano.nl\/wp-content\/uploads\/2018\/04\/tr36s-zwart.jpg\",\"width\":600,\"height\":800},{\"@type\":\"BreadcrumbList\",\"@id\":\"https:\/\/versano.nl\/shop\/leren-heren-jasje-basic-zwart-versano-tr36-s\/#breadcrumb\",\"itemListElement\":[{\"@type\":\"ListItem\",\"position\":1,\"name\":\"Home\",\"item\":\"https:\/\/versano.nl\/\"},{\"@type\":\"ListItem\",\"position\":2,\"name\":\"Shop\",\"item\":\"https:\/\/versano.nl\/shop\/\"},{\"@type\":\"ListItem\",\"position\":3,\"name\":\"heren leren jas zwart TR36 S Versano\"}]},{\"@type\":\"WebSite\",\"@id\":\"https:\/\/versano.nl\/#website\",\"url\":\"https:\/\/versano.nl\/\",\"name\":\"Versano\",\"description\":\"winterjassen met bontkraag | leren dames jassen | leren heren jassen\",\"potentialAction\":[{\"@type\":\"SearchAction\",\"target\":{\"@type\":\"EntryPoint\",\"urlTemplate\":\"https:\/\/versano.nl\/?s={search_term_string}\"},\"query-input\":{\"@type\":\"PropertyValueSpecification\",\"valueRequired\":true,\"valueName\":\"search_term_string\"}}],\"inLanguage\":\"fr-FR\"}]}<\/script>\n<!-- \/ Yoast SEO plugin. -->","yoast_head_json":{"title":"blouson cuir homme noir TR36 S Versano, blouson cuir homme noir","description":"Vous \u00eates \u00e0 la recherche d&#039;un blouson cuir homme noir TR36 S Versano ? Alors vous devriez certainement jeter un \u0153il \u00e0 la boutique en ligne Versano.","robots":{"index":"index","follow":"follow","max-snippet":"max-snippet:-1","max-image-preview":"max-image-preview:large","max-video-preview":"max-video-preview:-1"},"canonical":"https:\/\/versano.nl\/fr\/shop\/leren-heren-jasje-basic-zwart-versano-tr36-s\/","og_locale":"fr_FR","og_type":"article","og_title":"heren leren jas zwart TR36 S Versano, zwarte leren heren jas","og_description":"Ben je op zoek naar een heren leren jas zwart TR36 S Versano? Dan moet je zeker een kijkje nemen in de webshop van Versano.","og_url":"https:\/\/versano.nl\/fr\/shop\/leren-heren-jasje-basic-zwart-versano-tr36-s\/","og_site_name":"Versano","article_modified_time":"2026-04-23T11:29:02+00:00","og_image":[{"width":600,"height":800,"url":"https:\/\/versano.nl\/wp-content\/uploads\/2018\/04\/tr36s-zwart.jpg","type":"image\/jpeg"}],"twitter_card":"summary_large_image","twitter_misc":{"Dur\u00e9e de lecture estim\u00e9e":"2 minutes"},"schema":{"@context":"https:\/\/schema.org","@graph":[{"@type":"WebPage","@id":"https:\/\/versano.nl\/shop\/leren-heren-jasje-basic-zwart-versano-tr36-s\/","url":"https:\/\/versano.nl\/shop\/leren-heren-jasje-basic-zwart-versano-tr36-s\/","name":"blouson cuir homme noir TR36 S Versano, blouson cuir homme noir","isPartOf":{"@id":"https:\/\/versano.nl\/#website"},"primaryImageOfPage":{"@id":"https:\/\/versano.nl\/shop\/leren-heren-jasje-basic-zwart-versano-tr36-s\/#primaryimage"},"image":{"@id":"https:\/\/versano.nl\/shop\/leren-heren-jasje-basic-zwart-versano-tr36-s\/#primaryimage"},"thumbnailUrl":"https:\/\/versano.nl\/wp-content\/uploads\/2018\/04\/tr36s-zwart.jpg","datePublished":"2018-04-21T21:16:26+00:00","dateModified":"2026-04-23T11:29:02+00:00","description":"Vous \u00eates \u00e0 la recherche d&#039;un blouson cuir homme noir TR36 S Versano ? Alors vous devriez certainement jeter un \u0153il \u00e0 la boutique en ligne Versano.","breadcrumb":{"@id":"https:\/\/versano.nl\/shop\/leren-heren-jasje-basic-zwart-versano-tr36-s\/#breadcrumb"},"inLanguage":"fr-FR","potentialAction":[{"@type":"ReadAction","target":["https:\/\/versano.nl\/shop\/leren-heren-jasje-basic-zwart-versano-tr36-s\/"]}]},{"@type":"ImageObject","inLanguage":"fr-FR","@id":"https:\/\/versano.nl\/shop\/leren-heren-jasje-basic-zwart-versano-tr36-s\/#primaryimage","url":"https:\/\/versano.nl\/wp-content\/uploads\/2018\/04\/tr36s-zwart.jpg","contentUrl":"https:\/\/versano.nl\/wp-content\/uploads\/2018\/04\/tr36s-zwart.jpg","width":600,"height":800},{"@type":"BreadcrumbList","@id":"https:\/\/versano.nl\/shop\/leren-heren-jasje-basic-zwart-versano-tr36-s\/#breadcrumb","itemListElement":[{"@type":"ListItem","position":1,"name":"Home","item":"https:\/\/versano.nl\/"},{"@type":"ListItem","position":2,"name":"Shop","item":"https:\/\/versano.nl\/shop\/"},{"@type":"ListItem","position":3,"name":"heren leren jas zwart TR36 S Versano"}]},{"@type":"WebSite","@id":"https:\/\/versano.nl\/#website","url":"https:\/\/versano.nl\/","name":"Versano","description":"manteaux d&#039;hiver avec col en fourrure | vestes femme en cuir | vestes en cuir pour hommes","potentialAction":[{"@type":"SearchAction","target":{"@type":"EntryPoint","urlTemplate":"https:\/\/versano.nl\/?s={search_term_string}"},"query-input":{"@type":"PropertyValueSpecification","valueRequired":true,"valueName":"search_term_string"}}],"inLanguage":"fr-FR"}]}},"_links":{"self":[{"href":"https:\/\/versano.nl\/fr\/wp-json\/wp\/v2\/product\/7981","targetHints":{"allow":["GET"]}}],"collection":[{"href":"https:\/\/versano.nl\/fr\/wp-json\/wp\/v2\/product"}],"about":[{"href":"https:\/\/versano.nl\/fr\/wp-json\/wp\/v2\/types\/product"}],"replies":[{"embeddable":true,"href":"https:\/\/versano.nl\/fr\/wp-json\/wp\/v2\/comments?post=7981"}],"wp:featuredmedia":[{"embeddable":true,"href":"https:\/\/versano.nl\/fr\/wp-json\/wp\/v2\/media\/33562"}],"wp:attachment":[{"href":"https:\/\/versano.nl\/fr\/wp-json\/wp\/v2\/media?parent=7981"}],"wp:term":[{"taxonomy":"product_brand","embeddable":true,"href":"https:\/\/versano.nl\/fr\/wp-json\/wp\/v2\/product_brand?post=7981"},{"taxonomy":"product_cat","embeddable":true,"href":"https:\/\/versano.nl\/fr\/wp-json\/wp\/v2\/product_cat?post=7981"},{"taxonomy":"product_tag","embeddable":true,"href":"https:\/\/versano.nl\/fr\/wp-json\/wp\/v2\/product_tag?post=7981"}],"curies":[{"name":"wp","href":"https:\/\/api.w.org\/{rel}","templated":true}]}}