{"id":4929,"date":"2016-04-07T13:15:24","date_gmt":"2016-04-07T13:15:24","guid":{"rendered":"http:\/\/leathershopdoci.nl\/?post_type=product&#038;p=10368"},"modified":"2024-12-30T17:12:45","modified_gmt":"2024-12-30T17:12:45","slug":"leren-jas-heren-versano-tr43-blauw","status":"publish","type":"product","link":"https:\/\/versano.nl\/fr\/shop\/leren-jas-heren-versano-tr43-blauw\/","title":{"rendered":"Blouson cuir homme bleu TR43 Versano"},"content":{"rendered":"<h2>Blouson cuir homme bleu TR43 Versano<\/h2>\n<p>Avec la veste en cuir pour hommes bleu TR43 Versano, vous obtenez une veste qui excelle dans le confort et une coupe ajust\u00e9e parfaite. Il a \u00e9t\u00e9 r\u00e9alis\u00e9 par les designers Versano, qui savent mieux que quiconque concevoir une belle veste. Nous vous recommandons donc de jeter un \u0153il \u00e0 notre gamme de vestes de cette marque si vous cherchez un mod\u00e8le \u00e0 l&#039;allure sportive et chic. C&#039;est aussi une veste en cuir d&#039;agneau durable, qui est un type de cuir souple et robuste. C&#039;est une veste en cuir pour hommes aux finitions parfaites. C&#039;est donc un mod\u00e8le que nous ne pouvons que recommander chaleureusement. Avec cette veste, vous pouvez \u00eatre s\u00fbr que vous aurez bient\u00f4t une nouvelle veste accroch\u00e9e \u00e0 vos \u00e9paules dans laquelle vous pourrez \u00eatre vu.<\/p>\n<h2>Commandez le mod\u00e8le TR43 en bleu<\/h2>\n<p>Si vous cherchez un blouson en cuir dont vous \u00eates s\u00fbr d&#039;\u00eatre confortable, il vous suffit de jeter un \u0153il \u00e0 notre gamme. Chez My-Versano, vous trouverez de belles vestes de Versano, une marque qui s&#039;est b\u00e2tie une bonne r\u00e9putation au fil des ans. Le TR43 est un mod\u00e8le qui est con\u00e7u comme nous sommes habitu\u00e9s de Versano. En d&#039;autres termes : une veste qui a l&#039;air parfaite avec sa coupe italienne. C&#039;est une veste qui est faite de cuir d&#039;agneau de tr\u00e8s haute qualit\u00e9. Avec nous, vous pouvez facilement choisir la bonne taille en fonction de nos vid\u00e9os d&#039;instructions intelligentes. Ensuite, vous pouvez toujours nous contacter par mail ou WhatsApp. Nos employ\u00e9s aimeraient vous aider!<\/p>\n<p>&nbsp;<\/p>\n<p>marque:\u00a0<a href=\"https:\/\/versano.nl\/\">Versano<\/a><br \/>\nMati\u00e8re: 100% cuir d&#039;agneau<br \/>\nDoublure: 100% polyester<br \/>\nLongueur: court<br \/>\nCoupe : coupe ajust\u00e9e<br \/>\nFermeture: fermeture \u00e9clair<br \/>\nPoches: poches avec zip<br \/>\nCol: col montant<br \/>\nMat\u00e9riau couche ext\u00e9rieure: Tr\u00e8s haute qualit\u00e9 et doux en peau d&#039;agneau<br \/>\nD\u00e9lai de livraison: 2-3 jours ouvrables<\/p>","protected":false},"excerpt":{"rendered":"<p style=\"margin: 0cm 0cm 11.25pt 0cm;\">CHOISISSEZ UNE AUTRE COULEUR ICI<\/p>\n<p><strong> <a href=\"https:\/\/versano.nl\/shop\/leren-jas-heren-versano-tr43-bruin\/\"><img loading=\"lazy\" decoding=\"async\" class=\"alignnone size-full wp-image-19920\" src=\"https:\/\/versano.nl\/wp-content\/uploads\/sites\/2\/2016\/04\/echte-leren-jas-heren-bruin-versano-thumb.jpg\" alt=\"\" width=\"57\" height=\"75\" \/><\/a><a href=\"https:\/\/versano.nl\/shop\/versano-heren-leren-jas-tr43-cognac\/\"><img loading=\"lazy\" decoding=\"async\" class=\"alignnone size-full wp-image-19921\" src=\"https:\/\/versano.nl\/wp-content\/uploads\/sites\/2\/2016\/04\/heren-leren-jack-cognac-versano-TR43-thumb.jpg\" alt=\"\" width=\"56\" height=\"75\" \/><\/a><a href=\"https:\/\/versano.nl\/shop\/leren-jas-heren-versano-tr43-zwart\/\"><img loading=\"lazy\" decoding=\"async\" class=\"alignnone size-full wp-image-19923\" src=\"https:\/\/versano.nl\/wp-content\/uploads\/sites\/2\/2016\/04\/zwarte-leren-heren-jas-versano-tr43-thumb.jpg\" alt=\"\" width=\"57\" height=\"75\" \/><\/a><\/strong><\/p>\n<p style=\"margin: 0cm 0cm 11.25pt 0cm;\"><span style=\"font-size: 10.5pt; font-family: 'Arial',sans-serif; color: red;\">Conseils d&#039;ajustement:\u00a0<\/span><span style=\"font-size: 10.5pt; font-family: 'Arial',sans-serif; color: #5d5d5d;\">La coupe de cette veste est ajust\u00e9e. Notre mannequin mesure 1,75 cm et porte une taille M.<\/span><\/p>\n<p style=\"margin: 0cm 0cm 11.25pt 0cm;\"><span style=\"font-size: 10.5pt; font-family: 'Arial',sans-serif; color: #5d5d5d;\">Si vous n&#039;\u00eates pas s\u00fbr de vos mesures, nous vous recommandons de commencer par mesurer vos mesures de taille et de les comparer avec notre tableau des tailles. Si vous n&#039;avez aucune exp\u00e9rience dans la mesure des tailles de circonf\u00e9rence, cliquez sur\u00a0<\/span><a href=\"https:\/\/www.youtube.com\/watch?v=3ZSfY87v6pM\"><em><span style=\"font-size: 10.5pt; font-family: 'Arial',sans-serif; text-decoration: none;\">ICI<\/span><\/em><span style=\"font-size: 10.5pt; font-family: 'Arial',sans-serif; text-decoration: none;\">\u00a0<\/span><\/a><span style=\"font-size: 10.5pt; font-family: 'Arial',sans-serif; color: #5d5d5d;\">\u00a0\u00e0\u00a0<\/span><a href=\"https:\/\/www.youtube.com\/watch?v=3ZSfY87v6pM\"><em><span style=\"font-size: 10.5pt; font-family: 'Arial',sans-serif; color: red; text-decoration: none;\">VIDEO<\/span><\/em><\/a><span style=\"font-size: 10.5pt; font-family: 'Arial',sans-serif; color: #5d5d5d;\">\u00a0 avec des instructions. Vous pouvez \u00e9galement nous appeler ou nous appliquer directement! Nos employ\u00e9s sont toujours disponibles pour vous aider.<\/span><\/p>\n<p style=\"margin: 0cm;\"><strong><span style=\"font-size: 10.5pt; font-family: 'Arial',sans-serif; color: #5d5d5d;\">HEURE DE LIVRAISON :<\/span><\/strong><span style=\"font-size: 10.5pt; font-family: 'Arial',sans-serif; color: #5d5d5d;\">\u00a02 \u00e0 3 jours ouvr\u00e9s.<\/span><\/p>","protected":false},"featured_media":20912,"comment_status":"closed","ping_status":"closed","template":"","meta":[],"product_brand":[],"product_cat":[1670,147,874,907,1671,908,1669,1712,913,910,882],"product_tag":[657,588,658,574,1750,1747,302,659,590,1684,1749,23,24,1683,1651,1708],"class_list":{"0":"post-4929","1":"product","2":"type-product","3":"status-publish","4":"has-post-thumbnail","6":"product_cat-heren-leren-jas","7":"product_cat-heren-leren-jassen","8":"product_cat-kort-leren-jasje","9":"product_cat-kort-leren-jasje-heren","10":"product_cat-leren-heren-jas","11":"product_cat-leren-heren-jassen","12":"product_cat-leren-jas-heren","13":"product_cat-leren-jassen","14":"product_cat-leren-jassen-heren-uitverkoop","15":"product_cat-leren-jassen-heren","16":"product_cat-versano","17":"product_tag-blauwe-bikerjack-heren","18":"product_tag-blauwe-heren-jas","19":"product_tag-blauwe-leren-bikerjack-heren","20":"product_tag-blauwe-leren-heren-jas","21":"product_tag-blauwe-leren-heren-jassen","22":"product_tag-goedkope-heren-leren-jas","23":"product_tag-heren-bikerjack-blauw","24":"product_tag-heren-leren-jack-blauw","25":"product_tag-leren-heren-jas-blauw","26":"product_tag-leren-heren-jassen-in-sale","27":"product_tag-leren-jassen-vesano-heren-collectie","28":"product_tag-motorjacks-heren","29":"product_tag-stoer-jasje-heren","30":"product_tag-uitverkoop-heren-leren-jassen","31":"product_tag-versano-heren-jassen","32":"product_tag-zomerjassen-heren","33":"tm-no-options","35":"first","36":"instock","37":"sale","38":"taxable","39":"shipping-taxable","40":"purchasable","41":"product-type-variable","42":"has-default-attributes"},"yoast_head":"<!-- This site is optimized with the Yoast SEO plugin v27.2 - https:\/\/yoast.com\/product\/yoast-seo-wordpress\/ -->\n<title>Heren leren jas blauw TR43 Versano, blauwe leren heren jas<\/title>\n<meta name=\"description\" content=\"Bent u op zoek naar een Heren leren jas blauw TR43 Versano, bekijk dan onze collectie leren jassen van lamsleder in onze webshop.\" \/>\n<meta name=\"robots\" content=\"index, follow, max-snippet:-1, max-image-preview:large, max-video-preview:-1\" \/>\n<link rel=\"canonical\" href=\"https:\/\/versano.nl\/fr\/shop\/leren-jas-heren-versano-tr43-blauw\/\" \/>\n<meta property=\"og:locale\" content=\"fr_FR\" \/>\n<meta property=\"og:type\" content=\"article\" \/>\n<meta property=\"og:title\" content=\"Heren leren jas blauw TR43 Versano, blauwe leren heren jas\" \/>\n<meta property=\"og:description\" content=\"Bent u op zoek naar een Heren leren jas blauw TR43 Versano, bekijk dan onze collectie leren jassen van lamsleder in onze webshop.\" \/>\n<meta property=\"og:url\" content=\"https:\/\/versano.nl\/fr\/shop\/leren-jas-heren-versano-tr43-blauw\/\" \/>\n<meta property=\"og:site_name\" content=\"Versano\" \/>\n<meta property=\"article:modified_time\" content=\"2024-12-30T17:12:45+00:00\" \/>\n<meta property=\"og:image\" content=\"https:\/\/versano.nl\/wp-content\/uploads\/2021\/03\/leren-jassen-heren-blauw-versano-tr43-model5.jpg\" \/>\n\t<meta property=\"og:image:width\" content=\"900\" \/>\n\t<meta property=\"og:image:height\" content=\"1176\" \/>\n\t<meta property=\"og:image:type\" content=\"image\/jpeg\" \/>\n<meta name=\"twitter:card\" content=\"summary_large_image\" \/>\n<meta name=\"twitter:label1\" content=\"Dur\u00e9e de lecture estim\u00e9e\" \/>\n\t<meta name=\"twitter:data1\" content=\"2 minutes\" \/>\n<script type=\"application\/ld+json\" class=\"yoast-schema-graph\">{\"@context\":\"https:\/\/schema.org\",\"@graph\":[{\"@type\":\"WebPage\",\"@id\":\"https:\/\/versano.nl\/shop\/leren-jas-heren-versano-tr43-blauw\/\",\"url\":\"https:\/\/versano.nl\/shop\/leren-jas-heren-versano-tr43-blauw\/\",\"name\":\"Heren leren jas blauw TR43 Versano, blauwe leren heren jas\",\"isPartOf\":{\"@id\":\"https:\/\/versano.nl\/#website\"},\"primaryImageOfPage\":{\"@id\":\"https:\/\/versano.nl\/shop\/leren-jas-heren-versano-tr43-blauw\/#primaryimage\"},\"image\":{\"@id\":\"https:\/\/versano.nl\/shop\/leren-jas-heren-versano-tr43-blauw\/#primaryimage\"},\"thumbnailUrl\":\"https:\/\/versano.nl\/wp-content\/uploads\/2021\/03\/leren-jassen-heren-blauw-versano-tr43-model5.jpg\",\"datePublished\":\"2016-04-07T13:15:24+00:00\",\"dateModified\":\"2024-12-30T17:12:45+00:00\",\"description\":\"Bent u op zoek naar een Heren leren jas blauw TR43 Versano, bekijk dan onze collectie leren jassen van lamsleder in onze webshop.\",\"breadcrumb\":{\"@id\":\"https:\/\/versano.nl\/shop\/leren-jas-heren-versano-tr43-blauw\/#breadcrumb\"},\"inLanguage\":\"fr-FR\",\"potentialAction\":[{\"@type\":\"ReadAction\",\"target\":[\"https:\/\/versano.nl\/shop\/leren-jas-heren-versano-tr43-blauw\/\"]}]},{\"@type\":\"ImageObject\",\"inLanguage\":\"fr-FR\",\"@id\":\"https:\/\/versano.nl\/shop\/leren-jas-heren-versano-tr43-blauw\/#primaryimage\",\"url\":\"https:\/\/versano.nl\/wp-content\/uploads\/2021\/03\/leren-jassen-heren-blauw-versano-tr43-model5.jpg\",\"contentUrl\":\"https:\/\/versano.nl\/wp-content\/uploads\/2021\/03\/leren-jassen-heren-blauw-versano-tr43-model5.jpg\",\"width\":900,\"height\":1176,\"caption\":\"Heren leren jas blauw TR43 Versano\"},{\"@type\":\"BreadcrumbList\",\"@id\":\"https:\/\/versano.nl\/shop\/leren-jas-heren-versano-tr43-blauw\/#breadcrumb\",\"itemListElement\":[{\"@type\":\"ListItem\",\"position\":1,\"name\":\"Home\",\"item\":\"https:\/\/versano.nl\/\"},{\"@type\":\"ListItem\",\"position\":2,\"name\":\"Shop\",\"item\":\"https:\/\/versano.nl\/shop\/\"},{\"@type\":\"ListItem\",\"position\":3,\"name\":\"Heren leren jas blauw TR43 Versano\"}]},{\"@type\":\"WebSite\",\"@id\":\"https:\/\/versano.nl\/#website\",\"url\":\"https:\/\/versano.nl\/\",\"name\":\"Versano\",\"description\":\"winterjassen met bontkraag | leren dames jassen | leren heren jassen\",\"potentialAction\":[{\"@type\":\"SearchAction\",\"target\":{\"@type\":\"EntryPoint\",\"urlTemplate\":\"https:\/\/versano.nl\/?s={search_term_string}\"},\"query-input\":{\"@type\":\"PropertyValueSpecification\",\"valueRequired\":true,\"valueName\":\"search_term_string\"}}],\"inLanguage\":\"fr-FR\"}]}<\/script>\n<!-- \/ Yoast SEO plugin. -->","yoast_head_json":{"title":"Blouson cuir homme bleu TR43 Versano, blouson cuir homme bleu","description":"Vous recherchez un blouson en cuir pour homme bleu TR43 Versano, consultez notre collection de blousons en cuir d&#039;agneau dans notre boutique en ligne.","robots":{"index":"index","follow":"follow","max-snippet":"max-snippet:-1","max-image-preview":"max-image-preview:large","max-video-preview":"max-video-preview:-1"},"canonical":"https:\/\/versano.nl\/fr\/shop\/leren-jas-heren-versano-tr43-blauw\/","og_locale":"fr_FR","og_type":"article","og_title":"Heren leren jas blauw TR43 Versano, blauwe leren heren jas","og_description":"Bent u op zoek naar een Heren leren jas blauw TR43 Versano, bekijk dan onze collectie leren jassen van lamsleder in onze webshop.","og_url":"https:\/\/versano.nl\/fr\/shop\/leren-jas-heren-versano-tr43-blauw\/","og_site_name":"Versano","article_modified_time":"2024-12-30T17:12:45+00:00","og_image":[{"width":900,"height":1176,"url":"https:\/\/versano.nl\/wp-content\/uploads\/2021\/03\/leren-jassen-heren-blauw-versano-tr43-model5.jpg","type":"image\/jpeg"}],"twitter_card":"summary_large_image","twitter_misc":{"Dur\u00e9e de lecture estim\u00e9e":"2 minutes"},"schema":{"@context":"https:\/\/schema.org","@graph":[{"@type":"WebPage","@id":"https:\/\/versano.nl\/shop\/leren-jas-heren-versano-tr43-blauw\/","url":"https:\/\/versano.nl\/shop\/leren-jas-heren-versano-tr43-blauw\/","name":"Blouson cuir homme bleu TR43 Versano, blouson cuir homme bleu","isPartOf":{"@id":"https:\/\/versano.nl\/#website"},"primaryImageOfPage":{"@id":"https:\/\/versano.nl\/shop\/leren-jas-heren-versano-tr43-blauw\/#primaryimage"},"image":{"@id":"https:\/\/versano.nl\/shop\/leren-jas-heren-versano-tr43-blauw\/#primaryimage"},"thumbnailUrl":"https:\/\/versano.nl\/wp-content\/uploads\/2021\/03\/leren-jassen-heren-blauw-versano-tr43-model5.jpg","datePublished":"2016-04-07T13:15:24+00:00","dateModified":"2024-12-30T17:12:45+00:00","description":"Vous recherchez un blouson en cuir pour homme bleu TR43 Versano, consultez notre collection de blousons en cuir d&#039;agneau dans notre boutique en ligne.","breadcrumb":{"@id":"https:\/\/versano.nl\/shop\/leren-jas-heren-versano-tr43-blauw\/#breadcrumb"},"inLanguage":"fr-FR","potentialAction":[{"@type":"ReadAction","target":["https:\/\/versano.nl\/shop\/leren-jas-heren-versano-tr43-blauw\/"]}]},{"@type":"ImageObject","inLanguage":"fr-FR","@id":"https:\/\/versano.nl\/shop\/leren-jas-heren-versano-tr43-blauw\/#primaryimage","url":"https:\/\/versano.nl\/wp-content\/uploads\/2021\/03\/leren-jassen-heren-blauw-versano-tr43-model5.jpg","contentUrl":"https:\/\/versano.nl\/wp-content\/uploads\/2021\/03\/leren-jassen-heren-blauw-versano-tr43-model5.jpg","width":900,"height":1176,"caption":"Heren leren jas blauw TR43 Versano"},{"@type":"BreadcrumbList","@id":"https:\/\/versano.nl\/shop\/leren-jas-heren-versano-tr43-blauw\/#breadcrumb","itemListElement":[{"@type":"ListItem","position":1,"name":"Home","item":"https:\/\/versano.nl\/"},{"@type":"ListItem","position":2,"name":"Shop","item":"https:\/\/versano.nl\/shop\/"},{"@type":"ListItem","position":3,"name":"Heren leren jas blauw TR43 Versano"}]},{"@type":"WebSite","@id":"https:\/\/versano.nl\/#website","url":"https:\/\/versano.nl\/","name":"Versano","description":"manteaux d&#039;hiver avec col en fourrure | vestes femme en cuir | vestes en cuir pour hommes","potentialAction":[{"@type":"SearchAction","target":{"@type":"EntryPoint","urlTemplate":"https:\/\/versano.nl\/?s={search_term_string}"},"query-input":{"@type":"PropertyValueSpecification","valueRequired":true,"valueName":"search_term_string"}}],"inLanguage":"fr-FR"}]}},"_links":{"self":[{"href":"https:\/\/versano.nl\/fr\/wp-json\/wp\/v2\/product\/4929","targetHints":{"allow":["GET"]}}],"collection":[{"href":"https:\/\/versano.nl\/fr\/wp-json\/wp\/v2\/product"}],"about":[{"href":"https:\/\/versano.nl\/fr\/wp-json\/wp\/v2\/types\/product"}],"replies":[{"embeddable":true,"href":"https:\/\/versano.nl\/fr\/wp-json\/wp\/v2\/comments?post=4929"}],"wp:featuredmedia":[{"embeddable":true,"href":"https:\/\/versano.nl\/fr\/wp-json\/wp\/v2\/media\/20912"}],"wp:attachment":[{"href":"https:\/\/versano.nl\/fr\/wp-json\/wp\/v2\/media?parent=4929"}],"wp:term":[{"taxonomy":"product_brand","embeddable":true,"href":"https:\/\/versano.nl\/fr\/wp-json\/wp\/v2\/product_brand?post=4929"},{"taxonomy":"product_cat","embeddable":true,"href":"https:\/\/versano.nl\/fr\/wp-json\/wp\/v2\/product_cat?post=4929"},{"taxonomy":"product_tag","embeddable":true,"href":"https:\/\/versano.nl\/fr\/wp-json\/wp\/v2\/product_tag?post=4929"}],"curies":[{"name":"wp","href":"https:\/\/api.w.org\/{rel}","templated":true}]}}