{"id":4909,"date":"2016-04-07T14:28:14","date_gmt":"2016-04-07T14:28:14","guid":{"rendered":"http:\/\/leathershopdoci.nl\/?post_type=product&#038;p=10383"},"modified":"2024-05-05T18:23:01","modified_gmt":"2024-05-05T18:23:01","slug":"leren-bikerjack-heren-versano-tr40-zwart","status":"publish","type":"product","link":"https:\/\/versano.nl\/fr\/shop\/leren-bikerjack-heren-versano-tr40-zwart\/","title":{"rendered":"Blouson motard homme noir TR40 Versano"},"content":{"rendered":"<h2>Blouson motard homme noir TR40 Versano<\/h2>\n<p>Cette veste en cuir est un v\u00e9ritable accroche-regard et excelle en termes de confort et de mod\u00e8le. On a affaire ici \u00e0 une veste qui a l&#039;air costaud. Cette veste est faite de cuir d&#039;agneau et est une veste de motard vraiment cool. La veste a deux poches lat\u00e9rales profondes avec une fermeture \u00e9clair et une poche int\u00e9rieure. Cette veste en cuir pour homme a une excellente finition et a une coupe ajust\u00e9e. Pas besoin d&#039;\u00eatre motard pour porter cette veste. Il fera aussi bien l&#039;affaire lorsque vous sortez pour une soir\u00e9e ou que vous vous rendez \u00e0 une occasion sp\u00e9ciale. C&#039;est une veste en cuir que vous pouvez porter en toutes saisons de l&#039;ann\u00e9e. Avec la veste Biker homme noire TR40 Versano, vous obtenez une veste qui vous plaira certainement. Vous pouvez facilement commander ce mod\u00e8le sur notre site My-Versano.<\/p>\n<h2>Commandez le mod\u00e8le TR40 en noir<\/h2>\n<p>Vous cherchez une veste de motard en cuir cool? Alors il est bon de jeter un \u0153il \u00e0 la gamme My-Versano. Nous vendons les vestes en cuir de la c\u00e9l\u00e8bre marque Versano. Les plus beaux mat\u00e9riaux sont ici utilis\u00e9s, qui sont moul\u00e9s par les meilleurs designers dans un mod\u00e8le attrayant et robuste. Le TR40 est disponible en noir. Nous vous recommandons \u00e9galement de jeter un \u0153il \u00e0 d&#039;autres mod\u00e8les de motards pour voir celui qui, selon vous, convient le mieux \u00e0 votre propre style. Avec nous, vous pouvez facilement choisir la bonne taille en fonction de nos vid\u00e9os d&#039;instructions intelligentes. Ensuite, vous pouvez toujours nous contacter par mail ou WhatsApp. Nos employ\u00e9s aimeraient vous aider!<\/p>\n<p>marque:\u00a0<a href=\"https:\/\/versano.nl\/\">Versano<\/a><br \/>\nMati\u00e8re: 100% cuir d&#039;agneau<br \/>\nDoublure: 100% polyester<br \/>\nLongueur: court<br \/>\nCoupe : coupe ajust\u00e9e<br \/>\nFermeture: fermeture \u00e9clair<br \/>\nPoches: poches avec zip<br \/>\nCol: col montant<br \/>\nMati\u00e8re couche ext\u00e9rieure : Cuir de ch\u00e8vre de tr\u00e8s haute qualit\u00e9<br \/>\nD\u00e9lai de livraison: 2-3 jours ouvrables<\/p>","protected":false},"excerpt":{"rendered":"<p><span style=\"color: #ff0000;\">Conseils d&#039;ajustement:<\/span>\u00a0La coupe de cette veste est ajust\u00e9e. Notre mannequin mesure 1,75 cm et porte une taille M.<\/p>\n<p>Si vous n&#039;\u00eates pas s\u00fbr de vos mesures, nous vous recommandons de commencer par mesurer vos mesures de taille et de les comparer avec notre tableau des tailles. Si vous n&#039;avez aucune exp\u00e9rience dans la mesure des tailles de circonf\u00e9rence, cliquez sur\u00a0<a href=\"https:\/\/www.youtube.com\/watch?v=3ZSfY87v6pM\"><em>ICI<\/em>\u00a0<\/a>\u00a0\u00e0\u00a0<a href=\"https:\/\/www.youtube.com\/watch?v=3ZSfY87v6pM\"><em><span style=\"color: #ff0000;\">VIDEO<\/span><\/em><\/a>\u00a0 avec des instructions. Vous pouvez \u00e9galement nous appeler ou nous appliquer directement! Nos employ\u00e9s sont toujours disponibles pour vous aider.<\/p>\n<p><strong>HEURE DE LIVRAISON :<\/strong>\u00a02 \u00e0 3 jours ouvr\u00e9s.<\/p>","protected":false},"featured_media":8069,"comment_status":"closed","ping_status":"closed","template":"","meta":[],"product_brand":[],"product_cat":[1672,1670,147,874,907,912,1671,908,1669,1712,913,910,882],"product_tag":[737,1729,300,648,1738,656,738,649,650,651,23,647,24,1737,653,515,654],"class_list":{"0":"post-4909","1":"product","2":"type-product","3":"status-publish","4":"has-post-thumbnail","6":"product_cat-biker-jas-heren","7":"product_cat-heren-leren-jas","8":"product_cat-heren-leren-jassen","9":"product_cat-kort-leren-jasje","10":"product_cat-kort-leren-jasje-heren","11":"product_cat-leren-bikerjacks-heren","12":"product_cat-leren-heren-jas","13":"product_cat-leren-heren-jassen","14":"product_cat-leren-jas-heren","15":"product_cat-leren-jassen","16":"product_cat-leren-jassen-heren-uitverkoop","17":"product_cat-leren-jassen-heren","18":"product_cat-versano","19":"product_tag-biker-jack-zwart-leer","20":"product_tag-biker-jas-heren-sale","21":"product_tag-bikerjack-heren","22":"product_tag-bikerjack-leer-heren","23":"product_tag-echt-leer-biker-jas-zwart","24":"product_tag-heren-bikerjack-in-geitenleer","25":"product_tag-leren-biker-jack-heren-zwart","26":"product_tag-leren-heren-bikerjack","27":"product_tag-leren-heren-bikerjack-zwart","28":"product_tag-leren-jack-zwart","29":"product_tag-motorjacks-heren","30":"product_tag-online-heren-bikerjacks","31":"product_tag-stoer-jasje-heren","32":"product_tag-uitverkoop-biker-jassen-heren","33":"product_tag-zwarte-bikerjack-heren","34":"product_tag-zwarte-heren-bikerjack","35":"product_tag-zwarte-leren-bikerjack-heren","36":"tm-no-options","38":"first","39":"instock","40":"sale","41":"taxable","42":"shipping-taxable","43":"purchasable","44":"product-type-variable","45":"has-default-attributes"},"yoast_head":"<!-- This site is optimized with the Yoast SEO plugin v27.2 - https:\/\/yoast.com\/product\/yoast-seo-wordpress\/ -->\n<title>Biker jas heren zwart TR40 Versano, bikerjassen voor heren<\/title>\n<meta name=\"description\" content=\"Bent u op zoek naar een Biker jas heren zwart TR40 Versano? Dan zit u bij ons goed want Versano maakt de stoerste biker jassen in leer.\" \/>\n<meta name=\"robots\" content=\"index, follow, max-snippet:-1, max-image-preview:large, max-video-preview:-1\" \/>\n<link rel=\"canonical\" href=\"https:\/\/versano.nl\/fr\/shop\/leren-bikerjack-heren-versano-tr40-zwart\/\" \/>\n<meta property=\"og:locale\" content=\"fr_FR\" \/>\n<meta property=\"og:type\" content=\"article\" \/>\n<meta property=\"og:title\" content=\"Biker jas heren zwart TR40 Versano, bikerjassen voor heren\" \/>\n<meta property=\"og:description\" content=\"Bent u op zoek naar een Biker jas heren zwart TR40 Versano? Dan zit u bij ons goed want Versano maakt de stoerste biker jassen in leer.\" \/>\n<meta property=\"og:url\" content=\"https:\/\/versano.nl\/fr\/shop\/leren-bikerjack-heren-versano-tr40-zwart\/\" \/>\n<meta property=\"og:site_name\" content=\"Versano\" \/>\n<meta property=\"article:modified_time\" content=\"2024-05-05T18:23:01+00:00\" \/>\n<meta property=\"og:image\" content=\"https:\/\/versano.nl\/wp-content\/uploads\/2016\/04\/bikerjack-heren-zwart-versano-tr40-model.jpg\" \/>\n\t<meta property=\"og:image:width\" content=\"900\" \/>\n\t<meta property=\"og:image:height\" content=\"1176\" \/>\n\t<meta property=\"og:image:type\" content=\"image\/jpeg\" \/>\n<meta name=\"twitter:card\" content=\"summary_large_image\" \/>\n<meta name=\"twitter:label1\" content=\"Dur\u00e9e de lecture estim\u00e9e\" \/>\n\t<meta name=\"twitter:data1\" content=\"1 minute\" \/>\n<script type=\"application\/ld+json\" class=\"yoast-schema-graph\">{\"@context\":\"https:\/\/schema.org\",\"@graph\":[{\"@type\":\"WebPage\",\"@id\":\"https:\/\/versano.nl\/shop\/leren-bikerjack-heren-versano-tr40-zwart\/\",\"url\":\"https:\/\/versano.nl\/shop\/leren-bikerjack-heren-versano-tr40-zwart\/\",\"name\":\"Biker jas heren zwart TR40 Versano, bikerjassen voor heren\",\"isPartOf\":{\"@id\":\"https:\/\/versano.nl\/#website\"},\"primaryImageOfPage\":{\"@id\":\"https:\/\/versano.nl\/shop\/leren-bikerjack-heren-versano-tr40-zwart\/#primaryimage\"},\"image\":{\"@id\":\"https:\/\/versano.nl\/shop\/leren-bikerjack-heren-versano-tr40-zwart\/#primaryimage\"},\"thumbnailUrl\":\"https:\/\/versano.nl\/wp-content\/uploads\/2016\/04\/bikerjack-heren-zwart-versano-tr40-model.jpg\",\"datePublished\":\"2016-04-07T14:28:14+00:00\",\"dateModified\":\"2024-05-05T18:23:01+00:00\",\"description\":\"Bent u op zoek naar een Biker jas heren zwart TR40 Versano? Dan zit u bij ons goed want Versano maakt de stoerste biker jassen in leer.\",\"breadcrumb\":{\"@id\":\"https:\/\/versano.nl\/shop\/leren-bikerjack-heren-versano-tr40-zwart\/#breadcrumb\"},\"inLanguage\":\"fr-FR\",\"potentialAction\":[{\"@type\":\"ReadAction\",\"target\":[\"https:\/\/versano.nl\/shop\/leren-bikerjack-heren-versano-tr40-zwart\/\"]}]},{\"@type\":\"ImageObject\",\"inLanguage\":\"fr-FR\",\"@id\":\"https:\/\/versano.nl\/shop\/leren-bikerjack-heren-versano-tr40-zwart\/#primaryimage\",\"url\":\"https:\/\/versano.nl\/wp-content\/uploads\/2016\/04\/bikerjack-heren-zwart-versano-tr40-model.jpg\",\"contentUrl\":\"https:\/\/versano.nl\/wp-content\/uploads\/2016\/04\/bikerjack-heren-zwart-versano-tr40-model.jpg\",\"width\":900,\"height\":1176,\"caption\":\"Biker jas heren zwart TR40 Versano\"},{\"@type\":\"BreadcrumbList\",\"@id\":\"https:\/\/versano.nl\/shop\/leren-bikerjack-heren-versano-tr40-zwart\/#breadcrumb\",\"itemListElement\":[{\"@type\":\"ListItem\",\"position\":1,\"name\":\"Home\",\"item\":\"https:\/\/versano.nl\/\"},{\"@type\":\"ListItem\",\"position\":2,\"name\":\"Shop\",\"item\":\"https:\/\/versano.nl\/shop\/\"},{\"@type\":\"ListItem\",\"position\":3,\"name\":\"Biker jas heren zwart TR40 Versano\"}]},{\"@type\":\"WebSite\",\"@id\":\"https:\/\/versano.nl\/#website\",\"url\":\"https:\/\/versano.nl\/\",\"name\":\"Versano\",\"description\":\"winterjassen met bontkraag | leren dames jassen | leren heren jassen\",\"potentialAction\":[{\"@type\":\"SearchAction\",\"target\":{\"@type\":\"EntryPoint\",\"urlTemplate\":\"https:\/\/versano.nl\/?s={search_term_string}\"},\"query-input\":{\"@type\":\"PropertyValueSpecification\",\"valueRequired\":true,\"valueName\":\"search_term_string\"}}],\"inLanguage\":\"fr-FR\"}]}<\/script>\n<!-- \/ Yoast SEO plugin. -->","yoast_head_json":{"title":"Veste motard homme noir TR40 Versano, vestes motard pour homme","description":"Vous \u00eates \u00e0 la recherche d&#039;un Blouson Biker homme noir TR40 Versano ? Alors vous \u00eates au bon endroit car Versano fabrique les vestes de motard en cuir les plus cool.","robots":{"index":"index","follow":"follow","max-snippet":"max-snippet:-1","max-image-preview":"max-image-preview:large","max-video-preview":"max-video-preview:-1"},"canonical":"https:\/\/versano.nl\/fr\/shop\/leren-bikerjack-heren-versano-tr40-zwart\/","og_locale":"fr_FR","og_type":"article","og_title":"Biker jas heren zwart TR40 Versano, bikerjassen voor heren","og_description":"Bent u op zoek naar een Biker jas heren zwart TR40 Versano? Dan zit u bij ons goed want Versano maakt de stoerste biker jassen in leer.","og_url":"https:\/\/versano.nl\/fr\/shop\/leren-bikerjack-heren-versano-tr40-zwart\/","og_site_name":"Versano","article_modified_time":"2024-05-05T18:23:01+00:00","og_image":[{"width":900,"height":1176,"url":"https:\/\/versano.nl\/wp-content\/uploads\/2016\/04\/bikerjack-heren-zwart-versano-tr40-model.jpg","type":"image\/jpeg"}],"twitter_card":"summary_large_image","twitter_misc":{"Dur\u00e9e de lecture estim\u00e9e":"1 minute"},"schema":{"@context":"https:\/\/schema.org","@graph":[{"@type":"WebPage","@id":"https:\/\/versano.nl\/shop\/leren-bikerjack-heren-versano-tr40-zwart\/","url":"https:\/\/versano.nl\/shop\/leren-bikerjack-heren-versano-tr40-zwart\/","name":"Veste motard homme noir TR40 Versano, vestes motard pour homme","isPartOf":{"@id":"https:\/\/versano.nl\/#website"},"primaryImageOfPage":{"@id":"https:\/\/versano.nl\/shop\/leren-bikerjack-heren-versano-tr40-zwart\/#primaryimage"},"image":{"@id":"https:\/\/versano.nl\/shop\/leren-bikerjack-heren-versano-tr40-zwart\/#primaryimage"},"thumbnailUrl":"https:\/\/versano.nl\/wp-content\/uploads\/2016\/04\/bikerjack-heren-zwart-versano-tr40-model.jpg","datePublished":"2016-04-07T14:28:14+00:00","dateModified":"2024-05-05T18:23:01+00:00","description":"Vous \u00eates \u00e0 la recherche d&#039;un Blouson Biker homme noir TR40 Versano ? Alors vous \u00eates au bon endroit car Versano fabrique les vestes de motard en cuir les plus cool.","breadcrumb":{"@id":"https:\/\/versano.nl\/shop\/leren-bikerjack-heren-versano-tr40-zwart\/#breadcrumb"},"inLanguage":"fr-FR","potentialAction":[{"@type":"ReadAction","target":["https:\/\/versano.nl\/shop\/leren-bikerjack-heren-versano-tr40-zwart\/"]}]},{"@type":"ImageObject","inLanguage":"fr-FR","@id":"https:\/\/versano.nl\/shop\/leren-bikerjack-heren-versano-tr40-zwart\/#primaryimage","url":"https:\/\/versano.nl\/wp-content\/uploads\/2016\/04\/bikerjack-heren-zwart-versano-tr40-model.jpg","contentUrl":"https:\/\/versano.nl\/wp-content\/uploads\/2016\/04\/bikerjack-heren-zwart-versano-tr40-model.jpg","width":900,"height":1176,"caption":"Biker jas heren zwart TR40 Versano"},{"@type":"BreadcrumbList","@id":"https:\/\/versano.nl\/shop\/leren-bikerjack-heren-versano-tr40-zwart\/#breadcrumb","itemListElement":[{"@type":"ListItem","position":1,"name":"Home","item":"https:\/\/versano.nl\/"},{"@type":"ListItem","position":2,"name":"Shop","item":"https:\/\/versano.nl\/shop\/"},{"@type":"ListItem","position":3,"name":"Biker jas heren zwart TR40 Versano"}]},{"@type":"WebSite","@id":"https:\/\/versano.nl\/#website","url":"https:\/\/versano.nl\/","name":"Versano","description":"manteaux d&#039;hiver avec col en fourrure | vestes femme en cuir | vestes en cuir pour hommes","potentialAction":[{"@type":"SearchAction","target":{"@type":"EntryPoint","urlTemplate":"https:\/\/versano.nl\/?s={search_term_string}"},"query-input":{"@type":"PropertyValueSpecification","valueRequired":true,"valueName":"search_term_string"}}],"inLanguage":"fr-FR"}]}},"_links":{"self":[{"href":"https:\/\/versano.nl\/fr\/wp-json\/wp\/v2\/product\/4909","targetHints":{"allow":["GET"]}}],"collection":[{"href":"https:\/\/versano.nl\/fr\/wp-json\/wp\/v2\/product"}],"about":[{"href":"https:\/\/versano.nl\/fr\/wp-json\/wp\/v2\/types\/product"}],"replies":[{"embeddable":true,"href":"https:\/\/versano.nl\/fr\/wp-json\/wp\/v2\/comments?post=4909"}],"wp:featuredmedia":[{"embeddable":true,"href":"https:\/\/versano.nl\/fr\/wp-json\/wp\/v2\/media\/8069"}],"wp:attachment":[{"href":"https:\/\/versano.nl\/fr\/wp-json\/wp\/v2\/media?parent=4909"}],"wp:term":[{"taxonomy":"product_brand","embeddable":true,"href":"https:\/\/versano.nl\/fr\/wp-json\/wp\/v2\/product_brand?post=4909"},{"taxonomy":"product_cat","embeddable":true,"href":"https:\/\/versano.nl\/fr\/wp-json\/wp\/v2\/product_cat?post=4909"},{"taxonomy":"product_tag","embeddable":true,"href":"https:\/\/versano.nl\/fr\/wp-json\/wp\/v2\/product_tag?post=4909"}],"curies":[{"name":"wp","href":"https:\/\/api.w.org\/{rel}","templated":true}]}}