{"id":4778,"date":"2016-06-25T23:58:31","date_gmt":"2016-06-25T23:58:31","guid":{"rendered":"http:\/\/leathershopdoci.nl\/?post_type=product&#038;p=10693"},"modified":"2025-01-04T22:44:24","modified_gmt":"2025-01-04T22:44:24","slug":"leren-heren-jas-bruin-biker-model-versano-tr-36-b","status":"publish","type":"product","link":"https:\/\/versano.nl\/fr\/shop\/leren-heren-jas-bruin-biker-model-versano-tr-36-b\/","title":{"rendered":"Blouson cuir homme motard marron TR36 B Versano"},"content":{"rendered":"<h2>Blouson cuir homme motard marron TR36 B Versano<\/h2>\n<p style=\"margin: 0cm 0cm 16.5pt 0cm\"><span style=\"font-size: 10.5pt;font-family: 'Arial',sans-serif;color: #282828\">Le Blouson cuir homme biker marron TR36 B Versano <\/span><span style=\"font-size: 10.5pt;font-family: 'Arial',sans-serif;color: #282828\">est l&#039;un des mod\u00e8les les plus populaires de Versano. C&#039;est une belle veste qui est largement achet\u00e9e par nos clients. Un mod\u00e8le sp\u00e9cial motard de cette veste a \u00e9t\u00e9 con\u00e7u par les talentueux designers de Versano. Autrement dit, la veste biker homme cognac de Versano est une veste que vous prendrez probablement plaisir \u00e0 porter. Le mod\u00e8le motard est juste un peu plus r\u00e9sistant que l&#039;autre version \u00e9l\u00e9gante. Pas besoin d&#039;\u00eatre motard pour porter cette veste. Il fera aussi bien l&#039;affaire lorsque vous sortez pour une soir\u00e9e ou que vous vous rendez \u00e0 une occasion sp\u00e9ciale. C&#039;est une veste en cuir que vous pouvez porter en toutes saisons de l&#039;ann\u00e9e.<\/span><\/p>\n<h2 style=\"margin: 0cm 0cm 16.5pt 0cm\">Commandez le mod\u00e8le de motard TR36 B en marron<\/h2>\n<p style=\"margin: 0cm 0cm 16.5pt 0cm\"><span style=\"font-size: 10.5pt;font-family: 'Arial',sans-serif;color: #282828\">Si vous commandez cette veste chez nous, vous recevrez une veste qui restera belle toute une vie. Il s&#039;agit d&#039;une belle veste ajust\u00e9e qui est compl\u00e8tement de style italien. En d&#039;autres termes, avec une veste de motard pour homme Cognac, vous n&#039;avez pas \u00e0 vous soucier d&#039;avoir l&#039;air verni. La veste est \u00e9quip\u00e9e de deux poches lat\u00e9rales profondes avec fermetures \u00e9clair, ainsi que de deux poches plus petites sur la poitrine. Ceux-ci peuvent \u00e9galement \u00eatre ferm\u00e9s avec une fermeture \u00e0 glissi\u00e8re robuste. Vous pouvez facilement commander ce mod\u00e8le sur notre site en marron ou dans d&#039;autres coloris vari\u00e9s comme le bleu, le noir et le cognac. Nous vous recommandons donc de simplement jeter un \u0153il \u00e0 la couleur qui, selon vous, convient le mieux \u00e0 votre propre style. Vous avez des questions ou vous ne savez pas quelle taille commander ? Ensuite, vous pouvez toujours nous contacter par mail ou WhatsApp. Nos employ\u00e9s aimeraient vous aider!<\/span><\/p>\n<p style=\"margin: 0cm\"><span style=\"font-size: 10.5pt;font-family: 'Arial',sans-serif;color: #282828\"><a href=\"https:\/\/versano.nl\/\">Versano<\/a><br \/>\nMati\u00e8re: 100% cuir d&#039;agneau<br \/>\nDoublure: 100% polyester<br \/>\nlongueur : moyen-court<br \/>\nCoupe : coupe ajust\u00e9e<br \/>\nFermeture: fermeture \u00e9clair<br \/>\nPoches: poches avec zip<br \/>\nCol: col montant<br \/>\nMat\u00e9riau couche ext\u00e9rieure: Tr\u00e8s haute qualit\u00e9 et doux en peau d&#039;agneau<br \/>\nD\u00e9lai de livraison: 2-3 jours ouvrables<\/span><\/p>","protected":false},"excerpt":{"rendered":"<p>CHOISISSEZ UNE AUTRE COULEUR ICI<\/p>\n<p><a href=\"https:\/\/versano.nl\/shop\/leren-heren-jas-blauw-biker-model-versano-tr-36-b\/\"><img loading=\"lazy\" decoding=\"async\" class=\"alignnone size-full wp-image-19903\" src=\"https:\/\/versano.nl\/wp-content\/uploads\/sites\/2\/2017\/03\/leren-jassen-heren-blauw-biker-model-TR36B-versano-thumb.jpg\" alt=\"\" width=\"57\" height=\"75\" \/><\/a><a href=\"https:\/\/versano.nl\/shop\/leren-heren-jas-cognac-biker-model-versano-tr-36-b\/\"><img loading=\"lazy\" decoding=\"async\" class=\"alignnone size-full wp-image-19905\" src=\"https:\/\/versano.nl\/wp-content\/uploads\/sites\/2\/2017\/03\/leren-jassen-heren-cognac-biker-model-TR36B-thumb.jpg\" alt=\"\" width=\"57\" height=\"75\" \/><\/a><a href=\"https:\/\/versano.nl\/shop\/heren-bikerjack-zwart-lamsleder-versano-tr-36-b\/\"><img loading=\"lazy\" decoding=\"async\" class=\"alignnone size-full wp-image-19906\" src=\"https:\/\/versano.nl\/wp-content\/uploads\/sites\/2\/2017\/03\/leren-jassen-heren-zwart-biker-model-TR36B-thumb.jpg\" alt=\"\" width=\"57\" height=\"75\" \/><\/a><\/p>\n<p style=\"margin: 0cm 0cm 11.25pt 0cm\"><span style=\"font-size: 10.5pt;font-family: 'Arial',sans-serif;color: red\">Conseils d&#039;ajustement:\u00a0<\/span><span style=\"font-size: 10.5pt;font-family: 'Arial',sans-serif;color: #5d5d5d\">La coupe de cette veste est ajust\u00e9e. Notre mannequin mesure 1,75 cm et porte une taille M.<\/span><\/p>\n<p style=\"margin: 0cm 0cm 11.25pt 0cm\"><span style=\"font-size: 10.5pt;font-family: 'Arial',sans-serif;color: #5d5d5d\">Si vous n&#039;\u00eates pas s\u00fbr de vos mesures, nous vous recommandons de commencer par mesurer vos mesures de taille et de les comparer avec notre tableau des tailles. Si vous n&#039;avez aucune exp\u00e9rience dans la mesure des tailles de circonf\u00e9rence, cliquez sur\u00a0<a href=\"https:\/\/www.youtube.com\/watch?v=3ZSfY87v6pM\"><em><span style=\"font-family: 'Arial',sans-serif;text-decoration: none\">ICI<\/span><\/em><span style=\"text-decoration: none\">\u00a0<\/span><\/a>\u00a0\u00e0\u00a0<a href=\"https:\/\/www.youtube.com\/watch?v=3ZSfY87v6pM\"><em><span style=\"font-family: 'Arial',sans-serif;color: red;text-decoration: none\">VIDEO<\/span><\/em><\/a>\u00a0 avec des instructions. Vous pouvez \u00e9galement nous appeler ou nous appliquer directement! Nos employ\u00e9s sont toujours disponibles pour vous aider.<\/span><\/p>\n<p style=\"margin: 0cm\"><strong><span style=\"font-size: 10.5pt;font-family: 'Arial',sans-serif;color: #5d5d5d\">HEURE DE LIVRAISON :<\/span><\/strong><span style=\"font-size: 10.5pt;font-family: 'Arial',sans-serif;color: #5d5d5d\">\u00a02 \u00e0 3 jours ouvr\u00e9s.<\/span><\/p>","protected":false},"featured_media":33556,"comment_status":"open","ping_status":"closed","template":"","meta":[],"product_brand":[],"product_cat":[1672,1670,147,874,907,912,1671,908,1669,1712,913,910,882],"product_tag":[617,1715,618,619,305,621,622,1714,623,624,1713,625,307,1698,309,1697,1716,1695,1708],"class_list":{"0":"post-4778","1":"product","2":"type-product","3":"status-publish","4":"has-post-thumbnail","6":"product_cat-biker-jas-heren","7":"product_cat-heren-leren-jas","8":"product_cat-heren-leren-jassen","9":"product_cat-kort-leren-jasje","10":"product_cat-kort-leren-jasje-heren","11":"product_cat-leren-bikerjacks-heren","12":"product_cat-leren-heren-jas","13":"product_cat-leren-heren-jassen","14":"product_cat-leren-jas-heren","15":"product_cat-leren-jassen","16":"product_cat-leren-jassen-heren-uitverkoop","17":"product_cat-leren-jassen-heren","18":"product_cat-versano","19":"product_tag-biker-jas-bruin","20":"product_tag-biker-jsa-bruin-heren","21":"product_tag-bikerjas-bruin","22":"product_tag-bruine-leren-heren-bikerjas","23":"product_tag-bruine-leren-heren-jas","24":"product_tag-bruine-leren-versano-jas","25":"product_tag-bruine-versano-jas","26":"product_tag-echt-leer-heren-leren-jas","27":"product_tag-heren-bikerjas-bruin","28":"product_tag-heren-jas-leer-bruin","29":"product_tag-lamsleer-heren-leren-jas","30":"product_tag-lederen-heren-jas-bruin","31":"product_tag-leren-heren-jas-bruin","32":"product_tag-leren-heren-jas-sale","33":"product_tag-leren-jas-bruin","34":"product_tag-uitverkoop-heren-leren-jas","35":"product_tag-versano-heren-collectie","36":"product_tag-versano-leren-heren-jas","37":"product_tag-zomerjassen-heren","38":"tm-no-options","40":"first","41":"instock","42":"sale","43":"taxable","44":"shipping-taxable","45":"purchasable","46":"product-type-variable","47":"has-default-attributes"},"yoast_head":"<!-- This site is optimized with the Yoast SEO plugin v27.2 - https:\/\/yoast.com\/product\/yoast-seo-wordpress\/ -->\n<title>Leren jas heren biker bruin TR36 B Versano, bruine biker jas heren<\/title>\n<meta name=\"description\" content=\"Bent u op zoek naar een Leren jas heren biker bruin TR36 B Versano? Bij Versano zit u goed, want hier treft u een ruime keuze aan lederen ..\" \/>\n<meta name=\"robots\" content=\"index, follow, max-snippet:-1, max-image-preview:large, max-video-preview:-1\" \/>\n<link rel=\"canonical\" href=\"https:\/\/versano.nl\/fr\/shop\/leren-heren-jas-bruin-biker-model-versano-tr-36-b\/\" \/>\n<meta property=\"og:locale\" content=\"fr_FR\" \/>\n<meta property=\"og:type\" content=\"article\" \/>\n<meta property=\"og:title\" content=\"Leren jas heren biker bruin TR36 B Versano, bruine biker jas heren\" \/>\n<meta property=\"og:description\" content=\"Bent u op zoek naar een Leren jas heren biker bruin TR36 B Versano? Bij Versano zit u goed, want hier treft u een ruime keuze aan lederen ..\" \/>\n<meta property=\"og:url\" content=\"https:\/\/versano.nl\/fr\/shop\/leren-heren-jas-bruin-biker-model-versano-tr-36-b\/\" \/>\n<meta property=\"og:site_name\" content=\"Versano\" \/>\n<meta property=\"article:modified_time\" content=\"2025-01-04T22:44:24+00:00\" \/>\n<meta property=\"og:image\" content=\"https:\/\/versano.nl\/wp-content\/uploads\/2016\/06\/IMG_0323.jpg\" \/>\n\t<meta property=\"og:image:width\" content=\"600\" \/>\n\t<meta property=\"og:image:height\" content=\"800\" \/>\n\t<meta property=\"og:image:type\" content=\"image\/jpeg\" \/>\n<meta name=\"twitter:card\" content=\"summary_large_image\" \/>\n<meta name=\"twitter:label1\" content=\"Dur\u00e9e de lecture estim\u00e9e\" \/>\n\t<meta name=\"twitter:data1\" content=\"2 minutes\" \/>\n<script type=\"application\/ld+json\" class=\"yoast-schema-graph\">{\"@context\":\"https:\/\/schema.org\",\"@graph\":[{\"@type\":\"WebPage\",\"@id\":\"https:\/\/versano.nl\/shop\/leren-heren-jas-bruin-biker-model-versano-tr-36-b\/\",\"url\":\"https:\/\/versano.nl\/shop\/leren-heren-jas-bruin-biker-model-versano-tr-36-b\/\",\"name\":\"Leren jas heren biker bruin TR36 B Versano, bruine biker jas heren\",\"isPartOf\":{\"@id\":\"https:\/\/versano.nl\/#website\"},\"primaryImageOfPage\":{\"@id\":\"https:\/\/versano.nl\/shop\/leren-heren-jas-bruin-biker-model-versano-tr-36-b\/#primaryimage\"},\"image\":{\"@id\":\"https:\/\/versano.nl\/shop\/leren-heren-jas-bruin-biker-model-versano-tr-36-b\/#primaryimage\"},\"thumbnailUrl\":\"https:\/\/versano.nl\/wp-content\/uploads\/2016\/06\/IMG_0323.jpg\",\"datePublished\":\"2016-06-25T23:58:31+00:00\",\"dateModified\":\"2025-01-04T22:44:24+00:00\",\"description\":\"Bent u op zoek naar een Leren jas heren biker bruin TR36 B Versano? Bij Versano zit u goed, want hier treft u een ruime keuze aan lederen ..\",\"breadcrumb\":{\"@id\":\"https:\/\/versano.nl\/shop\/leren-heren-jas-bruin-biker-model-versano-tr-36-b\/#breadcrumb\"},\"inLanguage\":\"fr-FR\",\"potentialAction\":[{\"@type\":\"ReadAction\",\"target\":[\"https:\/\/versano.nl\/shop\/leren-heren-jas-bruin-biker-model-versano-tr-36-b\/\"]}]},{\"@type\":\"ImageObject\",\"inLanguage\":\"fr-FR\",\"@id\":\"https:\/\/versano.nl\/shop\/leren-heren-jas-bruin-biker-model-versano-tr-36-b\/#primaryimage\",\"url\":\"https:\/\/versano.nl\/wp-content\/uploads\/2016\/06\/IMG_0323.jpg\",\"contentUrl\":\"https:\/\/versano.nl\/wp-content\/uploads\/2016\/06\/IMG_0323.jpg\",\"width\":600,\"height\":800},{\"@type\":\"BreadcrumbList\",\"@id\":\"https:\/\/versano.nl\/shop\/leren-heren-jas-bruin-biker-model-versano-tr-36-b\/#breadcrumb\",\"itemListElement\":[{\"@type\":\"ListItem\",\"position\":1,\"name\":\"Home\",\"item\":\"https:\/\/versano.nl\/\"},{\"@type\":\"ListItem\",\"position\":2,\"name\":\"Shop\",\"item\":\"https:\/\/versano.nl\/shop\/\"},{\"@type\":\"ListItem\",\"position\":3,\"name\":\"Leren jas heren biker bruin TR36 B Versano\"}]},{\"@type\":\"WebSite\",\"@id\":\"https:\/\/versano.nl\/#website\",\"url\":\"https:\/\/versano.nl\/\",\"name\":\"Versano\",\"description\":\"winterjassen met bontkraag | leren dames jassen | leren heren jassen\",\"potentialAction\":[{\"@type\":\"SearchAction\",\"target\":{\"@type\":\"EntryPoint\",\"urlTemplate\":\"https:\/\/versano.nl\/?s={search_term_string}\"},\"query-input\":{\"@type\":\"PropertyValueSpecification\",\"valueRequired\":true,\"valueName\":\"search_term_string\"}}],\"inLanguage\":\"fr-FR\"}]}<\/script>\n<!-- \/ Yoast SEO plugin. -->","yoast_head_json":{"title":"Blouson cuir homme motard marron TR36 B Versano, veste motard marron homme","description":"Vous cherchez un blouson cuir homme biker marron TR36 B Versano ? Versano est le bon endroit pour vous, car ici vous trouverez un large choix de cuir ..","robots":{"index":"index","follow":"follow","max-snippet":"max-snippet:-1","max-image-preview":"max-image-preview:large","max-video-preview":"max-video-preview:-1"},"canonical":"https:\/\/versano.nl\/fr\/shop\/leren-heren-jas-bruin-biker-model-versano-tr-36-b\/","og_locale":"fr_FR","og_type":"article","og_title":"Leren jas heren biker bruin TR36 B Versano, bruine biker jas heren","og_description":"Bent u op zoek naar een Leren jas heren biker bruin TR36 B Versano? Bij Versano zit u goed, want hier treft u een ruime keuze aan lederen ..","og_url":"https:\/\/versano.nl\/fr\/shop\/leren-heren-jas-bruin-biker-model-versano-tr-36-b\/","og_site_name":"Versano","article_modified_time":"2025-01-04T22:44:24+00:00","og_image":[{"width":600,"height":800,"url":"https:\/\/versano.nl\/wp-content\/uploads\/2016\/06\/IMG_0323.jpg","type":"image\/jpeg"}],"twitter_card":"summary_large_image","twitter_misc":{"Dur\u00e9e de lecture estim\u00e9e":"2 minutes"},"schema":{"@context":"https:\/\/schema.org","@graph":[{"@type":"WebPage","@id":"https:\/\/versano.nl\/shop\/leren-heren-jas-bruin-biker-model-versano-tr-36-b\/","url":"https:\/\/versano.nl\/shop\/leren-heren-jas-bruin-biker-model-versano-tr-36-b\/","name":"Blouson cuir homme motard marron TR36 B Versano, veste motard marron homme","isPartOf":{"@id":"https:\/\/versano.nl\/#website"},"primaryImageOfPage":{"@id":"https:\/\/versano.nl\/shop\/leren-heren-jas-bruin-biker-model-versano-tr-36-b\/#primaryimage"},"image":{"@id":"https:\/\/versano.nl\/shop\/leren-heren-jas-bruin-biker-model-versano-tr-36-b\/#primaryimage"},"thumbnailUrl":"https:\/\/versano.nl\/wp-content\/uploads\/2016\/06\/IMG_0323.jpg","datePublished":"2016-06-25T23:58:31+00:00","dateModified":"2025-01-04T22:44:24+00:00","description":"Vous cherchez un blouson cuir homme biker marron TR36 B Versano ? Versano est le bon endroit pour vous, car ici vous trouverez un large choix de cuir ..","breadcrumb":{"@id":"https:\/\/versano.nl\/shop\/leren-heren-jas-bruin-biker-model-versano-tr-36-b\/#breadcrumb"},"inLanguage":"fr-FR","potentialAction":[{"@type":"ReadAction","target":["https:\/\/versano.nl\/shop\/leren-heren-jas-bruin-biker-model-versano-tr-36-b\/"]}]},{"@type":"ImageObject","inLanguage":"fr-FR","@id":"https:\/\/versano.nl\/shop\/leren-heren-jas-bruin-biker-model-versano-tr-36-b\/#primaryimage","url":"https:\/\/versano.nl\/wp-content\/uploads\/2016\/06\/IMG_0323.jpg","contentUrl":"https:\/\/versano.nl\/wp-content\/uploads\/2016\/06\/IMG_0323.jpg","width":600,"height":800},{"@type":"BreadcrumbList","@id":"https:\/\/versano.nl\/shop\/leren-heren-jas-bruin-biker-model-versano-tr-36-b\/#breadcrumb","itemListElement":[{"@type":"ListItem","position":1,"name":"Home","item":"https:\/\/versano.nl\/"},{"@type":"ListItem","position":2,"name":"Shop","item":"https:\/\/versano.nl\/shop\/"},{"@type":"ListItem","position":3,"name":"Leren jas heren biker bruin TR36 B Versano"}]},{"@type":"WebSite","@id":"https:\/\/versano.nl\/#website","url":"https:\/\/versano.nl\/","name":"Versano","description":"manteaux d&#039;hiver avec col en fourrure | vestes femme en cuir | vestes en cuir pour hommes","potentialAction":[{"@type":"SearchAction","target":{"@type":"EntryPoint","urlTemplate":"https:\/\/versano.nl\/?s={search_term_string}"},"query-input":{"@type":"PropertyValueSpecification","valueRequired":true,"valueName":"search_term_string"}}],"inLanguage":"fr-FR"}]}},"_links":{"self":[{"href":"https:\/\/versano.nl\/fr\/wp-json\/wp\/v2\/product\/4778","targetHints":{"allow":["GET"]}}],"collection":[{"href":"https:\/\/versano.nl\/fr\/wp-json\/wp\/v2\/product"}],"about":[{"href":"https:\/\/versano.nl\/fr\/wp-json\/wp\/v2\/types\/product"}],"replies":[{"embeddable":true,"href":"https:\/\/versano.nl\/fr\/wp-json\/wp\/v2\/comments?post=4778"}],"wp:featuredmedia":[{"embeddable":true,"href":"https:\/\/versano.nl\/fr\/wp-json\/wp\/v2\/media\/33556"}],"wp:attachment":[{"href":"https:\/\/versano.nl\/fr\/wp-json\/wp\/v2\/media?parent=4778"}],"wp:term":[{"taxonomy":"product_brand","embeddable":true,"href":"https:\/\/versano.nl\/fr\/wp-json\/wp\/v2\/product_brand?post=4778"},{"taxonomy":"product_cat","embeddable":true,"href":"https:\/\/versano.nl\/fr\/wp-json\/wp\/v2\/product_cat?post=4778"},{"taxonomy":"product_tag","embeddable":true,"href":"https:\/\/versano.nl\/fr\/wp-json\/wp\/v2\/product_tag?post=4778"}],"curies":[{"name":"wp","href":"https:\/\/api.w.org\/{rel}","templated":true}]}}