{"id":4753,"date":"2016-06-26T00:18:21","date_gmt":"2016-06-26T00:18:21","guid":{"rendered":"http:\/\/leathershopdoci.nl\/?post_type=product&#038;p=10709"},"modified":"2025-12-22T13:03:46","modified_gmt":"2025-12-22T13:03:46","slug":"leren-heren-jas-blauw-biker-model-versano-tr-36-b","status":"publish","type":"product","link":"https:\/\/versano.nl\/fr\/shop\/leren-heren-jas-blauw-biker-model-versano-tr-36-b\/","title":{"rendered":"Blouson biker cuir homme bleu TR36 B Versano"},"content":{"rendered":"<h2>Blouson biker cuir homme bleu TR36 B Versano<\/h2>\n<p style=\"margin: 0cm 0cm 16.5pt 0cm\"><span style=\"font-size: 10.5pt;font-family: 'Arial',sans-serif;color: #282828\">Le Blouson biker en cuir homme bleu TR36 B Versano est l&#039;un des mod\u00e8les les plus populaires de Versano. C&#039;est une belle veste qui est largement achet\u00e9e par nos clients. Un mod\u00e8le sp\u00e9cial motard de cette veste a \u00e9t\u00e9 con\u00e7u par les talentueux designers de Versano. En d&#039;autres termes, le blouson biker homme cognac de Versano est un blouson que vous prendrez sans doute plaisir \u00e0 porter. Le mod\u00e8le de motard est juste un peu plus r\u00e9sistant que l&#039;autre version \u00e9l\u00e9gante. Il n&#039;est pas n\u00e9cessaire d&#039;\u00eatre motard pour porter cette veste. Il fera tout aussi bien l&#039;affaire lorsque vous sortirez le soir ou que vous vous rendrez \u00e0 une occasion sp\u00e9ciale. C&#039;est une veste en cuir que vous pouvez porter en toutes saisons de l&#039;ann\u00e9e.<\/span><\/p>\n<h2>Commander le mod\u00e8le de motard en TR36 B en bleu<\/h2>\n<p style=\"margin: 0cm 0cm 16.5pt 0cm\"><span style=\"font-size: 10.5pt;font-family: 'Arial',sans-serif;color: #282828\">Si vous commandez cette veste chez nous, vous recevrez une veste qui restera belle toute une vie. Il s&#039;agit d&#039;une belle veste ajust\u00e9e qui est compl\u00e8tement de style italien. En d&#039;autres termes, avec une veste de motard pour homme Cognac, vous n&#039;avez pas \u00e0 vous soucier d&#039;avoir l&#039;air verni. La veste est \u00e9quip\u00e9e de deux poches lat\u00e9rales profondes avec fermetures \u00e9clair, ainsi que de deux poches plus petites sur la poitrine. Ceux-ci peuvent \u00e9galement \u00eatre ferm\u00e9s avec une fermeture \u00e0 glissi\u00e8re robuste. Vous pouvez facilement commander ce mod\u00e8le sur notre site en bleu ou en d&#039;autres coloris vari\u00e9s comme le cognac, le noir et le marron. Nous vous recommandons donc de simplement jeter un \u0153il \u00e0 la couleur qui, selon vous, convient le mieux \u00e0 votre propre style. Vous avez des questions ou vous ne savez pas quelle taille commander ? Ensuite, vous pouvez toujours nous contacter par mail ou WhatsApp. Nos employ\u00e9s aimeraient vous aider!<\/span><\/p>\n<p style=\"margin: 0cm\"><span style=\"font-size: 10.5pt;font-family: 'Arial',sans-serif;color: #282828\"><a href=\"https:\/\/versano.nl\/\">Versano<\/a><br \/>\nMati\u00e8re: 100% cuir d&#039;agneau<br \/>\nDoublure: 100% polyester<br \/>\nlongueur : moyen-court<br \/>\nCoupe : coupe ajust\u00e9e<br \/>\nFermeture: fermeture \u00e9clair<br \/>\nPoches: poches avec zip<br \/>\nCol: col montant<br \/>\nMat\u00e9riau couche ext\u00e9rieure: Tr\u00e8s haute qualit\u00e9 et doux en peau d&#039;agneau<br \/>\nD\u00e9lai de livraison: 2-3 jours ouvrables<\/span><\/p>","protected":false},"excerpt":{"rendered":"<p>CHOISISSEZ UNE AUTRE COULEUR ICI<\/p>\n<p><a href=\"https:\/\/versano.nl\/shop\/leren-heren-jas-bruin-biker-model-versano-tr-36-b\/\"><img loading=\"lazy\" decoding=\"async\" class=\"alignnone size-full wp-image-19904\" src=\"https:\/\/versano.nl\/wp-content\/uploads\/sites\/2\/2017\/03\/leren-jassen-heren-bruin-biker-model-TR36B-versano-thumb.jpg\" alt=\"\" width=\"57\" height=\"75\" \/><\/a><a href=\"https:\/\/versano.nl\/shop\/leren-heren-jas-cognac-biker-model-versano-tr-36-b\/\"><img loading=\"lazy\" decoding=\"async\" class=\"alignnone size-full wp-image-19905\" src=\"https:\/\/versano.nl\/wp-content\/uploads\/sites\/2\/2017\/03\/leren-jassen-heren-cognac-biker-model-TR36B-thumb.jpg\" alt=\"\" width=\"57\" height=\"75\" \/><\/a><a href=\"https:\/\/versano.nl\/shop\/heren-bikerjack-zwart-lamsleder-versano-tr-36-b\/\"><img loading=\"lazy\" decoding=\"async\" class=\"alignnone size-full wp-image-19906\" src=\"https:\/\/versano.nl\/wp-content\/uploads\/sites\/2\/2017\/03\/leren-jassen-heren-zwart-biker-model-TR36B-thumb.jpg\" alt=\"\" width=\"57\" height=\"75\" \/><\/a><\/p>\n<p style=\"margin: 0cm 0cm 11.25pt 0cm\"><span style=\"font-size: 10.5pt;font-family: 'Arial',sans-serif;color: red\">Conseils d&#039;ajustement:\u00a0<\/span><span style=\"font-size: 10.5pt;font-family: 'Arial',sans-serif;color: #5d5d5d\">La coupe de cette veste est ajust\u00e9e. Notre mannequin mesure 1,75 cm et porte une taille M.<\/span><\/p>\n<p style=\"margin: 0cm 0cm 11.25pt 0cm\"><span style=\"font-size: 10.5pt;font-family: 'Arial',sans-serif;color: #5d5d5d\">Si vous n&#039;\u00eates pas s\u00fbr de vos mesures, nous vous recommandons de commencer par mesurer vos mesures de taille et de les comparer avec notre tableau des tailles. Si vous n&#039;avez aucune exp\u00e9rience dans la mesure des tailles de circonf\u00e9rence, cliquez sur\u00a0<a href=\"https:\/\/www.youtube.com\/watch?v=3ZSfY87v6pM\"><em><span style=\"font-family: 'Arial',sans-serif;text-decoration: none\">ICI<\/span><\/em><span style=\"text-decoration: none\">\u00a0<\/span><\/a>\u00a0\u00e0\u00a0<a href=\"https:\/\/www.youtube.com\/watch?v=3ZSfY87v6pM\"><em><span style=\"font-family: 'Arial',sans-serif;color: red;text-decoration: none\">VIDEO<\/span><\/em><\/a>\u00a0 avec des instructions. Vous pouvez \u00e9galement nous appeler ou nous appliquer directement! Nos employ\u00e9s sont toujours disponibles pour vous aider.<\/span><\/p>\n<p style=\"margin: 0cm\"><strong><span style=\"font-size: 10.5pt;font-family: 'Arial',sans-serif;color: #5d5d5d\">HEURE DE LIVRAISON :<\/span><\/strong><span style=\"font-size: 10.5pt;font-family: 'Arial',sans-serif;color: #5d5d5d\">\u00a02 \u00e0 3 jours ouvr\u00e9s.<\/span><\/p>","protected":false},"featured_media":33552,"comment_status":"open","ping_status":"closed","template":"","meta":[],"product_brand":[],"product_cat":[1672,1670,147,874,907,912,1671,908,1669,913,910,882],"product_tag":[609,610,611,1710,612,574,576,613,614,1691,615,616,735,1692,580,590,1698,413,736,1697,1711],"class_list":{"0":"post-4753","1":"product","2":"type-product","3":"status-publish","4":"has-post-thumbnail","6":"product_cat-biker-jas-heren","7":"product_cat-heren-leren-jas","8":"product_cat-heren-leren-jassen","9":"product_cat-kort-leren-jasje","10":"product_cat-kort-leren-jasje-heren","11":"product_cat-leren-bikerjacks-heren","12":"product_cat-leren-heren-jas","13":"product_cat-leren-heren-jassen","14":"product_cat-leren-jas-heren","15":"product_cat-leren-jassen-heren-uitverkoop","16":"product_cat-leren-jassen-heren","17":"product_cat-versano","18":"product_tag-biker-jas-blauw","19":"product_tag-bikerjas-blauw","20":"product_tag-blauw-leren-jas","21":"product_tag-blauwe-biker-jas-heren","22":"product_tag-blauwe-leren-heren-bikerjas","23":"product_tag-blauwe-leren-heren-jas","24":"product_tag-blauwe-leren-jas-heren","25":"product_tag-blauwe-leren-versano-jas","26":"product_tag-blauwe-versano-jas","27":"product_tag-echt-leer-heren-jas","28":"product_tag-heren-bikerjas-blauw","29":"product_tag-heren-jas-leer-blauw","30":"product_tag-heren-motorlook-jas-blauw","31":"product_tag-lamsleer-heren-jas","32":"product_tag-lederen-heren-jas-blauw","33":"product_tag-leren-heren-jas-blauw","34":"product_tag-leren-heren-jas-sale","35":"product_tag-leren-jas-blauw","36":"product_tag-motor-look-heren-jas-blauw","37":"product_tag-uitverkoop-heren-leren-jas","38":"product_tag-versano-bikerjassen","39":"tm-no-options","41":"first","42":"instock","43":"sale","44":"taxable","45":"shipping-taxable","46":"purchasable","47":"product-type-variable","48":"has-default-attributes"},"yoast_head":"<!-- This site is optimized with the Yoast SEO plugin v27.2 - https:\/\/yoast.com\/product\/yoast-seo-wordpress\/ -->\n<title>Leren biker jas heren blauw TR36 B Versano, blauwe leren heren jas<\/title>\n<meta name=\"description\" content=\"Bent u op zoek naar een leren Biker jas heren blauw TR36 B Versano? Bij Versano zit u goed, want hier treft u een ruime keuze jassen aan.\" \/>\n<meta name=\"robots\" content=\"index, follow, max-snippet:-1, max-image-preview:large, max-video-preview:-1\" \/>\n<link rel=\"canonical\" href=\"https:\/\/versano.nl\/fr\/shop\/leren-heren-jas-blauw-biker-model-versano-tr-36-b\/\" \/>\n<meta property=\"og:locale\" content=\"fr_FR\" \/>\n<meta property=\"og:type\" content=\"article\" \/>\n<meta property=\"og:title\" content=\"Leren biker jas heren blauw TR36 B Versano, blauwe leren heren jas\" \/>\n<meta property=\"og:description\" content=\"Bent u op zoek naar een leren Biker jas heren blauw TR36 B Versano? Bij Versano zit u goed, want hier treft u een ruime keuze jassen aan.\" \/>\n<meta property=\"og:url\" content=\"https:\/\/versano.nl\/fr\/shop\/leren-heren-jas-blauw-biker-model-versano-tr-36-b\/\" \/>\n<meta property=\"og:site_name\" content=\"Versano\" \/>\n<meta property=\"article:modified_time\" content=\"2025-12-22T13:03:46+00:00\" \/>\n<meta property=\"og:image\" content=\"https:\/\/versano.nl\/wp-content\/uploads\/2016\/06\/IMG_0326.jpg\" \/>\n\t<meta property=\"og:image:width\" content=\"600\" \/>\n\t<meta property=\"og:image:height\" content=\"800\" \/>\n\t<meta property=\"og:image:type\" content=\"image\/jpeg\" \/>\n<meta name=\"twitter:card\" content=\"summary_large_image\" \/>\n<meta name=\"twitter:label1\" content=\"Dur\u00e9e de lecture estim\u00e9e\" \/>\n\t<meta name=\"twitter:data1\" content=\"2 minutes\" \/>\n<script type=\"application\/ld+json\" class=\"yoast-schema-graph\">{\"@context\":\"https:\/\/schema.org\",\"@graph\":[{\"@type\":\"WebPage\",\"@id\":\"https:\/\/versano.nl\/shop\/leren-heren-jas-blauw-biker-model-versano-tr-36-b\/\",\"url\":\"https:\/\/versano.nl\/shop\/leren-heren-jas-blauw-biker-model-versano-tr-36-b\/\",\"name\":\"Leren biker jas heren blauw TR36 B Versano, blauwe leren heren jas\",\"isPartOf\":{\"@id\":\"https:\/\/versano.nl\/#website\"},\"primaryImageOfPage\":{\"@id\":\"https:\/\/versano.nl\/shop\/leren-heren-jas-blauw-biker-model-versano-tr-36-b\/#primaryimage\"},\"image\":{\"@id\":\"https:\/\/versano.nl\/shop\/leren-heren-jas-blauw-biker-model-versano-tr-36-b\/#primaryimage\"},\"thumbnailUrl\":\"https:\/\/versano.nl\/wp-content\/uploads\/2016\/06\/IMG_0326.jpg\",\"datePublished\":\"2016-06-26T00:18:21+00:00\",\"dateModified\":\"2025-12-22T13:03:46+00:00\",\"description\":\"Bent u op zoek naar een leren Biker jas heren blauw TR36 B Versano? Bij Versano zit u goed, want hier treft u een ruime keuze jassen aan.\",\"breadcrumb\":{\"@id\":\"https:\/\/versano.nl\/shop\/leren-heren-jas-blauw-biker-model-versano-tr-36-b\/#breadcrumb\"},\"inLanguage\":\"fr-FR\",\"potentialAction\":[{\"@type\":\"ReadAction\",\"target\":[\"https:\/\/versano.nl\/shop\/leren-heren-jas-blauw-biker-model-versano-tr-36-b\/\"]}]},{\"@type\":\"ImageObject\",\"inLanguage\":\"fr-FR\",\"@id\":\"https:\/\/versano.nl\/shop\/leren-heren-jas-blauw-biker-model-versano-tr-36-b\/#primaryimage\",\"url\":\"https:\/\/versano.nl\/wp-content\/uploads\/2016\/06\/IMG_0326.jpg\",\"contentUrl\":\"https:\/\/versano.nl\/wp-content\/uploads\/2016\/06\/IMG_0326.jpg\",\"width\":600,\"height\":800},{\"@type\":\"BreadcrumbList\",\"@id\":\"https:\/\/versano.nl\/shop\/leren-heren-jas-blauw-biker-model-versano-tr-36-b\/#breadcrumb\",\"itemListElement\":[{\"@type\":\"ListItem\",\"position\":1,\"name\":\"Home\",\"item\":\"https:\/\/versano.nl\/\"},{\"@type\":\"ListItem\",\"position\":2,\"name\":\"Shop\",\"item\":\"https:\/\/versano.nl\/shop\/\"},{\"@type\":\"ListItem\",\"position\":3,\"name\":\"Leren biker jas heren blauw TR36 B Versano\"}]},{\"@type\":\"WebSite\",\"@id\":\"https:\/\/versano.nl\/#website\",\"url\":\"https:\/\/versano.nl\/\",\"name\":\"Versano\",\"description\":\"winterjassen met bontkraag | leren dames jassen | leren heren jassen\",\"potentialAction\":[{\"@type\":\"SearchAction\",\"target\":{\"@type\":\"EntryPoint\",\"urlTemplate\":\"https:\/\/versano.nl\/?s={search_term_string}\"},\"query-input\":{\"@type\":\"PropertyValueSpecification\",\"valueRequired\":true,\"valueName\":\"search_term_string\"}}],\"inLanguage\":\"fr-FR\"}]}<\/script>\n<!-- \/ Yoast SEO plugin. -->","yoast_head_json":{"title":"Blouson biker cuir homme bleu TR36 B Versano, blouson homme cuir bleu","description":"Vous \u00eates \u00e0 la recherche d&#039;un Blouson en cuir Biker homme bleu TR36 B Versano ? Versano est le bon endroit pour vous, car vous trouverez ici un large choix de vestes.","robots":{"index":"index","follow":"follow","max-snippet":"max-snippet:-1","max-image-preview":"max-image-preview:large","max-video-preview":"max-video-preview:-1"},"canonical":"https:\/\/versano.nl\/fr\/shop\/leren-heren-jas-blauw-biker-model-versano-tr-36-b\/","og_locale":"fr_FR","og_type":"article","og_title":"Leren biker jas heren blauw TR36 B Versano, blauwe leren heren jas","og_description":"Bent u op zoek naar een leren Biker jas heren blauw TR36 B Versano? Bij Versano zit u goed, want hier treft u een ruime keuze jassen aan.","og_url":"https:\/\/versano.nl\/fr\/shop\/leren-heren-jas-blauw-biker-model-versano-tr-36-b\/","og_site_name":"Versano","article_modified_time":"2025-12-22T13:03:46+00:00","og_image":[{"width":600,"height":800,"url":"https:\/\/versano.nl\/wp-content\/uploads\/2016\/06\/IMG_0326.jpg","type":"image\/jpeg"}],"twitter_card":"summary_large_image","twitter_misc":{"Dur\u00e9e de lecture estim\u00e9e":"2 minutes"},"schema":{"@context":"https:\/\/schema.org","@graph":[{"@type":"WebPage","@id":"https:\/\/versano.nl\/shop\/leren-heren-jas-blauw-biker-model-versano-tr-36-b\/","url":"https:\/\/versano.nl\/shop\/leren-heren-jas-blauw-biker-model-versano-tr-36-b\/","name":"Blouson biker cuir homme bleu TR36 B Versano, blouson homme cuir bleu","isPartOf":{"@id":"https:\/\/versano.nl\/#website"},"primaryImageOfPage":{"@id":"https:\/\/versano.nl\/shop\/leren-heren-jas-blauw-biker-model-versano-tr-36-b\/#primaryimage"},"image":{"@id":"https:\/\/versano.nl\/shop\/leren-heren-jas-blauw-biker-model-versano-tr-36-b\/#primaryimage"},"thumbnailUrl":"https:\/\/versano.nl\/wp-content\/uploads\/2016\/06\/IMG_0326.jpg","datePublished":"2016-06-26T00:18:21+00:00","dateModified":"2025-12-22T13:03:46+00:00","description":"Vous \u00eates \u00e0 la recherche d&#039;un Blouson en cuir Biker homme bleu TR36 B Versano ? Versano est le bon endroit pour vous, car vous trouverez ici un large choix de vestes.","breadcrumb":{"@id":"https:\/\/versano.nl\/shop\/leren-heren-jas-blauw-biker-model-versano-tr-36-b\/#breadcrumb"},"inLanguage":"fr-FR","potentialAction":[{"@type":"ReadAction","target":["https:\/\/versano.nl\/shop\/leren-heren-jas-blauw-biker-model-versano-tr-36-b\/"]}]},{"@type":"ImageObject","inLanguage":"fr-FR","@id":"https:\/\/versano.nl\/shop\/leren-heren-jas-blauw-biker-model-versano-tr-36-b\/#primaryimage","url":"https:\/\/versano.nl\/wp-content\/uploads\/2016\/06\/IMG_0326.jpg","contentUrl":"https:\/\/versano.nl\/wp-content\/uploads\/2016\/06\/IMG_0326.jpg","width":600,"height":800},{"@type":"BreadcrumbList","@id":"https:\/\/versano.nl\/shop\/leren-heren-jas-blauw-biker-model-versano-tr-36-b\/#breadcrumb","itemListElement":[{"@type":"ListItem","position":1,"name":"Home","item":"https:\/\/versano.nl\/"},{"@type":"ListItem","position":2,"name":"Shop","item":"https:\/\/versano.nl\/shop\/"},{"@type":"ListItem","position":3,"name":"Leren biker jas heren blauw TR36 B Versano"}]},{"@type":"WebSite","@id":"https:\/\/versano.nl\/#website","url":"https:\/\/versano.nl\/","name":"Versano","description":"manteaux d&#039;hiver avec col en fourrure | vestes femme en cuir | vestes en cuir pour hommes","potentialAction":[{"@type":"SearchAction","target":{"@type":"EntryPoint","urlTemplate":"https:\/\/versano.nl\/?s={search_term_string}"},"query-input":{"@type":"PropertyValueSpecification","valueRequired":true,"valueName":"search_term_string"}}],"inLanguage":"fr-FR"}]}},"_links":{"self":[{"href":"https:\/\/versano.nl\/fr\/wp-json\/wp\/v2\/product\/4753","targetHints":{"allow":["GET"]}}],"collection":[{"href":"https:\/\/versano.nl\/fr\/wp-json\/wp\/v2\/product"}],"about":[{"href":"https:\/\/versano.nl\/fr\/wp-json\/wp\/v2\/types\/product"}],"replies":[{"embeddable":true,"href":"https:\/\/versano.nl\/fr\/wp-json\/wp\/v2\/comments?post=4753"}],"wp:featuredmedia":[{"embeddable":true,"href":"https:\/\/versano.nl\/fr\/wp-json\/wp\/v2\/media\/33552"}],"wp:attachment":[{"href":"https:\/\/versano.nl\/fr\/wp-json\/wp\/v2\/media?parent=4753"}],"wp:term":[{"taxonomy":"product_brand","embeddable":true,"href":"https:\/\/versano.nl\/fr\/wp-json\/wp\/v2\/product_brand?post=4753"},{"taxonomy":"product_cat","embeddable":true,"href":"https:\/\/versano.nl\/fr\/wp-json\/wp\/v2\/product_cat?post=4753"},{"taxonomy":"product_tag","embeddable":true,"href":"https:\/\/versano.nl\/fr\/wp-json\/wp\/v2\/product_tag?post=4753"}],"curies":[{"name":"wp","href":"https:\/\/api.w.org\/{rel}","templated":true}]}}