{"id":3525,"date":"2015-03-22T15:49:10","date_gmt":"2015-03-22T15:49:10","guid":{"rendered":"http:\/\/leathershopdoci.nl\/shop\/immitatieleren-jas-heren-versano-trr-502-zwart\/"},"modified":"2025-05-09T10:36:50","modified_gmt":"2025-05-09T10:36:50","slug":"imitatieleren-jas-heren-versano-trr-502-zwart","status":"publish","type":"product","link":"https:\/\/versano.nl\/fr\/shop\/imitatieleren-jas-heren-versano-trr-502-zwart\/","title":{"rendered":"Blouson aviateur en similicuir homme noir TRR 502 Versano"},"content":{"rendered":"<h2>Blouson aviateur en similicuir homme noir TRR 502 Versano<\/h2>\n<p>Les blousons aviateur ont toujours fait partie de la sc\u00e8ne de la mode, mais ces derniers temps, vous voyez de plus en plus ces blousons de pilote pour hommes. Avec le Blouson aviateur en similicuir homme noir TRR 502 Versano, vous obtenez un joli blouson basique que vous pourrez porter en toutes saisons. Ce mod\u00e8le robuste est enti\u00e8rement r\u00e9alis\u00e9 en simili cuir souple et arbore l&#039;allure typiquement biker sur les \u00e9paules. Cette veste va comme un gant gr\u00e2ce \u00e0 sa coupe parfaite. La veste est \u00e9quip\u00e9e de 2 poches zipp\u00e9es, et de bord-c\u00f4te sur les manches, le col montant et la taille. Avec cette veste, vous pouvez \u00eatre s\u00fbr que vous aurez bient\u00f4t une nouvelle veste accroch\u00e9e \u00e0 vos \u00e9paules dans laquelle vous pourrez \u00eatre vu. Nous vous recommandons donc de commander simplement cette veste chez nous et de vous assurer que vous avez achet\u00e9 une belle nouvelle veste. Voulez-vous en savoir plus sur ce produit? Ensuite, nous vous recommandons d&#039;envoyer simplement un e-mail \u00e0 Versano.<\/p>\n<h2>Commandez le mod\u00e8le TRR 502 en noir<\/h2>\n<p>Avec une si belle veste Versano, vous pouvez \u00eatre s\u00fbr que vous pourrez la porter tout l&#039;hiver. Vous pouvez facilement commander ce mod\u00e8le dans la boutique en ligne Versano. Nous avons rassembl\u00e9 ici toutes nos vestes pour que vous puissiez facilement passer une commande. Chez Versano, vous pouvez toujours \u00eatre s\u00fbr que vous achetez un beau manteau qui a \u00e9t\u00e9 travaill\u00e9 avec soin. Avec nous, vous pouvez facilement choisir la bonne taille en fonction de nos vid\u00e9os d&#039;instructions intelligentes. Vous avez des questions ou vous ne savez pas quelle taille commander ? Ensuite, vous pouvez toujours nous contacter par mail ou WhatsApp. Nos employ\u00e9s aimeraient vous aider!<\/p>\n<p><a href=\"https:\/\/versano.nl\/\">Versano<\/a><br \/>\nMati\u00e8re: 100% PU<br \/>\nDoublure: 100% polyester<br \/>\nLongueur: court<br \/>\nCoupe : coupe ajust\u00e9e<br \/>\nFermeture: fermeture \u00e9clair<br \/>\nPoches: poches avec zip<br \/>\nCol: col montant<br \/>\nMat\u00e9riau couche ext\u00e9rieure: Tr\u00e8s haute qualit\u00e9 et simili-cuir souple<br \/>\nD\u00e9lai de livraison: 2-3 jours ouvrables<\/p>","protected":false},"excerpt":{"rendered":"<p style=\"margin: 0cm 0cm 11.25pt 0cm;\"><span style=\"font-family: 'Arial',sans-serif; color: red;\">Conseils d&#039;ajustement:\u00a0<\/span><span style=\"font-family: 'Arial',sans-serif;\">La coupe de cette veste est ajust\u00e9e. Notre mannequin mesure 1,75 cm et porte une taille M.<\/span><\/p>\n<p style=\"margin: 0cm 0cm 11.25pt 0cm;\"><span style=\"font-family: 'Arial',sans-serif;\">Si vous n&#039;\u00eates pas s\u00fbr de vos mesures, nous vous recommandons de commencer par mesurer vos mesures de taille et de les comparer avec notre tableau des tailles. Si vous n&#039;avez aucune exp\u00e9rience dans la mesure des tailles de circonf\u00e9rence, cliquez sur\u00a0<\/span><a href=\"https:\/\/www.youtube.com\/watch?v=3ZSfY87v6pM\"><em><span style=\"font-family: 'Arial',sans-serif; color: windowtext; text-decoration: none; text-underline: none;\">ICI<\/span><\/em><span style=\"font-family: 'Arial',sans-serif; color: windowtext; text-decoration: none; text-underline: none;\">\u00a0<\/span><\/a><span style=\"font-family: 'Arial',sans-serif;\">\u00a0\u00e0\u00a0<\/span><a href=\"https:\/\/www.youtube.com\/watch?v=3ZSfY87v6pM\"><em><span style=\"font-family: 'Arial',sans-serif; color: red; text-decoration: none; text-underline: none;\">VIDEO<\/span><\/em><\/a><span style=\"font-family: 'Arial',sans-serif;\">\u00a0 avec des instructions. Vous pouvez \u00e9galement nous appeler ou nous appliquer directement! Nos employ\u00e9s sont toujours disponibles pour vous aider.<\/span><\/p>\n<p style=\"margin: 0cm;\"><strong><span style=\"font-family: 'Arial',sans-serif;\">HEURE DE LIVRAISON :<\/span><\/strong><span style=\"font-family: 'Arial',sans-serif;\">\u00a02 \u00e0 3 jours ouvr\u00e9s.<\/span><\/p>","protected":false},"featured_media":21022,"comment_status":"closed","ping_status":"closed","template":"","meta":[],"product_brand":[],"product_cat":[734,923,15,16,732,882],"product_tag":[61,1996,1687,1994,507,62,1998,64,67,1997,68,1970,74,70,1837,1774,1995],"class_list":{"0":"post-3525","1":"product","2":"type-product","3":"status-publish","4":"has-post-thumbnail","6":"product_cat-heren-leatherlook-jassen-lederlook-jassen","7":"product_cat-imitatie-leren-jas","8":"product_cat-imitatieleren-jassen","9":"product_cat-imitatieleren-jassen-heren","10":"product_cat-leatherlook-jassen","11":"product_cat-versano","12":"product_tag-bikerjack","13":"product_tag-bomber-jas-zwart-heren","14":"product_tag-bomberjas-heren","15":"product_tag-heren-imitatie-leren-jas-kopen","16":"product_tag-heren-imitatieleer-zwart","17":"product_tag-heren-jas","18":"product_tag-imitatie-leren-bomer-jas-heren","19":"product_tag-imitatieleer","20":"product_tag-kunstleer","21":"product_tag-kunstleren-jas-voor-heren","22":"product_tag-leatherlook-jas","23":"product_tag-online-imitatie-leren-jas-heren","24":"product_tag-rexion-leer","25":"product_tag-stoere-jack","26":"product_tag-uitverkoop-versano","27":"product_tag-zomerjas-heren","28":"product_tag-zwarte-zomerjas-voor-heren","29":"product_shipping_class-verzendkosten-1","30":"tm-no-options","32":"first","33":"instock","34":"taxable","35":"shipping-taxable","36":"purchasable","37":"product-type-variable"},"yoast_head":"<!-- This site is optimized with the Yoast SEO plugin v27.2 - https:\/\/yoast.com\/product\/yoast-seo-wordpress\/ -->\n<title>Imitatie leren bomber jas heren zwart TRR 502 Versano<\/title>\n<meta name=\"description\" content=\"Op zoek naar een Imitatie leren bomber jas heren zwart TRR 502 Versano? Dan bent u bij de bekende jassen merk Versano aan het juiste adres.\" \/>\n<meta name=\"robots\" content=\"index, follow, max-snippet:-1, max-image-preview:large, max-video-preview:-1\" \/>\n<link rel=\"canonical\" href=\"https:\/\/versano.nl\/fr\/shop\/imitatieleren-jas-heren-versano-trr-502-zwart\/\" \/>\n<meta property=\"og:locale\" content=\"fr_FR\" \/>\n<meta property=\"og:type\" content=\"article\" \/>\n<meta property=\"og:title\" content=\"Imitatie leren bomber jas heren zwart TRR 502 Versano\" \/>\n<meta property=\"og:description\" content=\"Op zoek naar een Imitatie leren bomber jas heren zwart TRR 502 Versano? Dan bent u bij de bekende jassen merk Versano aan het juiste adres.\" \/>\n<meta property=\"og:url\" content=\"https:\/\/versano.nl\/fr\/shop\/imitatieleren-jas-heren-versano-trr-502-zwart\/\" \/>\n<meta property=\"og:site_name\" content=\"Versano\" \/>\n<meta property=\"article:modified_time\" content=\"2025-05-09T10:36:50+00:00\" \/>\n<meta property=\"og:image\" content=\"https:\/\/versano.nl\/wp-content\/uploads\/2015\/03\/Leren-jas-heren-zwart-Versano-502-voor.jpg\" \/>\n\t<meta property=\"og:image:width\" content=\"750\" \/>\n\t<meta property=\"og:image:height\" content=\"979\" \/>\n\t<meta property=\"og:image:type\" content=\"image\/jpeg\" \/>\n<meta name=\"twitter:card\" content=\"summary_large_image\" \/>\n<meta name=\"twitter:label1\" content=\"Dur\u00e9e de lecture estim\u00e9e\" \/>\n\t<meta name=\"twitter:data1\" content=\"2 minutes\" \/>\n<script type=\"application\/ld+json\" class=\"yoast-schema-graph\">{\"@context\":\"https:\/\/schema.org\",\"@graph\":[{\"@type\":\"WebPage\",\"@id\":\"https:\/\/versano.nl\/shop\/imitatieleren-jas-heren-versano-trr-502-zwart\/\",\"url\":\"https:\/\/versano.nl\/shop\/imitatieleren-jas-heren-versano-trr-502-zwart\/\",\"name\":\"Imitatie leren bomber jas heren zwart TRR 502 Versano\",\"isPartOf\":{\"@id\":\"https:\/\/versano.nl\/#website\"},\"primaryImageOfPage\":{\"@id\":\"https:\/\/versano.nl\/shop\/imitatieleren-jas-heren-versano-trr-502-zwart\/#primaryimage\"},\"image\":{\"@id\":\"https:\/\/versano.nl\/shop\/imitatieleren-jas-heren-versano-trr-502-zwart\/#primaryimage\"},\"thumbnailUrl\":\"https:\/\/versano.nl\/wp-content\/uploads\/2015\/03\/Leren-jas-heren-zwart-Versano-502-voor.jpg\",\"datePublished\":\"2015-03-22T15:49:10+00:00\",\"dateModified\":\"2025-05-09T10:36:50+00:00\",\"description\":\"Op zoek naar een Imitatie leren bomber jas heren zwart TRR 502 Versano? Dan bent u bij de bekende jassen merk Versano aan het juiste adres.\",\"breadcrumb\":{\"@id\":\"https:\/\/versano.nl\/shop\/imitatieleren-jas-heren-versano-trr-502-zwart\/#breadcrumb\"},\"inLanguage\":\"fr-FR\",\"potentialAction\":[{\"@type\":\"ReadAction\",\"target\":[\"https:\/\/versano.nl\/shop\/imitatieleren-jas-heren-versano-trr-502-zwart\/\"]}]},{\"@type\":\"ImageObject\",\"inLanguage\":\"fr-FR\",\"@id\":\"https:\/\/versano.nl\/shop\/imitatieleren-jas-heren-versano-trr-502-zwart\/#primaryimage\",\"url\":\"https:\/\/versano.nl\/wp-content\/uploads\/2015\/03\/Leren-jas-heren-zwart-Versano-502-voor.jpg\",\"contentUrl\":\"https:\/\/versano.nl\/wp-content\/uploads\/2015\/03\/Leren-jas-heren-zwart-Versano-502-voor.jpg\",\"width\":750,\"height\":979,\"caption\":\"Leren-jas-heren-zwart-Versano-502\"},{\"@type\":\"BreadcrumbList\",\"@id\":\"https:\/\/versano.nl\/shop\/imitatieleren-jas-heren-versano-trr-502-zwart\/#breadcrumb\",\"itemListElement\":[{\"@type\":\"ListItem\",\"position\":1,\"name\":\"Home\",\"item\":\"https:\/\/versano.nl\/\"},{\"@type\":\"ListItem\",\"position\":2,\"name\":\"Shop\",\"item\":\"https:\/\/versano.nl\/shop\/\"},{\"@type\":\"ListItem\",\"position\":3,\"name\":\"Imitatie leren bomber jas heren zwart TRR 502 Versano\"}]},{\"@type\":\"WebSite\",\"@id\":\"https:\/\/versano.nl\/#website\",\"url\":\"https:\/\/versano.nl\/\",\"name\":\"Versano\",\"description\":\"winterjassen met bontkraag | leren dames jassen | leren heren jassen\",\"potentialAction\":[{\"@type\":\"SearchAction\",\"target\":{\"@type\":\"EntryPoint\",\"urlTemplate\":\"https:\/\/versano.nl\/?s={search_term_string}\"},\"query-input\":{\"@type\":\"PropertyValueSpecification\",\"valueRequired\":true,\"valueName\":\"search_term_string\"}}],\"inLanguage\":\"fr-FR\"}]}<\/script>\n<!-- \/ Yoast SEO plugin. -->","yoast_head_json":{"title":"Blouson aviateur en similicuir homme noir TRR 502 Versano","description":"A la recherche d&#039;un Blouson aviateur simili cuir homme noir TRR 502 Versano ? Alors vous \u00eates au bon endroit chez la c\u00e9l\u00e8bre marque de vestes Versano.","robots":{"index":"index","follow":"follow","max-snippet":"max-snippet:-1","max-image-preview":"max-image-preview:large","max-video-preview":"max-video-preview:-1"},"canonical":"https:\/\/versano.nl\/fr\/shop\/imitatieleren-jas-heren-versano-trr-502-zwart\/","og_locale":"fr_FR","og_type":"article","og_title":"Imitatie leren bomber jas heren zwart TRR 502 Versano","og_description":"Op zoek naar een Imitatie leren bomber jas heren zwart TRR 502 Versano? Dan bent u bij de bekende jassen merk Versano aan het juiste adres.","og_url":"https:\/\/versano.nl\/fr\/shop\/imitatieleren-jas-heren-versano-trr-502-zwart\/","og_site_name":"Versano","article_modified_time":"2025-05-09T10:36:50+00:00","og_image":[{"width":750,"height":979,"url":"https:\/\/versano.nl\/wp-content\/uploads\/2015\/03\/Leren-jas-heren-zwart-Versano-502-voor.jpg","type":"image\/jpeg"}],"twitter_card":"summary_large_image","twitter_misc":{"Dur\u00e9e de lecture estim\u00e9e":"2 minutes"},"schema":{"@context":"https:\/\/schema.org","@graph":[{"@type":"WebPage","@id":"https:\/\/versano.nl\/shop\/imitatieleren-jas-heren-versano-trr-502-zwart\/","url":"https:\/\/versano.nl\/shop\/imitatieleren-jas-heren-versano-trr-502-zwart\/","name":"Blouson aviateur en similicuir homme noir TRR 502 Versano","isPartOf":{"@id":"https:\/\/versano.nl\/#website"},"primaryImageOfPage":{"@id":"https:\/\/versano.nl\/shop\/imitatieleren-jas-heren-versano-trr-502-zwart\/#primaryimage"},"image":{"@id":"https:\/\/versano.nl\/shop\/imitatieleren-jas-heren-versano-trr-502-zwart\/#primaryimage"},"thumbnailUrl":"https:\/\/versano.nl\/wp-content\/uploads\/2015\/03\/Leren-jas-heren-zwart-Versano-502-voor.jpg","datePublished":"2015-03-22T15:49:10+00:00","dateModified":"2025-05-09T10:36:50+00:00","description":"A la recherche d&#039;un Blouson aviateur simili cuir homme noir TRR 502 Versano ? Alors vous \u00eates au bon endroit chez la c\u00e9l\u00e8bre marque de vestes Versano.","breadcrumb":{"@id":"https:\/\/versano.nl\/shop\/imitatieleren-jas-heren-versano-trr-502-zwart\/#breadcrumb"},"inLanguage":"fr-FR","potentialAction":[{"@type":"ReadAction","target":["https:\/\/versano.nl\/shop\/imitatieleren-jas-heren-versano-trr-502-zwart\/"]}]},{"@type":"ImageObject","inLanguage":"fr-FR","@id":"https:\/\/versano.nl\/shop\/imitatieleren-jas-heren-versano-trr-502-zwart\/#primaryimage","url":"https:\/\/versano.nl\/wp-content\/uploads\/2015\/03\/Leren-jas-heren-zwart-Versano-502-voor.jpg","contentUrl":"https:\/\/versano.nl\/wp-content\/uploads\/2015\/03\/Leren-jas-heren-zwart-Versano-502-voor.jpg","width":750,"height":979,"caption":"Leren-jas-heren-zwart-Versano-502"},{"@type":"BreadcrumbList","@id":"https:\/\/versano.nl\/shop\/imitatieleren-jas-heren-versano-trr-502-zwart\/#breadcrumb","itemListElement":[{"@type":"ListItem","position":1,"name":"Home","item":"https:\/\/versano.nl\/"},{"@type":"ListItem","position":2,"name":"Shop","item":"https:\/\/versano.nl\/shop\/"},{"@type":"ListItem","position":3,"name":"Imitatie leren bomber jas heren zwart TRR 502 Versano"}]},{"@type":"WebSite","@id":"https:\/\/versano.nl\/#website","url":"https:\/\/versano.nl\/","name":"Versano","description":"manteaux d&#039;hiver avec col en fourrure | vestes femme en cuir | vestes en cuir pour hommes","potentialAction":[{"@type":"SearchAction","target":{"@type":"EntryPoint","urlTemplate":"https:\/\/versano.nl\/?s={search_term_string}"},"query-input":{"@type":"PropertyValueSpecification","valueRequired":true,"valueName":"search_term_string"}}],"inLanguage":"fr-FR"}]}},"_links":{"self":[{"href":"https:\/\/versano.nl\/fr\/wp-json\/wp\/v2\/product\/3525","targetHints":{"allow":["GET"]}}],"collection":[{"href":"https:\/\/versano.nl\/fr\/wp-json\/wp\/v2\/product"}],"about":[{"href":"https:\/\/versano.nl\/fr\/wp-json\/wp\/v2\/types\/product"}],"replies":[{"embeddable":true,"href":"https:\/\/versano.nl\/fr\/wp-json\/wp\/v2\/comments?post=3525"}],"wp:featuredmedia":[{"embeddable":true,"href":"https:\/\/versano.nl\/fr\/wp-json\/wp\/v2\/media\/21022"}],"wp:attachment":[{"href":"https:\/\/versano.nl\/fr\/wp-json\/wp\/v2\/media?parent=3525"}],"wp:term":[{"taxonomy":"product_brand","embeddable":true,"href":"https:\/\/versano.nl\/fr\/wp-json\/wp\/v2\/product_brand?post=3525"},{"taxonomy":"product_cat","embeddable":true,"href":"https:\/\/versano.nl\/fr\/wp-json\/wp\/v2\/product_cat?post=3525"},{"taxonomy":"product_tag","embeddable":true,"href":"https:\/\/versano.nl\/fr\/wp-json\/wp\/v2\/product_tag?post=3525"}],"curies":[{"name":"wp","href":"https:\/\/api.w.org\/{rel}","templated":true}]}}