{"id":3378,"date":"2015-03-22T17:03:15","date_gmt":"2015-03-22T17:03:15","guid":{"rendered":"http:\/\/leathershopdoci.nl\/shop\/immitatieleren-jas-dames-versano-lr-315-zwart\/"},"modified":"2026-04-02T04:53:22","modified_gmt":"2026-04-02T04:53:22","slug":"imitatieleren-jas-dames-versano-lr-315-zwart","status":"publish","type":"product","link":"https:\/\/versano.nl\/fr\/shop\/imitatieleren-jas-dames-versano-lr-315-zwart\/","title":{"rendered":"Veste en cuir imitation dames 315 noir Versano"},"content":{"rendered":"<h2>Veste en cuir imitation dames 315 noir Versano<\/h2>\n<p>Pour les vestes en similicuir, vous \u00eates au bon endroit avec la c\u00e9l\u00e8bre marque de vestes Versano, car le similicuir de nos vestes est presque impossible \u00e0 distinguer des vestes en cuir. Ce blouson simili cuir dames 315 noir Versano est r\u00e9alis\u00e9 dans un tr\u00e8s joli simili cuir. Cette veste a une fermeture \u00e9clair droite avec 2 poches lat\u00e9rales et 2 poches zipp\u00e9es sur la poitrine. Bien entendu, la veste dispose \u00e9galement d&#039;une poche int\u00e9rieure.Le simili cuir est d&#039;une grande qualit\u00e9 avec un tr\u00e8s bon d\u00e9lavage. Cela lui donne un bel aspect vintage. Cette veste est bien s\u00fbr \u00e9galement disponible dans d&#039;autres couleurs diff\u00e9rentes en plus de la couleur noire \u00e9l\u00e9gante. C&#039;est encore l&#039;un des beaux mod\u00e8les de la collection de blousons en simili cuir, mais pour ceux qui ne suffisent pas, nous avons la version agneau de la 315 en sept coloris diff\u00e9rents. Vous pouvez facilement trouver la bonne taille sur notre site Web en utilisant le tableau des tailles et la vid\u00e9o pratique.<\/p>\n<h2>Commander le mod\u00e8le 315 en noir<\/h2>\n<p>Avec une si belle veste Versano, vous pouvez \u00eatre s\u00fbr que vous pourrez la porter tout l&#039;hiver. Vous pouvez facilement commander ce mod\u00e8le dans la boutique en ligne Versano. Nous avons rassembl\u00e9 ici toutes nos vestes pour que vous puissiez facilement passer une commande. Chez Versano, vous pouvez toujours \u00eatre s\u00fbr que vous achetez un beau manteau qui a \u00e9t\u00e9 travaill\u00e9 avec soin. Avec nous, vous pouvez facilement choisir la bonne taille en fonction de nos vid\u00e9os d&#039;instructions intelligentes. Vous avez des questions ou vous ne savez pas quelle taille commander ? Ensuite, vous pouvez toujours nous contacter par mail ou WhatsApp. Nos employ\u00e9s aimeraient vous aider!<\/p>\n<p>marque: <a href=\"https:\/\/versano.nl\/\" target=\"_blank\" rel=\"noopener noreferrer\">Versano<\/a><br \/>\nMat\u00e9riau: simili cuir 100%<br \/>\nDoublure: 100% polyester<br \/>\nLongueur: court<br \/>\nCoupe: ajust\u00e9e<br \/>\nFermeture: fermeture \u00e9clair<br \/>\nPoches: poches avec zip<br \/>\nCol: col montant<br \/>\nMat\u00e9riau couche ext\u00e9rieure: imitation cuir de tr\u00e8s haute qualit\u00e9 et souple<br \/>\nD\u00e9lai de livraison: 2-3 jours ouvrables<\/p>","protected":false},"excerpt":{"rendered":"<p>CHOISISSEZ UNE AUTRE COULEUR ICI<\/p>\n<p><a href=\"https:\/\/versano.nl\/shop\/imitatieleren-jas-dames-versano-lr-315-cognac\/\"><img loading=\"lazy\" decoding=\"async\" class=\"alignnone size-full wp-image-19827\" src=\"https:\/\/versano.nl\/wp-content\/uploads\/sites\/2\/2019\/01\/dames-leren-jassen-cognac-ronde-kraag-315-model2-thumb.jpg\" alt=\"\" width=\"57\" height=\"75\" \/><\/a><a href=\"https:\/\/versano.nl\/shop\/imitatieleren-jas-dames-versano-lr-315-blauw\/\"><img loading=\"lazy\" decoding=\"async\" class=\"alignnone size-full wp-image-19828\" src=\"https:\/\/versano.nl\/wp-content\/uploads\/sites\/2\/2019\/01\/leren-dames-jas-blauw-ronde-kraag-315-model4-thumb.jpg\" alt=\"\" width=\"57\" height=\"75\" \/><\/a><a href=\"https:\/\/versano.nl\/shop\/imitatie-leren-dames-jas-in-groen-versano-315\/\"><img loading=\"lazy\" decoding=\"async\" class=\"alignnone size-full wp-image-19829\" src=\"https:\/\/versano.nl\/wp-content\/uploads\/sites\/2\/2019\/01\/leren-dames-jas-groen-ronde-kraag-315-model4-thumb.jpg\" alt=\"\" width=\"57\" height=\"75\" \/><\/a><a href=\"https:\/\/versano.nl\/shop\/imitatieleren-dames-jas-bruin-versano-315\/\"><img loading=\"lazy\" decoding=\"async\" class=\"alignnone size-full wp-image-19830\" src=\"https:\/\/versano.nl\/wp-content\/uploads\/sites\/2\/2019\/01\/leren-dames-jassen-bruin-ronde-kraag-315-model3-thumb.jpg\" alt=\"\" width=\"57\" height=\"75\" \/><\/a><a href=\"https:\/\/versano.nl\/shop\/imitatieleren-jas-dames-versano-lr-315-rood\/\"><img loading=\"lazy\" decoding=\"async\" class=\"alignnone size-full wp-image-19833\" src=\"https:\/\/versano.nl\/wp-content\/uploads\/sites\/2\/2019\/01\/leren-jasje-rood-ronde-kraag-315-model2-thumb.jpg\" alt=\"\" width=\"57\" height=\"75\" \/><\/a><\/p>\n<p><span style=\"color: red;\">Conseils d&#039;ajustement:<\/span> La coupe de cette veste est bien ajust\u00e9e. Notre mannequin mesure 1,68 cm et porte une taille S.<\/p>\n<p>Si vous n&#039;\u00eates pas s\u00fbr de vos mesures, nous vous recommandons de commencer par mesurer vos mesures de taille et de les comparer avec notre tableau des tailles. Si vous n&#039;avez aucune exp\u00e9rience dans la mesure des tailles de circonf\u00e9rence, cliquez sur <a href=\"https:\/\/www.youtube.com\/watch?v=3ZSfY87v6pM\"><em><span style=\"text-decoration: none;\">ICI<\/span><\/em>\u00a0<\/a>\u00a0\u00e0 <a href=\"https:\/\/www.youtube.com\/watch?v=3ZSfY87v6pM\"><em><span style=\"color: red; text-decoration: none;\">VIDEO<\/span><\/em><\/a>\u00a0 avec des instructions. Vous pouvez \u00e9galement nous appeler ou nous appliquer directement! Nos employ\u00e9s sont toujours disponibles pour vous aider.<\/p>\n<p><strong><span style=\"color: black;\">HEURE DE LIVRAISON :<\/span><\/strong> 2 \u00e0 3 jours ouvr\u00e9s.<\/p>","protected":false},"featured_media":16604,"comment_status":"closed","ping_status":"closed","template":"","meta":[],"product_brand":[],"product_cat":[1840,733,923,15,124,732,882],"product_tag":[191,500,1845,501,502,503,64,504,418,1875,67,68,74,70,1897,1837,1709],"class_list":{"0":"post-3378","1":"product","2":"type-product","3":"status-publish","4":"has-post-thumbnail","6":"product_cat-dames-imitatie-leren-jas","7":"product_cat-dames-leatherlook-jassen-lederlook-jassen","8":"product_cat-imitatie-leren-jas","9":"product_cat-imitatieleren-jassen","10":"product_cat-imitatieleren-jassen-dames","11":"product_cat-leatherlook-jassen","12":"product_cat-versano","13":"product_tag-dames-jas","14":"product_tag-dames-jas-imitatieleer-zwart","15":"product_tag-dames-zomerjassen","16":"product_tag-imitatie-leren-dames-jas-zwart","17":"product_tag-imitatie-leren-dames-jassen-zwart","18":"product_tag-imitatie-leren-jas-zwart","19":"product_tag-imitatieleer","20":"product_tag-imitatieleer-dames-zwart","21":"product_tag-imitatieleren-dames-jas-zwart","22":"product_tag-jassen-in-sale-versano","23":"product_tag-kunstleer","24":"product_tag-leatherlook-jas","25":"product_tag-rexion-leer","26":"product_tag-stoere-jack","27":"product_tag-uitverkoop-jassen","28":"product_tag-uitverkoop-versano","29":"product_tag-versano-zomerjassen","30":"product_shipping_class-verzendkosten-1","31":"tm-no-options","33":"first","34":"instock","35":"sale","36":"taxable","37":"shipping-taxable","38":"purchasable","39":"product-type-variable"},"yoast_head":"<!-- This site is optimized with the Yoast SEO plugin v27.2 - https:\/\/yoast.com\/product\/yoast-seo-wordpress\/ -->\n<title>Imitatie leren jas dames 315 zwart Versano, Versano dames jassen<\/title>\n<meta name=\"description\" content=\"Op zoek naar een imitatie leren jas dames 315 zwart Versano? Dan bent u bij ons aan het juiste adres voor leren en imitatie leren jassen.\" \/>\n<meta name=\"robots\" content=\"index, follow, max-snippet:-1, max-image-preview:large, max-video-preview:-1\" \/>\n<link rel=\"canonical\" href=\"https:\/\/versano.nl\/fr\/shop\/imitatieleren-jas-dames-versano-lr-315-zwart\/\" \/>\n<meta property=\"og:locale\" content=\"fr_FR\" \/>\n<meta property=\"og:type\" content=\"article\" \/>\n<meta property=\"og:title\" content=\"Imitatie leren jas dames 315 zwart Versano, Versano dames jassen\" \/>\n<meta property=\"og:description\" content=\"Op zoek naar een imitatie leren jas dames 315 zwart Versano? Dan bent u bij ons aan het juiste adres voor leren en imitatie leren jassen.\" \/>\n<meta property=\"og:url\" content=\"https:\/\/versano.nl\/fr\/shop\/imitatieleren-jas-dames-versano-lr-315-zwart\/\" \/>\n<meta property=\"og:site_name\" content=\"Versano\" \/>\n<meta property=\"article:modified_time\" content=\"2026-04-02T04:53:22+00:00\" \/>\n<meta property=\"og:image\" content=\"https:\/\/versano.nl\/wp-content\/uploads\/2020\/07\/imitatie-leren-dames-jas-zwart-versano-315-voorkant.jpg\" \/>\n\t<meta property=\"og:image:width\" content=\"750\" \/>\n\t<meta property=\"og:image:height\" content=\"980\" \/>\n\t<meta property=\"og:image:type\" content=\"image\/jpeg\" \/>\n<meta name=\"twitter:card\" content=\"summary_large_image\" \/>\n<meta name=\"twitter:label1\" content=\"Dur\u00e9e de lecture estim\u00e9e\" \/>\n\t<meta name=\"twitter:data1\" content=\"2 minutes\" \/>\n<script type=\"application\/ld+json\" class=\"yoast-schema-graph\">{\"@context\":\"https:\/\/schema.org\",\"@graph\":[{\"@type\":\"WebPage\",\"@id\":\"https:\/\/versano.nl\/shop\/imitatieleren-jas-dames-versano-lr-315-zwart\/\",\"url\":\"https:\/\/versano.nl\/shop\/imitatieleren-jas-dames-versano-lr-315-zwart\/\",\"name\":\"Imitatie leren jas dames 315 zwart Versano, Versano dames jassen\",\"isPartOf\":{\"@id\":\"https:\/\/versano.nl\/#website\"},\"primaryImageOfPage\":{\"@id\":\"https:\/\/versano.nl\/shop\/imitatieleren-jas-dames-versano-lr-315-zwart\/#primaryimage\"},\"image\":{\"@id\":\"https:\/\/versano.nl\/shop\/imitatieleren-jas-dames-versano-lr-315-zwart\/#primaryimage\"},\"thumbnailUrl\":\"https:\/\/versano.nl\/wp-content\/uploads\/2020\/07\/imitatie-leren-dames-jas-zwart-versano-315-voorkant.jpg\",\"datePublished\":\"2015-03-22T17:03:15+00:00\",\"dateModified\":\"2026-04-02T04:53:22+00:00\",\"description\":\"Op zoek naar een imitatie leren jas dames 315 zwart Versano? Dan bent u bij ons aan het juiste adres voor leren en imitatie leren jassen.\",\"breadcrumb\":{\"@id\":\"https:\/\/versano.nl\/shop\/imitatieleren-jas-dames-versano-lr-315-zwart\/#breadcrumb\"},\"inLanguage\":\"fr-FR\",\"potentialAction\":[{\"@type\":\"ReadAction\",\"target\":[\"https:\/\/versano.nl\/shop\/imitatieleren-jas-dames-versano-lr-315-zwart\/\"]}]},{\"@type\":\"ImageObject\",\"inLanguage\":\"fr-FR\",\"@id\":\"https:\/\/versano.nl\/shop\/imitatieleren-jas-dames-versano-lr-315-zwart\/#primaryimage\",\"url\":\"https:\/\/versano.nl\/wp-content\/uploads\/2020\/07\/imitatie-leren-dames-jas-zwart-versano-315-voorkant.jpg\",\"contentUrl\":\"https:\/\/versano.nl\/wp-content\/uploads\/2020\/07\/imitatie-leren-dames-jas-zwart-versano-315-voorkant.jpg\",\"width\":750,\"height\":980,\"caption\":\"imitatie-leren-dames-jas-zwart-versano-315-voorkant\"},{\"@type\":\"BreadcrumbList\",\"@id\":\"https:\/\/versano.nl\/shop\/imitatieleren-jas-dames-versano-lr-315-zwart\/#breadcrumb\",\"itemListElement\":[{\"@type\":\"ListItem\",\"position\":1,\"name\":\"Home\",\"item\":\"https:\/\/versano.nl\/\"},{\"@type\":\"ListItem\",\"position\":2,\"name\":\"Shop\",\"item\":\"https:\/\/versano.nl\/shop\/\"},{\"@type\":\"ListItem\",\"position\":3,\"name\":\"Imitatie leren jas dames 315 zwart Versano\"}]},{\"@type\":\"WebSite\",\"@id\":\"https:\/\/versano.nl\/#website\",\"url\":\"https:\/\/versano.nl\/\",\"name\":\"Versano\",\"description\":\"winterjassen met bontkraag | leren dames jassen | leren heren jassen\",\"potentialAction\":[{\"@type\":\"SearchAction\",\"target\":{\"@type\":\"EntryPoint\",\"urlTemplate\":\"https:\/\/versano.nl\/?s={search_term_string}\"},\"query-input\":{\"@type\":\"PropertyValueSpecification\",\"valueRequired\":true,\"valueName\":\"search_term_string\"}}],\"inLanguage\":\"fr-FR\"}]}<\/script>\n<!-- \/ Yoast SEO plugin. -->","yoast_head_json":{"title":"Veste en similicuir dames 315 noir Versano, Vestes dames Versano","description":"A la recherche d&#039;un blouson imitation cuir femme 315 noir Versano ? Alors vous \u00eates au bon endroit pour les vestes en cuir et imitation cuir.","robots":{"index":"index","follow":"follow","max-snippet":"max-snippet:-1","max-image-preview":"max-image-preview:large","max-video-preview":"max-video-preview:-1"},"canonical":"https:\/\/versano.nl\/fr\/shop\/imitatieleren-jas-dames-versano-lr-315-zwart\/","og_locale":"fr_FR","og_type":"article","og_title":"Imitatie leren jas dames 315 zwart Versano, Versano dames jassen","og_description":"Op zoek naar een imitatie leren jas dames 315 zwart Versano? Dan bent u bij ons aan het juiste adres voor leren en imitatie leren jassen.","og_url":"https:\/\/versano.nl\/fr\/shop\/imitatieleren-jas-dames-versano-lr-315-zwart\/","og_site_name":"Versano","article_modified_time":"2026-04-02T04:53:22+00:00","og_image":[{"width":750,"height":980,"url":"https:\/\/versano.nl\/wp-content\/uploads\/2020\/07\/imitatie-leren-dames-jas-zwart-versano-315-voorkant.jpg","type":"image\/jpeg"}],"twitter_card":"summary_large_image","twitter_misc":{"Dur\u00e9e de lecture estim\u00e9e":"2 minutes"},"schema":{"@context":"https:\/\/schema.org","@graph":[{"@type":"WebPage","@id":"https:\/\/versano.nl\/shop\/imitatieleren-jas-dames-versano-lr-315-zwart\/","url":"https:\/\/versano.nl\/shop\/imitatieleren-jas-dames-versano-lr-315-zwart\/","name":"Veste en similicuir dames 315 noir Versano, Vestes dames Versano","isPartOf":{"@id":"https:\/\/versano.nl\/#website"},"primaryImageOfPage":{"@id":"https:\/\/versano.nl\/shop\/imitatieleren-jas-dames-versano-lr-315-zwart\/#primaryimage"},"image":{"@id":"https:\/\/versano.nl\/shop\/imitatieleren-jas-dames-versano-lr-315-zwart\/#primaryimage"},"thumbnailUrl":"https:\/\/versano.nl\/wp-content\/uploads\/2020\/07\/imitatie-leren-dames-jas-zwart-versano-315-voorkant.jpg","datePublished":"2015-03-22T17:03:15+00:00","dateModified":"2026-04-02T04:53:22+00:00","description":"A la recherche d&#039;un blouson imitation cuir femme 315 noir Versano ? Alors vous \u00eates au bon endroit pour les vestes en cuir et imitation cuir.","breadcrumb":{"@id":"https:\/\/versano.nl\/shop\/imitatieleren-jas-dames-versano-lr-315-zwart\/#breadcrumb"},"inLanguage":"fr-FR","potentialAction":[{"@type":"ReadAction","target":["https:\/\/versano.nl\/shop\/imitatieleren-jas-dames-versano-lr-315-zwart\/"]}]},{"@type":"ImageObject","inLanguage":"fr-FR","@id":"https:\/\/versano.nl\/shop\/imitatieleren-jas-dames-versano-lr-315-zwart\/#primaryimage","url":"https:\/\/versano.nl\/wp-content\/uploads\/2020\/07\/imitatie-leren-dames-jas-zwart-versano-315-voorkant.jpg","contentUrl":"https:\/\/versano.nl\/wp-content\/uploads\/2020\/07\/imitatie-leren-dames-jas-zwart-versano-315-voorkant.jpg","width":750,"height":980,"caption":"imitatie-leren-dames-jas-zwart-versano-315-voorkant"},{"@type":"BreadcrumbList","@id":"https:\/\/versano.nl\/shop\/imitatieleren-jas-dames-versano-lr-315-zwart\/#breadcrumb","itemListElement":[{"@type":"ListItem","position":1,"name":"Home","item":"https:\/\/versano.nl\/"},{"@type":"ListItem","position":2,"name":"Shop","item":"https:\/\/versano.nl\/shop\/"},{"@type":"ListItem","position":3,"name":"Imitatie leren jas dames 315 zwart Versano"}]},{"@type":"WebSite","@id":"https:\/\/versano.nl\/#website","url":"https:\/\/versano.nl\/","name":"Versano","description":"manteaux d&#039;hiver avec col en fourrure | vestes femme en cuir | vestes en cuir pour hommes","potentialAction":[{"@type":"SearchAction","target":{"@type":"EntryPoint","urlTemplate":"https:\/\/versano.nl\/?s={search_term_string}"},"query-input":{"@type":"PropertyValueSpecification","valueRequired":true,"valueName":"search_term_string"}}],"inLanguage":"fr-FR"}]}},"_links":{"self":[{"href":"https:\/\/versano.nl\/fr\/wp-json\/wp\/v2\/product\/3378","targetHints":{"allow":["GET"]}}],"collection":[{"href":"https:\/\/versano.nl\/fr\/wp-json\/wp\/v2\/product"}],"about":[{"href":"https:\/\/versano.nl\/fr\/wp-json\/wp\/v2\/types\/product"}],"replies":[{"embeddable":true,"href":"https:\/\/versano.nl\/fr\/wp-json\/wp\/v2\/comments?post=3378"}],"wp:featuredmedia":[{"embeddable":true,"href":"https:\/\/versano.nl\/fr\/wp-json\/wp\/v2\/media\/16604"}],"wp:attachment":[{"href":"https:\/\/versano.nl\/fr\/wp-json\/wp\/v2\/media?parent=3378"}],"wp:term":[{"taxonomy":"product_brand","embeddable":true,"href":"https:\/\/versano.nl\/fr\/wp-json\/wp\/v2\/product_brand?post=3378"},{"taxonomy":"product_cat","embeddable":true,"href":"https:\/\/versano.nl\/fr\/wp-json\/wp\/v2\/product_cat?post=3378"},{"taxonomy":"product_tag","embeddable":true,"href":"https:\/\/versano.nl\/fr\/wp-json\/wp\/v2\/product_tag?post=3378"}],"curies":[{"name":"wp","href":"https:\/\/api.w.org\/{rel}","templated":true}]}}