{"id":22423,"date":"2021-08-30T12:24:37","date_gmt":"2021-08-30T12:24:37","guid":{"rendered":"https:\/\/versano.nl\/shop\/dames-winterjas-met-bontkraag-shamila-groen-new-generation\/"},"modified":"2026-04-02T18:47:00","modified_gmt":"2026-04-02T18:47:00","slug":"dames-winterjas-met-bontkraag-shamila-groen-new-generation","status":"publish","type":"product","link":"https:\/\/versano.nl\/fr\/shop\/dames-winterjas-met-bontkraag-shamila-groen-new-generation\/","title":{"rendered":"Veste hiver femme Shamila nouvelle g\u00e9n\u00e9ration Versano vert"},"content":{"rendered":"<h2>Veste hiver femme Shamila nouvelle g\u00e9n\u00e9ration Versano vert<\/h2>\n<p>Vous cherchez une belle veste chaude pour femme avec un col en fourrure qui a aussi l&#039;air sympa et branch\u00e9 ? Alors jetez un \u0153il \u00e0 cette Veste d&#039;hiver femme Shamila nouvelle g\u00e9n\u00e9ration Versano verte. Cette veste n&#039;a pas seulement deux fermetures \u00e9clair, c&#039;est aussi une veste avec deux grandes poches lat\u00e9rales. Vous pouvez perdre vos mains l\u00e0-dedans quand il fait froid dehors. Cette veste est non seulement parfaitement con\u00e7ue, mais elle s&#039;adapte \u00e9galement tr\u00e8s bien. La veste est fabriqu\u00e9e avec les meilleurs mat\u00e9riaux et une m\u00e9thode sp\u00e9ciale qui la rend tr\u00e8s confortable sur votre corps en termes de mouvement et vous gardera \u00e9galement au chaud m\u00eame par temps extr\u00eamement froid. Cette veste a une double fermeture \u00e9clair et deux poches lat\u00e9rales. Vous pouvez perdre vos mains l\u00e0-dedans quand il fait froid dehors. Vous pouvez commander cette veste d&#039;hiver femme Shamila nouvelle g\u00e9n\u00e9ration Versano verte chez nous dans diff\u00e9rentes couleurs et le col en fourrure est facultatif. Pour le col, vous pouvez choisir entre un col en fourrure v\u00e9ritable ou un col en fausse fourrure qui ne se distingue pas de la vraie fourrure.<\/p>\n<h2>Un topjas de Versano<\/h2>\n<p>Avec une si belle veste Versano, vous pouvez \u00eatre s\u00fbr que vous pourrez la porter tout l&#039;hiver. Ce sont de belles vestes qui sont non seulement parfaitement con\u00e7ues, mais sont \u00e9galement fabriqu\u00e9es avec les meilleurs mat\u00e9riaux. Vous pouvez facilement commander la Veste d&#039;hiver femme Shamila nouvelle g\u00e9n\u00e9ration Versano verte via notre boutique en ligne Versano. Nous avons rassembl\u00e9 ici toutes nos vestes pour que vous puissiez facilement passer une commande. Chez Versano, vous pouvez toujours \u00eatre s\u00fbr que vous achetez un beau manteau qui a \u00e9t\u00e9 travaill\u00e9 avec soin.<\/p>\n<p>marque: <a title=\"Versano\" href=\"https:\/\/versano.nl\" target=\"_blank\" rel=\"noopener\">Versano<\/a><br \/>\nLongueur: court<br \/>\nCoupe: ajust\u00e9e<br \/>\nDoublure: 100% polyester<br \/>\n\u00e9paisseur Doublure: 200 grammes align\u00e9s \u00e9pais<br \/>\ndoublure: 100% polyester<br \/>\nCapuche: doubl\u00e9e, solide<br \/>\nLes plus: coutures renforc\u00e9es<br \/>\nFermeture: fermeture \u00e9clair<br \/>\nsacs zipp\u00e9e poches lat\u00e9rales, \u00e0 l&#039;int\u00e9rieur<br \/>\nFonction: imperm\u00e9able, coupe-vent<br \/>\nmat\u00e9riau couche ext\u00e9rieure: 100% polyester<br \/>\nAccessoires: col de fourrure (en option)<\/p>\n<p>D\u00e9lai de livraison: 2-3 jours<\/p>\n<p><strong>EN OPTION: REAL FUR BAGUE RATON ART DE RACCOON FOURRURE<\/strong><\/p>","protected":false},"excerpt":{"rendered":"<h4><strong>CHOISISSEZ UNE AUTRE COULEUR ICI<\/strong><\/h4>\n<p><span style=\"color: #ff0000;\"><strong><a href=\"https:\/\/versano.nl\/shop\/dames-winterjas-met-bontkraag-shamila-zwart-new-generation\/\"><img loading=\"lazy\" decoding=\"async\" class=\"alignnone size-full wp-image-26987\" src=\"https:\/\/versano.nl\/wp-content\/uploads\/sites\/2\/2021\/08\/dames-winterjas-myversano-shamila-new-zwart-voorkant-nw-thumb.jpg\" alt=\"\" width=\"56\" height=\"75\" srcset=\"https:\/\/versano.nl\/wp-content\/uploads\/2021\/08\/dames-winterjas-myversano-shamila-new-zwart-voorkant-nw-thumb.jpg 56w, https:\/\/versano.nl\/wp-content\/uploads\/2021\/08\/dames-winterjas-myversano-shamila-new-zwart-voorkant-nw-thumb-9x12.jpg 9w\" sizes=\"auto, (max-width: 56px) 100vw, 56px\" \/><\/a><\/strong><\/span><\/p>\n<p><strong><span style=\"color: #ff0000;\">Conseils d&#039;ajustement:<\/span> <\/strong><\/p>\n<p><span style=\"color: #ff0000;\">Getailleerde pasvorm, bekijk de maattabel voor de juiste maat.<\/span><\/p>\n<p><span style=\"color: #ff0000;\">Ons model is 1.70 m en weegt 62 kilo, ze draagt een Small.<\/span><\/p>\n<p>&nbsp;<\/p>\n<p>Si vous n&#039;\u00eates pas s\u00fbr de vos mesures, nous vous recommandons de commencer par mesurer vos mesures de taille et de les comparer avec notre tableau des tailles. Si vous n&#039;avez aucune exp\u00e9rience dans la mesure des tailles de circonf\u00e9rence, cliquez sur\u00a0<a href=\"https:\/\/www.youtube.com\/watch?v=3ZSfY87v6pM\"><em>ICI<\/em>\u00a0<\/a>\u00a0\u00e0\u00a0<a href=\"https:\/\/www.youtube.com\/watch?v=3ZSfY87v6pM\"><em>VIDEO<\/em><\/a>\u00a0\u00a0avec des instructions. Vous pouvez \u00e9galement nous appeler ou nous appliquer directement! Nos employ\u00e9s sont toujours disponibles pour vous aider.<\/p>\n<p><strong>D\u00e9lai de livraison :<\/strong> 2 \u00e0 3 jours ouvrables.<\/p>\n<p><span style=\"color: #ff0000;\">INFORMATION IMPORTANTE:<\/span><\/p>\n<p>Wij hebben een gedetailleerd pasvorm advies aangegeven in de product afbeeldingen. Bekijk dit voordat u een bestelling plaatst.<\/p>\n<p><span style=\"color: #ff0000;\">\u00a0<\/span>Vous pouvez acheter n&#039;importe quelle veste Versano avec ou sans col en fourrure, le col en fourrure n&#039;est pas inclus.<\/p>","protected":false},"featured_media":35233,"comment_status":"closed","ping_status":"closed","template":"","meta":[],"product_brand":[],"product_cat":[1403,89,1012,1353,1145,1384,1389,1382,1383,1037,1038,882,1143,1144,1415,1041,1042,215,1404,1339],"product_tag":[860,2079,2059,2063,1210,2078,2077,225],"class_list":{"0":"post-22423","1":"product","2":"type-product","3":"status-publish","4":"has-post-thumbnail","6":"product_cat-bontkraag-jas","7":"product_cat-dames","8":"product_cat-dames-jas-met-bontkraag","9":"product_cat-dames-jas-met-pels","10":"product_cat-dames-winterjas","11":"product_cat-dames-winterjas-met-bontkraag","12":"product_cat-dames-winterjas-met-pels","13":"product_cat-dames-winterjassen","14":"product_cat-dames-winterjassen-met-bontkraag","15":"product_cat-jas-met-bontkraag","16":"product_cat-jas-met-bontkraag-dames","17":"product_cat-versano","18":"product_cat-winterjas","19":"product_cat-winterjas-dames","20":"product_cat-winterjas-dames-met-bontkraag","21":"product_cat-winterjas-met-bontkraag","22":"product_cat-winterjas-met-bontkraag-dames","23":"product_cat-dames-jassen-met-bontkraag","24":"product_cat-winterjassen","25":"product_cat-winterjassen-dames","26":"product_tag-dames-winterjas-groen","27":"product_tag-dames-winterjas-versano","28":"product_tag-groene-korte-dames-winterjas","29":"product_tag-groene-winterjas-dames","30":"product_tag-korte-winterjas-dames","31":"product_tag-merk-jas-dames","32":"product_tag-versano-dames-winterjassen","33":"product_tag-winterjas-met-bontkraag-dames","34":"product_shipping_class-verzendkosten-1","35":"tm-has-options","37":"first","38":"instock","39":"sale","40":"taxable","41":"shipping-taxable","42":"purchasable","43":"product-type-variable"},"yoast_head":"<!-- This site is optimized with the Yoast SEO plugin v27.2 - https:\/\/yoast.com\/product\/yoast-seo-wordpress\/ -->\n<title>Dames winterjas Shamila new generation Versano groen<\/title>\n<meta name=\"description\" content=\"Ben je op zoek naar een Dames winterjas Shamila new generation Versano groen? Dan bent u bij Versano aan het juiste adres.\" \/>\n<meta name=\"robots\" content=\"index, follow, max-snippet:-1, max-image-preview:large, max-video-preview:-1\" \/>\n<link rel=\"canonical\" href=\"https:\/\/versano.nl\/fr\/shop\/dames-winterjas-met-bontkraag-shamila-groen-new-generation\/\" \/>\n<meta property=\"og:locale\" content=\"fr_FR\" \/>\n<meta property=\"og:type\" content=\"article\" \/>\n<meta property=\"og:title\" content=\"Dames winterjas Shamila new generation Versano groen\" \/>\n<meta property=\"og:description\" content=\"Ben je op zoek naar een Dames winterjas Shamila new generation Versano groen? Dan bent u bij Versano aan het juiste adres.\" \/>\n<meta property=\"og:url\" content=\"https:\/\/versano.nl\/fr\/shop\/dames-winterjas-met-bontkraag-shamila-groen-new-generation\/\" \/>\n<meta property=\"og:site_name\" content=\"Versano\" \/>\n<meta property=\"article:modified_time\" content=\"2026-04-02T18:47:00+00:00\" \/>\n<meta property=\"og:image\" content=\"https:\/\/versano.nl\/wp-content\/uploads\/2021\/08\/444-2.jpg\" \/>\n\t<meta property=\"og:image:width\" content=\"802\" \/>\n\t<meta property=\"og:image:height\" content=\"1200\" \/>\n\t<meta property=\"og:image:type\" content=\"image\/jpeg\" \/>\n<meta name=\"twitter:card\" content=\"summary_large_image\" \/>\n<meta name=\"twitter:label1\" content=\"Dur\u00e9e de lecture estim\u00e9e\" \/>\n\t<meta name=\"twitter:data1\" content=\"2 minutes\" \/>\n<script type=\"application\/ld+json\" class=\"yoast-schema-graph\">{\"@context\":\"https:\/\/schema.org\",\"@graph\":[{\"@type\":\"WebPage\",\"@id\":\"https:\/\/versano.nl\/shop\/dames-winterjas-met-bontkraag-shamila-groen-new-generation\/\",\"url\":\"https:\/\/versano.nl\/shop\/dames-winterjas-met-bontkraag-shamila-groen-new-generation\/\",\"name\":\"Dames winterjas Shamila new generation Versano groen\",\"isPartOf\":{\"@id\":\"https:\/\/versano.nl\/#website\"},\"primaryImageOfPage\":{\"@id\":\"https:\/\/versano.nl\/shop\/dames-winterjas-met-bontkraag-shamila-groen-new-generation\/#primaryimage\"},\"image\":{\"@id\":\"https:\/\/versano.nl\/shop\/dames-winterjas-met-bontkraag-shamila-groen-new-generation\/#primaryimage\"},\"thumbnailUrl\":\"https:\/\/versano.nl\/wp-content\/uploads\/2021\/08\/444-2.jpg\",\"datePublished\":\"2021-08-30T12:24:37+00:00\",\"dateModified\":\"2026-04-02T18:47:00+00:00\",\"description\":\"Ben je op zoek naar een Dames winterjas Shamila new generation Versano groen? Dan bent u bij Versano aan het juiste adres.\",\"breadcrumb\":{\"@id\":\"https:\/\/versano.nl\/shop\/dames-winterjas-met-bontkraag-shamila-groen-new-generation\/#breadcrumb\"},\"inLanguage\":\"fr-FR\",\"potentialAction\":[{\"@type\":\"ReadAction\",\"target\":[\"https:\/\/versano.nl\/shop\/dames-winterjas-met-bontkraag-shamila-groen-new-generation\/\"]}]},{\"@type\":\"ImageObject\",\"inLanguage\":\"fr-FR\",\"@id\":\"https:\/\/versano.nl\/shop\/dames-winterjas-met-bontkraag-shamila-groen-new-generation\/#primaryimage\",\"url\":\"https:\/\/versano.nl\/wp-content\/uploads\/2021\/08\/444-2.jpg\",\"contentUrl\":\"https:\/\/versano.nl\/wp-content\/uploads\/2021\/08\/444-2.jpg\",\"width\":802,\"height\":1200,\"caption\":\"Dames winterjas Shamila new generation Versano groen\"},{\"@type\":\"BreadcrumbList\",\"@id\":\"https:\/\/versano.nl\/shop\/dames-winterjas-met-bontkraag-shamila-groen-new-generation\/#breadcrumb\",\"itemListElement\":[{\"@type\":\"ListItem\",\"position\":1,\"name\":\"Home\",\"item\":\"https:\/\/versano.nl\/\"},{\"@type\":\"ListItem\",\"position\":2,\"name\":\"Shop\",\"item\":\"https:\/\/versano.nl\/shop\/\"},{\"@type\":\"ListItem\",\"position\":3,\"name\":\"Dames winterjas Shamila new generation Versano groen\"}]},{\"@type\":\"WebSite\",\"@id\":\"https:\/\/versano.nl\/#website\",\"url\":\"https:\/\/versano.nl\/\",\"name\":\"Versano\",\"description\":\"winterjassen met bontkraag | leren dames jassen | leren heren jassen\",\"potentialAction\":[{\"@type\":\"SearchAction\",\"target\":{\"@type\":\"EntryPoint\",\"urlTemplate\":\"https:\/\/versano.nl\/?s={search_term_string}\"},\"query-input\":{\"@type\":\"PropertyValueSpecification\",\"valueRequired\":true,\"valueName\":\"search_term_string\"}}],\"inLanguage\":\"fr-FR\"}]}<\/script>\n<!-- \/ Yoast SEO plugin. -->","yoast_head_json":{"title":"Veste hiver femme Shamila nouvelle g\u00e9n\u00e9ration Versano vert","description":"Vous \u00eates \u00e0 la recherche d&#039;une Veste hiver femme Shamila nouvelle g\u00e9n\u00e9ration Versano verte ? Alors vous \u00eates au bon endroit chez Versano.","robots":{"index":"index","follow":"follow","max-snippet":"max-snippet:-1","max-image-preview":"max-image-preview:large","max-video-preview":"max-video-preview:-1"},"canonical":"https:\/\/versano.nl\/fr\/shop\/dames-winterjas-met-bontkraag-shamila-groen-new-generation\/","og_locale":"fr_FR","og_type":"article","og_title":"Dames winterjas Shamila new generation Versano groen","og_description":"Ben je op zoek naar een Dames winterjas Shamila new generation Versano groen? Dan bent u bij Versano aan het juiste adres.","og_url":"https:\/\/versano.nl\/fr\/shop\/dames-winterjas-met-bontkraag-shamila-groen-new-generation\/","og_site_name":"Versano","article_modified_time":"2026-04-02T18:47:00+00:00","og_image":[{"width":802,"height":1200,"url":"https:\/\/versano.nl\/wp-content\/uploads\/2021\/08\/444-2.jpg","type":"image\/jpeg"}],"twitter_card":"summary_large_image","twitter_misc":{"Dur\u00e9e de lecture estim\u00e9e":"2 minutes"},"schema":{"@context":"https:\/\/schema.org","@graph":[{"@type":"WebPage","@id":"https:\/\/versano.nl\/shop\/dames-winterjas-met-bontkraag-shamila-groen-new-generation\/","url":"https:\/\/versano.nl\/shop\/dames-winterjas-met-bontkraag-shamila-groen-new-generation\/","name":"Veste hiver femme Shamila nouvelle g\u00e9n\u00e9ration Versano vert","isPartOf":{"@id":"https:\/\/versano.nl\/#website"},"primaryImageOfPage":{"@id":"https:\/\/versano.nl\/shop\/dames-winterjas-met-bontkraag-shamila-groen-new-generation\/#primaryimage"},"image":{"@id":"https:\/\/versano.nl\/shop\/dames-winterjas-met-bontkraag-shamila-groen-new-generation\/#primaryimage"},"thumbnailUrl":"https:\/\/versano.nl\/wp-content\/uploads\/2021\/08\/444-2.jpg","datePublished":"2021-08-30T12:24:37+00:00","dateModified":"2026-04-02T18:47:00+00:00","description":"Vous \u00eates \u00e0 la recherche d&#039;une Veste hiver femme Shamila nouvelle g\u00e9n\u00e9ration Versano verte ? Alors vous \u00eates au bon endroit chez Versano.","breadcrumb":{"@id":"https:\/\/versano.nl\/shop\/dames-winterjas-met-bontkraag-shamila-groen-new-generation\/#breadcrumb"},"inLanguage":"fr-FR","potentialAction":[{"@type":"ReadAction","target":["https:\/\/versano.nl\/shop\/dames-winterjas-met-bontkraag-shamila-groen-new-generation\/"]}]},{"@type":"ImageObject","inLanguage":"fr-FR","@id":"https:\/\/versano.nl\/shop\/dames-winterjas-met-bontkraag-shamila-groen-new-generation\/#primaryimage","url":"https:\/\/versano.nl\/wp-content\/uploads\/2021\/08\/444-2.jpg","contentUrl":"https:\/\/versano.nl\/wp-content\/uploads\/2021\/08\/444-2.jpg","width":802,"height":1200,"caption":"Dames winterjas Shamila new generation Versano groen"},{"@type":"BreadcrumbList","@id":"https:\/\/versano.nl\/shop\/dames-winterjas-met-bontkraag-shamila-groen-new-generation\/#breadcrumb","itemListElement":[{"@type":"ListItem","position":1,"name":"Home","item":"https:\/\/versano.nl\/"},{"@type":"ListItem","position":2,"name":"Shop","item":"https:\/\/versano.nl\/shop\/"},{"@type":"ListItem","position":3,"name":"Dames winterjas Shamila new generation Versano groen"}]},{"@type":"WebSite","@id":"https:\/\/versano.nl\/#website","url":"https:\/\/versano.nl\/","name":"Versano","description":"manteaux d&#039;hiver avec col en fourrure | vestes femme en cuir | vestes en cuir pour hommes","potentialAction":[{"@type":"SearchAction","target":{"@type":"EntryPoint","urlTemplate":"https:\/\/versano.nl\/?s={search_term_string}"},"query-input":{"@type":"PropertyValueSpecification","valueRequired":true,"valueName":"search_term_string"}}],"inLanguage":"fr-FR"}]}},"_links":{"self":[{"href":"https:\/\/versano.nl\/fr\/wp-json\/wp\/v2\/product\/22423","targetHints":{"allow":["GET"]}}],"collection":[{"href":"https:\/\/versano.nl\/fr\/wp-json\/wp\/v2\/product"}],"about":[{"href":"https:\/\/versano.nl\/fr\/wp-json\/wp\/v2\/types\/product"}],"replies":[{"embeddable":true,"href":"https:\/\/versano.nl\/fr\/wp-json\/wp\/v2\/comments?post=22423"}],"wp:featuredmedia":[{"embeddable":true,"href":"https:\/\/versano.nl\/fr\/wp-json\/wp\/v2\/media\/35233"}],"wp:attachment":[{"href":"https:\/\/versano.nl\/fr\/wp-json\/wp\/v2\/media?parent=22423"}],"wp:term":[{"taxonomy":"product_brand","embeddable":true,"href":"https:\/\/versano.nl\/fr\/wp-json\/wp\/v2\/product_brand?post=22423"},{"taxonomy":"product_cat","embeddable":true,"href":"https:\/\/versano.nl\/fr\/wp-json\/wp\/v2\/product_cat?post=22423"},{"taxonomy":"product_tag","embeddable":true,"href":"https:\/\/versano.nl\/fr\/wp-json\/wp\/v2\/product_tag?post=22423"}],"curies":[{"name":"wp","href":"https:\/\/api.w.org\/{rel}","templated":true}]}}