{"id":22312,"date":"2021-08-27T21:50:14","date_gmt":"2021-08-27T21:50:14","guid":{"rendered":"https:\/\/versano.nl\/shop\/korte-dames-winterjas-met-capuchon-sabrina-rood-versano\/"},"modified":"2026-03-06T15:08:35","modified_gmt":"2026-03-06T15:08:35","slug":"korte-dames-winterjas-met-capuchon-sabrina-rood-versano","status":"publish","type":"product","link":"https:\/\/versano.nl\/fr\/shop\/korte-dames-winterjas-met-capuchon-sabrina-rood-versano\/","title":{"rendered":"Veste d&#039;hiver femme courte avec capuche Sabrina rouge Versano"},"content":{"rendered":"<h2>Veste d&#039;hiver femme courte avec capuche Sabrina rouge Versano<\/h2>\n<p>La veste d&#039;hiver courte \u00e0 capuche pour femme Sabrina rouge Versano est la veste d&#039;hiver parfaite pour passer l&#039;hiver. La Sabrina de Versano est non seulement chaude, mais elle a \u00e9galement une coupe bien ajust\u00e9e. Ce mod\u00e8le Versano est un mod\u00e8le court avec deux poches lat\u00e9rales profondes. Ces poches peuvent \u00eatre ferm\u00e9es par une fermeture \u00e9clair. Le mat\u00e9riau de ce mod\u00e8le est extensible, ce qui rend la veste confortable \u00e0 porter et ce mod\u00e8le s&#039;adapte \u00e9galement bien. C&#039;est l&#039;une des vestes les plus vendues de Versano \u00e0 un prix comp\u00e9titif. Pour un manteau d&#039;hiver joli et de bonne qualit\u00e9, vous \u00eates au bon endroit chez la c\u00e9l\u00e8bre marque de vestes Versano.<\/p>\n<h2>Vestes d&#039;hiver Versano pour femmes<\/h2>\n<p>La marque de vestes bien connue Versano est principalement connue pour ses mod\u00e8les de vestes magnifiques et inhabituels avec une coupe italienne sur mesure, mais ce n&#039;est pas seulement un design, nous l&#039;appelons &quot;UN \u00c9TAT DE L&#039;ART&quot;. Avec une si belle veste Versano, vous pouvez \u00eatre s\u00fbr que vous pourrez la porter tout l&#039;hiver. Ce sont de belles vestes qui sont non seulement parfaitement con\u00e7ues, mais sont \u00e9galement fabriqu\u00e9es avec les meilleurs mat\u00e9riaux. Vous pouvez facilement commander la Veste d&#039;hiver femme courte avec capuche Sabrina rouge Versano via notre boutique en ligne Versano. Nous avons rassembl\u00e9 ici toutes nos vestes pour que vous puissiez facilement passer une commande. Chez Versano, vous pouvez toujours \u00eatre s\u00fbr que vous achetez un beau manteau qui a \u00e9t\u00e9 travaill\u00e9 avec soin.<\/p>\n<p>marque: <a title=\"Versano\" href=\"https:\/\/versano.nl\" target=\"_blank\" rel=\"noopener noreferrer\">Versano<\/a><br \/>\nLongueur: court<br \/>\nmati\u00e8re : 76% polyamide 24% \u00e9lasthanne<br \/>\nCoupe: ajust\u00e9e<br \/>\nDoublure: 100% polyester<br \/>\nrembourrage : duvet artificiel 100% polyester<br \/>\nfermetures \u00e9clair: fermetures \u00e9clair de ski<br \/>\nCapuche: doubl\u00e9e, solide<br \/>\nLes plus: coutures renforc\u00e9es<br \/>\nFermeture: fermeture \u00e9clair<br \/>\nsacs zipp\u00e9e poches lat\u00e9rales, \u00e0 l&#039;int\u00e9rieur<br \/>\nFonction: imperm\u00e9able, coupe-vent<br \/>\nmat\u00e9riau couche ext\u00e9rieure: 100% polyester<\/p>\n<p>D\u00e9lai de livraison: 2-3 jours ouvrables<\/p>","protected":false},"excerpt":{"rendered":"<p><strong>CHOISISSEZ UNE AUTRE COULEUR ICI<\/strong><\/p>\n<p><span style=\"color: #ff0000;\"><strong><a href=\"https:\/\/versano.nl\/shop\/korte-dames-winterjas-met-capuchon-sabrina-blauw-versano\/\"><img loading=\"lazy\" decoding=\"async\" class=\"alignnone size-full wp-image-22085\" src=\"https:\/\/versano.nl\/wp-content\/uploads\/sites\/2\/2021\/08\/sabrina-thumb-blauw.png\" alt=\"\" width=\"57\" height=\"75\" srcset=\"https:\/\/versano.nl\/wp-content\/uploads\/2021\/08\/sabrina-thumb-blauw.png 57w, https:\/\/versano.nl\/wp-content\/uploads\/2021\/08\/sabrina-thumb-blauw-9x12.png 9w\" sizes=\"auto, (max-width: 57px) 100vw, 57px\" \/><\/a><a href=\"https:\/\/versano.nl\/shop\/korte-dames-winterjas-met-capuchon-sabrina-zwart-versano\/\"><img loading=\"lazy\" decoding=\"async\" class=\"alignnone size-full wp-image-22087\" src=\"https:\/\/versano.nl\/wp-content\/uploads\/sites\/2\/2021\/08\/sabrina-thumb-zwart.png\" alt=\"\" width=\"57\" height=\"75\" srcset=\"https:\/\/versano.nl\/wp-content\/uploads\/2021\/08\/sabrina-thumb-zwart.png 57w, https:\/\/versano.nl\/wp-content\/uploads\/2021\/08\/sabrina-thumb-zwart-9x12.png 9w\" sizes=\"auto, (max-width: 57px) 100vw, 57px\" \/><\/a><\/strong><\/span><\/p>\n<p><span style=\"color: #ff0000;\"><strong>Conseils d&#039;ajustement: <\/strong><\/span><strong>Getailleerde pasvorm, valt een maat kleine, kies aub een maat groter. Ons model is 1.68 cm lang en weeg 60 kilo en draagt een maat medium .Deze jas is vervaardigd uit hoogwaardige elastische stof en bied uitstekende waterafstotende en winddichte eigenschappen.<\/strong><\/p>\n<p>Si vous n&#039;\u00eates pas s\u00fbr de vos mesures, nous vous recommandons de commencer par mesurer vos mesures de taille et de les comparer avec notre tableau des tailles. Si vous n&#039;avez aucune exp\u00e9rience dans la mesure des tailles de circonf\u00e9rence, cliquez sur <a href=\"https:\/\/www.youtube.com\/watch?v=3ZSfY87v6pM\"><em>ICI<\/em>\u00a0<\/a>\u00a0\u00e0 <span style=\"color: #ff0000;\"><a style=\"color: #ff0000;\" href=\"https:\/\/www.youtube.com\/watch?v=3ZSfY87v6pM\"><em>VIDEO<\/em><\/a>\u00a0<\/span> avec des instructions. Vous pouvez \u00e9galement nous appeler ou nous appliquer directement! Nos employ\u00e9s sont toujours disponibles pour vous aider.<\/p>\n<p><strong><span style=\"color: #000000;\">HEURE DE LIVRAISON<\/span> :<\/strong> 2 \u00e0 3 jours ouvr\u00e9s.<\/p>\n<p>&nbsp;<\/p>","protected":false},"featured_media":22308,"comment_status":"closed","ping_status":"closed","template":"","meta":[],"product_brand":[],"product_cat":[1145,1382,882,1143,1144,1404,1339],"product_tag":[2090,218,1210,2072,1059,2093,2092],"class_list":{"0":"post-22312","1":"product","2":"type-product","3":"status-publish","4":"has-post-thumbnail","6":"product_cat-dames-winterjas","7":"product_cat-dames-winterjassen","8":"product_cat-versano","9":"product_cat-winterjas","10":"product_cat-winterjas-dames","11":"product_cat-winterjassen","12":"product_cat-winterjassen-dames","13":"product_tag-dames-winterjas-kort","14":"product_tag-dames-winterjas-rood","15":"product_tag-korte-winterjas-dames","16":"product_tag-merk-winterjas-dames","17":"product_tag-rode-winterjas-dames","18":"product_tag-winterjas-dames-versano","19":"product_tag-winterjas-merk-dames","20":"product_shipping_class-verzendkosten-1","21":"tm-no-options","23":"first","24":"instock","25":"sale","26":"taxable","27":"shipping-taxable","28":"purchasable","29":"product-type-variable"},"yoast_head":"<!-- This site is optimized with the Yoast SEO plugin v27.2 - https:\/\/yoast.com\/product\/yoast-seo-wordpress\/ -->\n<title>Dames winterjas kort met capuchon Sabrina rood Versano<\/title>\n<meta name=\"description\" content=\"Ben je op zoek naar een Dames winterjas kort met capuchon Sabrina rood Versano, dan bent u bij versano aan het juiste adres.\" \/>\n<meta name=\"robots\" content=\"index, follow, max-snippet:-1, max-image-preview:large, max-video-preview:-1\" \/>\n<link rel=\"canonical\" href=\"https:\/\/versano.nl\/fr\/shop\/korte-dames-winterjas-met-capuchon-sabrina-rood-versano\/\" \/>\n<meta property=\"og:locale\" content=\"fr_FR\" \/>\n<meta property=\"og:type\" content=\"article\" \/>\n<meta property=\"og:title\" content=\"Dames winterjas kort met capuchon Sabrina rood Versano\" \/>\n<meta property=\"og:description\" content=\"Ben je op zoek naar een Dames winterjas kort met capuchon Sabrina rood Versano, dan bent u bij versano aan het juiste adres.\" \/>\n<meta property=\"og:url\" content=\"https:\/\/versano.nl\/fr\/shop\/korte-dames-winterjas-met-capuchon-sabrina-rood-versano\/\" \/>\n<meta property=\"og:site_name\" content=\"Versano\" \/>\n<meta property=\"article:modified_time\" content=\"2026-03-06T15:08:35+00:00\" \/>\n<meta property=\"og:image\" content=\"https:\/\/versano.nl\/wp-content\/uploads\/2021\/08\/korte-dames-winterjas-met-capuchon-versano-sabrina-rood-schuin-1.jpg\" \/>\n\t<meta property=\"og:image:width\" content=\"900\" \/>\n\t<meta property=\"og:image:height\" content=\"1200\" \/>\n\t<meta property=\"og:image:type\" content=\"image\/jpeg\" \/>\n<meta name=\"twitter:card\" content=\"summary_large_image\" \/>\n<meta name=\"twitter:label1\" content=\"Dur\u00e9e de lecture estim\u00e9e\" \/>\n\t<meta name=\"twitter:data1\" content=\"2 minutes\" \/>\n<script type=\"application\/ld+json\" class=\"yoast-schema-graph\">{\"@context\":\"https:\/\/schema.org\",\"@graph\":[{\"@type\":\"WebPage\",\"@id\":\"https:\/\/versano.nl\/shop\/korte-dames-winterjas-met-capuchon-sabrina-rood-versano\/\",\"url\":\"https:\/\/versano.nl\/shop\/korte-dames-winterjas-met-capuchon-sabrina-rood-versano\/\",\"name\":\"Dames winterjas kort met capuchon Sabrina rood Versano\",\"isPartOf\":{\"@id\":\"https:\/\/versano.nl\/#website\"},\"primaryImageOfPage\":{\"@id\":\"https:\/\/versano.nl\/shop\/korte-dames-winterjas-met-capuchon-sabrina-rood-versano\/#primaryimage\"},\"image\":{\"@id\":\"https:\/\/versano.nl\/shop\/korte-dames-winterjas-met-capuchon-sabrina-rood-versano\/#primaryimage\"},\"thumbnailUrl\":\"https:\/\/versano.nl\/wp-content\/uploads\/2021\/08\/korte-dames-winterjas-met-capuchon-versano-sabrina-rood-schuin-1.jpg\",\"datePublished\":\"2021-08-27T21:50:14+00:00\",\"dateModified\":\"2026-03-06T15:08:35+00:00\",\"description\":\"Ben je op zoek naar een Dames winterjas kort met capuchon Sabrina rood Versano, dan bent u bij versano aan het juiste adres.\",\"breadcrumb\":{\"@id\":\"https:\/\/versano.nl\/shop\/korte-dames-winterjas-met-capuchon-sabrina-rood-versano\/#breadcrumb\"},\"inLanguage\":\"fr-FR\",\"potentialAction\":[{\"@type\":\"ReadAction\",\"target\":[\"https:\/\/versano.nl\/shop\/korte-dames-winterjas-met-capuchon-sabrina-rood-versano\/\"]}]},{\"@type\":\"ImageObject\",\"inLanguage\":\"fr-FR\",\"@id\":\"https:\/\/versano.nl\/shop\/korte-dames-winterjas-met-capuchon-sabrina-rood-versano\/#primaryimage\",\"url\":\"https:\/\/versano.nl\/wp-content\/uploads\/2021\/08\/korte-dames-winterjas-met-capuchon-versano-sabrina-rood-schuin-1.jpg\",\"contentUrl\":\"https:\/\/versano.nl\/wp-content\/uploads\/2021\/08\/korte-dames-winterjas-met-capuchon-versano-sabrina-rood-schuin-1.jpg\",\"width\":900,\"height\":1200,\"caption\":\"Dames winterjas kort met capuchon Sabrina rood Versano\"},{\"@type\":\"BreadcrumbList\",\"@id\":\"https:\/\/versano.nl\/shop\/korte-dames-winterjas-met-capuchon-sabrina-rood-versano\/#breadcrumb\",\"itemListElement\":[{\"@type\":\"ListItem\",\"position\":1,\"name\":\"Home\",\"item\":\"https:\/\/versano.nl\/\"},{\"@type\":\"ListItem\",\"position\":2,\"name\":\"Shop\",\"item\":\"https:\/\/versano.nl\/shop\/\"},{\"@type\":\"ListItem\",\"position\":3,\"name\":\"Dames winterjas kort met capuchon Sabrina rood Versano\"}]},{\"@type\":\"WebSite\",\"@id\":\"https:\/\/versano.nl\/#website\",\"url\":\"https:\/\/versano.nl\/\",\"name\":\"Versano\",\"description\":\"winterjassen met bontkraag | leren dames jassen | leren heren jassen\",\"potentialAction\":[{\"@type\":\"SearchAction\",\"target\":{\"@type\":\"EntryPoint\",\"urlTemplate\":\"https:\/\/versano.nl\/?s={search_term_string}\"},\"query-input\":{\"@type\":\"PropertyValueSpecification\",\"valueRequired\":true,\"valueName\":\"search_term_string\"}}],\"inLanguage\":\"fr-FR\"}]}<\/script>\n<!-- \/ Yoast SEO plugin. -->","yoast_head_json":{"title":"Veste d&#039;hiver femme courte avec capuche Sabrina rouge Versano","description":"Vous \u00eates \u00e0 la recherche d&#039;une veste d&#039;hiver courte pour femme avec capuche Sabrina rouge Versano, alors vous \u00eates au bon endroit chez versano.","robots":{"index":"index","follow":"follow","max-snippet":"max-snippet:-1","max-image-preview":"max-image-preview:large","max-video-preview":"max-video-preview:-1"},"canonical":"https:\/\/versano.nl\/fr\/shop\/korte-dames-winterjas-met-capuchon-sabrina-rood-versano\/","og_locale":"fr_FR","og_type":"article","og_title":"Dames winterjas kort met capuchon Sabrina rood Versano","og_description":"Ben je op zoek naar een Dames winterjas kort met capuchon Sabrina rood Versano, dan bent u bij versano aan het juiste adres.","og_url":"https:\/\/versano.nl\/fr\/shop\/korte-dames-winterjas-met-capuchon-sabrina-rood-versano\/","og_site_name":"Versano","article_modified_time":"2026-03-06T15:08:35+00:00","og_image":[{"width":900,"height":1200,"url":"https:\/\/versano.nl\/wp-content\/uploads\/2021\/08\/korte-dames-winterjas-met-capuchon-versano-sabrina-rood-schuin-1.jpg","type":"image\/jpeg"}],"twitter_card":"summary_large_image","twitter_misc":{"Dur\u00e9e de lecture estim\u00e9e":"2 minutes"},"schema":{"@context":"https:\/\/schema.org","@graph":[{"@type":"WebPage","@id":"https:\/\/versano.nl\/shop\/korte-dames-winterjas-met-capuchon-sabrina-rood-versano\/","url":"https:\/\/versano.nl\/shop\/korte-dames-winterjas-met-capuchon-sabrina-rood-versano\/","name":"Veste d&#039;hiver femme courte avec capuche Sabrina rouge Versano","isPartOf":{"@id":"https:\/\/versano.nl\/#website"},"primaryImageOfPage":{"@id":"https:\/\/versano.nl\/shop\/korte-dames-winterjas-met-capuchon-sabrina-rood-versano\/#primaryimage"},"image":{"@id":"https:\/\/versano.nl\/shop\/korte-dames-winterjas-met-capuchon-sabrina-rood-versano\/#primaryimage"},"thumbnailUrl":"https:\/\/versano.nl\/wp-content\/uploads\/2021\/08\/korte-dames-winterjas-met-capuchon-versano-sabrina-rood-schuin-1.jpg","datePublished":"2021-08-27T21:50:14+00:00","dateModified":"2026-03-06T15:08:35+00:00","description":"Vous \u00eates \u00e0 la recherche d&#039;une veste d&#039;hiver courte pour femme avec capuche Sabrina rouge Versano, alors vous \u00eates au bon endroit chez versano.","breadcrumb":{"@id":"https:\/\/versano.nl\/shop\/korte-dames-winterjas-met-capuchon-sabrina-rood-versano\/#breadcrumb"},"inLanguage":"fr-FR","potentialAction":[{"@type":"ReadAction","target":["https:\/\/versano.nl\/shop\/korte-dames-winterjas-met-capuchon-sabrina-rood-versano\/"]}]},{"@type":"ImageObject","inLanguage":"fr-FR","@id":"https:\/\/versano.nl\/shop\/korte-dames-winterjas-met-capuchon-sabrina-rood-versano\/#primaryimage","url":"https:\/\/versano.nl\/wp-content\/uploads\/2021\/08\/korte-dames-winterjas-met-capuchon-versano-sabrina-rood-schuin-1.jpg","contentUrl":"https:\/\/versano.nl\/wp-content\/uploads\/2021\/08\/korte-dames-winterjas-met-capuchon-versano-sabrina-rood-schuin-1.jpg","width":900,"height":1200,"caption":"Dames winterjas kort met capuchon Sabrina rood Versano"},{"@type":"BreadcrumbList","@id":"https:\/\/versano.nl\/shop\/korte-dames-winterjas-met-capuchon-sabrina-rood-versano\/#breadcrumb","itemListElement":[{"@type":"ListItem","position":1,"name":"Home","item":"https:\/\/versano.nl\/"},{"@type":"ListItem","position":2,"name":"Shop","item":"https:\/\/versano.nl\/shop\/"},{"@type":"ListItem","position":3,"name":"Dames winterjas kort met capuchon Sabrina rood Versano"}]},{"@type":"WebSite","@id":"https:\/\/versano.nl\/#website","url":"https:\/\/versano.nl\/","name":"Versano","description":"manteaux d&#039;hiver avec col en fourrure | vestes femme en cuir | vestes en cuir pour hommes","potentialAction":[{"@type":"SearchAction","target":{"@type":"EntryPoint","urlTemplate":"https:\/\/versano.nl\/?s={search_term_string}"},"query-input":{"@type":"PropertyValueSpecification","valueRequired":true,"valueName":"search_term_string"}}],"inLanguage":"fr-FR"}]}},"_links":{"self":[{"href":"https:\/\/versano.nl\/fr\/wp-json\/wp\/v2\/product\/22312","targetHints":{"allow":["GET"]}}],"collection":[{"href":"https:\/\/versano.nl\/fr\/wp-json\/wp\/v2\/product"}],"about":[{"href":"https:\/\/versano.nl\/fr\/wp-json\/wp\/v2\/types\/product"}],"replies":[{"embeddable":true,"href":"https:\/\/versano.nl\/fr\/wp-json\/wp\/v2\/comments?post=22312"}],"wp:featuredmedia":[{"embeddable":true,"href":"https:\/\/versano.nl\/fr\/wp-json\/wp\/v2\/media\/22308"}],"wp:attachment":[{"href":"https:\/\/versano.nl\/fr\/wp-json\/wp\/v2\/media?parent=22312"}],"wp:term":[{"taxonomy":"product_brand","embeddable":true,"href":"https:\/\/versano.nl\/fr\/wp-json\/wp\/v2\/product_brand?post=22312"},{"taxonomy":"product_cat","embeddable":true,"href":"https:\/\/versano.nl\/fr\/wp-json\/wp\/v2\/product_cat?post=22312"},{"taxonomy":"product_tag","embeddable":true,"href":"https:\/\/versano.nl\/fr\/wp-json\/wp\/v2\/product_tag?post=22312"}],"curies":[{"name":"wp","href":"https:\/\/api.w.org\/{rel}","templated":true}]}}