{"id":22266,"date":"2021-08-27T21:55:36","date_gmt":"2021-08-27T21:55:36","guid":{"rendered":"https:\/\/versano.nl\/shop\/halflange-dames-winterjas-met-capuchon-zita-rood-versano\/"},"modified":"2026-03-06T15:10:36","modified_gmt":"2026-03-06T15:10:36","slug":"halflange-dames-winterjas-met-capuchon-zita-rood-versano","status":"publish","type":"product","link":"https:\/\/versano.nl\/fr\/shop\/halflange-dames-winterjas-met-capuchon-zita-rood-versano\/","title":{"rendered":"Veste d&#039;hiver femme longueur moyenne avec capuche Zita rouge Versano"},"content":{"rendered":"<h2>veste d&#039;hiver femme mi-longue avec capuche Zita rouge Versano<\/h2>\n<p>Vous cherchez une belle veste d&#039;hiver pour femme de longueur moyenne avec capuche Zita rouge Versano ? Alors vous \u00eates au bon endroit chez Versano. La zita est la veste d&#039;hiver parfaite pour passer l&#039;hiver. La veste d&#039;hiver mi-longue pour femmes avec capuche Zita black de Versano n&#039;est pas seulement chaude, mais elle a \u00e9galement une coupe bien ajust\u00e9e. Ce mod\u00e8le Versano est un mod\u00e8le de longueur moyenne avec des poches lat\u00e9rales situ\u00e9es \u00e0 hauteur des hanches. Ces poches peuvent \u00eatre ferm\u00e9es par une fermeture \u00e9clair. Le mat\u00e9riau de ce mod\u00e8le est extensible, ce qui rend la veste confortable \u00e0 porter et ce mod\u00e8le s&#039;adapte \u00e9galement bien. C&#039;est l&#039;une des vestes les plus vendues de Versano \u00e0 un prix comp\u00e9titif.<\/p>\n<h2>Un top manteau d&#039;hiver avec un beau design<\/h2>\n<p>La marque Versano est surtout connue pour les mod\u00e8les magnifiques et inhabituels de vestes avec une coupe italienne sur mesure, mais ce n&#039;est pas seulement un design, nous l&#039;appelons &quot;UN \u00c9TAT DE L&#039;ART&quot;. Avec une si belle veste Versano, vous pouvez \u00eatre s\u00fbr que vous pourrez la porter tout l&#039;hiver. Ce sont de belles vestes qui sont non seulement parfaitement con\u00e7ues, mais sont \u00e9galement fabriqu\u00e9es avec les meilleurs mat\u00e9riaux. Vous pouvez facilement commander la Veste d&#039;hiver femme longueur moyenne avec capuche Zita rouge Versano via notre boutique en ligne Versano. Nous avons rassembl\u00e9 ici toutes nos vestes pour que vous puissiez facilement passer une commande. Chez Versano, vous pouvez toujours \u00eatre s\u00fbr que vous achetez un beau manteau qui a \u00e9t\u00e9 travaill\u00e9 avec soin.<\/p>\n<p>marque: <a title=\"Versano\" href=\"https:\/\/versano.nl\" target=\"_blank\" rel=\"noopener noreferrer\">Versano<\/a><br \/>\nlongueur: demi<br \/>\nmati\u00e8re : 76% polyamide 24% \u00e9lasthanne<br \/>\nCoupe: ajust\u00e9e<br \/>\nDoublure: 100% polyester<br \/>\nrembourrage : duvet artificiel 100% polyester<br \/>\nfermetures \u00e9clair: fermetures \u00e9clair de ski<br \/>\nCapuche: doubl\u00e9e, solide<br \/>\nLes plus: coutures renforc\u00e9es<br \/>\nFermeture: fermeture \u00e9clair<br \/>\nsacs zipp\u00e9e poches lat\u00e9rales, \u00e0 l&#039;int\u00e9rieur<br \/>\nFonction: imperm\u00e9able, coupe-vent<br \/>\nmat\u00e9riau couche ext\u00e9rieure: 100% polyester<\/p>\n<p>D\u00e9lai de livraison: 2-3 jours ouvrables<\/p>","protected":false},"excerpt":{"rendered":"<p><strong>CHOISISSEZ UNE AUTRE COULEUR ICI<\/strong><\/p>\n<p><span style=\"color: #ff0000;\"><strong><a href=\"https:\/\/versano.nl\/shop\/halflange-dames-winterjas-met-capuchon-zwart-zita-versano\/\"><img loading=\"lazy\" decoding=\"async\" class=\"alignnone size-full wp-image-22150\" src=\"https:\/\/versano.nl\/wp-content\/uploads\/sites\/2\/2021\/08\/zita-zwart-thumb.png\" alt=\"\" width=\"57\" height=\"75\" srcset=\"https:\/\/versano.nl\/wp-content\/uploads\/2021\/08\/zita-zwart-thumb.png 57w, https:\/\/versano.nl\/wp-content\/uploads\/2021\/08\/zita-zwart-thumb-9x12.png 9w\" sizes=\"auto, (max-width: 57px) 100vw, 57px\" \/><\/a><a href=\"https:\/\/versano.nl\/shop\/halflange-dames-winterjas-met-capuchon-zita-blauw-versano\/\"><img loading=\"lazy\" decoding=\"async\" class=\"alignnone size-full wp-image-22148\" src=\"https:\/\/versano.nl\/wp-content\/uploads\/sites\/2\/2021\/08\/zita-blauw-thumb.png\" alt=\"\" width=\"57\" height=\"75\" srcset=\"https:\/\/versano.nl\/wp-content\/uploads\/2021\/08\/zita-blauw-thumb.png 57w, https:\/\/versano.nl\/wp-content\/uploads\/2021\/08\/zita-blauw-thumb-9x12.png 9w\" sizes=\"auto, (max-width: 57px) 100vw, 57px\" \/><\/a><\/strong><\/span><\/p>\n<p><span style=\"color: #ff0000;\"><strong>Conseils d&#039;ajustement:\u00a0<\/strong><\/span>Coupe sur mesure, s&#039;adapte comme les tailles hollandaises normales. Notre mannequin mesure 1,74 cm et porte un S.<\/p>\n<p>Si vous n&#039;\u00eates pas s\u00fbr de vos mesures, nous vous recommandons de commencer par mesurer vos mesures de taille et de les comparer avec notre tableau des tailles. Si vous n&#039;avez aucune exp\u00e9rience dans la mesure des tailles de circonf\u00e9rence, cliquez sur <a href=\"https:\/\/www.youtube.com\/watch?v=3ZSfY87v6pM\"><em>ICI<\/em>\u00a0<\/a>\u00a0\u00e0 <span style=\"color: #ff0000;\"><a style=\"color: #ff0000;\" href=\"https:\/\/www.youtube.com\/watch?v=3ZSfY87v6pM\"><em>VIDEO<\/em><\/a>\u00a0<\/span> avec des instructions. Vous pouvez \u00e9galement nous appeler ou nous appliquer directement! Nos employ\u00e9s sont toujours disponibles pour vous aider.<\/p>\n<p><strong><span style=\"color: #000000;\">HEURE DE LIVRAISON<\/span> :<\/strong> 2 \u00e0 3 jours ouvr\u00e9s.<\/p>\n<p>&nbsp;<\/p>","protected":false},"featured_media":22262,"comment_status":"closed","ping_status":"closed","template":"","meta":[],"product_brand":[],"product_cat":[1145,1382,882,1143,1144,2204,1404,1339],"product_tag":[2069,218,2079,2068,2072,1059,2065,2089],"class_list":{"0":"post-22266","1":"product","2":"type-product","3":"status-publish","4":"has-post-thumbnail","6":"product_cat-dames-winterjas","7":"product_cat-dames-winterjassen","8":"product_cat-versano","9":"product_cat-winterjas","10":"product_cat-winterjas-dames","11":"product_cat-winterjas-dames-halflang","12":"product_cat-winterjassen","13":"product_cat-winterjassen-dames","14":"product_tag-dames-winterjas-halflang","15":"product_tag-dames-winterjas-rood","16":"product_tag-dames-winterjas-versano","17":"product_tag-halflange-winterjas-dames","18":"product_tag-merk-winterjas-dames","19":"product_tag-rode-winterjas-dames","20":"product_tag-winterjas-dames-merk","21":"product_tag-winterjas-halflang-dames","22":"product_shipping_class-verzendkosten-1","23":"tm-no-options","25":"first","26":"instock","27":"sale","28":"taxable","29":"shipping-taxable","30":"purchasable","31":"product-type-variable"},"yoast_head":"<!-- This site is optimized with the Yoast SEO plugin v27.2 - https:\/\/yoast.com\/product\/yoast-seo-wordpress\/ -->\n<title>Winterjas dames halflang met capuchon Zita rood Versano<\/title>\n<meta name=\"description\" content=\"Ben je op zoek naar een Winterjas dames halflang met capuchon Zita rood Versano, dan bent u bij versano aan het juiste adres.\" \/>\n<meta name=\"robots\" content=\"index, follow, max-snippet:-1, max-image-preview:large, max-video-preview:-1\" \/>\n<link rel=\"canonical\" href=\"https:\/\/versano.nl\/fr\/shop\/halflange-dames-winterjas-met-capuchon-zita-rood-versano\/\" \/>\n<meta property=\"og:locale\" content=\"fr_FR\" \/>\n<meta property=\"og:type\" content=\"article\" \/>\n<meta property=\"og:title\" content=\"Winterjas dames halflang met capuchon Zita rood Versano\" \/>\n<meta property=\"og:description\" content=\"Ben je op zoek naar een Winterjas dames halflang met capuchon Zita rood Versano, dan bent u bij versano aan het juiste adres.\" \/>\n<meta property=\"og:url\" content=\"https:\/\/versano.nl\/fr\/shop\/halflange-dames-winterjas-met-capuchon-zita-rood-versano\/\" \/>\n<meta property=\"og:site_name\" content=\"Versano\" \/>\n<meta property=\"article:modified_time\" content=\"2026-03-06T15:10:36+00:00\" \/>\n<meta property=\"og:image\" content=\"https:\/\/versano.nl\/wp-content\/uploads\/2021\/08\/halflange-dames-winterjas-met-capuchon-rood-versano-voorkant-1.jpg\" \/>\n\t<meta property=\"og:image:width\" content=\"900\" \/>\n\t<meta property=\"og:image:height\" content=\"1200\" \/>\n\t<meta property=\"og:image:type\" content=\"image\/jpeg\" \/>\n<meta name=\"twitter:card\" content=\"summary_large_image\" \/>\n<meta name=\"twitter:label1\" content=\"Dur\u00e9e de lecture estim\u00e9e\" \/>\n\t<meta name=\"twitter:data1\" content=\"2 minutes\" \/>\n<script type=\"application\/ld+json\" class=\"yoast-schema-graph\">{\"@context\":\"https:\/\/schema.org\",\"@graph\":[{\"@type\":\"WebPage\",\"@id\":\"https:\/\/versano.nl\/shop\/halflange-dames-winterjas-met-capuchon-zita-rood-versano\/\",\"url\":\"https:\/\/versano.nl\/shop\/halflange-dames-winterjas-met-capuchon-zita-rood-versano\/\",\"name\":\"Winterjas dames halflang met capuchon Zita rood Versano\",\"isPartOf\":{\"@id\":\"https:\/\/versano.nl\/#website\"},\"primaryImageOfPage\":{\"@id\":\"https:\/\/versano.nl\/shop\/halflange-dames-winterjas-met-capuchon-zita-rood-versano\/#primaryimage\"},\"image\":{\"@id\":\"https:\/\/versano.nl\/shop\/halflange-dames-winterjas-met-capuchon-zita-rood-versano\/#primaryimage\"},\"thumbnailUrl\":\"https:\/\/versano.nl\/wp-content\/uploads\/2021\/08\/halflange-dames-winterjas-met-capuchon-rood-versano-voorkant-1.jpg\",\"datePublished\":\"2021-08-27T21:55:36+00:00\",\"dateModified\":\"2026-03-06T15:10:36+00:00\",\"description\":\"Ben je op zoek naar een Winterjas dames halflang met capuchon Zita rood Versano, dan bent u bij versano aan het juiste adres.\",\"breadcrumb\":{\"@id\":\"https:\/\/versano.nl\/shop\/halflange-dames-winterjas-met-capuchon-zita-rood-versano\/#breadcrumb\"},\"inLanguage\":\"fr-FR\",\"potentialAction\":[{\"@type\":\"ReadAction\",\"target\":[\"https:\/\/versano.nl\/shop\/halflange-dames-winterjas-met-capuchon-zita-rood-versano\/\"]}]},{\"@type\":\"ImageObject\",\"inLanguage\":\"fr-FR\",\"@id\":\"https:\/\/versano.nl\/shop\/halflange-dames-winterjas-met-capuchon-zita-rood-versano\/#primaryimage\",\"url\":\"https:\/\/versano.nl\/wp-content\/uploads\/2021\/08\/halflange-dames-winterjas-met-capuchon-rood-versano-voorkant-1.jpg\",\"contentUrl\":\"https:\/\/versano.nl\/wp-content\/uploads\/2021\/08\/halflange-dames-winterjas-met-capuchon-rood-versano-voorkant-1.jpg\",\"width\":900,\"height\":1200,\"caption\":\"Winterjas dames halflang met capuchon Zita rood Versano\"},{\"@type\":\"BreadcrumbList\",\"@id\":\"https:\/\/versano.nl\/shop\/halflange-dames-winterjas-met-capuchon-zita-rood-versano\/#breadcrumb\",\"itemListElement\":[{\"@type\":\"ListItem\",\"position\":1,\"name\":\"Home\",\"item\":\"https:\/\/versano.nl\/\"},{\"@type\":\"ListItem\",\"position\":2,\"name\":\"Shop\",\"item\":\"https:\/\/versano.nl\/shop\/\"},{\"@type\":\"ListItem\",\"position\":3,\"name\":\"Winterjas dames halflang met capuchon Zita rood Versano\"}]},{\"@type\":\"WebSite\",\"@id\":\"https:\/\/versano.nl\/#website\",\"url\":\"https:\/\/versano.nl\/\",\"name\":\"Versano\",\"description\":\"winterjassen met bontkraag | leren dames jassen | leren heren jassen\",\"potentialAction\":[{\"@type\":\"SearchAction\",\"target\":{\"@type\":\"EntryPoint\",\"urlTemplate\":\"https:\/\/versano.nl\/?s={search_term_string}\"},\"query-input\":{\"@type\":\"PropertyValueSpecification\",\"valueRequired\":true,\"valueName\":\"search_term_string\"}}],\"inLanguage\":\"fr-FR\"}]}<\/script>\n<!-- \/ Yoast SEO plugin. -->","yoast_head_json":{"title":"Veste d&#039;hiver femme longueur moyenne avec capuche Zita rouge Versano","description":"Si vous cherchez une veste d&#039;hiver pour femme avec une capuche Zita rouge Versano, alors vous \u00eates au bon endroit chez versano.","robots":{"index":"index","follow":"follow","max-snippet":"max-snippet:-1","max-image-preview":"max-image-preview:large","max-video-preview":"max-video-preview:-1"},"canonical":"https:\/\/versano.nl\/fr\/shop\/halflange-dames-winterjas-met-capuchon-zita-rood-versano\/","og_locale":"fr_FR","og_type":"article","og_title":"Winterjas dames halflang met capuchon Zita rood Versano","og_description":"Ben je op zoek naar een Winterjas dames halflang met capuchon Zita rood Versano, dan bent u bij versano aan het juiste adres.","og_url":"https:\/\/versano.nl\/fr\/shop\/halflange-dames-winterjas-met-capuchon-zita-rood-versano\/","og_site_name":"Versano","article_modified_time":"2026-03-06T15:10:36+00:00","og_image":[{"width":900,"height":1200,"url":"https:\/\/versano.nl\/wp-content\/uploads\/2021\/08\/halflange-dames-winterjas-met-capuchon-rood-versano-voorkant-1.jpg","type":"image\/jpeg"}],"twitter_card":"summary_large_image","twitter_misc":{"Dur\u00e9e de lecture estim\u00e9e":"2 minutes"},"schema":{"@context":"https:\/\/schema.org","@graph":[{"@type":"WebPage","@id":"https:\/\/versano.nl\/shop\/halflange-dames-winterjas-met-capuchon-zita-rood-versano\/","url":"https:\/\/versano.nl\/shop\/halflange-dames-winterjas-met-capuchon-zita-rood-versano\/","name":"Veste d&#039;hiver femme longueur moyenne avec capuche Zita rouge Versano","isPartOf":{"@id":"https:\/\/versano.nl\/#website"},"primaryImageOfPage":{"@id":"https:\/\/versano.nl\/shop\/halflange-dames-winterjas-met-capuchon-zita-rood-versano\/#primaryimage"},"image":{"@id":"https:\/\/versano.nl\/shop\/halflange-dames-winterjas-met-capuchon-zita-rood-versano\/#primaryimage"},"thumbnailUrl":"https:\/\/versano.nl\/wp-content\/uploads\/2021\/08\/halflange-dames-winterjas-met-capuchon-rood-versano-voorkant-1.jpg","datePublished":"2021-08-27T21:55:36+00:00","dateModified":"2026-03-06T15:10:36+00:00","description":"Si vous cherchez une veste d&#039;hiver pour femme avec une capuche Zita rouge Versano, alors vous \u00eates au bon endroit chez versano.","breadcrumb":{"@id":"https:\/\/versano.nl\/shop\/halflange-dames-winterjas-met-capuchon-zita-rood-versano\/#breadcrumb"},"inLanguage":"fr-FR","potentialAction":[{"@type":"ReadAction","target":["https:\/\/versano.nl\/shop\/halflange-dames-winterjas-met-capuchon-zita-rood-versano\/"]}]},{"@type":"ImageObject","inLanguage":"fr-FR","@id":"https:\/\/versano.nl\/shop\/halflange-dames-winterjas-met-capuchon-zita-rood-versano\/#primaryimage","url":"https:\/\/versano.nl\/wp-content\/uploads\/2021\/08\/halflange-dames-winterjas-met-capuchon-rood-versano-voorkant-1.jpg","contentUrl":"https:\/\/versano.nl\/wp-content\/uploads\/2021\/08\/halflange-dames-winterjas-met-capuchon-rood-versano-voorkant-1.jpg","width":900,"height":1200,"caption":"Winterjas dames halflang met capuchon Zita rood Versano"},{"@type":"BreadcrumbList","@id":"https:\/\/versano.nl\/shop\/halflange-dames-winterjas-met-capuchon-zita-rood-versano\/#breadcrumb","itemListElement":[{"@type":"ListItem","position":1,"name":"Home","item":"https:\/\/versano.nl\/"},{"@type":"ListItem","position":2,"name":"Shop","item":"https:\/\/versano.nl\/shop\/"},{"@type":"ListItem","position":3,"name":"Winterjas dames halflang met capuchon Zita rood Versano"}]},{"@type":"WebSite","@id":"https:\/\/versano.nl\/#website","url":"https:\/\/versano.nl\/","name":"Versano","description":"manteaux d&#039;hiver avec col en fourrure | vestes femme en cuir | vestes en cuir pour hommes","potentialAction":[{"@type":"SearchAction","target":{"@type":"EntryPoint","urlTemplate":"https:\/\/versano.nl\/?s={search_term_string}"},"query-input":{"@type":"PropertyValueSpecification","valueRequired":true,"valueName":"search_term_string"}}],"inLanguage":"fr-FR"}]}},"_links":{"self":[{"href":"https:\/\/versano.nl\/fr\/wp-json\/wp\/v2\/product\/22266","targetHints":{"allow":["GET"]}}],"collection":[{"href":"https:\/\/versano.nl\/fr\/wp-json\/wp\/v2\/product"}],"about":[{"href":"https:\/\/versano.nl\/fr\/wp-json\/wp\/v2\/types\/product"}],"replies":[{"embeddable":true,"href":"https:\/\/versano.nl\/fr\/wp-json\/wp\/v2\/comments?post=22266"}],"wp:featuredmedia":[{"embeddable":true,"href":"https:\/\/versano.nl\/fr\/wp-json\/wp\/v2\/media\/22262"}],"wp:attachment":[{"href":"https:\/\/versano.nl\/fr\/wp-json\/wp\/v2\/media?parent=22266"}],"wp:term":[{"taxonomy":"product_brand","embeddable":true,"href":"https:\/\/versano.nl\/fr\/wp-json\/wp\/v2\/product_brand?post=22266"},{"taxonomy":"product_cat","embeddable":true,"href":"https:\/\/versano.nl\/fr\/wp-json\/wp\/v2\/product_cat?post=22266"},{"taxonomy":"product_tag","embeddable":true,"href":"https:\/\/versano.nl\/fr\/wp-json\/wp\/v2\/product_tag?post=22266"}],"curies":[{"name":"wp","href":"https:\/\/api.w.org\/{rel}","templated":true}]}}