{"id":211,"date":"2017-04-20T12:06:22","date_gmt":"2017-04-20T12:06:22","guid":{"rendered":"https:\/\/leathershopdoci.nl\/shop\/leren-dames-jas-groen-versano-315\/"},"modified":"2026-02-27T11:51:24","modified_gmt":"2026-02-27T11:51:24","slug":"leren-dames-jas-groen-versano-315","status":"publish","type":"product","link":"https:\/\/versano.nl\/fr\/shop\/leren-dames-jas-groen-versano-315\/","title":{"rendered":"Veste en cuir femme 315 vert Versano"},"content":{"rendered":"<h2>Veste en cuir femme 315 vert Versano<\/h2>\n<p>Vous cherchez une veste en cuir chic dans laquelle vous aimez vous promener ? Chez Versano, ils savent comment concevoir et produire une telle veste. Prenez, par exemple, cette belle veste en cuir pour femme 315 verte Versano. C&#039;est une veste qui, vous ne pouvez pas le nier, est sublime. La finition est absolument parfaite et tous les \u00e9l\u00e9ments sont bien coordonn\u00e9s. C&#039;est l&#039;un des mod\u00e8les de base de Versano et en tant que tel aussi l&#039;un de nos succ\u00e8s. Il est disponible en cuir d&#039;agneau r\u00e9sistant, mais si vous pr\u00e9f\u00e9rez ne pas le porter, nous avons \u00e9galement r\u00e9alis\u00e9 cette veste en simili cuir. Ce mod\u00e8le est disponible en plusieurs coloris et \u00e9galement dans des tailles plus grandes jusqu&#039;\u00e0 5xl.<\/p>\n<h2><strong>Commander Versano mod\u00e8le 315<\/strong><\/h2>\n<p>Cette veste chic pour femme de Versano est l&#039;un des meilleurs mod\u00e8les basiques de la marque italienne Versano. C&#039;est une veste qui peut \u00eatre bien combin\u00e9e avec diff\u00e9rents types de v\u00eatements. Pensez \u00e0 une jupe, mais aussi \u00e0 un jean cool. La veste a quatre poches, deux poches lat\u00e9rales et deux petites poches sur la poitrine. Le cognac 315 de Versano est compos\u00e9 des meilleurs mat\u00e9riaux et est doux et souple car il est en cuir d&#039;agneau 100%. Si vous commandez cette veste chez nous, vous recevrez une veste qui restera belle toute une vie. La couleur est facile \u00e0 combiner et se marie avec presque toutes vos tenues. Son design italien garantit que la veste est bien ajust\u00e9e et reste confortable \u00e0 porter. Ce mod\u00e8le n&#039;est pas trop charg\u00e9, ce qui en fait un grand classique. vous pouvez facilement commander sur notre site.<\/p>\n<p>marque: <a href=\"https:\/\/versano.nl\/\" target=\"_blank\" rel=\"noopener noreferrer\">Versano<\/a><br \/>\nMati\u00e8re: 100% cuir d&#039;agneau<br \/>\nDoublure: 100% polyester<br \/>\nLongueur: court<br \/>\nCoupe: bien ajust\u00e9e<br \/>\nFermeture: fermeture \u00e9clair<br \/>\nPoches: poches avec zip<br \/>\nCol: col montant<br \/>\ncouche externe Mat\u00e9riel: haute qualit\u00e9 et doux en peau d&#039;agneau<br \/>\nD\u00e9lai de livraison: 2-3 jours ouvrables<\/p>","protected":false},"excerpt":{"rendered":"<p><strong>CHOISISSEZ UNE AUTRE COULEUR ICI<\/strong><\/p>\n<p><a href=\"https:\/\/versano.nl\/shop\/dames-leren-jas-315-cognac-versano\/\"><img loading=\"lazy\" decoding=\"async\" class=\"alignnone size-full wp-image-19827\" src=\"https:\/\/versano.nl\/wp-content\/uploads\/sites\/2\/2019\/01\/dames-leren-jassen-cognac-ronde-kraag-315-model2-thumb.jpg\" alt=\"\" width=\"57\" height=\"75\" \/><\/a><a href=\"https:\/\/versano.nl\/shop\/dames-leren-jasje-315-blauw-versano\/\"><img loading=\"lazy\" decoding=\"async\" class=\"alignnone size-full wp-image-19828\" src=\"https:\/\/versano.nl\/wp-content\/uploads\/sites\/2\/2019\/01\/leren-dames-jas-blauw-ronde-kraag-315-model4-thumb.jpg\" alt=\"\" width=\"57\" height=\"75\" \/><\/a><a href=\"https:\/\/versano.nl\/shop\/leren-dames-jas-315-bruin-versano\/\"><img loading=\"lazy\" decoding=\"async\" class=\"alignnone size-full wp-image-19830\" src=\"https:\/\/versano.nl\/wp-content\/uploads\/sites\/2\/2019\/01\/leren-dames-jassen-bruin-ronde-kraag-315-model3-thumb.jpg\" alt=\"\" width=\"57\" height=\"75\" \/><\/a><a href=\"https:\/\/versano.nl\/shop\/dames-leren-jas-versano-315-zwart\/\"><img loading=\"lazy\" decoding=\"async\" class=\"alignnone size-full wp-image-19831\" src=\"https:\/\/versano.nl\/wp-content\/uploads\/sites\/2\/2019\/01\/leren-dames-jassen-zwart-ronde-kraag-315-model3-thumb.jpg\" alt=\"\" width=\"57\" height=\"75\" \/><\/a><a href=\"https:\/\/versano.nl\/shop\/leren-dames-jas-rood-versano-315\/\"><img loading=\"lazy\" decoding=\"async\" class=\"alignnone size-full wp-image-19833\" src=\"https:\/\/versano.nl\/wp-content\/uploads\/sites\/2\/2019\/01\/leren-jasje-rood-ronde-kraag-315-model2-thumb.jpg\" alt=\"\" width=\"57\" height=\"75\" \/><\/a><a href=\"https:\/\/versano.nl\/shop\/leren-dames-jas-beige-versano-315\/\"><img loading=\"lazy\" decoding=\"async\" class=\"alignnone size-full wp-image-19832\" src=\"https:\/\/versano.nl\/wp-content\/uploads\/sites\/2\/2019\/01\/leren-jasje-beige-ronde-kraag-315-model3-thumb.jpg\" alt=\"\" width=\"57\" height=\"75\" \/><\/a><a href=\"https:\/\/versano.nl\/shop\/leren-dames-jas-beige-versano-315\/\"><img loading=\"lazy\" decoding=\"async\" class=\"alignnone size-full wp-image-27050\" src=\"https:\/\/versano.nl\/wp-content\/uploads\/sites\/2\/2017\/04\/leren-dames-jas-taupe-camel-myversano-315-thumb.jpg\" alt=\"\" width=\"57\" height=\"76\" srcset=\"https:\/\/versano.nl\/wp-content\/uploads\/2017\/04\/leren-dames-jas-taupe-camel-myversano-315-thumb.jpg 57w, https:\/\/versano.nl\/wp-content\/uploads\/2017\/04\/leren-dames-jas-taupe-camel-myversano-315-thumb-9x12.jpg 9w\" sizes=\"auto, (max-width: 57px) 100vw, 57px\" \/><\/a><\/p>\n<p><span style=\"color: red;\">Conseils d&#039;ajustement:<\/span> La coupe de cette veste est bien ajust\u00e9e. Notre mannequin mesure 1,68 cm et porte une taille S.<\/p>\n<p>Si vous n&#039;\u00eates pas s\u00fbr de vos mesures, nous vous recommandons de commencer par mesurer vos mesures de taille et de les comparer avec notre tableau des tailles. Si vous n&#039;avez aucune exp\u00e9rience dans la mesure des tailles de circonf\u00e9rence, cliquez sur <a href=\"https:\/\/www.youtube.com\/watch?v=3ZSfY87v6pM\"><em><span style=\"text-decoration: none;\">ICI<\/span><\/em>\u00a0<\/a>\u00a0\u00e0 <a href=\"https:\/\/www.youtube.com\/watch?v=3ZSfY87v6pM\"><em><span style=\"color: red; text-decoration: none;\">VIDEO<\/span><\/em><\/a>\u00a0 avec des instructions. Vous pouvez \u00e9galement nous appeler ou nous appliquer directement! Nos employ\u00e9s sont toujours disponibles pour vous aider.<\/p>\n<p><strong><span style=\"color: black;\">HEURE DE LIVRAISON :<\/span><\/strong> 2 \u00e0 3 jours ouvr\u00e9s.<\/p>","protected":false},"featured_media":16583,"comment_status":"closed","ping_status":"closed","template":"","meta":[],"product_brand":[],"product_cat":[90,874,875,1470,879,880,1712,881,2051,878,882],"product_tag":[110,111,112,113,114,95,115,116,98,101,105,106,107],"class_list":{"0":"post-211","1":"product","2":"type-product","3":"status-publish","4":"has-post-thumbnail","6":"product_cat-dames-leren-jassen","7":"product_cat-kort-leren-jasje","8":"product_cat-kort-leren-jasje-dames","9":"product_cat-leren-dames-jas","10":"product_cat-leren-dames-jassen","11":"product_cat-leren-jasje-dames","12":"product_cat-leren-jassen","13":"product_cat-leren-jassen-dames","14":"product_cat-leren-jassen-dames-grote-maten","15":"product_cat-leren-jassen-dames-uitverkoop","16":"product_cat-versano","17":"product_tag-dames-leren-jas-groen","18":"product_tag-goedkope-dames-leren-jas-groen","19":"product_tag-goedkope-leren-dames-jas-groen","20":"product_tag-groene-dames-leren-jas","21":"product_tag-groene-leren-dames-jas","22":"product_tag-korte-leren-jassen","23":"product_tag-leren-dames-jas-groen","24":"product_tag-leren-groene-jas-dames","25":"product_tag-leren-jasje","26":"product_tag-online-leren-jassen","27":"product_tag-versano-leren-jassen","28":"product_tag-winter-leren-jassen","29":"product_tag-zomer-leren-jassen","30":"tm-no-options","32":"first","33":"instock","34":"taxable","35":"shipping-taxable","36":"product-type-variable"},"yoast_head":"<!-- This site is optimized with the Yoast SEO plugin v27.2 - https:\/\/yoast.com\/product\/yoast-seo-wordpress\/ -->\n<title>Dames leren jas 315 groen Versano, dames leren jassen<\/title>\n<meta name=\"description\" content=\"Met de Dames leren jas groen 315 Versano mag je echt gezien worden. Deze jas is gemaakt van lamsleer, en heeft een uitstekende pasvorm.\" \/>\n<meta name=\"robots\" content=\"index, follow, max-snippet:-1, max-image-preview:large, max-video-preview:-1\" \/>\n<link rel=\"canonical\" href=\"https:\/\/versano.nl\/fr\/shop\/leren-dames-jas-groen-versano-315\/\" \/>\n<meta property=\"og:locale\" content=\"fr_FR\" \/>\n<meta property=\"og:type\" content=\"article\" \/>\n<meta property=\"og:title\" content=\"Dames leren jas 315 groen Versano, dames leren jassen\" \/>\n<meta property=\"og:description\" content=\"Met de Dames leren jas groen 315 Versano mag je echt gezien worden. Deze jas is gemaakt van lamsleer, en heeft een uitstekende pasvorm.\" \/>\n<meta property=\"og:url\" content=\"https:\/\/versano.nl\/fr\/shop\/leren-dames-jas-groen-versano-315\/\" \/>\n<meta property=\"og:site_name\" content=\"Versano\" \/>\n<meta property=\"article:modified_time\" content=\"2026-02-27T11:51:24+00:00\" \/>\n<meta property=\"og:image\" content=\"https:\/\/versano.nl\/wp-content\/uploads\/2020\/07\/leren-dames-jas-groen-ronde-kraag-315-model5.jpg\" \/>\n\t<meta property=\"og:image:width\" content=\"900\" \/>\n\t<meta property=\"og:image:height\" content=\"1176\" \/>\n\t<meta property=\"og:image:type\" content=\"image\/jpeg\" \/>\n<meta name=\"twitter:card\" content=\"summary_large_image\" \/>\n<meta name=\"twitter:label1\" content=\"Dur\u00e9e de lecture estim\u00e9e\" \/>\n\t<meta name=\"twitter:data1\" content=\"2 minutes\" \/>\n<script type=\"application\/ld+json\" class=\"yoast-schema-graph\">{\"@context\":\"https:\/\/schema.org\",\"@graph\":[{\"@type\":\"WebPage\",\"@id\":\"https:\/\/versano.nl\/shop\/leren-dames-jas-groen-versano-315\/\",\"url\":\"https:\/\/versano.nl\/shop\/leren-dames-jas-groen-versano-315\/\",\"name\":\"Dames leren jas 315 groen Versano, dames leren jassen\",\"isPartOf\":{\"@id\":\"https:\/\/versano.nl\/#website\"},\"primaryImageOfPage\":{\"@id\":\"https:\/\/versano.nl\/shop\/leren-dames-jas-groen-versano-315\/#primaryimage\"},\"image\":{\"@id\":\"https:\/\/versano.nl\/shop\/leren-dames-jas-groen-versano-315\/#primaryimage\"},\"thumbnailUrl\":\"https:\/\/versano.nl\/wp-content\/uploads\/2020\/07\/leren-dames-jas-groen-ronde-kraag-315-model5.jpg\",\"datePublished\":\"2017-04-20T12:06:22+00:00\",\"dateModified\":\"2026-02-27T11:51:24+00:00\",\"description\":\"Met de Dames leren jas groen 315 Versano mag je echt gezien worden. Deze jas is gemaakt van lamsleer, en heeft een uitstekende pasvorm.\",\"breadcrumb\":{\"@id\":\"https:\/\/versano.nl\/shop\/leren-dames-jas-groen-versano-315\/#breadcrumb\"},\"inLanguage\":\"fr-FR\",\"potentialAction\":[{\"@type\":\"ReadAction\",\"target\":[\"https:\/\/versano.nl\/shop\/leren-dames-jas-groen-versano-315\/\"]}]},{\"@type\":\"ImageObject\",\"inLanguage\":\"fr-FR\",\"@id\":\"https:\/\/versano.nl\/shop\/leren-dames-jas-groen-versano-315\/#primaryimage\",\"url\":\"https:\/\/versano.nl\/wp-content\/uploads\/2020\/07\/leren-dames-jas-groen-ronde-kraag-315-model5.jpg\",\"contentUrl\":\"https:\/\/versano.nl\/wp-content\/uploads\/2020\/07\/leren-dames-jas-groen-ronde-kraag-315-model5.jpg\",\"width\":900,\"height\":1176,\"caption\":\"Dames leren jas 315 groen Versano\"},{\"@type\":\"BreadcrumbList\",\"@id\":\"https:\/\/versano.nl\/shop\/leren-dames-jas-groen-versano-315\/#breadcrumb\",\"itemListElement\":[{\"@type\":\"ListItem\",\"position\":1,\"name\":\"Home\",\"item\":\"https:\/\/versano.nl\/\"},{\"@type\":\"ListItem\",\"position\":2,\"name\":\"Shop\",\"item\":\"https:\/\/versano.nl\/shop\/\"},{\"@type\":\"ListItem\",\"position\":3,\"name\":\"Dames leren jas 315 groen Versano\"}]},{\"@type\":\"WebSite\",\"@id\":\"https:\/\/versano.nl\/#website\",\"url\":\"https:\/\/versano.nl\/\",\"name\":\"Versano\",\"description\":\"winterjassen met bontkraag | leren dames jassen | leren heren jassen\",\"potentialAction\":[{\"@type\":\"SearchAction\",\"target\":{\"@type\":\"EntryPoint\",\"urlTemplate\":\"https:\/\/versano.nl\/?s={search_term_string}\"},\"query-input\":{\"@type\":\"PropertyValueSpecification\",\"valueRequired\":true,\"valueName\":\"search_term_string\"}}],\"inLanguage\":\"fr-FR\"}]}<\/script>\n<!-- \/ Yoast SEO plugin. -->","yoast_head_json":{"title":"Veste en cuir femme 315 vert Versano, vestes en cuir femme","description":"Avec la veste en cuir pour femme verte 315 Versano, vous pouvez vraiment \u00eatre vu. Cette veste est faite de cuir d&#039;agneau et a une excellente coupe.","robots":{"index":"index","follow":"follow","max-snippet":"max-snippet:-1","max-image-preview":"max-image-preview:large","max-video-preview":"max-video-preview:-1"},"canonical":"https:\/\/versano.nl\/fr\/shop\/leren-dames-jas-groen-versano-315\/","og_locale":"fr_FR","og_type":"article","og_title":"Dames leren jas 315 groen Versano, dames leren jassen","og_description":"Met de Dames leren jas groen 315 Versano mag je echt gezien worden. Deze jas is gemaakt van lamsleer, en heeft een uitstekende pasvorm.","og_url":"https:\/\/versano.nl\/fr\/shop\/leren-dames-jas-groen-versano-315\/","og_site_name":"Versano","article_modified_time":"2026-02-27T11:51:24+00:00","og_image":[{"width":900,"height":1176,"url":"https:\/\/versano.nl\/wp-content\/uploads\/2020\/07\/leren-dames-jas-groen-ronde-kraag-315-model5.jpg","type":"image\/jpeg"}],"twitter_card":"summary_large_image","twitter_misc":{"Dur\u00e9e de lecture estim\u00e9e":"2 minutes"},"schema":{"@context":"https:\/\/schema.org","@graph":[{"@type":"WebPage","@id":"https:\/\/versano.nl\/shop\/leren-dames-jas-groen-versano-315\/","url":"https:\/\/versano.nl\/shop\/leren-dames-jas-groen-versano-315\/","name":"Veste en cuir femme 315 vert Versano, vestes en cuir femme","isPartOf":{"@id":"https:\/\/versano.nl\/#website"},"primaryImageOfPage":{"@id":"https:\/\/versano.nl\/shop\/leren-dames-jas-groen-versano-315\/#primaryimage"},"image":{"@id":"https:\/\/versano.nl\/shop\/leren-dames-jas-groen-versano-315\/#primaryimage"},"thumbnailUrl":"https:\/\/versano.nl\/wp-content\/uploads\/2020\/07\/leren-dames-jas-groen-ronde-kraag-315-model5.jpg","datePublished":"2017-04-20T12:06:22+00:00","dateModified":"2026-02-27T11:51:24+00:00","description":"Avec la veste en cuir pour femme verte 315 Versano, vous pouvez vraiment \u00eatre vu. Cette veste est faite de cuir d&#039;agneau et a une excellente coupe.","breadcrumb":{"@id":"https:\/\/versano.nl\/shop\/leren-dames-jas-groen-versano-315\/#breadcrumb"},"inLanguage":"fr-FR","potentialAction":[{"@type":"ReadAction","target":["https:\/\/versano.nl\/shop\/leren-dames-jas-groen-versano-315\/"]}]},{"@type":"ImageObject","inLanguage":"fr-FR","@id":"https:\/\/versano.nl\/shop\/leren-dames-jas-groen-versano-315\/#primaryimage","url":"https:\/\/versano.nl\/wp-content\/uploads\/2020\/07\/leren-dames-jas-groen-ronde-kraag-315-model5.jpg","contentUrl":"https:\/\/versano.nl\/wp-content\/uploads\/2020\/07\/leren-dames-jas-groen-ronde-kraag-315-model5.jpg","width":900,"height":1176,"caption":"Dames leren jas 315 groen Versano"},{"@type":"BreadcrumbList","@id":"https:\/\/versano.nl\/shop\/leren-dames-jas-groen-versano-315\/#breadcrumb","itemListElement":[{"@type":"ListItem","position":1,"name":"Home","item":"https:\/\/versano.nl\/"},{"@type":"ListItem","position":2,"name":"Shop","item":"https:\/\/versano.nl\/shop\/"},{"@type":"ListItem","position":3,"name":"Dames leren jas 315 groen Versano"}]},{"@type":"WebSite","@id":"https:\/\/versano.nl\/#website","url":"https:\/\/versano.nl\/","name":"Versano","description":"manteaux d&#039;hiver avec col en fourrure | vestes femme en cuir | vestes en cuir pour hommes","potentialAction":[{"@type":"SearchAction","target":{"@type":"EntryPoint","urlTemplate":"https:\/\/versano.nl\/?s={search_term_string}"},"query-input":{"@type":"PropertyValueSpecification","valueRequired":true,"valueName":"search_term_string"}}],"inLanguage":"fr-FR"}]}},"_links":{"self":[{"href":"https:\/\/versano.nl\/fr\/wp-json\/wp\/v2\/product\/211","targetHints":{"allow":["GET"]}}],"collection":[{"href":"https:\/\/versano.nl\/fr\/wp-json\/wp\/v2\/product"}],"about":[{"href":"https:\/\/versano.nl\/fr\/wp-json\/wp\/v2\/types\/product"}],"replies":[{"embeddable":true,"href":"https:\/\/versano.nl\/fr\/wp-json\/wp\/v2\/comments?post=211"}],"wp:featuredmedia":[{"embeddable":true,"href":"https:\/\/versano.nl\/fr\/wp-json\/wp\/v2\/media\/16583"}],"wp:attachment":[{"href":"https:\/\/versano.nl\/fr\/wp-json\/wp\/v2\/media?parent=211"}],"wp:term":[{"taxonomy":"product_brand","embeddable":true,"href":"https:\/\/versano.nl\/fr\/wp-json\/wp\/v2\/product_brand?post=211"},{"taxonomy":"product_cat","embeddable":true,"href":"https:\/\/versano.nl\/fr\/wp-json\/wp\/v2\/product_cat?post=211"},{"taxonomy":"product_tag","embeddable":true,"href":"https:\/\/versano.nl\/fr\/wp-json\/wp\/v2\/product_tag?post=211"}],"curies":[{"name":"wp","href":"https:\/\/api.w.org\/{rel}","templated":true}]}}