{"id":189,"date":"2017-04-20T12:16:54","date_gmt":"2017-04-20T12:16:54","guid":{"rendered":"https:\/\/leathershopdoci.nl\/shop\/leren-dames-jas-rood-versano-315\/"},"modified":"2026-02-20T12:22:27","modified_gmt":"2026-02-20T12:22:27","slug":"leren-dames-jas-rood-versano-315","status":"publish","type":"product","link":"https:\/\/versano.nl\/fr\/shop\/leren-dames-jas-rood-versano-315\/","title":{"rendered":"Veste en cuir dames 315 rouge Versano"},"content":{"rendered":"<h2>Veste en cuir femme rouge Versano<\/h2>\n<p>Vous cherchez une veste en cuir chic dans laquelle vous aimez vous promener ? Chez Versano, ils savent comment concevoir et produire une telle veste. Prenez, par exemple, cette belle veste en cuir dames 315 Versano rouge. C&#039;est une veste qui, vous ne pouvez pas le nier, est sublime. La finition est absolument parfaite et tous les \u00e9l\u00e9ments sont bien coordonn\u00e9s. C&#039;est l&#039;un des mod\u00e8les de base de Versano et en tant que tel aussi l&#039;un de nos succ\u00e8s. Il est disponible en cuir d&#039;agneau r\u00e9sistant, mais si vous pr\u00e9f\u00e9rez ne pas le porter, nous avons \u00e9galement r\u00e9alis\u00e9 cette veste en simili cuir. Ce mod\u00e8le est disponible en plusieurs coloris et \u00e9galement dans des tailles plus grandes jusqu&#039;\u00e0 5xl.<\/p>\n<h2><strong>Commandez veste en cuir rouge Versano<\/strong><\/h2>\n<p>Cette veste en cuir pour femme rouge Versano est l&#039;un des meilleurs mod\u00e8les basiques de la marque italienne Versano. C&#039;est une veste qui peut \u00eatre bien combin\u00e9e avec diff\u00e9rents types de v\u00eatements. Pensez \u00e0 une jupe, mais aussi \u00e0 un jean cool. La veste a quatre poches, deux poches lat\u00e9rales et deux petites poches sur la poitrine. Le 315 rouge de Versano est compos\u00e9 des meilleurs mat\u00e9riaux et est doux et souple car il est en cuir d&#039;agneau 100%. Si vous commandez cette veste chez nous, vous recevrez une veste qui restera belle toute une vie. La couleur est facile \u00e0 combiner et se marie avec presque toutes vos tenues. Son design italien garantit que la veste est bien ajust\u00e9e et reste confortable \u00e0 porter. Ce mod\u00e8le n&#039;est pas trop charg\u00e9, ce qui en fait un grand classique. vous pouvez facilement commander sur notre site.<\/p>\n<p>marque: <a href=\"https:\/\/versano.nl\/\" target=\"_blank\" rel=\"noopener noreferrer\">Versano<\/a><br \/>\nMati\u00e8re: 100% cuir d&#039;agneau<br \/>\nDoublure: 100% polyester<br \/>\nLongueur: court<br \/>\nCoupe: bien ajust\u00e9e<br \/>\nFermeture: fermeture \u00e9clair<br \/>\nPoches: poches avec zip<br \/>\nCol: col montant<br \/>\ncouche externe Mat\u00e9riel: haute qualit\u00e9 et doux en peau d&#039;agneau<br \/>\nD\u00e9lai de livraison: 2-3 jours ouvrables<\/p>","protected":false},"excerpt":{"rendered":"<p><strong>CHOISISSEZ UNE AUTRE COULEUR ICI<\/strong><\/p>\n<p><a href=\"https:\/\/versano.nl\/shop\/dames-leren-jas-315-cognac-versano\/\"><img loading=\"lazy\" decoding=\"async\" class=\"alignnone size-full wp-image-19827\" src=\"https:\/\/versano.nl\/wp-content\/uploads\/sites\/2\/2019\/01\/dames-leren-jassen-cognac-ronde-kraag-315-model2-thumb.jpg\" alt=\"\" width=\"57\" height=\"75\" \/><\/a><a href=\"https:\/\/versano.nl\/shop\/dames-leren-jasje-315-blauw-versano\/\"><img loading=\"lazy\" decoding=\"async\" class=\"alignnone size-full wp-image-19828\" src=\"https:\/\/versano.nl\/wp-content\/uploads\/sites\/2\/2019\/01\/leren-dames-jas-blauw-ronde-kraag-315-model4-thumb.jpg\" alt=\"\" width=\"57\" height=\"75\" \/><\/a><a href=\"https:\/\/versano.nl\/shop\/leren-dames-jas-groen-versano-315\/\"><img loading=\"lazy\" decoding=\"async\" class=\"alignnone size-full wp-image-19829\" src=\"https:\/\/versano.nl\/wp-content\/uploads\/sites\/2\/2019\/01\/leren-dames-jas-groen-ronde-kraag-315-model4-thumb.jpg\" alt=\"\" width=\"57\" height=\"75\" \/><\/a><a href=\"https:\/\/versano.nl\/shop\/leren-dames-jas-315-bruin-versano\/\"><img loading=\"lazy\" decoding=\"async\" class=\"alignnone size-full wp-image-19830\" src=\"https:\/\/versano.nl\/wp-content\/uploads\/sites\/2\/2019\/01\/leren-dames-jassen-bruin-ronde-kraag-315-model3-thumb.jpg\" alt=\"\" width=\"57\" height=\"75\" \/><\/a><a href=\"https:\/\/versano.nl\/shop\/dames-leren-jas-versano-315-zwart\/\"><img loading=\"lazy\" decoding=\"async\" class=\"alignnone size-full wp-image-19831\" src=\"https:\/\/versano.nl\/wp-content\/uploads\/sites\/2\/2019\/01\/leren-dames-jassen-zwart-ronde-kraag-315-model3-thumb.jpg\" alt=\"\" width=\"57\" height=\"75\" \/><\/a><a href=\"https:\/\/versano.nl\/shop\/leren-dames-jas-beige-versano-315\/\"><img loading=\"lazy\" decoding=\"async\" class=\"alignnone size-full wp-image-19832\" src=\"https:\/\/versano.nl\/wp-content\/uploads\/sites\/2\/2019\/01\/leren-jasje-beige-ronde-kraag-315-model3-thumb.jpg\" alt=\"\" width=\"57\" height=\"75\" \/><\/a><a href=\"https:\/\/versano.nl\/shop\/leren-dames-jas-beige-versano-315\/\"><img loading=\"lazy\" decoding=\"async\" class=\"alignnone size-full wp-image-27050\" src=\"https:\/\/versano.nl\/wp-content\/uploads\/sites\/2\/2017\/04\/leren-dames-jas-taupe-camel-myversano-315-thumb.jpg\" alt=\"\" width=\"57\" height=\"76\" srcset=\"https:\/\/versano.nl\/wp-content\/uploads\/2017\/04\/leren-dames-jas-taupe-camel-myversano-315-thumb.jpg 57w, https:\/\/versano.nl\/wp-content\/uploads\/2017\/04\/leren-dames-jas-taupe-camel-myversano-315-thumb-9x12.jpg 9w\" sizes=\"auto, (max-width: 57px) 100vw, 57px\" \/><\/a><a href=\"https:\/\/versano.nl\/shop\/leren-dames-jas-rood-versano-315\/\"><img loading=\"lazy\" decoding=\"async\" class=\"alignnone size-full wp-image-19833\" src=\"https:\/\/versano.nl\/wp-content\/uploads\/sites\/2\/2019\/01\/leren-jasje-rood-ronde-kraag-315-model2-thumb.jpg\" alt=\"\" width=\"57\" height=\"75\" \/><\/a><\/p>\n<p><span style=\"color: #ff0000;\">Conseils d&#039;ajustement:<\/span> La coupe de cette veste est bien ajust\u00e9e. Notre mannequin mesure 1,68 cm et porte une taille S.<\/p>\n<p>Si vous n&#039;\u00eates pas s\u00fbr de vos mesures, nous vous recommandons de commencer par mesurer vos mesures de taille et de les comparer avec notre tableau des tailles. Si vous n&#039;avez aucune exp\u00e9rience dans la mesure des tailles de circonf\u00e9rence, cliquez sur <a href=\"https:\/\/www.youtube.com\/watch?v=3ZSfY87v6pM\"><em>ICI<\/em>\u00a0<\/a>\u00a0\u00e0 <a href=\"https:\/\/www.youtube.com\/watch?v=3ZSfY87v6pM\"><em><span style=\"color: #ff0000;\">VIDEO<\/span><\/em><\/a>\u00a0 avec des instructions. Vous pouvez \u00e9galement nous appeler ou nous appliquer directement! Nos employ\u00e9s sont toujours disponibles pour vous aider.<\/p>\n<p><strong>HEURE DE LIVRAISON :<\/strong> 2 \u00e0 3 jours ouvr\u00e9s.<\/p>","protected":false},"featured_media":9065,"comment_status":"closed","ping_status":"closed","template":"","meta":[],"product_brand":[],"product_cat":[90,1248,874,875,1470,1247,879,880,1712,881,878,882],"product_tag":[91,93,94,95,96,97,98,99,100,101,102,103,104,105,106,107],"class_list":{"0":"post-189","1":"product","2":"type-product","3":"status-publish","4":"has-post-thumbnail","6":"product_cat-dames-leren-jassen","7":"product_cat-grote-maten-leren-dames-jassen","8":"product_cat-kort-leren-jasje","9":"product_cat-kort-leren-jasje-dames","10":"product_cat-leren-dames-jas","11":"product_cat-leren-dames-jas-grote-maat","12":"product_cat-leren-dames-jassen","13":"product_cat-leren-jasje-dames","14":"product_cat-leren-jassen","15":"product_cat-leren-jassen-dames","16":"product_cat-leren-jassen-dames-uitverkoop","17":"product_cat-versano","18":"product_tag-dames-leren-jas-rood","19":"product_tag-goedkope-dames-leren-jas-rood","20":"product_tag-goedkope-leren-dames-jas-rood","21":"product_tag-korte-leren-jassen","22":"product_tag-leren-dames-jas-rood","23":"product_tag-leren-dames-jasje-rood","24":"product_tag-leren-jasje","25":"product_tag-leren-jasje-rood","26":"product_tag-leren-rode-jas-dames","27":"product_tag-online-leren-jassen","28":"product_tag-rode-dames-leren-jas","29":"product_tag-rode-leren-dames-jas","30":"product_tag-rood-leren-jasje","31":"product_tag-versano-leren-jassen","32":"product_tag-winter-leren-jassen","33":"product_tag-zomer-leren-jassen","34":"tm-no-options","36":"first","37":"instock","38":"sale","39":"taxable","40":"shipping-taxable","41":"purchasable","42":"product-type-variable"},"yoast_head":"<!-- This site is optimized with the Yoast SEO plugin v27.2 - https:\/\/yoast.com\/product\/yoast-seo-wordpress\/ -->\n<title>Lederen jas dames 315 rood Versano, Leren Dames Jas Rood Versano<\/title>\n<meta name=\"description\" content=\"Bent u op zoek naar een Lederen jas dames 315 rood Versano? Dan bent u op onze website aan het juiste adres voor een nieuwe leren dames jas.\" \/>\n<meta name=\"robots\" content=\"index, follow, max-snippet:-1, max-image-preview:large, max-video-preview:-1\" \/>\n<link rel=\"canonical\" href=\"https:\/\/versano.nl\/fr\/shop\/leren-dames-jas-rood-versano-315\/\" \/>\n<meta property=\"og:locale\" content=\"fr_FR\" \/>\n<meta property=\"og:type\" content=\"article\" \/>\n<meta property=\"og:title\" content=\"Lederen jas dames 315 rood Versano, Leren Dames Jas Rood Versano\" \/>\n<meta property=\"og:description\" content=\"Bent u op zoek naar een Lederen jas dames 315 rood Versano? Dan bent u op onze website aan het juiste adres voor een nieuwe leren dames jas.\" \/>\n<meta property=\"og:url\" content=\"https:\/\/versano.nl\/fr\/shop\/leren-dames-jas-rood-versano-315\/\" \/>\n<meta property=\"og:site_name\" content=\"Versano\" \/>\n<meta property=\"article:modified_time\" content=\"2026-02-20T12:22:27+00:00\" \/>\n<meta property=\"og:image\" content=\"https:\/\/versano.nl\/wp-content\/uploads\/2017\/04\/leren-jasje-rood-ronde-kraag-315-model2.jpg\" \/>\n\t<meta property=\"og:image:width\" content=\"900\" \/>\n\t<meta property=\"og:image:height\" content=\"1176\" \/>\n\t<meta property=\"og:image:type\" content=\"image\/jpeg\" \/>\n<meta name=\"twitter:card\" content=\"summary_large_image\" \/>\n<meta name=\"twitter:label1\" content=\"Dur\u00e9e de lecture estim\u00e9e\" \/>\n\t<meta name=\"twitter:data1\" content=\"2 minutes\" \/>\n<script type=\"application\/ld+json\" class=\"yoast-schema-graph\">{\"@context\":\"https:\/\/schema.org\",\"@graph\":[{\"@type\":\"WebPage\",\"@id\":\"https:\/\/versano.nl\/shop\/leren-dames-jas-rood-versano-315\/\",\"url\":\"https:\/\/versano.nl\/shop\/leren-dames-jas-rood-versano-315\/\",\"name\":\"Lederen jas dames 315 rood Versano, Leren Dames Jas Rood Versano\",\"isPartOf\":{\"@id\":\"https:\/\/versano.nl\/#website\"},\"primaryImageOfPage\":{\"@id\":\"https:\/\/versano.nl\/shop\/leren-dames-jas-rood-versano-315\/#primaryimage\"},\"image\":{\"@id\":\"https:\/\/versano.nl\/shop\/leren-dames-jas-rood-versano-315\/#primaryimage\"},\"thumbnailUrl\":\"https:\/\/versano.nl\/wp-content\/uploads\/2017\/04\/leren-jasje-rood-ronde-kraag-315-model2.jpg\",\"datePublished\":\"2017-04-20T12:16:54+00:00\",\"dateModified\":\"2026-02-20T12:22:27+00:00\",\"description\":\"Bent u op zoek naar een Lederen jas dames 315 rood Versano? Dan bent u op onze website aan het juiste adres voor een nieuwe leren dames jas.\",\"breadcrumb\":{\"@id\":\"https:\/\/versano.nl\/shop\/leren-dames-jas-rood-versano-315\/#breadcrumb\"},\"inLanguage\":\"fr-FR\",\"potentialAction\":[{\"@type\":\"ReadAction\",\"target\":[\"https:\/\/versano.nl\/shop\/leren-dames-jas-rood-versano-315\/\"]}]},{\"@type\":\"ImageObject\",\"inLanguage\":\"fr-FR\",\"@id\":\"https:\/\/versano.nl\/shop\/leren-dames-jas-rood-versano-315\/#primaryimage\",\"url\":\"https:\/\/versano.nl\/wp-content\/uploads\/2017\/04\/leren-jasje-rood-ronde-kraag-315-model2.jpg\",\"contentUrl\":\"https:\/\/versano.nl\/wp-content\/uploads\/2017\/04\/leren-jasje-rood-ronde-kraag-315-model2.jpg\",\"width\":900,\"height\":1176,\"caption\":\"Lederen jas dames 315 rood Versano\"},{\"@type\":\"BreadcrumbList\",\"@id\":\"https:\/\/versano.nl\/shop\/leren-dames-jas-rood-versano-315\/#breadcrumb\",\"itemListElement\":[{\"@type\":\"ListItem\",\"position\":1,\"name\":\"Home\",\"item\":\"https:\/\/versano.nl\/\"},{\"@type\":\"ListItem\",\"position\":2,\"name\":\"Shop\",\"item\":\"https:\/\/versano.nl\/shop\/\"},{\"@type\":\"ListItem\",\"position\":3,\"name\":\"Lederen jas dames 315 rood Versano\"}]},{\"@type\":\"WebSite\",\"@id\":\"https:\/\/versano.nl\/#website\",\"url\":\"https:\/\/versano.nl\/\",\"name\":\"Versano\",\"description\":\"winterjassen met bontkraag | leren dames jassen | leren heren jassen\",\"potentialAction\":[{\"@type\":\"SearchAction\",\"target\":{\"@type\":\"EntryPoint\",\"urlTemplate\":\"https:\/\/versano.nl\/?s={search_term_string}\"},\"query-input\":{\"@type\":\"PropertyValueSpecification\",\"valueRequired\":true,\"valueName\":\"search_term_string\"}}],\"inLanguage\":\"fr-FR\"}]}<\/script>\n<!-- \/ Yoast SEO plugin. -->","yoast_head_json":{"title":"Veste en cuir dames 315 rouge Versano, Veste en cuir dames Rouge Versano","description":"Vous \u00eates \u00e0 la recherche d&#039;un blouson cuir femme 315 Versano rouge ? Alors vous \u00eates au bon endroit sur notre site Web pour une nouvelle veste en cuir pour femme.","robots":{"index":"index","follow":"follow","max-snippet":"max-snippet:-1","max-image-preview":"max-image-preview:large","max-video-preview":"max-video-preview:-1"},"canonical":"https:\/\/versano.nl\/fr\/shop\/leren-dames-jas-rood-versano-315\/","og_locale":"fr_FR","og_type":"article","og_title":"Lederen jas dames 315 rood Versano, Leren Dames Jas Rood Versano","og_description":"Bent u op zoek naar een Lederen jas dames 315 rood Versano? Dan bent u op onze website aan het juiste adres voor een nieuwe leren dames jas.","og_url":"https:\/\/versano.nl\/fr\/shop\/leren-dames-jas-rood-versano-315\/","og_site_name":"Versano","article_modified_time":"2026-02-20T12:22:27+00:00","og_image":[{"width":900,"height":1176,"url":"https:\/\/versano.nl\/wp-content\/uploads\/2017\/04\/leren-jasje-rood-ronde-kraag-315-model2.jpg","type":"image\/jpeg"}],"twitter_card":"summary_large_image","twitter_misc":{"Dur\u00e9e de lecture estim\u00e9e":"2 minutes"},"schema":{"@context":"https:\/\/schema.org","@graph":[{"@type":"WebPage","@id":"https:\/\/versano.nl\/shop\/leren-dames-jas-rood-versano-315\/","url":"https:\/\/versano.nl\/shop\/leren-dames-jas-rood-versano-315\/","name":"Veste en cuir dames 315 rouge Versano, Veste en cuir dames Rouge Versano","isPartOf":{"@id":"https:\/\/versano.nl\/#website"},"primaryImageOfPage":{"@id":"https:\/\/versano.nl\/shop\/leren-dames-jas-rood-versano-315\/#primaryimage"},"image":{"@id":"https:\/\/versano.nl\/shop\/leren-dames-jas-rood-versano-315\/#primaryimage"},"thumbnailUrl":"https:\/\/versano.nl\/wp-content\/uploads\/2017\/04\/leren-jasje-rood-ronde-kraag-315-model2.jpg","datePublished":"2017-04-20T12:16:54+00:00","dateModified":"2026-02-20T12:22:27+00:00","description":"Vous \u00eates \u00e0 la recherche d&#039;un blouson cuir femme 315 Versano rouge ? Alors vous \u00eates au bon endroit sur notre site Web pour une nouvelle veste en cuir pour femme.","breadcrumb":{"@id":"https:\/\/versano.nl\/shop\/leren-dames-jas-rood-versano-315\/#breadcrumb"},"inLanguage":"fr-FR","potentialAction":[{"@type":"ReadAction","target":["https:\/\/versano.nl\/shop\/leren-dames-jas-rood-versano-315\/"]}]},{"@type":"ImageObject","inLanguage":"fr-FR","@id":"https:\/\/versano.nl\/shop\/leren-dames-jas-rood-versano-315\/#primaryimage","url":"https:\/\/versano.nl\/wp-content\/uploads\/2017\/04\/leren-jasje-rood-ronde-kraag-315-model2.jpg","contentUrl":"https:\/\/versano.nl\/wp-content\/uploads\/2017\/04\/leren-jasje-rood-ronde-kraag-315-model2.jpg","width":900,"height":1176,"caption":"Lederen jas dames 315 rood Versano"},{"@type":"BreadcrumbList","@id":"https:\/\/versano.nl\/shop\/leren-dames-jas-rood-versano-315\/#breadcrumb","itemListElement":[{"@type":"ListItem","position":1,"name":"Home","item":"https:\/\/versano.nl\/"},{"@type":"ListItem","position":2,"name":"Shop","item":"https:\/\/versano.nl\/shop\/"},{"@type":"ListItem","position":3,"name":"Lederen jas dames 315 rood Versano"}]},{"@type":"WebSite","@id":"https:\/\/versano.nl\/#website","url":"https:\/\/versano.nl\/","name":"Versano","description":"manteaux d&#039;hiver avec col en fourrure | vestes femme en cuir | vestes en cuir pour hommes","potentialAction":[{"@type":"SearchAction","target":{"@type":"EntryPoint","urlTemplate":"https:\/\/versano.nl\/?s={search_term_string}"},"query-input":{"@type":"PropertyValueSpecification","valueRequired":true,"valueName":"search_term_string"}}],"inLanguage":"fr-FR"}]}},"_links":{"self":[{"href":"https:\/\/versano.nl\/fr\/wp-json\/wp\/v2\/product\/189","targetHints":{"allow":["GET"]}}],"collection":[{"href":"https:\/\/versano.nl\/fr\/wp-json\/wp\/v2\/product"}],"about":[{"href":"https:\/\/versano.nl\/fr\/wp-json\/wp\/v2\/types\/product"}],"replies":[{"embeddable":true,"href":"https:\/\/versano.nl\/fr\/wp-json\/wp\/v2\/comments?post=189"}],"wp:featuredmedia":[{"embeddable":true,"href":"https:\/\/versano.nl\/fr\/wp-json\/wp\/v2\/media\/9065"}],"wp:attachment":[{"href":"https:\/\/versano.nl\/fr\/wp-json\/wp\/v2\/media?parent=189"}],"wp:term":[{"taxonomy":"product_brand","embeddable":true,"href":"https:\/\/versano.nl\/fr\/wp-json\/wp\/v2\/product_brand?post=189"},{"taxonomy":"product_cat","embeddable":true,"href":"https:\/\/versano.nl\/fr\/wp-json\/wp\/v2\/product_cat?post=189"},{"taxonomy":"product_tag","embeddable":true,"href":"https:\/\/versano.nl\/fr\/wp-json\/wp\/v2\/product_tag?post=189"}],"curies":[{"name":"wp","href":"https:\/\/api.w.org\/{rel}","templated":true}]}}