{"id":17145,"date":"2020-08-15T13:30:43","date_gmt":"2020-08-15T13:30:43","guid":{"rendered":"https:\/\/versano.nl\/shop\/heren-winterjas-halflang-zwart-smart-max-versano\/"},"modified":"2026-01-15T16:55:38","modified_gmt":"2026-01-15T16:55:38","slug":"heren-winterjas-halflang-zwart-smart-max-versano","status":"publish","type":"product","link":"https:\/\/versano.nl\/fr\/shop\/heren-winterjas-halflang-zwart-smart-max-versano\/","title":{"rendered":"Veste d&#039;hiver pour homme de longueur moyenne noire Smart Max Versano"},"content":{"rendered":"<h2>Veste d&#039;hiver pour homme de longueur moyenne noire Smart Max Versano<\/h2>\n<p>La veste d&#039;hiver pour hommes de longueur moyenne noire Smart Max Versano a une double fermeture compos\u00e9e d&#039;une fermeture \u00e0 glissi\u00e8re et d&#039;un bouton aimant\u00e9 qui se prolonge dans le col haut. En plus, cette veste d&#039;hiver noire pour homme de Versano poss\u00e8de \u00e9galement des mitaines en bande c\u00f4tel\u00e9e \u00e9lastique \u00e0 l&#039;extr\u00e9mit\u00e9 des manches au niveau du poignet. Vous mettez votre pouce \u00e0 travers cela et vous \u00eates assur\u00e9 d&#039;avoir des mains chaudes. La capuche amovible avec fermeture \u00e9clair a des boutons sur lesquels le col en fourrure peut \u00eatre attach\u00e9. De plus, la veste poss\u00e8de 6 poches ext\u00e9rieures, 4 poches basses dont 2 poches fendues avec fermeture \u00e9clair \u00e0 hauteur de hanches et 2 poches \u00e0 rabat avec fermeture boutonn\u00e9e \u00e0 hauteur de nombril. Les 2 poches sur la poitrine ont une fermeture \u00e0 bouton. Toutes les poches ext\u00e9rieures sont en polaire pour garder les mains bien au chaud et la veste dispose \u00e9galement de 2 poches profondes \u00e0 l&#039;int\u00e9rieur.<\/p>\n<h2>Commandez le mod\u00e8le Smart Max en noir<\/h2>\n<p><span style=\"font-size: 11.0pt; font-family: 'Arial',sans-serif;\">Avec une si belle veste Versano, vous pouvez \u00eatre s\u00fbr que vous pourrez la porter tout l&#039;hiver. Vous pouvez facilement commander ce mod\u00e8le dans la boutique en ligne Versano. Nous avons rassembl\u00e9 ici toutes nos vestes pour que vous puissiez facilement passer une commande. Chez Versano, vous pouvez toujours \u00eatre s\u00fbr que vous achetez un beau manteau qui a \u00e9t\u00e9 travaill\u00e9 avec soin. Avec nous, vous pouvez facilement choisir la bonne taille en fonction de nos vid\u00e9os d&#039;instructions intelligentes. Vous avez des questions ou vous ne savez pas quelle taille commander ? Ensuite, vous pouvez toujours nous contacter par mail ou WhatsApp. Nos employ\u00e9s aimeraient vous aider!<\/span><\/p>\n<p>marque:<a title=\"Versano\" href=\"https:\/\/versano.nl\" target=\"_blank\" rel=\"noopener noreferrer\"> Versano<\/a><br \/>\nlongueur: demi<br \/>\nCoupe : coupe ajust\u00e9e<br \/>\nDoublure: 100% polyester<br \/>\n\u00e9paisseur Doublure: 200 grammes align\u00e9s \u00e9pais<br \/>\nLongueur des manches: manches longues<br \/>\nCapuche: doubl\u00e9e, solide<br \/>\nLes plus: coutures renforc\u00e9es<br \/>\nfermeture: fermeture \u00e0 glissi\u00e8re, avec rabat de protection<br \/>\npoches: poches lat\u00e9rales sur la hanche avec boutons pression + poche int\u00e9rieure<br \/>\nFonction: imperm\u00e9able, coupe-vent<br \/>\nmat\u00e9riau couche ext\u00e9rieure: 100% polyester<br \/>\nAccessoires: col de fourrure (en option)<\/p>\n<p>D\u00e9lai de livraison: 2-3 jours ouvrables<\/p>\n<p><strong>EN OPTION: REAL FUR BAGUE RATON ART DE RACCOON FOURRURE<\/strong><\/p>","protected":false},"excerpt":{"rendered":"<p style=\"background: white; margin: 0cm 0cm 15.0pt 0cm;\"><strong><span style=\"font-size: 9.5pt; font-family: 'Arial',sans-serif; color: red;\">Pasvorm advies : Dit model valt kleiner dan normaal, we raden aan om een maat groter te bestellen.<\/span><\/strong><\/p>\n<p style=\"background: white; margin: 0cm 0cm 15.0pt 0cm;\"><span style=\"font-size: 9.5pt; font-family: 'Arial',sans-serif; color: #555555;\">De pasvorm van deze jas is slim-fit.<\/span><span style=\"font-size: 9.5pt; font-family: 'Arial',sans-serif; color: #555555;\"> Ons model is 1.85 cm lang en draagt een maat M.<\/span><\/p>\n<p style=\"background: white; text-align: start; margin: 0cm 0cm 15.0pt 0cm;\"><span style=\"font-size: 9.5pt; font-family: 'Arial',sans-serif; color: #555555;\">Si vous n&#039;\u00eates pas s\u00fbr de vos mesures, nous vous recommandons de commencer par mesurer vos mesures de taille et de les comparer avec notre tableau des tailles. Si vous n&#039;avez aucune exp\u00e9rience dans la mesure des tailles de circonf\u00e9rence, cliquez sur\u00a0<a style=\"line-height: inherit;\" href=\"https:\/\/www.youtube.com\/watch?v=3ZSfY87v6pM\"><em style=\"line-height: inherit;\"><span style=\"font-family: 'Arial',sans-serif; color: #333333; text-decoration: none;\">ICI<\/span><\/em><span style=\"color: #333333;\">\u00a0<\/span><\/a>\u00a0\u00e0\u00a0<\/span><span style=\"font-size: 9.5pt; font-family: 'Arial',sans-serif; color: red;\"><a style=\"line-height: inherit;\" href=\"https:\/\/www.youtube.com\/watch?v=3ZSfY87v6pM\"><em style=\"line-height: inherit;\"><span style=\"font-family: 'Arial',sans-serif; color: red; text-decoration: none;\">VIDEO<\/span><\/em><\/a><\/span><span style=\"font-size: 9.5pt; font-family: 'Arial',sans-serif; color: #555555;\">\u00a0 avec des instructions. Vous pouvez \u00e9galement nous appeler ou nous appliquer directement! Nos employ\u00e9s sont toujours disponibles pour vous aider.<\/span><\/p>\n<p style=\"background: white; text-align: start; margin: 0cm 0cm 15.0pt 0cm;\"><strong style=\"line-height: inherit;\"><span style=\"font-size: 9.5pt; font-family: 'Arial',sans-serif; color: #555555;\">HEURE DE LIVRAISON :<\/span><\/strong><span style=\"font-size: 9.5pt; font-family: 'Arial',sans-serif; color: #555555;\">\u00a02 \u00e0 3 jours ouvr\u00e9s.<\/span><\/p>\n<p style=\"background: white; text-align: start; margin: 0cm 0cm 15.0pt 0cm;\"><span style=\"font-size: 9.5pt; font-family: 'Arial',sans-serif; color: red;\">INFORMATION IMPORTANTE:<\/span><span style=\"font-size: 9.5pt; font-family: 'Arial',sans-serif; color: #555555;\">\u00a0Vous pouvez acheter n&#039;importe quelle veste Versano avec ou sans col en fourrure, le col en fourrure n&#039;est pas inclus.<\/span><\/p>","protected":false},"featured_media":30598,"comment_status":"closed","ping_status":"closed","template":"","meta":[],"product_brand":[],"product_cat":[1403,231,1146,1596,1601,1605,2060,1037,1080,882,1143,1147,1041,1081,1404,1082,1547],"product_tag":[1634,1186,1182,1635,1639,1632,1325,1640,1638,1316,1181,1628],"class_list":{"0":"post-17145","1":"product","2":"type-product","3":"status-publish","4":"has-post-thumbnail","6":"product_cat-bontkraag-jas","7":"product_cat-heren-jassen-met-bontkraag","8":"product_cat-heren-winterjas","9":"product_cat-heren-winterjas-met-bontkraag","10":"product_cat-heren-winterjas-met-pels","11":"product_cat-heren-winterjas-parka","12":"product_cat-heren-winterjassen","13":"product_cat-jas-met-bontkraag","14":"product_cat-jas-met-bontkraag-heren","15":"product_cat-versano","16":"product_cat-winterjas","17":"product_cat-winterjas-heren","18":"product_cat-winterjas-met-bontkraag","19":"product_cat-winterjas-met-bontkraag-heren","20":"product_cat-winterjassen","21":"product_cat-winterjassen-met-bontkraag-heren","22":"product_cat-winterjassen-heren","23":"product_tag-goedkope-winterjas-heren","24":"product_tag-heren-winterjas-zwart","25":"product_tag-lange-zwarte-heren-winterjas","26":"product_tag-parka-jas-heren","27":"product_tag-parka-jas-met-kraag","28":"product_tag-uitverkoop-winterjas-heren","29":"product_tag-versano-winterjassen","30":"product_tag-warme-winterjas-heren","31":"product_tag-winterjas-in-sale-heren","32":"product_tag-zwarte-heren-parka","33":"product_tag-zwarte-heren-winterjas","34":"product_tag-zwarte-parka-jas-heren","35":"tm-has-options","37":"first","38":"instock","39":"sale","40":"taxable","41":"shipping-taxable","42":"purchasable","43":"product-type-variable"},"yoast_head":"<!-- This site is optimized with the Yoast SEO plugin v27.2 - https:\/\/yoast.com\/product\/yoast-seo-wordpress\/ -->\n<title>Heren winterjas halflang zwart Smart Max Versano<\/title>\n<meta name=\"description\" content=\"Ben je op zoek naar een heren winterjas halflang zwart Smart Max Versano, dan ben je bij Versano aan het juiste adres voor parka jassen.\" \/>\n<meta name=\"robots\" content=\"index, follow, max-snippet:-1, max-image-preview:large, max-video-preview:-1\" \/>\n<link rel=\"canonical\" href=\"https:\/\/versano.nl\/fr\/shop\/heren-winterjas-halflang-zwart-smart-max-versano\/\" \/>\n<meta property=\"og:locale\" content=\"fr_FR\" \/>\n<meta property=\"og:type\" content=\"article\" \/>\n<meta property=\"og:title\" content=\"Heren winterjas halflang zwart Smart Max Versano\" \/>\n<meta property=\"og:description\" content=\"Ben je op zoek naar een heren winterjas halflang zwart Smart Max Versano, dan ben je bij Versano aan het juiste adres voor parka jassen.\" \/>\n<meta property=\"og:url\" content=\"https:\/\/versano.nl\/fr\/shop\/heren-winterjas-halflang-zwart-smart-max-versano\/\" \/>\n<meta property=\"og:site_name\" content=\"Versano\" \/>\n<meta property=\"article:modified_time\" content=\"2026-01-15T16:55:38+00:00\" \/>\n<meta property=\"og:image\" content=\"https:\/\/versano.nl\/wp-content\/uploads\/2020\/08\/01-1-1.jpg\" \/>\n\t<meta property=\"og:image:width\" content=\"600\" \/>\n\t<meta property=\"og:image:height\" content=\"800\" \/>\n\t<meta property=\"og:image:type\" content=\"image\/jpeg\" \/>\n<meta name=\"twitter:card\" content=\"summary_large_image\" \/>\n<meta name=\"twitter:label1\" content=\"Dur\u00e9e de lecture estim\u00e9e\" \/>\n\t<meta name=\"twitter:data1\" content=\"2 minutes\" \/>\n<script type=\"application\/ld+json\" class=\"yoast-schema-graph\">{\"@context\":\"https:\/\/schema.org\",\"@graph\":[{\"@type\":\"WebPage\",\"@id\":\"https:\/\/versano.nl\/shop\/heren-winterjas-halflang-zwart-smart-max-versano\/\",\"url\":\"https:\/\/versano.nl\/shop\/heren-winterjas-halflang-zwart-smart-max-versano\/\",\"name\":\"Heren winterjas halflang zwart Smart Max Versano\",\"isPartOf\":{\"@id\":\"https:\/\/versano.nl\/#website\"},\"primaryImageOfPage\":{\"@id\":\"https:\/\/versano.nl\/shop\/heren-winterjas-halflang-zwart-smart-max-versano\/#primaryimage\"},\"image\":{\"@id\":\"https:\/\/versano.nl\/shop\/heren-winterjas-halflang-zwart-smart-max-versano\/#primaryimage\"},\"thumbnailUrl\":\"https:\/\/versano.nl\/wp-content\/uploads\/2020\/08\/01-1-1.jpg\",\"datePublished\":\"2020-08-15T13:30:43+00:00\",\"dateModified\":\"2026-01-15T16:55:38+00:00\",\"description\":\"Ben je op zoek naar een heren winterjas halflang zwart Smart Max Versano, dan ben je bij Versano aan het juiste adres voor parka jassen.\",\"breadcrumb\":{\"@id\":\"https:\/\/versano.nl\/shop\/heren-winterjas-halflang-zwart-smart-max-versano\/#breadcrumb\"},\"inLanguage\":\"fr-FR\",\"potentialAction\":[{\"@type\":\"ReadAction\",\"target\":[\"https:\/\/versano.nl\/shop\/heren-winterjas-halflang-zwart-smart-max-versano\/\"]}]},{\"@type\":\"ImageObject\",\"inLanguage\":\"fr-FR\",\"@id\":\"https:\/\/versano.nl\/shop\/heren-winterjas-halflang-zwart-smart-max-versano\/#primaryimage\",\"url\":\"https:\/\/versano.nl\/wp-content\/uploads\/2020\/08\/01-1-1.jpg\",\"contentUrl\":\"https:\/\/versano.nl\/wp-content\/uploads\/2020\/08\/01-1-1.jpg\",\"width\":600,\"height\":800},{\"@type\":\"BreadcrumbList\",\"@id\":\"https:\/\/versano.nl\/shop\/heren-winterjas-halflang-zwart-smart-max-versano\/#breadcrumb\",\"itemListElement\":[{\"@type\":\"ListItem\",\"position\":1,\"name\":\"Home\",\"item\":\"https:\/\/versano.nl\/\"},{\"@type\":\"ListItem\",\"position\":2,\"name\":\"Shop\",\"item\":\"https:\/\/versano.nl\/shop\/\"},{\"@type\":\"ListItem\",\"position\":3,\"name\":\"Heren winterjas halflang zwart Smart Max Versano\"}]},{\"@type\":\"WebSite\",\"@id\":\"https:\/\/versano.nl\/#website\",\"url\":\"https:\/\/versano.nl\/\",\"name\":\"Versano\",\"description\":\"winterjassen met bontkraag | leren dames jassen | leren heren jassen\",\"potentialAction\":[{\"@type\":\"SearchAction\",\"target\":{\"@type\":\"EntryPoint\",\"urlTemplate\":\"https:\/\/versano.nl\/?s={search_term_string}\"},\"query-input\":{\"@type\":\"PropertyValueSpecification\",\"valueRequired\":true,\"valueName\":\"search_term_string\"}}],\"inLanguage\":\"fr-FR\"}]}<\/script>\n<!-- \/ Yoast SEO plugin. -->","yoast_head_json":{"title":"Veste d&#039;hiver pour homme de longueur moyenne noire Smart Max Versano","description":"Si vous recherchez une veste d&#039;hiver pour hommes, de longueur moyenne, noire Smart Max Versano, alors Versano est le bon endroit pour les vestes parka.","robots":{"index":"index","follow":"follow","max-snippet":"max-snippet:-1","max-image-preview":"max-image-preview:large","max-video-preview":"max-video-preview:-1"},"canonical":"https:\/\/versano.nl\/fr\/shop\/heren-winterjas-halflang-zwart-smart-max-versano\/","og_locale":"fr_FR","og_type":"article","og_title":"Heren winterjas halflang zwart Smart Max Versano","og_description":"Ben je op zoek naar een heren winterjas halflang zwart Smart Max Versano, dan ben je bij Versano aan het juiste adres voor parka jassen.","og_url":"https:\/\/versano.nl\/fr\/shop\/heren-winterjas-halflang-zwart-smart-max-versano\/","og_site_name":"Versano","article_modified_time":"2026-01-15T16:55:38+00:00","og_image":[{"width":600,"height":800,"url":"https:\/\/versano.nl\/wp-content\/uploads\/2020\/08\/01-1-1.jpg","type":"image\/jpeg"}],"twitter_card":"summary_large_image","twitter_misc":{"Dur\u00e9e de lecture estim\u00e9e":"2 minutes"},"schema":{"@context":"https:\/\/schema.org","@graph":[{"@type":"WebPage","@id":"https:\/\/versano.nl\/shop\/heren-winterjas-halflang-zwart-smart-max-versano\/","url":"https:\/\/versano.nl\/shop\/heren-winterjas-halflang-zwart-smart-max-versano\/","name":"Veste d&#039;hiver pour homme de longueur moyenne noire Smart Max Versano","isPartOf":{"@id":"https:\/\/versano.nl\/#website"},"primaryImageOfPage":{"@id":"https:\/\/versano.nl\/shop\/heren-winterjas-halflang-zwart-smart-max-versano\/#primaryimage"},"image":{"@id":"https:\/\/versano.nl\/shop\/heren-winterjas-halflang-zwart-smart-max-versano\/#primaryimage"},"thumbnailUrl":"https:\/\/versano.nl\/wp-content\/uploads\/2020\/08\/01-1-1.jpg","datePublished":"2020-08-15T13:30:43+00:00","dateModified":"2026-01-15T16:55:38+00:00","description":"Si vous recherchez une veste d&#039;hiver pour hommes, de longueur moyenne, noire Smart Max Versano, alors Versano est le bon endroit pour les vestes parka.","breadcrumb":{"@id":"https:\/\/versano.nl\/shop\/heren-winterjas-halflang-zwart-smart-max-versano\/#breadcrumb"},"inLanguage":"fr-FR","potentialAction":[{"@type":"ReadAction","target":["https:\/\/versano.nl\/shop\/heren-winterjas-halflang-zwart-smart-max-versano\/"]}]},{"@type":"ImageObject","inLanguage":"fr-FR","@id":"https:\/\/versano.nl\/shop\/heren-winterjas-halflang-zwart-smart-max-versano\/#primaryimage","url":"https:\/\/versano.nl\/wp-content\/uploads\/2020\/08\/01-1-1.jpg","contentUrl":"https:\/\/versano.nl\/wp-content\/uploads\/2020\/08\/01-1-1.jpg","width":600,"height":800},{"@type":"BreadcrumbList","@id":"https:\/\/versano.nl\/shop\/heren-winterjas-halflang-zwart-smart-max-versano\/#breadcrumb","itemListElement":[{"@type":"ListItem","position":1,"name":"Home","item":"https:\/\/versano.nl\/"},{"@type":"ListItem","position":2,"name":"Shop","item":"https:\/\/versano.nl\/shop\/"},{"@type":"ListItem","position":3,"name":"Heren winterjas halflang zwart Smart Max Versano"}]},{"@type":"WebSite","@id":"https:\/\/versano.nl\/#website","url":"https:\/\/versano.nl\/","name":"Versano","description":"manteaux d&#039;hiver avec col en fourrure | vestes femme en cuir | vestes en cuir pour hommes","potentialAction":[{"@type":"SearchAction","target":{"@type":"EntryPoint","urlTemplate":"https:\/\/versano.nl\/?s={search_term_string}"},"query-input":{"@type":"PropertyValueSpecification","valueRequired":true,"valueName":"search_term_string"}}],"inLanguage":"fr-FR"}]}},"_links":{"self":[{"href":"https:\/\/versano.nl\/fr\/wp-json\/wp\/v2\/product\/17145","targetHints":{"allow":["GET"]}}],"collection":[{"href":"https:\/\/versano.nl\/fr\/wp-json\/wp\/v2\/product"}],"about":[{"href":"https:\/\/versano.nl\/fr\/wp-json\/wp\/v2\/types\/product"}],"replies":[{"embeddable":true,"href":"https:\/\/versano.nl\/fr\/wp-json\/wp\/v2\/comments?post=17145"}],"wp:featuredmedia":[{"embeddable":true,"href":"https:\/\/versano.nl\/fr\/wp-json\/wp\/v2\/media\/30598"}],"wp:attachment":[{"href":"https:\/\/versano.nl\/fr\/wp-json\/wp\/v2\/media?parent=17145"}],"wp:term":[{"taxonomy":"product_brand","embeddable":true,"href":"https:\/\/versano.nl\/fr\/wp-json\/wp\/v2\/product_brand?post=17145"},{"taxonomy":"product_cat","embeddable":true,"href":"https:\/\/versano.nl\/fr\/wp-json\/wp\/v2\/product_cat?post=17145"},{"taxonomy":"product_tag","embeddable":true,"href":"https:\/\/versano.nl\/fr\/wp-json\/wp\/v2\/product_tag?post=17145"}],"curies":[{"name":"wp","href":"https:\/\/api.w.org\/{rel}","templated":true}]}}