{"id":17112,"date":"2020-08-13T21:52:52","date_gmt":"2020-08-13T21:52:52","guid":{"rendered":"https:\/\/versano.nl\/shop\/heren-winterjas-halflang-grijs-thomas-n-versano\/"},"modified":"2024-12-13T11:40:48","modified_gmt":"2024-12-13T11:40:48","slug":"heren-winterjas-halflang-grijs-thomas-n-versano","status":"publish","type":"product","link":"https:\/\/versano.nl\/fr\/shop\/heren-winterjas-halflang-grijs-thomas-n-versano\/","title":{"rendered":"Veste d&#039;hiver pour homme de longueur moyenne gris Thomas N Versano"},"content":{"rendered":"<h2><strong><span style=\"font-size: 14.0pt; font-family: 'Arial',sans-serif;\">Veste d&#039;hiver pour homme de longueur moyenne gris Thomas N Versano<\/span><\/strong><\/h2>\n<p><span style=\"font-size: 11.0pt; font-family: 'Arial',sans-serif;\">Cette veste d&#039;hiver pour hommes de Versano a une belle coupe ajust\u00e9e et est merveilleusement chaudement doubl\u00e9e. La veste a une capuche avec des boutons-pression sur lesquels le col de fourrure peut \u00eatre attach\u00e9.Bien s\u00fbr, vous pouvez \u00e9galement commander\/porter cette veste d&#039;hiver pour hommes mi-long gris Thomas Versano sans col de fourrure. De plus, la veste a une double fermeture compos\u00e9e d&#039;une fermeture \u00e0 glissi\u00e8re et d&#039;un bouton aimant\u00e9 qui se prolonge dans le col haut. Cette veste d&#039;hiver a 2 poches lat\u00e9rales avec fermeture \u00e9clair et une poche sur la poitrine avec fermeture \u00e9clair. Toutes les poches ext\u00e9rieures sont en polaire pour garder les mains bien au chaud et la veste dispose \u00e9galement de 2 poches profondes \u00e0 l&#039;int\u00e9rieur. C&#039;est une veste avec laquelle vous pouvez \u00eatre s\u00fbr que vous l&#039;appr\u00e9cierez lorsque vous la sortirez par mauvais temps. Il vous garde au chaud et est si joliment con\u00e7u que vous attirerez certainement l&#039;attention avec lui.<\/span><\/p>\n<h2><strong><span style=\"font-size: 14.0pt; font-family: 'Arial',sans-serif;\">Commander le mod\u00e8le Thomas N en gris<\/span><\/strong><\/h2>\n<p><span style=\"font-size: 11.0pt; font-family: 'Arial',sans-serif;\">Avec une si belle veste Versano, vous pouvez \u00eatre s\u00fbr que vous pourrez la porter tout l&#039;hiver. Vous pouvez facilement commander ce mod\u00e8le dans la boutique en ligne Versano. Nous avons rassembl\u00e9 ici toutes nos vestes pour que vous puissiez facilement passer une commande. Chez Versano, vous pouvez toujours \u00eatre s\u00fbr que vous achetez un beau manteau qui a \u00e9t\u00e9 travaill\u00e9 avec soin. Avec nous, vous pouvez facilement choisir la bonne taille en fonction de nos vid\u00e9os d&#039;instructions intelligentes. Vous avez des questions ou vous ne savez pas quelle taille commander ? Ensuite, vous pouvez toujours nous contacter par mail ou WhatsApp. Nos employ\u00e9s aimeraient vous aider!<\/span><\/p>\n<p><span style=\"font-family: 'Arial',sans-serif;\">\u00a0<\/span><\/p>\n<p><span style=\"font-family: 'Arial',sans-serif;\">marque:<a title=\"Versano\" href=\"https:\/\/versano.nl\" target=\"_blank\" rel=\"noopener noreferrer\"> Versano<\/a><br \/>\nlongueur: demi<br \/>\nCoupe: coupe ajust\u00e9e n\u00e9erlandaise<br \/>\nDoublure: 100% polyester<br \/>\n\u00e9paisseur Doublure: 200 grammes align\u00e9s \u00e9pais<br \/>\nLongueur des manches: manches longues<br \/>\nCapuche: doubl\u00e9e, solide<br \/>\nLes plus: coutures renforc\u00e9es<br \/>\nfermeture: fermeture \u00e0 glissi\u00e8re, avec rabat de protection<br \/>\npoches: poches lat\u00e9rales sur la hanche avec boutons pression + poche int\u00e9rieure<br \/>\nFonction: imperm\u00e9able, coupe-vent<br \/>\nmat\u00e9riau couche ext\u00e9rieure: 100% polyester<br \/>\nAccessoires: col de fourrure (en option)<\/span><\/p>\n<p><span style=\"font-size: 11.0pt; font-family: 'Arial',sans-serif;\">D\u00e9lai de livraison: 2-3 jours ouvrables<\/span><\/p>\n<p><strong>EN OPTION: REAL FUR BAGUE RATON ART DE RACCOON FOURRURE<\/strong><\/p>","protected":false},"excerpt":{"rendered":"<p>CHOISISSEZ UNE AUTRE COULEUR ICI<\/p>\n<p><strong><a href=\"https:\/\/versano.nl\/shop\/heren-parka-winterjas-halflang-zwart-thomas-n-versano\/\"><img loading=\"lazy\" decoding=\"async\" class=\"alignnone size-full wp-image-19720\" src=\"https:\/\/versano.nl\/wp-content\/uploads\/sites\/2\/2020\/08\/heren-winterjas-halflang-zwart-met-capuchon-bontkraag-versano-thomas-thumb.jpg\" alt=\"\" width=\"56\" height=\"75\" \/><\/a><a href=\"https:\/\/versano.nl\/shop\/heren-parka-winterjas-thomas-n-versano-blauw\/\"><img loading=\"lazy\" decoding=\"async\" class=\"alignnone size-full wp-image-26985\" src=\"https:\/\/versano.nl\/wp-content\/uploads\/sites\/2\/2022\/09\/heren-winterjas-halflang-zwart-met-capuchon-myversano-thomas-voorkant-gesloten-thumb.jpg\" alt=\"\" width=\"56\" height=\"75\" srcset=\"https:\/\/versano.nl\/wp-content\/uploads\/2022\/09\/heren-winterjas-halflang-zwart-met-capuchon-myversano-thomas-voorkant-gesloten-thumb.jpg 56w, https:\/\/versano.nl\/wp-content\/uploads\/2022\/09\/heren-winterjas-halflang-zwart-met-capuchon-myversano-thomas-voorkant-gesloten-thumb-9x12.jpg 9w\" sizes=\"auto, (max-width: 56px) 100vw, 56px\" \/><\/a><\/strong><\/p>\n<p style=\"background: white; margin: 0cm 0cm 15.0pt 0cm;\"><strong><span style=\"font-size: 9.5pt; font-family: 'Arial',sans-serif; color: red;\">Conseils d&#039;ajustement:\u00a0<\/span><\/strong><span style=\"font-size: 9.5pt; font-family: 'Arial',sans-serif; color: #555555;\">La coupe de cette veste est ajust\u00e9e. Notre mannequin mesure 1,85 cm et porte une taille M.<\/span><\/p>\n<p style=\"background: white; box-sizing: border-box; text-rendering: optimizelegibility; font-variant-ligatures: normal; font-variant-caps: normal; orphans: 2; text-align: start; widows: 2; -webkit-text-stroke-width: 0px; text-decoration-thickness: initial; text-decoration-style: initial; text-decoration-color: initial; word-spacing: 0px; margin: 0cm 0cm 15.0pt 0cm;\"><span style=\"font-size: 9.5pt; font-family: 'Arial',sans-serif; color: #555555;\">Si vous n&#039;\u00eates pas s\u00fbr de vos mesures, nous vous recommandons de commencer par mesurer vos mesures de taille et de les comparer avec notre tableau des tailles. Si vous n&#039;avez aucune exp\u00e9rience dans la mesure des tailles de circonf\u00e9rence, cliquez sur\u00a0<a style=\"box-sizing: border-box; line-height: inherit;\" href=\"https:\/\/www.youtube.com\/watch?v=3ZSfY87v6pM\"><em style=\"box-sizing: border-box; line-height: inherit;\"><span style=\"font-family: 'Arial',sans-serif; color: #333333; text-decoration: none; text-underline: none;\">ICI<\/span><\/em><span style=\"color: #333333;\">\u00a0<\/span><\/a>\u00a0\u00e0\u00a0<\/span><span style=\"box-sizing: border-box;\"><span style=\"font-size: 9.5pt; font-family: 'Arial',sans-serif; color: red;\"><a style=\"box-sizing: border-box; line-height: inherit;\" href=\"https:\/\/www.youtube.com\/watch?v=3ZSfY87v6pM\"><em style=\"box-sizing: border-box; line-height: inherit;\"><span style=\"font-family: 'Arial',sans-serif; color: red; text-decoration: none; text-underline: none;\">VIDEO<\/span><\/em><\/a><\/span><\/span><span style=\"font-size: 9.5pt; font-family: 'Arial',sans-serif; color: #555555;\">\u00a0 voir avec les instructions. Vous pouvez \u00e9galement nous appeler ou nous contacter directement ! Nos employ\u00e9s sont toujours disponibles pour vous aider.<\/span><\/p>\n<p style=\"background: white; box-sizing: border-box; text-rendering: optimizelegibility; font-variant-ligatures: normal; font-variant-caps: normal; orphans: 2; text-align: start; widows: 2; -webkit-text-stroke-width: 0px; text-decoration-thickness: initial; text-decoration-style: initial; text-decoration-color: initial; word-spacing: 0px; margin: 0cm 0cm 15.0pt 0cm;\"><strong style=\"box-sizing: border-box; line-height: inherit;\"><span style=\"font-size: 9.5pt; font-family: 'Arial',sans-serif; color: #555555;\">HEURE DE LIVRAISON :<\/span><\/strong><span style=\"font-size: 9.5pt; font-family: 'Arial',sans-serif; color: #555555;\">\u00a02 \u00e0 3 jours ouvr\u00e9s.<\/span><\/p>\n<p style=\"background: white; box-sizing: border-box; text-rendering: optimizelegibility; font-variant-ligatures: normal; font-variant-caps: normal; orphans: 2; text-align: start; widows: 2; -webkit-text-stroke-width: 0px; text-decoration-thickness: initial; text-decoration-style: initial; text-decoration-color: initial; word-spacing: 0px; margin: 0cm 0cm 15.0pt 0cm;\"><span style=\"box-sizing: border-box;\"><span style=\"font-size: 9.5pt; font-family: 'Arial',sans-serif; color: red;\">INFORMATION IMPORTANTE:<\/span><\/span><span style=\"font-size: 9.5pt; font-family: 'Arial',sans-serif; color: #555555;\">\u00a0Vous pouvez acheter n&#039;importe quelle veste Versano avec ou sans col en fourrure, le col en fourrure n&#039;est pas inclus.<\/span><\/p>","protected":false},"featured_media":18958,"comment_status":"closed","ping_status":"closed","template":"","meta":[],"product_brand":[],"product_cat":[1403,231,1146,1596,1601,1605,2060,1037,1080,882,1143,1147,1041,1081,1404,1082,1547],"product_tag":[1611,1309,1614,1310,1311,1312,1612,1616,1185,572,1615,1613],"class_list":{"0":"post-17112","1":"product","2":"type-product","3":"status-publish","4":"has-post-thumbnail","6":"product_cat-bontkraag-jas","7":"product_cat-heren-jassen-met-bontkraag","8":"product_cat-heren-winterjas","9":"product_cat-heren-winterjas-met-bontkraag","10":"product_cat-heren-winterjas-met-pels","11":"product_cat-heren-winterjas-parka","12":"product_cat-heren-winterjassen","13":"product_cat-jas-met-bontkraag","14":"product_cat-jas-met-bontkraag-heren","15":"product_cat-versano","16":"product_cat-winterjas","17":"product_cat-winterjas-heren","18":"product_cat-winterjas-met-bontkraag","19":"product_cat-winterjas-met-bontkraag-heren","20":"product_cat-winterjassen","21":"product_cat-winterjassen-met-bontkraag-heren","22":"product_cat-winterjassen-heren","23":"product_tag-goedkope-winterjassen","24":"product_tag-grijze-heren-parka-jas","25":"product_tag-grijze-winterjas-heren","26":"product_tag-heren-parka-jas-grijs","27":"product_tag-parka-heren-jas-grijs","28":"product_tag-parka-heren-winterjas","29":"product_tag-uitverkoop-winterjassen","30":"product_tag-versano-winterjassen-heren","31":"product_tag-winterjas-heren","32":"product_tag-winterjas-met-bontkraag-heren","33":"product_tag-winterjas-met-kraag-voor-heren","34":"product_tag-winterjassen-heren-in-sale","35":"tm-has-options","37":"first","38":"instock","39":"taxable","40":"shipping-taxable","41":"purchasable","42":"product-type-variable"},"yoast_head":"<!-- This site is optimized with the Yoast SEO plugin v27.2 - https:\/\/yoast.com\/product\/yoast-seo-wordpress\/ -->\n<title>Heren winterjas halflang grijs Thomas N Versano, zwarte parke heren jas<\/title>\n<meta name=\"description\" content=\"Ben je op zoek naar een Heren winterjas halflang grijs Thomas N Versano, dan ben je bij Versano aan het juiste adres voor parka jassen.\" \/>\n<meta name=\"robots\" content=\"index, follow, max-snippet:-1, max-image-preview:large, max-video-preview:-1\" \/>\n<link rel=\"canonical\" href=\"https:\/\/versano.nl\/fr\/shop\/heren-winterjas-halflang-grijs-thomas-n-versano\/\" \/>\n<meta property=\"og:locale\" content=\"fr_FR\" \/>\n<meta property=\"og:type\" content=\"article\" \/>\n<meta property=\"og:title\" content=\"Heren winterjas halflang grijs Thomas N Versano, zwarte parke heren jas\" \/>\n<meta property=\"og:description\" content=\"Ben je op zoek naar een Heren winterjas halflang grijs Thomas N Versano, dan ben je bij Versano aan het juiste adres voor parka jassen.\" \/>\n<meta property=\"og:url\" content=\"https:\/\/versano.nl\/fr\/shop\/heren-winterjas-halflang-grijs-thomas-n-versano\/\" \/>\n<meta property=\"og:site_name\" content=\"Versano\" \/>\n<meta property=\"article:modified_time\" content=\"2024-12-13T11:40:48+00:00\" \/>\n<meta property=\"og:image\" content=\"https:\/\/versano.nl\/wp-content\/uploads\/2020\/12\/heren-winterjas-halflang-grijs-met-capuchon-bontkraag-versano-thomas-voorkant.jpg\" \/>\n\t<meta property=\"og:image:width\" content=\"900\" \/>\n\t<meta property=\"og:image:height\" content=\"1200\" \/>\n\t<meta property=\"og:image:type\" content=\"image\/jpeg\" \/>\n<meta name=\"twitter:card\" content=\"summary_large_image\" \/>\n<meta name=\"twitter:label1\" content=\"Dur\u00e9e de lecture estim\u00e9e\" \/>\n\t<meta name=\"twitter:data1\" content=\"2 minutes\" \/>\n<script type=\"application\/ld+json\" class=\"yoast-schema-graph\">{\"@context\":\"https:\/\/schema.org\",\"@graph\":[{\"@type\":\"WebPage\",\"@id\":\"https:\/\/versano.nl\/shop\/heren-winterjas-halflang-grijs-thomas-n-versano\/\",\"url\":\"https:\/\/versano.nl\/shop\/heren-winterjas-halflang-grijs-thomas-n-versano\/\",\"name\":\"Heren winterjas halflang grijs Thomas N Versano, zwarte parke heren jas\",\"isPartOf\":{\"@id\":\"https:\/\/versano.nl\/#website\"},\"primaryImageOfPage\":{\"@id\":\"https:\/\/versano.nl\/shop\/heren-winterjas-halflang-grijs-thomas-n-versano\/#primaryimage\"},\"image\":{\"@id\":\"https:\/\/versano.nl\/shop\/heren-winterjas-halflang-grijs-thomas-n-versano\/#primaryimage\"},\"thumbnailUrl\":\"https:\/\/versano.nl\/wp-content\/uploads\/2020\/12\/heren-winterjas-halflang-grijs-met-capuchon-bontkraag-versano-thomas-voorkant.jpg\",\"datePublished\":\"2020-08-13T21:52:52+00:00\",\"dateModified\":\"2024-12-13T11:40:48+00:00\",\"description\":\"Ben je op zoek naar een Heren winterjas halflang grijs Thomas N Versano, dan ben je bij Versano aan het juiste adres voor parka jassen.\",\"breadcrumb\":{\"@id\":\"https:\/\/versano.nl\/shop\/heren-winterjas-halflang-grijs-thomas-n-versano\/#breadcrumb\"},\"inLanguage\":\"fr-FR\",\"potentialAction\":[{\"@type\":\"ReadAction\",\"target\":[\"https:\/\/versano.nl\/shop\/heren-winterjas-halflang-grijs-thomas-n-versano\/\"]}]},{\"@type\":\"ImageObject\",\"inLanguage\":\"fr-FR\",\"@id\":\"https:\/\/versano.nl\/shop\/heren-winterjas-halflang-grijs-thomas-n-versano\/#primaryimage\",\"url\":\"https:\/\/versano.nl\/wp-content\/uploads\/2020\/12\/heren-winterjas-halflang-grijs-met-capuchon-bontkraag-versano-thomas-voorkant.jpg\",\"contentUrl\":\"https:\/\/versano.nl\/wp-content\/uploads\/2020\/12\/heren-winterjas-halflang-grijs-met-capuchon-bontkraag-versano-thomas-voorkant.jpg\",\"width\":900,\"height\":1200,\"caption\":\"heren-winterjas-halflang-grijs-met-capuchon-bontkraag-versano-thomas-voorkant.jpg\"},{\"@type\":\"BreadcrumbList\",\"@id\":\"https:\/\/versano.nl\/shop\/heren-winterjas-halflang-grijs-thomas-n-versano\/#breadcrumb\",\"itemListElement\":[{\"@type\":\"ListItem\",\"position\":1,\"name\":\"Home\",\"item\":\"https:\/\/versano.nl\/\"},{\"@type\":\"ListItem\",\"position\":2,\"name\":\"Shop\",\"item\":\"https:\/\/versano.nl\/shop\/\"},{\"@type\":\"ListItem\",\"position\":3,\"name\":\"Heren winterjas halflang grijs Thomas N Versano\"}]},{\"@type\":\"WebSite\",\"@id\":\"https:\/\/versano.nl\/#website\",\"url\":\"https:\/\/versano.nl\/\",\"name\":\"Versano\",\"description\":\"winterjassen met bontkraag | leren dames jassen | leren heren jassen\",\"potentialAction\":[{\"@type\":\"SearchAction\",\"target\":{\"@type\":\"EntryPoint\",\"urlTemplate\":\"https:\/\/versano.nl\/?s={search_term_string}\"},\"query-input\":{\"@type\":\"PropertyValueSpecification\",\"valueRequired\":true,\"valueName\":\"search_term_string\"}}],\"inLanguage\":\"fr-FR\"}]}<\/script>\n<!-- \/ Yoast SEO plugin. -->","yoast_head_json":{"title":"Veste d&#039;hiver pour homme de longueur moyenne gris Thomas N Versano, veste pour homme parke noire","description":"\u00cates-vous \u00e0 la recherche d&#039;une veste d&#039;hiver pour hommes de longueur moyenne grise Thomas N Versano, alors Versano est le bon endroit pour les vestes parka.","robots":{"index":"index","follow":"follow","max-snippet":"max-snippet:-1","max-image-preview":"max-image-preview:large","max-video-preview":"max-video-preview:-1"},"canonical":"https:\/\/versano.nl\/fr\/shop\/heren-winterjas-halflang-grijs-thomas-n-versano\/","og_locale":"fr_FR","og_type":"article","og_title":"Heren winterjas halflang grijs Thomas N Versano, zwarte parke heren jas","og_description":"Ben je op zoek naar een Heren winterjas halflang grijs Thomas N Versano, dan ben je bij Versano aan het juiste adres voor parka jassen.","og_url":"https:\/\/versano.nl\/fr\/shop\/heren-winterjas-halflang-grijs-thomas-n-versano\/","og_site_name":"Versano","article_modified_time":"2024-12-13T11:40:48+00:00","og_image":[{"width":900,"height":1200,"url":"https:\/\/versano.nl\/wp-content\/uploads\/2020\/12\/heren-winterjas-halflang-grijs-met-capuchon-bontkraag-versano-thomas-voorkant.jpg","type":"image\/jpeg"}],"twitter_card":"summary_large_image","twitter_misc":{"Dur\u00e9e de lecture estim\u00e9e":"2 minutes"},"schema":{"@context":"https:\/\/schema.org","@graph":[{"@type":"WebPage","@id":"https:\/\/versano.nl\/shop\/heren-winterjas-halflang-grijs-thomas-n-versano\/","url":"https:\/\/versano.nl\/shop\/heren-winterjas-halflang-grijs-thomas-n-versano\/","name":"Veste d&#039;hiver pour homme de longueur moyenne gris Thomas N Versano, veste pour homme parke noire","isPartOf":{"@id":"https:\/\/versano.nl\/#website"},"primaryImageOfPage":{"@id":"https:\/\/versano.nl\/shop\/heren-winterjas-halflang-grijs-thomas-n-versano\/#primaryimage"},"image":{"@id":"https:\/\/versano.nl\/shop\/heren-winterjas-halflang-grijs-thomas-n-versano\/#primaryimage"},"thumbnailUrl":"https:\/\/versano.nl\/wp-content\/uploads\/2020\/12\/heren-winterjas-halflang-grijs-met-capuchon-bontkraag-versano-thomas-voorkant.jpg","datePublished":"2020-08-13T21:52:52+00:00","dateModified":"2024-12-13T11:40:48+00:00","description":"\u00cates-vous \u00e0 la recherche d&#039;une veste d&#039;hiver pour hommes de longueur moyenne grise Thomas N Versano, alors Versano est le bon endroit pour les vestes parka.","breadcrumb":{"@id":"https:\/\/versano.nl\/shop\/heren-winterjas-halflang-grijs-thomas-n-versano\/#breadcrumb"},"inLanguage":"fr-FR","potentialAction":[{"@type":"ReadAction","target":["https:\/\/versano.nl\/shop\/heren-winterjas-halflang-grijs-thomas-n-versano\/"]}]},{"@type":"ImageObject","inLanguage":"fr-FR","@id":"https:\/\/versano.nl\/shop\/heren-winterjas-halflang-grijs-thomas-n-versano\/#primaryimage","url":"https:\/\/versano.nl\/wp-content\/uploads\/2020\/12\/heren-winterjas-halflang-grijs-met-capuchon-bontkraag-versano-thomas-voorkant.jpg","contentUrl":"https:\/\/versano.nl\/wp-content\/uploads\/2020\/12\/heren-winterjas-halflang-grijs-met-capuchon-bontkraag-versano-thomas-voorkant.jpg","width":900,"height":1200,"caption":"heren-winterjas-halflang-grijs-met-capuchon-bontkraag-versano-thomas-voorkant.jpg"},{"@type":"BreadcrumbList","@id":"https:\/\/versano.nl\/shop\/heren-winterjas-halflang-grijs-thomas-n-versano\/#breadcrumb","itemListElement":[{"@type":"ListItem","position":1,"name":"Home","item":"https:\/\/versano.nl\/"},{"@type":"ListItem","position":2,"name":"Shop","item":"https:\/\/versano.nl\/shop\/"},{"@type":"ListItem","position":3,"name":"Heren winterjas halflang grijs Thomas N Versano"}]},{"@type":"WebSite","@id":"https:\/\/versano.nl\/#website","url":"https:\/\/versano.nl\/","name":"Versano","description":"manteaux d&#039;hiver avec col en fourrure | vestes femme en cuir | vestes en cuir pour hommes","potentialAction":[{"@type":"SearchAction","target":{"@type":"EntryPoint","urlTemplate":"https:\/\/versano.nl\/?s={search_term_string}"},"query-input":{"@type":"PropertyValueSpecification","valueRequired":true,"valueName":"search_term_string"}}],"inLanguage":"fr-FR"}]}},"_links":{"self":[{"href":"https:\/\/versano.nl\/fr\/wp-json\/wp\/v2\/product\/17112","targetHints":{"allow":["GET"]}}],"collection":[{"href":"https:\/\/versano.nl\/fr\/wp-json\/wp\/v2\/product"}],"about":[{"href":"https:\/\/versano.nl\/fr\/wp-json\/wp\/v2\/types\/product"}],"replies":[{"embeddable":true,"href":"https:\/\/versano.nl\/fr\/wp-json\/wp\/v2\/comments?post=17112"}],"wp:featuredmedia":[{"embeddable":true,"href":"https:\/\/versano.nl\/fr\/wp-json\/wp\/v2\/media\/18958"}],"wp:attachment":[{"href":"https:\/\/versano.nl\/fr\/wp-json\/wp\/v2\/media?parent=17112"}],"wp:term":[{"taxonomy":"product_brand","embeddable":true,"href":"https:\/\/versano.nl\/fr\/wp-json\/wp\/v2\/product_brand?post=17112"},{"taxonomy":"product_cat","embeddable":true,"href":"https:\/\/versano.nl\/fr\/wp-json\/wp\/v2\/product_cat?post=17112"},{"taxonomy":"product_tag","embeddable":true,"href":"https:\/\/versano.nl\/fr\/wp-json\/wp\/v2\/product_tag?post=17112"}],"curies":[{"name":"wp","href":"https:\/\/api.w.org\/{rel}","templated":true}]}}