{"id":16992,"date":"2020-08-08T12:13:45","date_gmt":"2020-08-08T12:13:45","guid":{"rendered":"https:\/\/versano.nl\/shop\/dames-parka-winterjas-4pocket-zwart-mary-versano\/"},"modified":"2026-03-29T22:18:47","modified_gmt":"2026-03-29T22:18:47","slug":"dames-parka-winterjas-4pocket-zwart-mary-versano","status":"publish","type":"product","link":"https:\/\/versano.nl\/fr\/shop\/dames-parka-winterjas-4pocket-zwart-mary-versano\/","title":{"rendered":"Veste d&#039;hiver parka femme Marry noir Versano"},"content":{"rendered":"<h2>Veste d&#039;hiver parka femme Marry noir Versano<\/h2>\n<p>Vous cherchez la veste d&#039;hiver parfaite Veste d&#039;hiver parka femme Marry Versano noir pour traverser l&#039;hiver ? Une veste de marque qui peut \u00eatre fournie avec et sans col en fourrure ? Ensuite, nous vous recommandons de jeter un \u0153il \u00e0 cette veste d&#039;hiver pour femmes avec les gants suppl\u00e9mentaires sans doigts en bande c\u00f4tel\u00e9e \u00e9lastique \u00e0 l&#039;extr\u00e9mit\u00e9 des manches au niveau du poignet. Vous mettez votre pouce \u00e0 travers cela et vous \u00eates assur\u00e9 d&#039;avoir des mains chaudes. C&#039;est l&#039;un des nouveaux mod\u00e8les de vestes mod\u00e8le parka de Versano. Cette veste d&#039;hiver dames Veste d&#039;hiver parka femme Marry noir Versano est un mod\u00e8le de longueur moyenne avec 2 poches \u00e0 hauteur de hanches, et 2 poches lat\u00e9rales \u00e0 hauteur de poitrine. Ces poches peuvent \u00eatre ferm\u00e9es par un bouton. C&#039;est l&#039;une des vestes Versano les plus vendues \u00e0 un prix tr\u00e8s comp\u00e9titif.<\/p>\n<h2>Acheter un manteau d&#039;hiver pour dames parka 4 poches noir?<\/h2>\n<p>Avec cette nouvelle veste d&#039;hiver noire pour femme \u00e0 4 poches de Versano, vous obtenez une veste que vous appr\u00e9cierez certainement pendant longtemps. Il s&#039;agit d&#039;une veste avec laquelle vous pouvez \u00eatre s\u00fbr que vous l&#039;appr\u00e9cierez lorsque vous l&#039;emporterez par mauvais temps. Il vous garde au chaud et est si joliment con\u00e7u que vous attirerez certainement l&#039;attention. La commande est tr\u00e8s simple et nos employ\u00e9s veilleront \u00e0 ce que votre veste vous soit envoy\u00e9e dans les plus brefs d\u00e9lais.<\/p>\n<p>&nbsp;<\/p>\n<p>Marque: Versano<br \/>\nlongueur: demi<br \/>\ncoupe: Regular fit<br \/>\ndoublure: 100% polyester<br \/>\n\u00e9paisseur Doublure: 200 grammes align\u00e9s \u00e9pais<br \/>\nLongueur des manches: Manches longues<br \/>\nHotte: doubl\u00e9e, solide<br \/>\nLes plus: coutures renforc\u00e9es<br \/>\nfermeture: fermeture \u00e0 glissi\u00e8re et des boutons avec rabat de protection, zip<br \/>\npoches: poches lat\u00e9rales, poches droites et poche int\u00e9rieure<br \/>\nFonction: imperm\u00e9able, coupe-vent<br \/>\nmat\u00e9riel: polyester<br \/>\nAccessoires: col de fourrure (en option)<br \/>\nextra: gants sans doigts (fin de manche) en velours c\u00f4tel\u00e9 \u00e9lastique<\/p>\n<p>D\u00e9lai de livraison: 2-3 jours<\/p>\n<p><strong>EN OPTION: REAL FUR BAGUE RATON ART DE RACCOON FOURRURE<\/strong><\/p>\n<p>&nbsp;<\/p>","protected":false},"excerpt":{"rendered":"<p><strong>CHOISISSEZ UNE AUTRE COULEUR ICI<\/strong><\/p>\n<p><span style=\"color: #ff0000;\"><a href=\"https:\/\/versano.nl\/shop\/parka-winterjas-4pocket-blauw-mary-versano\/\"><img loading=\"lazy\" decoding=\"async\" class=\"alignnone size-full wp-image-19657\" src=\"https:\/\/versano.nl\/wp-content\/uploads\/sites\/2\/2020\/08\/4pocket-halflange-dames-parka-winterjas-blauw-met-bontkraag-versano-mary-voorkant-thumb.jpg\" alt=\"\" width=\"56\" height=\"75\" \/><\/a><a href=\"https:\/\/versano.nl\/shop\/dames-parka-winterjas-grijs-4-pocket-mary-versano\/\"><img loading=\"lazy\" decoding=\"async\" class=\"alignnone size-full wp-image-19658\" src=\"https:\/\/versano.nl\/wp-content\/uploads\/sites\/2\/2020\/08\/4pocket-halflange-dames-parka-winterjas-grijs-met-bontkraag-versano-mary-voorkant-thumb.jpg\" alt=\"\" width=\"56\" height=\"75\" \/><\/a><\/span><\/p>\n<p><span style=\"color: #ff0000;\"><strong>Conseils d&#039;ajustement:<\/strong><\/span><\/p>\n<p><span style=\"color: #ff0000;\"> Getailleerde pasvorm, bekijk de maattabel voor de juiste maat.<\/span><\/p>\n<p><span style=\"color: #ff0000;\">Ons model is 1.64 m en weegt 63 kilo, ze draagt een XS.<\/span><\/p>\n<p>Si vous n&#039;\u00eates pas s\u00fbr de vos mesures, nous vous recommandons de commencer par mesurer vos mesures de taille et de les comparer avec notre tableau des tailles. Si vous n&#039;avez aucune exp\u00e9rience dans la mesure des tailles de circonf\u00e9rence, cliquez sur\u00a0<a href=\"https:\/\/www.youtube.com\/watch?v=3ZSfY87v6pM\"><em>ICI<\/em>\u00a0<\/a>\u00a0\u00e0\u00a0<span style=\"color: #ff0000;\"><a style=\"color: #ff0000;\" href=\"https:\/\/www.youtube.com\/watch?v=3ZSfY87v6pM\"><em>VIDEO<\/em><\/a><\/span>\u00a0\u00a0avec des instructions. Vous pouvez \u00e9galement nous appeler ou nous appliquer directement! Nos employ\u00e9s sont toujours disponibles pour vous aider.<\/p>\n<p><strong>HEURE DE LIVRAISON<\/strong> : 2 \u00e0 3 jours ouvr\u00e9s.<\/p>\n<p><span style=\"color: #ff0000;\">INFORMATION IMPORTANTE:<\/span><\/p>\n<p>Wij hebben een gedetailleerd pasvorm advies aangegeven in de product afbeeldingen. Bekijk dit voordat u een bestelling plaatst.<\/p>\n<p>Vous pouvez acheter n&#039;importe quelle veste Versano avec ou sans col en fourrure, le col en fourrure n&#039;est pas inclus.<\/p>","protected":false},"featured_media":35217,"comment_status":"closed","ping_status":"closed","template":"","meta":[],"product_brand":[],"product_cat":[1403,89,1012,1353,1406,1145,1384,1389,1382,828,1383,1037,1038,882,1143,1144,2204,1415,1041,1042,215,1404,1339],"product_tag":[1301,1373,1380,1374,1375,1355,1381,1357,1397,225,1356,772,1360,1396,1300,1304],"class_list":{"0":"post-16992","1":"product","2":"type-product","3":"status-publish","4":"has-post-thumbnail","6":"product_cat-bontkraag-jas","7":"product_cat-dames","8":"product_cat-dames-jas-met-bontkraag","9":"product_cat-dames-jas-met-pels","10":"product_cat-dames-parka-winterjas","11":"product_cat-dames-winterjas","12":"product_cat-dames-winterjas-met-bontkraag","13":"product_cat-dames-winterjas-met-pels","14":"product_cat-dames-winterjassen","15":"product_cat-dames-winterjassen-grote-maten","16":"product_cat-dames-winterjassen-met-bontkraag","17":"product_cat-jas-met-bontkraag","18":"product_cat-jas-met-bontkraag-dames","19":"product_cat-versano","20":"product_cat-winterjas","21":"product_cat-winterjas-dames","22":"product_cat-winterjas-dames-halflang","23":"product_cat-winterjas-dames-met-bontkraag","24":"product_cat-winterjas-met-bontkraag","25":"product_cat-winterjas-met-bontkraag-dames","26":"product_cat-dames-jassen-met-bontkraag","27":"product_cat-winterjassen","28":"product_cat-winterjassen-dames","29":"product_tag-dames-parka-4-pocket-jas","30":"product_tag-dames-parka-jas-met-bontkraag","31":"product_tag-pels-jas-dames","32":"product_tag-versano-winterjas","33":"product_tag-versano-winterjassen-dames","34":"product_tag-winterjas-dames","35":"product_tag-winterjas-dames-met-pels","36":"product_tag-winterjas-dames-parka","37":"product_tag-winterjas-dames-parka-zwart","38":"product_tag-winterjas-met-bontkraag-dames","39":"product_tag-winterjassen-dames","40":"product_tag-winterjassen-met-bontkraag-dames","41":"product_tag-winterjassen-met-pels-dames","42":"product_tag-winterjs-dames","43":"product_tag-zwarte-parka-4-pocket-jas-dames","44":"product_tag-zwarte-winterjas-met-4-zakken","45":"tm-has-options","47":"first","48":"instock","49":"sale","50":"taxable","51":"shipping-taxable","52":"purchasable","53":"product-type-variable"},"yoast_head":"<!-- This site is optimized with the Yoast SEO plugin v27.2 - https:\/\/yoast.com\/product\/yoast-seo-wordpress\/ -->\n<title>Dames parka winterjas Marry zwart Versano, parka jassen dames<\/title>\n<meta name=\"description\" content=\"Bent u op zoek naar een Dames parka winterjas Marry zwart Versanoo, dan bent u bij ons aan het juiste adres voor winterjassen.\" \/>\n<meta name=\"robots\" content=\"index, follow, max-snippet:-1, max-image-preview:large, max-video-preview:-1\" \/>\n<link rel=\"canonical\" href=\"https:\/\/versano.nl\/fr\/shop\/dames-parka-winterjas-4pocket-zwart-mary-versano\/\" \/>\n<meta property=\"og:locale\" content=\"fr_FR\" \/>\n<meta property=\"og:type\" content=\"article\" \/>\n<meta property=\"og:title\" content=\"Dames parka winterjas Marry zwart Versano, parka jassen dames\" \/>\n<meta property=\"og:description\" content=\"Bent u op zoek naar een Dames parka winterjas Marry zwart Versanoo, dan bent u bij ons aan het juiste adres voor winterjassen.\" \/>\n<meta property=\"og:url\" content=\"https:\/\/versano.nl\/fr\/shop\/dames-parka-winterjas-4pocket-zwart-mary-versano\/\" \/>\n<meta property=\"og:site_name\" content=\"Versano\" \/>\n<meta property=\"article:modified_time\" content=\"2026-03-29T22:18:47+00:00\" \/>\n<meta property=\"og:image\" content=\"https:\/\/versano.nl\/wp-content\/uploads\/2020\/08\/thumbnail_IMG_7934.jpg\" \/>\n\t<meta property=\"og:image:width\" content=\"798\" \/>\n\t<meta property=\"og:image:height\" content=\"1200\" \/>\n\t<meta property=\"og:image:type\" content=\"image\/jpeg\" \/>\n<meta name=\"twitter:card\" content=\"summary_large_image\" \/>\n<meta name=\"twitter:label1\" content=\"Dur\u00e9e de lecture estim\u00e9e\" \/>\n\t<meta name=\"twitter:data1\" content=\"2 minutes\" \/>\n<script type=\"application\/ld+json\" class=\"yoast-schema-graph\">{\"@context\":\"https:\/\/schema.org\",\"@graph\":[{\"@type\":\"WebPage\",\"@id\":\"https:\/\/versano.nl\/shop\/dames-parka-winterjas-4pocket-zwart-mary-versano\/\",\"url\":\"https:\/\/versano.nl\/shop\/dames-parka-winterjas-4pocket-zwart-mary-versano\/\",\"name\":\"Dames parka winterjas Marry zwart Versano, parka jassen dames\",\"isPartOf\":{\"@id\":\"https:\/\/versano.nl\/#website\"},\"primaryImageOfPage\":{\"@id\":\"https:\/\/versano.nl\/shop\/dames-parka-winterjas-4pocket-zwart-mary-versano\/#primaryimage\"},\"image\":{\"@id\":\"https:\/\/versano.nl\/shop\/dames-parka-winterjas-4pocket-zwart-mary-versano\/#primaryimage\"},\"thumbnailUrl\":\"https:\/\/versano.nl\/wp-content\/uploads\/2020\/08\/thumbnail_IMG_7934.jpg\",\"datePublished\":\"2020-08-08T12:13:45+00:00\",\"dateModified\":\"2026-03-29T22:18:47+00:00\",\"description\":\"Bent u op zoek naar een Dames parka winterjas Marry zwart Versanoo, dan bent u bij ons aan het juiste adres voor winterjassen.\",\"breadcrumb\":{\"@id\":\"https:\/\/versano.nl\/shop\/dames-parka-winterjas-4pocket-zwart-mary-versano\/#breadcrumb\"},\"inLanguage\":\"fr-FR\",\"potentialAction\":[{\"@type\":\"ReadAction\",\"target\":[\"https:\/\/versano.nl\/shop\/dames-parka-winterjas-4pocket-zwart-mary-versano\/\"]}]},{\"@type\":\"ImageObject\",\"inLanguage\":\"fr-FR\",\"@id\":\"https:\/\/versano.nl\/shop\/dames-parka-winterjas-4pocket-zwart-mary-versano\/#primaryimage\",\"url\":\"https:\/\/versano.nl\/wp-content\/uploads\/2020\/08\/thumbnail_IMG_7934.jpg\",\"contentUrl\":\"https:\/\/versano.nl\/wp-content\/uploads\/2020\/08\/thumbnail_IMG_7934.jpg\",\"width\":798,\"height\":1200,\"caption\":\"Dames parka winterjas Marry zwart Versano\"},{\"@type\":\"BreadcrumbList\",\"@id\":\"https:\/\/versano.nl\/shop\/dames-parka-winterjas-4pocket-zwart-mary-versano\/#breadcrumb\",\"itemListElement\":[{\"@type\":\"ListItem\",\"position\":1,\"name\":\"Home\",\"item\":\"https:\/\/versano.nl\/\"},{\"@type\":\"ListItem\",\"position\":2,\"name\":\"Shop\",\"item\":\"https:\/\/versano.nl\/shop\/\"},{\"@type\":\"ListItem\",\"position\":3,\"name\":\"Dames parka winterjas Marry zwart Versano\"}]},{\"@type\":\"WebSite\",\"@id\":\"https:\/\/versano.nl\/#website\",\"url\":\"https:\/\/versano.nl\/\",\"name\":\"Versano\",\"description\":\"winterjassen met bontkraag | leren dames jassen | leren heren jassen\",\"potentialAction\":[{\"@type\":\"SearchAction\",\"target\":{\"@type\":\"EntryPoint\",\"urlTemplate\":\"https:\/\/versano.nl\/?s={search_term_string}\"},\"query-input\":{\"@type\":\"PropertyValueSpecification\",\"valueRequired\":true,\"valueName\":\"search_term_string\"}}],\"inLanguage\":\"fr-FR\"}]}<\/script>\n<!-- \/ Yoast SEO plugin. -->","yoast_head_json":{"title":"Veste d&#039;hiver parka femme Marry noir Versano, vestes parka dames","description":"Vous cherchez une veste d&#039;hiver parka femme Marry noir Versanoo, alors vous \u00eates au bon endroit pour les vestes d&#039;hiver.","robots":{"index":"index","follow":"follow","max-snippet":"max-snippet:-1","max-image-preview":"max-image-preview:large","max-video-preview":"max-video-preview:-1"},"canonical":"https:\/\/versano.nl\/fr\/shop\/dames-parka-winterjas-4pocket-zwart-mary-versano\/","og_locale":"fr_FR","og_type":"article","og_title":"Dames parka winterjas Marry zwart Versano, parka jassen dames","og_description":"Bent u op zoek naar een Dames parka winterjas Marry zwart Versanoo, dan bent u bij ons aan het juiste adres voor winterjassen.","og_url":"https:\/\/versano.nl\/fr\/shop\/dames-parka-winterjas-4pocket-zwart-mary-versano\/","og_site_name":"Versano","article_modified_time":"2026-03-29T22:18:47+00:00","og_image":[{"width":798,"height":1200,"url":"https:\/\/versano.nl\/wp-content\/uploads\/2020\/08\/thumbnail_IMG_7934.jpg","type":"image\/jpeg"}],"twitter_card":"summary_large_image","twitter_misc":{"Dur\u00e9e de lecture estim\u00e9e":"2 minutes"},"schema":{"@context":"https:\/\/schema.org","@graph":[{"@type":"WebPage","@id":"https:\/\/versano.nl\/shop\/dames-parka-winterjas-4pocket-zwart-mary-versano\/","url":"https:\/\/versano.nl\/shop\/dames-parka-winterjas-4pocket-zwart-mary-versano\/","name":"Veste d&#039;hiver parka femme Marry noir Versano, vestes parka dames","isPartOf":{"@id":"https:\/\/versano.nl\/#website"},"primaryImageOfPage":{"@id":"https:\/\/versano.nl\/shop\/dames-parka-winterjas-4pocket-zwart-mary-versano\/#primaryimage"},"image":{"@id":"https:\/\/versano.nl\/shop\/dames-parka-winterjas-4pocket-zwart-mary-versano\/#primaryimage"},"thumbnailUrl":"https:\/\/versano.nl\/wp-content\/uploads\/2020\/08\/thumbnail_IMG_7934.jpg","datePublished":"2020-08-08T12:13:45+00:00","dateModified":"2026-03-29T22:18:47+00:00","description":"Vous cherchez une veste d&#039;hiver parka femme Marry noir Versanoo, alors vous \u00eates au bon endroit pour les vestes d&#039;hiver.","breadcrumb":{"@id":"https:\/\/versano.nl\/shop\/dames-parka-winterjas-4pocket-zwart-mary-versano\/#breadcrumb"},"inLanguage":"fr-FR","potentialAction":[{"@type":"ReadAction","target":["https:\/\/versano.nl\/shop\/dames-parka-winterjas-4pocket-zwart-mary-versano\/"]}]},{"@type":"ImageObject","inLanguage":"fr-FR","@id":"https:\/\/versano.nl\/shop\/dames-parka-winterjas-4pocket-zwart-mary-versano\/#primaryimage","url":"https:\/\/versano.nl\/wp-content\/uploads\/2020\/08\/thumbnail_IMG_7934.jpg","contentUrl":"https:\/\/versano.nl\/wp-content\/uploads\/2020\/08\/thumbnail_IMG_7934.jpg","width":798,"height":1200,"caption":"Dames parka winterjas Marry zwart Versano"},{"@type":"BreadcrumbList","@id":"https:\/\/versano.nl\/shop\/dames-parka-winterjas-4pocket-zwart-mary-versano\/#breadcrumb","itemListElement":[{"@type":"ListItem","position":1,"name":"Home","item":"https:\/\/versano.nl\/"},{"@type":"ListItem","position":2,"name":"Shop","item":"https:\/\/versano.nl\/shop\/"},{"@type":"ListItem","position":3,"name":"Dames parka winterjas Marry zwart Versano"}]},{"@type":"WebSite","@id":"https:\/\/versano.nl\/#website","url":"https:\/\/versano.nl\/","name":"Versano","description":"manteaux d&#039;hiver avec col en fourrure | vestes femme en cuir | vestes en cuir pour hommes","potentialAction":[{"@type":"SearchAction","target":{"@type":"EntryPoint","urlTemplate":"https:\/\/versano.nl\/?s={search_term_string}"},"query-input":{"@type":"PropertyValueSpecification","valueRequired":true,"valueName":"search_term_string"}}],"inLanguage":"fr-FR"}]}},"_links":{"self":[{"href":"https:\/\/versano.nl\/fr\/wp-json\/wp\/v2\/product\/16992","targetHints":{"allow":["GET"]}}],"collection":[{"href":"https:\/\/versano.nl\/fr\/wp-json\/wp\/v2\/product"}],"about":[{"href":"https:\/\/versano.nl\/fr\/wp-json\/wp\/v2\/types\/product"}],"replies":[{"embeddable":true,"href":"https:\/\/versano.nl\/fr\/wp-json\/wp\/v2\/comments?post=16992"}],"wp:featuredmedia":[{"embeddable":true,"href":"https:\/\/versano.nl\/fr\/wp-json\/wp\/v2\/media\/35217"}],"wp:attachment":[{"href":"https:\/\/versano.nl\/fr\/wp-json\/wp\/v2\/media?parent=16992"}],"wp:term":[{"taxonomy":"product_brand","embeddable":true,"href":"https:\/\/versano.nl\/fr\/wp-json\/wp\/v2\/product_brand?post=16992"},{"taxonomy":"product_cat","embeddable":true,"href":"https:\/\/versano.nl\/fr\/wp-json\/wp\/v2\/product_cat?post=16992"},{"taxonomy":"product_tag","embeddable":true,"href":"https:\/\/versano.nl\/fr\/wp-json\/wp\/v2\/product_tag?post=16992"}],"curies":[{"name":"wp","href":"https:\/\/api.w.org\/{rel}","templated":true}]}}