{"id":16963,"date":"2020-08-06T22:56:08","date_gmt":"2020-08-06T22:56:08","guid":{"rendered":"https:\/\/versano.nl\/shop\/blauwe-2-pocket-parka-dames-winterjas-met-bontkraag-rani-n-versano\/"},"modified":"2026-02-23T11:24:07","modified_gmt":"2026-02-23T11:24:07","slug":"blauwe-2-pocket-parka-dames-winterjas-met-bontkraag-rani-n-versano","status":"publish","type":"product","link":"https:\/\/versano.nl\/fr\/shop\/blauwe-2-pocket-parka-dames-winterjas-met-bontkraag-rani-n-versano\/","title":{"rendered":"Veste d&#039;hiver parka femme col fourrure Rani N bleu Versano"},"content":{"rendered":"<h2>Veste d&#039;hiver parka femme col fourrure Rani N bleu Versano<\/h2>\n<p>\u00cates-vous \u00e0 la recherche du manteau d&#039;hiver pour femmes parfait pour passer l&#039;hiver? Ensuite, nous vous recommandons de jeter un \u0153il \u00e0 cette veste d&#039;hiver pour femmes avec les gants suppl\u00e9mentaires sans doigts en bande c\u00f4tel\u00e9e \u00e9lastique \u00e0 l&#039;extr\u00e9mit\u00e9 des manches au niveau du poignet. C&#039;est l&#039;un des nouveaux mod\u00e8les de vestes parka de Versano. Cette parka d&#039;hiver pour femme avec col en fourrure Rani N blue Versano est un mod\u00e8le de longueur moyenne avec des poches lat\u00e9rales situ\u00e9es \u00e0 hauteur des hanches et finies avec un mat\u00e9riau polaire chaud. Ces poches peuvent \u00eatre ferm\u00e9es par une fermeture \u00e9clair et un bouton. La veste a \u00e9galement une double fermeture compos\u00e9e d&#039;une fermeture \u00e0 glissi\u00e8re et d&#039;un bouton qui se prolongent dans le col haut. La veste a une capuche amovible avec fermeture \u00e9clair et des boutons sur lesquels le col en fourrure peut \u00eatre attach\u00e9.<\/p>\n<h2>Vous voulez acheter une veste d&#039;hiver parka bleue pour femme ?<\/h2>\n<p>Avec la veste d&#039;hiver parka pour femme avec col en fourrure Rani N blue Versano, vous obtenez une veste que vous appr\u00e9cierez certainement pendant longtemps. C&#039;est une veste avec laquelle vous pouvez \u00eatre s\u00fbr que vous l&#039;appr\u00e9cierez lorsque vous la sortirez par mauvais temps. Il vous garde au chaud et est si joliment con\u00e7u que vous attirerez certainement l&#039;attention avec lui. La commande est tr\u00e8s simple, et nos employ\u00e9s veilleront \u00e0 ce que votre veste vous soit envoy\u00e9e dans les plus brefs d\u00e9lais.<\/p>\n<p>Notre mannequin mesure 1,80 et porte un XS<\/p>\n<p>Marque: Versano<br \/>\nlongueur: demi<br \/>\ncoupe: coupe ajust\u00e9e<br \/>\ndoublure: 100% polyester<br \/>\n\u00e9paisseur Doublure: 200 grammes align\u00e9s \u00e9pais<br \/>\nlongueur des manches: manches longues longues<br \/>\ncapuche: doubl\u00e9e, amovible<br \/>\nLes plus: coutures renforc\u00e9es<br \/>\nfermeture: fermeture \u00e0 glissi\u00e8re et des boutons avec rabat de protection, zip<br \/>\npoches: poches lat\u00e9rales et poche int\u00e9rieure<br \/>\nFonction: imperm\u00e9able, coupe-vent<br \/>\nmat\u00e9riel: polyester<br \/>\nAccessoires: col de fourrure (en option)<br \/>\nextra: gants sans doigts (fin de manche) en velours c\u00f4tel\u00e9 \u00e9lastique<\/p>\n<p>D\u00e9lai de livraison: 2-3 jours ouvrables<\/p>\n<p>&nbsp;<\/p>","protected":false},"excerpt":{"rendered":"<p><strong>CHOISISSEZ UNE AUTRE COULEUR ICI<\/strong><\/p>\n<p><span style=\"color: #ff0000;\"><strong><a href=\"https:\/\/versano.nl\/shop\/dames-2-pocket-parka-winterjas-grijs-met-bontkraag-rani-n-versano\/\"><img loading=\"lazy\" decoding=\"async\" class=\"alignnone size-full wp-image-19661\" src=\"https:\/\/versano.nl\/wp-content\/uploads\/sites\/2\/2020\/08\/2pocket-halflange-dames-parka-winterjas-grijs-met-bontkraag-versano-rani-voorkant-thumb.jpg\" alt=\"\" width=\"56\" height=\"75\" \/><\/a><a href=\"https:\/\/versano.nl\/shop\/dames-2-pocket-parka-winterjas-zwart-met-bontkraag-rani-n-versano\/\"><img loading=\"lazy\" decoding=\"async\" class=\"alignnone size-full wp-image-19663\" src=\"https:\/\/versano.nl\/wp-content\/uploads\/sites\/2\/2020\/08\/2pocket-halflange-dames-parka-winterjas-zwart-met-bontkraag-versano-rani-voorkant-thumb.jpg\" alt=\"\" width=\"56\" height=\"75\" \/><\/a><\/strong><\/span><\/p>\n<p><span style=\"color: #ff0000;\"><strong>Conseils d&#039;ajustement:<\/strong><\/span><\/p>\n<p><span style=\"color: #ff0000;\"> Getailleerde pasvorm, bekijk de maattabel voor de juiste maat.<\/span><\/p>\n<p><span style=\"color: #ff0000;\">Ons model is 1.74 m en weegt 64 kilo, ze draagt een Small.<\/span><\/p>\n<p>Si vous n&#039;\u00eates pas s\u00fbr de vos mesures, nous vous recommandons de commencer par mesurer vos mesures de taille et de les comparer avec notre tableau des tailles. Si vous n&#039;avez aucune exp\u00e9rience dans la mesure des tailles de circonf\u00e9rence, cliquez sur <a href=\"https:\/\/www.youtube.com\/watch?v=3ZSfY87v6pM\"><em>ICI<\/em> <\/a>\u00e0<span style=\"color: #ff0000;\"><a style=\"color: #ff0000;\" href=\"https:\/\/www.youtube.com\/watch?v=3ZSfY87v6pM\"><em>VIDEO<\/em><\/a> <\/span>avec des instructions. Vous pouvez \u00e9galement nous appeler ou nous appliquer directement! Nos employ\u00e9s sont toujours disponibles pour vous aider.<\/p>\n<p><span style=\"color: #ff0000;\"><strong><span style=\"color: #000000;\">HEURE DE LIVRAISON<\/span> :<\/strong><\/span> 2 \u00e0 3 jours ouvr\u00e9s.<\/p>\n<p><span style=\"color: #ff0000;\">INFORMATION IMPORTANTE:<\/span><\/p>\n<p>Wij hebben een gedetailleerd pasvorm advies aangegeven in de product afbeeldingen. Bekijk dit voordat u een bestelling plaatst.<\/p>\n<p>Vous pouvez acheter n&#039;importe quelle veste Versano avec ou sans col en fourrure, le col en fourrure n&#039;est pas inclus.<\/p>","protected":false},"featured_media":16960,"comment_status":"closed","ping_status":"closed","template":"","meta":[],"product_brand":[],"product_cat":[1012,1353,1406,1145,1384,1389,1382,1383,1037,1038,882,1143,1144,2204,1415,1041,1042,215,1404,1339],"product_tag":[1298,1296,1365,1299,1297,1325,1355,1407,1357,1356],"class_list":{"0":"post-16963","1":"product","2":"type-product","3":"status-publish","4":"has-post-thumbnail","6":"product_cat-dames-jas-met-bontkraag","7":"product_cat-dames-jas-met-pels","8":"product_cat-dames-parka-winterjas","9":"product_cat-dames-winterjas","10":"product_cat-dames-winterjas-met-bontkraag","11":"product_cat-dames-winterjas-met-pels","12":"product_cat-dames-winterjassen","13":"product_cat-dames-winterjassen-met-bontkraag","14":"product_cat-jas-met-bontkraag","15":"product_cat-jas-met-bontkraag-dames","16":"product_cat-versano","17":"product_cat-winterjas","18":"product_cat-winterjas-dames","19":"product_cat-winterjas-dames-halflang","20":"product_cat-winterjas-dames-met-bontkraag","21":"product_cat-winterjas-met-bontkraag","22":"product_cat-winterjas-met-bontkraag-dames","23":"product_cat-dames-jassen-met-bontkraag","24":"product_cat-winterjassen","25":"product_cat-winterjassen-dames","26":"product_tag-blauwe-parka-2-pocket-dames-jas","27":"product_tag-blauwe-parka-dames-jas","28":"product_tag-jas-met-bontkraag-dames","29":"product_tag-parka-dames-jas-met-bontkraag","30":"product_tag-parka-dames-winterjas-blauw","31":"product_tag-versano-winterjassen","32":"product_tag-winterjas-dames","33":"product_tag-winterjas-dames-met-bontkraag","34":"product_tag-winterjas-dames-parka","35":"product_tag-winterjassen-dames","36":"product_shipping_class-verzendkosten-1","37":"tm-has-options","39":"first","40":"instock","41":"sale","42":"taxable","43":"shipping-taxable","44":"purchasable","45":"product-type-variable"},"yoast_head":"<!-- This site is optimized with the Yoast SEO plugin v27.2 - https:\/\/yoast.com\/product\/yoast-seo-wordpress\/ -->\n<title>Dames parka winterjas met bontkraag Rani N blauw Versano<\/title>\n<meta name=\"description\" content=\"Ben je op zoek naar een Dames parka winterjas met bontkraag Rani N blauw Versano? Dan zit je bij ons aan het juist adres.\" \/>\n<meta name=\"robots\" content=\"index, follow, max-snippet:-1, max-image-preview:large, max-video-preview:-1\" \/>\n<link rel=\"canonical\" href=\"https:\/\/versano.nl\/fr\/shop\/blauwe-2-pocket-parka-dames-winterjas-met-bontkraag-rani-n-versano\/\" \/>\n<meta property=\"og:locale\" content=\"fr_FR\" \/>\n<meta property=\"og:type\" content=\"article\" \/>\n<meta property=\"og:title\" content=\"Dames parka winterjas met bontkraag Rani N blauw Versano\" \/>\n<meta property=\"og:description\" content=\"Ben je op zoek naar een Dames parka winterjas met bontkraag Rani N blauw Versano? Dan zit je bij ons aan het juist adres.\" \/>\n<meta property=\"og:url\" content=\"https:\/\/versano.nl\/fr\/shop\/blauwe-2-pocket-parka-dames-winterjas-met-bontkraag-rani-n-versano\/\" \/>\n<meta property=\"og:site_name\" content=\"Versano\" \/>\n<meta property=\"article:modified_time\" content=\"2026-02-23T11:24:07+00:00\" \/>\n<meta property=\"og:image\" content=\"https:\/\/versano.nl\/wp-content\/uploads\/2020\/08\/2pocket-halflange-dames-parka-winterjas-blauw-versano-rani-voorkant.jpg\" \/>\n\t<meta property=\"og:image:width\" content=\"900\" \/>\n\t<meta property=\"og:image:height\" content=\"1200\" \/>\n\t<meta property=\"og:image:type\" content=\"image\/jpeg\" \/>\n<meta name=\"twitter:card\" content=\"summary_large_image\" \/>\n<meta name=\"twitter:label1\" content=\"Dur\u00e9e de lecture estim\u00e9e\" \/>\n\t<meta name=\"twitter:data1\" content=\"2 minutes\" \/>\n<script type=\"application\/ld+json\" class=\"yoast-schema-graph\">{\"@context\":\"https:\/\/schema.org\",\"@graph\":[{\"@type\":\"WebPage\",\"@id\":\"https:\/\/versano.nl\/shop\/blauwe-2-pocket-parka-dames-winterjas-met-bontkraag-rani-n-versano\/\",\"url\":\"https:\/\/versano.nl\/shop\/blauwe-2-pocket-parka-dames-winterjas-met-bontkraag-rani-n-versano\/\",\"name\":\"Dames parka winterjas met bontkraag Rani N blauw Versano\",\"isPartOf\":{\"@id\":\"https:\/\/versano.nl\/#website\"},\"primaryImageOfPage\":{\"@id\":\"https:\/\/versano.nl\/shop\/blauwe-2-pocket-parka-dames-winterjas-met-bontkraag-rani-n-versano\/#primaryimage\"},\"image\":{\"@id\":\"https:\/\/versano.nl\/shop\/blauwe-2-pocket-parka-dames-winterjas-met-bontkraag-rani-n-versano\/#primaryimage\"},\"thumbnailUrl\":\"https:\/\/versano.nl\/wp-content\/uploads\/2020\/08\/2pocket-halflange-dames-parka-winterjas-blauw-versano-rani-voorkant.jpg\",\"datePublished\":\"2020-08-06T22:56:08+00:00\",\"dateModified\":\"2026-02-23T11:24:07+00:00\",\"description\":\"Ben je op zoek naar een Dames parka winterjas met bontkraag Rani N blauw Versano? Dan zit je bij ons aan het juist adres.\",\"breadcrumb\":{\"@id\":\"https:\/\/versano.nl\/shop\/blauwe-2-pocket-parka-dames-winterjas-met-bontkraag-rani-n-versano\/#breadcrumb\"},\"inLanguage\":\"fr-FR\",\"potentialAction\":[{\"@type\":\"ReadAction\",\"target\":[\"https:\/\/versano.nl\/shop\/blauwe-2-pocket-parka-dames-winterjas-met-bontkraag-rani-n-versano\/\"]}]},{\"@type\":\"ImageObject\",\"inLanguage\":\"fr-FR\",\"@id\":\"https:\/\/versano.nl\/shop\/blauwe-2-pocket-parka-dames-winterjas-met-bontkraag-rani-n-versano\/#primaryimage\",\"url\":\"https:\/\/versano.nl\/wp-content\/uploads\/2020\/08\/2pocket-halflange-dames-parka-winterjas-blauw-versano-rani-voorkant.jpg\",\"contentUrl\":\"https:\/\/versano.nl\/wp-content\/uploads\/2020\/08\/2pocket-halflange-dames-parka-winterjas-blauw-versano-rani-voorkant.jpg\",\"width\":900,\"height\":1200,\"caption\":\"Dames parka winterjas met bontkraag Rani N blauw Versano\"},{\"@type\":\"BreadcrumbList\",\"@id\":\"https:\/\/versano.nl\/shop\/blauwe-2-pocket-parka-dames-winterjas-met-bontkraag-rani-n-versano\/#breadcrumb\",\"itemListElement\":[{\"@type\":\"ListItem\",\"position\":1,\"name\":\"Home\",\"item\":\"https:\/\/versano.nl\/\"},{\"@type\":\"ListItem\",\"position\":2,\"name\":\"Shop\",\"item\":\"https:\/\/versano.nl\/shop\/\"},{\"@type\":\"ListItem\",\"position\":3,\"name\":\"Dames parka winterjas met bontkraag Rani N blauw Versano\"}]},{\"@type\":\"WebSite\",\"@id\":\"https:\/\/versano.nl\/#website\",\"url\":\"https:\/\/versano.nl\/\",\"name\":\"Versano\",\"description\":\"winterjassen met bontkraag | leren dames jassen | leren heren jassen\",\"potentialAction\":[{\"@type\":\"SearchAction\",\"target\":{\"@type\":\"EntryPoint\",\"urlTemplate\":\"https:\/\/versano.nl\/?s={search_term_string}\"},\"query-input\":{\"@type\":\"PropertyValueSpecification\",\"valueRequired\":true,\"valueName\":\"search_term_string\"}}],\"inLanguage\":\"fr-FR\"}]}<\/script>\n<!-- \/ Yoast SEO plugin. -->","yoast_head_json":{"title":"Veste d&#039;hiver parka femme col fourrure Rani N bleu Versano","description":"Vous \u00eates \u00e0 la recherche d&#039;une Veste d&#039;hiver parka femme avec col fourrure Rani N bleu Versano ? Alors vous \u00eates au bon endroit.","robots":{"index":"index","follow":"follow","max-snippet":"max-snippet:-1","max-image-preview":"max-image-preview:large","max-video-preview":"max-video-preview:-1"},"canonical":"https:\/\/versano.nl\/fr\/shop\/blauwe-2-pocket-parka-dames-winterjas-met-bontkraag-rani-n-versano\/","og_locale":"fr_FR","og_type":"article","og_title":"Dames parka winterjas met bontkraag Rani N blauw Versano","og_description":"Ben je op zoek naar een Dames parka winterjas met bontkraag Rani N blauw Versano? Dan zit je bij ons aan het juist adres.","og_url":"https:\/\/versano.nl\/fr\/shop\/blauwe-2-pocket-parka-dames-winterjas-met-bontkraag-rani-n-versano\/","og_site_name":"Versano","article_modified_time":"2026-02-23T11:24:07+00:00","og_image":[{"width":900,"height":1200,"url":"https:\/\/versano.nl\/wp-content\/uploads\/2020\/08\/2pocket-halflange-dames-parka-winterjas-blauw-versano-rani-voorkant.jpg","type":"image\/jpeg"}],"twitter_card":"summary_large_image","twitter_misc":{"Dur\u00e9e de lecture estim\u00e9e":"2 minutes"},"schema":{"@context":"https:\/\/schema.org","@graph":[{"@type":"WebPage","@id":"https:\/\/versano.nl\/shop\/blauwe-2-pocket-parka-dames-winterjas-met-bontkraag-rani-n-versano\/","url":"https:\/\/versano.nl\/shop\/blauwe-2-pocket-parka-dames-winterjas-met-bontkraag-rani-n-versano\/","name":"Veste d&#039;hiver parka femme col fourrure Rani N bleu Versano","isPartOf":{"@id":"https:\/\/versano.nl\/#website"},"primaryImageOfPage":{"@id":"https:\/\/versano.nl\/shop\/blauwe-2-pocket-parka-dames-winterjas-met-bontkraag-rani-n-versano\/#primaryimage"},"image":{"@id":"https:\/\/versano.nl\/shop\/blauwe-2-pocket-parka-dames-winterjas-met-bontkraag-rani-n-versano\/#primaryimage"},"thumbnailUrl":"https:\/\/versano.nl\/wp-content\/uploads\/2020\/08\/2pocket-halflange-dames-parka-winterjas-blauw-versano-rani-voorkant.jpg","datePublished":"2020-08-06T22:56:08+00:00","dateModified":"2026-02-23T11:24:07+00:00","description":"Vous \u00eates \u00e0 la recherche d&#039;une Veste d&#039;hiver parka femme avec col fourrure Rani N bleu Versano ? Alors vous \u00eates au bon endroit.","breadcrumb":{"@id":"https:\/\/versano.nl\/shop\/blauwe-2-pocket-parka-dames-winterjas-met-bontkraag-rani-n-versano\/#breadcrumb"},"inLanguage":"fr-FR","potentialAction":[{"@type":"ReadAction","target":["https:\/\/versano.nl\/shop\/blauwe-2-pocket-parka-dames-winterjas-met-bontkraag-rani-n-versano\/"]}]},{"@type":"ImageObject","inLanguage":"fr-FR","@id":"https:\/\/versano.nl\/shop\/blauwe-2-pocket-parka-dames-winterjas-met-bontkraag-rani-n-versano\/#primaryimage","url":"https:\/\/versano.nl\/wp-content\/uploads\/2020\/08\/2pocket-halflange-dames-parka-winterjas-blauw-versano-rani-voorkant.jpg","contentUrl":"https:\/\/versano.nl\/wp-content\/uploads\/2020\/08\/2pocket-halflange-dames-parka-winterjas-blauw-versano-rani-voorkant.jpg","width":900,"height":1200,"caption":"Dames parka winterjas met bontkraag Rani N blauw Versano"},{"@type":"BreadcrumbList","@id":"https:\/\/versano.nl\/shop\/blauwe-2-pocket-parka-dames-winterjas-met-bontkraag-rani-n-versano\/#breadcrumb","itemListElement":[{"@type":"ListItem","position":1,"name":"Home","item":"https:\/\/versano.nl\/"},{"@type":"ListItem","position":2,"name":"Shop","item":"https:\/\/versano.nl\/shop\/"},{"@type":"ListItem","position":3,"name":"Dames parka winterjas met bontkraag Rani N blauw Versano"}]},{"@type":"WebSite","@id":"https:\/\/versano.nl\/#website","url":"https:\/\/versano.nl\/","name":"Versano","description":"manteaux d&#039;hiver avec col en fourrure | vestes femme en cuir | vestes en cuir pour hommes","potentialAction":[{"@type":"SearchAction","target":{"@type":"EntryPoint","urlTemplate":"https:\/\/versano.nl\/?s={search_term_string}"},"query-input":{"@type":"PropertyValueSpecification","valueRequired":true,"valueName":"search_term_string"}}],"inLanguage":"fr-FR"}]}},"_links":{"self":[{"href":"https:\/\/versano.nl\/fr\/wp-json\/wp\/v2\/product\/16963","targetHints":{"allow":["GET"]}}],"collection":[{"href":"https:\/\/versano.nl\/fr\/wp-json\/wp\/v2\/product"}],"about":[{"href":"https:\/\/versano.nl\/fr\/wp-json\/wp\/v2\/types\/product"}],"replies":[{"embeddable":true,"href":"https:\/\/versano.nl\/fr\/wp-json\/wp\/v2\/comments?post=16963"}],"wp:featuredmedia":[{"embeddable":true,"href":"https:\/\/versano.nl\/fr\/wp-json\/wp\/v2\/media\/16960"}],"wp:attachment":[{"href":"https:\/\/versano.nl\/fr\/wp-json\/wp\/v2\/media?parent=16963"}],"wp:term":[{"taxonomy":"product_brand","embeddable":true,"href":"https:\/\/versano.nl\/fr\/wp-json\/wp\/v2\/product_brand?post=16963"},{"taxonomy":"product_cat","embeddable":true,"href":"https:\/\/versano.nl\/fr\/wp-json\/wp\/v2\/product_cat?post=16963"},{"taxonomy":"product_tag","embeddable":true,"href":"https:\/\/versano.nl\/fr\/wp-json\/wp\/v2\/product_tag?post=16963"}],"curies":[{"name":"wp","href":"https:\/\/api.w.org\/{rel}","templated":true}]}}