{"id":16148,"date":"2020-04-17T18:59:53","date_gmt":"2020-04-17T18:59:53","guid":{"rendered":"https:\/\/versano.nl\/?post_type=product&#038;p=16148"},"modified":"2026-03-11T14:48:21","modified_gmt":"2026-03-11T14:48:21","slug":"lederen-dames-bikerjack-zwart-versano-311-n","status":"publish","type":"product","link":"https:\/\/versano.nl\/fr\/shop\/lederen-dames-bikerjack-zwart-versano-311-n\/","title":{"rendered":"veste motard en cuir dames noir 311 N Versano"},"content":{"rendered":"<h2>veste motard en cuir dames noir 311 N Versano<\/h2>\n<p>Mesdames, \u00e0 la recherche d&#039;un joli nouveau manteau ? Si vous souhaitez une couleur diff\u00e9rente pour votre veste, une couleur qui vous d\u00e9marque un peu plus, nous vous recommandons cette veste en cuir biker dames 311 noir Versano. C&#039;est une veste qui s&#039;adapte parfaitement et que vous aurez plaisir \u00e0 porter. Nous vous recommandons de jeter un \u0153il \u00e0 cette veste dans tous ses d\u00e9tails. C&#039;est une veste de motard qui a \u00e9galement fi\u00e8re allure si vous sortez juste pour une soir\u00e9e. Cette veste est exceptionnellement magnifiquement finie, gr\u00e2ce \u00e0 la taille ajust\u00e9e, ainsi que de multiples poches. Nous parlons de deux poches lat\u00e9rales spacieuses et d&#039;une poche int\u00e9rieure utile.<\/p>\n<h2><strong>Commandez le mod\u00e8le 311 en noir de Versano <\/strong><\/h2>\n<p>Cette veste en cuir pour femme de couleur noire de Versano est enti\u00e8rement en cuir d&#039;agneau souple. C&#039;est un mat\u00e9riau qui n&#039;a pas seulement l&#039;air parfait, c&#039;est aussi un mat\u00e9riau qui se sent bien. Cela ne fait qu&#039;ajouter au look r\u00e9tro cool que cette veste d\u00e9gage. C&#039;est une veste qui n&#039;est pas seulement disponible en noir, mais aussi en couleur cognac. Si vous commandez cette belle veste chez nous, vous recevrez une veste faite d&#039;une belle mati\u00e8re. Parce qu&#039;elle est faite d&#039;un beau cuir d&#039;agneau fin, la veste est \u00e9galement parfaitement adapt\u00e9e pour \u00eatre port\u00e9e \u00e0 l&#039;int\u00e9rieur. C&#039;est une veste qui peut \u00eatre bien combin\u00e9e avec diff\u00e9rents types de v\u00eatements. Pensez \u00e0 une jupe, mais aussi \u00e0 un jean cool. C&#039;est une veste qui, vous ne pouvez pas le nier, a l&#039;air top.<\/p>\n<p>marque: <a href=\"https:\/\/versano.nl\/\" target=\"_blank\" rel=\"noopener noreferrer\">Versano<\/a><br \/>\nMati\u00e8re: 100% cuir d&#039;agneau<br \/>\nDoublure: 100% polyester<br \/>\nLongueur: court<br \/>\nCoupe: bien ajust\u00e9e<br \/>\nFermeture: fermeture \u00e9clair<br \/>\nPoches: poches avec zip<br \/>\nCol: col vers le bas<br \/>\ncouche externe Mat\u00e9riel: haute qualit\u00e9 et doux en peau d&#039;agneau<br \/>\nD\u00e9lai de livraison: 2-3 jours ouvrables<\/p>","protected":false},"excerpt":{"rendered":"<p><strong>CHOISISSEZ UNE AUTRE COULEUR ICI<\/strong><\/p>\n<p><span style=\"color: red;\"><a href=\"https:\/\/versano.nl\/shop\/dames-leren-biker-jas-311-cognac-versano\/\"><img loading=\"lazy\" decoding=\"async\" class=\"alignnone size-full wp-image-19839\" src=\"https:\/\/versano.nl\/wp-content\/uploads\/sites\/2\/2020\/08\/dames-biker-jack-cognac-schuine-rits-versano-311n-voorkant-thumb.jpg\" alt=\"\" width=\"56\" height=\"75\" \/><\/a><\/span><\/p>\n<p><span style=\"color: red;\">Conseils d&#039;ajustement:<\/span> La coupe de cette veste est bien ajust\u00e9e. Notre mannequin mesure 1,68 cm et porte une taille M.<\/p>\n<p>Si vous n&#039;\u00eates pas s\u00fbr de vos mesures, nous vous recommandons de commencer par mesurer vos mesures de taille et de les comparer avec notre tableau des tailles. Si vous n&#039;avez aucune exp\u00e9rience dans la mesure des tailles de circonf\u00e9rence, cliquez sur <a href=\"https:\/\/www.youtube.com\/watch?v=3ZSfY87v6pM\"><em><span style=\"text-decoration: none;\">ICI<\/span><\/em>\u00a0<\/a>\u00a0\u00e0 <a href=\"https:\/\/www.youtube.com\/watch?v=3ZSfY87v6pM\"><em><span style=\"color: red; text-decoration: none;\">VIDEO<\/span><\/em><\/a>\u00a0 avec des instructions. Vous pouvez \u00e9galement nous appeler ou nous appliquer directement! Nos employ\u00e9s sont toujours disponibles pour vous aider.<\/p>\n<p><strong><span style=\"color: black;\">HEURE DE LIVRAISON :<\/span><\/strong> 2 \u00e0 3 jours ouvr\u00e9s.<\/p>","protected":false},"featured_media":16559,"comment_status":"closed","ping_status":"closed","template":"","meta":[],"product_brand":[],"product_cat":[1472,1487,90,874,875,1499,877,1470,879,1469,880,1712,881,878,882,890],"product_tag":[1536,355,1539,172,173,1535,1538,1540,1537,979,980],"class_list":{"0":"post-16148","1":"product","2":"type-product","3":"status-publish","4":"has-post-thumbnail","6":"product_cat-biker-jas-dames","7":"product_cat-dames-biker-jas","8":"product_cat-dames-leren-jassen","9":"product_cat-kort-leren-jasje","10":"product_cat-kort-leren-jasje-dames","11":"product_cat-leren-biker-jas-dames","12":"product_cat-leren-bikerjacks-dames","13":"product_cat-leren-dames-jas","14":"product_cat-leren-dames-jassen","15":"product_cat-leren-jas-dames","16":"product_cat-leren-jasje-dames","17":"product_cat-leren-jassen","18":"product_cat-leren-jassen-dames","19":"product_cat-leren-jassen-dames-uitverkoop","20":"product_cat-versano","21":"product_cat-zwarte-leren-jas-dames","22":"product_tag-biker-dames-leren-jas","23":"product_tag-biker-jack-dames-zwart","24":"product_tag-biker-jas-dames-sale","25":"product_tag-dames-biker-jack-zwart","26":"product_tag-dames-biker-jas-zwart","27":"product_tag-echt-leer-dames-jas-biker","28":"product_tag-korte-biker-jas-dames","29":"product_tag-leren-biker-jas-dames-sale","30":"product_tag-zwarte-biker-jas-dames","31":"product_tag-zwarte-leren-dames-biker-jas","32":"product_tag-zwarte-leren-dames-biker-jasje","33":"tm-no-options","35":"first","36":"instock","37":"sale","38":"taxable","39":"shipping-taxable","40":"purchasable","41":"product-type-variable"},"yoast_head":"<!-- This site is optimized with the Yoast SEO plugin v27.2 - https:\/\/yoast.com\/product\/yoast-seo-wordpress\/ -->\n<title>leren biker jas dames zwart 311 N Versano, lederen bikerjack<\/title>\n<meta name=\"description\" content=\"Ben je op zoek naar een leren biker jas dames zwart 311 N Versano, dan moet je zeker een kijkje nemen in de webshop van Versano\" \/>\n<meta name=\"robots\" content=\"index, follow, max-snippet:-1, max-image-preview:large, max-video-preview:-1\" \/>\n<link rel=\"canonical\" href=\"https:\/\/versano.nl\/fr\/shop\/lederen-dames-bikerjack-zwart-versano-311-n\/\" \/>\n<meta property=\"og:locale\" content=\"fr_FR\" \/>\n<meta property=\"og:type\" content=\"article\" \/>\n<meta property=\"og:title\" content=\"leren biker jas dames zwart 311 N Versano, lederen bikerjack\" \/>\n<meta property=\"og:description\" content=\"Ben je op zoek naar een leren biker jas dames zwart 311 N Versano, dan moet je zeker een kijkje nemen in de webshop van Versano\" \/>\n<meta property=\"og:url\" content=\"https:\/\/versano.nl\/fr\/shop\/lederen-dames-bikerjack-zwart-versano-311-n\/\" \/>\n<meta property=\"og:site_name\" content=\"Versano\" \/>\n<meta property=\"article:modified_time\" content=\"2026-03-11T14:48:21+00:00\" \/>\n<meta property=\"og:image\" content=\"https:\/\/versano.nl\/wp-content\/uploads\/2020\/07\/dames-bikerjack-zwart-versano-311z-voorkant.jpg\" \/>\n\t<meta property=\"og:image:width\" content=\"900\" \/>\n\t<meta property=\"og:image:height\" content=\"1200\" \/>\n\t<meta property=\"og:image:type\" content=\"image\/jpeg\" \/>\n<meta name=\"twitter:card\" content=\"summary_large_image\" \/>\n<meta name=\"twitter:label1\" content=\"Dur\u00e9e de lecture estim\u00e9e\" \/>\n\t<meta name=\"twitter:data1\" content=\"2 minutes\" \/>\n<script type=\"application\/ld+json\" class=\"yoast-schema-graph\">{\"@context\":\"https:\/\/schema.org\",\"@graph\":[{\"@type\":\"WebPage\",\"@id\":\"https:\/\/versano.nl\/shop\/lederen-dames-bikerjack-zwart-versano-311-n\/\",\"url\":\"https:\/\/versano.nl\/shop\/lederen-dames-bikerjack-zwart-versano-311-n\/\",\"name\":\"leren biker jas dames zwart 311 N Versano, lederen bikerjack\",\"isPartOf\":{\"@id\":\"https:\/\/versano.nl\/#website\"},\"primaryImageOfPage\":{\"@id\":\"https:\/\/versano.nl\/shop\/lederen-dames-bikerjack-zwart-versano-311-n\/#primaryimage\"},\"image\":{\"@id\":\"https:\/\/versano.nl\/shop\/lederen-dames-bikerjack-zwart-versano-311-n\/#primaryimage\"},\"thumbnailUrl\":\"https:\/\/versano.nl\/wp-content\/uploads\/2020\/07\/dames-bikerjack-zwart-versano-311z-voorkant.jpg\",\"datePublished\":\"2020-04-17T18:59:53+00:00\",\"dateModified\":\"2026-03-11T14:48:21+00:00\",\"description\":\"Ben je op zoek naar een leren biker jas dames zwart 311 N Versano, dan moet je zeker een kijkje nemen in de webshop van Versano\",\"breadcrumb\":{\"@id\":\"https:\/\/versano.nl\/shop\/lederen-dames-bikerjack-zwart-versano-311-n\/#breadcrumb\"},\"inLanguage\":\"fr-FR\",\"potentialAction\":[{\"@type\":\"ReadAction\",\"target\":[\"https:\/\/versano.nl\/shop\/lederen-dames-bikerjack-zwart-versano-311-n\/\"]}]},{\"@type\":\"ImageObject\",\"inLanguage\":\"fr-FR\",\"@id\":\"https:\/\/versano.nl\/shop\/lederen-dames-bikerjack-zwart-versano-311-n\/#primaryimage\",\"url\":\"https:\/\/versano.nl\/wp-content\/uploads\/2020\/07\/dames-bikerjack-zwart-versano-311z-voorkant.jpg\",\"contentUrl\":\"https:\/\/versano.nl\/wp-content\/uploads\/2020\/07\/dames-bikerjack-zwart-versano-311z-voorkant.jpg\",\"width\":900,\"height\":1200,\"caption\":\"leren biker jas dames zwart 311 N Versano\"},{\"@type\":\"BreadcrumbList\",\"@id\":\"https:\/\/versano.nl\/shop\/lederen-dames-bikerjack-zwart-versano-311-n\/#breadcrumb\",\"itemListElement\":[{\"@type\":\"ListItem\",\"position\":1,\"name\":\"Home\",\"item\":\"https:\/\/versano.nl\/\"},{\"@type\":\"ListItem\",\"position\":2,\"name\":\"Shop\",\"item\":\"https:\/\/versano.nl\/shop\/\"},{\"@type\":\"ListItem\",\"position\":3,\"name\":\"leren biker jas dames zwart 311 N Versano\"}]},{\"@type\":\"WebSite\",\"@id\":\"https:\/\/versano.nl\/#website\",\"url\":\"https:\/\/versano.nl\/\",\"name\":\"Versano\",\"description\":\"winterjassen met bontkraag | leren dames jassen | leren heren jassen\",\"potentialAction\":[{\"@type\":\"SearchAction\",\"target\":{\"@type\":\"EntryPoint\",\"urlTemplate\":\"https:\/\/versano.nl\/?s={search_term_string}\"},\"query-input\":{\"@type\":\"PropertyValueSpecification\",\"valueRequired\":true,\"valueName\":\"search_term_string\"}}],\"inLanguage\":\"fr-FR\"}]}<\/script>\n<!-- \/ Yoast SEO plugin. -->","yoast_head_json":{"title":"veste de motard en cuir dames noir 311 N Versano, veste de motard en cuir","description":"\u00cates-vous \u00e0 la recherche d&#039;une veste de motard en cuir pour femme noire 311 N Versano, alors vous devriez certainement jeter un \u0153il \u00e0 la boutique en ligne Versano","robots":{"index":"index","follow":"follow","max-snippet":"max-snippet:-1","max-image-preview":"max-image-preview:large","max-video-preview":"max-video-preview:-1"},"canonical":"https:\/\/versano.nl\/fr\/shop\/lederen-dames-bikerjack-zwart-versano-311-n\/","og_locale":"fr_FR","og_type":"article","og_title":"leren biker jas dames zwart 311 N Versano, lederen bikerjack","og_description":"Ben je op zoek naar een leren biker jas dames zwart 311 N Versano, dan moet je zeker een kijkje nemen in de webshop van Versano","og_url":"https:\/\/versano.nl\/fr\/shop\/lederen-dames-bikerjack-zwart-versano-311-n\/","og_site_name":"Versano","article_modified_time":"2026-03-11T14:48:21+00:00","og_image":[{"width":900,"height":1200,"url":"https:\/\/versano.nl\/wp-content\/uploads\/2020\/07\/dames-bikerjack-zwart-versano-311z-voorkant.jpg","type":"image\/jpeg"}],"twitter_card":"summary_large_image","twitter_misc":{"Dur\u00e9e de lecture estim\u00e9e":"2 minutes"},"schema":{"@context":"https:\/\/schema.org","@graph":[{"@type":"WebPage","@id":"https:\/\/versano.nl\/shop\/lederen-dames-bikerjack-zwart-versano-311-n\/","url":"https:\/\/versano.nl\/shop\/lederen-dames-bikerjack-zwart-versano-311-n\/","name":"veste de motard en cuir dames noir 311 N Versano, veste de motard en cuir","isPartOf":{"@id":"https:\/\/versano.nl\/#website"},"primaryImageOfPage":{"@id":"https:\/\/versano.nl\/shop\/lederen-dames-bikerjack-zwart-versano-311-n\/#primaryimage"},"image":{"@id":"https:\/\/versano.nl\/shop\/lederen-dames-bikerjack-zwart-versano-311-n\/#primaryimage"},"thumbnailUrl":"https:\/\/versano.nl\/wp-content\/uploads\/2020\/07\/dames-bikerjack-zwart-versano-311z-voorkant.jpg","datePublished":"2020-04-17T18:59:53+00:00","dateModified":"2026-03-11T14:48:21+00:00","description":"\u00cates-vous \u00e0 la recherche d&#039;une veste de motard en cuir pour femme noire 311 N Versano, alors vous devriez certainement jeter un \u0153il \u00e0 la boutique en ligne Versano","breadcrumb":{"@id":"https:\/\/versano.nl\/shop\/lederen-dames-bikerjack-zwart-versano-311-n\/#breadcrumb"},"inLanguage":"fr-FR","potentialAction":[{"@type":"ReadAction","target":["https:\/\/versano.nl\/shop\/lederen-dames-bikerjack-zwart-versano-311-n\/"]}]},{"@type":"ImageObject","inLanguage":"fr-FR","@id":"https:\/\/versano.nl\/shop\/lederen-dames-bikerjack-zwart-versano-311-n\/#primaryimage","url":"https:\/\/versano.nl\/wp-content\/uploads\/2020\/07\/dames-bikerjack-zwart-versano-311z-voorkant.jpg","contentUrl":"https:\/\/versano.nl\/wp-content\/uploads\/2020\/07\/dames-bikerjack-zwart-versano-311z-voorkant.jpg","width":900,"height":1200,"caption":"leren biker jas dames zwart 311 N Versano"},{"@type":"BreadcrumbList","@id":"https:\/\/versano.nl\/shop\/lederen-dames-bikerjack-zwart-versano-311-n\/#breadcrumb","itemListElement":[{"@type":"ListItem","position":1,"name":"Home","item":"https:\/\/versano.nl\/"},{"@type":"ListItem","position":2,"name":"Shop","item":"https:\/\/versano.nl\/shop\/"},{"@type":"ListItem","position":3,"name":"leren biker jas dames zwart 311 N Versano"}]},{"@type":"WebSite","@id":"https:\/\/versano.nl\/#website","url":"https:\/\/versano.nl\/","name":"Versano","description":"manteaux d&#039;hiver avec col en fourrure | vestes femme en cuir | vestes en cuir pour hommes","potentialAction":[{"@type":"SearchAction","target":{"@type":"EntryPoint","urlTemplate":"https:\/\/versano.nl\/?s={search_term_string}"},"query-input":{"@type":"PropertyValueSpecification","valueRequired":true,"valueName":"search_term_string"}}],"inLanguage":"fr-FR"}]}},"_links":{"self":[{"href":"https:\/\/versano.nl\/fr\/wp-json\/wp\/v2\/product\/16148","targetHints":{"allow":["GET"]}}],"collection":[{"href":"https:\/\/versano.nl\/fr\/wp-json\/wp\/v2\/product"}],"about":[{"href":"https:\/\/versano.nl\/fr\/wp-json\/wp\/v2\/types\/product"}],"replies":[{"embeddable":true,"href":"https:\/\/versano.nl\/fr\/wp-json\/wp\/v2\/comments?post=16148"}],"wp:featuredmedia":[{"embeddable":true,"href":"https:\/\/versano.nl\/fr\/wp-json\/wp\/v2\/media\/16559"}],"wp:attachment":[{"href":"https:\/\/versano.nl\/fr\/wp-json\/wp\/v2\/media?parent=16148"}],"wp:term":[{"taxonomy":"product_brand","embeddable":true,"href":"https:\/\/versano.nl\/fr\/wp-json\/wp\/v2\/product_brand?post=16148"},{"taxonomy":"product_cat","embeddable":true,"href":"https:\/\/versano.nl\/fr\/wp-json\/wp\/v2\/product_cat?post=16148"},{"taxonomy":"product_tag","embeddable":true,"href":"https:\/\/versano.nl\/fr\/wp-json\/wp\/v2\/product_tag?post=16148"}],"curies":[{"name":"wp","href":"https:\/\/api.w.org\/{rel}","templated":true}]}}