{"id":15992,"date":"2020-04-09T22:06:22","date_gmt":"2020-04-09T22:06:22","guid":{"rendered":"https:\/\/versano.nl\/?post_type=product&#038;p=15992"},"modified":"2024-01-30T12:15:48","modified_gmt":"2024-01-30T12:15:48","slug":"lederen-biker-jack-heren-versano-tr57-zwart","status":"publish","type":"product","link":"https:\/\/versano.nl\/fr\/shop\/lederen-biker-jack-heren-versano-tr57-zwart\/","title":{"rendered":"Blouson cuir homme biker noir TR57 Versano"},"content":{"rendered":"<h2>Blouson cuir homme biker noir TR57 Versano<\/h2>\n<p>Vous cherchez une veste en cuir pour homme cool ? Alors jetez un coup d&#039;\u0153il \u00e0 la collection Versano, car dans la gamme Versano, vous trouverez les vestes en cuir les plus belles et les plus cool pour hommes. Nous vendons les vestes en cuir de la c\u00e9l\u00e8bre marque Versano. Les plus beaux mat\u00e9riaux sont utilis\u00e9s ici, qui sont moul\u00e9s par les meilleurs designers dans un mod\u00e8le attrayant et robuste. Avec un Blouson cuir homme biker noir TR57 Versano, vous obtenez un blouson qui vous plaira certainement. C&#039;est une veste qui a fi\u00e8re allure, qui s&#039;adapte bien et qui a une coupe ajust\u00e9e parfaite. Nous vous recommandons donc sans r\u00e9serve d&#039;essayer ce mod\u00e8le si vous recherchez une veste en cuir parfaite. Ce blouson est confectionn\u00e9 en cuir d&#039;agneau, poss\u00e8de 2 poches lat\u00e9rales avec fermeture \u00e9clair, et termin\u00e9 par le c\u00e9l\u00e8bre mod\u00e8le motard en bord-c\u00f4te \u00e0 la taille et en haut des manches. Cette veste en cuir pour hommes cool a une excellente finition et une coupe italienne.<\/p>\n<h2>Commander le mod\u00e8le tr57 en noir<\/h2>\n<p><span style=\"font-size: 11.0pt;font-family: 'Arial',sans-serif\">Avec une si belle veste de Versano, vous pouvez \u00eatre s\u00fbr que vous aurez toujours un brevet. Vous pouvez facilement commander ce mod\u00e8le dans la boutique en ligne Versano. Nous avons rassembl\u00e9 ici toutes nos vestes pour que vous puissiez facilement passer une commande. Chez Versano, vous pouvez toujours \u00eatre s\u00fbr que vous achetez un beau manteau qui a \u00e9t\u00e9 travaill\u00e9 avec soin. Avec nous, vous pouvez facilement choisir la bonne taille en fonction de nos vid\u00e9os d&#039;instructions intelligentes. Vous avez des questions ou vous ne savez pas quelle taille commander ? Ensuite, vous pouvez toujours nous contacter par mail ou WhatsApp. Nos employ\u00e9s aimeraient vous aider!<\/span><\/p>\n<p><a href=\"https:\/\/versano.nl\/\">Versano<\/a><br \/>\nMati\u00e8re: 100% cuir d&#039;agneau<br \/>\nDoublure: 100% polyester<br \/>\nLongueur: court<br \/>\nCoupe : coupe ajust\u00e9e<br \/>\nFermeture: fermeture \u00e9clair<br \/>\nPoches: poches avec zip<br \/>\nCol: col montant<br \/>\nMat\u00e9riau couche ext\u00e9rieure: Tr\u00e8s haute qualit\u00e9 et doux en peau d&#039;agneau<br \/>\nD\u00e9lai de livraison: 2-3 jours ouvrables<\/p>","protected":false},"excerpt":{"rendered":"<p style=\"margin: 0cm\">CHOISISSEZ UNE AUTRE COULEUR ICI<\/p>\n<p><a href=\"https:\/\/versano.nl\/shop\/lederen-biker-jack-heren-versano-tr57-cognac\/\"><img loading=\"lazy\" decoding=\"async\" class=\"alignnone size-full wp-image-19913\" src=\"https:\/\/versano.nl\/wp-content\/uploads\/sites\/2\/2020\/04\/lederen-biker-jack-heren-versano-tr57-cognac-thumbs.jpg\" alt=\"\" width=\"56\" height=\"75\" \/><\/a><\/p>\n<p style=\"margin: 0cm 0cm 11.25pt 0cm\"><span style=\"font-size: 10.5pt;font-family: 'Arial',sans-serif;color: red\">Conseils d&#039;ajustement:\u00a0<\/span><span style=\"font-size: 10.5pt;font-family: 'Arial',sans-serif;color: #5d5d5d\">La coupe de cette veste est ajust\u00e9e. Notre mannequin mesure 1,80 cm et porte une taille M.<\/span><\/p>\n<p style=\"margin: 0cm 0cm 11.25pt 0cm\"><span style=\"font-size: 10.5pt;font-family: 'Arial',sans-serif;color: #5d5d5d\">Si vous n&#039;\u00eates pas s\u00fbr de vos mesures, nous vous recommandons de commencer par mesurer vos mesures de taille et de les comparer avec notre tableau des tailles. Si vous n&#039;avez aucune exp\u00e9rience dans la mesure des tailles de circonf\u00e9rence, cliquez sur\u00a0<\/span><a href=\"https:\/\/www.youtube.com\/watch?v=3ZSfY87v6pM\"><em><span style=\"font-size: 10.5pt;font-family: 'Arial',sans-serif;text-decoration: none\">ICI<\/span><\/em><span style=\"font-size: 10.5pt;font-family: 'Arial',sans-serif;text-decoration: none\">\u00a0<\/span><\/a><span style=\"font-size: 10.5pt;font-family: 'Arial',sans-serif;color: #5d5d5d\">\u00a0\u00e0\u00a0<\/span><a href=\"https:\/\/www.youtube.com\/watch?v=3ZSfY87v6pM\"><em><span style=\"font-size: 10.5pt;font-family: 'Arial',sans-serif;color: red;text-decoration: none\">VIDEO<\/span><\/em><\/a><span style=\"font-size: 10.5pt;font-family: 'Arial',sans-serif;color: #5d5d5d\">\u00a0 avec des instructions. Vous pouvez \u00e9galement nous appeler ou nous appliquer directement! Nos employ\u00e9s sont toujours disponibles pour vous aider.<\/span><\/p>\n<p style=\"margin: 0cm\"><strong><span style=\"font-size: 10.5pt;font-family: 'Arial',sans-serif;color: #5d5d5d\">HEURE DE LIVRAISON :<\/span><\/strong><span style=\"font-size: 10.5pt;font-family: 'Arial',sans-serif;color: #5d5d5d\">\u00a02 \u00e0 3 jours ouvr\u00e9s.<\/span><\/p>","protected":false},"featured_media":16001,"comment_status":"closed","ping_status":"closed","template":"","meta":[],"product_brand":[],"product_cat":[1672,147,874,907,912,1671,908,1669,913,910,882],"product_tag":[1733,155,156,136,1691,157,1736,1734,1698,1697,1708,1735,362],"class_list":{"0":"post-15992","1":"product","2":"type-product","3":"status-publish","4":"has-post-thumbnail","6":"product_cat-biker-jas-heren","7":"product_cat-heren-leren-jassen","8":"product_cat-kort-leren-jasje","9":"product_cat-kort-leren-jasje-heren","10":"product_cat-leren-bikerjacks-heren","11":"product_cat-leren-heren-jas","12":"product_cat-leren-heren-jassen","13":"product_cat-leren-jas-heren","14":"product_cat-leren-jassen-heren-uitverkoop","15":"product_cat-leren-jassen-heren","16":"product_cat-versano","17":"product_tag-biker-look-heren-jas","18":"product_tag-bikerjack-dames-zwart","19":"product_tag-dames-bikerjack-zwart","20":"product_tag-dames-imitatieleren-jas-tan","21":"product_tag-echt-leer-heren-jas","22":"product_tag-echte-dames-biker-jack-zwart","23":"product_tag-heren-lamsleer-jas","24":"product_tag-leren-heren-jas-biker","25":"product_tag-leren-heren-jas-sale","26":"product_tag-uitverkoop-heren-leren-jas","27":"product_tag-zomerjassen-heren","28":"product_tag-zwarte-biker-jas-heren","29":"product_tag-zwarte-dames-bikerjack","30":"product_shipping_class-verzendkosten-1","31":"tm-no-options","33":"first","34":"instock","35":"sale","36":"taxable","37":"shipping-taxable","38":"purchasable","39":"product-type-variable","40":"has-default-attributes"},"yoast_head":"<!-- This site is optimized with the Yoast SEO plugin v27.2 - https:\/\/yoast.com\/product\/yoast-seo-wordpress\/ -->\n<title>Heren leren jas biker zwart TR57 Versano, heren jassen leer<\/title>\n<meta name=\"description\" content=\"Ben je op zoek naar een Heren leren jas biker zwart TR57 Versano, dan bent u bij Versano aan het juiste adres voor leren jassen voor heren.\" \/>\n<meta name=\"robots\" content=\"index, follow, max-snippet:-1, max-image-preview:large, max-video-preview:-1\" \/>\n<link rel=\"canonical\" href=\"https:\/\/versano.nl\/fr\/shop\/lederen-biker-jack-heren-versano-tr57-zwart\/\" \/>\n<meta property=\"og:locale\" content=\"fr_FR\" \/>\n<meta property=\"og:type\" content=\"article\" \/>\n<meta property=\"og:title\" content=\"Heren leren jas biker zwart TR57 Versano, heren jassen leer\" \/>\n<meta property=\"og:description\" content=\"Ben je op zoek naar een Heren leren jas biker zwart TR57 Versano, dan bent u bij Versano aan het juiste adres voor leren jassen voor heren.\" \/>\n<meta property=\"og:url\" content=\"https:\/\/versano.nl\/fr\/shop\/lederen-biker-jack-heren-versano-tr57-zwart\/\" \/>\n<meta property=\"og:site_name\" content=\"Versano\" \/>\n<meta property=\"article:modified_time\" content=\"2024-01-30T12:15:48+00:00\" \/>\n<meta property=\"og:image\" content=\"https:\/\/versano.nl\/wp-content\/uploads\/2020\/04\/lederen-biker-jack-heren-versano-tr57-zwart-voorkant-schuin.jpg\" \/>\n\t<meta property=\"og:image:width\" content=\"900\" \/>\n\t<meta property=\"og:image:height\" content=\"1200\" \/>\n\t<meta property=\"og:image:type\" content=\"image\/jpeg\" \/>\n<meta name=\"twitter:card\" content=\"summary_large_image\" \/>\n<meta name=\"twitter:label1\" content=\"Dur\u00e9e de lecture estim\u00e9e\" \/>\n\t<meta name=\"twitter:data1\" content=\"2 minutes\" \/>\n<script type=\"application\/ld+json\" class=\"yoast-schema-graph\">{\"@context\":\"https:\/\/schema.org\",\"@graph\":[{\"@type\":\"WebPage\",\"@id\":\"https:\/\/versano.nl\/shop\/lederen-biker-jack-heren-versano-tr57-zwart\/\",\"url\":\"https:\/\/versano.nl\/shop\/lederen-biker-jack-heren-versano-tr57-zwart\/\",\"name\":\"Heren leren jas biker zwart TR57 Versano, heren jassen leer\",\"isPartOf\":{\"@id\":\"https:\/\/versano.nl\/#website\"},\"primaryImageOfPage\":{\"@id\":\"https:\/\/versano.nl\/shop\/lederen-biker-jack-heren-versano-tr57-zwart\/#primaryimage\"},\"image\":{\"@id\":\"https:\/\/versano.nl\/shop\/lederen-biker-jack-heren-versano-tr57-zwart\/#primaryimage\"},\"thumbnailUrl\":\"https:\/\/versano.nl\/wp-content\/uploads\/2020\/04\/lederen-biker-jack-heren-versano-tr57-zwart-voorkant-schuin.jpg\",\"datePublished\":\"2020-04-09T22:06:22+00:00\",\"dateModified\":\"2024-01-30T12:15:48+00:00\",\"description\":\"Ben je op zoek naar een Heren leren jas biker zwart TR57 Versano, dan bent u bij Versano aan het juiste adres voor leren jassen voor heren.\",\"breadcrumb\":{\"@id\":\"https:\/\/versano.nl\/shop\/lederen-biker-jack-heren-versano-tr57-zwart\/#breadcrumb\"},\"inLanguage\":\"fr-FR\",\"potentialAction\":[{\"@type\":\"ReadAction\",\"target\":[\"https:\/\/versano.nl\/shop\/lederen-biker-jack-heren-versano-tr57-zwart\/\"]}]},{\"@type\":\"ImageObject\",\"inLanguage\":\"fr-FR\",\"@id\":\"https:\/\/versano.nl\/shop\/lederen-biker-jack-heren-versano-tr57-zwart\/#primaryimage\",\"url\":\"https:\/\/versano.nl\/wp-content\/uploads\/2020\/04\/lederen-biker-jack-heren-versano-tr57-zwart-voorkant-schuin.jpg\",\"contentUrl\":\"https:\/\/versano.nl\/wp-content\/uploads\/2020\/04\/lederen-biker-jack-heren-versano-tr57-zwart-voorkant-schuin.jpg\",\"width\":900,\"height\":1200,\"caption\":\"Heren leren jas biker zwart TR57 Versano\"},{\"@type\":\"BreadcrumbList\",\"@id\":\"https:\/\/versano.nl\/shop\/lederen-biker-jack-heren-versano-tr57-zwart\/#breadcrumb\",\"itemListElement\":[{\"@type\":\"ListItem\",\"position\":1,\"name\":\"Home\",\"item\":\"https:\/\/versano.nl\/\"},{\"@type\":\"ListItem\",\"position\":2,\"name\":\"Shop\",\"item\":\"https:\/\/versano.nl\/shop\/\"},{\"@type\":\"ListItem\",\"position\":3,\"name\":\"Heren leren jas biker zwart TR57 Versano\"}]},{\"@type\":\"WebSite\",\"@id\":\"https:\/\/versano.nl\/#website\",\"url\":\"https:\/\/versano.nl\/\",\"name\":\"Versano\",\"description\":\"winterjassen met bontkraag | leren dames jassen | leren heren jassen\",\"potentialAction\":[{\"@type\":\"SearchAction\",\"target\":{\"@type\":\"EntryPoint\",\"urlTemplate\":\"https:\/\/versano.nl\/?s={search_term_string}\"},\"query-input\":{\"@type\":\"PropertyValueSpecification\",\"valueRequired\":true,\"valueName\":\"search_term_string\"}}],\"inLanguage\":\"fr-FR\"}]}<\/script>\n<!-- \/ Yoast SEO plugin. -->","yoast_head_json":{"title":"Blouson cuir homme biker noir TR57 Versano, blousons homme cuir","description":"\u00cates-vous \u00e0 la recherche d&#039;un blouson de motard en cuir pour hommes noir TR57 Versano, alors Versano est le bon endroit pour les blousons en cuir pour hommes.","robots":{"index":"index","follow":"follow","max-snippet":"max-snippet:-1","max-image-preview":"max-image-preview:large","max-video-preview":"max-video-preview:-1"},"canonical":"https:\/\/versano.nl\/fr\/shop\/lederen-biker-jack-heren-versano-tr57-zwart\/","og_locale":"fr_FR","og_type":"article","og_title":"Heren leren jas biker zwart TR57 Versano, heren jassen leer","og_description":"Ben je op zoek naar een Heren leren jas biker zwart TR57 Versano, dan bent u bij Versano aan het juiste adres voor leren jassen voor heren.","og_url":"https:\/\/versano.nl\/fr\/shop\/lederen-biker-jack-heren-versano-tr57-zwart\/","og_site_name":"Versano","article_modified_time":"2024-01-30T12:15:48+00:00","og_image":[{"width":900,"height":1200,"url":"https:\/\/versano.nl\/wp-content\/uploads\/2020\/04\/lederen-biker-jack-heren-versano-tr57-zwart-voorkant-schuin.jpg","type":"image\/jpeg"}],"twitter_card":"summary_large_image","twitter_misc":{"Dur\u00e9e de lecture estim\u00e9e":"2 minutes"},"schema":{"@context":"https:\/\/schema.org","@graph":[{"@type":"WebPage","@id":"https:\/\/versano.nl\/shop\/lederen-biker-jack-heren-versano-tr57-zwart\/","url":"https:\/\/versano.nl\/shop\/lederen-biker-jack-heren-versano-tr57-zwart\/","name":"Blouson cuir homme biker noir TR57 Versano, blousons homme cuir","isPartOf":{"@id":"https:\/\/versano.nl\/#website"},"primaryImageOfPage":{"@id":"https:\/\/versano.nl\/shop\/lederen-biker-jack-heren-versano-tr57-zwart\/#primaryimage"},"image":{"@id":"https:\/\/versano.nl\/shop\/lederen-biker-jack-heren-versano-tr57-zwart\/#primaryimage"},"thumbnailUrl":"https:\/\/versano.nl\/wp-content\/uploads\/2020\/04\/lederen-biker-jack-heren-versano-tr57-zwart-voorkant-schuin.jpg","datePublished":"2020-04-09T22:06:22+00:00","dateModified":"2024-01-30T12:15:48+00:00","description":"\u00cates-vous \u00e0 la recherche d&#039;un blouson de motard en cuir pour hommes noir TR57 Versano, alors Versano est le bon endroit pour les blousons en cuir pour hommes.","breadcrumb":{"@id":"https:\/\/versano.nl\/shop\/lederen-biker-jack-heren-versano-tr57-zwart\/#breadcrumb"},"inLanguage":"fr-FR","potentialAction":[{"@type":"ReadAction","target":["https:\/\/versano.nl\/shop\/lederen-biker-jack-heren-versano-tr57-zwart\/"]}]},{"@type":"ImageObject","inLanguage":"fr-FR","@id":"https:\/\/versano.nl\/shop\/lederen-biker-jack-heren-versano-tr57-zwart\/#primaryimage","url":"https:\/\/versano.nl\/wp-content\/uploads\/2020\/04\/lederen-biker-jack-heren-versano-tr57-zwart-voorkant-schuin.jpg","contentUrl":"https:\/\/versano.nl\/wp-content\/uploads\/2020\/04\/lederen-biker-jack-heren-versano-tr57-zwart-voorkant-schuin.jpg","width":900,"height":1200,"caption":"Heren leren jas biker zwart TR57 Versano"},{"@type":"BreadcrumbList","@id":"https:\/\/versano.nl\/shop\/lederen-biker-jack-heren-versano-tr57-zwart\/#breadcrumb","itemListElement":[{"@type":"ListItem","position":1,"name":"Home","item":"https:\/\/versano.nl\/"},{"@type":"ListItem","position":2,"name":"Shop","item":"https:\/\/versano.nl\/shop\/"},{"@type":"ListItem","position":3,"name":"Heren leren jas biker zwart TR57 Versano"}]},{"@type":"WebSite","@id":"https:\/\/versano.nl\/#website","url":"https:\/\/versano.nl\/","name":"Versano","description":"manteaux d&#039;hiver avec col en fourrure | vestes femme en cuir | vestes en cuir pour hommes","potentialAction":[{"@type":"SearchAction","target":{"@type":"EntryPoint","urlTemplate":"https:\/\/versano.nl\/?s={search_term_string}"},"query-input":{"@type":"PropertyValueSpecification","valueRequired":true,"valueName":"search_term_string"}}],"inLanguage":"fr-FR"}]}},"_links":{"self":[{"href":"https:\/\/versano.nl\/fr\/wp-json\/wp\/v2\/product\/15992","targetHints":{"allow":["GET"]}}],"collection":[{"href":"https:\/\/versano.nl\/fr\/wp-json\/wp\/v2\/product"}],"about":[{"href":"https:\/\/versano.nl\/fr\/wp-json\/wp\/v2\/types\/product"}],"replies":[{"embeddable":true,"href":"https:\/\/versano.nl\/fr\/wp-json\/wp\/v2\/comments?post=15992"}],"wp:featuredmedia":[{"embeddable":true,"href":"https:\/\/versano.nl\/fr\/wp-json\/wp\/v2\/media\/16001"}],"wp:attachment":[{"href":"https:\/\/versano.nl\/fr\/wp-json\/wp\/v2\/media?parent=15992"}],"wp:term":[{"taxonomy":"product_brand","embeddable":true,"href":"https:\/\/versano.nl\/fr\/wp-json\/wp\/v2\/product_brand?post=15992"},{"taxonomy":"product_cat","embeddable":true,"href":"https:\/\/versano.nl\/fr\/wp-json\/wp\/v2\/product_cat?post=15992"},{"taxonomy":"product_tag","embeddable":true,"href":"https:\/\/versano.nl\/fr\/wp-json\/wp\/v2\/product_tag?post=15992"}],"curies":[{"name":"wp","href":"https:\/\/api.w.org\/{rel}","templated":true}]}}