{"id":15219,"date":"2020-01-01T17:30:51","date_gmt":"2020-01-01T17:30:51","guid":{"rendered":"https:\/\/versano.nl\/shop\/lange-dames-winterjas-zwart-met-zijritsen-alexa-versano\/"},"modified":"2026-04-09T14:16:33","modified_gmt":"2026-04-09T14:16:33","slug":"lange-dames-winterjas-zwart-met-zijritsen-alexa-versano","status":"publish","type":"product","link":"https:\/\/versano.nl\/fr\/shop\/lange-dames-winterjas-zwart-met-zijritsen-alexa-versano\/","title":{"rendered":"veste d&#039;hiver femme Alexa Versano noir"},"content":{"rendered":"<h2>veste d&#039;hiver femme Alexa Versano noir<\/h2>\n<p>Cette veste d&#039;hiver noire pour femme Alexa Versano est l&#039;un des nouveaux mod\u00e8les de Versano. Vous \u00eates \u00e0 la recherche d&#039;un manteau d&#039;hiver long et bien ajust\u00e9 ? Alors ce mod\u00e8le est le bon choix pour vous. La veste a 2 poches lat\u00e9rales droites et est fabriqu\u00e9e dans un mat\u00e9riau de haute qualit\u00e9. La veste a des fermetures \u00e9clair en bas des deux c\u00f4t\u00e9s. La veste d&#039;hiver femme Alexa Versano noir est un mod\u00e8le ajust\u00e9 de la collection Versano. Nous vous recommandons donc de comparer les mesures de taille avec notre tableau des tailles. Vous n&#039;avez aucune exp\u00e9rience dans la mesure de vos mesures de circonf\u00e9rence? Ensuite, vous pouvez nous appeler ou nous contacter directement\u00a0! Nos employ\u00e9s sont toujours disponibles pour vous aider.<\/p>\n<h2>Manteaux d&#039;hiver Versano<\/h2>\n<p>Les manteaux d&#039;hiver pour femmes Versano sont tr\u00e8s populaires en raison de leurs coupes ajust\u00e9es et de leur design italien. Vous attirerez toujours beaucoup d&#039;attention avec n&#039;importe quelle veste d&#039;hiver que vous choisissez de Versano. Avec une si belle veste, vous pouvez \u00eatre s\u00fbr que vous la porterez tout l&#039;hiver. Vous pouvez facilement commander cette veste d&#039;hiver pour femme Alexa Versano noire dans la boutique en ligne Versano. Nous avons rassembl\u00e9 ici toutes nos vestes pour que vous puissiez facilement passer une commande. Chez Versano, vous pouvez toujours \u00eatre s\u00fbr que vous achetez un beau manteau qui a \u00e9t\u00e9 travaill\u00e9 avec soin. . Vous pouvez commander ce mod\u00e8le chez nous dans diff\u00e9rentes couleurs et le col en fourrure est facultatif. Pour le col, vous pouvez choisir entre un col en fourrure v\u00e9ritable ou un col en fausse fourrure qui ne se distingue pas de la vraie fourrure.<\/p>\n<p>marque:\u00a0<a title=\"Versano\" href=\"https:\/\/versano.nl\/\" target=\"_blank\" rel=\"noopener noreferrer\">Versano<\/a><br \/>\nlongueur: longue<br \/>\ncoupe: sur mesure<br \/>\ndoublure: 100% polyester<br \/>\n\u00e9paisseur Doublure: 200 grammes align\u00e9s \u00e9pais<br \/>\nLongueur des manches: Manches longues<br \/>\nHotte: doubl\u00e9e, solide<br \/>\nLes plus: coutures renforc\u00e9es<br \/>\nFermeture: fermeture \u00e0 glissi\u00e8re compl\u00e8te<br \/>\nsacs zipp\u00e9e poches lat\u00e9rales, \u00e0 l&#039;int\u00e9rieur<br \/>\nFonction: imperm\u00e9able, coupe-vent<br \/>\ncouche ext\u00e9rieure mat\u00e9riau mat\u00e9riau: 100% polyester<br \/>\nAccessoires: col de fourrure (en option)<\/p>\n<p>D\u00e9lai de livraison: 2-3 jours ouvrables<\/p>\n<p>&nbsp;<\/p>","protected":false},"excerpt":{"rendered":"<p style=\"text-align: left;\"><span style=\"color: #ff0000;\"><strong>Conseils d&#039;ajustement: <\/strong><\/span><\/p>\n<p style=\"text-align: left;\"><span style=\"color: #ff0000;\">Slim fit pasvorm, bekijk de maattabel voor de juiste maat.<\/span><\/p>\n<p style=\"text-align: left;\"><span style=\"color: #ff0000;\">Ons model is 1.73 cm lang en draagt een S.<\/span><\/p>\n<p style=\"text-align: left;\">Si vous n&#039;\u00eates pas s\u00fbr de vos mesures, nous vous recommandons de commencer par mesurer vos mesures de taille et de les comparer avec notre tableau des tailles. Si vous n&#039;avez aucune exp\u00e9rience dans la mesure des tailles de circonf\u00e9rence, cliquez sur\u00a0<a href=\"https:\/\/www.youtube.com\/watch?v=3ZSfY87v6pM\"><em>ICI<\/em>\u00a0<\/a>\u00a0\u00e0\u00a0<span style=\"color: #ff0000;\"><a style=\"color: #ff0000;\" href=\"https:\/\/www.youtube.com\/watch?v=3ZSfY87v6pM\"><em>VIDEO<\/em><\/a><\/span>\u00a0 avec des instructions. Vous pouvez \u00e9galement nous appeler ou nous appliquer directement! Nos employ\u00e9s sont toujours disponibles pour vous aider.<\/p>\n<p><strong>HEURE DE LIVRAISON:<\/strong> 2 \u00e0 3 jours ouvr\u00e9s.<\/p>\n<p style=\"text-align: left;\"><span style=\"color: #ff0000;\">INFORMATION IMPORTANTE:<\/span><\/p>\n<p>Wij hebben een gedetailleerd pasvorm advies aangegeven in de product afbeeldingen. Bekijk dit voordat u een bestelling plaatst.<\/p>\n<p style=\"text-align: left;\">Vous pouvez acheter n&#039;importe quelle veste Versano avec ou sans col en fourrure, le col en fourrure n&#039;est pas inclus.<\/p>","protected":false},"featured_media":35229,"comment_status":"open","ping_status":"closed","template":"","meta":[],"product_brand":[],"product_cat":[1403,1012,1353,1145,1384,1389,1382,828,1383,1037,1038,1430,882,1143,1144,1415,1041,1042,215,1404,1339],"product_tag":[2080,2081,1213,1306,1214,2071,1465,1464,225,1215,1216,2082],"class_list":{"0":"post-15219","1":"product","2":"type-product","3":"status-publish","4":"has-post-thumbnail","6":"product_cat-bontkraag-jas","7":"product_cat-dames-jas-met-bontkraag","8":"product_cat-dames-jas-met-pels","9":"product_cat-dames-winterjas","10":"product_cat-dames-winterjas-met-bontkraag","11":"product_cat-dames-winterjas-met-pels","12":"product_cat-dames-winterjassen","13":"product_cat-dames-winterjassen-grote-maten","14":"product_cat-dames-winterjassen-met-bontkraag","15":"product_cat-jas-met-bontkraag","16":"product_cat-jas-met-bontkraag-dames","17":"product_cat-lange-winterjas-dames","18":"product_cat-versano","19":"product_cat-winterjas","20":"product_cat-winterjas-dames","21":"product_cat-winterjas-dames-met-bontkraag","22":"product_cat-winterjas-met-bontkraag","23":"product_cat-winterjas-met-bontkraag-dames","24":"product_cat-dames-jassen-met-bontkraag","25":"product_cat-winterjassen","26":"product_cat-winterjassen-dames","27":"product_tag-dames-merkjas","28":"product_tag-dames-winterjas-merk","29":"product_tag-lange-dames-winterjassen","30":"product_tag-lange-winterjas-dames","31":"product_tag-lange-winterjassen-dames","32":"product_tag-versano-winterjas-dames","33":"product_tag-winterjas-dames-grote-bontkraag","34":"product_tag-winterjas-dames-lang","35":"product_tag-winterjas-met-bontkraag-dames","36":"product_tag-winterjassen-dames-lang-model-zwart","37":"product_tag-zwarte-lange-dames-winterjas","38":"product_tag-zwarte-lange-winterjas-dames","39":"tm-has-options","41":"first","42":"instock","43":"sale","44":"taxable","45":"shipping-taxable","46":"purchasable","47":"product-type-variable"},"yoast_head":"<!-- This site is optimized with the Yoast SEO plugin v27.2 - https:\/\/yoast.com\/product\/yoast-seo-wordpress\/ -->\n<title>dames winterjas Alexa Versano zwart, lange dames winterjas<\/title>\n<meta name=\"description\" content=\"Bent u op zoek naar een dames winterjas Alexa Versano zwart, dan bent u bij ons aan het juiste adres voor lange winterjassen.\" \/>\n<meta name=\"robots\" content=\"index, follow, max-snippet:-1, max-image-preview:large, max-video-preview:-1\" \/>\n<link rel=\"canonical\" href=\"https:\/\/versano.nl\/fr\/shop\/lange-dames-winterjas-zwart-met-zijritsen-alexa-versano\/\" \/>\n<meta property=\"og:locale\" content=\"fr_FR\" \/>\n<meta property=\"og:type\" content=\"article\" \/>\n<meta property=\"og:title\" content=\"dames winterjas Alexa Versano zwart, lange dames winterjas\" \/>\n<meta property=\"og:description\" content=\"Bent u op zoek naar een dames winterjas Alexa Versano zwart, dan bent u bij ons aan het juiste adres voor lange winterjassen.\" \/>\n<meta property=\"og:url\" content=\"https:\/\/versano.nl\/fr\/shop\/lange-dames-winterjas-zwart-met-zijritsen-alexa-versano\/\" \/>\n<meta property=\"og:site_name\" content=\"Versano\" \/>\n<meta property=\"article:modified_time\" content=\"2026-04-09T14:16:33+00:00\" \/>\n<meta property=\"og:image\" content=\"https:\/\/versano.nl\/wp-content\/uploads\/2020\/01\/111-1.jpg\" \/>\n\t<meta property=\"og:image:width\" content=\"800\" \/>\n\t<meta property=\"og:image:height\" content=\"1200\" \/>\n\t<meta property=\"og:image:type\" content=\"image\/jpeg\" \/>\n<meta name=\"twitter:card\" content=\"summary_large_image\" \/>\n<meta name=\"twitter:label1\" content=\"Dur\u00e9e de lecture estim\u00e9e\" \/>\n\t<meta name=\"twitter:data1\" content=\"2 minutes\" \/>\n<script type=\"application\/ld+json\" class=\"yoast-schema-graph\">{\"@context\":\"https:\/\/schema.org\",\"@graph\":[{\"@type\":\"WebPage\",\"@id\":\"https:\/\/versano.nl\/shop\/lange-dames-winterjas-zwart-met-zijritsen-alexa-versano\/\",\"url\":\"https:\/\/versano.nl\/shop\/lange-dames-winterjas-zwart-met-zijritsen-alexa-versano\/\",\"name\":\"dames winterjas Alexa Versano zwart, lange dames winterjas\",\"isPartOf\":{\"@id\":\"https:\/\/versano.nl\/#website\"},\"primaryImageOfPage\":{\"@id\":\"https:\/\/versano.nl\/shop\/lange-dames-winterjas-zwart-met-zijritsen-alexa-versano\/#primaryimage\"},\"image\":{\"@id\":\"https:\/\/versano.nl\/shop\/lange-dames-winterjas-zwart-met-zijritsen-alexa-versano\/#primaryimage\"},\"thumbnailUrl\":\"https:\/\/versano.nl\/wp-content\/uploads\/2020\/01\/111-1.jpg\",\"datePublished\":\"2020-01-01T17:30:51+00:00\",\"dateModified\":\"2026-04-09T14:16:33+00:00\",\"description\":\"Bent u op zoek naar een dames winterjas Alexa Versano zwart, dan bent u bij ons aan het juiste adres voor lange winterjassen.\",\"breadcrumb\":{\"@id\":\"https:\/\/versano.nl\/shop\/lange-dames-winterjas-zwart-met-zijritsen-alexa-versano\/#breadcrumb\"},\"inLanguage\":\"fr-FR\",\"potentialAction\":[{\"@type\":\"ReadAction\",\"target\":[\"https:\/\/versano.nl\/shop\/lange-dames-winterjas-zwart-met-zijritsen-alexa-versano\/\"]}]},{\"@type\":\"ImageObject\",\"inLanguage\":\"fr-FR\",\"@id\":\"https:\/\/versano.nl\/shop\/lange-dames-winterjas-zwart-met-zijritsen-alexa-versano\/#primaryimage\",\"url\":\"https:\/\/versano.nl\/wp-content\/uploads\/2020\/01\/111-1.jpg\",\"contentUrl\":\"https:\/\/versano.nl\/wp-content\/uploads\/2020\/01\/111-1.jpg\",\"width\":800,\"height\":1200,\"caption\":\"dames winterjas Alexa Versano zwart\"},{\"@type\":\"BreadcrumbList\",\"@id\":\"https:\/\/versano.nl\/shop\/lange-dames-winterjas-zwart-met-zijritsen-alexa-versano\/#breadcrumb\",\"itemListElement\":[{\"@type\":\"ListItem\",\"position\":1,\"name\":\"Home\",\"item\":\"https:\/\/versano.nl\/\"},{\"@type\":\"ListItem\",\"position\":2,\"name\":\"Shop\",\"item\":\"https:\/\/versano.nl\/shop\/\"},{\"@type\":\"ListItem\",\"position\":3,\"name\":\"dames winterjas Alexa Versano zwart\"}]},{\"@type\":\"WebSite\",\"@id\":\"https:\/\/versano.nl\/#website\",\"url\":\"https:\/\/versano.nl\/\",\"name\":\"Versano\",\"description\":\"winterjassen met bontkraag | leren dames jassen | leren heren jassen\",\"potentialAction\":[{\"@type\":\"SearchAction\",\"target\":{\"@type\":\"EntryPoint\",\"urlTemplate\":\"https:\/\/versano.nl\/?s={search_term_string}\"},\"query-input\":{\"@type\":\"PropertyValueSpecification\",\"valueRequired\":true,\"valueName\":\"search_term_string\"}}],\"inLanguage\":\"fr-FR\"}]}<\/script>\n<!-- \/ Yoast SEO plugin. -->","yoast_head_json":{"title":"veste d&#039;hiver femme Alexa Versano noir, veste d&#039;hiver longue femme","description":"\u00cates-vous \u00e0 la recherche d&#039;une veste d&#039;hiver pour femme Alexa Versano noire, alors vous \u00eates au bon endroit pour les vestes d&#039;hiver longues.","robots":{"index":"index","follow":"follow","max-snippet":"max-snippet:-1","max-image-preview":"max-image-preview:large","max-video-preview":"max-video-preview:-1"},"canonical":"https:\/\/versano.nl\/fr\/shop\/lange-dames-winterjas-zwart-met-zijritsen-alexa-versano\/","og_locale":"fr_FR","og_type":"article","og_title":"dames winterjas Alexa Versano zwart, lange dames winterjas","og_description":"Bent u op zoek naar een dames winterjas Alexa Versano zwart, dan bent u bij ons aan het juiste adres voor lange winterjassen.","og_url":"https:\/\/versano.nl\/fr\/shop\/lange-dames-winterjas-zwart-met-zijritsen-alexa-versano\/","og_site_name":"Versano","article_modified_time":"2026-04-09T14:16:33+00:00","og_image":[{"width":800,"height":1200,"url":"https:\/\/versano.nl\/wp-content\/uploads\/2020\/01\/111-1.jpg","type":"image\/jpeg"}],"twitter_card":"summary_large_image","twitter_misc":{"Dur\u00e9e de lecture estim\u00e9e":"2 minutes"},"schema":{"@context":"https:\/\/schema.org","@graph":[{"@type":"WebPage","@id":"https:\/\/versano.nl\/shop\/lange-dames-winterjas-zwart-met-zijritsen-alexa-versano\/","url":"https:\/\/versano.nl\/shop\/lange-dames-winterjas-zwart-met-zijritsen-alexa-versano\/","name":"veste d&#039;hiver femme Alexa Versano noir, veste d&#039;hiver longue femme","isPartOf":{"@id":"https:\/\/versano.nl\/#website"},"primaryImageOfPage":{"@id":"https:\/\/versano.nl\/shop\/lange-dames-winterjas-zwart-met-zijritsen-alexa-versano\/#primaryimage"},"image":{"@id":"https:\/\/versano.nl\/shop\/lange-dames-winterjas-zwart-met-zijritsen-alexa-versano\/#primaryimage"},"thumbnailUrl":"https:\/\/versano.nl\/wp-content\/uploads\/2020\/01\/111-1.jpg","datePublished":"2020-01-01T17:30:51+00:00","dateModified":"2026-04-09T14:16:33+00:00","description":"\u00cates-vous \u00e0 la recherche d&#039;une veste d&#039;hiver pour femme Alexa Versano noire, alors vous \u00eates au bon endroit pour les vestes d&#039;hiver longues.","breadcrumb":{"@id":"https:\/\/versano.nl\/shop\/lange-dames-winterjas-zwart-met-zijritsen-alexa-versano\/#breadcrumb"},"inLanguage":"fr-FR","potentialAction":[{"@type":"ReadAction","target":["https:\/\/versano.nl\/shop\/lange-dames-winterjas-zwart-met-zijritsen-alexa-versano\/"]}]},{"@type":"ImageObject","inLanguage":"fr-FR","@id":"https:\/\/versano.nl\/shop\/lange-dames-winterjas-zwart-met-zijritsen-alexa-versano\/#primaryimage","url":"https:\/\/versano.nl\/wp-content\/uploads\/2020\/01\/111-1.jpg","contentUrl":"https:\/\/versano.nl\/wp-content\/uploads\/2020\/01\/111-1.jpg","width":800,"height":1200,"caption":"dames winterjas Alexa Versano zwart"},{"@type":"BreadcrumbList","@id":"https:\/\/versano.nl\/shop\/lange-dames-winterjas-zwart-met-zijritsen-alexa-versano\/#breadcrumb","itemListElement":[{"@type":"ListItem","position":1,"name":"Home","item":"https:\/\/versano.nl\/"},{"@type":"ListItem","position":2,"name":"Shop","item":"https:\/\/versano.nl\/shop\/"},{"@type":"ListItem","position":3,"name":"dames winterjas Alexa Versano zwart"}]},{"@type":"WebSite","@id":"https:\/\/versano.nl\/#website","url":"https:\/\/versano.nl\/","name":"Versano","description":"manteaux d&#039;hiver avec col en fourrure | vestes femme en cuir | vestes en cuir pour hommes","potentialAction":[{"@type":"SearchAction","target":{"@type":"EntryPoint","urlTemplate":"https:\/\/versano.nl\/?s={search_term_string}"},"query-input":{"@type":"PropertyValueSpecification","valueRequired":true,"valueName":"search_term_string"}}],"inLanguage":"fr-FR"}]}},"_links":{"self":[{"href":"https:\/\/versano.nl\/fr\/wp-json\/wp\/v2\/product\/15219","targetHints":{"allow":["GET"]}}],"collection":[{"href":"https:\/\/versano.nl\/fr\/wp-json\/wp\/v2\/product"}],"about":[{"href":"https:\/\/versano.nl\/fr\/wp-json\/wp\/v2\/types\/product"}],"replies":[{"embeddable":true,"href":"https:\/\/versano.nl\/fr\/wp-json\/wp\/v2\/comments?post=15219"}],"wp:featuredmedia":[{"embeddable":true,"href":"https:\/\/versano.nl\/fr\/wp-json\/wp\/v2\/media\/35229"}],"wp:attachment":[{"href":"https:\/\/versano.nl\/fr\/wp-json\/wp\/v2\/media?parent=15219"}],"wp:term":[{"taxonomy":"product_brand","embeddable":true,"href":"https:\/\/versano.nl\/fr\/wp-json\/wp\/v2\/product_brand?post=15219"},{"taxonomy":"product_cat","embeddable":true,"href":"https:\/\/versano.nl\/fr\/wp-json\/wp\/v2\/product_cat?post=15219"},{"taxonomy":"product_tag","embeddable":true,"href":"https:\/\/versano.nl\/fr\/wp-json\/wp\/v2\/product_tag?post=15219"}],"curies":[{"name":"wp","href":"https:\/\/api.w.org\/{rel}","templated":true}]}}