{"id":12619,"date":"2019-10-07T21:47:09","date_gmt":"2019-10-07T21:47:09","guid":{"rendered":"https:\/\/versano.nl\/shop\/halflange-dames-winterjas-met-bontkraag-rood-genny-versano\/"},"modified":"2026-02-23T11:24:14","modified_gmt":"2026-02-23T11:24:14","slug":"halflange-dames-winterjas-met-bontkraag-rood-genny-versano","status":"publish","type":"product","link":"https:\/\/versano.nl\/fr\/shop\/halflange-dames-winterjas-met-bontkraag-rood-genny-versano\/","title":{"rendered":"Manteau d&#039;hiver femme avec col en fourrure Jenny Red Versano"},"content":{"rendered":"<h2>Manteau d&#039;hiver femme avec col en fourrure Jenny Red Versano<\/h2>\n<p>Vous \u00eates \u00e0 la recherche d&#039;un manteau d&#039;hiver pour femme bien ajust\u00e9 avec un col en fourrure Jenny red Versano ? Alors vous \u00eates au bon endroit chez Versano. Jenny est la veste d&#039;hiver parfaite pour passer l&#039;hiver. Un top coat qui peut \u00eatre fourni avec ou sans col en fourrure. Le manteau d&#039;hiver pour femme avec col en fourrure jenny red Versano est non seulement chaud, mais il a \u00e9galement une coupe bien ajust\u00e9e. Cette veste d&#039;hiver pour femmes de Versano est un mod\u00e8le de longueur moyenne avec des poches lat\u00e9rales situ\u00e9es \u00e0 hauteur des hanches. Ces poches peuvent \u00eatre ferm\u00e9es par une fermeture \u00e9clair, la veste dispose \u00e9galement d&#039;une fermeture \u00e9clair constitu\u00e9e d&#039;une fermeture \u00e9clair. C&#039;est l&#039;une des vestes les plus vendues de Versano \u00e0 un prix comp\u00e9titif.<\/p>\n<h2><span style=\"color: #000000;\"><strong>Une veste d&#039;hiver haut avec un beau design.<\/strong><\/span><\/h2>\n<p>Manteau d&#039;hiver pour femme avec col en fourrure jenny rouge Versano est l&#039;une des pi\u00e8ces ma\u00eetresses et tr\u00e8s joliment con\u00e7u par les designers de Versano. La marque Versano est surtout connue pour ses mod\u00e8les magnifiques et inhabituels de vestes avec une coupe italienne sur mesure, mais ce n&#039;est pas seulement un design, nous l&#039;appelons &quot;UN \u00c9TAT DE L&#039;ART&quot;. Jenny a \u00e9galement une fermeture \u00e9clair \u00e0 l&#039;arri\u00e8re qui est con\u00e7ue pour donner \u00e0 la veste un look cool et en ouvrant la fermeture \u00e9clair, la veste devient l\u00e9g\u00e8rement plus large pour que vous puissiez facilement vous asseoir ou faire du v\u00e9lo. La veste a une capuche fixe et des boutons-pression sur lesquels le col en fourrure peut \u00eatre attach\u00e9. Vous pouvez bien s\u00fbr aussi acheter et porter le manteau d&#039;hiver pour femme de versano sans col en fourrure.<\/p>\n<p>&nbsp;<\/p>\n<p>marque: <a title=\"Versano\" href=\"https:\/\/versano.nl\/\" target=\"_blank\" rel=\"noopener noreferrer\">Versano<\/a><br \/>\nlongueur: demi<br \/>\ncoupe: bien ajust\u00e9e<br \/>\ndoublure: 100% polyester<br \/>\n\u00e9paisseur Doublure: 200 grammes align\u00e9s \u00e9pais<br \/>\nLongueur des manches: Manches longues<br \/>\nHotte: doubl\u00e9e, solide<br \/>\nLes plus: coutures renforc\u00e9es<br \/>\nFermeture: fermeture \u00e0 glissi\u00e8re compl\u00e8te<br \/>\nsacs zipp\u00e9e poches lat\u00e9rales, \u00e0 l&#039;int\u00e9rieur<br \/>\nFonction: imperm\u00e9able, coupe-vent<br \/>\ncouche ext\u00e9rieure mat\u00e9riau mat\u00e9riau: 100% polyester<br \/>\nAccessoires: col de fourrure (en option)<\/p>\n<p>D\u00e9lai de livraison: 2-3 jours<\/p>\n<p><span style=\"color: #ff0000;\">INFORMATION IMPORTANTE:<\/span>\u00a0Vous pouvez acheter n&#039;importe quelle veste Versano avec ou sans col en fourrure, le col en fourrure n&#039;est pas inclus.<\/p>","protected":false},"excerpt":{"rendered":"<h4>CHOISISSEZ UNE AUTRE COULEUR ICI<\/h4>\n<p><span style=\"color: #ff0000;\"><a href=\"https:\/\/versano.nl\/shop\/lange-dames-winterjas-beige-genny-versano\/\"><img loading=\"lazy\" decoding=\"async\" class=\"alignnone size-full wp-image-19636\" src=\"https:\/\/versano.nl\/wp-content\/uploads\/sites\/2\/2019\/11\/dames-winterjas-beige-halflang-model-zilveren-rits-versano-voorkant-thumb.jpg\" alt=\"\" width=\"57\" height=\"75\" \/><\/a><a href=\"https:\/\/versano.nl\/shop\/halflange-dames-winterjas-rose-genny-versano-silver-zip\/\"><img loading=\"lazy\" decoding=\"async\" class=\"alignnone size-full wp-image-19638\" src=\"https:\/\/versano.nl\/wp-content\/uploads\/sites\/2\/2019\/11\/dames-winterjas-zalmroze-halflang-model-zilveren-rits-versano-voorkant-thumb.jpg\" alt=\"\" width=\"57\" height=\"75\" \/><\/a><a href=\"https:\/\/versano.nl\/shop\/halflange-dames-winterjas-rose-genny-versano-black-zip\/\"><img loading=\"lazy\" decoding=\"async\" class=\"alignnone size-full wp-image-19639\" src=\"https:\/\/versano.nl\/wp-content\/uploads\/sites\/2\/2019\/11\/dames-winterjas-zalmroze-halflang-model-zwarte-rits-versano-voorkant-thumb.jpg\" alt=\"\" width=\"57\" height=\"75\" \/><\/a><a href=\"https:\/\/versano.nl\/shop\/halflange-dames-winterjas-met-bontkraag-blauw-genny-versano\/\"><img loading=\"lazy\" decoding=\"async\" class=\"alignnone size-full wp-image-19640\" src=\"https:\/\/versano.nl\/wp-content\/uploads\/sites\/2\/2019\/11\/Genny-blauw.jpg\" alt=\"\" width=\"57\" height=\"75\" \/><\/a><a href=\"https:\/\/versano.nl\/shop\/halflange-dames-winterjas-met-bontkraag-zwart-genny-versano\/\"><img loading=\"lazy\" decoding=\"async\" class=\"alignnone size-full wp-image-19641\" src=\"https:\/\/versano.nl\/wp-content\/uploads\/sites\/2\/2019\/11\/Genny-zwart-thumb.jpg\" alt=\"\" width=\"57\" height=\"75\" \/><\/a><a href=\"https:\/\/versano.nl\/shop\/dames-winterjas-met-pels-blauw-cognac-jenny-merk-versano\/\"><img loading=\"lazy\" decoding=\"async\" class=\"alignnone size-full wp-image-19642\" src=\"https:\/\/versano.nl\/wp-content\/uploads\/sites\/2\/2019\/11\/halflange-dames-winterjas-met-bontkraag-blauw-met-cognac-biezen-versano-voorkant-model1-thumb.jpg\" alt=\"\" width=\"57\" height=\"75\" \/><\/a><a href=\"https:\/\/versano.nl\/shop\/halflange-dames-winterjas-met-bontkraag-groen-genny-versano\"><img loading=\"lazy\" decoding=\"async\" class=\"alignnone size-full wp-image-19643\" src=\"https:\/\/versano.nl\/wp-content\/uploads\/sites\/2\/2019\/11\/versano-dames-winterjas-genny-groen.jpg\" alt=\"\" width=\"57\" height=\"76\" \/><\/a><a href=\"https:\/\/versano.nl\/shop\/lange-witte-dames-winterjas-genny-versano-silver-zip\/\"><img loading=\"lazy\" decoding=\"async\" class=\"alignnone size-full wp-image-19644\" src=\"https:\/\/versano.nl\/wp-content\/uploads\/sites\/2\/2019\/11\/witte-dames-winterjas-halflang-bontkraag-versano-voorkant-thumb.jpg\" alt=\"\" width=\"57\" height=\"75\" \/><\/a><a href=\"https:\/\/versano.nl\/shop\/halflange-witte-dames-winterjas-genny-versano-black-zip\/\"><img loading=\"lazy\" decoding=\"async\" class=\"alignnone size-full wp-image-19645\" src=\"https:\/\/versano.nl\/wp-content\/uploads\/sites\/2\/2019\/11\/witte-dames-winterjas-halflang-bontkraag-zwarte-rits-versano-voorkant-thumb.jpg\" alt=\"\" width=\"57\" height=\"75\" \/><\/a><\/span><\/p>\n<p><span style=\"color: #ff0000;\"><strong>Conseils d&#039;ajustement:<\/strong><\/span> La coupe de cette veste est bien ajust\u00e9e. Notre mannequin mesure 1,80 cm et porte du Medium.<\/p>\n<p>Si vous n&#039;\u00eates pas s\u00fbr de vos mesures, nous vous recommandons de commencer par mesurer vos mesures de taille et de les comparer avec notre tableau des tailles. Si vous n&#039;avez aucune exp\u00e9rience dans la mesure des tailles de circonf\u00e9rence, cliquez sur <a href=\"https:\/\/www.youtube.com\/watch?v=3ZSfY87v6pM\"><em>ICI<\/em>\u00a0<\/a>\u00a0\u00e0 <span style=\"color: #ff0000;\"><a style=\"color: #ff0000;\" href=\"https:\/\/www.youtube.com\/watch?v=3ZSfY87v6pM\"><em>VIDEO<\/em><\/a><\/span>\u00a0 avec des instructions. Vous pouvez \u00e9galement nous appeler ou nous appliquer directement! Nos employ\u00e9s sont toujours disponibles pour vous aider.<\/p>\n<p><span style=\"color: #000000;\">HEURE DE LIVRAISON :<\/span> 2 \u00e0 3 jours ouvr\u00e9s.<\/p>\n<p><strong>INFORMATION IMPORTANTE:\u00a0<\/strong>Vous pouvez acheter n&#039;importe quelle veste Versano avec ou sans col en fourrure, le col en fourrure n&#039;est pas inclus.<\/p>","protected":false},"featured_media":12616,"comment_status":"open","ping_status":"closed","template":"","meta":[],"product_brand":[],"product_cat":[1403,1012,1353,1145,1384,1389,1382,1383,1037,1038,882,1143,1144,2204,1415,1041,1042,215,1404,1339],"product_tag":[217,1456,1450,218,1051,1053,1058,1195,1196],"class_list":{"0":"post-12619","1":"product","2":"type-product","3":"status-publish","4":"has-post-thumbnail","6":"product_cat-bontkraag-jas","7":"product_cat-dames-jas-met-bontkraag","8":"product_cat-dames-jas-met-pels","9":"product_cat-dames-winterjas","10":"product_cat-dames-winterjas-met-bontkraag","11":"product_cat-dames-winterjas-met-pels","12":"product_cat-dames-winterjassen","13":"product_cat-dames-winterjassen-met-bontkraag","14":"product_cat-jas-met-bontkraag","15":"product_cat-jas-met-bontkraag-dames","16":"product_cat-versano","17":"product_cat-winterjas","18":"product_cat-winterjas-dames","19":"product_cat-winterjas-dames-halflang","20":"product_cat-winterjas-dames-met-bontkraag","21":"product_cat-winterjas-met-bontkraag","22":"product_cat-winterjas-met-bontkraag-dames","23":"product_cat-dames-jassen-met-bontkraag","24":"product_cat-winterjassen","25":"product_cat-winterjassen-dames","26":"product_tag-dames-winterjas-met-bontkraag-rood","27":"product_tag-dames-winterjas-met-bontkraag-sale","28":"product_tag-dames-winterjas-met-grote-bontkraag","29":"product_tag-dames-winterjas-rood","30":"product_tag-halflange-rode-dames-winterjas-met-bontkraag","31":"product_tag-rode-dames-winterjas-met-pels","32":"product_tag-rode-dames-winterjassen","33":"product_tag-rode-lange-dames-winterjas","34":"product_tag-winterjassen-dames-rood","35":"product_shipping_class-verzendkosten-1","36":"tm-has-options","38":"first","39":"instock","40":"sale","41":"taxable","42":"shipping-taxable","43":"purchasable","44":"product-type-variable"},"yoast_head":"<!-- This site is optimized with the Yoast SEO plugin v27.2 - https:\/\/yoast.com\/product\/yoast-seo-wordpress\/ -->\n<title>Dames winterjas met bontkraag jenny rood Versano<\/title>\n<meta name=\"description\" content=\"Ben u op zoek naar een Dames winterjas met bontkraag jenny rood Versano, kijk dan gerust in de webshop voor onze collectie voor winterjassen.\" \/>\n<meta name=\"robots\" content=\"index, follow, max-snippet:-1, max-image-preview:large, max-video-preview:-1\" \/>\n<link rel=\"canonical\" href=\"https:\/\/versano.nl\/fr\/shop\/halflange-dames-winterjas-met-bontkraag-rood-genny-versano\/\" \/>\n<meta property=\"og:locale\" content=\"fr_FR\" \/>\n<meta property=\"og:type\" content=\"article\" \/>\n<meta property=\"og:title\" content=\"Dames winterjas met bontkraag jenny rood Versano\" \/>\n<meta property=\"og:description\" content=\"Ben u op zoek naar een Dames winterjas met bontkraag jenny rood Versano, kijk dan gerust in de webshop voor onze collectie voor winterjassen.\" \/>\n<meta property=\"og:url\" content=\"https:\/\/versano.nl\/fr\/shop\/halflange-dames-winterjas-met-bontkraag-rood-genny-versano\/\" \/>\n<meta property=\"og:site_name\" content=\"Versano\" \/>\n<meta property=\"article:modified_time\" content=\"2026-02-23T11:24:14+00:00\" \/>\n<meta property=\"og:image\" content=\"https:\/\/versano.nl\/wp-content\/uploads\/2019\/10\/dames-winterjas-met-bontkraag-halflang-rood-versano-genny-voorkant.jpg\" \/>\n\t<meta property=\"og:image:width\" content=\"900\" \/>\n\t<meta property=\"og:image:height\" content=\"1176\" \/>\n\t<meta property=\"og:image:type\" content=\"image\/jpeg\" \/>\n<meta name=\"twitter:card\" content=\"summary_large_image\" \/>\n<meta name=\"twitter:label1\" content=\"Dur\u00e9e de lecture estim\u00e9e\" \/>\n\t<meta name=\"twitter:data1\" content=\"2 minutes\" \/>\n<script type=\"application\/ld+json\" class=\"yoast-schema-graph\">{\"@context\":\"https:\/\/schema.org\",\"@graph\":[{\"@type\":\"WebPage\",\"@id\":\"https:\/\/versano.nl\/shop\/halflange-dames-winterjas-met-bontkraag-rood-genny-versano\/\",\"url\":\"https:\/\/versano.nl\/shop\/halflange-dames-winterjas-met-bontkraag-rood-genny-versano\/\",\"name\":\"Dames winterjas met bontkraag jenny rood Versano\",\"isPartOf\":{\"@id\":\"https:\/\/versano.nl\/#website\"},\"primaryImageOfPage\":{\"@id\":\"https:\/\/versano.nl\/shop\/halflange-dames-winterjas-met-bontkraag-rood-genny-versano\/#primaryimage\"},\"image\":{\"@id\":\"https:\/\/versano.nl\/shop\/halflange-dames-winterjas-met-bontkraag-rood-genny-versano\/#primaryimage\"},\"thumbnailUrl\":\"https:\/\/versano.nl\/wp-content\/uploads\/2019\/10\/dames-winterjas-met-bontkraag-halflang-rood-versano-genny-voorkant.jpg\",\"datePublished\":\"2019-10-07T21:47:09+00:00\",\"dateModified\":\"2026-02-23T11:24:14+00:00\",\"description\":\"Ben u op zoek naar een Dames winterjas met bontkraag jenny rood Versano, kijk dan gerust in de webshop voor onze collectie voor winterjassen.\",\"breadcrumb\":{\"@id\":\"https:\/\/versano.nl\/shop\/halflange-dames-winterjas-met-bontkraag-rood-genny-versano\/#breadcrumb\"},\"inLanguage\":\"fr-FR\",\"potentialAction\":[{\"@type\":\"ReadAction\",\"target\":[\"https:\/\/versano.nl\/shop\/halflange-dames-winterjas-met-bontkraag-rood-genny-versano\/\"]}]},{\"@type\":\"ImageObject\",\"inLanguage\":\"fr-FR\",\"@id\":\"https:\/\/versano.nl\/shop\/halflange-dames-winterjas-met-bontkraag-rood-genny-versano\/#primaryimage\",\"url\":\"https:\/\/versano.nl\/wp-content\/uploads\/2019\/10\/dames-winterjas-met-bontkraag-halflang-rood-versano-genny-voorkant.jpg\",\"contentUrl\":\"https:\/\/versano.nl\/wp-content\/uploads\/2019\/10\/dames-winterjas-met-bontkraag-halflang-rood-versano-genny-voorkant.jpg\",\"width\":900,\"height\":1176,\"caption\":\"Dames winterjas met bontkraag jenny rood Versano\"},{\"@type\":\"BreadcrumbList\",\"@id\":\"https:\/\/versano.nl\/shop\/halflange-dames-winterjas-met-bontkraag-rood-genny-versano\/#breadcrumb\",\"itemListElement\":[{\"@type\":\"ListItem\",\"position\":1,\"name\":\"Home\",\"item\":\"https:\/\/versano.nl\/\"},{\"@type\":\"ListItem\",\"position\":2,\"name\":\"Shop\",\"item\":\"https:\/\/versano.nl\/shop\/\"},{\"@type\":\"ListItem\",\"position\":3,\"name\":\"Dames winterjas met bontkraag jenny rood Versano\"}]},{\"@type\":\"WebSite\",\"@id\":\"https:\/\/versano.nl\/#website\",\"url\":\"https:\/\/versano.nl\/\",\"name\":\"Versano\",\"description\":\"winterjassen met bontkraag | leren dames jassen | leren heren jassen\",\"potentialAction\":[{\"@type\":\"SearchAction\",\"target\":{\"@type\":\"EntryPoint\",\"urlTemplate\":\"https:\/\/versano.nl\/?s={search_term_string}\"},\"query-input\":{\"@type\":\"PropertyValueSpecification\",\"valueRequired\":true,\"valueName\":\"search_term_string\"}}],\"inLanguage\":\"fr-FR\"}]}<\/script>\n<!-- \/ Yoast SEO plugin. -->","yoast_head_json":{"title":"Manteau d&#039;hiver femme avec col en fourrure Jenny Red Versano","description":"Vous recherchez une Veste d&#039;hiver pour femme avec col en fourrure jenny rouge Versano, alors jetez un \u0153il \u00e0 la boutique en ligne pour d\u00e9couvrir notre collection de vestes d&#039;hiver.","robots":{"index":"index","follow":"follow","max-snippet":"max-snippet:-1","max-image-preview":"max-image-preview:large","max-video-preview":"max-video-preview:-1"},"canonical":"https:\/\/versano.nl\/fr\/shop\/halflange-dames-winterjas-met-bontkraag-rood-genny-versano\/","og_locale":"fr_FR","og_type":"article","og_title":"Dames winterjas met bontkraag jenny rood Versano","og_description":"Ben u op zoek naar een Dames winterjas met bontkraag jenny rood Versano, kijk dan gerust in de webshop voor onze collectie voor winterjassen.","og_url":"https:\/\/versano.nl\/fr\/shop\/halflange-dames-winterjas-met-bontkraag-rood-genny-versano\/","og_site_name":"Versano","article_modified_time":"2026-02-23T11:24:14+00:00","og_image":[{"width":900,"height":1176,"url":"https:\/\/versano.nl\/wp-content\/uploads\/2019\/10\/dames-winterjas-met-bontkraag-halflang-rood-versano-genny-voorkant.jpg","type":"image\/jpeg"}],"twitter_card":"summary_large_image","twitter_misc":{"Dur\u00e9e de lecture estim\u00e9e":"2 minutes"},"schema":{"@context":"https:\/\/schema.org","@graph":[{"@type":"WebPage","@id":"https:\/\/versano.nl\/shop\/halflange-dames-winterjas-met-bontkraag-rood-genny-versano\/","url":"https:\/\/versano.nl\/shop\/halflange-dames-winterjas-met-bontkraag-rood-genny-versano\/","name":"Manteau d&#039;hiver femme avec col en fourrure Jenny Red Versano","isPartOf":{"@id":"https:\/\/versano.nl\/#website"},"primaryImageOfPage":{"@id":"https:\/\/versano.nl\/shop\/halflange-dames-winterjas-met-bontkraag-rood-genny-versano\/#primaryimage"},"image":{"@id":"https:\/\/versano.nl\/shop\/halflange-dames-winterjas-met-bontkraag-rood-genny-versano\/#primaryimage"},"thumbnailUrl":"https:\/\/versano.nl\/wp-content\/uploads\/2019\/10\/dames-winterjas-met-bontkraag-halflang-rood-versano-genny-voorkant.jpg","datePublished":"2019-10-07T21:47:09+00:00","dateModified":"2026-02-23T11:24:14+00:00","description":"Vous recherchez une Veste d&#039;hiver pour femme avec col en fourrure jenny rouge Versano, alors jetez un \u0153il \u00e0 la boutique en ligne pour d\u00e9couvrir notre collection de vestes d&#039;hiver.","breadcrumb":{"@id":"https:\/\/versano.nl\/shop\/halflange-dames-winterjas-met-bontkraag-rood-genny-versano\/#breadcrumb"},"inLanguage":"fr-FR","potentialAction":[{"@type":"ReadAction","target":["https:\/\/versano.nl\/shop\/halflange-dames-winterjas-met-bontkraag-rood-genny-versano\/"]}]},{"@type":"ImageObject","inLanguage":"fr-FR","@id":"https:\/\/versano.nl\/shop\/halflange-dames-winterjas-met-bontkraag-rood-genny-versano\/#primaryimage","url":"https:\/\/versano.nl\/wp-content\/uploads\/2019\/10\/dames-winterjas-met-bontkraag-halflang-rood-versano-genny-voorkant.jpg","contentUrl":"https:\/\/versano.nl\/wp-content\/uploads\/2019\/10\/dames-winterjas-met-bontkraag-halflang-rood-versano-genny-voorkant.jpg","width":900,"height":1176,"caption":"Dames winterjas met bontkraag jenny rood Versano"},{"@type":"BreadcrumbList","@id":"https:\/\/versano.nl\/shop\/halflange-dames-winterjas-met-bontkraag-rood-genny-versano\/#breadcrumb","itemListElement":[{"@type":"ListItem","position":1,"name":"Home","item":"https:\/\/versano.nl\/"},{"@type":"ListItem","position":2,"name":"Shop","item":"https:\/\/versano.nl\/shop\/"},{"@type":"ListItem","position":3,"name":"Dames winterjas met bontkraag jenny rood Versano"}]},{"@type":"WebSite","@id":"https:\/\/versano.nl\/#website","url":"https:\/\/versano.nl\/","name":"Versano","description":"manteaux d&#039;hiver avec col en fourrure | vestes femme en cuir | vestes en cuir pour hommes","potentialAction":[{"@type":"SearchAction","target":{"@type":"EntryPoint","urlTemplate":"https:\/\/versano.nl\/?s={search_term_string}"},"query-input":{"@type":"PropertyValueSpecification","valueRequired":true,"valueName":"search_term_string"}}],"inLanguage":"fr-FR"}]}},"_links":{"self":[{"href":"https:\/\/versano.nl\/fr\/wp-json\/wp\/v2\/product\/12619","targetHints":{"allow":["GET"]}}],"collection":[{"href":"https:\/\/versano.nl\/fr\/wp-json\/wp\/v2\/product"}],"about":[{"href":"https:\/\/versano.nl\/fr\/wp-json\/wp\/v2\/types\/product"}],"replies":[{"embeddable":true,"href":"https:\/\/versano.nl\/fr\/wp-json\/wp\/v2\/comments?post=12619"}],"wp:featuredmedia":[{"embeddable":true,"href":"https:\/\/versano.nl\/fr\/wp-json\/wp\/v2\/media\/12616"}],"wp:attachment":[{"href":"https:\/\/versano.nl\/fr\/wp-json\/wp\/v2\/media?parent=12619"}],"wp:term":[{"taxonomy":"product_brand","embeddable":true,"href":"https:\/\/versano.nl\/fr\/wp-json\/wp\/v2\/product_brand?post=12619"},{"taxonomy":"product_cat","embeddable":true,"href":"https:\/\/versano.nl\/fr\/wp-json\/wp\/v2\/product_cat?post=12619"},{"taxonomy":"product_tag","embeddable":true,"href":"https:\/\/versano.nl\/fr\/wp-json\/wp\/v2\/product_tag?post=12619"}],"curies":[{"name":"wp","href":"https:\/\/api.w.org\/{rel}","templated":true}]}}