{"id":8647,"date":"2018-05-10T13:11:49","date_gmt":"2018-05-10T13:11:49","guid":{"rendered":"https:\/\/leathershopdoci.nl\/?post_type=product&#038;p=17142"},"modified":"2025-05-09T10:30:34","modified_gmt":"2025-05-09T10:30:34","slug":"heren-imitatie-leren-jas-zwart-trr-46-versano","status":"publish","type":"product","link":"https:\/\/versano.nl\/es\/shop\/heren-imitatie-leren-jas-zwart-trr-46-versano\/","title":{"rendered":"chaqueta de cuero de imitaci\u00f3n para hombre negra TRR 46 Versano"},"content":{"rendered":"<h2>chaqueta de cuero de imitaci\u00f3n para hombre negra TRR 46 Versano<\/h2>\n<p>Las chaquetas de motociclista son una parte indispensable de la escena callejera y son atemporales. Esta chaqueta de cuero de imitaci\u00f3n para hombre negra TRR 46 Versano es un nuevo modelo en la colecci\u00f3n fresca de chaquetas de cuero de imitaci\u00f3n para hombre de Versano. Estamos ante una chaqueta que se ve genial, pero que tambi\u00e9n ser\u00e1 muy c\u00f3moda. Esta chaqueta tiene una parte el\u00e1stica en la cintura, por lo que la chaqueta tambi\u00e9n tiene una funci\u00f3n flexible en la cintura. La chaqueta tiene dos amplios bolsillos laterales con cremallera, con un bolsillo interior. Tambi\u00e9n hay dos bolsillos en el pecho en esta chaqueta, que tambi\u00e9n puedes cerrar con una cremallera. La chaqueta tiene un corte ajustado italiano y, por lo tanto, se ajustar\u00e1 perfectamente a tu cuerpo. Esta chaqueta motera est\u00e1 disponible en los colores negro, verde y azul, y tambi\u00e9n hemos realizado algunos colores en piel de cordero. Con nosotros, puede elegir f\u00e1cilmente el tama\u00f1o correcto, seg\u00fan nuestros videos de instrucciones inteligentes.<\/p>\n<h2>Pida el modelo TRR 46 en negro<\/h2>\n<p>Con una chaqueta tan hermosa de Versano, puede estar seguro de que podr\u00e1 usarla durante todo el invierno. Puede pedir f\u00e1cilmente este modelo en la tienda web de Versano. Hemos reunido todas nuestras chaquetas aqu\u00ed para que pueda realizar un pedido f\u00e1cilmente. En Versano siempre puede estar seguro de que est\u00e1 comprando un hermoso abrigo que ha sido trabajado con mimo. Con nosotros, puede elegir f\u00e1cilmente el tama\u00f1o correcto seg\u00fan nuestros videos de instrucciones inteligentes. \u00bfTiene alguna pregunta o no est\u00e1 seguro de qu\u00e9 talla pedir? Entonces siempre puede contactarnos por correo o WhatsApp. \u00a1Nuestros empleados desean ayudarlo!<\/p>\n<p>marca: <a href=\"https:\/\/versano.nl\/\">Versano<\/a><br \/>\nMaterial: cuero de imitaci\u00f3n 100%<br \/>\nForro: 100% poli\u00e9ster<br \/>\nlongitud: corto<br \/>\nAjuste: corte ce\u00f1ido<br \/>\nCierre: cremallera<br \/>\nBolsillos: bolsillo con cremallera<br \/>\nCollar: de pie cuello<br \/>\nCapa exterior de material: muy alta calidad y piel de imitaci\u00f3n suave.<br \/>\nPlazo de entrega: 2-3 d\u00edas laborables<\/p>","protected":false},"excerpt":{"rendered":"<p>ELIGE OTRO COLOR AQU\u00cd<\/p>\n<p><a href=\"https:\/\/versano.nl\/shop\/kunstleren-heren-bikerjack-blauw-versano-trr-46\/\"><img loading=\"lazy\" decoding=\"async\" class=\"alignnone size-full wp-image-19898\" src=\"https:\/\/versano.nl\/wp-content\/uploads\/sites\/2\/2018\/04\/heren-leren-jas-blauw-TR46-thumb.jpg\" alt=\"\" width=\"57\" height=\"75\" \/><\/a><a href=\"https:\/\/versano.nl\/shop\/imitatie-leren-bikerjack-heren-groen-trr-46-versano\/\"><img loading=\"lazy\" decoding=\"async\" class=\"alignnone size-full wp-image-19901\" src=\"https:\/\/versano.nl\/wp-content\/uploads\/sites\/2\/2019\/10\/imitatieleren-heren-bikerjack-groen-versano-tr46-thumb.jpg\" alt=\"\" width=\"57\" height=\"75\" \/><\/a><\/p>\n<p style=\"margin: 0cm 0cm 11.25pt 0cm;\"><span style=\"font-family: 'Arial',sans-serif; color: red;\">Consejos de ajuste:\u00a0<\/span><span style=\"font-family: 'Arial',sans-serif;\">El ajuste de esta chaqueta es ajustado. Nuestro modelo mide 1,75 cm y lleva una talla M.<\/span><\/p>\n<p style=\"margin: 0cm 0cm 11.25pt 0cm;\"><span style=\"font-family: 'Arial',sans-serif;\">Si no est\u00e1 seguro de sus medidas, le recomendamos que primero mida las medidas de su talla y las compare con nuestra tabla de tallas. Si no tiene experiencia en medir tama\u00f1os de circunferencia, haga clic en\u00a0<\/span><a href=\"https:\/\/www.youtube.com\/watch?v=3ZSfY87v6pM\"><em><span style=\"font-family: 'Arial',sans-serif; color: windowtext; text-decoration: none; text-underline: none;\">AQU\u00cd<\/span><\/em><span style=\"font-family: 'Arial',sans-serif; color: windowtext; text-decoration: none; text-underline: none;\">\u00a0<\/span><\/a><span style=\"font-family: 'Arial',sans-serif;\">\u00a0para\u00a0<\/span><a href=\"https:\/\/www.youtube.com\/watch?v=3ZSfY87v6pM\"><em><span style=\"font-family: 'Arial',sans-serif; color: red; text-decoration: none; text-underline: none;\">VIDEO<\/span><\/em><\/a><span style=\"font-family: 'Arial',sans-serif;\">\u00a0 con instrucciones. \u00a1Tambi\u00e9n puede llamarnos o enviarnos una aplicaci\u00f3n directamente! Nuestros empleados est\u00e1n siempre disponibles para ayudar.<\/span><\/p>\n<p style=\"margin: 0cm;\"><strong><span style=\"font-family: 'Arial',sans-serif;\">EL TIEMPO DE ENTREGA :<\/span><\/strong><span style=\"font-family: 'Arial',sans-serif;\">\u00a02 a 3 d\u00edas laborables.<\/span><\/p>\n<p>&nbsp;<\/p>","protected":false},"featured_media":20777,"comment_status":"open","ping_status":"closed","template":"","meta":[],"product_brand":[],"product_cat":[1672,734,923,16,882],"product_tag":[1922,185,300,636,1710,188,1921,1916,1915,968,969,970,1838,1856,971,972],"class_list":{"0":"post-8647","1":"product","2":"type-product","3":"status-publish","4":"has-post-thumbnail","6":"product_cat-biker-jas-heren","7":"product_cat-heren-leatherlook-jassen-lederlook-jassen","8":"product_cat-imitatie-leren-jas","9":"product_cat-imitatieleren-jassen-heren","10":"product_cat-versano","11":"product_tag-biker-jas-heren-imitatie-leer","12":"product_tag-biker-jas-zwart","13":"product_tag-bikerjack-heren","14":"product_tag-bikerjack-heren-zwart","15":"product_tag-blauwe-biker-jas-heren","16":"product_tag-heren-bikerjas-zwart","17":"product_tag-heren-zomerjassen","18":"product_tag-imitatie-leren-biker-jas-heren","19":"product_tag-imitatie-leren-heren-jas","20":"product_tag-imitatieleren-heren-jassen","21":"product_tag-kunst-leren-jassen-heren","22":"product_tag-nep-leren-jassen-heren","23":"product_tag-versano-jassen-in-sale","24":"product_tag-versano-uitverkoop","25":"product_tag-zwarte-imitatieleren-jas-heren","26":"product_tag-zwarte-kunstleren-heren-jas","27":"product_shipping_class-verzendkosten-1","28":"tm-no-options","30":"first","31":"instock","32":"sale","33":"taxable","34":"shipping-taxable","35":"purchasable","36":"product-type-variable"},"yoast_head":"<!-- This site is optimized with the Yoast SEO plugin v27.2 - https:\/\/yoast.com\/product\/yoast-seo-wordpress\/ -->\n<title>heren imitatie leren jas zwart TRR 46 Versano, biker jas heren<\/title>\n<meta name=\"description\" content=\"Bent u op zoek naar een heren imitatie leren jas zwart TRR 46 Versano? Bij Versano zit u goed, want hier treft u een ruime collectie aan.\" \/>\n<meta name=\"robots\" content=\"index, follow, max-snippet:-1, max-image-preview:large, max-video-preview:-1\" \/>\n<link rel=\"canonical\" href=\"https:\/\/versano.nl\/es\/shop\/heren-imitatie-leren-jas-zwart-trr-46-versano\/\" \/>\n<meta property=\"og:locale\" content=\"es_ES\" \/>\n<meta property=\"og:type\" content=\"article\" \/>\n<meta property=\"og:title\" content=\"heren imitatie leren jas zwart TRR 46 Versano, biker jas heren\" \/>\n<meta property=\"og:description\" content=\"Bent u op zoek naar een heren imitatie leren jas zwart TRR 46 Versano? Bij Versano zit u goed, want hier treft u een ruime collectie aan.\" \/>\n<meta property=\"og:url\" content=\"https:\/\/versano.nl\/es\/shop\/heren-imitatie-leren-jas-zwart-trr-46-versano\/\" \/>\n<meta property=\"og:site_name\" content=\"Versano\" \/>\n<meta property=\"article:modified_time\" content=\"2025-05-09T10:30:34+00:00\" \/>\n<meta property=\"og:image\" content=\"https:\/\/versano.nl\/wp-content\/uploads\/2021\/03\/leren-jas-heren-zwart-versano-TR46-model2.jpg\" \/>\n\t<meta property=\"og:image:width\" content=\"900\" \/>\n\t<meta property=\"og:image:height\" content=\"1176\" \/>\n\t<meta property=\"og:image:type\" content=\"image\/jpeg\" \/>\n<meta name=\"twitter:card\" content=\"summary_large_image\" \/>\n<meta name=\"twitter:label1\" content=\"Tiempo de lectura\" \/>\n\t<meta name=\"twitter:data1\" content=\"2 minutos\" \/>\n<script type=\"application\/ld+json\" class=\"yoast-schema-graph\">{\"@context\":\"https:\/\/schema.org\",\"@graph\":[{\"@type\":\"WebPage\",\"@id\":\"https:\/\/versano.nl\/shop\/heren-imitatie-leren-jas-zwart-trr-46-versano\/\",\"url\":\"https:\/\/versano.nl\/shop\/heren-imitatie-leren-jas-zwart-trr-46-versano\/\",\"name\":\"heren imitatie leren jas zwart TRR 46 Versano, biker jas heren\",\"isPartOf\":{\"@id\":\"https:\/\/versano.nl\/#website\"},\"primaryImageOfPage\":{\"@id\":\"https:\/\/versano.nl\/shop\/heren-imitatie-leren-jas-zwart-trr-46-versano\/#primaryimage\"},\"image\":{\"@id\":\"https:\/\/versano.nl\/shop\/heren-imitatie-leren-jas-zwart-trr-46-versano\/#primaryimage\"},\"thumbnailUrl\":\"https:\/\/versano.nl\/wp-content\/uploads\/2021\/03\/leren-jas-heren-zwart-versano-TR46-model2.jpg\",\"datePublished\":\"2018-05-10T13:11:49+00:00\",\"dateModified\":\"2025-05-09T10:30:34+00:00\",\"description\":\"Bent u op zoek naar een heren imitatie leren jas zwart TRR 46 Versano? Bij Versano zit u goed, want hier treft u een ruime collectie aan.\",\"breadcrumb\":{\"@id\":\"https:\/\/versano.nl\/shop\/heren-imitatie-leren-jas-zwart-trr-46-versano\/#breadcrumb\"},\"inLanguage\":\"es\",\"potentialAction\":[{\"@type\":\"ReadAction\",\"target\":[\"https:\/\/versano.nl\/shop\/heren-imitatie-leren-jas-zwart-trr-46-versano\/\"]}]},{\"@type\":\"ImageObject\",\"inLanguage\":\"es\",\"@id\":\"https:\/\/versano.nl\/shop\/heren-imitatie-leren-jas-zwart-trr-46-versano\/#primaryimage\",\"url\":\"https:\/\/versano.nl\/wp-content\/uploads\/2021\/03\/leren-jas-heren-zwart-versano-TR46-model2.jpg\",\"contentUrl\":\"https:\/\/versano.nl\/wp-content\/uploads\/2021\/03\/leren-jas-heren-zwart-versano-TR46-model2.jpg\",\"width\":900,\"height\":1176,\"caption\":\"leren-jas-heren-zwart-versano-TR46\"},{\"@type\":\"BreadcrumbList\",\"@id\":\"https:\/\/versano.nl\/shop\/heren-imitatie-leren-jas-zwart-trr-46-versano\/#breadcrumb\",\"itemListElement\":[{\"@type\":\"ListItem\",\"position\":1,\"name\":\"Home\",\"item\":\"https:\/\/versano.nl\/\"},{\"@type\":\"ListItem\",\"position\":2,\"name\":\"Shop\",\"item\":\"https:\/\/versano.nl\/shop\/\"},{\"@type\":\"ListItem\",\"position\":3,\"name\":\"heren imitatie leren jas zwart TRR 46 Versano\"}]},{\"@type\":\"WebSite\",\"@id\":\"https:\/\/versano.nl\/#website\",\"url\":\"https:\/\/versano.nl\/\",\"name\":\"Versano\",\"description\":\"winterjassen met bontkraag | leren dames jassen | leren heren jassen\",\"potentialAction\":[{\"@type\":\"SearchAction\",\"target\":{\"@type\":\"EntryPoint\",\"urlTemplate\":\"https:\/\/versano.nl\/?s={search_term_string}\"},\"query-input\":{\"@type\":\"PropertyValueSpecification\",\"valueRequired\":true,\"valueName\":\"search_term_string\"}}],\"inLanguage\":\"es\"}]}<\/script>\n<!-- \/ Yoast SEO plugin. -->","yoast_head_json":{"title":"chaqueta de cuero de imitaci\u00f3n para hombre negro TRR 46 Versano, chaqueta de motorista para hombre","description":"\u00bfBuscas una chaqueta de hombre de polipiel negra TRR 46 Versano? Versano es el lugar adecuado para ti, porque aqu\u00ed encontrar\u00e1s una amplia colecci\u00f3n.","robots":{"index":"index","follow":"follow","max-snippet":"max-snippet:-1","max-image-preview":"max-image-preview:large","max-video-preview":"max-video-preview:-1"},"canonical":"https:\/\/versano.nl\/es\/shop\/heren-imitatie-leren-jas-zwart-trr-46-versano\/","og_locale":"es_ES","og_type":"article","og_title":"heren imitatie leren jas zwart TRR 46 Versano, biker jas heren","og_description":"Bent u op zoek naar een heren imitatie leren jas zwart TRR 46 Versano? Bij Versano zit u goed, want hier treft u een ruime collectie aan.","og_url":"https:\/\/versano.nl\/es\/shop\/heren-imitatie-leren-jas-zwart-trr-46-versano\/","og_site_name":"Versano","article_modified_time":"2025-05-09T10:30:34+00:00","og_image":[{"width":900,"height":1176,"url":"https:\/\/versano.nl\/wp-content\/uploads\/2021\/03\/leren-jas-heren-zwart-versano-TR46-model2.jpg","type":"image\/jpeg"}],"twitter_card":"summary_large_image","twitter_misc":{"Tiempo de lectura":"2 minutos"},"schema":{"@context":"https:\/\/schema.org","@graph":[{"@type":"WebPage","@id":"https:\/\/versano.nl\/shop\/heren-imitatie-leren-jas-zwart-trr-46-versano\/","url":"https:\/\/versano.nl\/shop\/heren-imitatie-leren-jas-zwart-trr-46-versano\/","name":"chaqueta de cuero de imitaci\u00f3n para hombre negro TRR 46 Versano, chaqueta de motorista para hombre","isPartOf":{"@id":"https:\/\/versano.nl\/#website"},"primaryImageOfPage":{"@id":"https:\/\/versano.nl\/shop\/heren-imitatie-leren-jas-zwart-trr-46-versano\/#primaryimage"},"image":{"@id":"https:\/\/versano.nl\/shop\/heren-imitatie-leren-jas-zwart-trr-46-versano\/#primaryimage"},"thumbnailUrl":"https:\/\/versano.nl\/wp-content\/uploads\/2021\/03\/leren-jas-heren-zwart-versano-TR46-model2.jpg","datePublished":"2018-05-10T13:11:49+00:00","dateModified":"2025-05-09T10:30:34+00:00","description":"\u00bfBuscas una chaqueta de hombre de polipiel negra TRR 46 Versano? Versano es el lugar adecuado para ti, porque aqu\u00ed encontrar\u00e1s una amplia colecci\u00f3n.","breadcrumb":{"@id":"https:\/\/versano.nl\/shop\/heren-imitatie-leren-jas-zwart-trr-46-versano\/#breadcrumb"},"inLanguage":"es","potentialAction":[{"@type":"ReadAction","target":["https:\/\/versano.nl\/shop\/heren-imitatie-leren-jas-zwart-trr-46-versano\/"]}]},{"@type":"ImageObject","inLanguage":"es","@id":"https:\/\/versano.nl\/shop\/heren-imitatie-leren-jas-zwart-trr-46-versano\/#primaryimage","url":"https:\/\/versano.nl\/wp-content\/uploads\/2021\/03\/leren-jas-heren-zwart-versano-TR46-model2.jpg","contentUrl":"https:\/\/versano.nl\/wp-content\/uploads\/2021\/03\/leren-jas-heren-zwart-versano-TR46-model2.jpg","width":900,"height":1176,"caption":"leren-jas-heren-zwart-versano-TR46"},{"@type":"BreadcrumbList","@id":"https:\/\/versano.nl\/shop\/heren-imitatie-leren-jas-zwart-trr-46-versano\/#breadcrumb","itemListElement":[{"@type":"ListItem","position":1,"name":"Home","item":"https:\/\/versano.nl\/"},{"@type":"ListItem","position":2,"name":"Shop","item":"https:\/\/versano.nl\/shop\/"},{"@type":"ListItem","position":3,"name":"heren imitatie leren jas zwart TRR 46 Versano"}]},{"@type":"WebSite","@id":"https:\/\/versano.nl\/#website","url":"https:\/\/versano.nl\/","name":"Versano","description":"abrigos de invierno con cuello de piel | chaquetas de cuero para mujer | chaquetas de cuero para hombre","potentialAction":[{"@type":"SearchAction","target":{"@type":"EntryPoint","urlTemplate":"https:\/\/versano.nl\/?s={search_term_string}"},"query-input":{"@type":"PropertyValueSpecification","valueRequired":true,"valueName":"search_term_string"}}],"inLanguage":"es"}]}},"_links":{"self":[{"href":"https:\/\/versano.nl\/es\/wp-json\/wp\/v2\/product\/8647","targetHints":{"allow":["GET"]}}],"collection":[{"href":"https:\/\/versano.nl\/es\/wp-json\/wp\/v2\/product"}],"about":[{"href":"https:\/\/versano.nl\/es\/wp-json\/wp\/v2\/types\/product"}],"replies":[{"embeddable":true,"href":"https:\/\/versano.nl\/es\/wp-json\/wp\/v2\/comments?post=8647"}],"wp:featuredmedia":[{"embeddable":true,"href":"https:\/\/versano.nl\/es\/wp-json\/wp\/v2\/media\/20777"}],"wp:attachment":[{"href":"https:\/\/versano.nl\/es\/wp-json\/wp\/v2\/media?parent=8647"}],"wp:term":[{"taxonomy":"product_brand","embeddable":true,"href":"https:\/\/versano.nl\/es\/wp-json\/wp\/v2\/product_brand?post=8647"},{"taxonomy":"product_cat","embeddable":true,"href":"https:\/\/versano.nl\/es\/wp-json\/wp\/v2\/product_cat?post=8647"},{"taxonomy":"product_tag","embeddable":true,"href":"https:\/\/versano.nl\/es\/wp-json\/wp\/v2\/product_tag?post=8647"}],"curies":[{"name":"wp","href":"https:\/\/api.w.org\/{rel}","templated":true}]}}