{"id":8205,"date":"2018-04-27T19:12:59","date_gmt":"2018-04-27T19:12:59","guid":{"rendered":"https:\/\/leathershopdoci.nl\/?post_type=product&#038;p=16901"},"modified":"2026-04-06T18:13:54","modified_gmt":"2026-04-06T18:13:54","slug":"bikerjack-heren-cognac-in-lamsleer-versano-tr-46","status":"publish","type":"product","link":"https:\/\/versano.nl\/es\/shop\/bikerjack-heren-cognac-in-lamsleer-versano-tr-46\/","title":{"rendered":"Chaqueta de cuero para hombre biker TR46 cognac Versano"},"content":{"rendered":"<h2 style=\"margin: 0cm 0cm 16.5pt 0cm;\"><span style=\"font-size: 14.0pt; font-family: 'Arial',sans-serif; color: #282828;\">Chaqueta de cuero para hombre biker TR46 cognac Versano<\/span><\/h2>\n<p style=\"margin: 0cm 0cm 16.5pt 0cm;\"><span style=\"font-size: 10.5pt; font-family: 'Arial',sans-serif; color: #282828;\">Las chaquetas de motociclista son una parte indispensable de la escena callejera y son atemporales. Esta chaqueta de motociclista hombre chaqueta de cuero biker TR46 Cognac Versano es un nuevo modelo en la colecci\u00f3n fresca de chaquetas de cuero para hombre de Versano. Estamos ante una chaqueta que se ve genial, pero que tambi\u00e9n te quedar\u00e1 muy c\u00f3modamente. Esta chaqueta tiene una parte el\u00e1stica en la cintura, por lo que la chaqueta tambi\u00e9n puede tener una libra m\u00e1s. La chaqueta tiene dos amplios bolsillos laterales con cremallera, con un bolsillo interior. Tambi\u00e9n hay dos bolsillos en el pecho en esta chaqueta, que tambi\u00e9n puedes cerrar con una cremallera. El ajuste de esta chaqueta es ajustado y, por lo tanto, se ajustar\u00e1 perfectamente a tu cuerpo. Esta es una hermosa chaqueta de corte ajustado que es completamente de estilo italiano. En otras palabras, con esta chaqueta no tienes que preocuparte por verte fuera de lugar. Puede pedir f\u00e1cilmente este modelo en nuestro sitio web en varios colores.<\/span><\/p>\n<h2><span style=\"font-size: 15.0pt; font-family: 'Arial',sans-serif; color: #282828; font-weight: normal;\">Pida el modelo TR46 en co\u00f1ac<\/span><\/h2>\n<p style=\"text-align: start; margin: 0cm 0cm 16.5pt 0cm;\"><span style=\"font-size: 10.5pt; font-family: 'Arial',sans-serif; color: #282828;\">Esta chaqueta biker est\u00e1 disponible en los colores negro, azul y co\u00f1ac, tambi\u00e9n hemos realizado algunos colores en s\u00edmil piel. Por lo tanto, le recomendamos que simplemente eche un vistazo a qu\u00e9 color cree que se adapta mejor a su propio estilo. Con nosotros, puede elegir f\u00e1cilmente el tama\u00f1o correcto seg\u00fan nuestros videos de instrucciones inteligentes. \u00bfTiene alguna pregunta o no est\u00e1 seguro de qu\u00e9 talla pedir? Entonces siempre puede contactarnos por correo o WhatsApp. \u00a1Nuestros empleados desean ayudarlo!<\/span><\/p>\n<p style=\"margin: 0cm; text-align: start;\"><span style=\"font-size: 10.5pt; font-family: 'Arial',sans-serif; color: #282828;\">marca:\u00a0<a style=\"color: inherit;\" href=\"https:\/\/versano.nl\/\"><span style=\"text-decoration: none;\">Versano<\/span><\/a><br \/>\nMaterial: 100% piel de cordero<br \/>\nForro: 100% poli\u00e9ster<br \/>\nlongitud: corto<br \/>\nAjuste: corte ce\u00f1ido<br \/>\nCierre: cremallera<br \/>\nBolsillos: bolsillo con cremallera<br \/>\nCollar: de pie cuello<br \/>\ncapa externa de material: Muy alta calidad y suave piel de cordero<br \/>\nPlazo de entrega: 2-3 d\u00edas laborables<\/span><\/p>","protected":false},"excerpt":{"rendered":"<p>ELIGE OTRO COLOR AQU\u00cd<\/p>\n<p><a href=\"https:\/\/versano.nl\/shop\/bikerjack-heren-blauw-in-lamsleer-versano-tr-46\/\"><img loading=\"lazy\" decoding=\"async\" class=\"alignnone size-full wp-image-19898\" src=\"https:\/\/versano.nl\/wp-content\/uploads\/sites\/2\/2018\/04\/heren-leren-jas-blauw-TR46-thumb.jpg\" alt=\"\" width=\"57\" height=\"75\" \/><\/a><a href=\"https:\/\/versano.nl\/shop\/bikerjack-heren-zwart-in-lamsleer-versano-tr-46\/\"><img loading=\"lazy\" decoding=\"async\" class=\"alignnone size-full wp-image-19900\" src=\"https:\/\/versano.nl\/wp-content\/uploads\/sites\/2\/2018\/04\/leren-jas-heren-zwart-versano-TR46-thumb.jpg\" alt=\"\" width=\"57\" height=\"75\" \/><\/a><\/p>\n<p style=\"margin: 0cm 0cm 11.25pt 0cm;\"><span style=\"font-size: 10.5pt; font-family: 'Arial',sans-serif; color: red;\">Consejos de ajuste:\u00a0<\/span><span style=\"font-size: 10.5pt; font-family: 'Arial',sans-serif; color: #5d5d5d;\">El ajuste de esta chaqueta es ajustado. Nuestro modelo mide 1,75 cm y lleva una talla M.<\/span><\/p>\n<p style=\"text-align: start; margin: 0cm 0cm 11.25pt 0cm;\"><span style=\"font-size: 10.5pt; font-family: 'Arial',sans-serif; color: #5d5d5d;\">Si no est\u00e1 seguro de sus medidas, le recomendamos que primero mida las medidas de su talla y las compare con nuestra tabla de tallas. Si no tiene experiencia en medir tama\u00f1os de circunferencia, haga clic en\u00a0<a style=\"color: inherit;\" href=\"https:\/\/www.youtube.com\/watch?v=3ZSfY87v6pM\"><em><span style=\"font-family: 'Arial',sans-serif; text-decoration: none;\">AQU\u00cd<\/span><\/em><span style=\"text-decoration: none;\">\u00a0<\/span><\/a>\u00a0para\u00a0<a style=\"color: inherit;\" href=\"https:\/\/www.youtube.com\/watch?v=3ZSfY87v6pM\"><em><span style=\"font-family: 'Arial',sans-serif; color: red; text-decoration: none;\">VIDEO<\/span><\/em><\/a>\u00a0 con instrucciones. \u00a1Tambi\u00e9n puede llamarnos o enviarnos una aplicaci\u00f3n directamente! Nuestros empleados est\u00e1n siempre disponibles para ayudar.<\/span><\/p>\n<p style=\"margin: 0cm; text-align: start;\"><strong><span style=\"font-size: 10.5pt; font-family: 'Arial',sans-serif; color: #5d5d5d;\">EL TIEMPO DE ENTREGA :<\/span><\/strong><span style=\"font-size: 10.5pt; font-family: 'Arial',sans-serif; color: #5d5d5d;\">\u00a02 a 3 d\u00edas laborables.<\/span><\/p>","protected":false},"featured_media":20766,"comment_status":"open","ping_status":"closed","template":"","meta":[],"product_brand":[],"product_cat":[1672,1670,147,907,912,1671,908,1669,1712,913,910,882],"product_tag":[1704,83,1702,439,300,644,1701,1691,931,86,1703,932,649,153,1698,921,1697,1699],"class_list":{"0":"post-8205","1":"product","2":"type-product","3":"status-publish","4":"has-post-thumbnail","6":"product_cat-biker-jas-heren","7":"product_cat-heren-leren-jas","8":"product_cat-heren-leren-jassen","9":"product_cat-kort-leren-jasje-heren","10":"product_cat-leren-bikerjacks-heren","11":"product_cat-leren-heren-jas","12":"product_cat-leren-heren-jassen","13":"product_cat-leren-jas-heren","14":"product_cat-leren-jassen","15":"product_cat-leren-jassen-heren-uitverkoop","16":"product_cat-leren-jassen-heren","17":"product_cat-versano","18":"product_tag-biker-echt-leer-jas","19":"product_tag-biker-jack-cognac","20":"product_tag-biker-jas-versano","21":"product_tag-bikerjack-cognac","22":"product_tag-bikerjack-heren","23":"product_tag-bikerjack-heren-cognac","24":"product_tag-cognac-leren-jas-heren","25":"product_tag-echt-leer-heren-jas","26":"product_tag-heren-bikerjas","27":"product_tag-heren-jas-biker-model-cognac","28":"product_tag-lamsleer-heren-jassen","29":"product_tag-leren-bikerjack-heren","30":"product_tag-leren-heren-bikerjack","31":"product_tag-leren-heren-jas-cognac","32":"product_tag-leren-heren-jas-sale","33":"product_tag-leren-jasje-heren","34":"product_tag-uitverkoop-heren-leren-jas","35":"product_tag-versano-heren-leren-jas","36":"tm-no-options","38":"first","39":"instock","40":"sale","41":"taxable","42":"shipping-taxable","43":"purchasable","44":"product-type-variable"},"yoast_head":"<!-- This site is optimized with the Yoast SEO plugin v27.2 - https:\/\/yoast.com\/product\/yoast-seo-wordpress\/ -->\n<title>Heren leren jas biker TR46 cognac Versano, bikerjassen heren<\/title>\n<meta name=\"description\" content=\"Bent u op zoek naar een Heren leren jas biker TR46 cognac Versano? Bij Versano zit u goed, want hier treft u een ruime keuze jassen aan.\" \/>\n<meta name=\"robots\" content=\"index, follow, max-snippet:-1, max-image-preview:large, max-video-preview:-1\" \/>\n<link rel=\"canonical\" href=\"https:\/\/versano.nl\/es\/shop\/bikerjack-heren-cognac-in-lamsleer-versano-tr-46\/\" \/>\n<meta property=\"og:locale\" content=\"es_ES\" \/>\n<meta property=\"og:type\" content=\"article\" \/>\n<meta property=\"og:title\" content=\"Heren leren jas biker TR46 cognac Versano, bikerjassen heren\" \/>\n<meta property=\"og:description\" content=\"Bent u op zoek naar een Heren leren jas biker TR46 cognac Versano? Bij Versano zit u goed, want hier treft u een ruime keuze jassen aan.\" \/>\n<meta property=\"og:url\" content=\"https:\/\/versano.nl\/es\/shop\/bikerjack-heren-cognac-in-lamsleer-versano-tr-46\/\" \/>\n<meta property=\"og:site_name\" content=\"Versano\" \/>\n<meta property=\"article:modified_time\" content=\"2026-04-06T18:13:54+00:00\" \/>\n<meta property=\"og:image\" content=\"https:\/\/versano.nl\/wp-content\/uploads\/2021\/03\/heren-leren-jas-zwart-cognac-TR46-model2.jpg\" \/>\n\t<meta property=\"og:image:width\" content=\"900\" \/>\n\t<meta property=\"og:image:height\" content=\"1176\" \/>\n\t<meta property=\"og:image:type\" content=\"image\/jpeg\" \/>\n<meta name=\"twitter:card\" content=\"summary_large_image\" \/>\n<meta name=\"twitter:label1\" content=\"Tiempo de lectura\" \/>\n\t<meta name=\"twitter:data1\" content=\"2 minutos\" \/>\n<script type=\"application\/ld+json\" class=\"yoast-schema-graph\">{\"@context\":\"https:\/\/schema.org\",\"@graph\":[{\"@type\":\"WebPage\",\"@id\":\"https:\/\/versano.nl\/shop\/bikerjack-heren-cognac-in-lamsleer-versano-tr-46\/\",\"url\":\"https:\/\/versano.nl\/shop\/bikerjack-heren-cognac-in-lamsleer-versano-tr-46\/\",\"name\":\"Heren leren jas biker TR46 cognac Versano, bikerjassen heren\",\"isPartOf\":{\"@id\":\"https:\/\/versano.nl\/#website\"},\"primaryImageOfPage\":{\"@id\":\"https:\/\/versano.nl\/shop\/bikerjack-heren-cognac-in-lamsleer-versano-tr-46\/#primaryimage\"},\"image\":{\"@id\":\"https:\/\/versano.nl\/shop\/bikerjack-heren-cognac-in-lamsleer-versano-tr-46\/#primaryimage\"},\"thumbnailUrl\":\"https:\/\/versano.nl\/wp-content\/uploads\/2021\/03\/heren-leren-jas-zwart-cognac-TR46-model2.jpg\",\"datePublished\":\"2018-04-27T19:12:59+00:00\",\"dateModified\":\"2026-04-06T18:13:54+00:00\",\"description\":\"Bent u op zoek naar een Heren leren jas biker TR46 cognac Versano? Bij Versano zit u goed, want hier treft u een ruime keuze jassen aan.\",\"breadcrumb\":{\"@id\":\"https:\/\/versano.nl\/shop\/bikerjack-heren-cognac-in-lamsleer-versano-tr-46\/#breadcrumb\"},\"inLanguage\":\"es\",\"potentialAction\":[{\"@type\":\"ReadAction\",\"target\":[\"https:\/\/versano.nl\/shop\/bikerjack-heren-cognac-in-lamsleer-versano-tr-46\/\"]}]},{\"@type\":\"ImageObject\",\"inLanguage\":\"es\",\"@id\":\"https:\/\/versano.nl\/shop\/bikerjack-heren-cognac-in-lamsleer-versano-tr-46\/#primaryimage\",\"url\":\"https:\/\/versano.nl\/wp-content\/uploads\/2021\/03\/heren-leren-jas-zwart-cognac-TR46-model2.jpg\",\"contentUrl\":\"https:\/\/versano.nl\/wp-content\/uploads\/2021\/03\/heren-leren-jas-zwart-cognac-TR46-model2.jpg\",\"width\":900,\"height\":1176,\"caption\":\"Heren leren jas biker TR46 cognac Versano\"},{\"@type\":\"BreadcrumbList\",\"@id\":\"https:\/\/versano.nl\/shop\/bikerjack-heren-cognac-in-lamsleer-versano-tr-46\/#breadcrumb\",\"itemListElement\":[{\"@type\":\"ListItem\",\"position\":1,\"name\":\"Home\",\"item\":\"https:\/\/versano.nl\/\"},{\"@type\":\"ListItem\",\"position\":2,\"name\":\"Shop\",\"item\":\"https:\/\/versano.nl\/shop\/\"},{\"@type\":\"ListItem\",\"position\":3,\"name\":\"Heren leren jas biker TR46 cognac Versano\"}]},{\"@type\":\"WebSite\",\"@id\":\"https:\/\/versano.nl\/#website\",\"url\":\"https:\/\/versano.nl\/\",\"name\":\"Versano\",\"description\":\"winterjassen met bontkraag | leren dames jassen | leren heren jassen\",\"potentialAction\":[{\"@type\":\"SearchAction\",\"target\":{\"@type\":\"EntryPoint\",\"urlTemplate\":\"https:\/\/versano.nl\/?s={search_term_string}\"},\"query-input\":{\"@type\":\"PropertyValueSpecification\",\"valueRequired\":true,\"valueName\":\"search_term_string\"}}],\"inLanguage\":\"es\"}]}<\/script>\n<!-- \/ Yoast SEO plugin. -->","yoast_head_json":{"title":"Chaqueta de cuero para hombre biker TR46 cognac Versano, chaquetas biker para hombre","description":"\u00bfEst\u00e1s buscando una chaqueta de cuero para hombre biker TR46 cognac Versano? Versano es el lugar adecuado para ti, porque aqu\u00ed encontrar\u00e1s una amplia variedad de chaquetas.","robots":{"index":"index","follow":"follow","max-snippet":"max-snippet:-1","max-image-preview":"max-image-preview:large","max-video-preview":"max-video-preview:-1"},"canonical":"https:\/\/versano.nl\/es\/shop\/bikerjack-heren-cognac-in-lamsleer-versano-tr-46\/","og_locale":"es_ES","og_type":"article","og_title":"Heren leren jas biker TR46 cognac Versano, bikerjassen heren","og_description":"Bent u op zoek naar een Heren leren jas biker TR46 cognac Versano? Bij Versano zit u goed, want hier treft u een ruime keuze jassen aan.","og_url":"https:\/\/versano.nl\/es\/shop\/bikerjack-heren-cognac-in-lamsleer-versano-tr-46\/","og_site_name":"Versano","article_modified_time":"2026-04-06T18:13:54+00:00","og_image":[{"width":900,"height":1176,"url":"https:\/\/versano.nl\/wp-content\/uploads\/2021\/03\/heren-leren-jas-zwart-cognac-TR46-model2.jpg","type":"image\/jpeg"}],"twitter_card":"summary_large_image","twitter_misc":{"Tiempo de lectura":"2 minutos"},"schema":{"@context":"https:\/\/schema.org","@graph":[{"@type":"WebPage","@id":"https:\/\/versano.nl\/shop\/bikerjack-heren-cognac-in-lamsleer-versano-tr-46\/","url":"https:\/\/versano.nl\/shop\/bikerjack-heren-cognac-in-lamsleer-versano-tr-46\/","name":"Chaqueta de cuero para hombre biker TR46 cognac Versano, chaquetas biker para hombre","isPartOf":{"@id":"https:\/\/versano.nl\/#website"},"primaryImageOfPage":{"@id":"https:\/\/versano.nl\/shop\/bikerjack-heren-cognac-in-lamsleer-versano-tr-46\/#primaryimage"},"image":{"@id":"https:\/\/versano.nl\/shop\/bikerjack-heren-cognac-in-lamsleer-versano-tr-46\/#primaryimage"},"thumbnailUrl":"https:\/\/versano.nl\/wp-content\/uploads\/2021\/03\/heren-leren-jas-zwart-cognac-TR46-model2.jpg","datePublished":"2018-04-27T19:12:59+00:00","dateModified":"2026-04-06T18:13:54+00:00","description":"\u00bfEst\u00e1s buscando una chaqueta de cuero para hombre biker TR46 cognac Versano? Versano es el lugar adecuado para ti, porque aqu\u00ed encontrar\u00e1s una amplia variedad de chaquetas.","breadcrumb":{"@id":"https:\/\/versano.nl\/shop\/bikerjack-heren-cognac-in-lamsleer-versano-tr-46\/#breadcrumb"},"inLanguage":"es","potentialAction":[{"@type":"ReadAction","target":["https:\/\/versano.nl\/shop\/bikerjack-heren-cognac-in-lamsleer-versano-tr-46\/"]}]},{"@type":"ImageObject","inLanguage":"es","@id":"https:\/\/versano.nl\/shop\/bikerjack-heren-cognac-in-lamsleer-versano-tr-46\/#primaryimage","url":"https:\/\/versano.nl\/wp-content\/uploads\/2021\/03\/heren-leren-jas-zwart-cognac-TR46-model2.jpg","contentUrl":"https:\/\/versano.nl\/wp-content\/uploads\/2021\/03\/heren-leren-jas-zwart-cognac-TR46-model2.jpg","width":900,"height":1176,"caption":"Heren leren jas biker TR46 cognac Versano"},{"@type":"BreadcrumbList","@id":"https:\/\/versano.nl\/shop\/bikerjack-heren-cognac-in-lamsleer-versano-tr-46\/#breadcrumb","itemListElement":[{"@type":"ListItem","position":1,"name":"Home","item":"https:\/\/versano.nl\/"},{"@type":"ListItem","position":2,"name":"Shop","item":"https:\/\/versano.nl\/shop\/"},{"@type":"ListItem","position":3,"name":"Heren leren jas biker TR46 cognac Versano"}]},{"@type":"WebSite","@id":"https:\/\/versano.nl\/#website","url":"https:\/\/versano.nl\/","name":"Versano","description":"abrigos de invierno con cuello de piel | chaquetas de cuero para mujer | chaquetas de cuero para hombre","potentialAction":[{"@type":"SearchAction","target":{"@type":"EntryPoint","urlTemplate":"https:\/\/versano.nl\/?s={search_term_string}"},"query-input":{"@type":"PropertyValueSpecification","valueRequired":true,"valueName":"search_term_string"}}],"inLanguage":"es"}]}},"_links":{"self":[{"href":"https:\/\/versano.nl\/es\/wp-json\/wp\/v2\/product\/8205","targetHints":{"allow":["GET"]}}],"collection":[{"href":"https:\/\/versano.nl\/es\/wp-json\/wp\/v2\/product"}],"about":[{"href":"https:\/\/versano.nl\/es\/wp-json\/wp\/v2\/types\/product"}],"replies":[{"embeddable":true,"href":"https:\/\/versano.nl\/es\/wp-json\/wp\/v2\/comments?post=8205"}],"wp:featuredmedia":[{"embeddable":true,"href":"https:\/\/versano.nl\/es\/wp-json\/wp\/v2\/media\/20766"}],"wp:attachment":[{"href":"https:\/\/versano.nl\/es\/wp-json\/wp\/v2\/media?parent=8205"}],"wp:term":[{"taxonomy":"product_brand","embeddable":true,"href":"https:\/\/versano.nl\/es\/wp-json\/wp\/v2\/product_brand?post=8205"},{"taxonomy":"product_cat","embeddable":true,"href":"https:\/\/versano.nl\/es\/wp-json\/wp\/v2\/product_cat?post=8205"},{"taxonomy":"product_tag","embeddable":true,"href":"https:\/\/versano.nl\/es\/wp-json\/wp\/v2\/product_tag?post=8205"}],"curies":[{"name":"wp","href":"https:\/\/api.w.org\/{rel}","templated":true}]}}