{"id":7981,"date":"2018-04-21T21:16:26","date_gmt":"2018-04-21T21:16:26","guid":{"rendered":"https:\/\/leathershopdoci.nl\/?post_type=product&#038;p=16784"},"modified":"2026-04-23T11:29:02","modified_gmt":"2026-04-23T11:29:02","slug":"leren-heren-jasje-basic-zwart-versano-tr36-s","status":"publish","type":"product","link":"https:\/\/versano.nl\/es\/shop\/leren-heren-jasje-basic-zwart-versano-tr36-s\/","title":{"rendered":"chaqueta de cuero para hombre negra TR36 S Versano"},"content":{"rendered":"<h2>chaqueta de cuero para hombre negra TR36 S Versano<\/h2>\n<p>Chaqueta de cuero para hombre negra TR36 S Versano es un modelo b\u00e1sico de chaqueta de Versano. El TR36 S es parte de la nueva colecci\u00f3n Versano. Un modelo b\u00e1sico especial de esta chaqueta ha sido dise\u00f1ado por los talentosos dise\u00f1adores de Versano. La chaqueta est\u00e1 equipada con dos bolsillos laterales profundos con cremalleras, as\u00ed como dos bolsillos m\u00e1s peque\u00f1os en el pecho. Estos tambi\u00e9n se pueden cerrar con una cremallera resistente. Adem\u00e1s del color negro fresco, esta chaqueta de cuero para hombre tambi\u00e9n est\u00e1 disponible en otros colores y es adecuada para todas las estaciones. Si nos encarga esta chaqueta, recibir\u00e1 una chaqueta que sin duda seguir\u00e1 siendo hermosa para toda la vida.<\/p>\n<h2>Solicite el modelo TR 36S en negro en Versano<\/h2>\n<p>\u00bfBuscas una chaqueta para todos los d\u00edas para cada temporada? Entonces podr\u00e1s lucir bien con esta chaqueta de piel de cordero. Esta es una hermosa chaqueta de corte ajustado que es completamente de estilo italiano. En otras palabras, con esta chaqueta no tienes que preocuparte por verte fuera de lugar. Puede pedir f\u00e1cilmente este modelo en nuestro sitio web en co\u00f1ac u otros colores diversos como el negro y el marr\u00f3n. Por lo tanto, le recomendamos que simplemente eche un vistazo a qu\u00e9 color cree que se adapta mejor a su propio estilo. El color es f\u00e1cil de combinar y va con casi todos tus outfits. \u00bfTiene alguna pregunta o no est\u00e1 seguro de qu\u00e9 talla pedir? Entonces siempre puede contactarnos por correo o WhatsApp. \u00a1Nuestros empleados desean ayudarlo!<\/p>\n<p>&nbsp;<\/p>\n<p>marca:\u00a0<a href=\"https:\/\/versano.nl\/\">Versano<\/a><br \/>\nMaterial: 100% piel de cordero<br \/>\nForro: 100% poli\u00e9ster<br \/>\nlongitud: corta-media<br \/>\nAjuste: corte ce\u00f1ido<br \/>\nCierre: cremallera<br \/>\nBolsillos: bolsillo con cremallera<br \/>\nCollar: de pie cuello<br \/>\ncapa externa de material: Muy alta calidad y suave piel de cordero<br \/>\nPlazo de entrega: 2-3 d\u00edas laborables<\/p>","protected":false},"excerpt":{"rendered":"<p>ELIGE OTRO COLOR AQU\u00cd<\/p>\n<p><a href=\"https:\/\/versano.nl\/shop\/leren-heren-jas-basic-cognac-versano-tr36-s\/\"><img loading=\"lazy\" decoding=\"async\" class=\"alignnone size-full wp-image-19927\" src=\"https:\/\/versano.nl\/wp-content\/uploads\/sites\/2\/2020\/08\/lederen-heren-jack-cognac-ronde-kraag-TR36S-thumb.jpg\" alt=\"\" width=\"56\" height=\"75\" \/><\/a><a href=\"https:\/\/versano.nl\/shop\/leren-heren-jas-basic-bruin-versano-tr36-s\/\"><img loading=\"lazy\" decoding=\"async\" class=\"alignnone size-full wp-image-19928\" src=\"https:\/\/versano.nl\/wp-content\/uploads\/sites\/2\/2020\/08\/leren-heren-jack-ronde-kraag-bruin-versano-tr36s-thumb.jpg\" alt=\"\" width=\"56\" height=\"75\" \/><\/a><a href=\"https:\/\/versano.nl\/shop\/leren-heren-jasje-basic-blauw-versano-tr36-s\/\"><img loading=\"lazy\" decoding=\"async\" class=\"alignnone size-full wp-image-19929\" src=\"https:\/\/versano.nl\/wp-content\/uploads\/sites\/2\/2020\/08\/leren-jasje-heren-blauw-TR36S-versano-thumb.jpg\" alt=\"\" width=\"57\" height=\"75\" \/><\/a><\/p>\n<p><span style=\"color: #ff0000;\">Consejos de ajuste:<\/span> El ajuste de esta chaqueta es ajustado. Nuestro modelo mide 1,75 cm y lleva una talla M.<\/p>\n<p>Si no est\u00e1 seguro de sus medidas, le recomendamos que primero mida las medidas de su talla y las compare con nuestra tabla de tallas. Si no tiene experiencia en medir tama\u00f1os de circunferencia, haga clic en\u00a0<a href=\"https:\/\/www.youtube.com\/watch?v=3ZSfY87v6pM\"><em>AQU\u00cd<\/em>\u00a0<\/a>\u00a0para\u00a0<span style=\"color: #ff0000;\"><a style=\"color: #ff0000;\" href=\"https:\/\/www.youtube.com\/watch?v=3ZSfY87v6pM\"><em>VIDEO<\/em><\/a>\u00a0<\/span> con instrucciones. \u00a1Tambi\u00e9n puede llamarnos o enviarnos una aplicaci\u00f3n directamente! Nuestros empleados est\u00e1n siempre disponibles para ayudar.<\/p>\n<p><strong>EL TIEMPO DE ENTREGA :<\/strong>\u00a02 a 3 d\u00edas laborables.<\/p>","protected":false},"featured_media":33562,"comment_status":"closed","ping_status":"closed","template":"","meta":[],"product_brand":[],"product_cat":[1670,147,874,907,1671,908,1669,1712,913,910,882],"product_tag":[1691,1784,49,1692,50,52,53,23,24,1697,1708,55,56,347,59,348],"class_list":{"0":"post-7981","1":"product","2":"type-product","3":"status-publish","4":"has-post-thumbnail","6":"product_cat-heren-leren-jas","7":"product_cat-heren-leren-jassen","8":"product_cat-kort-leren-jasje","9":"product_cat-kort-leren-jasje-heren","10":"product_cat-leren-heren-jas","11":"product_cat-leren-heren-jassen","12":"product_cat-leren-jas-heren","13":"product_cat-leren-jassen","14":"product_cat-leren-jassen-heren-uitverkoop","15":"product_cat-leren-jassen-heren","16":"product_cat-versano","17":"product_tag-echt-leer-heren-jas","18":"product_tag-heren-leren-jassen-sale","19":"product_tag-heren-zwart","20":"product_tag-lamsleer-heren-jas","21":"product_tag-lederen-heren-jas-zwart","22":"product_tag-leren-jas-heren-zwart","23":"product_tag-leren-jas-zwart","24":"product_tag-motorjacks-heren","25":"product_tag-stoer-jasje-heren","26":"product_tag-uitverkoop-heren-leren-jas","27":"product_tag-zomerjassen-heren","28":"product_tag-zwarte-heren-jas","29":"product_tag-zwarte-heren-leren-jas","30":"product_tag-zwarte-lederen-heren-jas","31":"product_tag-zwarte-leren-heren-jas","32":"product_tag-zwarte-leren-jas-heren","33":"tm-no-options","35":"first","36":"instock","37":"sale","38":"taxable","39":"shipping-taxable","40":"purchasable","41":"product-type-variable"},"yoast_head":"<!-- This site is optimized with the Yoast SEO plugin v27.2 - https:\/\/yoast.com\/product\/yoast-seo-wordpress\/ -->\n<title>heren leren jas zwart TR36 S Versano, zwarte leren heren jas<\/title>\n<meta name=\"description\" content=\"Ben je op zoek naar een heren leren jas zwart TR36 S Versano? Dan moet je zeker een kijkje nemen in de webshop van Versano.\" \/>\n<meta name=\"robots\" content=\"index, follow, max-snippet:-1, max-image-preview:large, max-video-preview:-1\" \/>\n<link rel=\"canonical\" href=\"https:\/\/versano.nl\/es\/shop\/leren-heren-jasje-basic-zwart-versano-tr36-s\/\" \/>\n<meta property=\"og:locale\" content=\"es_ES\" \/>\n<meta property=\"og:type\" content=\"article\" \/>\n<meta property=\"og:title\" content=\"heren leren jas zwart TR36 S Versano, zwarte leren heren jas\" \/>\n<meta property=\"og:description\" content=\"Ben je op zoek naar een heren leren jas zwart TR36 S Versano? Dan moet je zeker een kijkje nemen in de webshop van Versano.\" \/>\n<meta property=\"og:url\" content=\"https:\/\/versano.nl\/es\/shop\/leren-heren-jasje-basic-zwart-versano-tr36-s\/\" \/>\n<meta property=\"og:site_name\" content=\"Versano\" \/>\n<meta property=\"article:modified_time\" content=\"2026-04-23T11:29:02+00:00\" \/>\n<meta property=\"og:image\" content=\"https:\/\/versano.nl\/wp-content\/uploads\/2018\/04\/tr36s-zwart.jpg\" \/>\n\t<meta property=\"og:image:width\" content=\"600\" \/>\n\t<meta property=\"og:image:height\" content=\"800\" \/>\n\t<meta property=\"og:image:type\" content=\"image\/jpeg\" \/>\n<meta name=\"twitter:card\" content=\"summary_large_image\" \/>\n<meta name=\"twitter:label1\" content=\"Tiempo de lectura\" \/>\n\t<meta name=\"twitter:data1\" content=\"2 minutos\" \/>\n<script type=\"application\/ld+json\" class=\"yoast-schema-graph\">{\"@context\":\"https:\/\/schema.org\",\"@graph\":[{\"@type\":\"WebPage\",\"@id\":\"https:\/\/versano.nl\/shop\/leren-heren-jasje-basic-zwart-versano-tr36-s\/\",\"url\":\"https:\/\/versano.nl\/shop\/leren-heren-jasje-basic-zwart-versano-tr36-s\/\",\"name\":\"heren leren jas zwart TR36 S Versano, zwarte leren heren jas\",\"isPartOf\":{\"@id\":\"https:\/\/versano.nl\/#website\"},\"primaryImageOfPage\":{\"@id\":\"https:\/\/versano.nl\/shop\/leren-heren-jasje-basic-zwart-versano-tr36-s\/#primaryimage\"},\"image\":{\"@id\":\"https:\/\/versano.nl\/shop\/leren-heren-jasje-basic-zwart-versano-tr36-s\/#primaryimage\"},\"thumbnailUrl\":\"https:\/\/versano.nl\/wp-content\/uploads\/2018\/04\/tr36s-zwart.jpg\",\"datePublished\":\"2018-04-21T21:16:26+00:00\",\"dateModified\":\"2026-04-23T11:29:02+00:00\",\"description\":\"Ben je op zoek naar een heren leren jas zwart TR36 S Versano? Dan moet je zeker een kijkje nemen in de webshop van Versano.\",\"breadcrumb\":{\"@id\":\"https:\/\/versano.nl\/shop\/leren-heren-jasje-basic-zwart-versano-tr36-s\/#breadcrumb\"},\"inLanguage\":\"es\",\"potentialAction\":[{\"@type\":\"ReadAction\",\"target\":[\"https:\/\/versano.nl\/shop\/leren-heren-jasje-basic-zwart-versano-tr36-s\/\"]}]},{\"@type\":\"ImageObject\",\"inLanguage\":\"es\",\"@id\":\"https:\/\/versano.nl\/shop\/leren-heren-jasje-basic-zwart-versano-tr36-s\/#primaryimage\",\"url\":\"https:\/\/versano.nl\/wp-content\/uploads\/2018\/04\/tr36s-zwart.jpg\",\"contentUrl\":\"https:\/\/versano.nl\/wp-content\/uploads\/2018\/04\/tr36s-zwart.jpg\",\"width\":600,\"height\":800},{\"@type\":\"BreadcrumbList\",\"@id\":\"https:\/\/versano.nl\/shop\/leren-heren-jasje-basic-zwart-versano-tr36-s\/#breadcrumb\",\"itemListElement\":[{\"@type\":\"ListItem\",\"position\":1,\"name\":\"Home\",\"item\":\"https:\/\/versano.nl\/\"},{\"@type\":\"ListItem\",\"position\":2,\"name\":\"Shop\",\"item\":\"https:\/\/versano.nl\/shop\/\"},{\"@type\":\"ListItem\",\"position\":3,\"name\":\"heren leren jas zwart TR36 S Versano\"}]},{\"@type\":\"WebSite\",\"@id\":\"https:\/\/versano.nl\/#website\",\"url\":\"https:\/\/versano.nl\/\",\"name\":\"Versano\",\"description\":\"winterjassen met bontkraag | leren dames jassen | leren heren jassen\",\"potentialAction\":[{\"@type\":\"SearchAction\",\"target\":{\"@type\":\"EntryPoint\",\"urlTemplate\":\"https:\/\/versano.nl\/?s={search_term_string}\"},\"query-input\":{\"@type\":\"PropertyValueSpecification\",\"valueRequired\":true,\"valueName\":\"search_term_string\"}}],\"inLanguage\":\"es\"}]}<\/script>\n<!-- \/ Yoast SEO plugin. -->","yoast_head_json":{"title":"chaqueta de cuero para hombre negro TR36 S Versano, chaqueta de hombre de cuero negro","description":"\u00bfBuscas una chaqueta de cuero para hombre negra TR36 S Versano? Entonces definitivamente deber\u00eda echar un vistazo a la tienda web de Versano.","robots":{"index":"index","follow":"follow","max-snippet":"max-snippet:-1","max-image-preview":"max-image-preview:large","max-video-preview":"max-video-preview:-1"},"canonical":"https:\/\/versano.nl\/es\/shop\/leren-heren-jasje-basic-zwart-versano-tr36-s\/","og_locale":"es_ES","og_type":"article","og_title":"heren leren jas zwart TR36 S Versano, zwarte leren heren jas","og_description":"Ben je op zoek naar een heren leren jas zwart TR36 S Versano? Dan moet je zeker een kijkje nemen in de webshop van Versano.","og_url":"https:\/\/versano.nl\/es\/shop\/leren-heren-jasje-basic-zwart-versano-tr36-s\/","og_site_name":"Versano","article_modified_time":"2026-04-23T11:29:02+00:00","og_image":[{"width":600,"height":800,"url":"https:\/\/versano.nl\/wp-content\/uploads\/2018\/04\/tr36s-zwart.jpg","type":"image\/jpeg"}],"twitter_card":"summary_large_image","twitter_misc":{"Tiempo de lectura":"2 minutos"},"schema":{"@context":"https:\/\/schema.org","@graph":[{"@type":"WebPage","@id":"https:\/\/versano.nl\/shop\/leren-heren-jasje-basic-zwart-versano-tr36-s\/","url":"https:\/\/versano.nl\/shop\/leren-heren-jasje-basic-zwart-versano-tr36-s\/","name":"chaqueta de cuero para hombre negro TR36 S Versano, chaqueta de hombre de cuero negro","isPartOf":{"@id":"https:\/\/versano.nl\/#website"},"primaryImageOfPage":{"@id":"https:\/\/versano.nl\/shop\/leren-heren-jasje-basic-zwart-versano-tr36-s\/#primaryimage"},"image":{"@id":"https:\/\/versano.nl\/shop\/leren-heren-jasje-basic-zwart-versano-tr36-s\/#primaryimage"},"thumbnailUrl":"https:\/\/versano.nl\/wp-content\/uploads\/2018\/04\/tr36s-zwart.jpg","datePublished":"2018-04-21T21:16:26+00:00","dateModified":"2026-04-23T11:29:02+00:00","description":"\u00bfBuscas una chaqueta de cuero para hombre negra TR36 S Versano? Entonces definitivamente deber\u00eda echar un vistazo a la tienda web de Versano.","breadcrumb":{"@id":"https:\/\/versano.nl\/shop\/leren-heren-jasje-basic-zwart-versano-tr36-s\/#breadcrumb"},"inLanguage":"es","potentialAction":[{"@type":"ReadAction","target":["https:\/\/versano.nl\/shop\/leren-heren-jasje-basic-zwart-versano-tr36-s\/"]}]},{"@type":"ImageObject","inLanguage":"es","@id":"https:\/\/versano.nl\/shop\/leren-heren-jasje-basic-zwart-versano-tr36-s\/#primaryimage","url":"https:\/\/versano.nl\/wp-content\/uploads\/2018\/04\/tr36s-zwart.jpg","contentUrl":"https:\/\/versano.nl\/wp-content\/uploads\/2018\/04\/tr36s-zwart.jpg","width":600,"height":800},{"@type":"BreadcrumbList","@id":"https:\/\/versano.nl\/shop\/leren-heren-jasje-basic-zwart-versano-tr36-s\/#breadcrumb","itemListElement":[{"@type":"ListItem","position":1,"name":"Home","item":"https:\/\/versano.nl\/"},{"@type":"ListItem","position":2,"name":"Shop","item":"https:\/\/versano.nl\/shop\/"},{"@type":"ListItem","position":3,"name":"heren leren jas zwart TR36 S Versano"}]},{"@type":"WebSite","@id":"https:\/\/versano.nl\/#website","url":"https:\/\/versano.nl\/","name":"Versano","description":"abrigos de invierno con cuello de piel | chaquetas de cuero para mujer | chaquetas de cuero para hombre","potentialAction":[{"@type":"SearchAction","target":{"@type":"EntryPoint","urlTemplate":"https:\/\/versano.nl\/?s={search_term_string}"},"query-input":{"@type":"PropertyValueSpecification","valueRequired":true,"valueName":"search_term_string"}}],"inLanguage":"es"}]}},"_links":{"self":[{"href":"https:\/\/versano.nl\/es\/wp-json\/wp\/v2\/product\/7981","targetHints":{"allow":["GET"]}}],"collection":[{"href":"https:\/\/versano.nl\/es\/wp-json\/wp\/v2\/product"}],"about":[{"href":"https:\/\/versano.nl\/es\/wp-json\/wp\/v2\/types\/product"}],"replies":[{"embeddable":true,"href":"https:\/\/versano.nl\/es\/wp-json\/wp\/v2\/comments?post=7981"}],"wp:featuredmedia":[{"embeddable":true,"href":"https:\/\/versano.nl\/es\/wp-json\/wp\/v2\/media\/33562"}],"wp:attachment":[{"href":"https:\/\/versano.nl\/es\/wp-json\/wp\/v2\/media?parent=7981"}],"wp:term":[{"taxonomy":"product_brand","embeddable":true,"href":"https:\/\/versano.nl\/es\/wp-json\/wp\/v2\/product_brand?post=7981"},{"taxonomy":"product_cat","embeddable":true,"href":"https:\/\/versano.nl\/es\/wp-json\/wp\/v2\/product_cat?post=7981"},{"taxonomy":"product_tag","embeddable":true,"href":"https:\/\/versano.nl\/es\/wp-json\/wp\/v2\/product_tag?post=7981"}],"curies":[{"name":"wp","href":"https:\/\/api.w.org\/{rel}","templated":true}]}}