{"id":4753,"date":"2016-06-26T00:18:21","date_gmt":"2016-06-26T00:18:21","guid":{"rendered":"http:\/\/leathershopdoci.nl\/?post_type=product&#038;p=10709"},"modified":"2025-12-22T13:03:46","modified_gmt":"2025-12-22T13:03:46","slug":"leren-heren-jas-blauw-biker-model-versano-tr-36-b","status":"publish","type":"product","link":"https:\/\/versano.nl\/es\/shop\/leren-heren-jas-blauw-biker-model-versano-tr-36-b\/","title":{"rendered":"Cazadora biker de piel hombre azul TR36 B Versano"},"content":{"rendered":"<h2>Cazadora biker de piel hombre azul TR36 B Versano<\/h2>\n<p style=\"margin: 0cm 0cm 16.5pt 0cm\"><span style=\"font-size: 10.5pt;font-family: 'Arial',sans-serif;color: #282828\">La Chaqueta biker de cuero hombre azul TR36 B Versano es uno de los modelos m\u00e1s populares de Versano. Esta es una bonita chaqueta que nuestros clientes compran ampliamente. Un modelo especial de motociclista de esta chaqueta ha sido dise\u00f1ado por los talentosos dise\u00f1adores de Versano. En otras palabras, la chaqueta biker hombre co\u00f1ac de Versano es una chaqueta que probablemente disfrutar\u00e1s usando. El modelo de motorista es un poco m\u00e1s resistente que la elegante otra versi\u00f3n. No necesariamente tienes que ser un ciclista para usar esta chaqueta. Funcionar\u00e1 igual de bien cuando salgas por la noche o vayas a una ocasi\u00f3n especial. Es una cazadora de piel que podr\u00e1s llevar en todas las estaciones del a\u00f1o.<\/span><\/p>\n<h2>Pide el modelo de motociclista en TR36 B en azul<\/h2>\n<p style=\"margin: 0cm 0cm 16.5pt 0cm\"><span style=\"font-size: 10.5pt;font-family: 'Arial',sans-serif;color: #282828\">Si nos encarga esta chaqueta, recibir\u00e1 una chaqueta que permanecer\u00e1 hermosa para toda la vida. Esta es una hermosa chaqueta de corte ajustado que es completamente de estilo italiano. En otras palabras, con una chaqueta motera para hombre Cognac no tienes que preocuparte por lucir charol. La chaqueta est\u00e1 equipada con dos bolsillos laterales profundos con cremalleras, as\u00ed como dos bolsillos m\u00e1s peque\u00f1os en el pecho. Estos tambi\u00e9n se pueden cerrar con una cremallera resistente. Puede pedir f\u00e1cilmente este modelo en nuestro sitio web en azul u otros colores diversos como co\u00f1ac, negro y marr\u00f3n. Por lo tanto, le recomendamos que simplemente eche un vistazo a qu\u00e9 color cree que se adapta mejor a su propio estilo. \u00bfTiene alguna pregunta o no est\u00e1 seguro de qu\u00e9 talla pedir? Entonces siempre puede contactarnos por correo o WhatsApp. \u00a1Nuestros empleados desean ayudarlo!<\/span><\/p>\n<p style=\"margin: 0cm\"><span style=\"font-size: 10.5pt;font-family: 'Arial',sans-serif;color: #282828\"><a href=\"https:\/\/versano.nl\/\">Versano<\/a><br \/>\nMaterial: 100% piel de cordero<br \/>\nForro: 100% poli\u00e9ster<br \/>\nlongitud: media-corta<br \/>\nAjuste: corte ce\u00f1ido<br \/>\nCierre: cremallera<br \/>\nBolsillos: bolsillo con cremallera<br \/>\nCollar: de pie cuello<br \/>\ncapa externa de material: Muy alta calidad y suave piel de cordero<br \/>\nPlazo de entrega: 2-3 d\u00edas laborables<\/span><\/p>","protected":false},"excerpt":{"rendered":"<p>ELIGE OTRO COLOR AQU\u00cd<\/p>\n<p><a href=\"https:\/\/versano.nl\/shop\/leren-heren-jas-bruin-biker-model-versano-tr-36-b\/\"><img loading=\"lazy\" decoding=\"async\" class=\"alignnone size-full wp-image-19904\" src=\"https:\/\/versano.nl\/wp-content\/uploads\/sites\/2\/2017\/03\/leren-jassen-heren-bruin-biker-model-TR36B-versano-thumb.jpg\" alt=\"\" width=\"57\" height=\"75\" \/><\/a><a href=\"https:\/\/versano.nl\/shop\/leren-heren-jas-cognac-biker-model-versano-tr-36-b\/\"><img loading=\"lazy\" decoding=\"async\" class=\"alignnone size-full wp-image-19905\" src=\"https:\/\/versano.nl\/wp-content\/uploads\/sites\/2\/2017\/03\/leren-jassen-heren-cognac-biker-model-TR36B-thumb.jpg\" alt=\"\" width=\"57\" height=\"75\" \/><\/a><a href=\"https:\/\/versano.nl\/shop\/heren-bikerjack-zwart-lamsleder-versano-tr-36-b\/\"><img loading=\"lazy\" decoding=\"async\" class=\"alignnone size-full wp-image-19906\" src=\"https:\/\/versano.nl\/wp-content\/uploads\/sites\/2\/2017\/03\/leren-jassen-heren-zwart-biker-model-TR36B-thumb.jpg\" alt=\"\" width=\"57\" height=\"75\" \/><\/a><\/p>\n<p style=\"margin: 0cm 0cm 11.25pt 0cm\"><span style=\"font-size: 10.5pt;font-family: 'Arial',sans-serif;color: red\">Consejos de ajuste:\u00a0<\/span><span style=\"font-size: 10.5pt;font-family: 'Arial',sans-serif;color: #5d5d5d\">El ajuste de esta chaqueta es ajustado. Nuestro modelo mide 1,75 cm y lleva una talla M.<\/span><\/p>\n<p style=\"margin: 0cm 0cm 11.25pt 0cm\"><span style=\"font-size: 10.5pt;font-family: 'Arial',sans-serif;color: #5d5d5d\">Si no est\u00e1 seguro de sus medidas, le recomendamos que primero mida las medidas de su talla y las compare con nuestra tabla de tallas. Si no tiene experiencia en medir tama\u00f1os de circunferencia, haga clic en\u00a0<a href=\"https:\/\/www.youtube.com\/watch?v=3ZSfY87v6pM\"><em><span style=\"font-family: 'Arial',sans-serif;text-decoration: none\">AQU\u00cd<\/span><\/em><span style=\"text-decoration: none\">\u00a0<\/span><\/a>\u00a0para\u00a0<a href=\"https:\/\/www.youtube.com\/watch?v=3ZSfY87v6pM\"><em><span style=\"font-family: 'Arial',sans-serif;color: red;text-decoration: none\">VIDEO<\/span><\/em><\/a>\u00a0 con instrucciones. \u00a1Tambi\u00e9n puede llamarnos o enviarnos una aplicaci\u00f3n directamente! Nuestros empleados est\u00e1n siempre disponibles para ayudar.<\/span><\/p>\n<p style=\"margin: 0cm\"><strong><span style=\"font-size: 10.5pt;font-family: 'Arial',sans-serif;color: #5d5d5d\">EL TIEMPO DE ENTREGA :<\/span><\/strong><span style=\"font-size: 10.5pt;font-family: 'Arial',sans-serif;color: #5d5d5d\">\u00a02 a 3 d\u00edas laborables.<\/span><\/p>","protected":false},"featured_media":33552,"comment_status":"open","ping_status":"closed","template":"","meta":[],"product_brand":[],"product_cat":[1672,1670,147,874,907,912,1671,908,1669,913,910,882],"product_tag":[609,610,611,1710,612,574,576,613,614,1691,615,616,735,1692,580,590,1698,413,736,1697,1711],"class_list":{"0":"post-4753","1":"product","2":"type-product","3":"status-publish","4":"has-post-thumbnail","6":"product_cat-biker-jas-heren","7":"product_cat-heren-leren-jas","8":"product_cat-heren-leren-jassen","9":"product_cat-kort-leren-jasje","10":"product_cat-kort-leren-jasje-heren","11":"product_cat-leren-bikerjacks-heren","12":"product_cat-leren-heren-jas","13":"product_cat-leren-heren-jassen","14":"product_cat-leren-jas-heren","15":"product_cat-leren-jassen-heren-uitverkoop","16":"product_cat-leren-jassen-heren","17":"product_cat-versano","18":"product_tag-biker-jas-blauw","19":"product_tag-bikerjas-blauw","20":"product_tag-blauw-leren-jas","21":"product_tag-blauwe-biker-jas-heren","22":"product_tag-blauwe-leren-heren-bikerjas","23":"product_tag-blauwe-leren-heren-jas","24":"product_tag-blauwe-leren-jas-heren","25":"product_tag-blauwe-leren-versano-jas","26":"product_tag-blauwe-versano-jas","27":"product_tag-echt-leer-heren-jas","28":"product_tag-heren-bikerjas-blauw","29":"product_tag-heren-jas-leer-blauw","30":"product_tag-heren-motorlook-jas-blauw","31":"product_tag-lamsleer-heren-jas","32":"product_tag-lederen-heren-jas-blauw","33":"product_tag-leren-heren-jas-blauw","34":"product_tag-leren-heren-jas-sale","35":"product_tag-leren-jas-blauw","36":"product_tag-motor-look-heren-jas-blauw","37":"product_tag-uitverkoop-heren-leren-jas","38":"product_tag-versano-bikerjassen","39":"tm-no-options","41":"first","42":"instock","43":"sale","44":"taxable","45":"shipping-taxable","46":"purchasable","47":"product-type-variable","48":"has-default-attributes"},"yoast_head":"<!-- This site is optimized with the Yoast SEO plugin v27.2 - https:\/\/yoast.com\/product\/yoast-seo-wordpress\/ -->\n<title>Leren biker jas heren blauw TR36 B Versano, blauwe leren heren jas<\/title>\n<meta name=\"description\" content=\"Bent u op zoek naar een leren Biker jas heren blauw TR36 B Versano? Bij Versano zit u goed, want hier treft u een ruime keuze jassen aan.\" \/>\n<meta name=\"robots\" content=\"index, follow, max-snippet:-1, max-image-preview:large, max-video-preview:-1\" \/>\n<link rel=\"canonical\" href=\"https:\/\/versano.nl\/es\/shop\/leren-heren-jas-blauw-biker-model-versano-tr-36-b\/\" \/>\n<meta property=\"og:locale\" content=\"es_ES\" \/>\n<meta property=\"og:type\" content=\"article\" \/>\n<meta property=\"og:title\" content=\"Leren biker jas heren blauw TR36 B Versano, blauwe leren heren jas\" \/>\n<meta property=\"og:description\" content=\"Bent u op zoek naar een leren Biker jas heren blauw TR36 B Versano? Bij Versano zit u goed, want hier treft u een ruime keuze jassen aan.\" \/>\n<meta property=\"og:url\" content=\"https:\/\/versano.nl\/es\/shop\/leren-heren-jas-blauw-biker-model-versano-tr-36-b\/\" \/>\n<meta property=\"og:site_name\" content=\"Versano\" \/>\n<meta property=\"article:modified_time\" content=\"2025-12-22T13:03:46+00:00\" \/>\n<meta property=\"og:image\" content=\"https:\/\/versano.nl\/wp-content\/uploads\/2016\/06\/IMG_0326.jpg\" \/>\n\t<meta property=\"og:image:width\" content=\"600\" \/>\n\t<meta property=\"og:image:height\" content=\"800\" \/>\n\t<meta property=\"og:image:type\" content=\"image\/jpeg\" \/>\n<meta name=\"twitter:card\" content=\"summary_large_image\" \/>\n<meta name=\"twitter:label1\" content=\"Tiempo de lectura\" \/>\n\t<meta name=\"twitter:data1\" content=\"2 minutos\" \/>\n<script type=\"application\/ld+json\" class=\"yoast-schema-graph\">{\"@context\":\"https:\/\/schema.org\",\"@graph\":[{\"@type\":\"WebPage\",\"@id\":\"https:\/\/versano.nl\/shop\/leren-heren-jas-blauw-biker-model-versano-tr-36-b\/\",\"url\":\"https:\/\/versano.nl\/shop\/leren-heren-jas-blauw-biker-model-versano-tr-36-b\/\",\"name\":\"Leren biker jas heren blauw TR36 B Versano, blauwe leren heren jas\",\"isPartOf\":{\"@id\":\"https:\/\/versano.nl\/#website\"},\"primaryImageOfPage\":{\"@id\":\"https:\/\/versano.nl\/shop\/leren-heren-jas-blauw-biker-model-versano-tr-36-b\/#primaryimage\"},\"image\":{\"@id\":\"https:\/\/versano.nl\/shop\/leren-heren-jas-blauw-biker-model-versano-tr-36-b\/#primaryimage\"},\"thumbnailUrl\":\"https:\/\/versano.nl\/wp-content\/uploads\/2016\/06\/IMG_0326.jpg\",\"datePublished\":\"2016-06-26T00:18:21+00:00\",\"dateModified\":\"2025-12-22T13:03:46+00:00\",\"description\":\"Bent u op zoek naar een leren Biker jas heren blauw TR36 B Versano? Bij Versano zit u goed, want hier treft u een ruime keuze jassen aan.\",\"breadcrumb\":{\"@id\":\"https:\/\/versano.nl\/shop\/leren-heren-jas-blauw-biker-model-versano-tr-36-b\/#breadcrumb\"},\"inLanguage\":\"es\",\"potentialAction\":[{\"@type\":\"ReadAction\",\"target\":[\"https:\/\/versano.nl\/shop\/leren-heren-jas-blauw-biker-model-versano-tr-36-b\/\"]}]},{\"@type\":\"ImageObject\",\"inLanguage\":\"es\",\"@id\":\"https:\/\/versano.nl\/shop\/leren-heren-jas-blauw-biker-model-versano-tr-36-b\/#primaryimage\",\"url\":\"https:\/\/versano.nl\/wp-content\/uploads\/2016\/06\/IMG_0326.jpg\",\"contentUrl\":\"https:\/\/versano.nl\/wp-content\/uploads\/2016\/06\/IMG_0326.jpg\",\"width\":600,\"height\":800},{\"@type\":\"BreadcrumbList\",\"@id\":\"https:\/\/versano.nl\/shop\/leren-heren-jas-blauw-biker-model-versano-tr-36-b\/#breadcrumb\",\"itemListElement\":[{\"@type\":\"ListItem\",\"position\":1,\"name\":\"Home\",\"item\":\"https:\/\/versano.nl\/\"},{\"@type\":\"ListItem\",\"position\":2,\"name\":\"Shop\",\"item\":\"https:\/\/versano.nl\/shop\/\"},{\"@type\":\"ListItem\",\"position\":3,\"name\":\"Leren biker jas heren blauw TR36 B Versano\"}]},{\"@type\":\"WebSite\",\"@id\":\"https:\/\/versano.nl\/#website\",\"url\":\"https:\/\/versano.nl\/\",\"name\":\"Versano\",\"description\":\"winterjassen met bontkraag | leren dames jassen | leren heren jassen\",\"potentialAction\":[{\"@type\":\"SearchAction\",\"target\":{\"@type\":\"EntryPoint\",\"urlTemplate\":\"https:\/\/versano.nl\/?s={search_term_string}\"},\"query-input\":{\"@type\":\"PropertyValueSpecification\",\"valueRequired\":true,\"valueName\":\"search_term_string\"}}],\"inLanguage\":\"es\"}]}<\/script>\n<!-- \/ Yoast SEO plugin. -->","yoast_head_json":{"title":"Chaqueta biker de cuero hombre azul TR36 B Versano, chaqueta de cuero azul para hombre","description":"\u00bfEst\u00e1s buscando una chaqueta Biker de cuero para hombre azul TR36 B Versano? Versano es el lugar adecuado para ti, porque aqu\u00ed encontrar\u00e1s una amplia variedad de chaquetas.","robots":{"index":"index","follow":"follow","max-snippet":"max-snippet:-1","max-image-preview":"max-image-preview:large","max-video-preview":"max-video-preview:-1"},"canonical":"https:\/\/versano.nl\/es\/shop\/leren-heren-jas-blauw-biker-model-versano-tr-36-b\/","og_locale":"es_ES","og_type":"article","og_title":"Leren biker jas heren blauw TR36 B Versano, blauwe leren heren jas","og_description":"Bent u op zoek naar een leren Biker jas heren blauw TR36 B Versano? Bij Versano zit u goed, want hier treft u een ruime keuze jassen aan.","og_url":"https:\/\/versano.nl\/es\/shop\/leren-heren-jas-blauw-biker-model-versano-tr-36-b\/","og_site_name":"Versano","article_modified_time":"2025-12-22T13:03:46+00:00","og_image":[{"width":600,"height":800,"url":"https:\/\/versano.nl\/wp-content\/uploads\/2016\/06\/IMG_0326.jpg","type":"image\/jpeg"}],"twitter_card":"summary_large_image","twitter_misc":{"Tiempo de lectura":"2 minutos"},"schema":{"@context":"https:\/\/schema.org","@graph":[{"@type":"WebPage","@id":"https:\/\/versano.nl\/shop\/leren-heren-jas-blauw-biker-model-versano-tr-36-b\/","url":"https:\/\/versano.nl\/shop\/leren-heren-jas-blauw-biker-model-versano-tr-36-b\/","name":"Chaqueta biker de cuero hombre azul TR36 B Versano, chaqueta de cuero azul para hombre","isPartOf":{"@id":"https:\/\/versano.nl\/#website"},"primaryImageOfPage":{"@id":"https:\/\/versano.nl\/shop\/leren-heren-jas-blauw-biker-model-versano-tr-36-b\/#primaryimage"},"image":{"@id":"https:\/\/versano.nl\/shop\/leren-heren-jas-blauw-biker-model-versano-tr-36-b\/#primaryimage"},"thumbnailUrl":"https:\/\/versano.nl\/wp-content\/uploads\/2016\/06\/IMG_0326.jpg","datePublished":"2016-06-26T00:18:21+00:00","dateModified":"2025-12-22T13:03:46+00:00","description":"\u00bfEst\u00e1s buscando una chaqueta Biker de cuero para hombre azul TR36 B Versano? Versano es el lugar adecuado para ti, porque aqu\u00ed encontrar\u00e1s una amplia variedad de chaquetas.","breadcrumb":{"@id":"https:\/\/versano.nl\/shop\/leren-heren-jas-blauw-biker-model-versano-tr-36-b\/#breadcrumb"},"inLanguage":"es","potentialAction":[{"@type":"ReadAction","target":["https:\/\/versano.nl\/shop\/leren-heren-jas-blauw-biker-model-versano-tr-36-b\/"]}]},{"@type":"ImageObject","inLanguage":"es","@id":"https:\/\/versano.nl\/shop\/leren-heren-jas-blauw-biker-model-versano-tr-36-b\/#primaryimage","url":"https:\/\/versano.nl\/wp-content\/uploads\/2016\/06\/IMG_0326.jpg","contentUrl":"https:\/\/versano.nl\/wp-content\/uploads\/2016\/06\/IMG_0326.jpg","width":600,"height":800},{"@type":"BreadcrumbList","@id":"https:\/\/versano.nl\/shop\/leren-heren-jas-blauw-biker-model-versano-tr-36-b\/#breadcrumb","itemListElement":[{"@type":"ListItem","position":1,"name":"Home","item":"https:\/\/versano.nl\/"},{"@type":"ListItem","position":2,"name":"Shop","item":"https:\/\/versano.nl\/shop\/"},{"@type":"ListItem","position":3,"name":"Leren biker jas heren blauw TR36 B Versano"}]},{"@type":"WebSite","@id":"https:\/\/versano.nl\/#website","url":"https:\/\/versano.nl\/","name":"Versano","description":"abrigos de invierno con cuello de piel | chaquetas de cuero para mujer | chaquetas de cuero para hombre","potentialAction":[{"@type":"SearchAction","target":{"@type":"EntryPoint","urlTemplate":"https:\/\/versano.nl\/?s={search_term_string}"},"query-input":{"@type":"PropertyValueSpecification","valueRequired":true,"valueName":"search_term_string"}}],"inLanguage":"es"}]}},"_links":{"self":[{"href":"https:\/\/versano.nl\/es\/wp-json\/wp\/v2\/product\/4753","targetHints":{"allow":["GET"]}}],"collection":[{"href":"https:\/\/versano.nl\/es\/wp-json\/wp\/v2\/product"}],"about":[{"href":"https:\/\/versano.nl\/es\/wp-json\/wp\/v2\/types\/product"}],"replies":[{"embeddable":true,"href":"https:\/\/versano.nl\/es\/wp-json\/wp\/v2\/comments?post=4753"}],"wp:featuredmedia":[{"embeddable":true,"href":"https:\/\/versano.nl\/es\/wp-json\/wp\/v2\/media\/33552"}],"wp:attachment":[{"href":"https:\/\/versano.nl\/es\/wp-json\/wp\/v2\/media?parent=4753"}],"wp:term":[{"taxonomy":"product_brand","embeddable":true,"href":"https:\/\/versano.nl\/es\/wp-json\/wp\/v2\/product_brand?post=4753"},{"taxonomy":"product_cat","embeddable":true,"href":"https:\/\/versano.nl\/es\/wp-json\/wp\/v2\/product_cat?post=4753"},{"taxonomy":"product_tag","embeddable":true,"href":"https:\/\/versano.nl\/es\/wp-json\/wp\/v2\/product_tag?post=4753"}],"curies":[{"name":"wp","href":"https:\/\/api.w.org\/{rel}","templated":true}]}}