{"id":3669,"date":"2015-03-11T23:40:49","date_gmt":"2015-03-11T23:40:49","guid":{"rendered":"http:\/\/leathershopdoci.nl\/shop\/leren-jas-heren-versano-tr44-zwart\/"},"modified":"2024-12-11T16:26:17","modified_gmt":"2024-12-11T16:26:17","slug":"heren-jas-biker-zwart-leer-tr44-versano","status":"publish","type":"product","link":"https:\/\/versano.nl\/es\/shop\/heren-jas-biker-zwart-leer-tr44-versano\/","title":{"rendered":"Cazadora biker hombre piel negra TR44 Versano"},"content":{"rendered":"<h2>Cazadora biker hombre piel negra TR44 Versano<\/h2>\n<p>La chaqueta biker de hombre de cuero negro TR44 Versano es uno de los modelos m\u00e1s populares de Versano. Esta es una bonita chaqueta que nuestros clientes compran ampliamente. Un modelo especial de motociclista de esta chaqueta ha sido dise\u00f1ado por los talentosos dise\u00f1adores de Versano. En otras palabras, esta chaqueta de motorista de Versano es una chaqueta que probablemente disfrutar\u00e1s usando. El modelo de motorista es un poco m\u00e1s resistente que la elegante otra versi\u00f3n. No necesariamente tienes que ser un ciclista para usar esta chaqueta. Funcionar\u00e1 igual de bien cuando salgas por la noche o vayas a una ocasi\u00f3n especial. Es una cazadora de piel que podr\u00e1s llevar en todas las estaciones del a\u00f1o.<\/p>\n<p>&nbsp;<\/p>\n<h2>Solicite el modelo TR44 en negro<\/h2>\n<p>Si nos encarga esta chaqueta, recibir\u00e1 una chaqueta que permanecer\u00e1 hermosa para toda la vida. Esta es una hermosa chaqueta de corte ajustado que es completamente de estilo italiano. En otras palabras, con esta chaqueta no tienes que preocuparte por verte fuera de lugar. La chaqueta est\u00e1 equipada con dos bolsillos laterales profundos con cremalleras, as\u00ed como dos bolsillos m\u00e1s peque\u00f1os en el pecho. Estos tambi\u00e9n se pueden cerrar con una cremallera resistente. Puede solicitar f\u00e1cilmente este modelo en nuestro sitio web en negro u otros colores diversos como el co\u00f1ac y el negro. Por lo tanto, le recomendamos que simplemente eche un vistazo a qu\u00e9 color cree que se adapta mejor a su propio estilo. \u00bfTiene alguna pregunta o no est\u00e1 seguro de qu\u00e9 talla pedir? Entonces siempre puede contactarnos por correo o WhatsApp. \u00a1Nuestros empleados desean ayudarlo!<\/p>\n<p>&nbsp;<\/p>\n<p>marca:\u00a0<a href=\"https:\/\/versano.nl\/\">Versano<\/a><br \/>\nMaterial: 100% piel de cordero<br \/>\nForro: 100% poli\u00e9ster<br \/>\nlongitud: corto<br \/>\nAjuste: corte ce\u00f1ido<br \/>\nCierre: cremallera<br \/>\nBolsillos: bolsillo con cremallera<br \/>\nCollar: de pie cuello<br \/>\ncapa externa de material: Muy alta calidad y suave piel de cordero<br \/>\nPlazo de entrega: 2-3 d\u00edas laborables<\/p>\n<p>&nbsp;<\/p>","protected":false},"excerpt":{"rendered":"<p>ELIGE OTRO COLOR AQU\u00cd<\/p>\n<p><a href=\"https:\/\/versano.nl\/shop\/leren-jas-heren-versano-tr44-cognac\/\"><img loading=\"lazy\" decoding=\"async\" class=\"alignnone size-full wp-image-19915\" src=\"https:\/\/versano.nl\/wp-content\/uploads\/sites\/2\/2015\/03\/leren-jas-heren-cognac-TR44-versano-thumb.jpg\" alt=\"\" width=\"57\" height=\"75\" \/><\/a><\/p>\n<p style=\"margin: 0cm 0cm 11.25pt 0cm;\"><span style=\"font-size: 10.5pt; font-family: 'Arial',sans-serif; color: red;\">Consejos de ajuste:\u00a0<\/span><span style=\"font-size: 10.5pt; font-family: 'Arial',sans-serif; color: #5d5d5d;\">El ajuste de esta chaqueta es ajustado. Nuestro modelo mide 1,75 cm y lleva una talla M.<\/span><\/p>\n<p style=\"margin: 0cm 0cm 11.25pt 0cm;\"><span style=\"font-size: 10.5pt; font-family: 'Arial',sans-serif; color: #5d5d5d;\">Si no est\u00e1 seguro de sus medidas, le recomendamos que primero mida las medidas de su talla y las compare con nuestra tabla de tallas. Si no tiene experiencia en medir tama\u00f1os de circunferencia, haga clic en\u00a0<\/span><a href=\"https:\/\/www.youtube.com\/watch?v=3ZSfY87v6pM\"><em><span style=\"font-size: 10.5pt; font-family: 'Arial',sans-serif; text-decoration: none;\">AQU\u00cd<\/span><\/em><span style=\"font-size: 10.5pt; font-family: 'Arial',sans-serif; text-decoration: none;\">\u00a0<\/span><\/a><span style=\"font-size: 10.5pt; font-family: 'Arial',sans-serif; color: #5d5d5d;\">\u00a0para\u00a0<\/span><a href=\"https:\/\/www.youtube.com\/watch?v=3ZSfY87v6pM\"><em><span style=\"font-size: 10.5pt; font-family: 'Arial',sans-serif; color: red; text-decoration: none;\">VIDEO<\/span><\/em><\/a><span style=\"font-size: 10.5pt; font-family: 'Arial',sans-serif; color: #5d5d5d;\">\u00a0 con instrucciones. \u00a1Tambi\u00e9n puede llamarnos o enviarnos una aplicaci\u00f3n directamente! Nuestros empleados est\u00e1n siempre disponibles para ayudar.<\/span><\/p>\n<p style=\"margin: 0cm;\"><strong><span style=\"font-size: 10.5pt; font-family: 'Arial',sans-serif; color: #5d5d5d;\">EL TIEMPO DE ENTREGA :<\/span><\/strong><span style=\"font-size: 10.5pt; font-family: 'Arial',sans-serif; color: #5d5d5d;\">\u00a02 a 3 d\u00edas laborables.<\/span><\/p>","protected":false},"featured_media":8242,"comment_status":"closed","ping_status":"closed","template":"","meta":[],"product_brand":[],"product_cat":[1672,147,912,1671,908,1669,913,910,882],"product_tag":[1729,1745,1691,514,1743,49,1692,1698,23,24,1697,1744,1708,515,512],"class_list":{"0":"post-3669","1":"product","2":"type-product","3":"status-publish","4":"has-post-thumbnail","6":"product_cat-biker-jas-heren","7":"product_cat-heren-leren-jassen","8":"product_cat-leren-bikerjacks-heren","9":"product_cat-leren-heren-jas","10":"product_cat-leren-heren-jassen","11":"product_cat-leren-jas-heren","12":"product_cat-leren-jassen-heren-uitverkoop","13":"product_cat-leren-jassen-heren","14":"product_cat-versano","15":"product_tag-biker-jas-heren-sale","16":"product_tag-echt-leer-biker-jas-heren","17":"product_tag-echt-leer-heren-jas","18":"product_tag-heren-biker-jack-zwart","19":"product_tag-heren-collectie-versano","20":"product_tag-heren-zwart","21":"product_tag-lamsleer-heren-jas","22":"product_tag-leren-heren-jas-sale","23":"product_tag-motorjacks-heren","24":"product_tag-stoer-jasje-heren","25":"product_tag-uitverkoop-heren-leren-jas","26":"product_tag-versano-leren-heren-jassen","27":"product_tag-zomerjassen-heren","28":"product_tag-zwarte-heren-bikerjack","29":"product_tag-zwarte-leren-biker-jack-heren","30":"tm-no-options","32":"first","33":"instock","34":"taxable","35":"shipping-taxable","36":"product-type-variable"},"yoast_head":"<!-- This site is optimized with the Yoast SEO plugin v27.2 - https:\/\/yoast.com\/product\/yoast-seo-wordpress\/ -->\n<title>Heren jas biker zwart leer TR44 Versano, bikerjas heren<\/title>\n<meta name=\"description\" content=\"Met de mooie bikerachtige look op de schouders is de Heren jas biker look zwart leer TR44 Versano een topjas uit de Versano collectie.\" \/>\n<meta name=\"robots\" content=\"index, follow, max-snippet:-1, max-image-preview:large, max-video-preview:-1\" \/>\n<link rel=\"canonical\" href=\"https:\/\/versano.nl\/es\/shop\/heren-jas-biker-zwart-leer-tr44-versano\/\" \/>\n<meta property=\"og:locale\" content=\"es_ES\" \/>\n<meta property=\"og:type\" content=\"article\" \/>\n<meta property=\"og:title\" content=\"Heren jas biker zwart leer TR44 Versano, bikerjas heren\" \/>\n<meta property=\"og:description\" content=\"Met de mooie bikerachtige look op de schouders is de Heren jas biker look zwart leer TR44 Versano een topjas uit de Versano collectie.\" \/>\n<meta property=\"og:url\" content=\"https:\/\/versano.nl\/es\/shop\/heren-jas-biker-zwart-leer-tr44-versano\/\" \/>\n<meta property=\"og:site_name\" content=\"Versano\" \/>\n<meta property=\"article:modified_time\" content=\"2024-12-11T16:26:17+00:00\" \/>\n<meta property=\"og:image\" content=\"https:\/\/versano.nl\/wp-content\/uploads\/2015\/03\/leren-jas-heren-zwart-TR44-versano-voorkant-model2.jpg\" \/>\n\t<meta property=\"og:image:width\" content=\"900\" \/>\n\t<meta property=\"og:image:height\" content=\"1176\" \/>\n\t<meta property=\"og:image:type\" content=\"image\/jpeg\" \/>\n<meta name=\"twitter:card\" content=\"summary_large_image\" \/>\n<meta name=\"twitter:label1\" content=\"Tiempo de lectura\" \/>\n\t<meta name=\"twitter:data1\" content=\"2 minutos\" \/>\n<script type=\"application\/ld+json\" class=\"yoast-schema-graph\">{\"@context\":\"https:\/\/schema.org\",\"@graph\":[{\"@type\":\"WebPage\",\"@id\":\"https:\/\/versano.nl\/shop\/heren-jas-biker-zwart-leer-tr44-versano\/\",\"url\":\"https:\/\/versano.nl\/shop\/heren-jas-biker-zwart-leer-tr44-versano\/\",\"name\":\"Heren jas biker zwart leer TR44 Versano, bikerjas heren\",\"isPartOf\":{\"@id\":\"https:\/\/versano.nl\/#website\"},\"primaryImageOfPage\":{\"@id\":\"https:\/\/versano.nl\/shop\/heren-jas-biker-zwart-leer-tr44-versano\/#primaryimage\"},\"image\":{\"@id\":\"https:\/\/versano.nl\/shop\/heren-jas-biker-zwart-leer-tr44-versano\/#primaryimage\"},\"thumbnailUrl\":\"https:\/\/versano.nl\/wp-content\/uploads\/2015\/03\/leren-jas-heren-zwart-TR44-versano-voorkant-model2.jpg\",\"datePublished\":\"2015-03-11T23:40:49+00:00\",\"dateModified\":\"2024-12-11T16:26:17+00:00\",\"description\":\"Met de mooie bikerachtige look op de schouders is de Heren jas biker look zwart leer TR44 Versano een topjas uit de Versano collectie.\",\"breadcrumb\":{\"@id\":\"https:\/\/versano.nl\/shop\/heren-jas-biker-zwart-leer-tr44-versano\/#breadcrumb\"},\"inLanguage\":\"es\",\"potentialAction\":[{\"@type\":\"ReadAction\",\"target\":[\"https:\/\/versano.nl\/shop\/heren-jas-biker-zwart-leer-tr44-versano\/\"]}]},{\"@type\":\"ImageObject\",\"inLanguage\":\"es\",\"@id\":\"https:\/\/versano.nl\/shop\/heren-jas-biker-zwart-leer-tr44-versano\/#primaryimage\",\"url\":\"https:\/\/versano.nl\/wp-content\/uploads\/2015\/03\/leren-jas-heren-zwart-TR44-versano-voorkant-model2.jpg\",\"contentUrl\":\"https:\/\/versano.nl\/wp-content\/uploads\/2015\/03\/leren-jas-heren-zwart-TR44-versano-voorkant-model2.jpg\",\"width\":900,\"height\":1176,\"caption\":\"Heren jas biker zwart leer TR44 Versano\"},{\"@type\":\"BreadcrumbList\",\"@id\":\"https:\/\/versano.nl\/shop\/heren-jas-biker-zwart-leer-tr44-versano\/#breadcrumb\",\"itemListElement\":[{\"@type\":\"ListItem\",\"position\":1,\"name\":\"Home\",\"item\":\"https:\/\/versano.nl\/\"},{\"@type\":\"ListItem\",\"position\":2,\"name\":\"Shop\",\"item\":\"https:\/\/versano.nl\/shop\/\"},{\"@type\":\"ListItem\",\"position\":3,\"name\":\"Heren jas biker zwart leer TR44 Versano\"}]},{\"@type\":\"WebSite\",\"@id\":\"https:\/\/versano.nl\/#website\",\"url\":\"https:\/\/versano.nl\/\",\"name\":\"Versano\",\"description\":\"winterjassen met bontkraag | leren dames jassen | leren heren jassen\",\"potentialAction\":[{\"@type\":\"SearchAction\",\"target\":{\"@type\":\"EntryPoint\",\"urlTemplate\":\"https:\/\/versano.nl\/?s={search_term_string}\"},\"query-input\":{\"@type\":\"PropertyValueSpecification\",\"valueRequired\":true,\"valueName\":\"search_term_string\"}}],\"inLanguage\":\"es\"}]}<\/script>\n<!-- \/ Yoast SEO plugin. -->","yoast_head_json":{"title":"Chaqueta motera hombre cuero negro TR44 Versano, chaqueta motera hombre","description":"Con el hermoso aspecto de motociclista en los hombros, la Chaqueta de hombre con apariencia de motociclista de cuero negro TR44 Versano es una chaqueta superior de la colecci\u00f3n Versano.","robots":{"index":"index","follow":"follow","max-snippet":"max-snippet:-1","max-image-preview":"max-image-preview:large","max-video-preview":"max-video-preview:-1"},"canonical":"https:\/\/versano.nl\/es\/shop\/heren-jas-biker-zwart-leer-tr44-versano\/","og_locale":"es_ES","og_type":"article","og_title":"Heren jas biker zwart leer TR44 Versano, bikerjas heren","og_description":"Met de mooie bikerachtige look op de schouders is de Heren jas biker look zwart leer TR44 Versano een topjas uit de Versano collectie.","og_url":"https:\/\/versano.nl\/es\/shop\/heren-jas-biker-zwart-leer-tr44-versano\/","og_site_name":"Versano","article_modified_time":"2024-12-11T16:26:17+00:00","og_image":[{"width":900,"height":1176,"url":"https:\/\/versano.nl\/wp-content\/uploads\/2015\/03\/leren-jas-heren-zwart-TR44-versano-voorkant-model2.jpg","type":"image\/jpeg"}],"twitter_card":"summary_large_image","twitter_misc":{"Tiempo de lectura":"2 minutos"},"schema":{"@context":"https:\/\/schema.org","@graph":[{"@type":"WebPage","@id":"https:\/\/versano.nl\/shop\/heren-jas-biker-zwart-leer-tr44-versano\/","url":"https:\/\/versano.nl\/shop\/heren-jas-biker-zwart-leer-tr44-versano\/","name":"Chaqueta motera hombre cuero negro TR44 Versano, chaqueta motera hombre","isPartOf":{"@id":"https:\/\/versano.nl\/#website"},"primaryImageOfPage":{"@id":"https:\/\/versano.nl\/shop\/heren-jas-biker-zwart-leer-tr44-versano\/#primaryimage"},"image":{"@id":"https:\/\/versano.nl\/shop\/heren-jas-biker-zwart-leer-tr44-versano\/#primaryimage"},"thumbnailUrl":"https:\/\/versano.nl\/wp-content\/uploads\/2015\/03\/leren-jas-heren-zwart-TR44-versano-voorkant-model2.jpg","datePublished":"2015-03-11T23:40:49+00:00","dateModified":"2024-12-11T16:26:17+00:00","description":"Con el hermoso aspecto de motociclista en los hombros, la Chaqueta de hombre con apariencia de motociclista de cuero negro TR44 Versano es una chaqueta superior de la colecci\u00f3n Versano.","breadcrumb":{"@id":"https:\/\/versano.nl\/shop\/heren-jas-biker-zwart-leer-tr44-versano\/#breadcrumb"},"inLanguage":"es","potentialAction":[{"@type":"ReadAction","target":["https:\/\/versano.nl\/shop\/heren-jas-biker-zwart-leer-tr44-versano\/"]}]},{"@type":"ImageObject","inLanguage":"es","@id":"https:\/\/versano.nl\/shop\/heren-jas-biker-zwart-leer-tr44-versano\/#primaryimage","url":"https:\/\/versano.nl\/wp-content\/uploads\/2015\/03\/leren-jas-heren-zwart-TR44-versano-voorkant-model2.jpg","contentUrl":"https:\/\/versano.nl\/wp-content\/uploads\/2015\/03\/leren-jas-heren-zwart-TR44-versano-voorkant-model2.jpg","width":900,"height":1176,"caption":"Heren jas biker zwart leer TR44 Versano"},{"@type":"BreadcrumbList","@id":"https:\/\/versano.nl\/shop\/heren-jas-biker-zwart-leer-tr44-versano\/#breadcrumb","itemListElement":[{"@type":"ListItem","position":1,"name":"Home","item":"https:\/\/versano.nl\/"},{"@type":"ListItem","position":2,"name":"Shop","item":"https:\/\/versano.nl\/shop\/"},{"@type":"ListItem","position":3,"name":"Heren jas biker zwart leer TR44 Versano"}]},{"@type":"WebSite","@id":"https:\/\/versano.nl\/#website","url":"https:\/\/versano.nl\/","name":"Versano","description":"abrigos de invierno con cuello de piel | chaquetas de cuero para mujer | chaquetas de cuero para hombre","potentialAction":[{"@type":"SearchAction","target":{"@type":"EntryPoint","urlTemplate":"https:\/\/versano.nl\/?s={search_term_string}"},"query-input":{"@type":"PropertyValueSpecification","valueRequired":true,"valueName":"search_term_string"}}],"inLanguage":"es"}]}},"_links":{"self":[{"href":"https:\/\/versano.nl\/es\/wp-json\/wp\/v2\/product\/3669","targetHints":{"allow":["GET"]}}],"collection":[{"href":"https:\/\/versano.nl\/es\/wp-json\/wp\/v2\/product"}],"about":[{"href":"https:\/\/versano.nl\/es\/wp-json\/wp\/v2\/types\/product"}],"replies":[{"embeddable":true,"href":"https:\/\/versano.nl\/es\/wp-json\/wp\/v2\/comments?post=3669"}],"wp:featuredmedia":[{"embeddable":true,"href":"https:\/\/versano.nl\/es\/wp-json\/wp\/v2\/media\/8242"}],"wp:attachment":[{"href":"https:\/\/versano.nl\/es\/wp-json\/wp\/v2\/media?parent=3669"}],"wp:term":[{"taxonomy":"product_brand","embeddable":true,"href":"https:\/\/versano.nl\/es\/wp-json\/wp\/v2\/product_brand?post=3669"},{"taxonomy":"product_cat","embeddable":true,"href":"https:\/\/versano.nl\/es\/wp-json\/wp\/v2\/product_cat?post=3669"},{"taxonomy":"product_tag","embeddable":true,"href":"https:\/\/versano.nl\/es\/wp-json\/wp\/v2\/product_tag?post=3669"}],"curies":[{"name":"wp","href":"https:\/\/api.w.org\/{rel}","templated":true}]}}