{"id":365,"date":"2017-03-23T21:16:54","date_gmt":"2017-03-23T21:16:54","guid":{"rendered":"https:\/\/leathershopdoci.nl\/shop\/leren-heren-jas-cognac-biker-model-versano-tr-36-b\/"},"modified":"2026-02-19T13:45:56","modified_gmt":"2026-02-19T13:45:56","slug":"leren-heren-jas-cognac-biker-model-versano-tr-36-b","status":"publish","type":"product","link":"https:\/\/versano.nl\/es\/shop\/leren-heren-jas-cognac-biker-model-versano-tr-36-b\/","title":{"rendered":"Chaqueta de cuero para hombre biker TR36 B cognac Versano"},"content":{"rendered":"<h2>Chaqueta de cuero para hombre biker TR36 B cognac Versano<\/h2>\n<p style=\"margin: 0cm 0cm 16.5pt 0cm\"><span style=\"font-size: 10.5pt;font-family: 'Arial',sans-serif;color: #282828\">La chaqueta de cuero para hombre biker TR36 B cognac Versano es uno de los modelos m\u00e1s populares de Versano. Esta es una bonita chaqueta que nuestros clientes compran ampliamente. Un modelo especial de motociclista de esta chaqueta ha sido dise\u00f1ado por los talentosos dise\u00f1adores de Versano. En otras palabras, la chaqueta motera de hombre co\u00f1ac de Versano es una chaqueta que probablemente disfrutar\u00e1s vistiendo. El modelo de motociclista es un poco m\u00e1s resistente que la otra versi\u00f3n elegante. No es necesario que seas motociclista para usar esta chaqueta. Le ir\u00e1 igual de bien cuando salga por la noche o vaya a una ocasi\u00f3n especial. Es una chaqueta de cuero que puedes llevar en todas las estaciones del a\u00f1o.<\/span><\/p>\n<h2 style=\"margin: 0cm 0cm 16.5pt 0cm\"><strong><span style=\"font-size: 10.5pt;font-family: 'Arial',sans-serif;color: #282828\">Solicite Biker Model TR36 B en co\u00f1ac<\/span><\/strong><\/h2>\n<p style=\"margin: 0cm 0cm 16.5pt 0cm\"><span style=\"font-size: 10.5pt;font-family: 'Arial',sans-serif;color: #282828\">Si nos encarga esta chaqueta, recibir\u00e1 una chaqueta que permanecer\u00e1 hermosa para toda la vida. Esta es una hermosa chaqueta de corte ajustado que es completamente de estilo italiano. En otras palabras, con una chaqueta motera para hombre Cognac no tienes que preocuparte por lucir charol. La chaqueta est\u00e1 equipada con dos bolsillos laterales profundos con cremalleras, as\u00ed como dos bolsillos m\u00e1s peque\u00f1os en el pecho. Estos tambi\u00e9n se pueden cerrar con una cremallera resistente. Puede pedir f\u00e1cilmente este modelo en nuestro sitio web en co\u00f1ac u otros colores diversos como azul, negro y marr\u00f3n. Por lo tanto, le recomendamos que simplemente eche un vistazo a qu\u00e9 color cree que se adapta mejor a su propio estilo. \u00bfTiene alguna pregunta o no est\u00e1 seguro de qu\u00e9 talla pedir? Entonces siempre puede contactarnos por correo o WhatsApp. \u00a1Nuestros empleados desean ayudarlo!<\/span><\/p>\n<p style=\"margin: 0cm\"><span style=\"font-size: 10.5pt;font-family: 'Arial',sans-serif;color: #282828\"><a href=\"https:\/\/versano.nl\/\">Versano<\/a><br \/>\nMaterial: 100% piel de cordero<br \/>\nForro: 100% poli\u00e9ster<br \/>\nlongitud: media-corta<br \/>\nAjuste: corte ce\u00f1ido<br \/>\nCierre: cremallera<br \/>\nBolsillos: bolsillo con cremallera<br \/>\nCollar: de pie cuello<br \/>\ncapa externa de material: Muy alta calidad y suave piel de cordero<br \/>\nPlazo de entrega: 2-3 d\u00edas laborables<\/span><\/p>","protected":false},"excerpt":{"rendered":"<p>ELIGE OTRO COLOR AQU\u00cd<\/p>\n<p><a href=\"https:\/\/versano.nl\/shop\/leren-heren-jas-blauw-biker-model-versano-tr-36-b\/\"><img loading=\"lazy\" decoding=\"async\" class=\"alignnone size-full wp-image-19903\" src=\"https:\/\/versano.nl\/wp-content\/uploads\/sites\/2\/2017\/03\/leren-jassen-heren-blauw-biker-model-TR36B-versano-thumb.jpg\" alt=\"\" width=\"57\" height=\"75\" \/><\/a><a href=\"https:\/\/versano.nl\/shop\/leren-heren-jas-bruin-biker-model-versano-tr-36-b\/\"><img loading=\"lazy\" decoding=\"async\" class=\"alignnone size-full wp-image-19904\" src=\"https:\/\/versano.nl\/wp-content\/uploads\/sites\/2\/2017\/03\/leren-jassen-heren-bruin-biker-model-TR36B-versano-thumb.jpg\" alt=\"\" width=\"57\" height=\"75\" \/><\/a><a href=\"https:\/\/versano.nl\/shop\/heren-bikerjack-zwart-lamsleder-versano-tr-36-b\/\"><img loading=\"lazy\" decoding=\"async\" class=\"alignnone size-full wp-image-19906\" src=\"https:\/\/versano.nl\/wp-content\/uploads\/sites\/2\/2017\/03\/leren-jassen-heren-zwart-biker-model-TR36B-thumb.jpg\" alt=\"\" width=\"57\" height=\"75\" \/><\/a><\/p>\n<p><span style=\"color: #ff0000\">Consejos de ajuste:<\/span>\u00a0El ajuste de esta chaqueta es ajustado. Nuestro modelo mide 1,75 cm y lleva una talla M.<\/p>\n<p>Si no est\u00e1 seguro de sus medidas, le recomendamos que primero mida las medidas de su talla y las compare con nuestra tabla de tallas. Si no tiene experiencia en medir tama\u00f1os de circunferencia, haga clic en\u00a0<a href=\"https:\/\/www.youtube.com\/watch?v=3ZSfY87v6pM\"><em>AQU\u00cd<\/em>\u00a0<\/a>\u00a0para\u00a0<span style=\"color: #ff0000\"><a style=\"color: #ff0000\" href=\"https:\/\/www.youtube.com\/watch?v=3ZSfY87v6pM\"><em>VIDEO<\/em><\/a><\/span>\u00a0 con instrucciones. \u00a1Tambi\u00e9n puede llamarnos o enviarnos una aplicaci\u00f3n directamente! Nuestros empleados est\u00e1n siempre disponibles para ayudar.<\/p>\n<p><strong>EL TIEMPO DE ENTREGA :<\/strong>\u00a02 a 3 d\u00edas laborables.<\/p>","protected":false},"featured_media":33554,"comment_status":"open","ping_status":"closed","template":"","meta":[],"product_brand":[],"product_cat":[1672,1670,147,874,907,912,1671,908,1669,913,910,882],"product_tag":[148,149,150,1222,1691,85,1692,151,152,153,1698,1697,1699],"class_list":{"0":"post-365","1":"product","2":"type-product","3":"status-publish","4":"has-post-thumbnail","6":"product_cat-biker-jas-heren","7":"product_cat-heren-leren-jas","8":"product_cat-heren-leren-jassen","9":"product_cat-kort-leren-jasje","10":"product_cat-kort-leren-jasje-heren","11":"product_cat-leren-bikerjacks-heren","12":"product_cat-leren-heren-jas","13":"product_cat-leren-heren-jassen","14":"product_cat-leren-jas-heren","15":"product_cat-leren-jassen-heren-uitverkoop","16":"product_cat-leren-jassen-heren","17":"product_cat-versano","18":"product_tag-biker-jas-cognac","19":"product_tag-bikerjas-cognac","20":"product_tag-cognac-leren-heren-biker-jack","21":"product_tag-cognac-leren-heren-jas","22":"product_tag-echt-leer-heren-jas","23":"product_tag-heren-biker-jack-cognac","24":"product_tag-lamsleer-heren-jas","25":"product_tag-leren-biker-jack-cognac","26":"product_tag-leren-heren-biker-jack-cognac","27":"product_tag-leren-heren-jas-cognac","28":"product_tag-leren-heren-jas-sale","29":"product_tag-uitverkoop-heren-leren-jas","30":"product_tag-versano-heren-leren-jas","31":"tm-no-options","33":"first","34":"instock","35":"sale","36":"taxable","37":"shipping-taxable","38":"purchasable","39":"product-type-variable","40":"has-default-attributes"},"yoast_head":"<!-- This site is optimized with the Yoast SEO plugin v27.2 - https:\/\/yoast.com\/product\/yoast-seo-wordpress\/ -->\n<title>Heren leren jas biker TR36 B cognac Versano, cognac leren jas<\/title>\n<meta name=\"description\" content=\"Bent u op zoek naar een Heren leren jas biker TR36 B cognac Versano? Bij Versano zit u goed voor heren leren biker jassen.\" \/>\n<meta name=\"robots\" content=\"index, follow, max-snippet:-1, max-image-preview:large, max-video-preview:-1\" \/>\n<link rel=\"canonical\" href=\"https:\/\/versano.nl\/es\/shop\/leren-heren-jas-cognac-biker-model-versano-tr-36-b\/\" \/>\n<meta property=\"og:locale\" content=\"es_ES\" \/>\n<meta property=\"og:type\" content=\"article\" \/>\n<meta property=\"og:title\" content=\"Heren leren jas biker TR36 B cognac Versano, cognac leren jas\" \/>\n<meta property=\"og:description\" content=\"Bent u op zoek naar een Heren leren jas biker TR36 B cognac Versano? Bij Versano zit u goed voor heren leren biker jassen.\" \/>\n<meta property=\"og:url\" content=\"https:\/\/versano.nl\/es\/shop\/leren-heren-jas-cognac-biker-model-versano-tr-36-b\/\" \/>\n<meta property=\"og:site_name\" content=\"Versano\" \/>\n<meta property=\"article:modified_time\" content=\"2026-02-19T13:45:56+00:00\" \/>\n<meta property=\"og:image\" content=\"https:\/\/versano.nl\/wp-content\/uploads\/2017\/03\/IMG_0328.jpg\" \/>\n\t<meta property=\"og:image:width\" content=\"600\" \/>\n\t<meta property=\"og:image:height\" content=\"800\" \/>\n\t<meta property=\"og:image:type\" content=\"image\/jpeg\" \/>\n<meta name=\"twitter:card\" content=\"summary_large_image\" \/>\n<meta name=\"twitter:label1\" content=\"Tiempo de lectura\" \/>\n\t<meta name=\"twitter:data1\" content=\"2 minutos\" \/>\n<script type=\"application\/ld+json\" class=\"yoast-schema-graph\">{\"@context\":\"https:\/\/schema.org\",\"@graph\":[{\"@type\":\"WebPage\",\"@id\":\"https:\/\/versano.nl\/shop\/leren-heren-jas-cognac-biker-model-versano-tr-36-b\/\",\"url\":\"https:\/\/versano.nl\/shop\/leren-heren-jas-cognac-biker-model-versano-tr-36-b\/\",\"name\":\"Heren leren jas biker TR36 B cognac Versano, cognac leren jas\",\"isPartOf\":{\"@id\":\"https:\/\/versano.nl\/#website\"},\"primaryImageOfPage\":{\"@id\":\"https:\/\/versano.nl\/shop\/leren-heren-jas-cognac-biker-model-versano-tr-36-b\/#primaryimage\"},\"image\":{\"@id\":\"https:\/\/versano.nl\/shop\/leren-heren-jas-cognac-biker-model-versano-tr-36-b\/#primaryimage\"},\"thumbnailUrl\":\"https:\/\/versano.nl\/wp-content\/uploads\/2017\/03\/IMG_0328.jpg\",\"datePublished\":\"2017-03-23T21:16:54+00:00\",\"dateModified\":\"2026-02-19T13:45:56+00:00\",\"description\":\"Bent u op zoek naar een Heren leren jas biker TR36 B cognac Versano? Bij Versano zit u goed voor heren leren biker jassen.\",\"breadcrumb\":{\"@id\":\"https:\/\/versano.nl\/shop\/leren-heren-jas-cognac-biker-model-versano-tr-36-b\/#breadcrumb\"},\"inLanguage\":\"es\",\"potentialAction\":[{\"@type\":\"ReadAction\",\"target\":[\"https:\/\/versano.nl\/shop\/leren-heren-jas-cognac-biker-model-versano-tr-36-b\/\"]}]},{\"@type\":\"ImageObject\",\"inLanguage\":\"es\",\"@id\":\"https:\/\/versano.nl\/shop\/leren-heren-jas-cognac-biker-model-versano-tr-36-b\/#primaryimage\",\"url\":\"https:\/\/versano.nl\/wp-content\/uploads\/2017\/03\/IMG_0328.jpg\",\"contentUrl\":\"https:\/\/versano.nl\/wp-content\/uploads\/2017\/03\/IMG_0328.jpg\",\"width\":600,\"height\":800},{\"@type\":\"BreadcrumbList\",\"@id\":\"https:\/\/versano.nl\/shop\/leren-heren-jas-cognac-biker-model-versano-tr-36-b\/#breadcrumb\",\"itemListElement\":[{\"@type\":\"ListItem\",\"position\":1,\"name\":\"Home\",\"item\":\"https:\/\/versano.nl\/\"},{\"@type\":\"ListItem\",\"position\":2,\"name\":\"Shop\",\"item\":\"https:\/\/versano.nl\/shop\/\"},{\"@type\":\"ListItem\",\"position\":3,\"name\":\"Heren leren jas biker TR36 B cognac Versano\"}]},{\"@type\":\"WebSite\",\"@id\":\"https:\/\/versano.nl\/#website\",\"url\":\"https:\/\/versano.nl\/\",\"name\":\"Versano\",\"description\":\"winterjassen met bontkraag | leren dames jassen | leren heren jassen\",\"potentialAction\":[{\"@type\":\"SearchAction\",\"target\":{\"@type\":\"EntryPoint\",\"urlTemplate\":\"https:\/\/versano.nl\/?s={search_term_string}\"},\"query-input\":{\"@type\":\"PropertyValueSpecification\",\"valueRequired\":true,\"valueName\":\"search_term_string\"}}],\"inLanguage\":\"es\"}]}<\/script>\n<!-- \/ Yoast SEO plugin. -->","yoast_head_json":{"title":"Chaqueta de cuero para hombre biker TR36 B cognac Versano, chaqueta de cuero cognac","description":"\u00bfEst\u00e1s buscando una chaqueta de cuero para hombre biker TR36 B co\u00f1ac Versano? Versano es el lugar adecuado para las chaquetas de motorista de cuero para hombres.","robots":{"index":"index","follow":"follow","max-snippet":"max-snippet:-1","max-image-preview":"max-image-preview:large","max-video-preview":"max-video-preview:-1"},"canonical":"https:\/\/versano.nl\/es\/shop\/leren-heren-jas-cognac-biker-model-versano-tr-36-b\/","og_locale":"es_ES","og_type":"article","og_title":"Heren leren jas biker TR36 B cognac Versano, cognac leren jas","og_description":"Bent u op zoek naar een Heren leren jas biker TR36 B cognac Versano? Bij Versano zit u goed voor heren leren biker jassen.","og_url":"https:\/\/versano.nl\/es\/shop\/leren-heren-jas-cognac-biker-model-versano-tr-36-b\/","og_site_name":"Versano","article_modified_time":"2026-02-19T13:45:56+00:00","og_image":[{"width":600,"height":800,"url":"https:\/\/versano.nl\/wp-content\/uploads\/2017\/03\/IMG_0328.jpg","type":"image\/jpeg"}],"twitter_card":"summary_large_image","twitter_misc":{"Tiempo de lectura":"2 minutos"},"schema":{"@context":"https:\/\/schema.org","@graph":[{"@type":"WebPage","@id":"https:\/\/versano.nl\/shop\/leren-heren-jas-cognac-biker-model-versano-tr-36-b\/","url":"https:\/\/versano.nl\/shop\/leren-heren-jas-cognac-biker-model-versano-tr-36-b\/","name":"Chaqueta de cuero para hombre biker TR36 B cognac Versano, chaqueta de cuero cognac","isPartOf":{"@id":"https:\/\/versano.nl\/#website"},"primaryImageOfPage":{"@id":"https:\/\/versano.nl\/shop\/leren-heren-jas-cognac-biker-model-versano-tr-36-b\/#primaryimage"},"image":{"@id":"https:\/\/versano.nl\/shop\/leren-heren-jas-cognac-biker-model-versano-tr-36-b\/#primaryimage"},"thumbnailUrl":"https:\/\/versano.nl\/wp-content\/uploads\/2017\/03\/IMG_0328.jpg","datePublished":"2017-03-23T21:16:54+00:00","dateModified":"2026-02-19T13:45:56+00:00","description":"\u00bfEst\u00e1s buscando una chaqueta de cuero para hombre biker TR36 B co\u00f1ac Versano? Versano es el lugar adecuado para las chaquetas de motorista de cuero para hombres.","breadcrumb":{"@id":"https:\/\/versano.nl\/shop\/leren-heren-jas-cognac-biker-model-versano-tr-36-b\/#breadcrumb"},"inLanguage":"es","potentialAction":[{"@type":"ReadAction","target":["https:\/\/versano.nl\/shop\/leren-heren-jas-cognac-biker-model-versano-tr-36-b\/"]}]},{"@type":"ImageObject","inLanguage":"es","@id":"https:\/\/versano.nl\/shop\/leren-heren-jas-cognac-biker-model-versano-tr-36-b\/#primaryimage","url":"https:\/\/versano.nl\/wp-content\/uploads\/2017\/03\/IMG_0328.jpg","contentUrl":"https:\/\/versano.nl\/wp-content\/uploads\/2017\/03\/IMG_0328.jpg","width":600,"height":800},{"@type":"BreadcrumbList","@id":"https:\/\/versano.nl\/shop\/leren-heren-jas-cognac-biker-model-versano-tr-36-b\/#breadcrumb","itemListElement":[{"@type":"ListItem","position":1,"name":"Home","item":"https:\/\/versano.nl\/"},{"@type":"ListItem","position":2,"name":"Shop","item":"https:\/\/versano.nl\/shop\/"},{"@type":"ListItem","position":3,"name":"Heren leren jas biker TR36 B cognac Versano"}]},{"@type":"WebSite","@id":"https:\/\/versano.nl\/#website","url":"https:\/\/versano.nl\/","name":"Versano","description":"abrigos de invierno con cuello de piel | chaquetas de cuero para mujer | chaquetas de cuero para hombre","potentialAction":[{"@type":"SearchAction","target":{"@type":"EntryPoint","urlTemplate":"https:\/\/versano.nl\/?s={search_term_string}"},"query-input":{"@type":"PropertyValueSpecification","valueRequired":true,"valueName":"search_term_string"}}],"inLanguage":"es"}]}},"_links":{"self":[{"href":"https:\/\/versano.nl\/es\/wp-json\/wp\/v2\/product\/365","targetHints":{"allow":["GET"]}}],"collection":[{"href":"https:\/\/versano.nl\/es\/wp-json\/wp\/v2\/product"}],"about":[{"href":"https:\/\/versano.nl\/es\/wp-json\/wp\/v2\/types\/product"}],"replies":[{"embeddable":true,"href":"https:\/\/versano.nl\/es\/wp-json\/wp\/v2\/comments?post=365"}],"wp:featuredmedia":[{"embeddable":true,"href":"https:\/\/versano.nl\/es\/wp-json\/wp\/v2\/media\/33554"}],"wp:attachment":[{"href":"https:\/\/versano.nl\/es\/wp-json\/wp\/v2\/media?parent=365"}],"wp:term":[{"taxonomy":"product_brand","embeddable":true,"href":"https:\/\/versano.nl\/es\/wp-json\/wp\/v2\/product_brand?post=365"},{"taxonomy":"product_cat","embeddable":true,"href":"https:\/\/versano.nl\/es\/wp-json\/wp\/v2\/product_cat?post=365"},{"taxonomy":"product_tag","embeddable":true,"href":"https:\/\/versano.nl\/es\/wp-json\/wp\/v2\/product_tag?post=365"}],"curies":[{"name":"wp","href":"https:\/\/api.w.org\/{rel}","templated":true}]}}