{"id":3525,"date":"2015-03-22T15:49:10","date_gmt":"2015-03-22T15:49:10","guid":{"rendered":"http:\/\/leathershopdoci.nl\/shop\/immitatieleren-jas-heren-versano-trr-502-zwart\/"},"modified":"2025-05-09T10:36:50","modified_gmt":"2025-05-09T10:36:50","slug":"imitatieleren-jas-heren-versano-trr-502-zwart","status":"publish","type":"product","link":"https:\/\/versano.nl\/es\/shop\/imitatieleren-jas-heren-versano-trr-502-zwart\/","title":{"rendered":"Chaqueta bomber de cuero imitaci\u00f3n hombre negro TRR 502 Versano"},"content":{"rendered":"<h2>Chaqueta bomber de cuero imitaci\u00f3n hombre negro TRR 502 Versano<\/h2>\n<p>Las chaquetas bomber siempre han formado parte del panorama de la moda, pero \u00faltimamente ves cada vez m\u00e1s estas chaquetas de piloto para hombre. Con la chaqueta bomber de piel de imitaci\u00f3n para hombre negro TRR 502 Versano obtienes una bonita chaqueta b\u00e1sica que puedes usar en todas las estaciones. Este robusto modelo est\u00e1 hecho completamente de cuero sint\u00e9tico flexible y tiene el t\u00edpico aspecto de motociclista en los hombros. Esta chaqueta se ajusta como un guante debido al ajuste perfecto. La chaqueta est\u00e1 equipada con 2 bolsillos con cremallera y ribeteado en las mangas, el cuello alzado y la cintura. Con esta chaqueta puedes estar seguro de que pronto tendr\u00e1s una nueva chaqueta colgando de tus hombros en la que se te podr\u00e1 ver. Por lo tanto, le recomendamos que simplemente nos pida esta chaqueta y se asegure de haber comprado una bonita chaqueta nueva. \u00bfQuieres saber m\u00e1s sobre este producto? Entonces le recomendamos que simplemente env\u00ede un correo electr\u00f3nico a Versano.<\/p>\n<h2>Pida el modelo TRR 502 en negro<\/h2>\n<p>Con una chaqueta tan hermosa de Versano, puede estar seguro de que podr\u00e1 usarla durante todo el invierno. Puede pedir f\u00e1cilmente este modelo en la tienda web de Versano. Hemos reunido todas nuestras chaquetas aqu\u00ed para que pueda realizar un pedido f\u00e1cilmente. En Versano siempre puede estar seguro de que est\u00e1 comprando un hermoso abrigo que ha sido trabajado con mimo. Con nosotros, puede elegir f\u00e1cilmente el tama\u00f1o correcto seg\u00fan nuestros videos de instrucciones inteligentes. \u00bfTiene alguna pregunta o no est\u00e1 seguro de qu\u00e9 talla pedir? Entonces siempre puede contactarnos por correo o WhatsApp. \u00a1Nuestros empleados desean ayudarlo!<\/p>\n<p><a href=\"https:\/\/versano.nl\/\">Versano<\/a><br \/>\nMaterial: 100% de la PU<br \/>\nForro: 100% poli\u00e9ster<br \/>\nlongitud: corto<br \/>\nAjuste: corte ce\u00f1ido<br \/>\nCierre: cremallera<br \/>\nBolsillos: bolsillo con cremallera<br \/>\nCollar: de pie cuello<br \/>\ncapa externa de material: Muy alta calidad y cuero sint\u00e9tico suave<br \/>\nPlazo de entrega: 2-3 d\u00edas laborables<\/p>","protected":false},"excerpt":{"rendered":"<p style=\"margin: 0cm 0cm 11.25pt 0cm;\"><span style=\"font-family: 'Arial',sans-serif; color: red;\">Consejos de ajuste:\u00a0<\/span><span style=\"font-family: 'Arial',sans-serif;\">El ajuste de esta chaqueta es ajustado. Nuestro modelo mide 1,75 cm y lleva una talla M.<\/span><\/p>\n<p style=\"margin: 0cm 0cm 11.25pt 0cm;\"><span style=\"font-family: 'Arial',sans-serif;\">Si no est\u00e1 seguro de sus medidas, le recomendamos que primero mida las medidas de su talla y las compare con nuestra tabla de tallas. Si no tiene experiencia en medir tama\u00f1os de circunferencia, haga clic en\u00a0<\/span><a href=\"https:\/\/www.youtube.com\/watch?v=3ZSfY87v6pM\"><em><span style=\"font-family: 'Arial',sans-serif; color: windowtext; text-decoration: none; text-underline: none;\">AQU\u00cd<\/span><\/em><span style=\"font-family: 'Arial',sans-serif; color: windowtext; text-decoration: none; text-underline: none;\">\u00a0<\/span><\/a><span style=\"font-family: 'Arial',sans-serif;\">\u00a0para\u00a0<\/span><a href=\"https:\/\/www.youtube.com\/watch?v=3ZSfY87v6pM\"><em><span style=\"font-family: 'Arial',sans-serif; color: red; text-decoration: none; text-underline: none;\">VIDEO<\/span><\/em><\/a><span style=\"font-family: 'Arial',sans-serif;\">\u00a0 con instrucciones. \u00a1Tambi\u00e9n puede llamarnos o enviarnos una aplicaci\u00f3n directamente! Nuestros empleados est\u00e1n siempre disponibles para ayudar.<\/span><\/p>\n<p style=\"margin: 0cm;\"><strong><span style=\"font-family: 'Arial',sans-serif;\">EL TIEMPO DE ENTREGA :<\/span><\/strong><span style=\"font-family: 'Arial',sans-serif;\">\u00a02 a 3 d\u00edas laborables.<\/span><\/p>","protected":false},"featured_media":21022,"comment_status":"closed","ping_status":"closed","template":"","meta":[],"product_brand":[],"product_cat":[734,923,15,16,732,882],"product_tag":[61,1996,1687,1994,507,62,1998,64,67,1997,68,1970,74,70,1837,1774,1995],"class_list":{"0":"post-3525","1":"product","2":"type-product","3":"status-publish","4":"has-post-thumbnail","6":"product_cat-heren-leatherlook-jassen-lederlook-jassen","7":"product_cat-imitatie-leren-jas","8":"product_cat-imitatieleren-jassen","9":"product_cat-imitatieleren-jassen-heren","10":"product_cat-leatherlook-jassen","11":"product_cat-versano","12":"product_tag-bikerjack","13":"product_tag-bomber-jas-zwart-heren","14":"product_tag-bomberjas-heren","15":"product_tag-heren-imitatie-leren-jas-kopen","16":"product_tag-heren-imitatieleer-zwart","17":"product_tag-heren-jas","18":"product_tag-imitatie-leren-bomer-jas-heren","19":"product_tag-imitatieleer","20":"product_tag-kunstleer","21":"product_tag-kunstleren-jas-voor-heren","22":"product_tag-leatherlook-jas","23":"product_tag-online-imitatie-leren-jas-heren","24":"product_tag-rexion-leer","25":"product_tag-stoere-jack","26":"product_tag-uitverkoop-versano","27":"product_tag-zomerjas-heren","28":"product_tag-zwarte-zomerjas-voor-heren","29":"product_shipping_class-verzendkosten-1","30":"tm-no-options","32":"first","33":"instock","34":"taxable","35":"shipping-taxable","36":"purchasable","37":"product-type-variable"},"yoast_head":"<!-- This site is optimized with the Yoast SEO plugin v27.2 - https:\/\/yoast.com\/product\/yoast-seo-wordpress\/ -->\n<title>Imitatie leren bomber jas heren zwart TRR 502 Versano<\/title>\n<meta name=\"description\" content=\"Op zoek naar een Imitatie leren bomber jas heren zwart TRR 502 Versano? Dan bent u bij de bekende jassen merk Versano aan het juiste adres.\" \/>\n<meta name=\"robots\" content=\"index, follow, max-snippet:-1, max-image-preview:large, max-video-preview:-1\" \/>\n<link rel=\"canonical\" href=\"https:\/\/versano.nl\/es\/shop\/imitatieleren-jas-heren-versano-trr-502-zwart\/\" \/>\n<meta property=\"og:locale\" content=\"es_ES\" \/>\n<meta property=\"og:type\" content=\"article\" \/>\n<meta property=\"og:title\" content=\"Imitatie leren bomber jas heren zwart TRR 502 Versano\" \/>\n<meta property=\"og:description\" content=\"Op zoek naar een Imitatie leren bomber jas heren zwart TRR 502 Versano? Dan bent u bij de bekende jassen merk Versano aan het juiste adres.\" \/>\n<meta property=\"og:url\" content=\"https:\/\/versano.nl\/es\/shop\/imitatieleren-jas-heren-versano-trr-502-zwart\/\" \/>\n<meta property=\"og:site_name\" content=\"Versano\" \/>\n<meta property=\"article:modified_time\" content=\"2025-05-09T10:36:50+00:00\" \/>\n<meta property=\"og:image\" content=\"https:\/\/versano.nl\/wp-content\/uploads\/2015\/03\/Leren-jas-heren-zwart-Versano-502-voor.jpg\" \/>\n\t<meta property=\"og:image:width\" content=\"750\" \/>\n\t<meta property=\"og:image:height\" content=\"979\" \/>\n\t<meta property=\"og:image:type\" content=\"image\/jpeg\" \/>\n<meta name=\"twitter:card\" content=\"summary_large_image\" \/>\n<meta name=\"twitter:label1\" content=\"Tiempo de lectura\" \/>\n\t<meta name=\"twitter:data1\" content=\"2 minutos\" \/>\n<script type=\"application\/ld+json\" class=\"yoast-schema-graph\">{\"@context\":\"https:\/\/schema.org\",\"@graph\":[{\"@type\":\"WebPage\",\"@id\":\"https:\/\/versano.nl\/shop\/imitatieleren-jas-heren-versano-trr-502-zwart\/\",\"url\":\"https:\/\/versano.nl\/shop\/imitatieleren-jas-heren-versano-trr-502-zwart\/\",\"name\":\"Imitatie leren bomber jas heren zwart TRR 502 Versano\",\"isPartOf\":{\"@id\":\"https:\/\/versano.nl\/#website\"},\"primaryImageOfPage\":{\"@id\":\"https:\/\/versano.nl\/shop\/imitatieleren-jas-heren-versano-trr-502-zwart\/#primaryimage\"},\"image\":{\"@id\":\"https:\/\/versano.nl\/shop\/imitatieleren-jas-heren-versano-trr-502-zwart\/#primaryimage\"},\"thumbnailUrl\":\"https:\/\/versano.nl\/wp-content\/uploads\/2015\/03\/Leren-jas-heren-zwart-Versano-502-voor.jpg\",\"datePublished\":\"2015-03-22T15:49:10+00:00\",\"dateModified\":\"2025-05-09T10:36:50+00:00\",\"description\":\"Op zoek naar een Imitatie leren bomber jas heren zwart TRR 502 Versano? Dan bent u bij de bekende jassen merk Versano aan het juiste adres.\",\"breadcrumb\":{\"@id\":\"https:\/\/versano.nl\/shop\/imitatieleren-jas-heren-versano-trr-502-zwart\/#breadcrumb\"},\"inLanguage\":\"es\",\"potentialAction\":[{\"@type\":\"ReadAction\",\"target\":[\"https:\/\/versano.nl\/shop\/imitatieleren-jas-heren-versano-trr-502-zwart\/\"]}]},{\"@type\":\"ImageObject\",\"inLanguage\":\"es\",\"@id\":\"https:\/\/versano.nl\/shop\/imitatieleren-jas-heren-versano-trr-502-zwart\/#primaryimage\",\"url\":\"https:\/\/versano.nl\/wp-content\/uploads\/2015\/03\/Leren-jas-heren-zwart-Versano-502-voor.jpg\",\"contentUrl\":\"https:\/\/versano.nl\/wp-content\/uploads\/2015\/03\/Leren-jas-heren-zwart-Versano-502-voor.jpg\",\"width\":750,\"height\":979,\"caption\":\"Leren-jas-heren-zwart-Versano-502\"},{\"@type\":\"BreadcrumbList\",\"@id\":\"https:\/\/versano.nl\/shop\/imitatieleren-jas-heren-versano-trr-502-zwart\/#breadcrumb\",\"itemListElement\":[{\"@type\":\"ListItem\",\"position\":1,\"name\":\"Home\",\"item\":\"https:\/\/versano.nl\/\"},{\"@type\":\"ListItem\",\"position\":2,\"name\":\"Shop\",\"item\":\"https:\/\/versano.nl\/shop\/\"},{\"@type\":\"ListItem\",\"position\":3,\"name\":\"Imitatie leren bomber jas heren zwart TRR 502 Versano\"}]},{\"@type\":\"WebSite\",\"@id\":\"https:\/\/versano.nl\/#website\",\"url\":\"https:\/\/versano.nl\/\",\"name\":\"Versano\",\"description\":\"winterjassen met bontkraag | leren dames jassen | leren heren jassen\",\"potentialAction\":[{\"@type\":\"SearchAction\",\"target\":{\"@type\":\"EntryPoint\",\"urlTemplate\":\"https:\/\/versano.nl\/?s={search_term_string}\"},\"query-input\":{\"@type\":\"PropertyValueSpecification\",\"valueRequired\":true,\"valueName\":\"search_term_string\"}}],\"inLanguage\":\"es\"}]}<\/script>\n<!-- \/ Yoast SEO plugin. -->","yoast_head_json":{"title":"Chaqueta bomber de cuero imitaci\u00f3n hombre negro TRR 502 Versano","description":"\u00bfBuscas una chaqueta bomber de cuero de imitaci\u00f3n para hombre negro TRR 502 Versano? Entonces ha venido al lugar correcto en la conocida marca de chaquetas Versano.","robots":{"index":"index","follow":"follow","max-snippet":"max-snippet:-1","max-image-preview":"max-image-preview:large","max-video-preview":"max-video-preview:-1"},"canonical":"https:\/\/versano.nl\/es\/shop\/imitatieleren-jas-heren-versano-trr-502-zwart\/","og_locale":"es_ES","og_type":"article","og_title":"Imitatie leren bomber jas heren zwart TRR 502 Versano","og_description":"Op zoek naar een Imitatie leren bomber jas heren zwart TRR 502 Versano? Dan bent u bij de bekende jassen merk Versano aan het juiste adres.","og_url":"https:\/\/versano.nl\/es\/shop\/imitatieleren-jas-heren-versano-trr-502-zwart\/","og_site_name":"Versano","article_modified_time":"2025-05-09T10:36:50+00:00","og_image":[{"width":750,"height":979,"url":"https:\/\/versano.nl\/wp-content\/uploads\/2015\/03\/Leren-jas-heren-zwart-Versano-502-voor.jpg","type":"image\/jpeg"}],"twitter_card":"summary_large_image","twitter_misc":{"Tiempo de lectura":"2 minutos"},"schema":{"@context":"https:\/\/schema.org","@graph":[{"@type":"WebPage","@id":"https:\/\/versano.nl\/shop\/imitatieleren-jas-heren-versano-trr-502-zwart\/","url":"https:\/\/versano.nl\/shop\/imitatieleren-jas-heren-versano-trr-502-zwart\/","name":"Chaqueta bomber de cuero imitaci\u00f3n hombre negro TRR 502 Versano","isPartOf":{"@id":"https:\/\/versano.nl\/#website"},"primaryImageOfPage":{"@id":"https:\/\/versano.nl\/shop\/imitatieleren-jas-heren-versano-trr-502-zwart\/#primaryimage"},"image":{"@id":"https:\/\/versano.nl\/shop\/imitatieleren-jas-heren-versano-trr-502-zwart\/#primaryimage"},"thumbnailUrl":"https:\/\/versano.nl\/wp-content\/uploads\/2015\/03\/Leren-jas-heren-zwart-Versano-502-voor.jpg","datePublished":"2015-03-22T15:49:10+00:00","dateModified":"2025-05-09T10:36:50+00:00","description":"\u00bfBuscas una chaqueta bomber de cuero de imitaci\u00f3n para hombre negro TRR 502 Versano? Entonces ha venido al lugar correcto en la conocida marca de chaquetas Versano.","breadcrumb":{"@id":"https:\/\/versano.nl\/shop\/imitatieleren-jas-heren-versano-trr-502-zwart\/#breadcrumb"},"inLanguage":"es","potentialAction":[{"@type":"ReadAction","target":["https:\/\/versano.nl\/shop\/imitatieleren-jas-heren-versano-trr-502-zwart\/"]}]},{"@type":"ImageObject","inLanguage":"es","@id":"https:\/\/versano.nl\/shop\/imitatieleren-jas-heren-versano-trr-502-zwart\/#primaryimage","url":"https:\/\/versano.nl\/wp-content\/uploads\/2015\/03\/Leren-jas-heren-zwart-Versano-502-voor.jpg","contentUrl":"https:\/\/versano.nl\/wp-content\/uploads\/2015\/03\/Leren-jas-heren-zwart-Versano-502-voor.jpg","width":750,"height":979,"caption":"Leren-jas-heren-zwart-Versano-502"},{"@type":"BreadcrumbList","@id":"https:\/\/versano.nl\/shop\/imitatieleren-jas-heren-versano-trr-502-zwart\/#breadcrumb","itemListElement":[{"@type":"ListItem","position":1,"name":"Home","item":"https:\/\/versano.nl\/"},{"@type":"ListItem","position":2,"name":"Shop","item":"https:\/\/versano.nl\/shop\/"},{"@type":"ListItem","position":3,"name":"Imitatie leren bomber jas heren zwart TRR 502 Versano"}]},{"@type":"WebSite","@id":"https:\/\/versano.nl\/#website","url":"https:\/\/versano.nl\/","name":"Versano","description":"abrigos de invierno con cuello de piel | chaquetas de cuero para mujer | chaquetas de cuero para hombre","potentialAction":[{"@type":"SearchAction","target":{"@type":"EntryPoint","urlTemplate":"https:\/\/versano.nl\/?s={search_term_string}"},"query-input":{"@type":"PropertyValueSpecification","valueRequired":true,"valueName":"search_term_string"}}],"inLanguage":"es"}]}},"_links":{"self":[{"href":"https:\/\/versano.nl\/es\/wp-json\/wp\/v2\/product\/3525","targetHints":{"allow":["GET"]}}],"collection":[{"href":"https:\/\/versano.nl\/es\/wp-json\/wp\/v2\/product"}],"about":[{"href":"https:\/\/versano.nl\/es\/wp-json\/wp\/v2\/types\/product"}],"replies":[{"embeddable":true,"href":"https:\/\/versano.nl\/es\/wp-json\/wp\/v2\/comments?post=3525"}],"wp:featuredmedia":[{"embeddable":true,"href":"https:\/\/versano.nl\/es\/wp-json\/wp\/v2\/media\/21022"}],"wp:attachment":[{"href":"https:\/\/versano.nl\/es\/wp-json\/wp\/v2\/media?parent=3525"}],"wp:term":[{"taxonomy":"product_brand","embeddable":true,"href":"https:\/\/versano.nl\/es\/wp-json\/wp\/v2\/product_brand?post=3525"},{"taxonomy":"product_cat","embeddable":true,"href":"https:\/\/versano.nl\/es\/wp-json\/wp\/v2\/product_cat?post=3525"},{"taxonomy":"product_tag","embeddable":true,"href":"https:\/\/versano.nl\/es\/wp-json\/wp\/v2\/product_tag?post=3525"}],"curies":[{"name":"wp","href":"https:\/\/api.w.org\/{rel}","templated":true}]}}