{"id":3378,"date":"2015-03-22T17:03:15","date_gmt":"2015-03-22T17:03:15","guid":{"rendered":"http:\/\/leathershopdoci.nl\/shop\/immitatieleren-jas-dames-versano-lr-315-zwart\/"},"modified":"2026-04-02T04:53:22","modified_gmt":"2026-04-02T04:53:22","slug":"imitatieleren-jas-dames-versano-lr-315-zwart","status":"publish","type":"product","link":"https:\/\/versano.nl\/es\/shop\/imitatieleren-jas-dames-versano-lr-315-zwart\/","title":{"rendered":"Chaqueta de cuero de imitaci\u00f3n damas 315 negro Versano"},"content":{"rendered":"<h2>Chaqueta de cuero de imitaci\u00f3n damas 315 negro Versano<\/h2>\n<p>Para las chaquetas de cuero artificial, est\u00e1 en el lugar correcto con la conocida marca de chaquetas Versano, porque la piel sint\u00e9tica de nuestras chaquetas es casi indistinguible de las chaquetas de cuero. Esta chaqueta de cuero de imitaci\u00f3n de las se\u00f1oras 315 Versano negro est\u00e1 hecha de cuero de imitaci\u00f3n muy agradable. Esta chaqueta tiene una cremallera recta con 2 bolsillos laterales y 2 bolsillos con cremallera en el pecho. Por supuesto, la chaqueta tambi\u00e9n tiene un bolsillo interior La imitaci\u00f3n de cuero es de alta calidad con un lavado muy agradable. Esto le da un hermoso aspecto vintage. Por supuesto, esta chaqueta tambi\u00e9n est\u00e1 disponible en otros colores adem\u00e1s del elegante color negro. Este es de nuevo uno de los hermosos modelos de la colecci\u00f3n de cazadoras de s\u00edmil piel, pero para los que no son suficientes, tenemos la versi\u00f3n de piel de cordero de la 315 en siete colores diferentes. Puede encontrar f\u00e1cilmente el tama\u00f1o correcto en nuestro sitio web utilizando la tabla de tallas y el pr\u00e1ctico video.<\/p>\n<h2>Solicite el modelo 315 en negro<\/h2>\n<p>Con una chaqueta tan hermosa de Versano, puede estar seguro de que podr\u00e1 usarla durante todo el invierno. Puede pedir f\u00e1cilmente este modelo en la tienda web de Versano. Hemos reunido todas nuestras chaquetas aqu\u00ed para que pueda realizar un pedido f\u00e1cilmente. En Versano siempre puede estar seguro de que est\u00e1 comprando un hermoso abrigo que ha sido trabajado con mimo. Con nosotros, puede elegir f\u00e1cilmente el tama\u00f1o correcto seg\u00fan nuestros videos de instrucciones inteligentes. \u00bfTiene alguna pregunta o no est\u00e1 seguro de qu\u00e9 talla pedir? Entonces siempre puede contactarnos por correo o WhatsApp. \u00a1Nuestros empleados desean ayudarlo!<\/p>\n<p>marca: <a href=\"https:\/\/versano.nl\/\" target=\"_blank\" rel=\"noopener noreferrer\">Versano<\/a><br \/>\nMaterial: cuero de imitaci\u00f3n 100%<br \/>\nForro: 100% poli\u00e9ster<br \/>\nlongitud: corto<br \/>\nAjuste: ajustado<br \/>\nCierre: cremallera<br \/>\nBolsillos: bolsillo con cremallera<br \/>\nCollar: de pie cuello<br \/>\nCapa exterior de material: muy alta calidad y piel de imitaci\u00f3n suave.<br \/>\nPlazo de entrega: 2-3 d\u00edas laborables<\/p>","protected":false},"excerpt":{"rendered":"<p>ELIGE OTRO COLOR AQU\u00cd<\/p>\n<p><a href=\"https:\/\/versano.nl\/shop\/imitatieleren-jas-dames-versano-lr-315-cognac\/\"><img loading=\"lazy\" decoding=\"async\" class=\"alignnone size-full wp-image-19827\" src=\"https:\/\/versano.nl\/wp-content\/uploads\/sites\/2\/2019\/01\/dames-leren-jassen-cognac-ronde-kraag-315-model2-thumb.jpg\" alt=\"\" width=\"57\" height=\"75\" \/><\/a><a href=\"https:\/\/versano.nl\/shop\/imitatieleren-jas-dames-versano-lr-315-blauw\/\"><img loading=\"lazy\" decoding=\"async\" class=\"alignnone size-full wp-image-19828\" src=\"https:\/\/versano.nl\/wp-content\/uploads\/sites\/2\/2019\/01\/leren-dames-jas-blauw-ronde-kraag-315-model4-thumb.jpg\" alt=\"\" width=\"57\" height=\"75\" \/><\/a><a href=\"https:\/\/versano.nl\/shop\/imitatie-leren-dames-jas-in-groen-versano-315\/\"><img loading=\"lazy\" decoding=\"async\" class=\"alignnone size-full wp-image-19829\" src=\"https:\/\/versano.nl\/wp-content\/uploads\/sites\/2\/2019\/01\/leren-dames-jas-groen-ronde-kraag-315-model4-thumb.jpg\" alt=\"\" width=\"57\" height=\"75\" \/><\/a><a href=\"https:\/\/versano.nl\/shop\/imitatieleren-dames-jas-bruin-versano-315\/\"><img loading=\"lazy\" decoding=\"async\" class=\"alignnone size-full wp-image-19830\" src=\"https:\/\/versano.nl\/wp-content\/uploads\/sites\/2\/2019\/01\/leren-dames-jassen-bruin-ronde-kraag-315-model3-thumb.jpg\" alt=\"\" width=\"57\" height=\"75\" \/><\/a><a href=\"https:\/\/versano.nl\/shop\/imitatieleren-jas-dames-versano-lr-315-rood\/\"><img loading=\"lazy\" decoding=\"async\" class=\"alignnone size-full wp-image-19833\" src=\"https:\/\/versano.nl\/wp-content\/uploads\/sites\/2\/2019\/01\/leren-jasje-rood-ronde-kraag-315-model2-thumb.jpg\" alt=\"\" width=\"57\" height=\"75\" \/><\/a><\/p>\n<p><span style=\"color: red;\">Consejos de ajuste:<\/span> El ajuste de esta chaqueta est\u00e1 bien ajustado. Nuestro modelo mide 1,68 cm de altura y lleva una talla S.<\/p>\n<p>Si no est\u00e1 seguro de sus medidas, le recomendamos que primero mida las medidas de su talla y las compare con nuestra tabla de tallas. Si no tiene experiencia en medir tama\u00f1os de circunferencia, haga clic en <a href=\"https:\/\/www.youtube.com\/watch?v=3ZSfY87v6pM\"><em><span style=\"text-decoration: none;\">AQU\u00cd<\/span><\/em>\u00a0<\/a>\u00a0para <a href=\"https:\/\/www.youtube.com\/watch?v=3ZSfY87v6pM\"><em><span style=\"color: red; text-decoration: none;\">VIDEO<\/span><\/em><\/a>\u00a0 con instrucciones. \u00a1Tambi\u00e9n puede llamarnos o enviarnos una aplicaci\u00f3n directamente! Nuestros empleados est\u00e1n siempre disponibles para ayudar.<\/p>\n<p><strong><span style=\"color: black;\">EL TIEMPO DE ENTREGA :<\/span><\/strong> 2 a 3 d\u00edas laborables.<\/p>","protected":false},"featured_media":16604,"comment_status":"closed","ping_status":"closed","template":"","meta":[],"product_brand":[],"product_cat":[1840,733,923,15,124,732,882],"product_tag":[191,500,1845,501,502,503,64,504,418,1875,67,68,74,70,1897,1837,1709],"class_list":{"0":"post-3378","1":"product","2":"type-product","3":"status-publish","4":"has-post-thumbnail","6":"product_cat-dames-imitatie-leren-jas","7":"product_cat-dames-leatherlook-jassen-lederlook-jassen","8":"product_cat-imitatie-leren-jas","9":"product_cat-imitatieleren-jassen","10":"product_cat-imitatieleren-jassen-dames","11":"product_cat-leatherlook-jassen","12":"product_cat-versano","13":"product_tag-dames-jas","14":"product_tag-dames-jas-imitatieleer-zwart","15":"product_tag-dames-zomerjassen","16":"product_tag-imitatie-leren-dames-jas-zwart","17":"product_tag-imitatie-leren-dames-jassen-zwart","18":"product_tag-imitatie-leren-jas-zwart","19":"product_tag-imitatieleer","20":"product_tag-imitatieleer-dames-zwart","21":"product_tag-imitatieleren-dames-jas-zwart","22":"product_tag-jassen-in-sale-versano","23":"product_tag-kunstleer","24":"product_tag-leatherlook-jas","25":"product_tag-rexion-leer","26":"product_tag-stoere-jack","27":"product_tag-uitverkoop-jassen","28":"product_tag-uitverkoop-versano","29":"product_tag-versano-zomerjassen","30":"product_shipping_class-verzendkosten-1","31":"tm-no-options","33":"first","34":"instock","35":"sale","36":"taxable","37":"shipping-taxable","38":"purchasable","39":"product-type-variable"},"yoast_head":"<!-- This site is optimized with the Yoast SEO plugin v27.2 - https:\/\/yoast.com\/product\/yoast-seo-wordpress\/ -->\n<title>Imitatie leren jas dames 315 zwart Versano, Versano dames jassen<\/title>\n<meta name=\"description\" content=\"Op zoek naar een imitatie leren jas dames 315 zwart Versano? Dan bent u bij ons aan het juiste adres voor leren en imitatie leren jassen.\" \/>\n<meta name=\"robots\" content=\"index, follow, max-snippet:-1, max-image-preview:large, max-video-preview:-1\" \/>\n<link rel=\"canonical\" href=\"https:\/\/versano.nl\/es\/shop\/imitatieleren-jas-dames-versano-lr-315-zwart\/\" \/>\n<meta property=\"og:locale\" content=\"es_ES\" \/>\n<meta property=\"og:type\" content=\"article\" \/>\n<meta property=\"og:title\" content=\"Imitatie leren jas dames 315 zwart Versano, Versano dames jassen\" \/>\n<meta property=\"og:description\" content=\"Op zoek naar een imitatie leren jas dames 315 zwart Versano? Dan bent u bij ons aan het juiste adres voor leren en imitatie leren jassen.\" \/>\n<meta property=\"og:url\" content=\"https:\/\/versano.nl\/es\/shop\/imitatieleren-jas-dames-versano-lr-315-zwart\/\" \/>\n<meta property=\"og:site_name\" content=\"Versano\" \/>\n<meta property=\"article:modified_time\" content=\"2026-04-02T04:53:22+00:00\" \/>\n<meta property=\"og:image\" content=\"https:\/\/versano.nl\/wp-content\/uploads\/2020\/07\/imitatie-leren-dames-jas-zwart-versano-315-voorkant.jpg\" \/>\n\t<meta property=\"og:image:width\" content=\"750\" \/>\n\t<meta property=\"og:image:height\" content=\"980\" \/>\n\t<meta property=\"og:image:type\" content=\"image\/jpeg\" \/>\n<meta name=\"twitter:card\" content=\"summary_large_image\" \/>\n<meta name=\"twitter:label1\" content=\"Tiempo de lectura\" \/>\n\t<meta name=\"twitter:data1\" content=\"2 minutos\" \/>\n<script type=\"application\/ld+json\" class=\"yoast-schema-graph\">{\"@context\":\"https:\/\/schema.org\",\"@graph\":[{\"@type\":\"WebPage\",\"@id\":\"https:\/\/versano.nl\/shop\/imitatieleren-jas-dames-versano-lr-315-zwart\/\",\"url\":\"https:\/\/versano.nl\/shop\/imitatieleren-jas-dames-versano-lr-315-zwart\/\",\"name\":\"Imitatie leren jas dames 315 zwart Versano, Versano dames jassen\",\"isPartOf\":{\"@id\":\"https:\/\/versano.nl\/#website\"},\"primaryImageOfPage\":{\"@id\":\"https:\/\/versano.nl\/shop\/imitatieleren-jas-dames-versano-lr-315-zwart\/#primaryimage\"},\"image\":{\"@id\":\"https:\/\/versano.nl\/shop\/imitatieleren-jas-dames-versano-lr-315-zwart\/#primaryimage\"},\"thumbnailUrl\":\"https:\/\/versano.nl\/wp-content\/uploads\/2020\/07\/imitatie-leren-dames-jas-zwart-versano-315-voorkant.jpg\",\"datePublished\":\"2015-03-22T17:03:15+00:00\",\"dateModified\":\"2026-04-02T04:53:22+00:00\",\"description\":\"Op zoek naar een imitatie leren jas dames 315 zwart Versano? Dan bent u bij ons aan het juiste adres voor leren en imitatie leren jassen.\",\"breadcrumb\":{\"@id\":\"https:\/\/versano.nl\/shop\/imitatieleren-jas-dames-versano-lr-315-zwart\/#breadcrumb\"},\"inLanguage\":\"es\",\"potentialAction\":[{\"@type\":\"ReadAction\",\"target\":[\"https:\/\/versano.nl\/shop\/imitatieleren-jas-dames-versano-lr-315-zwart\/\"]}]},{\"@type\":\"ImageObject\",\"inLanguage\":\"es\",\"@id\":\"https:\/\/versano.nl\/shop\/imitatieleren-jas-dames-versano-lr-315-zwart\/#primaryimage\",\"url\":\"https:\/\/versano.nl\/wp-content\/uploads\/2020\/07\/imitatie-leren-dames-jas-zwart-versano-315-voorkant.jpg\",\"contentUrl\":\"https:\/\/versano.nl\/wp-content\/uploads\/2020\/07\/imitatie-leren-dames-jas-zwart-versano-315-voorkant.jpg\",\"width\":750,\"height\":980,\"caption\":\"imitatie-leren-dames-jas-zwart-versano-315-voorkant\"},{\"@type\":\"BreadcrumbList\",\"@id\":\"https:\/\/versano.nl\/shop\/imitatieleren-jas-dames-versano-lr-315-zwart\/#breadcrumb\",\"itemListElement\":[{\"@type\":\"ListItem\",\"position\":1,\"name\":\"Home\",\"item\":\"https:\/\/versano.nl\/\"},{\"@type\":\"ListItem\",\"position\":2,\"name\":\"Shop\",\"item\":\"https:\/\/versano.nl\/shop\/\"},{\"@type\":\"ListItem\",\"position\":3,\"name\":\"Imitatie leren jas dames 315 zwart Versano\"}]},{\"@type\":\"WebSite\",\"@id\":\"https:\/\/versano.nl\/#website\",\"url\":\"https:\/\/versano.nl\/\",\"name\":\"Versano\",\"description\":\"winterjassen met bontkraag | leren dames jassen | leren heren jassen\",\"potentialAction\":[{\"@type\":\"SearchAction\",\"target\":{\"@type\":\"EntryPoint\",\"urlTemplate\":\"https:\/\/versano.nl\/?s={search_term_string}\"},\"query-input\":{\"@type\":\"PropertyValueSpecification\",\"valueRequired\":true,\"valueName\":\"search_term_string\"}}],\"inLanguage\":\"es\"}]}<\/script>\n<!-- \/ Yoast SEO plugin. -->","yoast_head_json":{"title":"Chaqueta de cuero de imitaci\u00f3n para mujer 315 Versano negro, chaquetas de Versano para mujer","description":"\u00bfEst\u00e1 buscando una chaqueta de cuero de imitaci\u00f3n para mujer 315 Versano negro? Entonces ha venido al lugar adecuado para las chaquetas de cuero y de cuero sint\u00e9tico.","robots":{"index":"index","follow":"follow","max-snippet":"max-snippet:-1","max-image-preview":"max-image-preview:large","max-video-preview":"max-video-preview:-1"},"canonical":"https:\/\/versano.nl\/es\/shop\/imitatieleren-jas-dames-versano-lr-315-zwart\/","og_locale":"es_ES","og_type":"article","og_title":"Imitatie leren jas dames 315 zwart Versano, Versano dames jassen","og_description":"Op zoek naar een imitatie leren jas dames 315 zwart Versano? Dan bent u bij ons aan het juiste adres voor leren en imitatie leren jassen.","og_url":"https:\/\/versano.nl\/es\/shop\/imitatieleren-jas-dames-versano-lr-315-zwart\/","og_site_name":"Versano","article_modified_time":"2026-04-02T04:53:22+00:00","og_image":[{"width":750,"height":980,"url":"https:\/\/versano.nl\/wp-content\/uploads\/2020\/07\/imitatie-leren-dames-jas-zwart-versano-315-voorkant.jpg","type":"image\/jpeg"}],"twitter_card":"summary_large_image","twitter_misc":{"Tiempo de lectura":"2 minutos"},"schema":{"@context":"https:\/\/schema.org","@graph":[{"@type":"WebPage","@id":"https:\/\/versano.nl\/shop\/imitatieleren-jas-dames-versano-lr-315-zwart\/","url":"https:\/\/versano.nl\/shop\/imitatieleren-jas-dames-versano-lr-315-zwart\/","name":"Chaqueta de cuero de imitaci\u00f3n para mujer 315 Versano negro, chaquetas de Versano para mujer","isPartOf":{"@id":"https:\/\/versano.nl\/#website"},"primaryImageOfPage":{"@id":"https:\/\/versano.nl\/shop\/imitatieleren-jas-dames-versano-lr-315-zwart\/#primaryimage"},"image":{"@id":"https:\/\/versano.nl\/shop\/imitatieleren-jas-dames-versano-lr-315-zwart\/#primaryimage"},"thumbnailUrl":"https:\/\/versano.nl\/wp-content\/uploads\/2020\/07\/imitatie-leren-dames-jas-zwart-versano-315-voorkant.jpg","datePublished":"2015-03-22T17:03:15+00:00","dateModified":"2026-04-02T04:53:22+00:00","description":"\u00bfEst\u00e1 buscando una chaqueta de cuero de imitaci\u00f3n para mujer 315 Versano negro? Entonces ha venido al lugar adecuado para las chaquetas de cuero y de cuero sint\u00e9tico.","breadcrumb":{"@id":"https:\/\/versano.nl\/shop\/imitatieleren-jas-dames-versano-lr-315-zwart\/#breadcrumb"},"inLanguage":"es","potentialAction":[{"@type":"ReadAction","target":["https:\/\/versano.nl\/shop\/imitatieleren-jas-dames-versano-lr-315-zwart\/"]}]},{"@type":"ImageObject","inLanguage":"es","@id":"https:\/\/versano.nl\/shop\/imitatieleren-jas-dames-versano-lr-315-zwart\/#primaryimage","url":"https:\/\/versano.nl\/wp-content\/uploads\/2020\/07\/imitatie-leren-dames-jas-zwart-versano-315-voorkant.jpg","contentUrl":"https:\/\/versano.nl\/wp-content\/uploads\/2020\/07\/imitatie-leren-dames-jas-zwart-versano-315-voorkant.jpg","width":750,"height":980,"caption":"imitatie-leren-dames-jas-zwart-versano-315-voorkant"},{"@type":"BreadcrumbList","@id":"https:\/\/versano.nl\/shop\/imitatieleren-jas-dames-versano-lr-315-zwart\/#breadcrumb","itemListElement":[{"@type":"ListItem","position":1,"name":"Home","item":"https:\/\/versano.nl\/"},{"@type":"ListItem","position":2,"name":"Shop","item":"https:\/\/versano.nl\/shop\/"},{"@type":"ListItem","position":3,"name":"Imitatie leren jas dames 315 zwart Versano"}]},{"@type":"WebSite","@id":"https:\/\/versano.nl\/#website","url":"https:\/\/versano.nl\/","name":"Versano","description":"abrigos de invierno con cuello de piel | chaquetas de cuero para mujer | chaquetas de cuero para hombre","potentialAction":[{"@type":"SearchAction","target":{"@type":"EntryPoint","urlTemplate":"https:\/\/versano.nl\/?s={search_term_string}"},"query-input":{"@type":"PropertyValueSpecification","valueRequired":true,"valueName":"search_term_string"}}],"inLanguage":"es"}]}},"_links":{"self":[{"href":"https:\/\/versano.nl\/es\/wp-json\/wp\/v2\/product\/3378","targetHints":{"allow":["GET"]}}],"collection":[{"href":"https:\/\/versano.nl\/es\/wp-json\/wp\/v2\/product"}],"about":[{"href":"https:\/\/versano.nl\/es\/wp-json\/wp\/v2\/types\/product"}],"replies":[{"embeddable":true,"href":"https:\/\/versano.nl\/es\/wp-json\/wp\/v2\/comments?post=3378"}],"wp:featuredmedia":[{"embeddable":true,"href":"https:\/\/versano.nl\/es\/wp-json\/wp\/v2\/media\/16604"}],"wp:attachment":[{"href":"https:\/\/versano.nl\/es\/wp-json\/wp\/v2\/media?parent=3378"}],"wp:term":[{"taxonomy":"product_brand","embeddable":true,"href":"https:\/\/versano.nl\/es\/wp-json\/wp\/v2\/product_brand?post=3378"},{"taxonomy":"product_cat","embeddable":true,"href":"https:\/\/versano.nl\/es\/wp-json\/wp\/v2\/product_cat?post=3378"},{"taxonomy":"product_tag","embeddable":true,"href":"https:\/\/versano.nl\/es\/wp-json\/wp\/v2\/product_tag?post=3378"}],"curies":[{"name":"wp","href":"https:\/\/api.w.org\/{rel}","templated":true}]}}