{"id":26663,"date":"2022-09-27T20:04:54","date_gmt":"2022-09-27T20:04:54","guid":{"rendered":"https:\/\/versano.nl\/?post_type=product&#038;p=26663"},"modified":"2026-01-27T16:50:29","modified_gmt":"2026-01-27T16:50:29","slug":"heren-winterjas-kort-model-zwart-george-versano","status":"publish","type":"product","link":"https:\/\/versano.nl\/es\/shop\/heren-winterjas-kort-model-zwart-george-versano\/","title":{"rendered":"chaqueta de invierno para hombre modelo corto negro George Versano"},"content":{"rendered":"<h2>Heren winterjas kort model zwart George Versano<\/h2>\n<p>Deze heren winterjas kort model zwart George Versano is \u00e9\u00e9n van de nieuwe modellen van dit winterseizoen met een mooi aansluitend slim-fit pasvorm. De jas is lekker gevoerd, dus is hij lekker warm. Op de afneembare capuchon met rits zitten drukknopen waarop de bontkraag bevestigd kan worden, dus je kan de jas zonder bontkraag kopen en dragen. Deze korte heren winterjas van\u00a0 Versano heeft een ritssluiting die doorloopt in de hoge kraag. De jas heeft 2 steekzakken en 2 borstzakken met ritssluiting\u00a0 op de borsthoogte. Alle 4 buiten zakjes zijn gemaakt met fleece materiaal, dus de handjes blijven lekker warm. Aan de binnenkant zitten 2 diepe zakken. Dit is een jas waarmee je zeker weet dat je ervan gaat genieten wanneer je ermee het gure weer in gaat. Hij houdt je dan ook goed warm en is dusdanig mooi ontworpen dat je er zeker de aandacht mee zult trekken.<\/p>\n<h2><span style=\"font-size: 14.0pt; font-family: 'Arial',sans-serif;\">Korte heren winterjas in het zwart bestellen<\/span><\/h2>\n<p><span style=\"font-size: 11.0pt; font-family: 'Arial',sans-serif;\">Con una chaqueta tan hermosa de Versano, puede estar seguro de que podr\u00e1 usarla durante todo el invierno. Puede pedir f\u00e1cilmente este modelo en la tienda web de Versano. Hemos reunido todas nuestras chaquetas aqu\u00ed para que pueda realizar un pedido f\u00e1cilmente. En Versano siempre puede estar seguro de que est\u00e1 comprando un hermoso abrigo que ha sido trabajado con mimo. Con nosotros, puede elegir f\u00e1cilmente el tama\u00f1o correcto seg\u00fan nuestros videos de instrucciones inteligentes. \u00bfTiene alguna pregunta o no est\u00e1 seguro de qu\u00e9 talla pedir? Entonces siempre puede contactarnos por correo o WhatsApp. \u00a1Nuestros empleados desean ayudarlo!<\/span><\/p>\n<p>marca:<a title=\"versano\" href=\"https:\/\/versano.nl\" target=\"_blank\" rel=\"noopener noreferrer\"> Versano<\/a><br \/>\nlongitud: media<br \/>\nAjuste: corte ce\u00f1ido<br \/>\nForro: 100% poli\u00e9ster<br \/>\nespesor del forro: 200 gramos alineados gruesa<br \/>\nlongitud de la manga: manga larga<br \/>\nHood, alineado, s\u00f3lida<br \/>\nLos extras: costuras reforzadas<br \/>\nCierre: cremallera, con solapa protectora.<br \/>\nbolsillos: bolsillos laterales en la cadera con botones autom\u00e1ticos + bolsillo interior<br \/>\nFunci\u00f3n: impermeable, resistente al viento<br \/>\ncapa externa de material: 100% poli\u00e9ster<br \/>\naccesorios: cuello de piel (opcional)<\/p>\n<p>Plazo de entrega: 2-3 d\u00edas laborables<\/p>\n<p>&nbsp;<\/p>","protected":false},"excerpt":{"rendered":"<p style=\"background: white; margin: 0cm 0cm 15.0pt 0cm;\"><strong><span style=\"font-size: 9.5pt; font-family: 'Arial',sans-serif; color: red;\">Consejos de ajuste:\u00a0<\/span><\/strong><span style=\"font-size: 9.5pt; font-family: 'Arial',sans-serif; color: #555555;\">El ajuste de esta chaqueta es ajustado. Nuestro modelo mide 1,85 cm de altura y lleva una talla M.<\/span><\/p>\n<p style=\"background: white; box-sizing: border-box; text-rendering: optimizelegibility; font-variant-ligatures: normal; font-variant-caps: normal; orphans: 2; text-align: start; widows: 2; -webkit-text-stroke-width: 0px; text-decoration-thickness: initial; text-decoration-style: initial; text-decoration-color: initial; word-spacing: 0px; margin: 0cm 0cm 15.0pt 0cm;\"><span style=\"font-size: 9.5pt; font-family: 'Arial',sans-serif; color: #555555;\">Si no est\u00e1 seguro de sus medidas, le recomendamos que primero mida las medidas de su talla y las compare con nuestra tabla de tallas. Si no tiene experiencia en medir tama\u00f1os de circunferencia, haga clic en\u00a0<a style=\"box-sizing: border-box; line-height: inherit;\" href=\"https:\/\/www.youtube.com\/watch?v=3ZSfY87v6pM\"><em style=\"box-sizing: border-box; line-height: inherit;\"><span style=\"font-family: 'Arial',sans-serif; color: #333333; text-decoration: none; text-underline: none;\">AQU\u00cd<\/span><\/em><span style=\"color: #333333;\">\u00a0<\/span><\/a>\u00a0para\u00a0<\/span><span style=\"box-sizing: border-box;\"><span style=\"font-size: 9.5pt; font-family: 'Arial',sans-serif; color: red;\"><a style=\"box-sizing: border-box; line-height: inherit;\" href=\"https:\/\/www.youtube.com\/watch?v=3ZSfY87v6pM\"><em style=\"box-sizing: border-box; line-height: inherit;\"><span style=\"font-family: 'Arial',sans-serif; color: red; text-decoration: none; text-underline: none;\">VIDEO<\/span><\/em><\/a><\/span><\/span><span style=\"font-size: 9.5pt; font-family: 'Arial',sans-serif; color: #555555;\">\u00a0 con instrucciones. \u00a1Tambi\u00e9n puede llamarnos o enviarnos una aplicaci\u00f3n directamente! Nuestros empleados est\u00e1n siempre disponibles para ayudar.<\/span><\/p>\n<p style=\"background: white; box-sizing: border-box; text-rendering: optimizelegibility; font-variant-ligatures: normal; font-variant-caps: normal; orphans: 2; text-align: start; widows: 2; -webkit-text-stroke-width: 0px; text-decoration-thickness: initial; text-decoration-style: initial; text-decoration-color: initial; word-spacing: 0px; margin: 0cm 0cm 15.0pt 0cm;\"><strong style=\"box-sizing: border-box; line-height: inherit;\"><span style=\"font-size: 9.5pt; font-family: 'Arial',sans-serif; color: #555555;\">EL TIEMPO DE ENTREGA :<\/span><\/strong><span style=\"font-size: 9.5pt; font-family: 'Arial',sans-serif; color: #555555;\">\u00a02 a 3 d\u00edas laborables.<\/span><\/p>\n<p style=\"background: white; box-sizing: border-box; text-rendering: optimizelegibility; font-variant-ligatures: normal; font-variant-caps: normal; orphans: 2; text-align: start; widows: 2; -webkit-text-stroke-width: 0px; text-decoration-thickness: initial; text-decoration-style: initial; text-decoration-color: initial; word-spacing: 0px; margin: 0cm 0cm 15.0pt 0cm;\"><span style=\"box-sizing: border-box;\"><span style=\"font-size: 9.5pt; font-family: 'Arial',sans-serif; color: red;\">INFORMACION IMPORTANTE:<\/span><\/span><span style=\"font-size: 9.5pt; font-family: 'Arial',sans-serif; color: #555555;\">\u00a0Puedes comprar cualquier chaqueta Versano con o sin cuello de piel, el cuello de piel no est\u00e1 incluido.<\/span><\/p>","protected":false},"featured_media":26674,"comment_status":"closed","ping_status":"closed","template":"","meta":[],"product_brand":[],"product_cat":[1403,231,1146,1596,1601,2060,1037,1080,882,1143,1147,1041,1081,1404,1082,1547],"product_tag":[1617,1318,1321,1319,1322,1317,1642,1320,1641,1645,1325,1644,1626,1610,572,1643],"class_list":{"0":"post-26663","1":"product","2":"type-product","3":"status-publish","4":"has-post-thumbnail","6":"product_cat-bontkraag-jas","7":"product_cat-heren-jassen-met-bontkraag","8":"product_cat-heren-winterjas","9":"product_cat-heren-winterjas-met-bontkraag","10":"product_cat-heren-winterjas-met-pels","11":"product_cat-heren-winterjassen","12":"product_cat-jas-met-bontkraag","13":"product_cat-jas-met-bontkraag-heren","14":"product_cat-versano","15":"product_cat-winterjas","16":"product_cat-winterjas-heren","17":"product_cat-winterjas-met-bontkraag","18":"product_cat-winterjas-met-bontkraag-heren","19":"product_cat-winterjassen","20":"product_cat-winterjassen-met-bontkraag-heren","21":"product_cat-winterjassen-heren","22":"product_tag-goedkope-winterjassen-heren","23":"product_tag-heren-winterjas-kort","24":"product_tag-heren-winterjas-piloten-model","25":"product_tag-korte-heren-piloten-jas-zwart","26":"product_tag-korte-heren-versano-jas","27":"product_tag-korte-heren-winterjas","28":"product_tag-korte-winterjas-heren","29":"product_tag-piloten-winterjas-heren","30":"product_tag-uitverkoop-heren-winterjassen","31":"product_tag-versano-winterjas-voor-heren","32":"product_tag-versano-winterjassen","33":"product_tag-warme-winterjassen","34":"product_tag-winterjas-heren-in-sale","35":"product_tag-winterjas-heren-met-kraag","36":"product_tag-winterjas-met-bontkraag-heren","37":"product_tag-zwarte-winterjas-voor-heren","38":"tm-has-options","40":"first","41":"instock","42":"sale","43":"featured","44":"taxable","45":"shipping-taxable","46":"purchasable","47":"product-type-variable"},"yoast_head":"<!-- This site is optimized with the Yoast SEO plugin v27.2 - https:\/\/yoast.com\/product\/yoast-seo-wordpress\/ -->\n<title>heren winterjas zwart George Versano, korte winterjassen heren<\/title>\n<meta name=\"description\" content=\"Ben je op zoek naar een heren winterjas zwart George Versano, dan ben je bij Versano aan het juiste adres. Goerge is warm winterjas .\" \/>\n<meta name=\"robots\" content=\"index, follow, max-snippet:-1, max-image-preview:large, max-video-preview:-1\" \/>\n<link rel=\"canonical\" href=\"https:\/\/versano.nl\/es\/shop\/heren-winterjas-kort-model-zwart-george-versano\/\" \/>\n<meta property=\"og:locale\" content=\"es_ES\" \/>\n<meta property=\"og:type\" content=\"article\" \/>\n<meta property=\"og:title\" content=\"heren winterjas zwart George Versano, korte winterjassen heren\" \/>\n<meta property=\"og:description\" content=\"Ben je op zoek naar een heren winterjas zwart George Versano, dan ben je bij Versano aan het juiste adres. Goerge is warm winterjas .\" \/>\n<meta property=\"og:url\" content=\"https:\/\/versano.nl\/es\/shop\/heren-winterjas-kort-model-zwart-george-versano\/\" \/>\n<meta property=\"og:site_name\" content=\"Versano\" \/>\n<meta property=\"article:modified_time\" content=\"2026-01-27T16:50:29+00:00\" \/>\n<meta property=\"og:image\" content=\"https:\/\/versano.nl\/wp-content\/uploads\/2022\/09\/korte-heren-winterjas-zwart-versano.voorkant.jpeg\" \/>\n\t<meta property=\"og:image:width\" content=\"900\" \/>\n\t<meta property=\"og:image:height\" content=\"1200\" \/>\n\t<meta property=\"og:image:type\" content=\"image\/jpeg\" \/>\n<meta name=\"twitter:card\" content=\"summary_large_image\" \/>\n<meta name=\"twitter:label1\" content=\"Tiempo de lectura\" \/>\n\t<meta name=\"twitter:data1\" content=\"2 minutos\" \/>\n<script type=\"application\/ld+json\" class=\"yoast-schema-graph\">{\"@context\":\"https:\/\/schema.org\",\"@graph\":[{\"@type\":\"WebPage\",\"@id\":\"https:\/\/versano.nl\/shop\/heren-winterjas-kort-model-zwart-george-versano\/\",\"url\":\"https:\/\/versano.nl\/shop\/heren-winterjas-kort-model-zwart-george-versano\/\",\"name\":\"heren winterjas zwart George Versano, korte winterjassen heren\",\"isPartOf\":{\"@id\":\"https:\/\/versano.nl\/#website\"},\"primaryImageOfPage\":{\"@id\":\"https:\/\/versano.nl\/shop\/heren-winterjas-kort-model-zwart-george-versano\/#primaryimage\"},\"image\":{\"@id\":\"https:\/\/versano.nl\/shop\/heren-winterjas-kort-model-zwart-george-versano\/#primaryimage\"},\"thumbnailUrl\":\"https:\/\/versano.nl\/wp-content\/uploads\/2022\/09\/korte-heren-winterjas-zwart-versano.voorkant.jpeg\",\"datePublished\":\"2022-09-27T20:04:54+00:00\",\"dateModified\":\"2026-01-27T16:50:29+00:00\",\"description\":\"Ben je op zoek naar een heren winterjas zwart George Versano, dan ben je bij Versano aan het juiste adres. Goerge is warm winterjas .\",\"breadcrumb\":{\"@id\":\"https:\/\/versano.nl\/shop\/heren-winterjas-kort-model-zwart-george-versano\/#breadcrumb\"},\"inLanguage\":\"es\",\"potentialAction\":[{\"@type\":\"ReadAction\",\"target\":[\"https:\/\/versano.nl\/shop\/heren-winterjas-kort-model-zwart-george-versano\/\"]}]},{\"@type\":\"ImageObject\",\"inLanguage\":\"es\",\"@id\":\"https:\/\/versano.nl\/shop\/heren-winterjas-kort-model-zwart-george-versano\/#primaryimage\",\"url\":\"https:\/\/versano.nl\/wp-content\/uploads\/2022\/09\/korte-heren-winterjas-zwart-versano.voorkant.jpeg\",\"contentUrl\":\"https:\/\/versano.nl\/wp-content\/uploads\/2022\/09\/korte-heren-winterjas-zwart-versano.voorkant.jpeg\",\"width\":900,\"height\":1200,\"caption\":\"korte-heren-winterjas-zwart-versano.voorkant\"},{\"@type\":\"BreadcrumbList\",\"@id\":\"https:\/\/versano.nl\/shop\/heren-winterjas-kort-model-zwart-george-versano\/#breadcrumb\",\"itemListElement\":[{\"@type\":\"ListItem\",\"position\":1,\"name\":\"Home\",\"item\":\"https:\/\/versano.nl\/\"},{\"@type\":\"ListItem\",\"position\":2,\"name\":\"Shop\",\"item\":\"https:\/\/versano.nl\/shop\/\"},{\"@type\":\"ListItem\",\"position\":3,\"name\":\"heren winterjas kort model zwart George Versano\"}]},{\"@type\":\"WebSite\",\"@id\":\"https:\/\/versano.nl\/#website\",\"url\":\"https:\/\/versano.nl\/\",\"name\":\"Versano\",\"description\":\"winterjassen met bontkraag | leren dames jassen | leren heren jassen\",\"potentialAction\":[{\"@type\":\"SearchAction\",\"target\":{\"@type\":\"EntryPoint\",\"urlTemplate\":\"https:\/\/versano.nl\/?s={search_term_string}\"},\"query-input\":{\"@type\":\"PropertyValueSpecification\",\"valueRequired\":true,\"valueName\":\"search_term_string\"}}],\"inLanguage\":\"es\"}]}<\/script>\n<!-- \/ Yoast SEO plugin. -->","yoast_head_json":{"title":"heren winterjas zwart George Versano, korte winterjassen heren","description":"Ben je op zoek naar een heren winterjas zwart George Versano, dan ben je bij Versano aan het juiste adres. Goerge is warm winterjas .","robots":{"index":"index","follow":"follow","max-snippet":"max-snippet:-1","max-image-preview":"max-image-preview:large","max-video-preview":"max-video-preview:-1"},"canonical":"https:\/\/versano.nl\/es\/shop\/heren-winterjas-kort-model-zwart-george-versano\/","og_locale":"es_ES","og_type":"article","og_title":"heren winterjas zwart George Versano, korte winterjassen heren","og_description":"Ben je op zoek naar een heren winterjas zwart George Versano, dan ben je bij Versano aan het juiste adres. Goerge is warm winterjas .","og_url":"https:\/\/versano.nl\/es\/shop\/heren-winterjas-kort-model-zwart-george-versano\/","og_site_name":"Versano","article_modified_time":"2026-01-27T16:50:29+00:00","og_image":[{"width":900,"height":1200,"url":"https:\/\/versano.nl\/wp-content\/uploads\/2022\/09\/korte-heren-winterjas-zwart-versano.voorkant.jpeg","type":"image\/jpeg"}],"twitter_card":"summary_large_image","twitter_misc":{"Tiempo de lectura":"2 minutos"},"schema":{"@context":"https:\/\/schema.org","@graph":[{"@type":"WebPage","@id":"https:\/\/versano.nl\/shop\/heren-winterjas-kort-model-zwart-george-versano\/","url":"https:\/\/versano.nl\/shop\/heren-winterjas-kort-model-zwart-george-versano\/","name":"heren winterjas zwart George Versano, korte winterjassen heren","isPartOf":{"@id":"https:\/\/versano.nl\/#website"},"primaryImageOfPage":{"@id":"https:\/\/versano.nl\/shop\/heren-winterjas-kort-model-zwart-george-versano\/#primaryimage"},"image":{"@id":"https:\/\/versano.nl\/shop\/heren-winterjas-kort-model-zwart-george-versano\/#primaryimage"},"thumbnailUrl":"https:\/\/versano.nl\/wp-content\/uploads\/2022\/09\/korte-heren-winterjas-zwart-versano.voorkant.jpeg","datePublished":"2022-09-27T20:04:54+00:00","dateModified":"2026-01-27T16:50:29+00:00","description":"Ben je op zoek naar een heren winterjas zwart George Versano, dan ben je bij Versano aan het juiste adres. Goerge is warm winterjas .","breadcrumb":{"@id":"https:\/\/versano.nl\/shop\/heren-winterjas-kort-model-zwart-george-versano\/#breadcrumb"},"inLanguage":"es","potentialAction":[{"@type":"ReadAction","target":["https:\/\/versano.nl\/shop\/heren-winterjas-kort-model-zwart-george-versano\/"]}]},{"@type":"ImageObject","inLanguage":"es","@id":"https:\/\/versano.nl\/shop\/heren-winterjas-kort-model-zwart-george-versano\/#primaryimage","url":"https:\/\/versano.nl\/wp-content\/uploads\/2022\/09\/korte-heren-winterjas-zwart-versano.voorkant.jpeg","contentUrl":"https:\/\/versano.nl\/wp-content\/uploads\/2022\/09\/korte-heren-winterjas-zwart-versano.voorkant.jpeg","width":900,"height":1200,"caption":"korte-heren-winterjas-zwart-versano.voorkant"},{"@type":"BreadcrumbList","@id":"https:\/\/versano.nl\/shop\/heren-winterjas-kort-model-zwart-george-versano\/#breadcrumb","itemListElement":[{"@type":"ListItem","position":1,"name":"Home","item":"https:\/\/versano.nl\/"},{"@type":"ListItem","position":2,"name":"Shop","item":"https:\/\/versano.nl\/shop\/"},{"@type":"ListItem","position":3,"name":"heren winterjas kort model zwart George Versano"}]},{"@type":"WebSite","@id":"https:\/\/versano.nl\/#website","url":"https:\/\/versano.nl\/","name":"Versano","description":"abrigos de invierno con cuello de piel | chaquetas de cuero para mujer | chaquetas de cuero para hombre","potentialAction":[{"@type":"SearchAction","target":{"@type":"EntryPoint","urlTemplate":"https:\/\/versano.nl\/?s={search_term_string}"},"query-input":{"@type":"PropertyValueSpecification","valueRequired":true,"valueName":"search_term_string"}}],"inLanguage":"es"}]}},"_links":{"self":[{"href":"https:\/\/versano.nl\/es\/wp-json\/wp\/v2\/product\/26663","targetHints":{"allow":["GET"]}}],"collection":[{"href":"https:\/\/versano.nl\/es\/wp-json\/wp\/v2\/product"}],"about":[{"href":"https:\/\/versano.nl\/es\/wp-json\/wp\/v2\/types\/product"}],"replies":[{"embeddable":true,"href":"https:\/\/versano.nl\/es\/wp-json\/wp\/v2\/comments?post=26663"}],"wp:featuredmedia":[{"embeddable":true,"href":"https:\/\/versano.nl\/es\/wp-json\/wp\/v2\/media\/26674"}],"wp:attachment":[{"href":"https:\/\/versano.nl\/es\/wp-json\/wp\/v2\/media?parent=26663"}],"wp:term":[{"taxonomy":"product_brand","embeddable":true,"href":"https:\/\/versano.nl\/es\/wp-json\/wp\/v2\/product_brand?post=26663"},{"taxonomy":"product_cat","embeddable":true,"href":"https:\/\/versano.nl\/es\/wp-json\/wp\/v2\/product_cat?post=26663"},{"taxonomy":"product_tag","embeddable":true,"href":"https:\/\/versano.nl\/es\/wp-json\/wp\/v2\/product_tag?post=26663"}],"curies":[{"name":"wp","href":"https:\/\/api.w.org\/{rel}","templated":true}]}}