{"id":26604,"date":"2022-09-26T20:08:57","date_gmt":"2022-09-26T20:08:57","guid":{"rendered":"https:\/\/versano.nl\/?post_type=product&#038;p=26604"},"modified":"2026-03-06T15:13:35","modified_gmt":"2026-03-06T15:13:35","slug":"halflange-dames-winterjas-met-bontkraag-sky-new-generation-groen-versano","status":"publish","type":"product","link":"https:\/\/versano.nl\/es\/shop\/halflange-dames-winterjas-met-bontkraag-sky-new-generation-groen-versano\/","title":{"rendered":"Abrigo de invierno de mujer de longitud media con cuello de piel Cielo (nueva generaci\u00f3n) verde Versano"},"content":{"rendered":"<h2>Abrigo de invierno de mujer de longitud media con cuello de piel Cielo (nueva generaci\u00f3n) verde Versano<\/h2>\n<p>Ben je op zoek naar een mooi getailleerde halflange dames winterjas met bontkraag Sky (new generation) groen Versano? Dan\u00a0 ben je bij versano aan het juiste adres. Sky is 1 van de nieuwe modellen en de perfecte winterjas om de winter mee door te komen. Een top jas die geleverd kan worden met of zonder bontkraag. Dames winterjas halflang met bontkraag \u00a0Sky Versano zwart is niet alleen warm maar hij heeft ook een mooi getailleerde pasvorm. Deze dames winterjas van Versano is een halflang model met 4 steekzakken die zich op heuphoogte bevinden. Deze zakken kunnen gesloten worden met behulp van een rits, verder heeft de jas een rits sluiting bestaande uit een rits . Het is \u00e9\u00e9n van de best verkochte jassen van Versano tegen een scherpe prijs.<\/p>\n<h2>Een top winterjas met nieuw ontwerp<\/h2>\n<p>Deze dames winterjas halflang met bontkraag \u00a0Sky Versano groen is \u00e9\u00e9n van de pronkstukken en erg fraai ontworpen door de ontwerpers van Versano. Het merk Versano is vooral bekend om de mooie en aparte modellen met getailleerde Italiaanse pasvorm, maar dat is niet zomaar een ontwerp, wij noemen het \u201cA STATE OF ART \u201c. De jas heeft een vaste capuchon en heeft drukknopen waarop de bontkraag bevestigd kan worden. Je kan winterjas dames van versano uiteraard ook zonder bontkraag kopen en dragen.<\/p>\n<p>Si prefiere usar este abrigo con cuello de piel de imitaci\u00f3n, entonces puede comprar un abrigo de invierno con cuello de piel de imitaci\u00f3n y cuellos de piel de imitaci\u00f3n de Versano en Versano son de muy buena calidad.<\/p>\n<p>marca:\u00a0<a href=\"https:\/\/versano.nl\/\">Versano<\/a><br \/>\nlongitud: media<br \/>\najuste: a medida<br \/>\nforro: 100% poli\u00e9ster<br \/>\nespesor del forro: 200 gramos alineados gruesa<br \/>\ncampana: alineado, s\u00f3lida<br \/>\nLos extras: costuras reforzadas<br \/>\nCierre: cremallera completa<br \/>\nbolsillos: 4 x bolsillos laterales con cremallera, bolsillo interior<br \/>\nFunci\u00f3n: impermeable, resistente al viento<br \/>\ncapa externa de material: 100% poli\u00e9ster<\/p>\n<p>forro interior: poli\u00e9ster 100%<\/p>\n<p>relleno: poli\u00e9ster 100%<\/p>\n<p>accesorios: cuello de piel (opcional)<\/p>\n<p>Tiempo de entrega: 2-3 d\u00edas<\/p>\n<p><strong>OPCIONAL: piel real CUELLO DEL MAPACHE MAPACHE ART DE PIEL<\/strong><\/p>","protected":false},"excerpt":{"rendered":"<h4>ELIGE OTRO COLOR AQU\u00cd<\/h4>\n<p><span style=\"color: #ff0000;\"><a href=\"https:\/\/versano.nl\/shop\/halflange-dames-winterjas-met-bontkraag-sky-new-generation-zwart-versano\/\"><img loading=\"lazy\" decoding=\"async\" class=\"alignnone size-full wp-image-26991\" src=\"https:\/\/versano.nl\/wp-content\/uploads\/sites\/2\/2022\/09\/halflange-dames-winterjas-met-capuchon-zwart-met-xl-bont-myversano-sky-ng-voorkant-zonder-capuchon-thumb.jpg\" alt=\"\" width=\"56\" height=\"75\" srcset=\"https:\/\/versano.nl\/wp-content\/uploads\/2022\/09\/halflange-dames-winterjas-met-capuchon-zwart-met-xl-bont-myversano-sky-ng-voorkant-zonder-capuchon-thumb.jpg 56w, https:\/\/versano.nl\/wp-content\/uploads\/2022\/09\/halflange-dames-winterjas-met-capuchon-zwart-met-xl-bont-myversano-sky-ng-voorkant-zonder-capuchon-thumb-9x12.jpg 9w\" sizes=\"auto, (max-width: 56px) 100vw, 56px\" \/><\/a><\/span><\/p>\n<p><span style=\"color: #ff0000;\"><strong>Consejos de ajuste: <\/strong><\/span><\/p>\n<p><span style=\"color: #ff0000;\">Getailleerde pasvorm, bekijk de maattabel voor de juiste maat.<\/span><\/p>\n<p><span style=\"color: #ff0000;\">Ons model is 1.70 m en weegt 62 kilo, ze draagt een Small.<\/span><\/p>\n<p>Si no est\u00e1 seguro de sus medidas, le recomendamos que primero mida las medidas de su talla y las compare con nuestra tabla de tallas. Si no tiene experiencia en medir tama\u00f1os de circunferencia, haga clic en\u00a0<a href=\"https:\/\/www.youtube.com\/watch?v=3ZSfY87v6pM\"><em>AQU\u00cd<\/em>\u00a0<\/a>\u00a0para\u00a0<a href=\"https:\/\/www.youtube.com\/watch?v=3ZSfY87v6pM\"><em>VIDEO<\/em><\/a>\u00a0 con instrucciones. \u00a1Tambi\u00e9n puede llamarnos o enviarnos una aplicaci\u00f3n directamente! Nuestros empleados est\u00e1n siempre disponibles para ayudar.<\/p>\n<p><strong>EL TIEMPO DE ENTREGA :<\/strong>\u00a02 a 3 d\u00edas laborables.<\/p>\n<p><span style=\"color: #ff0000;\">INFORMACION IMPORTANTE:<\/span><\/p>\n<p>Wij hebben een gedetailleerd pasvorm advies aangegeven in de product afbeeldingen. Bekijk dit voordat u een bestelling plaatst.<\/p>\n<p>Puedes comprar cualquier chaqueta Versano con o sin cuello de piel, el cuello de piel no est\u00e1 incluido.<\/p>","protected":false},"featured_media":35231,"comment_status":"open","ping_status":"closed","template":"","meta":[],"product_brand":[],"product_cat":[1403,1012,1353,1406,1145,1384,1389,1382,828,1383,1037,1038,1430,882,1143,1144,2204,1415,1041,1042,215,1404,1339],"product_tag":[2070,2068,2072,2076,2074,2071,2073,1407,225,2075,386],"class_list":{"0":"post-26604","1":"product","2":"type-product","3":"status-publish","4":"has-post-thumbnail","6":"product_cat-bontkraag-jas","7":"product_cat-dames-jas-met-bontkraag","8":"product_cat-dames-jas-met-pels","9":"product_cat-dames-parka-winterjas","10":"product_cat-dames-winterjas","11":"product_cat-dames-winterjas-met-bontkraag","12":"product_cat-dames-winterjas-met-pels","13":"product_cat-dames-winterjassen","14":"product_cat-dames-winterjassen-grote-maten","15":"product_cat-dames-winterjassen-met-bontkraag","16":"product_cat-jas-met-bontkraag","17":"product_cat-jas-met-bontkraag-dames","18":"product_cat-lange-winterjas-dames","19":"product_cat-versano","20":"product_cat-winterjas","21":"product_cat-winterjas-dames","22":"product_cat-winterjas-dames-halflang","23":"product_cat-winterjas-dames-met-bontkraag","24":"product_cat-winterjas-met-bontkraag","25":"product_cat-winterjas-met-bontkraag-dames","26":"product_cat-dames-jassen-met-bontkraag","27":"product_cat-winterjassen","28":"product_cat-winterjassen-dames","29":"product_tag-dames-winterjas-met-bonktraag","30":"product_tag-halflange-winterjas-dames","31":"product_tag-merk-winterjas-dames","32":"product_tag-merk-winterjas-versano","33":"product_tag-merkjassen-dames","34":"product_tag-versano-winterjas-dames","35":"product_tag-winterjas-dames-halflang","36":"product_tag-winterjas-dames-met-bontkraag","37":"product_tag-winterjas-met-bontkraag-dames","38":"product_tag-zwarte-versano-winterjas","39":"product_tag-zwarte-winterjas-dames","40":"tm-has-options","42":"first","43":"instock","44":"sale","45":"featured","46":"taxable","47":"shipping-taxable","48":"purchasable","49":"product-type-variable"},"yoast_head":"<!-- This site is optimized with the Yoast SEO plugin v27.2 - https:\/\/yoast.com\/product\/yoast-seo-wordpress\/ -->\n<title>Dames winterjas halflang met bontkraag Sky Versano groen<\/title>\n<meta name=\"description\" content=\"Ben je op zoek naar een Halflange dames winterjas met bontkraag Sky (new generation) groen Versano, dan zit je bij ons aan het juiste adres.\" \/>\n<meta name=\"robots\" content=\"index, follow, max-snippet:-1, max-image-preview:large, max-video-preview:-1\" \/>\n<link rel=\"canonical\" href=\"https:\/\/versano.nl\/es\/shop\/halflange-dames-winterjas-met-bontkraag-sky-new-generation-groen-versano\/\" \/>\n<meta property=\"og:locale\" content=\"es_ES\" \/>\n<meta property=\"og:type\" content=\"article\" \/>\n<meta property=\"og:title\" content=\"Dames winterjas halflang met bontkraag Sky Versano groen\" \/>\n<meta property=\"og:description\" content=\"Ben je op zoek naar een Halflange dames winterjas met bontkraag Sky (new generation) groen Versano, dan zit je bij ons aan het juiste adres.\" \/>\n<meta property=\"og:url\" content=\"https:\/\/versano.nl\/es\/shop\/halflange-dames-winterjas-met-bontkraag-sky-new-generation-groen-versano\/\" \/>\n<meta property=\"og:site_name\" content=\"Versano\" \/>\n<meta property=\"article:modified_time\" content=\"2026-03-06T15:13:35+00:00\" \/>\n<meta property=\"og:image\" content=\"https:\/\/versano.nl\/wp-content\/uploads\/2022\/09\/IMG_8796-1.jpg\" \/>\n\t<meta property=\"og:image:width\" content=\"802\" \/>\n\t<meta property=\"og:image:height\" content=\"1200\" \/>\n\t<meta property=\"og:image:type\" content=\"image\/jpeg\" \/>\n<meta name=\"twitter:card\" content=\"summary_large_image\" \/>\n<meta name=\"twitter:label1\" content=\"Tiempo de lectura\" \/>\n\t<meta name=\"twitter:data1\" content=\"2 minutos\" \/>\n<script type=\"application\/ld+json\" class=\"yoast-schema-graph\">{\"@context\":\"https:\/\/schema.org\",\"@graph\":[{\"@type\":\"WebPage\",\"@id\":\"https:\/\/versano.nl\/shop\/halflange-dames-winterjas-met-bontkraag-sky-new-generation-groen-versano\/\",\"url\":\"https:\/\/versano.nl\/shop\/halflange-dames-winterjas-met-bontkraag-sky-new-generation-groen-versano\/\",\"name\":\"Dames winterjas halflang met bontkraag Sky Versano groen\",\"isPartOf\":{\"@id\":\"https:\/\/versano.nl\/#website\"},\"primaryImageOfPage\":{\"@id\":\"https:\/\/versano.nl\/shop\/halflange-dames-winterjas-met-bontkraag-sky-new-generation-groen-versano\/#primaryimage\"},\"image\":{\"@id\":\"https:\/\/versano.nl\/shop\/halflange-dames-winterjas-met-bontkraag-sky-new-generation-groen-versano\/#primaryimage\"},\"thumbnailUrl\":\"https:\/\/versano.nl\/wp-content\/uploads\/2022\/09\/IMG_8796-1.jpg\",\"datePublished\":\"2022-09-26T20:08:57+00:00\",\"dateModified\":\"2026-03-06T15:13:35+00:00\",\"description\":\"Ben je op zoek naar een Halflange dames winterjas met bontkraag Sky (new generation) groen Versano, dan zit je bij ons aan het juiste adres.\",\"breadcrumb\":{\"@id\":\"https:\/\/versano.nl\/shop\/halflange-dames-winterjas-met-bontkraag-sky-new-generation-groen-versano\/#breadcrumb\"},\"inLanguage\":\"es\",\"potentialAction\":[{\"@type\":\"ReadAction\",\"target\":[\"https:\/\/versano.nl\/shop\/halflange-dames-winterjas-met-bontkraag-sky-new-generation-groen-versano\/\"]}]},{\"@type\":\"ImageObject\",\"inLanguage\":\"es\",\"@id\":\"https:\/\/versano.nl\/shop\/halflange-dames-winterjas-met-bontkraag-sky-new-generation-groen-versano\/#primaryimage\",\"url\":\"https:\/\/versano.nl\/wp-content\/uploads\/2022\/09\/IMG_8796-1.jpg\",\"contentUrl\":\"https:\/\/versano.nl\/wp-content\/uploads\/2022\/09\/IMG_8796-1.jpg\",\"width\":802,\"height\":1200,\"caption\":\"Halflange dames winterjas met bontkraag Sky (new generation) groen Versano\"},{\"@type\":\"BreadcrumbList\",\"@id\":\"https:\/\/versano.nl\/shop\/halflange-dames-winterjas-met-bontkraag-sky-new-generation-groen-versano\/#breadcrumb\",\"itemListElement\":[{\"@type\":\"ListItem\",\"position\":1,\"name\":\"Home\",\"item\":\"https:\/\/versano.nl\/\"},{\"@type\":\"ListItem\",\"position\":2,\"name\":\"Shop\",\"item\":\"https:\/\/versano.nl\/shop\/\"},{\"@type\":\"ListItem\",\"position\":3,\"name\":\"Halflange dames winterjas met bontkraag Sky (new generation) groen Versano\"}]},{\"@type\":\"WebSite\",\"@id\":\"https:\/\/versano.nl\/#website\",\"url\":\"https:\/\/versano.nl\/\",\"name\":\"Versano\",\"description\":\"winterjassen met bontkraag | leren dames jassen | leren heren jassen\",\"potentialAction\":[{\"@type\":\"SearchAction\",\"target\":{\"@type\":\"EntryPoint\",\"urlTemplate\":\"https:\/\/versano.nl\/?s={search_term_string}\"},\"query-input\":{\"@type\":\"PropertyValueSpecification\",\"valueRequired\":true,\"valueName\":\"search_term_string\"}}],\"inLanguage\":\"es\"}]}<\/script>\n<!-- \/ Yoast SEO plugin. -->","yoast_head_json":{"title":"Dames winterjas halflang met bontkraag Sky Versano groen","description":"Ben je op zoek naar een Halflange dames winterjas met bontkraag Sky (new generation) groen Versano, dan zit je bij ons aan het juiste adres.","robots":{"index":"index","follow":"follow","max-snippet":"max-snippet:-1","max-image-preview":"max-image-preview:large","max-video-preview":"max-video-preview:-1"},"canonical":"https:\/\/versano.nl\/es\/shop\/halflange-dames-winterjas-met-bontkraag-sky-new-generation-groen-versano\/","og_locale":"es_ES","og_type":"article","og_title":"Dames winterjas halflang met bontkraag Sky Versano groen","og_description":"Ben je op zoek naar een Halflange dames winterjas met bontkraag Sky (new generation) groen Versano, dan zit je bij ons aan het juiste adres.","og_url":"https:\/\/versano.nl\/es\/shop\/halflange-dames-winterjas-met-bontkraag-sky-new-generation-groen-versano\/","og_site_name":"Versano","article_modified_time":"2026-03-06T15:13:35+00:00","og_image":[{"width":802,"height":1200,"url":"https:\/\/versano.nl\/wp-content\/uploads\/2022\/09\/IMG_8796-1.jpg","type":"image\/jpeg"}],"twitter_card":"summary_large_image","twitter_misc":{"Tiempo de lectura":"2 minutos"},"schema":{"@context":"https:\/\/schema.org","@graph":[{"@type":"WebPage","@id":"https:\/\/versano.nl\/shop\/halflange-dames-winterjas-met-bontkraag-sky-new-generation-groen-versano\/","url":"https:\/\/versano.nl\/shop\/halflange-dames-winterjas-met-bontkraag-sky-new-generation-groen-versano\/","name":"Dames winterjas halflang met bontkraag Sky Versano groen","isPartOf":{"@id":"https:\/\/versano.nl\/#website"},"primaryImageOfPage":{"@id":"https:\/\/versano.nl\/shop\/halflange-dames-winterjas-met-bontkraag-sky-new-generation-groen-versano\/#primaryimage"},"image":{"@id":"https:\/\/versano.nl\/shop\/halflange-dames-winterjas-met-bontkraag-sky-new-generation-groen-versano\/#primaryimage"},"thumbnailUrl":"https:\/\/versano.nl\/wp-content\/uploads\/2022\/09\/IMG_8796-1.jpg","datePublished":"2022-09-26T20:08:57+00:00","dateModified":"2026-03-06T15:13:35+00:00","description":"Ben je op zoek naar een Halflange dames winterjas met bontkraag Sky (new generation) groen Versano, dan zit je bij ons aan het juiste adres.","breadcrumb":{"@id":"https:\/\/versano.nl\/shop\/halflange-dames-winterjas-met-bontkraag-sky-new-generation-groen-versano\/#breadcrumb"},"inLanguage":"es","potentialAction":[{"@type":"ReadAction","target":["https:\/\/versano.nl\/shop\/halflange-dames-winterjas-met-bontkraag-sky-new-generation-groen-versano\/"]}]},{"@type":"ImageObject","inLanguage":"es","@id":"https:\/\/versano.nl\/shop\/halflange-dames-winterjas-met-bontkraag-sky-new-generation-groen-versano\/#primaryimage","url":"https:\/\/versano.nl\/wp-content\/uploads\/2022\/09\/IMG_8796-1.jpg","contentUrl":"https:\/\/versano.nl\/wp-content\/uploads\/2022\/09\/IMG_8796-1.jpg","width":802,"height":1200,"caption":"Halflange dames winterjas met bontkraag Sky (new generation) groen Versano"},{"@type":"BreadcrumbList","@id":"https:\/\/versano.nl\/shop\/halflange-dames-winterjas-met-bontkraag-sky-new-generation-groen-versano\/#breadcrumb","itemListElement":[{"@type":"ListItem","position":1,"name":"Home","item":"https:\/\/versano.nl\/"},{"@type":"ListItem","position":2,"name":"Shop","item":"https:\/\/versano.nl\/shop\/"},{"@type":"ListItem","position":3,"name":"Halflange dames winterjas met bontkraag Sky (new generation) groen Versano"}]},{"@type":"WebSite","@id":"https:\/\/versano.nl\/#website","url":"https:\/\/versano.nl\/","name":"Versano","description":"abrigos de invierno con cuello de piel | chaquetas de cuero para mujer | chaquetas de cuero para hombre","potentialAction":[{"@type":"SearchAction","target":{"@type":"EntryPoint","urlTemplate":"https:\/\/versano.nl\/?s={search_term_string}"},"query-input":{"@type":"PropertyValueSpecification","valueRequired":true,"valueName":"search_term_string"}}],"inLanguage":"es"}]}},"_links":{"self":[{"href":"https:\/\/versano.nl\/es\/wp-json\/wp\/v2\/product\/26604","targetHints":{"allow":["GET"]}}],"collection":[{"href":"https:\/\/versano.nl\/es\/wp-json\/wp\/v2\/product"}],"about":[{"href":"https:\/\/versano.nl\/es\/wp-json\/wp\/v2\/types\/product"}],"replies":[{"embeddable":true,"href":"https:\/\/versano.nl\/es\/wp-json\/wp\/v2\/comments?post=26604"}],"wp:featuredmedia":[{"embeddable":true,"href":"https:\/\/versano.nl\/es\/wp-json\/wp\/v2\/media\/35231"}],"wp:attachment":[{"href":"https:\/\/versano.nl\/es\/wp-json\/wp\/v2\/media?parent=26604"}],"wp:term":[{"taxonomy":"product_brand","embeddable":true,"href":"https:\/\/versano.nl\/es\/wp-json\/wp\/v2\/product_brand?post=26604"},{"taxonomy":"product_cat","embeddable":true,"href":"https:\/\/versano.nl\/es\/wp-json\/wp\/v2\/product_cat?post=26604"},{"taxonomy":"product_tag","embeddable":true,"href":"https:\/\/versano.nl\/es\/wp-json\/wp\/v2\/product_tag?post=26604"}],"curies":[{"name":"wp","href":"https:\/\/api.w.org\/{rel}","templated":true}]}}