{"id":233,"date":"2017-04-20T11:06:31","date_gmt":"2017-04-20T11:06:31","guid":{"rendered":"https:\/\/leathershopdoci.nl\/shop\/leren-dames-jas-beige-versano-315\/"},"modified":"2026-01-20T19:32:49","modified_gmt":"2026-01-20T19:32:49","slug":"leren-dames-jas-beige-versano-315","status":"publish","type":"product","link":"https:\/\/versano.nl\/es\/shop\/leren-dames-jas-beige-versano-315\/","title":{"rendered":"Cazadora de piel mujer 315 taupe\/camel Versano"},"content":{"rendered":"<h2>Cazadora de piel mujer 315 taupe\/camel Versano<\/h2>\n<p>\u00bfBuscas una chaqueta de cuero elegante con la que disfrutes caminar? En Versano saben c\u00f3mo dise\u00f1ar y producir una chaqueta de este tipo. Tomemos, por ejemplo, esta hermosa chaqueta de cuero para mujer 315 taupe\/camel Versano. Esta es una chaqueta que, no lo puedes negar, luce sublime. El acabado es absolutamente perfecto y todos los elementos est\u00e1n muy bien coordinados. Este es uno de los modelos b\u00e1sicos de Versano y, como tal, tambi\u00e9n uno de nuestros \u00e9xitos. Est\u00e1 disponible en resistente piel de cordero, pero si prefieres no llevarla, tambi\u00e9n hemos confeccionado esta chaqueta en s\u00edmil piel. Este modelo est\u00e1 disponible en varios colores y tambi\u00e9n en tallas m\u00e1s grandes hasta 5xl.<\/p>\n<h2><strong>Solicitar Versano modelo 315<\/strong><\/h2>\n<p>Esta elegante chaqueta de mujer de Versano es uno de los mejores modelos b\u00e1sicos de la marca italiana Versano. Es una chaqueta que se puede combinar muy bien con diferentes tipos de ropa. Piensa en una falda, pero tambi\u00e9n en un par de jeans geniales. La chaqueta tiene cuatro bolsillos, dos bolsillos laterales y dos bolsillos m\u00e1s peque\u00f1os en el pecho. La chaqueta de cuero 315 taupe\/camel de Versano est\u00e1 hecha de los mejores materiales y es suave y flexible porque es piel de cordero 100%. Si nos pide esta chaqueta, recibir\u00e1 una chaqueta que permanecer\u00e1 hermosa durante toda la vida. El color taupe es f\u00e1cil de combinar y combina con casi todos tus outfits. Su dise\u00f1o italiano garantiza que la chaqueta quede ajustada y sea c\u00f3moda de llevar. Este modelo no est\u00e1 demasiado ocupado, lo que lo convierte en un cl\u00e1sico superior. usted puede ordenar f\u00e1cilmente en nuestro sitio web.<\/p>\n<p>marca: <a href=\"https:\/\/versano.nl\/\" target=\"_blank\" rel=\"noopener noreferrer\">Versano<\/a><br \/>\nMaterial: 100% piel de cordero<br \/>\nForro: 100% poli\u00e9ster<br \/>\nlongitud: corto<br \/>\nAjuste: ajustado<br \/>\nCierre: cremallera<br \/>\nBolsillos: bolsillo con cremallera<br \/>\nCollar: de pie cuello<br \/>\ncapa exterior Material: de alta calidad y de piel de cordero suave<br \/>\nPlazo de entrega: 2-3 d\u00edas laborables<\/p>","protected":false},"excerpt":{"rendered":"<p><strong>ELIGE OTRO COLOR AQU\u00cd<\/strong><\/p>\n<p><a href=\"https:\/\/versano.nl\/shop\/dames-leren-jas-315-cognac-versano\/\"><img loading=\"lazy\" decoding=\"async\" class=\"alignnone size-full wp-image-19827\" src=\"https:\/\/versano.nl\/wp-content\/uploads\/sites\/2\/2019\/01\/dames-leren-jassen-cognac-ronde-kraag-315-model2-thumb.jpg\" alt=\"\" width=\"57\" height=\"75\" \/><\/a><a href=\"https:\/\/versano.nl\/shop\/dames-leren-jasje-315-blauw-versano\/\"><img loading=\"lazy\" decoding=\"async\" class=\"alignnone size-full wp-image-19828\" src=\"https:\/\/versano.nl\/wp-content\/uploads\/sites\/2\/2019\/01\/leren-dames-jas-blauw-ronde-kraag-315-model4-thumb.jpg\" alt=\"\" width=\"57\" height=\"75\" \/><\/a><a href=\"https:\/\/versano.nl\/shop\/leren-dames-jas-groen-versano-315\/\"><img loading=\"lazy\" decoding=\"async\" class=\"alignnone size-full wp-image-19829\" src=\"https:\/\/versano.nl\/wp-content\/uploads\/sites\/2\/2019\/01\/leren-dames-jas-groen-ronde-kraag-315-model4-thumb.jpg\" alt=\"\" width=\"57\" height=\"75\" \/><\/a><a href=\"https:\/\/versano.nl\/shop\/leren-dames-jas-315-bruin-versano\/\"><img loading=\"lazy\" decoding=\"async\" class=\"alignnone size-full wp-image-19830\" src=\"https:\/\/versano.nl\/wp-content\/uploads\/sites\/2\/2019\/01\/leren-dames-jassen-bruin-ronde-kraag-315-model3-thumb.jpg\" alt=\"\" width=\"57\" height=\"75\" \/><\/a><a href=\"https:\/\/versano.nl\/shop\/dames-leren-jas-versano-315-zwart\/\"><img loading=\"lazy\" decoding=\"async\" class=\"alignnone size-full wp-image-19831\" src=\"https:\/\/versano.nl\/wp-content\/uploads\/sites\/2\/2019\/01\/leren-dames-jassen-zwart-ronde-kraag-315-model3-thumb.jpg\" alt=\"\" width=\"57\" height=\"75\" \/><\/a><a href=\"https:\/\/versano.nl\/shop\/leren-dames-jas-rood-versano-315\/\"><img loading=\"lazy\" decoding=\"async\" class=\"alignnone size-full wp-image-19833\" src=\"https:\/\/versano.nl\/wp-content\/uploads\/sites\/2\/2019\/01\/leren-jasje-rood-ronde-kraag-315-model2-thumb.jpg\" alt=\"\" width=\"57\" height=\"75\" \/><\/a><\/p>\n<p><span style=\"color: red;\">Consejos de ajuste:<\/span> El ajuste de esta chaqueta est\u00e1 bien ajustado. Nuestro modelo mide 1,68 cm de altura y lleva una talla S.<\/p>\n<p>Si no est\u00e1 seguro de sus medidas, le recomendamos que primero mida las medidas de su talla y las compare con nuestra tabla de tallas. Si no tiene experiencia en medir tama\u00f1os de circunferencia, haga clic en <a href=\"https:\/\/www.youtube.com\/watch?v=3ZSfY87v6pM\"><em><span style=\"text-decoration: none;\">AQU\u00cd<\/span><\/em>\u00a0<\/a>\u00a0para <a href=\"https:\/\/www.youtube.com\/watch?v=3ZSfY87v6pM\"><em><span style=\"color: red; text-decoration: none;\">VIDEO<\/span><\/em><\/a>\u00a0 con instrucciones. \u00a1Tambi\u00e9n puede llamarnos o enviarnos una aplicaci\u00f3n directamente! Nuestros empleados est\u00e1n siempre disponibles para ayudar.<\/p>\n<p><strong><span style=\"color: black;\">EL TIEMPO DE ENTREGA :<\/span><\/strong> 2 a 3 d\u00edas laborables.<\/p>","protected":false},"featured_media":26488,"comment_status":"closed","ping_status":"closed","template":"","meta":[],"product_brand":[],"product_cat":[90,1248,874,875,1470,1247,879,1469,880,1712,881,878,882],"product_tag":[118,119,120,95,121,122,98,101,105,106,107],"class_list":{"0":"post-233","1":"product","2":"type-product","3":"status-publish","4":"has-post-thumbnail","6":"product_cat-dames-leren-jassen","7":"product_cat-grote-maten-leren-dames-jassen","8":"product_cat-kort-leren-jasje","9":"product_cat-kort-leren-jasje-dames","10":"product_cat-leren-dames-jas","11":"product_cat-leren-dames-jas-grote-maat","12":"product_cat-leren-dames-jassen","13":"product_cat-leren-jas-dames","14":"product_cat-leren-jasje-dames","15":"product_cat-leren-jassen","16":"product_cat-leren-jassen-dames","17":"product_cat-leren-jassen-dames-uitverkoop","18":"product_cat-versano","19":"product_tag-beige-leren-jas-dames","20":"product_tag-dames-leren-jas-beige","21":"product_tag-goedkope-dames-leren-jas-beige","22":"product_tag-korte-leren-jassen","23":"product_tag-leren-beige-jas-dames","24":"product_tag-leren-jas-dames-beige","25":"product_tag-leren-jasje","26":"product_tag-online-leren-jassen","27":"product_tag-versano-leren-jassen","28":"product_tag-winter-leren-jassen","29":"product_tag-zomer-leren-jassen","30":"tm-no-options","32":"first","33":"instock","34":"sale","35":"taxable","36":"shipping-taxable","37":"purchasable","38":"product-type-variable"},"yoast_head":"<!-- This site is optimized with the Yoast SEO plugin v27.2 - https:\/\/yoast.com\/product\/yoast-seo-wordpress\/ -->\n<title>Leren dames jas 315 taupe\/camel Versano, leren dames jas taupe<\/title>\n<meta name=\"description\" content=\"Bent u op zoek naar een Leren dames jas 315 taupe\/beige Versano? Dan bent u bij Versano aan het juiste adres voor een nieuwe leren dames jas.\" \/>\n<meta name=\"robots\" content=\"index, follow, max-snippet:-1, max-image-preview:large, max-video-preview:-1\" \/>\n<link rel=\"canonical\" href=\"https:\/\/versano.nl\/es\/shop\/leren-dames-jas-beige-versano-315\/\" \/>\n<meta property=\"og:locale\" content=\"es_ES\" \/>\n<meta property=\"og:type\" content=\"article\" \/>\n<meta property=\"og:title\" content=\"Leren dames jas 315 taupe\/camel Versano, leren dames jas taupe\" \/>\n<meta property=\"og:description\" content=\"Bent u op zoek naar een Leren dames jas 315 taupe\/beige Versano? Dan bent u bij Versano aan het juiste adres voor een nieuwe leren dames jas.\" \/>\n<meta property=\"og:url\" content=\"https:\/\/versano.nl\/es\/shop\/leren-dames-jas-beige-versano-315\/\" \/>\n<meta property=\"og:site_name\" content=\"Versano\" \/>\n<meta property=\"article:modified_time\" content=\"2026-01-20T19:32:49+00:00\" \/>\n<meta property=\"og:image\" content=\"https:\/\/versano.nl\/wp-content\/uploads\/2017\/04\/leren-dames-jas-taupe-camel-versano-315.jpg\" \/>\n\t<meta property=\"og:image:width\" content=\"900\" \/>\n\t<meta property=\"og:image:height\" content=\"1200\" \/>\n\t<meta property=\"og:image:type\" content=\"image\/jpeg\" \/>\n<meta name=\"twitter:card\" content=\"summary_large_image\" \/>\n<meta name=\"twitter:label1\" content=\"Tiempo de lectura\" \/>\n\t<meta name=\"twitter:data1\" content=\"2 minutos\" \/>\n<script type=\"application\/ld+json\" class=\"yoast-schema-graph\">{\"@context\":\"https:\/\/schema.org\",\"@graph\":[{\"@type\":\"WebPage\",\"@id\":\"https:\/\/versano.nl\/shop\/leren-dames-jas-beige-versano-315\/\",\"url\":\"https:\/\/versano.nl\/shop\/leren-dames-jas-beige-versano-315\/\",\"name\":\"Leren dames jas 315 taupe\/camel Versano, leren dames jas taupe\",\"isPartOf\":{\"@id\":\"https:\/\/versano.nl\/#website\"},\"primaryImageOfPage\":{\"@id\":\"https:\/\/versano.nl\/shop\/leren-dames-jas-beige-versano-315\/#primaryimage\"},\"image\":{\"@id\":\"https:\/\/versano.nl\/shop\/leren-dames-jas-beige-versano-315\/#primaryimage\"},\"thumbnailUrl\":\"https:\/\/versano.nl\/wp-content\/uploads\/2017\/04\/leren-dames-jas-taupe-camel-versano-315.jpg\",\"datePublished\":\"2017-04-20T11:06:31+00:00\",\"dateModified\":\"2026-01-20T19:32:49+00:00\",\"description\":\"Bent u op zoek naar een Leren dames jas 315 taupe\/beige Versano? Dan bent u bij Versano aan het juiste adres voor een nieuwe leren dames jas.\",\"breadcrumb\":{\"@id\":\"https:\/\/versano.nl\/shop\/leren-dames-jas-beige-versano-315\/#breadcrumb\"},\"inLanguage\":\"es\",\"potentialAction\":[{\"@type\":\"ReadAction\",\"target\":[\"https:\/\/versano.nl\/shop\/leren-dames-jas-beige-versano-315\/\"]}]},{\"@type\":\"ImageObject\",\"inLanguage\":\"es\",\"@id\":\"https:\/\/versano.nl\/shop\/leren-dames-jas-beige-versano-315\/#primaryimage\",\"url\":\"https:\/\/versano.nl\/wp-content\/uploads\/2017\/04\/leren-dames-jas-taupe-camel-versano-315.jpg\",\"contentUrl\":\"https:\/\/versano.nl\/wp-content\/uploads\/2017\/04\/leren-dames-jas-taupe-camel-versano-315.jpg\",\"width\":900,\"height\":1200,\"caption\":\"leren-dames-jas-taupe-camel-versano-315\"},{\"@type\":\"BreadcrumbList\",\"@id\":\"https:\/\/versano.nl\/shop\/leren-dames-jas-beige-versano-315\/#breadcrumb\",\"itemListElement\":[{\"@type\":\"ListItem\",\"position\":1,\"name\":\"Home\",\"item\":\"https:\/\/versano.nl\/\"},{\"@type\":\"ListItem\",\"position\":2,\"name\":\"Shop\",\"item\":\"https:\/\/versano.nl\/shop\/\"},{\"@type\":\"ListItem\",\"position\":3,\"name\":\"Leren dames jas 315 taupe\/camel Versano\"}]},{\"@type\":\"WebSite\",\"@id\":\"https:\/\/versano.nl\/#website\",\"url\":\"https:\/\/versano.nl\/\",\"name\":\"Versano\",\"description\":\"winterjassen met bontkraag | leren dames jassen | leren heren jassen\",\"potentialAction\":[{\"@type\":\"SearchAction\",\"target\":{\"@type\":\"EntryPoint\",\"urlTemplate\":\"https:\/\/versano.nl\/?s={search_term_string}\"},\"query-input\":{\"@type\":\"PropertyValueSpecification\",\"valueRequired\":true,\"valueName\":\"search_term_string\"}}],\"inLanguage\":\"es\"}]}<\/script>\n<!-- \/ Yoast SEO plugin. -->","yoast_head_json":{"title":"Cazadora de piel para mujer 315 taupe\/camel Versano, cazadora de piel para mujer taupe","description":"\u00bfEst\u00e1s buscando una Chaqueta de cuero para mujer 315 taupe\/beige Versano? Entonces ha venido al lugar correcto en Versano para una nueva chaqueta de cuero para mujer.","robots":{"index":"index","follow":"follow","max-snippet":"max-snippet:-1","max-image-preview":"max-image-preview:large","max-video-preview":"max-video-preview:-1"},"canonical":"https:\/\/versano.nl\/es\/shop\/leren-dames-jas-beige-versano-315\/","og_locale":"es_ES","og_type":"article","og_title":"Leren dames jas 315 taupe\/camel Versano, leren dames jas taupe","og_description":"Bent u op zoek naar een Leren dames jas 315 taupe\/beige Versano? Dan bent u bij Versano aan het juiste adres voor een nieuwe leren dames jas.","og_url":"https:\/\/versano.nl\/es\/shop\/leren-dames-jas-beige-versano-315\/","og_site_name":"Versano","article_modified_time":"2026-01-20T19:32:49+00:00","og_image":[{"width":900,"height":1200,"url":"https:\/\/versano.nl\/wp-content\/uploads\/2017\/04\/leren-dames-jas-taupe-camel-versano-315.jpg","type":"image\/jpeg"}],"twitter_card":"summary_large_image","twitter_misc":{"Tiempo de lectura":"2 minutos"},"schema":{"@context":"https:\/\/schema.org","@graph":[{"@type":"WebPage","@id":"https:\/\/versano.nl\/shop\/leren-dames-jas-beige-versano-315\/","url":"https:\/\/versano.nl\/shop\/leren-dames-jas-beige-versano-315\/","name":"Cazadora de piel para mujer 315 taupe\/camel Versano, cazadora de piel para mujer taupe","isPartOf":{"@id":"https:\/\/versano.nl\/#website"},"primaryImageOfPage":{"@id":"https:\/\/versano.nl\/shop\/leren-dames-jas-beige-versano-315\/#primaryimage"},"image":{"@id":"https:\/\/versano.nl\/shop\/leren-dames-jas-beige-versano-315\/#primaryimage"},"thumbnailUrl":"https:\/\/versano.nl\/wp-content\/uploads\/2017\/04\/leren-dames-jas-taupe-camel-versano-315.jpg","datePublished":"2017-04-20T11:06:31+00:00","dateModified":"2026-01-20T19:32:49+00:00","description":"\u00bfEst\u00e1s buscando una Chaqueta de cuero para mujer 315 taupe\/beige Versano? Entonces ha venido al lugar correcto en Versano para una nueva chaqueta de cuero para mujer.","breadcrumb":{"@id":"https:\/\/versano.nl\/shop\/leren-dames-jas-beige-versano-315\/#breadcrumb"},"inLanguage":"es","potentialAction":[{"@type":"ReadAction","target":["https:\/\/versano.nl\/shop\/leren-dames-jas-beige-versano-315\/"]}]},{"@type":"ImageObject","inLanguage":"es","@id":"https:\/\/versano.nl\/shop\/leren-dames-jas-beige-versano-315\/#primaryimage","url":"https:\/\/versano.nl\/wp-content\/uploads\/2017\/04\/leren-dames-jas-taupe-camel-versano-315.jpg","contentUrl":"https:\/\/versano.nl\/wp-content\/uploads\/2017\/04\/leren-dames-jas-taupe-camel-versano-315.jpg","width":900,"height":1200,"caption":"leren-dames-jas-taupe-camel-versano-315"},{"@type":"BreadcrumbList","@id":"https:\/\/versano.nl\/shop\/leren-dames-jas-beige-versano-315\/#breadcrumb","itemListElement":[{"@type":"ListItem","position":1,"name":"Home","item":"https:\/\/versano.nl\/"},{"@type":"ListItem","position":2,"name":"Shop","item":"https:\/\/versano.nl\/shop\/"},{"@type":"ListItem","position":3,"name":"Leren dames jas 315 taupe\/camel Versano"}]},{"@type":"WebSite","@id":"https:\/\/versano.nl\/#website","url":"https:\/\/versano.nl\/","name":"Versano","description":"abrigos de invierno con cuello de piel | chaquetas de cuero para mujer | chaquetas de cuero para hombre","potentialAction":[{"@type":"SearchAction","target":{"@type":"EntryPoint","urlTemplate":"https:\/\/versano.nl\/?s={search_term_string}"},"query-input":{"@type":"PropertyValueSpecification","valueRequired":true,"valueName":"search_term_string"}}],"inLanguage":"es"}]}},"_links":{"self":[{"href":"https:\/\/versano.nl\/es\/wp-json\/wp\/v2\/product\/233","targetHints":{"allow":["GET"]}}],"collection":[{"href":"https:\/\/versano.nl\/es\/wp-json\/wp\/v2\/product"}],"about":[{"href":"https:\/\/versano.nl\/es\/wp-json\/wp\/v2\/types\/product"}],"replies":[{"embeddable":true,"href":"https:\/\/versano.nl\/es\/wp-json\/wp\/v2\/comments?post=233"}],"wp:featuredmedia":[{"embeddable":true,"href":"https:\/\/versano.nl\/es\/wp-json\/wp\/v2\/media\/26488"}],"wp:attachment":[{"href":"https:\/\/versano.nl\/es\/wp-json\/wp\/v2\/media?parent=233"}],"wp:term":[{"taxonomy":"product_brand","embeddable":true,"href":"https:\/\/versano.nl\/es\/wp-json\/wp\/v2\/product_brand?post=233"},{"taxonomy":"product_cat","embeddable":true,"href":"https:\/\/versano.nl\/es\/wp-json\/wp\/v2\/product_cat?post=233"},{"taxonomy":"product_tag","embeddable":true,"href":"https:\/\/versano.nl\/es\/wp-json\/wp\/v2\/product_tag?post=233"}],"curies":[{"name":"wp","href":"https:\/\/api.w.org\/{rel}","templated":true}]}}