{"id":17112,"date":"2020-08-13T21:52:52","date_gmt":"2020-08-13T21:52:52","guid":{"rendered":"https:\/\/versano.nl\/shop\/heren-winterjas-halflang-grijs-thomas-n-versano\/"},"modified":"2024-12-13T11:40:48","modified_gmt":"2024-12-13T11:40:48","slug":"heren-winterjas-halflang-grijs-thomas-n-versano","status":"publish","type":"product","link":"https:\/\/versano.nl\/es\/shop\/heren-winterjas-halflang-grijs-thomas-n-versano\/","title":{"rendered":"Chaqueta de invierno para hombre de longitud media gris Thomas N Versano"},"content":{"rendered":"<h2><strong><span style=\"font-size: 14.0pt; font-family: 'Arial',sans-serif;\">Chaqueta de invierno para hombre de longitud media gris Thomas N Versano<\/span><\/strong><\/h2>\n<p><span style=\"font-size: 11.0pt; font-family: 'Arial',sans-serif;\">Esta chaqueta de invierno para hombre de Versano tiene un bonito corte entallado y un forro maravillosamente c\u00e1lido. La chaqueta tiene una capucha con botones de presi\u00f3n en los que se puede unir el cuello de piel. Por supuesto, tambi\u00e9n puedes pedir \/ usar esta chaqueta de invierno para hombre de largo medio gris Thomas Versano sin cuello de piel. Adem\u00e1s, la chaqueta tiene un doble cierre que consta de una cremallera y un cierre de bot\u00f3n magn\u00e9tico que contin\u00faa en el cuello alto. Esta chaqueta de invierno tiene 2 bolsillos laterales con cremallera y un bolsillo en el pecho con cremallera. Todos los bolsillos exteriores est\u00e1n hechos de vell\u00f3n para mantener las manos agradables y calientes y la chaqueta tambi\u00e9n tiene 2 bolsillos profundos en el interior. Se trata de una chaqueta con la que puedes estar seguro de que la disfrutar\u00e1s cuando la saques a las inclemencias del tiempo. Te mantiene abrigado y est\u00e1 tan bellamente dise\u00f1ado que sin duda atraer\u00e1s la atenci\u00f3n con \u00e9l.<\/span><\/p>\n<h2><strong><span style=\"font-size: 14.0pt; font-family: 'Arial',sans-serif;\">Solicitar modelo Thomas N en gris<\/span><\/strong><\/h2>\n<p><span style=\"font-size: 11.0pt; font-family: 'Arial',sans-serif;\">Con una chaqueta tan hermosa de Versano, puede estar seguro de que podr\u00e1 usarla durante todo el invierno. Puede pedir f\u00e1cilmente este modelo en la tienda web de Versano. Hemos reunido todas nuestras chaquetas aqu\u00ed para que pueda realizar un pedido f\u00e1cilmente. En Versano siempre puede estar seguro de que est\u00e1 comprando un hermoso abrigo que ha sido trabajado con mimo. Con nosotros, puede elegir f\u00e1cilmente el tama\u00f1o correcto seg\u00fan nuestros videos de instrucciones inteligentes. \u00bfTiene alguna pregunta o no est\u00e1 seguro de qu\u00e9 talla pedir? Entonces siempre puede contactarnos por correo o WhatsApp. \u00a1Nuestros empleados desean ayudarlo!<\/span><\/p>\n<p><span style=\"font-family: 'Arial',sans-serif;\">\u00a0<\/span><\/p>\n<p><span style=\"font-family: 'Arial',sans-serif;\">marca:<a title=\"versano\" href=\"https:\/\/versano.nl\" target=\"_blank\" rel=\"noopener noreferrer\"> Versano<\/a><br \/>\nlongitud: media<br \/>\nAjuste: corte ajustado holand\u00e9s<br \/>\nForro: 100% poli\u00e9ster<br \/>\nespesor del forro: 200 gramos alineados gruesa<br \/>\nlongitud de la manga: manga larga<br \/>\nHood, alineado, s\u00f3lida<br \/>\nLos extras: costuras reforzadas<br \/>\nCierre: cremallera, con solapa protectora.<br \/>\nbolsillos: bolsillos laterales en la cadera con botones autom\u00e1ticos + bolsillo interior<br \/>\nFunci\u00f3n: impermeable, resistente al viento<br \/>\ncapa externa de material: 100% poli\u00e9ster<br \/>\naccesorios: cuello de piel (opcional)<\/span><\/p>\n<p><span style=\"font-size: 11.0pt; font-family: 'Arial',sans-serif;\">Plazo de entrega: 2-3 d\u00edas laborables<\/span><\/p>\n<p><strong>OPCIONAL: piel real CUELLO DEL MAPACHE MAPACHE ART DE PIEL<\/strong><\/p>","protected":false},"excerpt":{"rendered":"<p>ELIGE OTRO COLOR AQU\u00cd<\/p>\n<p><strong><a href=\"https:\/\/versano.nl\/shop\/heren-parka-winterjas-halflang-zwart-thomas-n-versano\/\"><img loading=\"lazy\" decoding=\"async\" class=\"alignnone size-full wp-image-19720\" src=\"https:\/\/versano.nl\/wp-content\/uploads\/sites\/2\/2020\/08\/heren-winterjas-halflang-zwart-met-capuchon-bontkraag-versano-thomas-thumb.jpg\" alt=\"\" width=\"56\" height=\"75\" \/><\/a><a href=\"https:\/\/versano.nl\/shop\/heren-parka-winterjas-thomas-n-versano-blauw\/\"><img loading=\"lazy\" decoding=\"async\" class=\"alignnone size-full wp-image-26985\" src=\"https:\/\/versano.nl\/wp-content\/uploads\/sites\/2\/2022\/09\/heren-winterjas-halflang-zwart-met-capuchon-myversano-thomas-voorkant-gesloten-thumb.jpg\" alt=\"\" width=\"56\" height=\"75\" srcset=\"https:\/\/versano.nl\/wp-content\/uploads\/2022\/09\/heren-winterjas-halflang-zwart-met-capuchon-myversano-thomas-voorkant-gesloten-thumb.jpg 56w, https:\/\/versano.nl\/wp-content\/uploads\/2022\/09\/heren-winterjas-halflang-zwart-met-capuchon-myversano-thomas-voorkant-gesloten-thumb-9x12.jpg 9w\" sizes=\"auto, (max-width: 56px) 100vw, 56px\" \/><\/a><\/strong><\/p>\n<p style=\"background: white; margin: 0cm 0cm 15.0pt 0cm;\"><strong><span style=\"font-size: 9.5pt; font-family: 'Arial',sans-serif; color: red;\">Consejos de ajuste:\u00a0<\/span><\/strong><span style=\"font-size: 9.5pt; font-family: 'Arial',sans-serif; color: #555555;\">El ajuste de esta chaqueta es ajustado. Nuestro modelo mide 1,85 cm de altura y lleva una talla M.<\/span><\/p>\n<p style=\"background: white; box-sizing: border-box; text-rendering: optimizelegibility; font-variant-ligatures: normal; font-variant-caps: normal; orphans: 2; text-align: start; widows: 2; -webkit-text-stroke-width: 0px; text-decoration-thickness: initial; text-decoration-style: initial; text-decoration-color: initial; word-spacing: 0px; margin: 0cm 0cm 15.0pt 0cm;\"><span style=\"font-size: 9.5pt; font-family: 'Arial',sans-serif; color: #555555;\">Si no est\u00e1 seguro de sus medidas, le recomendamos que primero mida las medidas de su talla y las compare con nuestra tabla de tallas. Si no tiene experiencia en medir tama\u00f1os de circunferencia, haga clic en\u00a0<a style=\"box-sizing: border-box; line-height: inherit;\" href=\"https:\/\/www.youtube.com\/watch?v=3ZSfY87v6pM\"><em style=\"box-sizing: border-box; line-height: inherit;\"><span style=\"font-family: 'Arial',sans-serif; color: #333333; text-decoration: none; text-underline: none;\">AQU\u00cd<\/span><\/em><span style=\"color: #333333;\">\u00a0<\/span><\/a>\u00a0para\u00a0<\/span><span style=\"box-sizing: border-box;\"><span style=\"font-size: 9.5pt; font-family: 'Arial',sans-serif; color: red;\"><a style=\"box-sizing: border-box; line-height: inherit;\" href=\"https:\/\/www.youtube.com\/watch?v=3ZSfY87v6pM\"><em style=\"box-sizing: border-box; line-height: inherit;\"><span style=\"font-family: 'Arial',sans-serif; color: red; text-decoration: none; text-underline: none;\">VIDEO<\/span><\/em><\/a><\/span><\/span><span style=\"font-size: 9.5pt; font-family: 'Arial',sans-serif; color: #555555;\">\u00a0 ver con instrucciones. \u00a1Tambi\u00e9n puede llamarnos o enviarnos una aplicaci\u00f3n directamente! Nuestros empleados est\u00e1n siempre disponibles para ayudar.<\/span><\/p>\n<p style=\"background: white; box-sizing: border-box; text-rendering: optimizelegibility; font-variant-ligatures: normal; font-variant-caps: normal; orphans: 2; text-align: start; widows: 2; -webkit-text-stroke-width: 0px; text-decoration-thickness: initial; text-decoration-style: initial; text-decoration-color: initial; word-spacing: 0px; margin: 0cm 0cm 15.0pt 0cm;\"><strong style=\"box-sizing: border-box; line-height: inherit;\"><span style=\"font-size: 9.5pt; font-family: 'Arial',sans-serif; color: #555555;\">EL TIEMPO DE ENTREGA :<\/span><\/strong><span style=\"font-size: 9.5pt; font-family: 'Arial',sans-serif; color: #555555;\">\u00a02 a 3 d\u00edas laborables.<\/span><\/p>\n<p style=\"background: white; box-sizing: border-box; text-rendering: optimizelegibility; font-variant-ligatures: normal; font-variant-caps: normal; orphans: 2; text-align: start; widows: 2; -webkit-text-stroke-width: 0px; text-decoration-thickness: initial; text-decoration-style: initial; text-decoration-color: initial; word-spacing: 0px; margin: 0cm 0cm 15.0pt 0cm;\"><span style=\"box-sizing: border-box;\"><span style=\"font-size: 9.5pt; font-family: 'Arial',sans-serif; color: red;\">INFORMACION IMPORTANTE:<\/span><\/span><span style=\"font-size: 9.5pt; font-family: 'Arial',sans-serif; color: #555555;\">\u00a0Puedes comprar cualquier chaqueta Versano con o sin cuello de piel, el cuello de piel no est\u00e1 incluido.<\/span><\/p>","protected":false},"featured_media":18958,"comment_status":"closed","ping_status":"closed","template":"","meta":[],"product_brand":[],"product_cat":[1403,231,1146,1596,1601,1605,2060,1037,1080,882,1143,1147,1041,1081,1404,1082,1547],"product_tag":[1611,1309,1614,1310,1311,1312,1612,1616,1185,572,1615,1613],"class_list":{"0":"post-17112","1":"product","2":"type-product","3":"status-publish","4":"has-post-thumbnail","6":"product_cat-bontkraag-jas","7":"product_cat-heren-jassen-met-bontkraag","8":"product_cat-heren-winterjas","9":"product_cat-heren-winterjas-met-bontkraag","10":"product_cat-heren-winterjas-met-pels","11":"product_cat-heren-winterjas-parka","12":"product_cat-heren-winterjassen","13":"product_cat-jas-met-bontkraag","14":"product_cat-jas-met-bontkraag-heren","15":"product_cat-versano","16":"product_cat-winterjas","17":"product_cat-winterjas-heren","18":"product_cat-winterjas-met-bontkraag","19":"product_cat-winterjas-met-bontkraag-heren","20":"product_cat-winterjassen","21":"product_cat-winterjassen-met-bontkraag-heren","22":"product_cat-winterjassen-heren","23":"product_tag-goedkope-winterjassen","24":"product_tag-grijze-heren-parka-jas","25":"product_tag-grijze-winterjas-heren","26":"product_tag-heren-parka-jas-grijs","27":"product_tag-parka-heren-jas-grijs","28":"product_tag-parka-heren-winterjas","29":"product_tag-uitverkoop-winterjassen","30":"product_tag-versano-winterjassen-heren","31":"product_tag-winterjas-heren","32":"product_tag-winterjas-met-bontkraag-heren","33":"product_tag-winterjas-met-kraag-voor-heren","34":"product_tag-winterjassen-heren-in-sale","35":"tm-has-options","37":"first","38":"instock","39":"taxable","40":"shipping-taxable","41":"purchasable","42":"product-type-variable"},"yoast_head":"<!-- This site is optimized with the Yoast SEO plugin v27.2 - https:\/\/yoast.com\/product\/yoast-seo-wordpress\/ -->\n<title>Heren winterjas halflang grijs Thomas N Versano, zwarte parke heren jas<\/title>\n<meta name=\"description\" content=\"Ben je op zoek naar een Heren winterjas halflang grijs Thomas N Versano, dan ben je bij Versano aan het juiste adres voor parka jassen.\" \/>\n<meta name=\"robots\" content=\"index, follow, max-snippet:-1, max-image-preview:large, max-video-preview:-1\" \/>\n<link rel=\"canonical\" href=\"https:\/\/versano.nl\/es\/shop\/heren-winterjas-halflang-grijs-thomas-n-versano\/\" \/>\n<meta property=\"og:locale\" content=\"es_ES\" \/>\n<meta property=\"og:type\" content=\"article\" \/>\n<meta property=\"og:title\" content=\"Heren winterjas halflang grijs Thomas N Versano, zwarte parke heren jas\" \/>\n<meta property=\"og:description\" content=\"Ben je op zoek naar een Heren winterjas halflang grijs Thomas N Versano, dan ben je bij Versano aan het juiste adres voor parka jassen.\" \/>\n<meta property=\"og:url\" content=\"https:\/\/versano.nl\/es\/shop\/heren-winterjas-halflang-grijs-thomas-n-versano\/\" \/>\n<meta property=\"og:site_name\" content=\"Versano\" \/>\n<meta property=\"article:modified_time\" content=\"2024-12-13T11:40:48+00:00\" \/>\n<meta property=\"og:image\" content=\"https:\/\/versano.nl\/wp-content\/uploads\/2020\/12\/heren-winterjas-halflang-grijs-met-capuchon-bontkraag-versano-thomas-voorkant.jpg\" \/>\n\t<meta property=\"og:image:width\" content=\"900\" \/>\n\t<meta property=\"og:image:height\" content=\"1200\" \/>\n\t<meta property=\"og:image:type\" content=\"image\/jpeg\" \/>\n<meta name=\"twitter:card\" content=\"summary_large_image\" \/>\n<meta name=\"twitter:label1\" content=\"Tiempo de lectura\" \/>\n\t<meta name=\"twitter:data1\" content=\"2 minutos\" \/>\n<script type=\"application\/ld+json\" class=\"yoast-schema-graph\">{\"@context\":\"https:\/\/schema.org\",\"@graph\":[{\"@type\":\"WebPage\",\"@id\":\"https:\/\/versano.nl\/shop\/heren-winterjas-halflang-grijs-thomas-n-versano\/\",\"url\":\"https:\/\/versano.nl\/shop\/heren-winterjas-halflang-grijs-thomas-n-versano\/\",\"name\":\"Heren winterjas halflang grijs Thomas N Versano, zwarte parke heren jas\",\"isPartOf\":{\"@id\":\"https:\/\/versano.nl\/#website\"},\"primaryImageOfPage\":{\"@id\":\"https:\/\/versano.nl\/shop\/heren-winterjas-halflang-grijs-thomas-n-versano\/#primaryimage\"},\"image\":{\"@id\":\"https:\/\/versano.nl\/shop\/heren-winterjas-halflang-grijs-thomas-n-versano\/#primaryimage\"},\"thumbnailUrl\":\"https:\/\/versano.nl\/wp-content\/uploads\/2020\/12\/heren-winterjas-halflang-grijs-met-capuchon-bontkraag-versano-thomas-voorkant.jpg\",\"datePublished\":\"2020-08-13T21:52:52+00:00\",\"dateModified\":\"2024-12-13T11:40:48+00:00\",\"description\":\"Ben je op zoek naar een Heren winterjas halflang grijs Thomas N Versano, dan ben je bij Versano aan het juiste adres voor parka jassen.\",\"breadcrumb\":{\"@id\":\"https:\/\/versano.nl\/shop\/heren-winterjas-halflang-grijs-thomas-n-versano\/#breadcrumb\"},\"inLanguage\":\"es\",\"potentialAction\":[{\"@type\":\"ReadAction\",\"target\":[\"https:\/\/versano.nl\/shop\/heren-winterjas-halflang-grijs-thomas-n-versano\/\"]}]},{\"@type\":\"ImageObject\",\"inLanguage\":\"es\",\"@id\":\"https:\/\/versano.nl\/shop\/heren-winterjas-halflang-grijs-thomas-n-versano\/#primaryimage\",\"url\":\"https:\/\/versano.nl\/wp-content\/uploads\/2020\/12\/heren-winterjas-halflang-grijs-met-capuchon-bontkraag-versano-thomas-voorkant.jpg\",\"contentUrl\":\"https:\/\/versano.nl\/wp-content\/uploads\/2020\/12\/heren-winterjas-halflang-grijs-met-capuchon-bontkraag-versano-thomas-voorkant.jpg\",\"width\":900,\"height\":1200,\"caption\":\"heren-winterjas-halflang-grijs-met-capuchon-bontkraag-versano-thomas-voorkant.jpg\"},{\"@type\":\"BreadcrumbList\",\"@id\":\"https:\/\/versano.nl\/shop\/heren-winterjas-halflang-grijs-thomas-n-versano\/#breadcrumb\",\"itemListElement\":[{\"@type\":\"ListItem\",\"position\":1,\"name\":\"Home\",\"item\":\"https:\/\/versano.nl\/\"},{\"@type\":\"ListItem\",\"position\":2,\"name\":\"Shop\",\"item\":\"https:\/\/versano.nl\/shop\/\"},{\"@type\":\"ListItem\",\"position\":3,\"name\":\"Heren winterjas halflang grijs Thomas N Versano\"}]},{\"@type\":\"WebSite\",\"@id\":\"https:\/\/versano.nl\/#website\",\"url\":\"https:\/\/versano.nl\/\",\"name\":\"Versano\",\"description\":\"winterjassen met bontkraag | leren dames jassen | leren heren jassen\",\"potentialAction\":[{\"@type\":\"SearchAction\",\"target\":{\"@type\":\"EntryPoint\",\"urlTemplate\":\"https:\/\/versano.nl\/?s={search_term_string}\"},\"query-input\":{\"@type\":\"PropertyValueSpecification\",\"valueRequired\":true,\"valueName\":\"search_term_string\"}}],\"inLanguage\":\"es\"}]}<\/script>\n<!-- \/ Yoast SEO plugin. -->","yoast_head_json":{"title":"Chaqueta de invierno para hombre de longitud media gris Thomas N Versano, chaqueta de hombre parke negra","description":"\u00bfEst\u00e1 buscando una chaqueta de invierno para hombre de longitud media gris Thomas N Versano, entonces Versano es el lugar adecuado para las chaquetas parka.","robots":{"index":"index","follow":"follow","max-snippet":"max-snippet:-1","max-image-preview":"max-image-preview:large","max-video-preview":"max-video-preview:-1"},"canonical":"https:\/\/versano.nl\/es\/shop\/heren-winterjas-halflang-grijs-thomas-n-versano\/","og_locale":"es_ES","og_type":"article","og_title":"Heren winterjas halflang grijs Thomas N Versano, zwarte parke heren jas","og_description":"Ben je op zoek naar een Heren winterjas halflang grijs Thomas N Versano, dan ben je bij Versano aan het juiste adres voor parka jassen.","og_url":"https:\/\/versano.nl\/es\/shop\/heren-winterjas-halflang-grijs-thomas-n-versano\/","og_site_name":"Versano","article_modified_time":"2024-12-13T11:40:48+00:00","og_image":[{"width":900,"height":1200,"url":"https:\/\/versano.nl\/wp-content\/uploads\/2020\/12\/heren-winterjas-halflang-grijs-met-capuchon-bontkraag-versano-thomas-voorkant.jpg","type":"image\/jpeg"}],"twitter_card":"summary_large_image","twitter_misc":{"Tiempo de lectura":"2 minutos"},"schema":{"@context":"https:\/\/schema.org","@graph":[{"@type":"WebPage","@id":"https:\/\/versano.nl\/shop\/heren-winterjas-halflang-grijs-thomas-n-versano\/","url":"https:\/\/versano.nl\/shop\/heren-winterjas-halflang-grijs-thomas-n-versano\/","name":"Chaqueta de invierno para hombre de longitud media gris Thomas N Versano, chaqueta de hombre parke negra","isPartOf":{"@id":"https:\/\/versano.nl\/#website"},"primaryImageOfPage":{"@id":"https:\/\/versano.nl\/shop\/heren-winterjas-halflang-grijs-thomas-n-versano\/#primaryimage"},"image":{"@id":"https:\/\/versano.nl\/shop\/heren-winterjas-halflang-grijs-thomas-n-versano\/#primaryimage"},"thumbnailUrl":"https:\/\/versano.nl\/wp-content\/uploads\/2020\/12\/heren-winterjas-halflang-grijs-met-capuchon-bontkraag-versano-thomas-voorkant.jpg","datePublished":"2020-08-13T21:52:52+00:00","dateModified":"2024-12-13T11:40:48+00:00","description":"\u00bfEst\u00e1 buscando una chaqueta de invierno para hombre de longitud media gris Thomas N Versano, entonces Versano es el lugar adecuado para las chaquetas parka.","breadcrumb":{"@id":"https:\/\/versano.nl\/shop\/heren-winterjas-halflang-grijs-thomas-n-versano\/#breadcrumb"},"inLanguage":"es","potentialAction":[{"@type":"ReadAction","target":["https:\/\/versano.nl\/shop\/heren-winterjas-halflang-grijs-thomas-n-versano\/"]}]},{"@type":"ImageObject","inLanguage":"es","@id":"https:\/\/versano.nl\/shop\/heren-winterjas-halflang-grijs-thomas-n-versano\/#primaryimage","url":"https:\/\/versano.nl\/wp-content\/uploads\/2020\/12\/heren-winterjas-halflang-grijs-met-capuchon-bontkraag-versano-thomas-voorkant.jpg","contentUrl":"https:\/\/versano.nl\/wp-content\/uploads\/2020\/12\/heren-winterjas-halflang-grijs-met-capuchon-bontkraag-versano-thomas-voorkant.jpg","width":900,"height":1200,"caption":"heren-winterjas-halflang-grijs-met-capuchon-bontkraag-versano-thomas-voorkant.jpg"},{"@type":"BreadcrumbList","@id":"https:\/\/versano.nl\/shop\/heren-winterjas-halflang-grijs-thomas-n-versano\/#breadcrumb","itemListElement":[{"@type":"ListItem","position":1,"name":"Home","item":"https:\/\/versano.nl\/"},{"@type":"ListItem","position":2,"name":"Shop","item":"https:\/\/versano.nl\/shop\/"},{"@type":"ListItem","position":3,"name":"Heren winterjas halflang grijs Thomas N Versano"}]},{"@type":"WebSite","@id":"https:\/\/versano.nl\/#website","url":"https:\/\/versano.nl\/","name":"Versano","description":"abrigos de invierno con cuello de piel | chaquetas de cuero para mujer | chaquetas de cuero para hombre","potentialAction":[{"@type":"SearchAction","target":{"@type":"EntryPoint","urlTemplate":"https:\/\/versano.nl\/?s={search_term_string}"},"query-input":{"@type":"PropertyValueSpecification","valueRequired":true,"valueName":"search_term_string"}}],"inLanguage":"es"}]}},"_links":{"self":[{"href":"https:\/\/versano.nl\/es\/wp-json\/wp\/v2\/product\/17112","targetHints":{"allow":["GET"]}}],"collection":[{"href":"https:\/\/versano.nl\/es\/wp-json\/wp\/v2\/product"}],"about":[{"href":"https:\/\/versano.nl\/es\/wp-json\/wp\/v2\/types\/product"}],"replies":[{"embeddable":true,"href":"https:\/\/versano.nl\/es\/wp-json\/wp\/v2\/comments?post=17112"}],"wp:featuredmedia":[{"embeddable":true,"href":"https:\/\/versano.nl\/es\/wp-json\/wp\/v2\/media\/18958"}],"wp:attachment":[{"href":"https:\/\/versano.nl\/es\/wp-json\/wp\/v2\/media?parent=17112"}],"wp:term":[{"taxonomy":"product_brand","embeddable":true,"href":"https:\/\/versano.nl\/es\/wp-json\/wp\/v2\/product_brand?post=17112"},{"taxonomy":"product_cat","embeddable":true,"href":"https:\/\/versano.nl\/es\/wp-json\/wp\/v2\/product_cat?post=17112"},{"taxonomy":"product_tag","embeddable":true,"href":"https:\/\/versano.nl\/es\/wp-json\/wp\/v2\/product_tag?post=17112"}],"curies":[{"name":"wp","href":"https:\/\/api.w.org\/{rel}","templated":true}]}}