{"id":16992,"date":"2020-08-08T12:13:45","date_gmt":"2020-08-08T12:13:45","guid":{"rendered":"https:\/\/versano.nl\/shop\/dames-parka-winterjas-4pocket-zwart-mary-versano\/"},"modified":"2026-03-29T22:18:47","modified_gmt":"2026-03-29T22:18:47","slug":"dames-parka-winterjas-4pocket-zwart-mary-versano","status":"publish","type":"product","link":"https:\/\/versano.nl\/es\/shop\/dames-parka-winterjas-4pocket-zwart-mary-versano\/","title":{"rendered":"Chaqueta de invierno parka para mujer Marry black Versano"},"content":{"rendered":"<h2>Chaqueta de invierno parka para mujer Marry black Versano<\/h2>\n<p>\u00bfEst\u00e1s buscando la chaqueta de invierno perfecta Chaqueta de invierno parka para mujer Casarse con Versano negro para pasar el invierno? \u00bfUna chaqueta de marca que se puede suministrar con y sin cuello de piel? Entonces te recomendamos que eches un vistazo a esta chaqueta de invierno para mujer con los guantes sin dedos adicionales hechos con una banda el\u00e1stica el\u00e1stica al final de las mangas en la mu\u00f1eca. Pasas el pulgar por esto y tienes la seguridad de tener unas manos c\u00e1lidas. Este es uno de los nuevos modelos de chaquetas modelo parka de Versano. Esta chaqueta de invierno para mujer Chaqueta de invierno parka para mujer Marry black Versano es un modelo de longitud media con 2 bolsillos a la altura de la cadera y 2 bolsillos laterales a la altura del pecho. Estos bolsillos se pueden cerrar con un bot\u00f3n. Es una de las chaquetas Versano m\u00e1s vendidas a un precio muy competitivo.<\/p>\n<h2>\u00bfComprar un abrigo de invierno parka negro de 4 bolsillos para mujer?<\/h2>\n<p>Con este nuevo modelo de chaqueta de invierno para mujer negra de 4 bolsillos de Versano, obtienes una chaqueta que sin duda disfrutar\u00e1s durante mucho tiempo. Se trata de una chaqueta con la que puedes estar seguro de que la disfrutar\u00e1s cuando te adentres en las inclemencias del tiempo con ella. Te mantiene abrigado y est\u00e1 tan bellamente dise\u00f1ado que sin duda atraer\u00e1s la atenci\u00f3n. Hacer un pedido es muy f\u00e1cil y nuestros empleados se asegurar\u00e1n de que le env\u00eden su chaqueta lo antes posible.<\/p>\n<p>&nbsp;<\/p>\n<p>Marca: Versano<br \/>\nlongitud: media<br \/>\najuste: Regular ajustado<br \/>\nforro: 100% poli\u00e9ster<br \/>\nespesor del forro: 200 gramos alineados gruesa<br \/>\nlongitud de la manga: manga larga<br \/>\ncampana: alineado, s\u00f3lida<br \/>\nLos extras: costuras reforzadas<br \/>\nCierre: cremallera y botones con solapa de protecci\u00f3n, cremallera frontal<br \/>\nbolsillos: bolsillos laterales, bolsillos rectos y bolsillo interior<br \/>\nFunci\u00f3n: impermeable, resistente al viento<br \/>\nmaterial: poli\u00e9ster<br \/>\naccesorios: cuello de piel (opcional)<br \/>\nextra: guantes sin dedos (extremo de la manga) de pana el\u00e1stica<\/p>\n<p>Tiempo de entrega: 2-3 d\u00edas<\/p>\n<p><strong>OPCIONAL: piel real CUELLO DEL MAPACHE MAPACHE ART DE PIEL<\/strong><\/p>\n<p>&nbsp;<\/p>","protected":false},"excerpt":{"rendered":"<p><strong>ELIGE OTRO COLOR AQU\u00cd<\/strong><\/p>\n<p><span style=\"color: #ff0000;\"><a href=\"https:\/\/versano.nl\/shop\/parka-winterjas-4pocket-blauw-mary-versano\/\"><img loading=\"lazy\" decoding=\"async\" class=\"alignnone size-full wp-image-19657\" src=\"https:\/\/versano.nl\/wp-content\/uploads\/sites\/2\/2020\/08\/4pocket-halflange-dames-parka-winterjas-blauw-met-bontkraag-versano-mary-voorkant-thumb.jpg\" alt=\"\" width=\"56\" height=\"75\" \/><\/a><a href=\"https:\/\/versano.nl\/shop\/dames-parka-winterjas-grijs-4-pocket-mary-versano\/\"><img loading=\"lazy\" decoding=\"async\" class=\"alignnone size-full wp-image-19658\" src=\"https:\/\/versano.nl\/wp-content\/uploads\/sites\/2\/2020\/08\/4pocket-halflange-dames-parka-winterjas-grijs-met-bontkraag-versano-mary-voorkant-thumb.jpg\" alt=\"\" width=\"56\" height=\"75\" \/><\/a><\/span><\/p>\n<p><span style=\"color: #ff0000;\"><strong>Consejos de ajuste:<\/strong><\/span><\/p>\n<p><span style=\"color: #ff0000;\"> Getailleerde pasvorm, bekijk de maattabel voor de juiste maat.<\/span><\/p>\n<p><span style=\"color: #ff0000;\">Ons model is 1.64 m en weegt 63 kilo, ze draagt een XS.<\/span><\/p>\n<p>Si no est\u00e1 seguro de sus medidas, le recomendamos que primero mida las medidas de su talla y las compare con nuestra tabla de tallas. Si no tiene experiencia en medir tama\u00f1os de circunferencia, haga clic en\u00a0<a href=\"https:\/\/www.youtube.com\/watch?v=3ZSfY87v6pM\"><em>AQU\u00cd<\/em>\u00a0<\/a>\u00a0para\u00a0<span style=\"color: #ff0000;\"><a style=\"color: #ff0000;\" href=\"https:\/\/www.youtube.com\/watch?v=3ZSfY87v6pM\"><em>VIDEO<\/em><\/a><\/span>\u00a0\u00a0con instrucciones. \u00a1Tambi\u00e9n puede llamarnos o enviarnos una aplicaci\u00f3n directamente! Nuestros empleados est\u00e1n siempre disponibles para ayudar.<\/p>\n<p><strong>EL TIEMPO DE ENTREGA<\/strong> : 2 a 3 d\u00edas h\u00e1biles.<\/p>\n<p><span style=\"color: #ff0000;\">INFORMACION IMPORTANTE:<\/span><\/p>\n<p>Wij hebben een gedetailleerd pasvorm advies aangegeven in de product afbeeldingen. Bekijk dit voordat u een bestelling plaatst.<\/p>\n<p>Puedes comprar cualquier chaqueta Versano con o sin cuello de piel, el cuello de piel no est\u00e1 incluido.<\/p>","protected":false},"featured_media":35217,"comment_status":"closed","ping_status":"closed","template":"","meta":[],"product_brand":[],"product_cat":[1403,89,1012,1353,1406,1145,1384,1389,1382,828,1383,1037,1038,882,1143,1144,2204,1415,1041,1042,215,1404,1339],"product_tag":[1301,1373,1380,1374,1375,1355,1381,1357,1397,225,1356,772,1360,1396,1300,1304],"class_list":{"0":"post-16992","1":"product","2":"type-product","3":"status-publish","4":"has-post-thumbnail","6":"product_cat-bontkraag-jas","7":"product_cat-dames","8":"product_cat-dames-jas-met-bontkraag","9":"product_cat-dames-jas-met-pels","10":"product_cat-dames-parka-winterjas","11":"product_cat-dames-winterjas","12":"product_cat-dames-winterjas-met-bontkraag","13":"product_cat-dames-winterjas-met-pels","14":"product_cat-dames-winterjassen","15":"product_cat-dames-winterjassen-grote-maten","16":"product_cat-dames-winterjassen-met-bontkraag","17":"product_cat-jas-met-bontkraag","18":"product_cat-jas-met-bontkraag-dames","19":"product_cat-versano","20":"product_cat-winterjas","21":"product_cat-winterjas-dames","22":"product_cat-winterjas-dames-halflang","23":"product_cat-winterjas-dames-met-bontkraag","24":"product_cat-winterjas-met-bontkraag","25":"product_cat-winterjas-met-bontkraag-dames","26":"product_cat-dames-jassen-met-bontkraag","27":"product_cat-winterjassen","28":"product_cat-winterjassen-dames","29":"product_tag-dames-parka-4-pocket-jas","30":"product_tag-dames-parka-jas-met-bontkraag","31":"product_tag-pels-jas-dames","32":"product_tag-versano-winterjas","33":"product_tag-versano-winterjassen-dames","34":"product_tag-winterjas-dames","35":"product_tag-winterjas-dames-met-pels","36":"product_tag-winterjas-dames-parka","37":"product_tag-winterjas-dames-parka-zwart","38":"product_tag-winterjas-met-bontkraag-dames","39":"product_tag-winterjassen-dames","40":"product_tag-winterjassen-met-bontkraag-dames","41":"product_tag-winterjassen-met-pels-dames","42":"product_tag-winterjs-dames","43":"product_tag-zwarte-parka-4-pocket-jas-dames","44":"product_tag-zwarte-winterjas-met-4-zakken","45":"tm-has-options","47":"first","48":"instock","49":"sale","50":"taxable","51":"shipping-taxable","52":"purchasable","53":"product-type-variable"},"yoast_head":"<!-- This site is optimized with the Yoast SEO plugin v27.2 - https:\/\/yoast.com\/product\/yoast-seo-wordpress\/ -->\n<title>Dames parka winterjas Marry zwart Versano, parka jassen dames<\/title>\n<meta name=\"description\" content=\"Bent u op zoek naar een Dames parka winterjas Marry zwart Versanoo, dan bent u bij ons aan het juiste adres voor winterjassen.\" \/>\n<meta name=\"robots\" content=\"index, follow, max-snippet:-1, max-image-preview:large, max-video-preview:-1\" \/>\n<link rel=\"canonical\" href=\"https:\/\/versano.nl\/es\/shop\/dames-parka-winterjas-4pocket-zwart-mary-versano\/\" \/>\n<meta property=\"og:locale\" content=\"es_ES\" \/>\n<meta property=\"og:type\" content=\"article\" \/>\n<meta property=\"og:title\" content=\"Dames parka winterjas Marry zwart Versano, parka jassen dames\" \/>\n<meta property=\"og:description\" content=\"Bent u op zoek naar een Dames parka winterjas Marry zwart Versanoo, dan bent u bij ons aan het juiste adres voor winterjassen.\" \/>\n<meta property=\"og:url\" content=\"https:\/\/versano.nl\/es\/shop\/dames-parka-winterjas-4pocket-zwart-mary-versano\/\" \/>\n<meta property=\"og:site_name\" content=\"Versano\" \/>\n<meta property=\"article:modified_time\" content=\"2026-03-29T22:18:47+00:00\" \/>\n<meta property=\"og:image\" content=\"https:\/\/versano.nl\/wp-content\/uploads\/2020\/08\/thumbnail_IMG_7934.jpg\" \/>\n\t<meta property=\"og:image:width\" content=\"798\" \/>\n\t<meta property=\"og:image:height\" content=\"1200\" \/>\n\t<meta property=\"og:image:type\" content=\"image\/jpeg\" \/>\n<meta name=\"twitter:card\" content=\"summary_large_image\" \/>\n<meta name=\"twitter:label1\" content=\"Tiempo de lectura\" \/>\n\t<meta name=\"twitter:data1\" content=\"2 minutos\" \/>\n<script type=\"application\/ld+json\" class=\"yoast-schema-graph\">{\"@context\":\"https:\/\/schema.org\",\"@graph\":[{\"@type\":\"WebPage\",\"@id\":\"https:\/\/versano.nl\/shop\/dames-parka-winterjas-4pocket-zwart-mary-versano\/\",\"url\":\"https:\/\/versano.nl\/shop\/dames-parka-winterjas-4pocket-zwart-mary-versano\/\",\"name\":\"Dames parka winterjas Marry zwart Versano, parka jassen dames\",\"isPartOf\":{\"@id\":\"https:\/\/versano.nl\/#website\"},\"primaryImageOfPage\":{\"@id\":\"https:\/\/versano.nl\/shop\/dames-parka-winterjas-4pocket-zwart-mary-versano\/#primaryimage\"},\"image\":{\"@id\":\"https:\/\/versano.nl\/shop\/dames-parka-winterjas-4pocket-zwart-mary-versano\/#primaryimage\"},\"thumbnailUrl\":\"https:\/\/versano.nl\/wp-content\/uploads\/2020\/08\/thumbnail_IMG_7934.jpg\",\"datePublished\":\"2020-08-08T12:13:45+00:00\",\"dateModified\":\"2026-03-29T22:18:47+00:00\",\"description\":\"Bent u op zoek naar een Dames parka winterjas Marry zwart Versanoo, dan bent u bij ons aan het juiste adres voor winterjassen.\",\"breadcrumb\":{\"@id\":\"https:\/\/versano.nl\/shop\/dames-parka-winterjas-4pocket-zwart-mary-versano\/#breadcrumb\"},\"inLanguage\":\"es\",\"potentialAction\":[{\"@type\":\"ReadAction\",\"target\":[\"https:\/\/versano.nl\/shop\/dames-parka-winterjas-4pocket-zwart-mary-versano\/\"]}]},{\"@type\":\"ImageObject\",\"inLanguage\":\"es\",\"@id\":\"https:\/\/versano.nl\/shop\/dames-parka-winterjas-4pocket-zwart-mary-versano\/#primaryimage\",\"url\":\"https:\/\/versano.nl\/wp-content\/uploads\/2020\/08\/thumbnail_IMG_7934.jpg\",\"contentUrl\":\"https:\/\/versano.nl\/wp-content\/uploads\/2020\/08\/thumbnail_IMG_7934.jpg\",\"width\":798,\"height\":1200,\"caption\":\"Dames parka winterjas Marry zwart Versano\"},{\"@type\":\"BreadcrumbList\",\"@id\":\"https:\/\/versano.nl\/shop\/dames-parka-winterjas-4pocket-zwart-mary-versano\/#breadcrumb\",\"itemListElement\":[{\"@type\":\"ListItem\",\"position\":1,\"name\":\"Home\",\"item\":\"https:\/\/versano.nl\/\"},{\"@type\":\"ListItem\",\"position\":2,\"name\":\"Shop\",\"item\":\"https:\/\/versano.nl\/shop\/\"},{\"@type\":\"ListItem\",\"position\":3,\"name\":\"Dames parka winterjas Marry zwart Versano\"}]},{\"@type\":\"WebSite\",\"@id\":\"https:\/\/versano.nl\/#website\",\"url\":\"https:\/\/versano.nl\/\",\"name\":\"Versano\",\"description\":\"winterjassen met bontkraag | leren dames jassen | leren heren jassen\",\"potentialAction\":[{\"@type\":\"SearchAction\",\"target\":{\"@type\":\"EntryPoint\",\"urlTemplate\":\"https:\/\/versano.nl\/?s={search_term_string}\"},\"query-input\":{\"@type\":\"PropertyValueSpecification\",\"valueRequired\":true,\"valueName\":\"search_term_string\"}}],\"inLanguage\":\"es\"}]}<\/script>\n<!-- \/ Yoast SEO plugin. -->","yoast_head_json":{"title":"Chaqueta de invierno parka para mujer Marry black Versano, chaquetas parka para mujer","description":"\u00bfEst\u00e1 buscando una chaqueta de invierno parka para mujer? Marry black Versanoo, entonces ha venido al lugar correcto para las chaquetas de invierno.","robots":{"index":"index","follow":"follow","max-snippet":"max-snippet:-1","max-image-preview":"max-image-preview:large","max-video-preview":"max-video-preview:-1"},"canonical":"https:\/\/versano.nl\/es\/shop\/dames-parka-winterjas-4pocket-zwart-mary-versano\/","og_locale":"es_ES","og_type":"article","og_title":"Dames parka winterjas Marry zwart Versano, parka jassen dames","og_description":"Bent u op zoek naar een Dames parka winterjas Marry zwart Versanoo, dan bent u bij ons aan het juiste adres voor winterjassen.","og_url":"https:\/\/versano.nl\/es\/shop\/dames-parka-winterjas-4pocket-zwart-mary-versano\/","og_site_name":"Versano","article_modified_time":"2026-03-29T22:18:47+00:00","og_image":[{"width":798,"height":1200,"url":"https:\/\/versano.nl\/wp-content\/uploads\/2020\/08\/thumbnail_IMG_7934.jpg","type":"image\/jpeg"}],"twitter_card":"summary_large_image","twitter_misc":{"Tiempo de lectura":"2 minutos"},"schema":{"@context":"https:\/\/schema.org","@graph":[{"@type":"WebPage","@id":"https:\/\/versano.nl\/shop\/dames-parka-winterjas-4pocket-zwart-mary-versano\/","url":"https:\/\/versano.nl\/shop\/dames-parka-winterjas-4pocket-zwart-mary-versano\/","name":"Chaqueta de invierno parka para mujer Marry black Versano, chaquetas parka para mujer","isPartOf":{"@id":"https:\/\/versano.nl\/#website"},"primaryImageOfPage":{"@id":"https:\/\/versano.nl\/shop\/dames-parka-winterjas-4pocket-zwart-mary-versano\/#primaryimage"},"image":{"@id":"https:\/\/versano.nl\/shop\/dames-parka-winterjas-4pocket-zwart-mary-versano\/#primaryimage"},"thumbnailUrl":"https:\/\/versano.nl\/wp-content\/uploads\/2020\/08\/thumbnail_IMG_7934.jpg","datePublished":"2020-08-08T12:13:45+00:00","dateModified":"2026-03-29T22:18:47+00:00","description":"\u00bfEst\u00e1 buscando una chaqueta de invierno parka para mujer? Marry black Versanoo, entonces ha venido al lugar correcto para las chaquetas de invierno.","breadcrumb":{"@id":"https:\/\/versano.nl\/shop\/dames-parka-winterjas-4pocket-zwart-mary-versano\/#breadcrumb"},"inLanguage":"es","potentialAction":[{"@type":"ReadAction","target":["https:\/\/versano.nl\/shop\/dames-parka-winterjas-4pocket-zwart-mary-versano\/"]}]},{"@type":"ImageObject","inLanguage":"es","@id":"https:\/\/versano.nl\/shop\/dames-parka-winterjas-4pocket-zwart-mary-versano\/#primaryimage","url":"https:\/\/versano.nl\/wp-content\/uploads\/2020\/08\/thumbnail_IMG_7934.jpg","contentUrl":"https:\/\/versano.nl\/wp-content\/uploads\/2020\/08\/thumbnail_IMG_7934.jpg","width":798,"height":1200,"caption":"Dames parka winterjas Marry zwart Versano"},{"@type":"BreadcrumbList","@id":"https:\/\/versano.nl\/shop\/dames-parka-winterjas-4pocket-zwart-mary-versano\/#breadcrumb","itemListElement":[{"@type":"ListItem","position":1,"name":"Home","item":"https:\/\/versano.nl\/"},{"@type":"ListItem","position":2,"name":"Shop","item":"https:\/\/versano.nl\/shop\/"},{"@type":"ListItem","position":3,"name":"Dames parka winterjas Marry zwart Versano"}]},{"@type":"WebSite","@id":"https:\/\/versano.nl\/#website","url":"https:\/\/versano.nl\/","name":"Versano","description":"abrigos de invierno con cuello de piel | chaquetas de cuero para mujer | chaquetas de cuero para hombre","potentialAction":[{"@type":"SearchAction","target":{"@type":"EntryPoint","urlTemplate":"https:\/\/versano.nl\/?s={search_term_string}"},"query-input":{"@type":"PropertyValueSpecification","valueRequired":true,"valueName":"search_term_string"}}],"inLanguage":"es"}]}},"_links":{"self":[{"href":"https:\/\/versano.nl\/es\/wp-json\/wp\/v2\/product\/16992","targetHints":{"allow":["GET"]}}],"collection":[{"href":"https:\/\/versano.nl\/es\/wp-json\/wp\/v2\/product"}],"about":[{"href":"https:\/\/versano.nl\/es\/wp-json\/wp\/v2\/types\/product"}],"replies":[{"embeddable":true,"href":"https:\/\/versano.nl\/es\/wp-json\/wp\/v2\/comments?post=16992"}],"wp:featuredmedia":[{"embeddable":true,"href":"https:\/\/versano.nl\/es\/wp-json\/wp\/v2\/media\/35217"}],"wp:attachment":[{"href":"https:\/\/versano.nl\/es\/wp-json\/wp\/v2\/media?parent=16992"}],"wp:term":[{"taxonomy":"product_brand","embeddable":true,"href":"https:\/\/versano.nl\/es\/wp-json\/wp\/v2\/product_brand?post=16992"},{"taxonomy":"product_cat","embeddable":true,"href":"https:\/\/versano.nl\/es\/wp-json\/wp\/v2\/product_cat?post=16992"},{"taxonomy":"product_tag","embeddable":true,"href":"https:\/\/versano.nl\/es\/wp-json\/wp\/v2\/product_tag?post=16992"}],"curies":[{"name":"wp","href":"https:\/\/api.w.org\/{rel}","templated":true}]}}