{"id":16148,"date":"2020-04-17T18:59:53","date_gmt":"2020-04-17T18:59:53","guid":{"rendered":"https:\/\/versano.nl\/?post_type=product&#038;p=16148"},"modified":"2026-03-11T14:48:21","modified_gmt":"2026-03-11T14:48:21","slug":"lederen-dames-bikerjack-zwart-versano-311-n","status":"publish","type":"product","link":"https:\/\/versano.nl\/es\/shop\/lederen-dames-bikerjack-zwart-versano-311-n\/","title":{"rendered":"chaqueta biker de cuero para mujer negro 311 N Versano"},"content":{"rendered":"<h2>chaqueta biker de cuero para mujer negro 311 N Versano<\/h2>\n<p>Se\u00f1oras, \u00bfbuscan un buen abrigo nuevo? Si quieres un color diferente para tu chaqueta, un color que te haga destacar un poco m\u00e1s, te recomendamos esta chaqueta de cuero biker para mujer 311 negra Versano. Esta es una chaqueta que te queda perfectamente y que disfrutar\u00e1s poni\u00e9ndola. Te recomendamos que eches un vistazo a esta chaqueta en todos sus detalles. Es una chaqueta de motociclista que tambi\u00e9n queda genial si solo vas a salir por la noche. Esta chaqueta tiene un acabado excepcionalmente hermoso, a trav\u00e9s de la cintura ajustada, as\u00ed como m\u00faltiples bolsillos. Hablamos de dos amplios bolsillos laterales y un \u00fatil bolsillo interior.<\/p>\n<h2><strong>Solicite el modelo 311 en negro de Versano <\/strong><\/h2>\n<p>Esta chaqueta de cuero para damas de color negro de Versano est\u00e1 hecha completamente de cuero de cordero flexible. Este es un material que no solo se ve perfecto, tambi\u00e9n es un material que se siente muy bien. Solo se suma al estilo retro fresco que irradia esta chaqueta. Es una chaqueta que no solo est\u00e1 disponible en negro, sino tambi\u00e9n en color co\u00f1ac. Si nos encarga esta hermosa chaqueta, recibir\u00e1 una chaqueta que est\u00e1 hecha de un hermoso material. Debido a que est\u00e1 hecha de una hermosa piel de cordero fina, la chaqueta tambi\u00e9n es perfecta para usar en interiores. Es una chaqueta que se puede combinar muy bien con diferentes tipos de ropa. Piense en una falda, pero tambi\u00e9n en un par de jeans geniales. Esta es una chaqueta que, no puedes negarlo, luce de punta.<\/p>\n<p>marca: <a href=\"https:\/\/versano.nl\/\" target=\"_blank\" rel=\"noopener noreferrer\">Versano<\/a><br \/>\nMaterial: 100% piel de cordero<br \/>\nForro: 100% poli\u00e9ster<br \/>\nlongitud: corto<br \/>\nAjuste: ajustado<br \/>\nCierre: cremallera<br \/>\nBolsillos: bolsillo con cremallera<br \/>\nCuello: cuello hacia abajo<br \/>\ncapa exterior Material: de alta calidad y de piel de cordero suave<br \/>\nPlazo de entrega: 2-3 d\u00edas laborables<\/p>","protected":false},"excerpt":{"rendered":"<p><strong>ELIGE OTRO COLOR AQU\u00cd<\/strong><\/p>\n<p><span style=\"color: red;\"><a href=\"https:\/\/versano.nl\/shop\/dames-leren-biker-jas-311-cognac-versano\/\"><img loading=\"lazy\" decoding=\"async\" class=\"alignnone size-full wp-image-19839\" src=\"https:\/\/versano.nl\/wp-content\/uploads\/sites\/2\/2020\/08\/dames-biker-jack-cognac-schuine-rits-versano-311n-voorkant-thumb.jpg\" alt=\"\" width=\"56\" height=\"75\" \/><\/a><\/span><\/p>\n<p><span style=\"color: red;\">Consejos de ajuste:<\/span> El ajuste de esta chaqueta est\u00e1 bien ajustado. Nuestro modelo mide 1,68 cm de altura y lleva una talla M.<\/p>\n<p>Si no est\u00e1 seguro de sus medidas, le recomendamos que primero mida las medidas de su talla y las compare con nuestra tabla de tallas. Si no tiene experiencia en medir tama\u00f1os de circunferencia, haga clic en <a href=\"https:\/\/www.youtube.com\/watch?v=3ZSfY87v6pM\"><em><span style=\"text-decoration: none;\">AQU\u00cd<\/span><\/em>\u00a0<\/a>\u00a0para <a href=\"https:\/\/www.youtube.com\/watch?v=3ZSfY87v6pM\"><em><span style=\"color: red; text-decoration: none;\">VIDEO<\/span><\/em><\/a>\u00a0 con instrucciones. \u00a1Tambi\u00e9n puede llamarnos o enviarnos una aplicaci\u00f3n directamente! Nuestros empleados est\u00e1n siempre disponibles para ayudar.<\/p>\n<p><strong><span style=\"color: black;\">EL TIEMPO DE ENTREGA :<\/span><\/strong> 2 a 3 d\u00edas laborables.<\/p>","protected":false},"featured_media":16559,"comment_status":"closed","ping_status":"closed","template":"","meta":[],"product_brand":[],"product_cat":[1472,1487,90,874,875,1499,877,1470,879,1469,880,1712,881,878,882,890],"product_tag":[1536,355,1539,172,173,1535,1538,1540,1537,979,980],"class_list":{"0":"post-16148","1":"product","2":"type-product","3":"status-publish","4":"has-post-thumbnail","6":"product_cat-biker-jas-dames","7":"product_cat-dames-biker-jas","8":"product_cat-dames-leren-jassen","9":"product_cat-kort-leren-jasje","10":"product_cat-kort-leren-jasje-dames","11":"product_cat-leren-biker-jas-dames","12":"product_cat-leren-bikerjacks-dames","13":"product_cat-leren-dames-jas","14":"product_cat-leren-dames-jassen","15":"product_cat-leren-jas-dames","16":"product_cat-leren-jasje-dames","17":"product_cat-leren-jassen","18":"product_cat-leren-jassen-dames","19":"product_cat-leren-jassen-dames-uitverkoop","20":"product_cat-versano","21":"product_cat-zwarte-leren-jas-dames","22":"product_tag-biker-dames-leren-jas","23":"product_tag-biker-jack-dames-zwart","24":"product_tag-biker-jas-dames-sale","25":"product_tag-dames-biker-jack-zwart","26":"product_tag-dames-biker-jas-zwart","27":"product_tag-echt-leer-dames-jas-biker","28":"product_tag-korte-biker-jas-dames","29":"product_tag-leren-biker-jas-dames-sale","30":"product_tag-zwarte-biker-jas-dames","31":"product_tag-zwarte-leren-dames-biker-jas","32":"product_tag-zwarte-leren-dames-biker-jasje","33":"tm-no-options","35":"first","36":"instock","37":"sale","38":"taxable","39":"shipping-taxable","40":"purchasable","41":"product-type-variable"},"yoast_head":"<!-- This site is optimized with the Yoast SEO plugin v27.2 - https:\/\/yoast.com\/product\/yoast-seo-wordpress\/ -->\n<title>leren biker jas dames zwart 311 N Versano, lederen bikerjack<\/title>\n<meta name=\"description\" content=\"Ben je op zoek naar een leren biker jas dames zwart 311 N Versano, dan moet je zeker een kijkje nemen in de webshop van Versano\" \/>\n<meta name=\"robots\" content=\"index, follow, max-snippet:-1, max-image-preview:large, max-video-preview:-1\" \/>\n<link rel=\"canonical\" href=\"https:\/\/versano.nl\/es\/shop\/lederen-dames-bikerjack-zwart-versano-311-n\/\" \/>\n<meta property=\"og:locale\" content=\"es_ES\" \/>\n<meta property=\"og:type\" content=\"article\" \/>\n<meta property=\"og:title\" content=\"leren biker jas dames zwart 311 N Versano, lederen bikerjack\" \/>\n<meta property=\"og:description\" content=\"Ben je op zoek naar een leren biker jas dames zwart 311 N Versano, dan moet je zeker een kijkje nemen in de webshop van Versano\" \/>\n<meta property=\"og:url\" content=\"https:\/\/versano.nl\/es\/shop\/lederen-dames-bikerjack-zwart-versano-311-n\/\" \/>\n<meta property=\"og:site_name\" content=\"Versano\" \/>\n<meta property=\"article:modified_time\" content=\"2026-03-11T14:48:21+00:00\" \/>\n<meta property=\"og:image\" content=\"https:\/\/versano.nl\/wp-content\/uploads\/2020\/07\/dames-bikerjack-zwart-versano-311z-voorkant.jpg\" \/>\n\t<meta property=\"og:image:width\" content=\"900\" \/>\n\t<meta property=\"og:image:height\" content=\"1200\" \/>\n\t<meta property=\"og:image:type\" content=\"image\/jpeg\" \/>\n<meta name=\"twitter:card\" content=\"summary_large_image\" \/>\n<meta name=\"twitter:label1\" content=\"Tiempo de lectura\" \/>\n\t<meta name=\"twitter:data1\" content=\"2 minutos\" \/>\n<script type=\"application\/ld+json\" class=\"yoast-schema-graph\">{\"@context\":\"https:\/\/schema.org\",\"@graph\":[{\"@type\":\"WebPage\",\"@id\":\"https:\/\/versano.nl\/shop\/lederen-dames-bikerjack-zwart-versano-311-n\/\",\"url\":\"https:\/\/versano.nl\/shop\/lederen-dames-bikerjack-zwart-versano-311-n\/\",\"name\":\"leren biker jas dames zwart 311 N Versano, lederen bikerjack\",\"isPartOf\":{\"@id\":\"https:\/\/versano.nl\/#website\"},\"primaryImageOfPage\":{\"@id\":\"https:\/\/versano.nl\/shop\/lederen-dames-bikerjack-zwart-versano-311-n\/#primaryimage\"},\"image\":{\"@id\":\"https:\/\/versano.nl\/shop\/lederen-dames-bikerjack-zwart-versano-311-n\/#primaryimage\"},\"thumbnailUrl\":\"https:\/\/versano.nl\/wp-content\/uploads\/2020\/07\/dames-bikerjack-zwart-versano-311z-voorkant.jpg\",\"datePublished\":\"2020-04-17T18:59:53+00:00\",\"dateModified\":\"2026-03-11T14:48:21+00:00\",\"description\":\"Ben je op zoek naar een leren biker jas dames zwart 311 N Versano, dan moet je zeker een kijkje nemen in de webshop van Versano\",\"breadcrumb\":{\"@id\":\"https:\/\/versano.nl\/shop\/lederen-dames-bikerjack-zwart-versano-311-n\/#breadcrumb\"},\"inLanguage\":\"es\",\"potentialAction\":[{\"@type\":\"ReadAction\",\"target\":[\"https:\/\/versano.nl\/shop\/lederen-dames-bikerjack-zwart-versano-311-n\/\"]}]},{\"@type\":\"ImageObject\",\"inLanguage\":\"es\",\"@id\":\"https:\/\/versano.nl\/shop\/lederen-dames-bikerjack-zwart-versano-311-n\/#primaryimage\",\"url\":\"https:\/\/versano.nl\/wp-content\/uploads\/2020\/07\/dames-bikerjack-zwart-versano-311z-voorkant.jpg\",\"contentUrl\":\"https:\/\/versano.nl\/wp-content\/uploads\/2020\/07\/dames-bikerjack-zwart-versano-311z-voorkant.jpg\",\"width\":900,\"height\":1200,\"caption\":\"leren biker jas dames zwart 311 N Versano\"},{\"@type\":\"BreadcrumbList\",\"@id\":\"https:\/\/versano.nl\/shop\/lederen-dames-bikerjack-zwart-versano-311-n\/#breadcrumb\",\"itemListElement\":[{\"@type\":\"ListItem\",\"position\":1,\"name\":\"Home\",\"item\":\"https:\/\/versano.nl\/\"},{\"@type\":\"ListItem\",\"position\":2,\"name\":\"Shop\",\"item\":\"https:\/\/versano.nl\/shop\/\"},{\"@type\":\"ListItem\",\"position\":3,\"name\":\"leren biker jas dames zwart 311 N Versano\"}]},{\"@type\":\"WebSite\",\"@id\":\"https:\/\/versano.nl\/#website\",\"url\":\"https:\/\/versano.nl\/\",\"name\":\"Versano\",\"description\":\"winterjassen met bontkraag | leren dames jassen | leren heren jassen\",\"potentialAction\":[{\"@type\":\"SearchAction\",\"target\":{\"@type\":\"EntryPoint\",\"urlTemplate\":\"https:\/\/versano.nl\/?s={search_term_string}\"},\"query-input\":{\"@type\":\"PropertyValueSpecification\",\"valueRequired\":true,\"valueName\":\"search_term_string\"}}],\"inLanguage\":\"es\"}]}<\/script>\n<!-- \/ Yoast SEO plugin. -->","yoast_head_json":{"title":"chaqueta de motorista de cuero para mujer negro 311 N Versano, chaqueta de motorista de cuero","description":"\u00bfEst\u00e1 buscando una chaqueta de motociclista de cuero para mujer negra 311 N Versano, entonces definitivamente deber\u00eda echar un vistazo a la tienda web de Versano?","robots":{"index":"index","follow":"follow","max-snippet":"max-snippet:-1","max-image-preview":"max-image-preview:large","max-video-preview":"max-video-preview:-1"},"canonical":"https:\/\/versano.nl\/es\/shop\/lederen-dames-bikerjack-zwart-versano-311-n\/","og_locale":"es_ES","og_type":"article","og_title":"leren biker jas dames zwart 311 N Versano, lederen bikerjack","og_description":"Ben je op zoek naar een leren biker jas dames zwart 311 N Versano, dan moet je zeker een kijkje nemen in de webshop van Versano","og_url":"https:\/\/versano.nl\/es\/shop\/lederen-dames-bikerjack-zwart-versano-311-n\/","og_site_name":"Versano","article_modified_time":"2026-03-11T14:48:21+00:00","og_image":[{"width":900,"height":1200,"url":"https:\/\/versano.nl\/wp-content\/uploads\/2020\/07\/dames-bikerjack-zwart-versano-311z-voorkant.jpg","type":"image\/jpeg"}],"twitter_card":"summary_large_image","twitter_misc":{"Tiempo de lectura":"2 minutos"},"schema":{"@context":"https:\/\/schema.org","@graph":[{"@type":"WebPage","@id":"https:\/\/versano.nl\/shop\/lederen-dames-bikerjack-zwart-versano-311-n\/","url":"https:\/\/versano.nl\/shop\/lederen-dames-bikerjack-zwart-versano-311-n\/","name":"chaqueta de motorista de cuero para mujer negro 311 N Versano, chaqueta de motorista de cuero","isPartOf":{"@id":"https:\/\/versano.nl\/#website"},"primaryImageOfPage":{"@id":"https:\/\/versano.nl\/shop\/lederen-dames-bikerjack-zwart-versano-311-n\/#primaryimage"},"image":{"@id":"https:\/\/versano.nl\/shop\/lederen-dames-bikerjack-zwart-versano-311-n\/#primaryimage"},"thumbnailUrl":"https:\/\/versano.nl\/wp-content\/uploads\/2020\/07\/dames-bikerjack-zwart-versano-311z-voorkant.jpg","datePublished":"2020-04-17T18:59:53+00:00","dateModified":"2026-03-11T14:48:21+00:00","description":"\u00bfEst\u00e1 buscando una chaqueta de motociclista de cuero para mujer negra 311 N Versano, entonces definitivamente deber\u00eda echar un vistazo a la tienda web de Versano?","breadcrumb":{"@id":"https:\/\/versano.nl\/shop\/lederen-dames-bikerjack-zwart-versano-311-n\/#breadcrumb"},"inLanguage":"es","potentialAction":[{"@type":"ReadAction","target":["https:\/\/versano.nl\/shop\/lederen-dames-bikerjack-zwart-versano-311-n\/"]}]},{"@type":"ImageObject","inLanguage":"es","@id":"https:\/\/versano.nl\/shop\/lederen-dames-bikerjack-zwart-versano-311-n\/#primaryimage","url":"https:\/\/versano.nl\/wp-content\/uploads\/2020\/07\/dames-bikerjack-zwart-versano-311z-voorkant.jpg","contentUrl":"https:\/\/versano.nl\/wp-content\/uploads\/2020\/07\/dames-bikerjack-zwart-versano-311z-voorkant.jpg","width":900,"height":1200,"caption":"leren biker jas dames zwart 311 N Versano"},{"@type":"BreadcrumbList","@id":"https:\/\/versano.nl\/shop\/lederen-dames-bikerjack-zwart-versano-311-n\/#breadcrumb","itemListElement":[{"@type":"ListItem","position":1,"name":"Home","item":"https:\/\/versano.nl\/"},{"@type":"ListItem","position":2,"name":"Shop","item":"https:\/\/versano.nl\/shop\/"},{"@type":"ListItem","position":3,"name":"leren biker jas dames zwart 311 N Versano"}]},{"@type":"WebSite","@id":"https:\/\/versano.nl\/#website","url":"https:\/\/versano.nl\/","name":"Versano","description":"abrigos de invierno con cuello de piel | chaquetas de cuero para mujer | chaquetas de cuero para hombre","potentialAction":[{"@type":"SearchAction","target":{"@type":"EntryPoint","urlTemplate":"https:\/\/versano.nl\/?s={search_term_string}"},"query-input":{"@type":"PropertyValueSpecification","valueRequired":true,"valueName":"search_term_string"}}],"inLanguage":"es"}]}},"_links":{"self":[{"href":"https:\/\/versano.nl\/es\/wp-json\/wp\/v2\/product\/16148","targetHints":{"allow":["GET"]}}],"collection":[{"href":"https:\/\/versano.nl\/es\/wp-json\/wp\/v2\/product"}],"about":[{"href":"https:\/\/versano.nl\/es\/wp-json\/wp\/v2\/types\/product"}],"replies":[{"embeddable":true,"href":"https:\/\/versano.nl\/es\/wp-json\/wp\/v2\/comments?post=16148"}],"wp:featuredmedia":[{"embeddable":true,"href":"https:\/\/versano.nl\/es\/wp-json\/wp\/v2\/media\/16559"}],"wp:attachment":[{"href":"https:\/\/versano.nl\/es\/wp-json\/wp\/v2\/media?parent=16148"}],"wp:term":[{"taxonomy":"product_brand","embeddable":true,"href":"https:\/\/versano.nl\/es\/wp-json\/wp\/v2\/product_brand?post=16148"},{"taxonomy":"product_cat","embeddable":true,"href":"https:\/\/versano.nl\/es\/wp-json\/wp\/v2\/product_cat?post=16148"},{"taxonomy":"product_tag","embeddable":true,"href":"https:\/\/versano.nl\/es\/wp-json\/wp\/v2\/product_tag?post=16148"}],"curies":[{"name":"wp","href":"https:\/\/api.w.org\/{rel}","templated":true}]}}