{"id":15219,"date":"2020-01-01T17:30:51","date_gmt":"2020-01-01T17:30:51","guid":{"rendered":"https:\/\/versano.nl\/shop\/lange-dames-winterjas-zwart-met-zijritsen-alexa-versano\/"},"modified":"2026-04-09T14:16:33","modified_gmt":"2026-04-09T14:16:33","slug":"lange-dames-winterjas-zwart-met-zijritsen-alexa-versano","status":"publish","type":"product","link":"https:\/\/versano.nl\/es\/shop\/lange-dames-winterjas-zwart-met-zijritsen-alexa-versano\/","title":{"rendered":"chaqueta de invierno para mujer Alexa Versano negro"},"content":{"rendered":"<h2>chaqueta de invierno para mujer Alexa Versano negro<\/h2>\n<p>Esta chaqueta de invierno de mujer negra Alexa Versano es uno de los nuevos modelos de Versano. \u00bfEst\u00e1 buscando un abrigo largo de invierno que tambi\u00e9n le quede bien? Entonces este modelo es la elecci\u00f3n correcta para ti. La chaqueta tiene 2 bolsillos laterales rectos y est\u00e1 hecha de material de alta calidad. La chaqueta tiene cremalleras en la parte inferior a ambos lados. La chaqueta de invierno para mujer Alexa Versano negra es un modelo entallado de la colecci\u00f3n Versano. Por lo tanto, le recomendamos que compare las medidas de tama\u00f1o con nuestra tabla de tallas. \u00bfNo tiene experiencia en medir las medidas de su circunferencia? \u00a1Entonces puede llamarnos o enviarnos una aplicaci\u00f3n directamente! Nuestros empleados est\u00e1n siempre disponibles para ayudar.<\/p>\n<h2>Abrigos de invierno Versano<\/h2>\n<p>Los abrigos de invierno de mujer Versano son muy populares debido a sus cortes a medida y su dise\u00f1o italiano. Siempre atraer\u00e1s mucha atenci\u00f3n con cualquier chaqueta de invierno que elijas de Versano. Con una chaqueta tan hermosa, puede estar seguro de que la usar\u00e1 durante todo el invierno. Puede pedir f\u00e1cilmente esta chaqueta de invierno para mujer Alexa Versano negra en la tienda web de Versano. Hemos reunido todas nuestras chaquetas aqu\u00ed para que pueda hacer un pedido f\u00e1cilmente. En Versano siempre puede estar seguro de que est\u00e1 comprando un hermoso abrigo que ha sido trabajado con mimo. . Puede encargarnos este modelo en diferentes colores y el cuello de piel es opcional. Para el cuello, puede elegir entre un cuello de piel real o un cuello de piel de imitaci\u00f3n que es indistinguible de la piel real.<\/p>\n<p>marca:\u00a0<a title=\"versano\" href=\"https:\/\/versano.nl\/\" target=\"_blank\" rel=\"noopener noreferrer\">Versano<\/a><br \/>\nlongitud: larga<br \/>\najuste: a medida<br \/>\nforro: 100% poli\u00e9ster<br \/>\nespesor del forro: 200 gramos alineados gruesa<br \/>\nlongitud de la manga: manga larga<br \/>\ncampana: alineado, s\u00f3lida<br \/>\nLos extras: costuras reforzadas<br \/>\nCierre: cremallera completa<br \/>\nsacos de cremallera bolsillos laterales, en el interior<br \/>\nFunci\u00f3n: impermeable, resistente al viento<br \/>\nmaterial de la capa exterior de material: 100% poli\u00e9ster<br \/>\naccesorios: cuello de piel (opcional)<\/p>\n<p>Plazo de entrega: 2-3 d\u00edas laborables<\/p>\n<p>&nbsp;<\/p>","protected":false},"excerpt":{"rendered":"<p style=\"text-align: left;\"><span style=\"color: #ff0000;\"><strong>Consejos de ajuste: <\/strong><\/span><\/p>\n<p style=\"text-align: left;\"><span style=\"color: #ff0000;\">Slim fit pasvorm, bekijk de maattabel voor de juiste maat.<\/span><\/p>\n<p style=\"text-align: left;\"><span style=\"color: #ff0000;\">Ons model is 1.73 cm lang en draagt een S.<\/span><\/p>\n<p style=\"text-align: left;\">Si no est\u00e1 seguro de sus medidas, le recomendamos que primero mida las medidas de su talla y las compare con nuestra tabla de tallas. Si no tiene experiencia en medir tama\u00f1os de circunferencia, haga clic en\u00a0<a href=\"https:\/\/www.youtube.com\/watch?v=3ZSfY87v6pM\"><em>AQU\u00cd<\/em>\u00a0<\/a>\u00a0para\u00a0<span style=\"color: #ff0000;\"><a style=\"color: #ff0000;\" href=\"https:\/\/www.youtube.com\/watch?v=3ZSfY87v6pM\"><em>VIDEO<\/em><\/a><\/span>\u00a0 con instrucciones. \u00a1Tambi\u00e9n puede llamarnos o enviarnos una aplicaci\u00f3n directamente! Nuestros empleados est\u00e1n siempre disponibles para ayudar.<\/p>\n<p><strong>EL TIEMPO DE ENTREGA:<\/strong> 2 a 3 d\u00edas laborables.<\/p>\n<p style=\"text-align: left;\"><span style=\"color: #ff0000;\">INFORMACION IMPORTANTE:<\/span><\/p>\n<p>Wij hebben een gedetailleerd pasvorm advies aangegeven in de product afbeeldingen. Bekijk dit voordat u een bestelling plaatst.<\/p>\n<p style=\"text-align: left;\">Puedes comprar cualquier chaqueta Versano con o sin cuello de piel, el cuello de piel no est\u00e1 incluido.<\/p>","protected":false},"featured_media":35229,"comment_status":"open","ping_status":"closed","template":"","meta":[],"product_brand":[],"product_cat":[1403,1012,1353,1145,1384,1389,1382,828,1383,1037,1038,1430,882,1143,1144,1415,1041,1042,215,1404,1339],"product_tag":[2080,2081,1213,1306,1214,2071,1465,1464,225,1215,1216,2082],"class_list":{"0":"post-15219","1":"product","2":"type-product","3":"status-publish","4":"has-post-thumbnail","6":"product_cat-bontkraag-jas","7":"product_cat-dames-jas-met-bontkraag","8":"product_cat-dames-jas-met-pels","9":"product_cat-dames-winterjas","10":"product_cat-dames-winterjas-met-bontkraag","11":"product_cat-dames-winterjas-met-pels","12":"product_cat-dames-winterjassen","13":"product_cat-dames-winterjassen-grote-maten","14":"product_cat-dames-winterjassen-met-bontkraag","15":"product_cat-jas-met-bontkraag","16":"product_cat-jas-met-bontkraag-dames","17":"product_cat-lange-winterjas-dames","18":"product_cat-versano","19":"product_cat-winterjas","20":"product_cat-winterjas-dames","21":"product_cat-winterjas-dames-met-bontkraag","22":"product_cat-winterjas-met-bontkraag","23":"product_cat-winterjas-met-bontkraag-dames","24":"product_cat-dames-jassen-met-bontkraag","25":"product_cat-winterjassen","26":"product_cat-winterjassen-dames","27":"product_tag-dames-merkjas","28":"product_tag-dames-winterjas-merk","29":"product_tag-lange-dames-winterjassen","30":"product_tag-lange-winterjas-dames","31":"product_tag-lange-winterjassen-dames","32":"product_tag-versano-winterjas-dames","33":"product_tag-winterjas-dames-grote-bontkraag","34":"product_tag-winterjas-dames-lang","35":"product_tag-winterjas-met-bontkraag-dames","36":"product_tag-winterjassen-dames-lang-model-zwart","37":"product_tag-zwarte-lange-dames-winterjas","38":"product_tag-zwarte-lange-winterjas-dames","39":"tm-has-options","41":"first","42":"instock","43":"sale","44":"taxable","45":"shipping-taxable","46":"purchasable","47":"product-type-variable"},"yoast_head":"<!-- This site is optimized with the Yoast SEO plugin v27.2 - https:\/\/yoast.com\/product\/yoast-seo-wordpress\/ -->\n<title>dames winterjas Alexa Versano zwart, lange dames winterjas<\/title>\n<meta name=\"description\" content=\"Bent u op zoek naar een dames winterjas Alexa Versano zwart, dan bent u bij ons aan het juiste adres voor lange winterjassen.\" \/>\n<meta name=\"robots\" content=\"index, follow, max-snippet:-1, max-image-preview:large, max-video-preview:-1\" \/>\n<link rel=\"canonical\" href=\"https:\/\/versano.nl\/es\/shop\/lange-dames-winterjas-zwart-met-zijritsen-alexa-versano\/\" \/>\n<meta property=\"og:locale\" content=\"es_ES\" \/>\n<meta property=\"og:type\" content=\"article\" \/>\n<meta property=\"og:title\" content=\"dames winterjas Alexa Versano zwart, lange dames winterjas\" \/>\n<meta property=\"og:description\" content=\"Bent u op zoek naar een dames winterjas Alexa Versano zwart, dan bent u bij ons aan het juiste adres voor lange winterjassen.\" \/>\n<meta property=\"og:url\" content=\"https:\/\/versano.nl\/es\/shop\/lange-dames-winterjas-zwart-met-zijritsen-alexa-versano\/\" \/>\n<meta property=\"og:site_name\" content=\"Versano\" \/>\n<meta property=\"article:modified_time\" content=\"2026-04-09T14:16:33+00:00\" \/>\n<meta property=\"og:image\" content=\"https:\/\/versano.nl\/wp-content\/uploads\/2020\/01\/111-1.jpg\" \/>\n\t<meta property=\"og:image:width\" content=\"800\" \/>\n\t<meta property=\"og:image:height\" content=\"1200\" \/>\n\t<meta property=\"og:image:type\" content=\"image\/jpeg\" \/>\n<meta name=\"twitter:card\" content=\"summary_large_image\" \/>\n<meta name=\"twitter:label1\" content=\"Tiempo de lectura\" \/>\n\t<meta name=\"twitter:data1\" content=\"2 minutos\" \/>\n<script type=\"application\/ld+json\" class=\"yoast-schema-graph\">{\"@context\":\"https:\/\/schema.org\",\"@graph\":[{\"@type\":\"WebPage\",\"@id\":\"https:\/\/versano.nl\/shop\/lange-dames-winterjas-zwart-met-zijritsen-alexa-versano\/\",\"url\":\"https:\/\/versano.nl\/shop\/lange-dames-winterjas-zwart-met-zijritsen-alexa-versano\/\",\"name\":\"dames winterjas Alexa Versano zwart, lange dames winterjas\",\"isPartOf\":{\"@id\":\"https:\/\/versano.nl\/#website\"},\"primaryImageOfPage\":{\"@id\":\"https:\/\/versano.nl\/shop\/lange-dames-winterjas-zwart-met-zijritsen-alexa-versano\/#primaryimage\"},\"image\":{\"@id\":\"https:\/\/versano.nl\/shop\/lange-dames-winterjas-zwart-met-zijritsen-alexa-versano\/#primaryimage\"},\"thumbnailUrl\":\"https:\/\/versano.nl\/wp-content\/uploads\/2020\/01\/111-1.jpg\",\"datePublished\":\"2020-01-01T17:30:51+00:00\",\"dateModified\":\"2026-04-09T14:16:33+00:00\",\"description\":\"Bent u op zoek naar een dames winterjas Alexa Versano zwart, dan bent u bij ons aan het juiste adres voor lange winterjassen.\",\"breadcrumb\":{\"@id\":\"https:\/\/versano.nl\/shop\/lange-dames-winterjas-zwart-met-zijritsen-alexa-versano\/#breadcrumb\"},\"inLanguage\":\"es\",\"potentialAction\":[{\"@type\":\"ReadAction\",\"target\":[\"https:\/\/versano.nl\/shop\/lange-dames-winterjas-zwart-met-zijritsen-alexa-versano\/\"]}]},{\"@type\":\"ImageObject\",\"inLanguage\":\"es\",\"@id\":\"https:\/\/versano.nl\/shop\/lange-dames-winterjas-zwart-met-zijritsen-alexa-versano\/#primaryimage\",\"url\":\"https:\/\/versano.nl\/wp-content\/uploads\/2020\/01\/111-1.jpg\",\"contentUrl\":\"https:\/\/versano.nl\/wp-content\/uploads\/2020\/01\/111-1.jpg\",\"width\":800,\"height\":1200,\"caption\":\"dames winterjas Alexa Versano zwart\"},{\"@type\":\"BreadcrumbList\",\"@id\":\"https:\/\/versano.nl\/shop\/lange-dames-winterjas-zwart-met-zijritsen-alexa-versano\/#breadcrumb\",\"itemListElement\":[{\"@type\":\"ListItem\",\"position\":1,\"name\":\"Home\",\"item\":\"https:\/\/versano.nl\/\"},{\"@type\":\"ListItem\",\"position\":2,\"name\":\"Shop\",\"item\":\"https:\/\/versano.nl\/shop\/\"},{\"@type\":\"ListItem\",\"position\":3,\"name\":\"dames winterjas Alexa Versano zwart\"}]},{\"@type\":\"WebSite\",\"@id\":\"https:\/\/versano.nl\/#website\",\"url\":\"https:\/\/versano.nl\/\",\"name\":\"Versano\",\"description\":\"winterjassen met bontkraag | leren dames jassen | leren heren jassen\",\"potentialAction\":[{\"@type\":\"SearchAction\",\"target\":{\"@type\":\"EntryPoint\",\"urlTemplate\":\"https:\/\/versano.nl\/?s={search_term_string}\"},\"query-input\":{\"@type\":\"PropertyValueSpecification\",\"valueRequired\":true,\"valueName\":\"search_term_string\"}}],\"inLanguage\":\"es\"}]}<\/script>\n<!-- \/ Yoast SEO plugin. -->","yoast_head_json":{"title":"chaqueta de invierno para mujer Alexa Versano negro, chaqueta larga de invierno para mujer","description":"\u00bfEst\u00e1 buscando una chaqueta de invierno para mujer Alexa Versano negra, entonces ha venido al lugar correcto para las chaquetas largas de invierno?","robots":{"index":"index","follow":"follow","max-snippet":"max-snippet:-1","max-image-preview":"max-image-preview:large","max-video-preview":"max-video-preview:-1"},"canonical":"https:\/\/versano.nl\/es\/shop\/lange-dames-winterjas-zwart-met-zijritsen-alexa-versano\/","og_locale":"es_ES","og_type":"article","og_title":"dames winterjas Alexa Versano zwart, lange dames winterjas","og_description":"Bent u op zoek naar een dames winterjas Alexa Versano zwart, dan bent u bij ons aan het juiste adres voor lange winterjassen.","og_url":"https:\/\/versano.nl\/es\/shop\/lange-dames-winterjas-zwart-met-zijritsen-alexa-versano\/","og_site_name":"Versano","article_modified_time":"2026-04-09T14:16:33+00:00","og_image":[{"width":800,"height":1200,"url":"https:\/\/versano.nl\/wp-content\/uploads\/2020\/01\/111-1.jpg","type":"image\/jpeg"}],"twitter_card":"summary_large_image","twitter_misc":{"Tiempo de lectura":"2 minutos"},"schema":{"@context":"https:\/\/schema.org","@graph":[{"@type":"WebPage","@id":"https:\/\/versano.nl\/shop\/lange-dames-winterjas-zwart-met-zijritsen-alexa-versano\/","url":"https:\/\/versano.nl\/shop\/lange-dames-winterjas-zwart-met-zijritsen-alexa-versano\/","name":"chaqueta de invierno para mujer Alexa Versano negro, chaqueta larga de invierno para mujer","isPartOf":{"@id":"https:\/\/versano.nl\/#website"},"primaryImageOfPage":{"@id":"https:\/\/versano.nl\/shop\/lange-dames-winterjas-zwart-met-zijritsen-alexa-versano\/#primaryimage"},"image":{"@id":"https:\/\/versano.nl\/shop\/lange-dames-winterjas-zwart-met-zijritsen-alexa-versano\/#primaryimage"},"thumbnailUrl":"https:\/\/versano.nl\/wp-content\/uploads\/2020\/01\/111-1.jpg","datePublished":"2020-01-01T17:30:51+00:00","dateModified":"2026-04-09T14:16:33+00:00","description":"\u00bfEst\u00e1 buscando una chaqueta de invierno para mujer Alexa Versano negra, entonces ha venido al lugar correcto para las chaquetas largas de invierno?","breadcrumb":{"@id":"https:\/\/versano.nl\/shop\/lange-dames-winterjas-zwart-met-zijritsen-alexa-versano\/#breadcrumb"},"inLanguage":"es","potentialAction":[{"@type":"ReadAction","target":["https:\/\/versano.nl\/shop\/lange-dames-winterjas-zwart-met-zijritsen-alexa-versano\/"]}]},{"@type":"ImageObject","inLanguage":"es","@id":"https:\/\/versano.nl\/shop\/lange-dames-winterjas-zwart-met-zijritsen-alexa-versano\/#primaryimage","url":"https:\/\/versano.nl\/wp-content\/uploads\/2020\/01\/111-1.jpg","contentUrl":"https:\/\/versano.nl\/wp-content\/uploads\/2020\/01\/111-1.jpg","width":800,"height":1200,"caption":"dames winterjas Alexa Versano zwart"},{"@type":"BreadcrumbList","@id":"https:\/\/versano.nl\/shop\/lange-dames-winterjas-zwart-met-zijritsen-alexa-versano\/#breadcrumb","itemListElement":[{"@type":"ListItem","position":1,"name":"Home","item":"https:\/\/versano.nl\/"},{"@type":"ListItem","position":2,"name":"Shop","item":"https:\/\/versano.nl\/shop\/"},{"@type":"ListItem","position":3,"name":"dames winterjas Alexa Versano zwart"}]},{"@type":"WebSite","@id":"https:\/\/versano.nl\/#website","url":"https:\/\/versano.nl\/","name":"Versano","description":"abrigos de invierno con cuello de piel | chaquetas de cuero para mujer | chaquetas de cuero para hombre","potentialAction":[{"@type":"SearchAction","target":{"@type":"EntryPoint","urlTemplate":"https:\/\/versano.nl\/?s={search_term_string}"},"query-input":{"@type":"PropertyValueSpecification","valueRequired":true,"valueName":"search_term_string"}}],"inLanguage":"es"}]}},"_links":{"self":[{"href":"https:\/\/versano.nl\/es\/wp-json\/wp\/v2\/product\/15219","targetHints":{"allow":["GET"]}}],"collection":[{"href":"https:\/\/versano.nl\/es\/wp-json\/wp\/v2\/product"}],"about":[{"href":"https:\/\/versano.nl\/es\/wp-json\/wp\/v2\/types\/product"}],"replies":[{"embeddable":true,"href":"https:\/\/versano.nl\/es\/wp-json\/wp\/v2\/comments?post=15219"}],"wp:featuredmedia":[{"embeddable":true,"href":"https:\/\/versano.nl\/es\/wp-json\/wp\/v2\/media\/35229"}],"wp:attachment":[{"href":"https:\/\/versano.nl\/es\/wp-json\/wp\/v2\/media?parent=15219"}],"wp:term":[{"taxonomy":"product_brand","embeddable":true,"href":"https:\/\/versano.nl\/es\/wp-json\/wp\/v2\/product_brand?post=15219"},{"taxonomy":"product_cat","embeddable":true,"href":"https:\/\/versano.nl\/es\/wp-json\/wp\/v2\/product_cat?post=15219"},{"taxonomy":"product_tag","embeddable":true,"href":"https:\/\/versano.nl\/es\/wp-json\/wp\/v2\/product_tag?post=15219"}],"curies":[{"name":"wp","href":"https:\/\/api.w.org\/{rel}","templated":true}]}}