{"id":11330,"date":"2016-04-07T14:52:47","date_gmt":"2016-04-07T14:52:47","guid":{"rendered":"https:\/\/versano.nl\/shop\/leren-jas-heren-versano-tr50-cognac\/"},"modified":"2024-08-20T19:35:26","modified_gmt":"2024-08-20T19:35:26","slug":"leren-jas-heren-versano-tr50-cognac","status":"publish","type":"product","link":"https:\/\/versano.nl\/es\/shop\/leren-jas-heren-versano-tr50-cognac\/","title":{"rendered":"Chaqueta biker de cuero hombre cognac TR50 Versano"},"content":{"rendered":"<h2>Chaqueta biker de cuero hombre cognac TR50 Versano<\/h2>\n<p style=\"margin: 0cm 0cm 16.5pt 0cm\"><span style=\"font-size: 10.5pt;font-family: 'Arial',sans-serif;color: #282828\">Esta chaqueta de cuero es realmente llamativa y destaca por su comodidad y modelo. Estamos ante una chaqueta que parece dura. Esta chaqueta est\u00e1 hecha de piel de cordero y es una chaqueta de motociclista realmente genial. La chaqueta tiene dos bolsillos laterales profundos con cremallera y un bolsillo interior. Esta chaqueta de cuero para hombre tiene un excelente acabado y un corte ce\u00f1ido. No es necesario que seas motociclista para llevar esta chaqueta. Le ir\u00e1 igual de bien cuando salga por la noche o vaya a una ocasi\u00f3n especial. Es una chaqueta de cuero que puedes llevar en todas las estaciones del a\u00f1o. Con la chaqueta motera de cuero hombre cognac TR50 Versano obtienes una chaqueta que sin duda te gustar\u00e1. Puede pedir f\u00e1cilmente este modelo en nuestro sitio web en varios colores.<\/span><\/p>\n<h2 style=\"margin: 11.25pt 0cm 11.25pt 0cm\"><span style=\"font-size: 15.0pt;font-family: 'Arial',sans-serif;color: #282828\">Pida el modelo TR50 en co\u00f1ac<\/span><\/h2>\n<p style=\"margin: 0cm 0cm 16.5pt 0cm\"><span style=\"font-size: 10.5pt;font-family: 'Arial',sans-serif;color: #282828\">\u00bfBuscas una chaqueta de motociclista de cuero genial? Entonces es bueno echar un vistazo a la gama My-Versano. Vendemos las chaquetas de cuero de la conocida marca Versano. Aqu\u00ed se utilizan los materiales m\u00e1s hermosos, que son moldeados por los mejores dise\u00f1adores en un modelo atractivo y resistente. El TR50 est\u00e1 disponible en los colores negro y co\u00f1ac, por lo que le recomendamos que simplemente vea qu\u00e9 color cree que se adapta mejor a su estilo. Con nosotros, puede elegir f\u00e1cilmente el tama\u00f1o correcto seg\u00fan nuestros videos de instrucciones inteligentes. Entonces siempre puede contactarnos por correo o WhatsApp. \u00a1Nuestros empleados desean ayudarlo!<\/span><\/p>\n<p style=\"margin: 0cm\"><span style=\"font-size: 10.5pt;font-family: 'Arial',sans-serif;color: #282828\">marca:\u00a0<a href=\"https:\/\/versano.nl\/\">Versano<\/a><br \/>\nMaterial: 100% piel de cordero<br \/>\nForro: 100% poli\u00e9ster<br \/>\nlongitud: corto<br \/>\nAjuste: corte ce\u00f1ido<br \/>\nCierre: cremallera<br \/>\nBolsillos: bolsillo con cremallera<br \/>\nCollar: de pie cuello<br \/>\ncapa externa de material: Muy alta calidad y suave piel de cordero<br \/>\nPlazo de entrega: 2-3 d\u00edas laborables<\/span><\/p>","protected":false},"excerpt":{"rendered":"<p>ELIGE OTRO COLOR AQU\u00cd<\/p>\n<p><a href=\"https:\/\/versano.nl\/shop\/heren-bikerjack-lamsleer-zwart-versano-tr50\/\"><img loading=\"lazy\" decoding=\"async\" class=\"alignnone size-full wp-image-19912\" src=\"https:\/\/versano.nl\/wp-content\/uploads\/sites\/2\/2018\/08\/leren-bikerjack-heren-zwart-versano-tr50-thumb.jpg\" alt=\"\" width=\"57\" height=\"75\" \/><\/a><\/p>\n<p style=\"margin: 0cm 0cm 11.25pt 0cm\"><span style=\"font-size: 10.5pt;font-family: 'Arial',sans-serif;color: red\">Consejos de ajuste:\u00a0<\/span><span style=\"font-size: 10.5pt;font-family: 'Arial',sans-serif;color: #5d5d5d\">El ajuste de esta chaqueta es ajustado. Nuestro modelo mide 1,75 cm y lleva una talla M.<\/span><\/p>\n<p style=\"margin: 0cm 0cm 11.25pt 0cm\"><span style=\"font-size: 10.5pt;font-family: 'Arial',sans-serif;color: #5d5d5d\">Si no est\u00e1 seguro de sus medidas, le recomendamos que primero mida las medidas de su talla y las compare con nuestra tabla de tallas. Si no tiene experiencia en medir tama\u00f1os de circunferencia, haga clic en\u00a0<a href=\"https:\/\/www.youtube.com\/watch?v=3ZSfY87v6pM\"><em><span style=\"font-family: 'Arial',sans-serif;text-decoration: none\">AQU\u00cd<\/span><\/em><span style=\"text-decoration: none\">\u00a0<\/span><\/a>\u00a0para\u00a0<a href=\"https:\/\/www.youtube.com\/watch?v=3ZSfY87v6pM\"><em><span style=\"font-family: 'Arial',sans-serif;color: red;text-decoration: none\">VIDEO<\/span><\/em><\/a>\u00a0 con instrucciones. \u00a1Tambi\u00e9n puede llamarnos o enviarnos una aplicaci\u00f3n directamente! Nuestros empleados est\u00e1n siempre disponibles para ayudar.<\/span><\/p>\n<p style=\"margin: 0cm\"><strong><span style=\"font-size: 10.5pt;font-family: 'Arial',sans-serif;color: #5d5d5d\">EL TIEMPO DE ENTREGA :<\/span><\/strong><span style=\"font-size: 10.5pt;font-family: 'Arial',sans-serif;color: #5d5d5d\"> 2 a 3 d\u00edas laborables.<\/span><\/p>","protected":false},"featured_media":13898,"comment_status":"closed","ping_status":"closed","template":"","meta":[],"product_brand":[],"product_cat":[1672,1670,147,874,907,912,1671,908,1669,1712,913,910,882],"product_tag":[1727,644,1725,1726,1724,301,645,646,1692,1698,23,647,24,1697,1716,105,1708],"class_list":{"0":"post-11330","1":"product","2":"type-product","3":"status-publish","4":"has-post-thumbnail","6":"product_cat-biker-jas-heren","7":"product_cat-heren-leren-jas","8":"product_cat-heren-leren-jassen","9":"product_cat-kort-leren-jasje","10":"product_cat-kort-leren-jasje-heren","11":"product_cat-leren-bikerjacks-heren","12":"product_cat-leren-heren-jas","13":"product_cat-leren-heren-jassen","14":"product_cat-leren-jas-heren","15":"product_cat-leren-jassen","16":"product_cat-leren-jassen-heren-uitverkoop","17":"product_cat-leren-jassen-heren","18":"product_cat-versano","19":"product_tag-biker-jas-heren-echt-leer","20":"product_tag-bikerjack-heren-cognac","21":"product_tag-cognac-biker-jas-heren","22":"product_tag-echt-leer-biker-jas","23":"product_tag-goedkope-leren-jas-heren","24":"product_tag-heren-bikerjack-cognac","25":"product_tag-heren-jas-leder-cognac","26":"product_tag-heren-motorjack-cognac","27":"product_tag-lamsleer-heren-jas","28":"product_tag-leren-heren-jas-sale","29":"product_tag-motorjacks-heren","30":"product_tag-online-heren-bikerjacks","31":"product_tag-stoer-jasje-heren","32":"product_tag-uitverkoop-heren-leren-jas","33":"product_tag-versano-heren-collectie","34":"product_tag-versano-leren-jassen","35":"product_tag-zomerjassen-heren","36":"tm-no-options","38":"first","39":"instock","40":"sale","41":"taxable","42":"shipping-taxable","43":"purchasable","44":"product-type-variable","45":"has-default-attributes"},"yoast_head":"<!-- This site is optimized with the Yoast SEO plugin v27.2 - https:\/\/yoast.com\/product\/yoast-seo-wordpress\/ -->\n<title>Leren biker jas heren cognac TR50 Versano, biker jas cognac<\/title>\n<meta name=\"description\" content=\"Op zoek naar een Leren biker jas heren cognac TR50 Versano? Dan bent u bij het bekende jassenmerk Versano aan het juiste adres.\" \/>\n<meta name=\"robots\" content=\"index, follow, max-snippet:-1, max-image-preview:large, max-video-preview:-1\" \/>\n<link rel=\"canonical\" href=\"https:\/\/versano.nl\/es\/shop\/leren-jas-heren-versano-tr50-cognac\/\" \/>\n<meta property=\"og:locale\" content=\"es_ES\" \/>\n<meta property=\"og:type\" content=\"article\" \/>\n<meta property=\"og:title\" content=\"Leren biker jas heren cognac TR50 Versano, biker jas cognac\" \/>\n<meta property=\"og:description\" content=\"Op zoek naar een Leren biker jas heren cognac TR50 Versano? Dan bent u bij het bekende jassenmerk Versano aan het juiste adres.\" \/>\n<meta property=\"og:url\" content=\"https:\/\/versano.nl\/es\/shop\/leren-jas-heren-versano-tr50-cognac\/\" \/>\n<meta property=\"og:site_name\" content=\"Versano\" \/>\n<meta property=\"article:modified_time\" content=\"2024-08-20T19:35:26+00:00\" \/>\n<meta property=\"og:image\" content=\"https:\/\/versano.nl\/wp-content\/uploads\/2019\/11\/heren-bikerjack-cognac-schuine-ritsversano-tr50-1.jpg\" \/>\n\t<meta property=\"og:image:width\" content=\"900\" \/>\n\t<meta property=\"og:image:height\" content=\"1176\" \/>\n\t<meta property=\"og:image:type\" content=\"image\/jpeg\" \/>\n<meta name=\"twitter:card\" content=\"summary_large_image\" \/>\n<meta name=\"twitter:label1\" content=\"Tiempo de lectura\" \/>\n\t<meta name=\"twitter:data1\" content=\"2 minutos\" \/>\n<script type=\"application\/ld+json\" class=\"yoast-schema-graph\">{\"@context\":\"https:\/\/schema.org\",\"@graph\":[{\"@type\":\"WebPage\",\"@id\":\"https:\/\/versano.nl\/shop\/leren-jas-heren-versano-tr50-cognac\/\",\"url\":\"https:\/\/versano.nl\/shop\/leren-jas-heren-versano-tr50-cognac\/\",\"name\":\"Leren biker jas heren cognac TR50 Versano, biker jas cognac\",\"isPartOf\":{\"@id\":\"https:\/\/versano.nl\/#website\"},\"primaryImageOfPage\":{\"@id\":\"https:\/\/versano.nl\/shop\/leren-jas-heren-versano-tr50-cognac\/#primaryimage\"},\"image\":{\"@id\":\"https:\/\/versano.nl\/shop\/leren-jas-heren-versano-tr50-cognac\/#primaryimage\"},\"thumbnailUrl\":\"https:\/\/versano.nl\/wp-content\/uploads\/2019\/11\/heren-bikerjack-cognac-schuine-ritsversano-tr50-1.jpg\",\"datePublished\":\"2016-04-07T14:52:47+00:00\",\"dateModified\":\"2024-08-20T19:35:26+00:00\",\"description\":\"Op zoek naar een Leren biker jas heren cognac TR50 Versano? Dan bent u bij het bekende jassenmerk Versano aan het juiste adres.\",\"breadcrumb\":{\"@id\":\"https:\/\/versano.nl\/shop\/leren-jas-heren-versano-tr50-cognac\/#breadcrumb\"},\"inLanguage\":\"es\",\"potentialAction\":[{\"@type\":\"ReadAction\",\"target\":[\"https:\/\/versano.nl\/shop\/leren-jas-heren-versano-tr50-cognac\/\"]}]},{\"@type\":\"ImageObject\",\"inLanguage\":\"es\",\"@id\":\"https:\/\/versano.nl\/shop\/leren-jas-heren-versano-tr50-cognac\/#primaryimage\",\"url\":\"https:\/\/versano.nl\/wp-content\/uploads\/2019\/11\/heren-bikerjack-cognac-schuine-ritsversano-tr50-1.jpg\",\"contentUrl\":\"https:\/\/versano.nl\/wp-content\/uploads\/2019\/11\/heren-bikerjack-cognac-schuine-ritsversano-tr50-1.jpg\",\"width\":900,\"height\":1176,\"caption\":\"Leren biker jas heren cognac TR50 Versano\"},{\"@type\":\"BreadcrumbList\",\"@id\":\"https:\/\/versano.nl\/shop\/leren-jas-heren-versano-tr50-cognac\/#breadcrumb\",\"itemListElement\":[{\"@type\":\"ListItem\",\"position\":1,\"name\":\"Home\",\"item\":\"https:\/\/versano.nl\/\"},{\"@type\":\"ListItem\",\"position\":2,\"name\":\"Shop\",\"item\":\"https:\/\/versano.nl\/shop\/\"},{\"@type\":\"ListItem\",\"position\":3,\"name\":\"Leren biker jas heren cognac TR50 Versano\"}]},{\"@type\":\"WebSite\",\"@id\":\"https:\/\/versano.nl\/#website\",\"url\":\"https:\/\/versano.nl\/\",\"name\":\"Versano\",\"description\":\"winterjassen met bontkraag | leren dames jassen | leren heren jassen\",\"potentialAction\":[{\"@type\":\"SearchAction\",\"target\":{\"@type\":\"EntryPoint\",\"urlTemplate\":\"https:\/\/versano.nl\/?s={search_term_string}\"},\"query-input\":{\"@type\":\"PropertyValueSpecification\",\"valueRequired\":true,\"valueName\":\"search_term_string\"}}],\"inLanguage\":\"es\"}]}<\/script>\n<!-- \/ Yoast SEO plugin. -->","yoast_head_json":{"title":"Chaqueta biker de cuero hombre cognac TR50 Versano, chaqueta biker cognac","description":"\u00bfBuscas una chaqueta biker de cuero para hombre cognac TR50 Versano? Entonces ha venido al lugar correcto en la conocida marca de chaquetas Versano.","robots":{"index":"index","follow":"follow","max-snippet":"max-snippet:-1","max-image-preview":"max-image-preview:large","max-video-preview":"max-video-preview:-1"},"canonical":"https:\/\/versano.nl\/es\/shop\/leren-jas-heren-versano-tr50-cognac\/","og_locale":"es_ES","og_type":"article","og_title":"Leren biker jas heren cognac TR50 Versano, biker jas cognac","og_description":"Op zoek naar een Leren biker jas heren cognac TR50 Versano? Dan bent u bij het bekende jassenmerk Versano aan het juiste adres.","og_url":"https:\/\/versano.nl\/es\/shop\/leren-jas-heren-versano-tr50-cognac\/","og_site_name":"Versano","article_modified_time":"2024-08-20T19:35:26+00:00","og_image":[{"width":900,"height":1176,"url":"https:\/\/versano.nl\/wp-content\/uploads\/2019\/11\/heren-bikerjack-cognac-schuine-ritsversano-tr50-1.jpg","type":"image\/jpeg"}],"twitter_card":"summary_large_image","twitter_misc":{"Tiempo de lectura":"2 minutos"},"schema":{"@context":"https:\/\/schema.org","@graph":[{"@type":"WebPage","@id":"https:\/\/versano.nl\/shop\/leren-jas-heren-versano-tr50-cognac\/","url":"https:\/\/versano.nl\/shop\/leren-jas-heren-versano-tr50-cognac\/","name":"Chaqueta biker de cuero hombre cognac TR50 Versano, chaqueta biker cognac","isPartOf":{"@id":"https:\/\/versano.nl\/#website"},"primaryImageOfPage":{"@id":"https:\/\/versano.nl\/shop\/leren-jas-heren-versano-tr50-cognac\/#primaryimage"},"image":{"@id":"https:\/\/versano.nl\/shop\/leren-jas-heren-versano-tr50-cognac\/#primaryimage"},"thumbnailUrl":"https:\/\/versano.nl\/wp-content\/uploads\/2019\/11\/heren-bikerjack-cognac-schuine-ritsversano-tr50-1.jpg","datePublished":"2016-04-07T14:52:47+00:00","dateModified":"2024-08-20T19:35:26+00:00","description":"\u00bfBuscas una chaqueta biker de cuero para hombre cognac TR50 Versano? Entonces ha venido al lugar correcto en la conocida marca de chaquetas Versano.","breadcrumb":{"@id":"https:\/\/versano.nl\/shop\/leren-jas-heren-versano-tr50-cognac\/#breadcrumb"},"inLanguage":"es","potentialAction":[{"@type":"ReadAction","target":["https:\/\/versano.nl\/shop\/leren-jas-heren-versano-tr50-cognac\/"]}]},{"@type":"ImageObject","inLanguage":"es","@id":"https:\/\/versano.nl\/shop\/leren-jas-heren-versano-tr50-cognac\/#primaryimage","url":"https:\/\/versano.nl\/wp-content\/uploads\/2019\/11\/heren-bikerjack-cognac-schuine-ritsversano-tr50-1.jpg","contentUrl":"https:\/\/versano.nl\/wp-content\/uploads\/2019\/11\/heren-bikerjack-cognac-schuine-ritsversano-tr50-1.jpg","width":900,"height":1176,"caption":"Leren biker jas heren cognac TR50 Versano"},{"@type":"BreadcrumbList","@id":"https:\/\/versano.nl\/shop\/leren-jas-heren-versano-tr50-cognac\/#breadcrumb","itemListElement":[{"@type":"ListItem","position":1,"name":"Home","item":"https:\/\/versano.nl\/"},{"@type":"ListItem","position":2,"name":"Shop","item":"https:\/\/versano.nl\/shop\/"},{"@type":"ListItem","position":3,"name":"Leren biker jas heren cognac TR50 Versano"}]},{"@type":"WebSite","@id":"https:\/\/versano.nl\/#website","url":"https:\/\/versano.nl\/","name":"Versano","description":"abrigos de invierno con cuello de piel | chaquetas de cuero para mujer | chaquetas de cuero para hombre","potentialAction":[{"@type":"SearchAction","target":{"@type":"EntryPoint","urlTemplate":"https:\/\/versano.nl\/?s={search_term_string}"},"query-input":{"@type":"PropertyValueSpecification","valueRequired":true,"valueName":"search_term_string"}}],"inLanguage":"es"}]}},"_links":{"self":[{"href":"https:\/\/versano.nl\/es\/wp-json\/wp\/v2\/product\/11330","targetHints":{"allow":["GET"]}}],"collection":[{"href":"https:\/\/versano.nl\/es\/wp-json\/wp\/v2\/product"}],"about":[{"href":"https:\/\/versano.nl\/es\/wp-json\/wp\/v2\/types\/product"}],"replies":[{"embeddable":true,"href":"https:\/\/versano.nl\/es\/wp-json\/wp\/v2\/comments?post=11330"}],"wp:featuredmedia":[{"embeddable":true,"href":"https:\/\/versano.nl\/es\/wp-json\/wp\/v2\/media\/13898"}],"wp:attachment":[{"href":"https:\/\/versano.nl\/es\/wp-json\/wp\/v2\/media?parent=11330"}],"wp:term":[{"taxonomy":"product_brand","embeddable":true,"href":"https:\/\/versano.nl\/es\/wp-json\/wp\/v2\/product_brand?post=11330"},{"taxonomy":"product_cat","embeddable":true,"href":"https:\/\/versano.nl\/es\/wp-json\/wp\/v2\/product_cat?post=11330"},{"taxonomy":"product_tag","embeddable":true,"href":"https:\/\/versano.nl\/es\/wp-json\/wp\/v2\/product_tag?post=11330"}],"curies":[{"name":"wp","href":"https:\/\/api.w.org\/{rel}","templated":true}]}}