{"id":940,"date":"2014-12-01T07:50:14","date_gmt":"2014-12-01T07:50:14","guid":{"rendered":"http:\/\/leathershopdoci.nl\/shop\/versano-heren-leren-jas-tr43-zwart\/"},"modified":"2024-12-02T22:35:08","modified_gmt":"2024-12-02T22:35:08","slug":"leren-jas-heren-versano-tr43-zwart","status":"publish","type":"product","link":"https:\/\/versano.nl\/de\/shop\/leren-jas-heren-versano-tr43-zwart\/","title":{"rendered":"Herrenjacke Leder TR43 schwarz Versano"},"content":{"rendered":"<h2>Herrenjacke Leder TR43 schwarz Versano<\/h2>\n<p>Mit der Herrenjacke Leder TR43 schwarz Versano Versano erhalten Sie eine Jacke, die sich durch Tragekomfort und eine perfekte Slim-Fit-Passform auszeichnet. Es wurde von den Versano-Designern entworfen, die wie kein anderer wissen, wie man eine sch\u00f6ne Jacke entwirft. Wir empfehlen Ihnen daher, einen Blick auf unser Jacken-Sortiment dieser Marke zu werfen, wenn Sie ein Modell suchen, das sportlich und schick aussieht. Au\u00dferdem handelt es sich um eine Jacke aus strapazierf\u00e4higem Lammleder, einer anschmiegsamen, robusten Lederart. Es ist eine Herren-Lederjacke, die perfekt verarbeitet ist. Ein Modell, das wir daher w\u00e4rmstens empfehlen k\u00f6nnen. Mit dieser Jacke kannst du dir sicher sein, dass dir schon bald eine neue Jacke um die Schultern h\u00e4ngt, in der du zu sehen bist.<\/p>\n<h2>Modell TR43 in schwarz bestellen<\/h2>\n<p>Wenn Sie auf der Suche nach einer Lederjacke sind, bei der Sie sich sicher sein k\u00f6nnen, dass sie bequem ist, dann schauen Sie einfach in unserem Sortiment vorbei. Bei My-Versano finden Sie wundersch\u00f6ne Jacken von Versano, einer Marke, die sich \u00fcber die Jahre einen guten Namen gemacht hat. Der TR43 ist ein Modell, das so konstruiert ist, wie wir es von Versano gewohnt sind. Mit anderen Worten: Eine Jacke, die mit ihrer italienischen Passform perfekt aussieht. Es handelt sich um eine Jacke, die aus sehr hochwertigem Lammleder gefertigt ist. Bei uns k\u00f6nnen Sie ganz einfach die richtige Gr\u00f6\u00dfe anhand unserer smarten Anleitungsvideos ausw\u00e4hlen. Dann k\u00f6nnen Sie uns jederzeit per Mail oder WhatsApp kontaktieren. Unsere Mitarbeiter m\u00f6chten Ihnen helfen!<\/p>\n<p>&nbsp;<\/p>\n<p>Marke:\u00a0<a href=\"https:\/\/versano.nl\/\">Versano<\/a><br \/>\nMaterial: 100% Lammfell<br \/>\nFutter: 100% Polyester<br \/>\nL\u00e4nge: kurz<br \/>\nPassform: schmale Passform<br \/>\nSchlie\u00dfung: Rei\u00dfverschluss<br \/>\nTaschen: RV-Taschen<br \/>\nKragen: Stehkragen<br \/>\nMaterial Au\u00dfenschicht: Sehr hohe Qualit\u00e4t und weiches Lammfell<br \/>\nLieferzeit: 2-3 Werktage<\/p>","protected":false},"excerpt":{"rendered":"<p style=\"margin: 0cm 0cm 11.25pt 0cm\"><span style=\"font-size: 10.5pt;font-family: 'Arial',sans-serif;color: red\">Fit Beratung:\u00a0<\/span><span style=\"font-size: 10.5pt;font-family: 'Arial',sans-serif;color: #5d5d5d\">Die Passform dieser Jacke ist schmal geschnitten. Unser Model ist 1,75 cm gro\u00df und tr\u00e4gt Gr\u00f6\u00dfe M.<\/span><\/p>\n<p style=\"margin: 0cm 0cm 11.25pt 0cm\"><span style=\"font-size: 10.5pt;font-family: 'Arial',sans-serif;color: #5d5d5d\">Wenn Sie sich bei Ihren Ma\u00dfen nicht sicher sind, empfehlen wir Ihnen, zuerst Ihre Gr\u00f6\u00dfenma\u00dfe zu messen und sie mit unserer Gr\u00f6\u00dfentabelle zu vergleichen. Wenn Sie keine Erfahrung mit der Messung von Umfangsgr\u00f6\u00dfen haben, klicken Sie auf\u00a0<\/span><a href=\"https:\/\/www.youtube.com\/watch?v=3ZSfY87v6pM\"><em><span style=\"font-size: 10.5pt;font-family: 'Arial',sans-serif;text-decoration: none\">HIER<\/span><\/em><span style=\"font-size: 10.5pt;font-family: 'Arial',sans-serif;text-decoration: none\">\u00a0<\/span><\/a><span style=\"font-size: 10.5pt;font-family: 'Arial',sans-serif;color: #5d5d5d\">\u00a0zu\u00a0<\/span><a href=\"https:\/\/www.youtube.com\/watch?v=3ZSfY87v6pM\"><em><span style=\"font-size: 10.5pt;font-family: 'Arial',sans-serif;color: red;text-decoration: none\">VIDEO<\/span><\/em><\/a><span style=\"font-size: 10.5pt;font-family: 'Arial',sans-serif;color: #5d5d5d\">\u00a0 mit Anweisungen. Sie k\u00f6nnen uns auch direkt anrufen oder anrufen! Unsere Mitarbeiter stehen Ihnen jederzeit zur Verf\u00fcgung.<\/span><\/p>\n<p style=\"margin: 0cm\"><strong><span style=\"font-size: 10.5pt;font-family: 'Arial',sans-serif;color: #5d5d5d\">LIEFERZEIT :<\/span><\/strong><span style=\"font-size: 10.5pt;font-family: 'Arial',sans-serif;color: #5d5d5d\">\u00a02 bis 3 Werktage.<\/span><\/p>\n<p>&nbsp;<\/p>\n<p>W\u00c4HLEN SIE HIER EINE ANDERE FARBE<\/p>\n<p><strong> <a href=\"https:\/\/versano.nl\/shop\/leren-jas-heren-versano-tr43-bruin\/\"><img loading=\"lazy\" decoding=\"async\" class=\"alignnone size-full wp-image-19920\" src=\"https:\/\/versano.nl\/wp-content\/uploads\/sites\/2\/2016\/04\/echte-leren-jas-heren-bruin-versano-thumb.jpg\" alt=\"\" width=\"57\" height=\"75\" \/><\/a><a href=\"https:\/\/versano.nl\/shop\/versano-heren-leren-jas-tr43-cognac\/\"><img loading=\"lazy\" decoding=\"async\" class=\"alignnone size-full wp-image-19921\" src=\"https:\/\/versano.nl\/wp-content\/uploads\/sites\/2\/2016\/04\/heren-leren-jack-cognac-versano-TR43-thumb.jpg\" alt=\"\" width=\"56\" height=\"75\" \/><\/a><a href=\"https:\/\/versano.nl\/shop\/leren-jas-heren-versano-tr43-blauw\/\"><img loading=\"lazy\" decoding=\"async\" class=\"alignnone size-full wp-image-19922\" src=\"https:\/\/versano.nl\/wp-content\/uploads\/sites\/2\/2016\/04\/leren-jassen-heren-blauw-versano-tr43-thumb.jpg\" alt=\"\" width=\"57\" height=\"75\" \/><\/a><\/strong><\/p>","protected":false},"featured_media":20932,"comment_status":"closed","ping_status":"closed","template":"","meta":[],"product_brand":[],"product_cat":[1670,147,874,907,912,1671,908,1669,1712,913,910,882],"product_tag":[626,1757,1756,52,311,23,24,1683,1660,1708,312,59],"class_list":{"0":"post-940","1":"product","2":"type-product","3":"status-publish","4":"has-post-thumbnail","6":"product_cat-heren-leren-jas","7":"product_cat-heren-leren-jassen","8":"product_cat-kort-leren-jasje","9":"product_cat-kort-leren-jasje-heren","10":"product_cat-leren-bikerjacks-heren","11":"product_cat-leren-heren-jas","12":"product_cat-leren-heren-jassen","13":"product_cat-leren-jas-heren","14":"product_cat-leren-jassen","15":"product_cat-leren-jassen-heren-uitverkoop","16":"product_cat-leren-jassen-heren","17":"product_cat-versano","18":"product_tag-heren-jas-leer-zwart","19":"product_tag-heren-leren-jasen-versano","20":"product_tag-leren-jas-heren-in-sale","21":"product_tag-leren-jas-heren-zwart","22":"product_tag-leren-jasje-zwart","23":"product_tag-motorjacks-heren","24":"product_tag-stoer-jasje-heren","25":"product_tag-uitverkoop-heren-leren-jassen","26":"product_tag-versano-heren","27":"product_tag-zomerjassen-heren","28":"product_tag-zwart-leren-heren-jasje","29":"product_tag-zwarte-leren-heren-jas","30":"tm-no-options","32":"first","33":"instock","34":"sale","35":"taxable","36":"shipping-taxable","37":"purchasable","38":"product-type-variable","39":"has-default-attributes"},"yoast_head":"<!-- This site is optimized with the Yoast SEO plugin v27.2 - https:\/\/yoast.com\/product\/yoast-seo-wordpress\/ -->\n<title>Heren jas leer TR43 zwart Versano, Leren jas heren<\/title>\n<meta name=\"description\" content=\"Bent u op zoek naar een Heren jas leer TR43 zwart Versanoo, bekijk dan onze collectie leren jassen van lamsleder in onze webshop.\" \/>\n<meta name=\"robots\" content=\"index, follow, max-snippet:-1, max-image-preview:large, max-video-preview:-1\" \/>\n<link rel=\"canonical\" href=\"https:\/\/versano.nl\/de\/shop\/leren-jas-heren-versano-tr43-zwart\/\" \/>\n<meta property=\"og:locale\" content=\"de_DE\" \/>\n<meta property=\"og:type\" content=\"article\" \/>\n<meta property=\"og:title\" content=\"Heren jas leer TR43 zwart Versano, Leren jas heren\" \/>\n<meta property=\"og:description\" content=\"Bent u op zoek naar een Heren jas leer TR43 zwart Versanoo, bekijk dan onze collectie leren jassen van lamsleder in onze webshop.\" \/>\n<meta property=\"og:url\" content=\"https:\/\/versano.nl\/de\/shop\/leren-jas-heren-versano-tr43-zwart\/\" \/>\n<meta property=\"og:site_name\" content=\"Versano\" \/>\n<meta property=\"article:modified_time\" content=\"2024-12-02T22:35:08+00:00\" \/>\n<meta property=\"og:image\" content=\"https:\/\/versano.nl\/wp-content\/uploads\/2021\/03\/zwarte-leren-heren-jas-versano-tr43-model5.jpg\" \/>\n\t<meta property=\"og:image:width\" content=\"900\" \/>\n\t<meta property=\"og:image:height\" content=\"1176\" \/>\n\t<meta property=\"og:image:type\" content=\"image\/jpeg\" \/>\n<meta name=\"twitter:card\" content=\"summary_large_image\" \/>\n<meta name=\"twitter:label1\" content=\"Gesch\u00e4tzte Lesezeit\" \/>\n\t<meta name=\"twitter:data1\" content=\"2\u00a0Minuten\" \/>\n<script type=\"application\/ld+json\" class=\"yoast-schema-graph\">{\"@context\":\"https:\/\/schema.org\",\"@graph\":[{\"@type\":\"WebPage\",\"@id\":\"https:\/\/versano.nl\/shop\/leren-jas-heren-versano-tr43-zwart\/\",\"url\":\"https:\/\/versano.nl\/shop\/leren-jas-heren-versano-tr43-zwart\/\",\"name\":\"Heren jas leer TR43 zwart Versano, Leren jas heren\",\"isPartOf\":{\"@id\":\"https:\/\/versano.nl\/#website\"},\"primaryImageOfPage\":{\"@id\":\"https:\/\/versano.nl\/shop\/leren-jas-heren-versano-tr43-zwart\/#primaryimage\"},\"image\":{\"@id\":\"https:\/\/versano.nl\/shop\/leren-jas-heren-versano-tr43-zwart\/#primaryimage\"},\"thumbnailUrl\":\"https:\/\/versano.nl\/wp-content\/uploads\/2021\/03\/zwarte-leren-heren-jas-versano-tr43-model5.jpg\",\"datePublished\":\"2014-12-01T07:50:14+00:00\",\"dateModified\":\"2024-12-02T22:35:08+00:00\",\"description\":\"Bent u op zoek naar een Heren jas leer TR43 zwart Versanoo, bekijk dan onze collectie leren jassen van lamsleder in onze webshop.\",\"breadcrumb\":{\"@id\":\"https:\/\/versano.nl\/shop\/leren-jas-heren-versano-tr43-zwart\/#breadcrumb\"},\"inLanguage\":\"de\",\"potentialAction\":[{\"@type\":\"ReadAction\",\"target\":[\"https:\/\/versano.nl\/shop\/leren-jas-heren-versano-tr43-zwart\/\"]}]},{\"@type\":\"ImageObject\",\"inLanguage\":\"de\",\"@id\":\"https:\/\/versano.nl\/shop\/leren-jas-heren-versano-tr43-zwart\/#primaryimage\",\"url\":\"https:\/\/versano.nl\/wp-content\/uploads\/2021\/03\/zwarte-leren-heren-jas-versano-tr43-model5.jpg\",\"contentUrl\":\"https:\/\/versano.nl\/wp-content\/uploads\/2021\/03\/zwarte-leren-heren-jas-versano-tr43-model5.jpg\",\"width\":900,\"height\":1176,\"caption\":\"Heren jas leer TR43 zwart Versano\"},{\"@type\":\"BreadcrumbList\",\"@id\":\"https:\/\/versano.nl\/shop\/leren-jas-heren-versano-tr43-zwart\/#breadcrumb\",\"itemListElement\":[{\"@type\":\"ListItem\",\"position\":1,\"name\":\"Home\",\"item\":\"https:\/\/versano.nl\/\"},{\"@type\":\"ListItem\",\"position\":2,\"name\":\"Shop\",\"item\":\"https:\/\/versano.nl\/shop\/\"},{\"@type\":\"ListItem\",\"position\":3,\"name\":\"Heren jas leer TR43 zwart Versano\"}]},{\"@type\":\"WebSite\",\"@id\":\"https:\/\/versano.nl\/#website\",\"url\":\"https:\/\/versano.nl\/\",\"name\":\"Versano\",\"description\":\"winterjassen met bontkraag | leren dames jassen | leren heren jassen\",\"potentialAction\":[{\"@type\":\"SearchAction\",\"target\":{\"@type\":\"EntryPoint\",\"urlTemplate\":\"https:\/\/versano.nl\/?s={search_term_string}\"},\"query-input\":{\"@type\":\"PropertyValueSpecification\",\"valueRequired\":true,\"valueName\":\"search_term_string\"}}],\"inLanguage\":\"de\"}]}<\/script>\n<!-- \/ Yoast SEO plugin. -->","yoast_head_json":{"title":"Herren Lederjacke TR43 schwarz Versano, Herren Lederjacke","description":"Suchen Sie eine Herrenjacke Leder TR43 schwarz Versanoo, sehen Sie sich unsere Kollektion an Lederjacken aus Lammleder in unserem Webshop an.","robots":{"index":"index","follow":"follow","max-snippet":"max-snippet:-1","max-image-preview":"max-image-preview:large","max-video-preview":"max-video-preview:-1"},"canonical":"https:\/\/versano.nl\/de\/shop\/leren-jas-heren-versano-tr43-zwart\/","og_locale":"de_DE","og_type":"article","og_title":"Heren jas leer TR43 zwart Versano, Leren jas heren","og_description":"Bent u op zoek naar een Heren jas leer TR43 zwart Versanoo, bekijk dan onze collectie leren jassen van lamsleder in onze webshop.","og_url":"https:\/\/versano.nl\/de\/shop\/leren-jas-heren-versano-tr43-zwart\/","og_site_name":"Versano","article_modified_time":"2024-12-02T22:35:08+00:00","og_image":[{"width":900,"height":1176,"url":"https:\/\/versano.nl\/wp-content\/uploads\/2021\/03\/zwarte-leren-heren-jas-versano-tr43-model5.jpg","type":"image\/jpeg"}],"twitter_card":"summary_large_image","twitter_misc":{"Gesch\u00e4tzte Lesezeit":"2\u00a0Minuten"},"schema":{"@context":"https:\/\/schema.org","@graph":[{"@type":"WebPage","@id":"https:\/\/versano.nl\/shop\/leren-jas-heren-versano-tr43-zwart\/","url":"https:\/\/versano.nl\/shop\/leren-jas-heren-versano-tr43-zwart\/","name":"Herren Lederjacke TR43 schwarz Versano, Herren Lederjacke","isPartOf":{"@id":"https:\/\/versano.nl\/#website"},"primaryImageOfPage":{"@id":"https:\/\/versano.nl\/shop\/leren-jas-heren-versano-tr43-zwart\/#primaryimage"},"image":{"@id":"https:\/\/versano.nl\/shop\/leren-jas-heren-versano-tr43-zwart\/#primaryimage"},"thumbnailUrl":"https:\/\/versano.nl\/wp-content\/uploads\/2021\/03\/zwarte-leren-heren-jas-versano-tr43-model5.jpg","datePublished":"2014-12-01T07:50:14+00:00","dateModified":"2024-12-02T22:35:08+00:00","description":"Suchen Sie eine Herrenjacke Leder TR43 schwarz Versanoo, sehen Sie sich unsere Kollektion an Lederjacken aus Lammleder in unserem Webshop an.","breadcrumb":{"@id":"https:\/\/versano.nl\/shop\/leren-jas-heren-versano-tr43-zwart\/#breadcrumb"},"inLanguage":"de","potentialAction":[{"@type":"ReadAction","target":["https:\/\/versano.nl\/shop\/leren-jas-heren-versano-tr43-zwart\/"]}]},{"@type":"ImageObject","inLanguage":"de","@id":"https:\/\/versano.nl\/shop\/leren-jas-heren-versano-tr43-zwart\/#primaryimage","url":"https:\/\/versano.nl\/wp-content\/uploads\/2021\/03\/zwarte-leren-heren-jas-versano-tr43-model5.jpg","contentUrl":"https:\/\/versano.nl\/wp-content\/uploads\/2021\/03\/zwarte-leren-heren-jas-versano-tr43-model5.jpg","width":900,"height":1176,"caption":"Heren jas leer TR43 zwart Versano"},{"@type":"BreadcrumbList","@id":"https:\/\/versano.nl\/shop\/leren-jas-heren-versano-tr43-zwart\/#breadcrumb","itemListElement":[{"@type":"ListItem","position":1,"name":"Home","item":"https:\/\/versano.nl\/"},{"@type":"ListItem","position":2,"name":"Shop","item":"https:\/\/versano.nl\/shop\/"},{"@type":"ListItem","position":3,"name":"Heren jas leer TR43 zwart Versano"}]},{"@type":"WebSite","@id":"https:\/\/versano.nl\/#website","url":"https:\/\/versano.nl\/","name":"Versano","description":"Winterm\u00e4ntel mit Pelzkragen | Damen Lederjacken | Herren Lederjacken","potentialAction":[{"@type":"SearchAction","target":{"@type":"EntryPoint","urlTemplate":"https:\/\/versano.nl\/?s={search_term_string}"},"query-input":{"@type":"PropertyValueSpecification","valueRequired":true,"valueName":"search_term_string"}}],"inLanguage":"de"}]}},"_links":{"self":[{"href":"https:\/\/versano.nl\/de\/wp-json\/wp\/v2\/product\/940","targetHints":{"allow":["GET"]}}],"collection":[{"href":"https:\/\/versano.nl\/de\/wp-json\/wp\/v2\/product"}],"about":[{"href":"https:\/\/versano.nl\/de\/wp-json\/wp\/v2\/types\/product"}],"replies":[{"embeddable":true,"href":"https:\/\/versano.nl\/de\/wp-json\/wp\/v2\/comments?post=940"}],"wp:featuredmedia":[{"embeddable":true,"href":"https:\/\/versano.nl\/de\/wp-json\/wp\/v2\/media\/20932"}],"wp:attachment":[{"href":"https:\/\/versano.nl\/de\/wp-json\/wp\/v2\/media?parent=940"}],"wp:term":[{"taxonomy":"product_brand","embeddable":true,"href":"https:\/\/versano.nl\/de\/wp-json\/wp\/v2\/product_brand?post=940"},{"taxonomy":"product_cat","embeddable":true,"href":"https:\/\/versano.nl\/de\/wp-json\/wp\/v2\/product_cat?post=940"},{"taxonomy":"product_tag","embeddable":true,"href":"https:\/\/versano.nl\/de\/wp-json\/wp\/v2\/product_tag?post=940"}],"curies":[{"name":"wp","href":"https:\/\/api.w.org\/{rel}","templated":true}]}}