{"id":8007,"date":"2018-04-21T20:31:53","date_gmt":"2018-04-21T20:31:53","guid":{"rendered":"https:\/\/leathershopdoci.nl\/?post_type=product&#038;p=16759"},"modified":"2025-07-03T19:08:26","modified_gmt":"2025-07-03T19:08:26","slug":"leren-heren-jasje-basic-blauw-versano-tr36-s","status":"publish","type":"product","link":"https:\/\/versano.nl\/de\/shop\/leren-heren-jasje-basic-blauw-versano-tr36-s\/","title":{"rendered":"Lederjacke Herren blau TR36 S Versano"},"content":{"rendered":"<h2>Lederjacke Herren blau TR36 S Versano<\/h2>\n<p>Lederjacke Herren blau TR36 S Versano ist ein Basic Modell Jacke von Versano. Der TR36 S ist Teil der neuen Versano-Kollektion. Ein besonderes Basismodell dieser Jacke wurde von den talentierten Designern von Versano entworfen. Die Jacke ist mit zwei tiefen Seitentaschen mit Rei\u00dfverschluss, sowie zwei kleineren Taschen auf der Brust ausgestattet. Diese k\u00f6nnen zus\u00e4tzlich mit einem stabilen Rei\u00dfverschluss geschlossen werden. Neben der coolen Cognac-Farbe ist diese Leder-Herrenjacke auch in weiteren verschiedenen Farben erh\u00e4ltlich und f\u00fcr alle Jahreszeiten geeignet. Wenn Sie diese Jacke bei uns bestellen, erhalten Sie eine Jacke, die mit Sicherheit ein Leben lang sch\u00f6n bleibt.<\/p>\n<h2>Modell TR 36S in Blau bei Versano bestellen<\/h2>\n<p>Auf der Suche nach einer Alltagsjacke f\u00fcr jede Jahreszeit? Dann k\u00f6nnen Sie mit dieser Jacke aus Lammleder gut aussehen. Dies ist eine sch\u00f6ne Slim-Fit-Jacke, die ganz im italienischen Stil ist. Mit anderen Worten, mit dieser Jacke m\u00fcssen Sie sich keine Sorgen machen, fehl am Platz zu wirken. Dieses Modell k\u00f6nnen Sie ganz einfach auf unserer Website in Cognac oder anderen verschiedenen Farben wie Schwarz und Braun bestellen. Wir empfehlen Ihnen daher, einfach zu schauen, welche Farbe Ihrer Meinung nach am besten zu Ihrem eigenen Stil passt. Die Farbe l\u00e4sst sich gut kombinieren und passt zu fast allen Outfits. Haben Sie Fragen oder sind Sie sich nicht sicher, welche Gr\u00f6\u00dfe Sie bestellen sollen? Dann k\u00f6nnen Sie uns jederzeit per Mail oder WhatsApp kontaktieren. Unsere Mitarbeiter m\u00f6chten Ihnen helfen!<\/p>\n<p>&nbsp;<\/p>\n<p>Marke:\u00a0<a href=\"https:\/\/versano.nl\/\">Versano<\/a><br \/>\nMaterial: 100% Lammfell<br \/>\nFutter: 100% Polyester<br \/>\nL\u00e4nge: kurz-mittel<br \/>\nPassform: schmale Passform<br \/>\nSchlie\u00dfung: Rei\u00dfverschluss<br \/>\nTaschen: RV-Taschen<br \/>\nKragen: Stehkragen<br \/>\nMaterial Au\u00dfenschicht: Sehr hohe Qualit\u00e4t und weiches Lammfell<br \/>\nLieferzeit: 2-3 Werktage<\/p>","protected":false},"excerpt":{"rendered":"<p>W\u00c4HLEN SIE HIER EINE ANDERE FARBE<\/p>\n<p><a href=\"https:\/\/versano.nl\/shop\/leren-heren-jas-basic-cognac-versano-tr36-s\/\"><img loading=\"lazy\" decoding=\"async\" class=\"alignnone size-full wp-image-19927\" src=\"https:\/\/versano.nl\/wp-content\/uploads\/sites\/2\/2020\/08\/lederen-heren-jack-cognac-ronde-kraag-TR36S-thumb.jpg\" alt=\"\" width=\"56\" height=\"75\" \/><\/a><a href=\"https:\/\/versano.nl\/shop\/leren-heren-jas-basic-bruin-versano-tr36-s\/\"><img loading=\"lazy\" decoding=\"async\" class=\"alignnone size-full wp-image-19928\" src=\"https:\/\/versano.nl\/wp-content\/uploads\/sites\/2\/2020\/08\/leren-heren-jack-ronde-kraag-bruin-versano-tr36s-thumb.jpg\" alt=\"\" width=\"56\" height=\"75\" \/><\/a><a href=\"https:\/\/versano.nl\/shop\/leren-heren-jasje-basic-zwart-versano-tr36-s\/\"><img loading=\"lazy\" decoding=\"async\" class=\"alignnone size-full wp-image-19930\" src=\"https:\/\/versano.nl\/wp-content\/uploads\/sites\/2\/2020\/08\/leren-jasje-heren-zwart-TR36S-versano-thumb.jpg\" alt=\"\" width=\"57\" height=\"75\" \/><\/a><\/p>\n<p><span style=\"color: #ff0000;\">\u00a0Fit Beratung:<\/span> Die Passform dieser Jacke ist schmal geschnitten. Unser Model ist 1,75 cm gro\u00df und tr\u00e4gt Gr\u00f6\u00dfe M.<\/p>\n<p>Wenn Sie sich bei Ihren Ma\u00dfen nicht sicher sind, empfehlen wir Ihnen, zuerst Ihre Gr\u00f6\u00dfenma\u00dfe zu messen und sie mit unserer Gr\u00f6\u00dfentabelle zu vergleichen. Wenn Sie keine Erfahrung mit der Messung von Umfangsgr\u00f6\u00dfen haben, klicken Sie auf\u00a0<a href=\"https:\/\/www.youtube.com\/watch?v=3ZSfY87v6pM\"><em>HIER<\/em>\u00a0<\/a>\u00a0zu\u00a0<span style=\"color: #ff0000;\"><a style=\"color: #ff0000;\" href=\"https:\/\/www.youtube.com\/watch?v=3ZSfY87v6pM\"><em>VIDEO<\/em><\/a>\u00a0<\/span> mit Anweisungen. Sie k\u00f6nnen uns auch direkt anrufen oder anrufen! Unsere Mitarbeiter stehen Ihnen jederzeit zur Verf\u00fcgung.<\/p>\n<p><strong>LIEFERZEIT :<\/strong>\u00a02 bis 3 Werktage.<\/p>","protected":false},"featured_media":33566,"comment_status":"closed","ping_status":"closed","template":"","meta":[],"product_brand":[],"product_cat":[1670,147,874,907,1671,908,1669,1712,913,910,882],"product_tag":[574,918,1691,1761,1692,1698,919,920,921,922,23,24,1697,1785,1708],"class_list":{"0":"post-8007","1":"product","2":"type-product","3":"status-publish","4":"has-post-thumbnail","6":"product_cat-heren-leren-jas","7":"product_cat-heren-leren-jassen","8":"product_cat-kort-leren-jasje","9":"product_cat-kort-leren-jasje-heren","10":"product_cat-leren-heren-jas","11":"product_cat-leren-heren-jassen","12":"product_cat-leren-jas-heren","13":"product_cat-leren-jassen","14":"product_cat-leren-jassen-heren-uitverkoop","15":"product_cat-leren-jassen-heren","16":"product_cat-versano","17":"product_tag-blauwe-leren-heren-jas","18":"product_tag-blauwe-leren-heren-jasje","19":"product_tag-echt-leer-heren-jas","20":"product_tag-heren-jas-leer","21":"product_tag-lamsleer-heren-jas","22":"product_tag-leren-heren-jas-sale","23":"product_tag-leren-heren-jasje-blauw","24":"product_tag-leren-jasje-blauw","25":"product_tag-leren-jasje-heren","26":"product_tag-leren-jasje-heren-basic","27":"product_tag-motorjacks-heren","28":"product_tag-stoer-jasje-heren","29":"product_tag-uitverkoop-heren-leren-jas","30":"product_tag-uitverkoop-jassen-versano","31":"product_tag-zomerjassen-heren","32":"tm-no-options","34":"first","35":"instock","36":"sale","37":"taxable","38":"shipping-taxable","39":"purchasable","40":"product-type-variable"},"yoast_head":"<!-- This site is optimized with the Yoast SEO plugin v27.2 - https:\/\/yoast.com\/product\/yoast-seo-wordpress\/ -->\n<title>leren jas heren blauw TR36 S Versano, blauwe leren jas heren<\/title>\n<meta name=\"description\" content=\"Ben je op zoek naar een leren jas heren blauw TR36 S Versano, dan is het goed om even in de webshop van Versano te kijken.\" \/>\n<meta name=\"robots\" content=\"index, follow, max-snippet:-1, max-image-preview:large, max-video-preview:-1\" \/>\n<link rel=\"canonical\" href=\"https:\/\/versano.nl\/de\/shop\/leren-heren-jasje-basic-blauw-versano-tr36-s\/\" \/>\n<meta property=\"og:locale\" content=\"de_DE\" \/>\n<meta property=\"og:type\" content=\"article\" \/>\n<meta property=\"og:title\" content=\"leren jas heren blauw TR36 S Versano, blauwe leren jas heren\" \/>\n<meta property=\"og:description\" content=\"Ben je op zoek naar een leren jas heren blauw TR36 S Versano, dan is het goed om even in de webshop van Versano te kijken.\" \/>\n<meta property=\"og:url\" content=\"https:\/\/versano.nl\/de\/shop\/leren-heren-jasje-basic-blauw-versano-tr36-s\/\" \/>\n<meta property=\"og:site_name\" content=\"Versano\" \/>\n<meta property=\"article:modified_time\" content=\"2025-07-03T19:08:26+00:00\" \/>\n<meta property=\"og:image\" content=\"https:\/\/versano.nl\/wp-content\/uploads\/2018\/04\/tr36-s-blauw.jpg\" \/>\n\t<meta property=\"og:image:width\" content=\"600\" \/>\n\t<meta property=\"og:image:height\" content=\"800\" \/>\n\t<meta property=\"og:image:type\" content=\"image\/jpeg\" \/>\n<meta name=\"twitter:card\" content=\"summary_large_image\" \/>\n<meta name=\"twitter:label1\" content=\"Gesch\u00e4tzte Lesezeit\" \/>\n\t<meta name=\"twitter:data1\" content=\"2\u00a0Minuten\" \/>\n<script type=\"application\/ld+json\" class=\"yoast-schema-graph\">{\"@context\":\"https:\/\/schema.org\",\"@graph\":[{\"@type\":\"WebPage\",\"@id\":\"https:\/\/versano.nl\/shop\/leren-heren-jasje-basic-blauw-versano-tr36-s\/\",\"url\":\"https:\/\/versano.nl\/shop\/leren-heren-jasje-basic-blauw-versano-tr36-s\/\",\"name\":\"leren jas heren blauw TR36 S Versano, blauwe leren jas heren\",\"isPartOf\":{\"@id\":\"https:\/\/versano.nl\/#website\"},\"primaryImageOfPage\":{\"@id\":\"https:\/\/versano.nl\/shop\/leren-heren-jasje-basic-blauw-versano-tr36-s\/#primaryimage\"},\"image\":{\"@id\":\"https:\/\/versano.nl\/shop\/leren-heren-jasje-basic-blauw-versano-tr36-s\/#primaryimage\"},\"thumbnailUrl\":\"https:\/\/versano.nl\/wp-content\/uploads\/2018\/04\/tr36-s-blauw.jpg\",\"datePublished\":\"2018-04-21T20:31:53+00:00\",\"dateModified\":\"2025-07-03T19:08:26+00:00\",\"description\":\"Ben je op zoek naar een leren jas heren blauw TR36 S Versano, dan is het goed om even in de webshop van Versano te kijken.\",\"breadcrumb\":{\"@id\":\"https:\/\/versano.nl\/shop\/leren-heren-jasje-basic-blauw-versano-tr36-s\/#breadcrumb\"},\"inLanguage\":\"de\",\"potentialAction\":[{\"@type\":\"ReadAction\",\"target\":[\"https:\/\/versano.nl\/shop\/leren-heren-jasje-basic-blauw-versano-tr36-s\/\"]}]},{\"@type\":\"ImageObject\",\"inLanguage\":\"de\",\"@id\":\"https:\/\/versano.nl\/shop\/leren-heren-jasje-basic-blauw-versano-tr36-s\/#primaryimage\",\"url\":\"https:\/\/versano.nl\/wp-content\/uploads\/2018\/04\/tr36-s-blauw.jpg\",\"contentUrl\":\"https:\/\/versano.nl\/wp-content\/uploads\/2018\/04\/tr36-s-blauw.jpg\",\"width\":600,\"height\":800},{\"@type\":\"BreadcrumbList\",\"@id\":\"https:\/\/versano.nl\/shop\/leren-heren-jasje-basic-blauw-versano-tr36-s\/#breadcrumb\",\"itemListElement\":[{\"@type\":\"ListItem\",\"position\":1,\"name\":\"Home\",\"item\":\"https:\/\/versano.nl\/\"},{\"@type\":\"ListItem\",\"position\":2,\"name\":\"Shop\",\"item\":\"https:\/\/versano.nl\/shop\/\"},{\"@type\":\"ListItem\",\"position\":3,\"name\":\"leren jas heren blauw TR36 S Versano\"}]},{\"@type\":\"WebSite\",\"@id\":\"https:\/\/versano.nl\/#website\",\"url\":\"https:\/\/versano.nl\/\",\"name\":\"Versano\",\"description\":\"winterjassen met bontkraag | leren dames jassen | leren heren jassen\",\"potentialAction\":[{\"@type\":\"SearchAction\",\"target\":{\"@type\":\"EntryPoint\",\"urlTemplate\":\"https:\/\/versano.nl\/?s={search_term_string}\"},\"query-input\":{\"@type\":\"PropertyValueSpecification\",\"valueRequired\":true,\"valueName\":\"search_term_string\"}}],\"inLanguage\":\"de\"}]}<\/script>\n<!-- \/ Yoast SEO plugin. -->","yoast_head_json":{"title":"Lederjacke Herren blau TR36 S Versano, blaue Lederjacke Herren","description":"Suchen Sie eine Lederjacke Herren blau TR36 S Versano, dann ist es gut, im Versano Webshop vorbeizuschauen.","robots":{"index":"index","follow":"follow","max-snippet":"max-snippet:-1","max-image-preview":"max-image-preview:large","max-video-preview":"max-video-preview:-1"},"canonical":"https:\/\/versano.nl\/de\/shop\/leren-heren-jasje-basic-blauw-versano-tr36-s\/","og_locale":"de_DE","og_type":"article","og_title":"leren jas heren blauw TR36 S Versano, blauwe leren jas heren","og_description":"Ben je op zoek naar een leren jas heren blauw TR36 S Versano, dan is het goed om even in de webshop van Versano te kijken.","og_url":"https:\/\/versano.nl\/de\/shop\/leren-heren-jasje-basic-blauw-versano-tr36-s\/","og_site_name":"Versano","article_modified_time":"2025-07-03T19:08:26+00:00","og_image":[{"width":600,"height":800,"url":"https:\/\/versano.nl\/wp-content\/uploads\/2018\/04\/tr36-s-blauw.jpg","type":"image\/jpeg"}],"twitter_card":"summary_large_image","twitter_misc":{"Gesch\u00e4tzte Lesezeit":"2\u00a0Minuten"},"schema":{"@context":"https:\/\/schema.org","@graph":[{"@type":"WebPage","@id":"https:\/\/versano.nl\/shop\/leren-heren-jasje-basic-blauw-versano-tr36-s\/","url":"https:\/\/versano.nl\/shop\/leren-heren-jasje-basic-blauw-versano-tr36-s\/","name":"Lederjacke Herren blau TR36 S Versano, blaue Lederjacke Herren","isPartOf":{"@id":"https:\/\/versano.nl\/#website"},"primaryImageOfPage":{"@id":"https:\/\/versano.nl\/shop\/leren-heren-jasje-basic-blauw-versano-tr36-s\/#primaryimage"},"image":{"@id":"https:\/\/versano.nl\/shop\/leren-heren-jasje-basic-blauw-versano-tr36-s\/#primaryimage"},"thumbnailUrl":"https:\/\/versano.nl\/wp-content\/uploads\/2018\/04\/tr36-s-blauw.jpg","datePublished":"2018-04-21T20:31:53+00:00","dateModified":"2025-07-03T19:08:26+00:00","description":"Suchen Sie eine Lederjacke Herren blau TR36 S Versano, dann ist es gut, im Versano Webshop vorbeizuschauen.","breadcrumb":{"@id":"https:\/\/versano.nl\/shop\/leren-heren-jasje-basic-blauw-versano-tr36-s\/#breadcrumb"},"inLanguage":"de","potentialAction":[{"@type":"ReadAction","target":["https:\/\/versano.nl\/shop\/leren-heren-jasje-basic-blauw-versano-tr36-s\/"]}]},{"@type":"ImageObject","inLanguage":"de","@id":"https:\/\/versano.nl\/shop\/leren-heren-jasje-basic-blauw-versano-tr36-s\/#primaryimage","url":"https:\/\/versano.nl\/wp-content\/uploads\/2018\/04\/tr36-s-blauw.jpg","contentUrl":"https:\/\/versano.nl\/wp-content\/uploads\/2018\/04\/tr36-s-blauw.jpg","width":600,"height":800},{"@type":"BreadcrumbList","@id":"https:\/\/versano.nl\/shop\/leren-heren-jasje-basic-blauw-versano-tr36-s\/#breadcrumb","itemListElement":[{"@type":"ListItem","position":1,"name":"Home","item":"https:\/\/versano.nl\/"},{"@type":"ListItem","position":2,"name":"Shop","item":"https:\/\/versano.nl\/shop\/"},{"@type":"ListItem","position":3,"name":"leren jas heren blauw TR36 S Versano"}]},{"@type":"WebSite","@id":"https:\/\/versano.nl\/#website","url":"https:\/\/versano.nl\/","name":"Versano","description":"Winterm\u00e4ntel mit Pelzkragen | Damen Lederjacken | Herren Lederjacken","potentialAction":[{"@type":"SearchAction","target":{"@type":"EntryPoint","urlTemplate":"https:\/\/versano.nl\/?s={search_term_string}"},"query-input":{"@type":"PropertyValueSpecification","valueRequired":true,"valueName":"search_term_string"}}],"inLanguage":"de"}]}},"_links":{"self":[{"href":"https:\/\/versano.nl\/de\/wp-json\/wp\/v2\/product\/8007","targetHints":{"allow":["GET"]}}],"collection":[{"href":"https:\/\/versano.nl\/de\/wp-json\/wp\/v2\/product"}],"about":[{"href":"https:\/\/versano.nl\/de\/wp-json\/wp\/v2\/types\/product"}],"replies":[{"embeddable":true,"href":"https:\/\/versano.nl\/de\/wp-json\/wp\/v2\/comments?post=8007"}],"wp:featuredmedia":[{"embeddable":true,"href":"https:\/\/versano.nl\/de\/wp-json\/wp\/v2\/media\/33566"}],"wp:attachment":[{"href":"https:\/\/versano.nl\/de\/wp-json\/wp\/v2\/media?parent=8007"}],"wp:term":[{"taxonomy":"product_brand","embeddable":true,"href":"https:\/\/versano.nl\/de\/wp-json\/wp\/v2\/product_brand?post=8007"},{"taxonomy":"product_cat","embeddable":true,"href":"https:\/\/versano.nl\/de\/wp-json\/wp\/v2\/product_cat?post=8007"},{"taxonomy":"product_tag","embeddable":true,"href":"https:\/\/versano.nl\/de\/wp-json\/wp\/v2\/product_tag?post=8007"}],"curies":[{"name":"wp","href":"https:\/\/api.w.org\/{rel}","templated":true}]}}