{"id":4909,"date":"2016-04-07T14:28:14","date_gmt":"2016-04-07T14:28:14","guid":{"rendered":"http:\/\/leathershopdoci.nl\/?post_type=product&#038;p=10383"},"modified":"2024-05-05T18:23:01","modified_gmt":"2024-05-05T18:23:01","slug":"leren-bikerjack-heren-versano-tr40-zwart","status":"publish","type":"product","link":"https:\/\/versano.nl\/de\/shop\/leren-bikerjack-heren-versano-tr40-zwart\/","title":{"rendered":"Bikerjacke Herren schwarz TR40 Versano"},"content":{"rendered":"<h2>Bikerjacke Herren schwarz TR40 Versano<\/h2>\n<p>Diese Lederjacke ist ein echter Hingucker und zeichnet sich durch Tragekomfort und Modell aus. Wir haben es hier mit einer Jacke zu tun, die robust aussieht. Diese Jacke ist aus Lammleder und ist eine richtig coole Bikerjacke. Die Jacke hat zwei tiefe Seitentaschen mit Rei\u00dfverschluss und eine Innentasche. Diese Herren-Lederjacke hat eine hervorragende Verarbeitung und eine schmale Passform. Man muss nicht unbedingt Biker sein, um diese Jacke zu tragen. Es wird genauso gut tun, wenn Sie f\u00fcr eine Nacht ausgehen oder zu einem besonderen Anlass gehen. Es ist eine Lederjacke, die Sie zu jeder Jahreszeit tragen k\u00f6nnen. Mit der Bikerjacke Herren schwarz TR40 Versano bekommst du eine Jacke, die dir bestimmt gefallen wird. Sie k\u00f6nnen dieses Modell ganz einfach auf unserer My-Versano-Website bestellen.<\/p>\n<h2>Modell TR40 in schwarz bestellen<\/h2>\n<p>Auf der Suche nach einer coolen Bikerjacke aus Leder? Dann ist es gut, einen Blick auf das My-Versano-Sortiment zu werfen. Wir verkaufen die Lederjacken der bekannten Topmarke Versano. Hier kommen die sch\u00f6nsten Materialien zum Einsatz, die von den besten Designern zu einem ansprechenden, robusten Modell geformt werden. Der TR40 ist in schwarz erh\u00e4ltlich. Wir empfehlen Ihnen auch, sich weitere Biker-Modelle anzusehen, um zu sehen, welches Ihrer Meinung nach am besten zu Ihrem eigenen Stil passt. Bei uns k\u00f6nnen Sie ganz einfach die richtige Gr\u00f6\u00dfe anhand unserer smarten Anleitungsvideos ausw\u00e4hlen. Dann k\u00f6nnen Sie uns jederzeit per Mail oder WhatsApp kontaktieren. Unsere Mitarbeiter m\u00f6chten Ihnen helfen!<\/p>\n<p>Marke:\u00a0<a href=\"https:\/\/versano.nl\/\">Versano<\/a><br \/>\nMaterial: 100% Lammfell<br \/>\nFutter: 100% Polyester<br \/>\nL\u00e4nge: kurz<br \/>\nPassform: schmale Passform<br \/>\nSchlie\u00dfung: Rei\u00dfverschluss<br \/>\nTaschen: RV-Taschen<br \/>\nKragen: Stehkragen<br \/>\nMaterial Au\u00dfenschicht: Sehr hochwertiges Ziegenleder<br \/>\nLieferzeit: 2-3 Werktage<\/p>","protected":false},"excerpt":{"rendered":"<p><span style=\"color: #ff0000;\">Fit Beratung:<\/span>\u00a0Die Passform dieser Jacke ist schmal geschnitten. Unser Model ist 1,75 cm gro\u00df und tr\u00e4gt Gr\u00f6\u00dfe M.<\/p>\n<p>Wenn Sie sich bei Ihren Ma\u00dfen nicht sicher sind, empfehlen wir Ihnen, zuerst Ihre Gr\u00f6\u00dfenma\u00dfe zu messen und sie mit unserer Gr\u00f6\u00dfentabelle zu vergleichen. Wenn Sie keine Erfahrung mit der Messung von Umfangsgr\u00f6\u00dfen haben, klicken Sie auf\u00a0<a href=\"https:\/\/www.youtube.com\/watch?v=3ZSfY87v6pM\"><em>HIER<\/em>\u00a0<\/a>\u00a0zu\u00a0<a href=\"https:\/\/www.youtube.com\/watch?v=3ZSfY87v6pM\"><em><span style=\"color: #ff0000;\">VIDEO<\/span><\/em><\/a>\u00a0 mit Anweisungen. Sie k\u00f6nnen uns auch direkt anrufen oder anrufen! Unsere Mitarbeiter stehen Ihnen jederzeit zur Verf\u00fcgung.<\/p>\n<p><strong>LIEFERZEIT :<\/strong>\u00a02 bis 3 Werktage.<\/p>","protected":false},"featured_media":8069,"comment_status":"closed","ping_status":"closed","template":"","meta":[],"product_brand":[],"product_cat":[1672,1670,147,874,907,912,1671,908,1669,1712,913,910,882],"product_tag":[737,1729,300,648,1738,656,738,649,650,651,23,647,24,1737,653,515,654],"class_list":{"0":"post-4909","1":"product","2":"type-product","3":"status-publish","4":"has-post-thumbnail","6":"product_cat-biker-jas-heren","7":"product_cat-heren-leren-jas","8":"product_cat-heren-leren-jassen","9":"product_cat-kort-leren-jasje","10":"product_cat-kort-leren-jasje-heren","11":"product_cat-leren-bikerjacks-heren","12":"product_cat-leren-heren-jas","13":"product_cat-leren-heren-jassen","14":"product_cat-leren-jas-heren","15":"product_cat-leren-jassen","16":"product_cat-leren-jassen-heren-uitverkoop","17":"product_cat-leren-jassen-heren","18":"product_cat-versano","19":"product_tag-biker-jack-zwart-leer","20":"product_tag-biker-jas-heren-sale","21":"product_tag-bikerjack-heren","22":"product_tag-bikerjack-leer-heren","23":"product_tag-echt-leer-biker-jas-zwart","24":"product_tag-heren-bikerjack-in-geitenleer","25":"product_tag-leren-biker-jack-heren-zwart","26":"product_tag-leren-heren-bikerjack","27":"product_tag-leren-heren-bikerjack-zwart","28":"product_tag-leren-jack-zwart","29":"product_tag-motorjacks-heren","30":"product_tag-online-heren-bikerjacks","31":"product_tag-stoer-jasje-heren","32":"product_tag-uitverkoop-biker-jassen-heren","33":"product_tag-zwarte-bikerjack-heren","34":"product_tag-zwarte-heren-bikerjack","35":"product_tag-zwarte-leren-bikerjack-heren","36":"tm-no-options","38":"first","39":"instock","40":"sale","41":"taxable","42":"shipping-taxable","43":"purchasable","44":"product-type-variable","45":"has-default-attributes"},"yoast_head":"<!-- This site is optimized with the Yoast SEO plugin v27.2 - https:\/\/yoast.com\/product\/yoast-seo-wordpress\/ -->\n<title>Biker jas heren zwart TR40 Versano, bikerjassen voor heren<\/title>\n<meta name=\"description\" content=\"Bent u op zoek naar een Biker jas heren zwart TR40 Versano? Dan zit u bij ons goed want Versano maakt de stoerste biker jassen in leer.\" \/>\n<meta name=\"robots\" content=\"index, follow, max-snippet:-1, max-image-preview:large, max-video-preview:-1\" \/>\n<link rel=\"canonical\" href=\"https:\/\/versano.nl\/de\/shop\/leren-bikerjack-heren-versano-tr40-zwart\/\" \/>\n<meta property=\"og:locale\" content=\"de_DE\" \/>\n<meta property=\"og:type\" content=\"article\" \/>\n<meta property=\"og:title\" content=\"Biker jas heren zwart TR40 Versano, bikerjassen voor heren\" \/>\n<meta property=\"og:description\" content=\"Bent u op zoek naar een Biker jas heren zwart TR40 Versano? Dan zit u bij ons goed want Versano maakt de stoerste biker jassen in leer.\" \/>\n<meta property=\"og:url\" content=\"https:\/\/versano.nl\/de\/shop\/leren-bikerjack-heren-versano-tr40-zwart\/\" \/>\n<meta property=\"og:site_name\" content=\"Versano\" \/>\n<meta property=\"article:modified_time\" content=\"2024-05-05T18:23:01+00:00\" \/>\n<meta property=\"og:image\" content=\"https:\/\/versano.nl\/wp-content\/uploads\/2016\/04\/bikerjack-heren-zwart-versano-tr40-model.jpg\" \/>\n\t<meta property=\"og:image:width\" content=\"900\" \/>\n\t<meta property=\"og:image:height\" content=\"1176\" \/>\n\t<meta property=\"og:image:type\" content=\"image\/jpeg\" \/>\n<meta name=\"twitter:card\" content=\"summary_large_image\" \/>\n<meta name=\"twitter:label1\" content=\"Gesch\u00e4tzte Lesezeit\" \/>\n\t<meta name=\"twitter:data1\" content=\"1\u00a0Minute\" \/>\n<script type=\"application\/ld+json\" class=\"yoast-schema-graph\">{\"@context\":\"https:\/\/schema.org\",\"@graph\":[{\"@type\":\"WebPage\",\"@id\":\"https:\/\/versano.nl\/shop\/leren-bikerjack-heren-versano-tr40-zwart\/\",\"url\":\"https:\/\/versano.nl\/shop\/leren-bikerjack-heren-versano-tr40-zwart\/\",\"name\":\"Biker jas heren zwart TR40 Versano, bikerjassen voor heren\",\"isPartOf\":{\"@id\":\"https:\/\/versano.nl\/#website\"},\"primaryImageOfPage\":{\"@id\":\"https:\/\/versano.nl\/shop\/leren-bikerjack-heren-versano-tr40-zwart\/#primaryimage\"},\"image\":{\"@id\":\"https:\/\/versano.nl\/shop\/leren-bikerjack-heren-versano-tr40-zwart\/#primaryimage\"},\"thumbnailUrl\":\"https:\/\/versano.nl\/wp-content\/uploads\/2016\/04\/bikerjack-heren-zwart-versano-tr40-model.jpg\",\"datePublished\":\"2016-04-07T14:28:14+00:00\",\"dateModified\":\"2024-05-05T18:23:01+00:00\",\"description\":\"Bent u op zoek naar een Biker jas heren zwart TR40 Versano? Dan zit u bij ons goed want Versano maakt de stoerste biker jassen in leer.\",\"breadcrumb\":{\"@id\":\"https:\/\/versano.nl\/shop\/leren-bikerjack-heren-versano-tr40-zwart\/#breadcrumb\"},\"inLanguage\":\"de\",\"potentialAction\":[{\"@type\":\"ReadAction\",\"target\":[\"https:\/\/versano.nl\/shop\/leren-bikerjack-heren-versano-tr40-zwart\/\"]}]},{\"@type\":\"ImageObject\",\"inLanguage\":\"de\",\"@id\":\"https:\/\/versano.nl\/shop\/leren-bikerjack-heren-versano-tr40-zwart\/#primaryimage\",\"url\":\"https:\/\/versano.nl\/wp-content\/uploads\/2016\/04\/bikerjack-heren-zwart-versano-tr40-model.jpg\",\"contentUrl\":\"https:\/\/versano.nl\/wp-content\/uploads\/2016\/04\/bikerjack-heren-zwart-versano-tr40-model.jpg\",\"width\":900,\"height\":1176,\"caption\":\"Biker jas heren zwart TR40 Versano\"},{\"@type\":\"BreadcrumbList\",\"@id\":\"https:\/\/versano.nl\/shop\/leren-bikerjack-heren-versano-tr40-zwart\/#breadcrumb\",\"itemListElement\":[{\"@type\":\"ListItem\",\"position\":1,\"name\":\"Home\",\"item\":\"https:\/\/versano.nl\/\"},{\"@type\":\"ListItem\",\"position\":2,\"name\":\"Shop\",\"item\":\"https:\/\/versano.nl\/shop\/\"},{\"@type\":\"ListItem\",\"position\":3,\"name\":\"Biker jas heren zwart TR40 Versano\"}]},{\"@type\":\"WebSite\",\"@id\":\"https:\/\/versano.nl\/#website\",\"url\":\"https:\/\/versano.nl\/\",\"name\":\"Versano\",\"description\":\"winterjassen met bontkraag | leren dames jassen | leren heren jassen\",\"potentialAction\":[{\"@type\":\"SearchAction\",\"target\":{\"@type\":\"EntryPoint\",\"urlTemplate\":\"https:\/\/versano.nl\/?s={search_term_string}\"},\"query-input\":{\"@type\":\"PropertyValueSpecification\",\"valueRequired\":true,\"valueName\":\"search_term_string\"}}],\"inLanguage\":\"de\"}]}<\/script>\n<!-- \/ Yoast SEO plugin. -->","yoast_head_json":{"title":"Bikerjacke Herren schwarz TR40 Versano, Bikerjacken f\u00fcr Herren","description":"Suchen Sie eine Bikerjacke Herren schwarz TR40 Versano? Dann bist du hier genau richtig, denn Versano fertigt die coolsten Bikerjacken aus Leder.","robots":{"index":"index","follow":"follow","max-snippet":"max-snippet:-1","max-image-preview":"max-image-preview:large","max-video-preview":"max-video-preview:-1"},"canonical":"https:\/\/versano.nl\/de\/shop\/leren-bikerjack-heren-versano-tr40-zwart\/","og_locale":"de_DE","og_type":"article","og_title":"Biker jas heren zwart TR40 Versano, bikerjassen voor heren","og_description":"Bent u op zoek naar een Biker jas heren zwart TR40 Versano? Dan zit u bij ons goed want Versano maakt de stoerste biker jassen in leer.","og_url":"https:\/\/versano.nl\/de\/shop\/leren-bikerjack-heren-versano-tr40-zwart\/","og_site_name":"Versano","article_modified_time":"2024-05-05T18:23:01+00:00","og_image":[{"width":900,"height":1176,"url":"https:\/\/versano.nl\/wp-content\/uploads\/2016\/04\/bikerjack-heren-zwart-versano-tr40-model.jpg","type":"image\/jpeg"}],"twitter_card":"summary_large_image","twitter_misc":{"Gesch\u00e4tzte Lesezeit":"1\u00a0Minute"},"schema":{"@context":"https:\/\/schema.org","@graph":[{"@type":"WebPage","@id":"https:\/\/versano.nl\/shop\/leren-bikerjack-heren-versano-tr40-zwart\/","url":"https:\/\/versano.nl\/shop\/leren-bikerjack-heren-versano-tr40-zwart\/","name":"Bikerjacke Herren schwarz TR40 Versano, Bikerjacken f\u00fcr Herren","isPartOf":{"@id":"https:\/\/versano.nl\/#website"},"primaryImageOfPage":{"@id":"https:\/\/versano.nl\/shop\/leren-bikerjack-heren-versano-tr40-zwart\/#primaryimage"},"image":{"@id":"https:\/\/versano.nl\/shop\/leren-bikerjack-heren-versano-tr40-zwart\/#primaryimage"},"thumbnailUrl":"https:\/\/versano.nl\/wp-content\/uploads\/2016\/04\/bikerjack-heren-zwart-versano-tr40-model.jpg","datePublished":"2016-04-07T14:28:14+00:00","dateModified":"2024-05-05T18:23:01+00:00","description":"Suchen Sie eine Bikerjacke Herren schwarz TR40 Versano? Dann bist du hier genau richtig, denn Versano fertigt die coolsten Bikerjacken aus Leder.","breadcrumb":{"@id":"https:\/\/versano.nl\/shop\/leren-bikerjack-heren-versano-tr40-zwart\/#breadcrumb"},"inLanguage":"de","potentialAction":[{"@type":"ReadAction","target":["https:\/\/versano.nl\/shop\/leren-bikerjack-heren-versano-tr40-zwart\/"]}]},{"@type":"ImageObject","inLanguage":"de","@id":"https:\/\/versano.nl\/shop\/leren-bikerjack-heren-versano-tr40-zwart\/#primaryimage","url":"https:\/\/versano.nl\/wp-content\/uploads\/2016\/04\/bikerjack-heren-zwart-versano-tr40-model.jpg","contentUrl":"https:\/\/versano.nl\/wp-content\/uploads\/2016\/04\/bikerjack-heren-zwart-versano-tr40-model.jpg","width":900,"height":1176,"caption":"Biker jas heren zwart TR40 Versano"},{"@type":"BreadcrumbList","@id":"https:\/\/versano.nl\/shop\/leren-bikerjack-heren-versano-tr40-zwart\/#breadcrumb","itemListElement":[{"@type":"ListItem","position":1,"name":"Home","item":"https:\/\/versano.nl\/"},{"@type":"ListItem","position":2,"name":"Shop","item":"https:\/\/versano.nl\/shop\/"},{"@type":"ListItem","position":3,"name":"Biker jas heren zwart TR40 Versano"}]},{"@type":"WebSite","@id":"https:\/\/versano.nl\/#website","url":"https:\/\/versano.nl\/","name":"Versano","description":"Winterm\u00e4ntel mit Pelzkragen | Damen Lederjacken | Herren Lederjacken","potentialAction":[{"@type":"SearchAction","target":{"@type":"EntryPoint","urlTemplate":"https:\/\/versano.nl\/?s={search_term_string}"},"query-input":{"@type":"PropertyValueSpecification","valueRequired":true,"valueName":"search_term_string"}}],"inLanguage":"de"}]}},"_links":{"self":[{"href":"https:\/\/versano.nl\/de\/wp-json\/wp\/v2\/product\/4909","targetHints":{"allow":["GET"]}}],"collection":[{"href":"https:\/\/versano.nl\/de\/wp-json\/wp\/v2\/product"}],"about":[{"href":"https:\/\/versano.nl\/de\/wp-json\/wp\/v2\/types\/product"}],"replies":[{"embeddable":true,"href":"https:\/\/versano.nl\/de\/wp-json\/wp\/v2\/comments?post=4909"}],"wp:featuredmedia":[{"embeddable":true,"href":"https:\/\/versano.nl\/de\/wp-json\/wp\/v2\/media\/8069"}],"wp:attachment":[{"href":"https:\/\/versano.nl\/de\/wp-json\/wp\/v2\/media?parent=4909"}],"wp:term":[{"taxonomy":"product_brand","embeddable":true,"href":"https:\/\/versano.nl\/de\/wp-json\/wp\/v2\/product_brand?post=4909"},{"taxonomy":"product_cat","embeddable":true,"href":"https:\/\/versano.nl\/de\/wp-json\/wp\/v2\/product_cat?post=4909"},{"taxonomy":"product_tag","embeddable":true,"href":"https:\/\/versano.nl\/de\/wp-json\/wp\/v2\/product_tag?post=4909"}],"curies":[{"name":"wp","href":"https:\/\/api.w.org\/{rel}","templated":true}]}}