{"id":3669,"date":"2015-03-11T23:40:49","date_gmt":"2015-03-11T23:40:49","guid":{"rendered":"http:\/\/leathershopdoci.nl\/shop\/leren-jas-heren-versano-tr44-zwart\/"},"modified":"2024-12-11T16:26:17","modified_gmt":"2024-12-11T16:26:17","slug":"heren-jas-biker-zwart-leer-tr44-versano","status":"publish","type":"product","link":"https:\/\/versano.nl\/de\/shop\/heren-jas-biker-zwart-leer-tr44-versano\/","title":{"rendered":"Herren Bikerjacke aus schwarzem Leder TR44 Versano"},"content":{"rendered":"<h2>Herren Bikerjacke aus schwarzem Leder TR44 Versano<\/h2>\n<p>Die Herren Bikerjacke aus schwarzem Leder TR44 Versano ist eines der beliebtesten Modelle von Versano. Dies ist eine sch\u00f6ne Jacke, die von unseren Kunden h\u00e4ufig gekauft wird. Ein spezielles Biker-Modell dieser Jacke wurde von den talentierten Designern von Versano entworfen. Mit anderen Worten, diese Bikerjacke von Versano ist eine Jacke, die Sie wahrscheinlich gerne tragen werden. Das Biker-Modell ist nur etwas robuster als die stylische andere Version. Sie m\u00fcssen nicht unbedingt Biker sein, um diese Jacke zu tragen. Es wird genauso gut funktionieren, wenn Sie f\u00fcr eine Nacht ausgehen oder zu einem besonderen Anlass gehen. Es ist eine Lederjacke, die Sie zu jeder Jahreszeit tragen k\u00f6nnen.<\/p>\n<p>&nbsp;<\/p>\n<h2>Modell TR44 in schwarz bestellen<\/h2>\n<p>Wenn Sie diese Jacke bei uns bestellen, erhalten Sie eine Jacke, die ein Leben lang sch\u00f6n bleibt. Dies ist eine sch\u00f6ne Slim-Fit-Jacke, die ganz im italienischen Stil ist. Mit anderen Worten, mit dieser Jacke m\u00fcssen Sie sich keine Sorgen machen, fehl am Platz zu wirken. Die Jacke ist mit zwei tiefen Seitentaschen mit Rei\u00dfverschluss, sowie zwei kleineren Taschen auf der Brust ausgestattet. Diese k\u00f6nnen zus\u00e4tzlich mit einem stabilen Rei\u00dfverschluss geschlossen werden. Dieses Modell k\u00f6nnen Sie ganz einfach auf unserer Website in Schwarz oder anderen verschiedenen Farben wie Cognac und Schwarz bestellen. Wir empfehlen Ihnen daher, einfach zu schauen, welche Farbe Ihrer Meinung nach am besten zu Ihrem eigenen Stil passt. Haben Sie Fragen oder sind Sie sich nicht sicher, welche Gr\u00f6\u00dfe Sie bestellen sollen? Dann k\u00f6nnen Sie uns jederzeit per Mail oder WhatsApp kontaktieren. Unsere Mitarbeiter m\u00f6chten Ihnen helfen!<\/p>\n<p>&nbsp;<\/p>\n<p>Marke:\u00a0<a href=\"https:\/\/versano.nl\/\">Versano<\/a><br \/>\nMaterial: 100% Lammfell<br \/>\nFutter: 100% Polyester<br \/>\nL\u00e4nge: kurz<br \/>\nPassform: schmale Passform<br \/>\nSchlie\u00dfung: Rei\u00dfverschluss<br \/>\nTaschen: RV-Taschen<br \/>\nKragen: Stehkragen<br \/>\nMaterial Au\u00dfenschicht: Sehr hohe Qualit\u00e4t und weiches Lammfell<br \/>\nLieferzeit: 2-3 Werktage<\/p>\n<p>&nbsp;<\/p>","protected":false},"excerpt":{"rendered":"<p>W\u00c4HLEN SIE HIER EINE ANDERE FARBE<\/p>\n<p><a href=\"https:\/\/versano.nl\/shop\/leren-jas-heren-versano-tr44-cognac\/\"><img loading=\"lazy\" decoding=\"async\" class=\"alignnone size-full wp-image-19915\" src=\"https:\/\/versano.nl\/wp-content\/uploads\/sites\/2\/2015\/03\/leren-jas-heren-cognac-TR44-versano-thumb.jpg\" alt=\"\" width=\"57\" height=\"75\" \/><\/a><\/p>\n<p style=\"margin: 0cm 0cm 11.25pt 0cm;\"><span style=\"font-size: 10.5pt; font-family: 'Arial',sans-serif; color: red;\">Fit Beratung:\u00a0<\/span><span style=\"font-size: 10.5pt; font-family: 'Arial',sans-serif; color: #5d5d5d;\">Die Passform dieser Jacke ist schmal geschnitten. Unser Model ist 1,75 cm gro\u00df und tr\u00e4gt Gr\u00f6\u00dfe M.<\/span><\/p>\n<p style=\"margin: 0cm 0cm 11.25pt 0cm;\"><span style=\"font-size: 10.5pt; font-family: 'Arial',sans-serif; color: #5d5d5d;\">Wenn Sie sich bei Ihren Ma\u00dfen nicht sicher sind, empfehlen wir Ihnen, zuerst Ihre Gr\u00f6\u00dfenma\u00dfe zu messen und sie mit unserer Gr\u00f6\u00dfentabelle zu vergleichen. Wenn Sie keine Erfahrung mit der Messung von Umfangsgr\u00f6\u00dfen haben, klicken Sie auf\u00a0<\/span><a href=\"https:\/\/www.youtube.com\/watch?v=3ZSfY87v6pM\"><em><span style=\"font-size: 10.5pt; font-family: 'Arial',sans-serif; text-decoration: none;\">HIER<\/span><\/em><span style=\"font-size: 10.5pt; font-family: 'Arial',sans-serif; text-decoration: none;\">\u00a0<\/span><\/a><span style=\"font-size: 10.5pt; font-family: 'Arial',sans-serif; color: #5d5d5d;\">\u00a0zu\u00a0<\/span><a href=\"https:\/\/www.youtube.com\/watch?v=3ZSfY87v6pM\"><em><span style=\"font-size: 10.5pt; font-family: 'Arial',sans-serif; color: red; text-decoration: none;\">VIDEO<\/span><\/em><\/a><span style=\"font-size: 10.5pt; font-family: 'Arial',sans-serif; color: #5d5d5d;\">\u00a0 mit Anweisungen. Sie k\u00f6nnen uns auch direkt anrufen oder anrufen! Unsere Mitarbeiter stehen Ihnen jederzeit zur Verf\u00fcgung.<\/span><\/p>\n<p style=\"margin: 0cm;\"><strong><span style=\"font-size: 10.5pt; font-family: 'Arial',sans-serif; color: #5d5d5d;\">LIEFERZEIT :<\/span><\/strong><span style=\"font-size: 10.5pt; font-family: 'Arial',sans-serif; color: #5d5d5d;\">\u00a02 bis 3 Werktage.<\/span><\/p>","protected":false},"featured_media":8242,"comment_status":"closed","ping_status":"closed","template":"","meta":[],"product_brand":[],"product_cat":[1672,147,912,1671,908,1669,913,910,882],"product_tag":[1729,1745,1691,514,1743,49,1692,1698,23,24,1697,1744,1708,515,512],"class_list":{"0":"post-3669","1":"product","2":"type-product","3":"status-publish","4":"has-post-thumbnail","6":"product_cat-biker-jas-heren","7":"product_cat-heren-leren-jassen","8":"product_cat-leren-bikerjacks-heren","9":"product_cat-leren-heren-jas","10":"product_cat-leren-heren-jassen","11":"product_cat-leren-jas-heren","12":"product_cat-leren-jassen-heren-uitverkoop","13":"product_cat-leren-jassen-heren","14":"product_cat-versano","15":"product_tag-biker-jas-heren-sale","16":"product_tag-echt-leer-biker-jas-heren","17":"product_tag-echt-leer-heren-jas","18":"product_tag-heren-biker-jack-zwart","19":"product_tag-heren-collectie-versano","20":"product_tag-heren-zwart","21":"product_tag-lamsleer-heren-jas","22":"product_tag-leren-heren-jas-sale","23":"product_tag-motorjacks-heren","24":"product_tag-stoer-jasje-heren","25":"product_tag-uitverkoop-heren-leren-jas","26":"product_tag-versano-leren-heren-jassen","27":"product_tag-zomerjassen-heren","28":"product_tag-zwarte-heren-bikerjack","29":"product_tag-zwarte-leren-biker-jack-heren","30":"tm-no-options","32":"first","33":"instock","34":"taxable","35":"shipping-taxable","36":"product-type-variable"},"yoast_head":"<!-- This site is optimized with the Yoast SEO plugin v27.2 - https:\/\/yoast.com\/product\/yoast-seo-wordpress\/ -->\n<title>Heren jas biker zwart leer TR44 Versano, bikerjas heren<\/title>\n<meta name=\"description\" content=\"Met de mooie bikerachtige look op de schouders is de Heren jas biker look zwart leer TR44 Versano een topjas uit de Versano collectie.\" \/>\n<meta name=\"robots\" content=\"index, follow, max-snippet:-1, max-image-preview:large, max-video-preview:-1\" \/>\n<link rel=\"canonical\" href=\"https:\/\/versano.nl\/de\/shop\/heren-jas-biker-zwart-leer-tr44-versano\/\" \/>\n<meta property=\"og:locale\" content=\"de_DE\" \/>\n<meta property=\"og:type\" content=\"article\" \/>\n<meta property=\"og:title\" content=\"Heren jas biker zwart leer TR44 Versano, bikerjas heren\" \/>\n<meta property=\"og:description\" content=\"Met de mooie bikerachtige look op de schouders is de Heren jas biker look zwart leer TR44 Versano een topjas uit de Versano collectie.\" \/>\n<meta property=\"og:url\" content=\"https:\/\/versano.nl\/de\/shop\/heren-jas-biker-zwart-leer-tr44-versano\/\" \/>\n<meta property=\"og:site_name\" content=\"Versano\" \/>\n<meta property=\"article:modified_time\" content=\"2024-12-11T16:26:17+00:00\" \/>\n<meta property=\"og:image\" content=\"https:\/\/versano.nl\/wp-content\/uploads\/2015\/03\/leren-jas-heren-zwart-TR44-versano-voorkant-model2.jpg\" \/>\n\t<meta property=\"og:image:width\" content=\"900\" \/>\n\t<meta property=\"og:image:height\" content=\"1176\" \/>\n\t<meta property=\"og:image:type\" content=\"image\/jpeg\" \/>\n<meta name=\"twitter:card\" content=\"summary_large_image\" \/>\n<meta name=\"twitter:label1\" content=\"Gesch\u00e4tzte Lesezeit\" \/>\n\t<meta name=\"twitter:data1\" content=\"2\u00a0Minuten\" \/>\n<script type=\"application\/ld+json\" class=\"yoast-schema-graph\">{\"@context\":\"https:\/\/schema.org\",\"@graph\":[{\"@type\":\"WebPage\",\"@id\":\"https:\/\/versano.nl\/shop\/heren-jas-biker-zwart-leer-tr44-versano\/\",\"url\":\"https:\/\/versano.nl\/shop\/heren-jas-biker-zwart-leer-tr44-versano\/\",\"name\":\"Heren jas biker zwart leer TR44 Versano, bikerjas heren\",\"isPartOf\":{\"@id\":\"https:\/\/versano.nl\/#website\"},\"primaryImageOfPage\":{\"@id\":\"https:\/\/versano.nl\/shop\/heren-jas-biker-zwart-leer-tr44-versano\/#primaryimage\"},\"image\":{\"@id\":\"https:\/\/versano.nl\/shop\/heren-jas-biker-zwart-leer-tr44-versano\/#primaryimage\"},\"thumbnailUrl\":\"https:\/\/versano.nl\/wp-content\/uploads\/2015\/03\/leren-jas-heren-zwart-TR44-versano-voorkant-model2.jpg\",\"datePublished\":\"2015-03-11T23:40:49+00:00\",\"dateModified\":\"2024-12-11T16:26:17+00:00\",\"description\":\"Met de mooie bikerachtige look op de schouders is de Heren jas biker look zwart leer TR44 Versano een topjas uit de Versano collectie.\",\"breadcrumb\":{\"@id\":\"https:\/\/versano.nl\/shop\/heren-jas-biker-zwart-leer-tr44-versano\/#breadcrumb\"},\"inLanguage\":\"de\",\"potentialAction\":[{\"@type\":\"ReadAction\",\"target\":[\"https:\/\/versano.nl\/shop\/heren-jas-biker-zwart-leer-tr44-versano\/\"]}]},{\"@type\":\"ImageObject\",\"inLanguage\":\"de\",\"@id\":\"https:\/\/versano.nl\/shop\/heren-jas-biker-zwart-leer-tr44-versano\/#primaryimage\",\"url\":\"https:\/\/versano.nl\/wp-content\/uploads\/2015\/03\/leren-jas-heren-zwart-TR44-versano-voorkant-model2.jpg\",\"contentUrl\":\"https:\/\/versano.nl\/wp-content\/uploads\/2015\/03\/leren-jas-heren-zwart-TR44-versano-voorkant-model2.jpg\",\"width\":900,\"height\":1176,\"caption\":\"Heren jas biker zwart leer TR44 Versano\"},{\"@type\":\"BreadcrumbList\",\"@id\":\"https:\/\/versano.nl\/shop\/heren-jas-biker-zwart-leer-tr44-versano\/#breadcrumb\",\"itemListElement\":[{\"@type\":\"ListItem\",\"position\":1,\"name\":\"Home\",\"item\":\"https:\/\/versano.nl\/\"},{\"@type\":\"ListItem\",\"position\":2,\"name\":\"Shop\",\"item\":\"https:\/\/versano.nl\/shop\/\"},{\"@type\":\"ListItem\",\"position\":3,\"name\":\"Heren jas biker zwart leer TR44 Versano\"}]},{\"@type\":\"WebSite\",\"@id\":\"https:\/\/versano.nl\/#website\",\"url\":\"https:\/\/versano.nl\/\",\"name\":\"Versano\",\"description\":\"winterjassen met bontkraag | leren dames jassen | leren heren jassen\",\"potentialAction\":[{\"@type\":\"SearchAction\",\"target\":{\"@type\":\"EntryPoint\",\"urlTemplate\":\"https:\/\/versano.nl\/?s={search_term_string}\"},\"query-input\":{\"@type\":\"PropertyValueSpecification\",\"valueRequired\":true,\"valueName\":\"search_term_string\"}}],\"inLanguage\":\"de\"}]}<\/script>\n<!-- \/ Yoast SEO plugin. -->","yoast_head_json":{"title":"Herren Bikerjacke schwarz Leder TR44 Versano, Bikerjacke Herren","description":"Mit dem sch\u00f6nen Biker-Look auf den Schultern ist die Herrenjacke Biker-Look schwarzes Leder TR44 Versano eine Top-Jacke aus der Versano-Kollektion.","robots":{"index":"index","follow":"follow","max-snippet":"max-snippet:-1","max-image-preview":"max-image-preview:large","max-video-preview":"max-video-preview:-1"},"canonical":"https:\/\/versano.nl\/de\/shop\/heren-jas-biker-zwart-leer-tr44-versano\/","og_locale":"de_DE","og_type":"article","og_title":"Heren jas biker zwart leer TR44 Versano, bikerjas heren","og_description":"Met de mooie bikerachtige look op de schouders is de Heren jas biker look zwart leer TR44 Versano een topjas uit de Versano collectie.","og_url":"https:\/\/versano.nl\/de\/shop\/heren-jas-biker-zwart-leer-tr44-versano\/","og_site_name":"Versano","article_modified_time":"2024-12-11T16:26:17+00:00","og_image":[{"width":900,"height":1176,"url":"https:\/\/versano.nl\/wp-content\/uploads\/2015\/03\/leren-jas-heren-zwart-TR44-versano-voorkant-model2.jpg","type":"image\/jpeg"}],"twitter_card":"summary_large_image","twitter_misc":{"Gesch\u00e4tzte Lesezeit":"2\u00a0Minuten"},"schema":{"@context":"https:\/\/schema.org","@graph":[{"@type":"WebPage","@id":"https:\/\/versano.nl\/shop\/heren-jas-biker-zwart-leer-tr44-versano\/","url":"https:\/\/versano.nl\/shop\/heren-jas-biker-zwart-leer-tr44-versano\/","name":"Herren Bikerjacke schwarz Leder TR44 Versano, Bikerjacke Herren","isPartOf":{"@id":"https:\/\/versano.nl\/#website"},"primaryImageOfPage":{"@id":"https:\/\/versano.nl\/shop\/heren-jas-biker-zwart-leer-tr44-versano\/#primaryimage"},"image":{"@id":"https:\/\/versano.nl\/shop\/heren-jas-biker-zwart-leer-tr44-versano\/#primaryimage"},"thumbnailUrl":"https:\/\/versano.nl\/wp-content\/uploads\/2015\/03\/leren-jas-heren-zwart-TR44-versano-voorkant-model2.jpg","datePublished":"2015-03-11T23:40:49+00:00","dateModified":"2024-12-11T16:26:17+00:00","description":"Mit dem sch\u00f6nen Biker-Look auf den Schultern ist die Herrenjacke Biker-Look schwarzes Leder TR44 Versano eine Top-Jacke aus der Versano-Kollektion.","breadcrumb":{"@id":"https:\/\/versano.nl\/shop\/heren-jas-biker-zwart-leer-tr44-versano\/#breadcrumb"},"inLanguage":"de","potentialAction":[{"@type":"ReadAction","target":["https:\/\/versano.nl\/shop\/heren-jas-biker-zwart-leer-tr44-versano\/"]}]},{"@type":"ImageObject","inLanguage":"de","@id":"https:\/\/versano.nl\/shop\/heren-jas-biker-zwart-leer-tr44-versano\/#primaryimage","url":"https:\/\/versano.nl\/wp-content\/uploads\/2015\/03\/leren-jas-heren-zwart-TR44-versano-voorkant-model2.jpg","contentUrl":"https:\/\/versano.nl\/wp-content\/uploads\/2015\/03\/leren-jas-heren-zwart-TR44-versano-voorkant-model2.jpg","width":900,"height":1176,"caption":"Heren jas biker zwart leer TR44 Versano"},{"@type":"BreadcrumbList","@id":"https:\/\/versano.nl\/shop\/heren-jas-biker-zwart-leer-tr44-versano\/#breadcrumb","itemListElement":[{"@type":"ListItem","position":1,"name":"Home","item":"https:\/\/versano.nl\/"},{"@type":"ListItem","position":2,"name":"Shop","item":"https:\/\/versano.nl\/shop\/"},{"@type":"ListItem","position":3,"name":"Heren jas biker zwart leer TR44 Versano"}]},{"@type":"WebSite","@id":"https:\/\/versano.nl\/#website","url":"https:\/\/versano.nl\/","name":"Versano","description":"Winterm\u00e4ntel mit Pelzkragen | Damen Lederjacken | Herren Lederjacken","potentialAction":[{"@type":"SearchAction","target":{"@type":"EntryPoint","urlTemplate":"https:\/\/versano.nl\/?s={search_term_string}"},"query-input":{"@type":"PropertyValueSpecification","valueRequired":true,"valueName":"search_term_string"}}],"inLanguage":"de"}]}},"_links":{"self":[{"href":"https:\/\/versano.nl\/de\/wp-json\/wp\/v2\/product\/3669","targetHints":{"allow":["GET"]}}],"collection":[{"href":"https:\/\/versano.nl\/de\/wp-json\/wp\/v2\/product"}],"about":[{"href":"https:\/\/versano.nl\/de\/wp-json\/wp\/v2\/types\/product"}],"replies":[{"embeddable":true,"href":"https:\/\/versano.nl\/de\/wp-json\/wp\/v2\/comments?post=3669"}],"wp:featuredmedia":[{"embeddable":true,"href":"https:\/\/versano.nl\/de\/wp-json\/wp\/v2\/media\/8242"}],"wp:attachment":[{"href":"https:\/\/versano.nl\/de\/wp-json\/wp\/v2\/media?parent=3669"}],"wp:term":[{"taxonomy":"product_brand","embeddable":true,"href":"https:\/\/versano.nl\/de\/wp-json\/wp\/v2\/product_brand?post=3669"},{"taxonomy":"product_cat","embeddable":true,"href":"https:\/\/versano.nl\/de\/wp-json\/wp\/v2\/product_cat?post=3669"},{"taxonomy":"product_tag","embeddable":true,"href":"https:\/\/versano.nl\/de\/wp-json\/wp\/v2\/product_tag?post=3669"}],"curies":[{"name":"wp","href":"https:\/\/api.w.org\/{rel}","templated":true}]}}