{"id":3525,"date":"2015-03-22T15:49:10","date_gmt":"2015-03-22T15:49:10","guid":{"rendered":"http:\/\/leathershopdoci.nl\/shop\/immitatieleren-jas-heren-versano-trr-502-zwart\/"},"modified":"2025-05-09T10:36:50","modified_gmt":"2025-05-09T10:36:50","slug":"imitatieleren-jas-heren-versano-trr-502-zwart","status":"publish","type":"product","link":"https:\/\/versano.nl\/de\/shop\/imitatieleren-jas-heren-versano-trr-502-zwart\/","title":{"rendered":"Kunstleder Bomberjacke Herren schwarz TRR 502 Versano"},"content":{"rendered":"<h2>Kunstleder Bomberjacke Herren schwarz TRR 502 Versano<\/h2>\n<p>Bomberjacken waren schon immer Teil der Modeszene, aber in letzter Zeit sieht man diese Herren Pilotenjacken immer h\u00e4ufiger. Mit der Kunstleder Bomberjacke Herren schwarz TRR 502 Versano bekommst du eine sch\u00f6ne Basic Jacke die du zu jeder Jahreszeit tragen kannst. Dieses robuste Modell ist komplett aus geschmeidigem Lederimitat gefertigt und hat den typischen Biker-Look an den Schultern. Durch die perfekte Passform sitzt diese Jacke wie angegossen. Die Jacke ist mit 2 Rei\u00dfverschlusstaschen ausgestattet und an \u00c4rmeln, Stehkragen und der Taille gerippt. Mit dieser Jacke kannst du dir sicher sein, dass dir schon bald eine neue Jacke um die Schultern h\u00e4ngt, in der du zu sehen bist. Wir empfehlen Ihnen daher, diese Jacke einfach bei uns zu bestellen und sicher zu sein, dass Sie eine sch\u00f6ne neue Jacke erworben haben. M\u00f6chten Sie mehr \u00fcber dieses Produkt erfahren? Dann empfehlen wir Ihnen, einfach eine E-Mail an Versano zu senden.<\/p>\n<h2>Modell TRR 502 in schwarz bestellen<\/h2>\n<p>Mit einer so sch\u00f6nen Jacke von Versano k\u00f6nnen Sie sicher sein, dass Sie sie den ganzen Winter \u00fcber tragen k\u00f6nnen. Dieses Modell k\u00f6nnen Sie ganz einfach im Versano Webshop bestellen. Hier haben wir alle unsere Jacken f\u00fcr Sie zusammengestellt, damit Sie ganz einfach eine Bestellung aufgeben k\u00f6nnen. Bei Versano k\u00f6nnen Sie sich immer sicher sein, einen sch\u00f6nen und sorgf\u00e4ltig verarbeiteten Mantel zu kaufen. Bei uns k\u00f6nnen Sie ganz einfach die richtige Gr\u00f6\u00dfe anhand unserer smarten Anleitungsvideos ausw\u00e4hlen. Haben Sie Fragen oder sind Sie sich nicht sicher, welche Gr\u00f6\u00dfe Sie bestellen sollen? Dann k\u00f6nnen Sie uns jederzeit per Mail oder WhatsApp kontaktieren. Unsere Mitarbeiter m\u00f6chten Ihnen helfen!<\/p>\n<p><a href=\"https:\/\/versano.nl\/\">Versano<\/a><br \/>\nMaterial: 100% PU<br \/>\nFutter: 100% Polyester<br \/>\nL\u00e4nge: kurz<br \/>\nPassform: schmale Passform<br \/>\nSchlie\u00dfung: Rei\u00dfverschluss<br \/>\nTaschen: RV-Taschen<br \/>\nKragen: Stehkragen<br \/>\nMaterial Au\u00dfenschicht: Sehr hohe Qualit\u00e4t und Weichleder<br \/>\nLieferzeit: 2-3 Werktage<\/p>","protected":false},"excerpt":{"rendered":"<p style=\"margin: 0cm 0cm 11.25pt 0cm;\"><span style=\"font-family: 'Arial',sans-serif; color: red;\">Fit Beratung:\u00a0<\/span><span style=\"font-family: 'Arial',sans-serif;\">Die Passform dieser Jacke ist schmal geschnitten. Unser Model ist 1,75 cm gro\u00df und tr\u00e4gt Gr\u00f6\u00dfe M.<\/span><\/p>\n<p style=\"margin: 0cm 0cm 11.25pt 0cm;\"><span style=\"font-family: 'Arial',sans-serif;\">Wenn Sie sich bei Ihren Ma\u00dfen nicht sicher sind, empfehlen wir Ihnen, zuerst Ihre Gr\u00f6\u00dfenma\u00dfe zu messen und sie mit unserer Gr\u00f6\u00dfentabelle zu vergleichen. Wenn Sie keine Erfahrung mit der Messung von Umfangsgr\u00f6\u00dfen haben, klicken Sie auf\u00a0<\/span><a href=\"https:\/\/www.youtube.com\/watch?v=3ZSfY87v6pM\"><em><span style=\"font-family: 'Arial',sans-serif; color: windowtext; text-decoration: none; text-underline: none;\">HIER<\/span><\/em><span style=\"font-family: 'Arial',sans-serif; color: windowtext; text-decoration: none; text-underline: none;\">\u00a0<\/span><\/a><span style=\"font-family: 'Arial',sans-serif;\">\u00a0zu\u00a0<\/span><a href=\"https:\/\/www.youtube.com\/watch?v=3ZSfY87v6pM\"><em><span style=\"font-family: 'Arial',sans-serif; color: red; text-decoration: none; text-underline: none;\">VIDEO<\/span><\/em><\/a><span style=\"font-family: 'Arial',sans-serif;\">\u00a0 mit Anweisungen. Sie k\u00f6nnen uns auch direkt anrufen oder anrufen! Unsere Mitarbeiter stehen Ihnen jederzeit zur Verf\u00fcgung.<\/span><\/p>\n<p style=\"margin: 0cm;\"><strong><span style=\"font-family: 'Arial',sans-serif;\">LIEFERZEIT :<\/span><\/strong><span style=\"font-family: 'Arial',sans-serif;\">\u00a02 bis 3 Werktage.<\/span><\/p>","protected":false},"featured_media":21022,"comment_status":"closed","ping_status":"closed","template":"","meta":[],"product_brand":[],"product_cat":[734,923,15,16,732,882],"product_tag":[61,1996,1687,1994,507,62,1998,64,67,1997,68,1970,74,70,1837,1774,1995],"class_list":{"0":"post-3525","1":"product","2":"type-product","3":"status-publish","4":"has-post-thumbnail","6":"product_cat-heren-leatherlook-jassen-lederlook-jassen","7":"product_cat-imitatie-leren-jas","8":"product_cat-imitatieleren-jassen","9":"product_cat-imitatieleren-jassen-heren","10":"product_cat-leatherlook-jassen","11":"product_cat-versano","12":"product_tag-bikerjack","13":"product_tag-bomber-jas-zwart-heren","14":"product_tag-bomberjas-heren","15":"product_tag-heren-imitatie-leren-jas-kopen","16":"product_tag-heren-imitatieleer-zwart","17":"product_tag-heren-jas","18":"product_tag-imitatie-leren-bomer-jas-heren","19":"product_tag-imitatieleer","20":"product_tag-kunstleer","21":"product_tag-kunstleren-jas-voor-heren","22":"product_tag-leatherlook-jas","23":"product_tag-online-imitatie-leren-jas-heren","24":"product_tag-rexion-leer","25":"product_tag-stoere-jack","26":"product_tag-uitverkoop-versano","27":"product_tag-zomerjas-heren","28":"product_tag-zwarte-zomerjas-voor-heren","29":"product_shipping_class-verzendkosten-1","30":"tm-no-options","32":"first","33":"instock","34":"taxable","35":"shipping-taxable","36":"purchasable","37":"product-type-variable"},"yoast_head":"<!-- This site is optimized with the Yoast SEO plugin v27.2 - https:\/\/yoast.com\/product\/yoast-seo-wordpress\/ -->\n<title>Imitatie leren bomber jas heren zwart TRR 502 Versano<\/title>\n<meta name=\"description\" content=\"Op zoek naar een Imitatie leren bomber jas heren zwart TRR 502 Versano? Dan bent u bij de bekende jassen merk Versano aan het juiste adres.\" \/>\n<meta name=\"robots\" content=\"index, follow, max-snippet:-1, max-image-preview:large, max-video-preview:-1\" \/>\n<link rel=\"canonical\" href=\"https:\/\/versano.nl\/de\/shop\/imitatieleren-jas-heren-versano-trr-502-zwart\/\" \/>\n<meta property=\"og:locale\" content=\"de_DE\" \/>\n<meta property=\"og:type\" content=\"article\" \/>\n<meta property=\"og:title\" content=\"Imitatie leren bomber jas heren zwart TRR 502 Versano\" \/>\n<meta property=\"og:description\" content=\"Op zoek naar een Imitatie leren bomber jas heren zwart TRR 502 Versano? Dan bent u bij de bekende jassen merk Versano aan het juiste adres.\" \/>\n<meta property=\"og:url\" content=\"https:\/\/versano.nl\/de\/shop\/imitatieleren-jas-heren-versano-trr-502-zwart\/\" \/>\n<meta property=\"og:site_name\" content=\"Versano\" \/>\n<meta property=\"article:modified_time\" content=\"2025-05-09T10:36:50+00:00\" \/>\n<meta property=\"og:image\" content=\"https:\/\/versano.nl\/wp-content\/uploads\/2015\/03\/Leren-jas-heren-zwart-Versano-502-voor.jpg\" \/>\n\t<meta property=\"og:image:width\" content=\"750\" \/>\n\t<meta property=\"og:image:height\" content=\"979\" \/>\n\t<meta property=\"og:image:type\" content=\"image\/jpeg\" \/>\n<meta name=\"twitter:card\" content=\"summary_large_image\" \/>\n<meta name=\"twitter:label1\" content=\"Gesch\u00e4tzte Lesezeit\" \/>\n\t<meta name=\"twitter:data1\" content=\"2\u00a0Minuten\" \/>\n<script type=\"application\/ld+json\" class=\"yoast-schema-graph\">{\"@context\":\"https:\/\/schema.org\",\"@graph\":[{\"@type\":\"WebPage\",\"@id\":\"https:\/\/versano.nl\/shop\/imitatieleren-jas-heren-versano-trr-502-zwart\/\",\"url\":\"https:\/\/versano.nl\/shop\/imitatieleren-jas-heren-versano-trr-502-zwart\/\",\"name\":\"Imitatie leren bomber jas heren zwart TRR 502 Versano\",\"isPartOf\":{\"@id\":\"https:\/\/versano.nl\/#website\"},\"primaryImageOfPage\":{\"@id\":\"https:\/\/versano.nl\/shop\/imitatieleren-jas-heren-versano-trr-502-zwart\/#primaryimage\"},\"image\":{\"@id\":\"https:\/\/versano.nl\/shop\/imitatieleren-jas-heren-versano-trr-502-zwart\/#primaryimage\"},\"thumbnailUrl\":\"https:\/\/versano.nl\/wp-content\/uploads\/2015\/03\/Leren-jas-heren-zwart-Versano-502-voor.jpg\",\"datePublished\":\"2015-03-22T15:49:10+00:00\",\"dateModified\":\"2025-05-09T10:36:50+00:00\",\"description\":\"Op zoek naar een Imitatie leren bomber jas heren zwart TRR 502 Versano? Dan bent u bij de bekende jassen merk Versano aan het juiste adres.\",\"breadcrumb\":{\"@id\":\"https:\/\/versano.nl\/shop\/imitatieleren-jas-heren-versano-trr-502-zwart\/#breadcrumb\"},\"inLanguage\":\"de\",\"potentialAction\":[{\"@type\":\"ReadAction\",\"target\":[\"https:\/\/versano.nl\/shop\/imitatieleren-jas-heren-versano-trr-502-zwart\/\"]}]},{\"@type\":\"ImageObject\",\"inLanguage\":\"de\",\"@id\":\"https:\/\/versano.nl\/shop\/imitatieleren-jas-heren-versano-trr-502-zwart\/#primaryimage\",\"url\":\"https:\/\/versano.nl\/wp-content\/uploads\/2015\/03\/Leren-jas-heren-zwart-Versano-502-voor.jpg\",\"contentUrl\":\"https:\/\/versano.nl\/wp-content\/uploads\/2015\/03\/Leren-jas-heren-zwart-Versano-502-voor.jpg\",\"width\":750,\"height\":979,\"caption\":\"Leren-jas-heren-zwart-Versano-502\"},{\"@type\":\"BreadcrumbList\",\"@id\":\"https:\/\/versano.nl\/shop\/imitatieleren-jas-heren-versano-trr-502-zwart\/#breadcrumb\",\"itemListElement\":[{\"@type\":\"ListItem\",\"position\":1,\"name\":\"Home\",\"item\":\"https:\/\/versano.nl\/\"},{\"@type\":\"ListItem\",\"position\":2,\"name\":\"Shop\",\"item\":\"https:\/\/versano.nl\/shop\/\"},{\"@type\":\"ListItem\",\"position\":3,\"name\":\"Imitatie leren bomber jas heren zwart TRR 502 Versano\"}]},{\"@type\":\"WebSite\",\"@id\":\"https:\/\/versano.nl\/#website\",\"url\":\"https:\/\/versano.nl\/\",\"name\":\"Versano\",\"description\":\"winterjassen met bontkraag | leren dames jassen | leren heren jassen\",\"potentialAction\":[{\"@type\":\"SearchAction\",\"target\":{\"@type\":\"EntryPoint\",\"urlTemplate\":\"https:\/\/versano.nl\/?s={search_term_string}\"},\"query-input\":{\"@type\":\"PropertyValueSpecification\",\"valueRequired\":true,\"valueName\":\"search_term_string\"}}],\"inLanguage\":\"de\"}]}<\/script>\n<!-- \/ Yoast SEO plugin. -->","yoast_head_json":{"title":"Kunstleder Bomberjacke Herren schwarz TRR 502 Versano","description":"Auf der Suche nach einer Bomberjacke aus Kunstleder Herren schwarz TRR 502 Versano? Dann sind Sie bei der bekannten Jackenmarke Versano genau richtig.","robots":{"index":"index","follow":"follow","max-snippet":"max-snippet:-1","max-image-preview":"max-image-preview:large","max-video-preview":"max-video-preview:-1"},"canonical":"https:\/\/versano.nl\/de\/shop\/imitatieleren-jas-heren-versano-trr-502-zwart\/","og_locale":"de_DE","og_type":"article","og_title":"Imitatie leren bomber jas heren zwart TRR 502 Versano","og_description":"Op zoek naar een Imitatie leren bomber jas heren zwart TRR 502 Versano? Dan bent u bij de bekende jassen merk Versano aan het juiste adres.","og_url":"https:\/\/versano.nl\/de\/shop\/imitatieleren-jas-heren-versano-trr-502-zwart\/","og_site_name":"Versano","article_modified_time":"2025-05-09T10:36:50+00:00","og_image":[{"width":750,"height":979,"url":"https:\/\/versano.nl\/wp-content\/uploads\/2015\/03\/Leren-jas-heren-zwart-Versano-502-voor.jpg","type":"image\/jpeg"}],"twitter_card":"summary_large_image","twitter_misc":{"Gesch\u00e4tzte Lesezeit":"2\u00a0Minuten"},"schema":{"@context":"https:\/\/schema.org","@graph":[{"@type":"WebPage","@id":"https:\/\/versano.nl\/shop\/imitatieleren-jas-heren-versano-trr-502-zwart\/","url":"https:\/\/versano.nl\/shop\/imitatieleren-jas-heren-versano-trr-502-zwart\/","name":"Kunstleder Bomberjacke Herren schwarz TRR 502 Versano","isPartOf":{"@id":"https:\/\/versano.nl\/#website"},"primaryImageOfPage":{"@id":"https:\/\/versano.nl\/shop\/imitatieleren-jas-heren-versano-trr-502-zwart\/#primaryimage"},"image":{"@id":"https:\/\/versano.nl\/shop\/imitatieleren-jas-heren-versano-trr-502-zwart\/#primaryimage"},"thumbnailUrl":"https:\/\/versano.nl\/wp-content\/uploads\/2015\/03\/Leren-jas-heren-zwart-Versano-502-voor.jpg","datePublished":"2015-03-22T15:49:10+00:00","dateModified":"2025-05-09T10:36:50+00:00","description":"Auf der Suche nach einer Bomberjacke aus Kunstleder Herren schwarz TRR 502 Versano? Dann sind Sie bei der bekannten Jackenmarke Versano genau richtig.","breadcrumb":{"@id":"https:\/\/versano.nl\/shop\/imitatieleren-jas-heren-versano-trr-502-zwart\/#breadcrumb"},"inLanguage":"de","potentialAction":[{"@type":"ReadAction","target":["https:\/\/versano.nl\/shop\/imitatieleren-jas-heren-versano-trr-502-zwart\/"]}]},{"@type":"ImageObject","inLanguage":"de","@id":"https:\/\/versano.nl\/shop\/imitatieleren-jas-heren-versano-trr-502-zwart\/#primaryimage","url":"https:\/\/versano.nl\/wp-content\/uploads\/2015\/03\/Leren-jas-heren-zwart-Versano-502-voor.jpg","contentUrl":"https:\/\/versano.nl\/wp-content\/uploads\/2015\/03\/Leren-jas-heren-zwart-Versano-502-voor.jpg","width":750,"height":979,"caption":"Leren-jas-heren-zwart-Versano-502"},{"@type":"BreadcrumbList","@id":"https:\/\/versano.nl\/shop\/imitatieleren-jas-heren-versano-trr-502-zwart\/#breadcrumb","itemListElement":[{"@type":"ListItem","position":1,"name":"Home","item":"https:\/\/versano.nl\/"},{"@type":"ListItem","position":2,"name":"Shop","item":"https:\/\/versano.nl\/shop\/"},{"@type":"ListItem","position":3,"name":"Imitatie leren bomber jas heren zwart TRR 502 Versano"}]},{"@type":"WebSite","@id":"https:\/\/versano.nl\/#website","url":"https:\/\/versano.nl\/","name":"Versano","description":"Winterm\u00e4ntel mit Pelzkragen | Damen Lederjacken | Herren Lederjacken","potentialAction":[{"@type":"SearchAction","target":{"@type":"EntryPoint","urlTemplate":"https:\/\/versano.nl\/?s={search_term_string}"},"query-input":{"@type":"PropertyValueSpecification","valueRequired":true,"valueName":"search_term_string"}}],"inLanguage":"de"}]}},"_links":{"self":[{"href":"https:\/\/versano.nl\/de\/wp-json\/wp\/v2\/product\/3525","targetHints":{"allow":["GET"]}}],"collection":[{"href":"https:\/\/versano.nl\/de\/wp-json\/wp\/v2\/product"}],"about":[{"href":"https:\/\/versano.nl\/de\/wp-json\/wp\/v2\/types\/product"}],"replies":[{"embeddable":true,"href":"https:\/\/versano.nl\/de\/wp-json\/wp\/v2\/comments?post=3525"}],"wp:featuredmedia":[{"embeddable":true,"href":"https:\/\/versano.nl\/de\/wp-json\/wp\/v2\/media\/21022"}],"wp:attachment":[{"href":"https:\/\/versano.nl\/de\/wp-json\/wp\/v2\/media?parent=3525"}],"wp:term":[{"taxonomy":"product_brand","embeddable":true,"href":"https:\/\/versano.nl\/de\/wp-json\/wp\/v2\/product_brand?post=3525"},{"taxonomy":"product_cat","embeddable":true,"href":"https:\/\/versano.nl\/de\/wp-json\/wp\/v2\/product_cat?post=3525"},{"taxonomy":"product_tag","embeddable":true,"href":"https:\/\/versano.nl\/de\/wp-json\/wp\/v2\/product_tag?post=3525"}],"curies":[{"name":"wp","href":"https:\/\/api.w.org\/{rel}","templated":true}]}}