{"id":3378,"date":"2015-03-22T17:03:15","date_gmt":"2015-03-22T17:03:15","guid":{"rendered":"http:\/\/leathershopdoci.nl\/shop\/immitatieleren-jas-dames-versano-lr-315-zwart\/"},"modified":"2026-04-02T04:53:22","modified_gmt":"2026-04-02T04:53:22","slug":"imitatieleren-jas-dames-versano-lr-315-zwart","status":"publish","type":"product","link":"https:\/\/versano.nl\/de\/shop\/imitatieleren-jas-dames-versano-lr-315-zwart\/","title":{"rendered":"Kunstlederjacke Damen 315 schwarz Versano"},"content":{"rendered":"<h2>Kunstlederjacke Damen 315 schwarz Versano<\/h2>\n<p>F\u00fcr Kunstlederjacken sind Sie bei der bekannten Jackenmarke Versano an der richtigen Adresse, denn das Kunstleder in unseren Jacken ist von den Lederjacken kaum zu unterscheiden. Diese Kunstlederjacke Damen 315 schwarz Versano ist aus sehr sch\u00f6nem Kunstleder gefertigt. Diese Jacke hat einen geraden Rei\u00dfverschluss mit 2 Seitentaschen und 2 Rei\u00dfverschlusstaschen auf der Brust. Nat\u00fcrlich hat die Jacke auch eine Innentasche.Das Lederimitat ist hochwertig mit einer sehr sch\u00f6nen Waschung. Dies verleiht ihm einen sch\u00f6nen Vintage-Look. Neben der stylischen Farbe Schwarz ist diese Jacke nat\u00fcrlich auch in weiteren verschiedenen Farben erh\u00e4ltlich. Dies ist wieder eines der sch\u00f6nen Modelle aus der Kollektion der Kunstlederjacken, aber f\u00fcr wem nicht genug ist, haben wir die Lammfellversion der 315 in sieben verschiedenen Farben. Die richtige Gr\u00f6\u00dfe finden Sie ganz einfach auf unserer Website, indem Sie die Gr\u00f6\u00dfentabelle und das praktische Video verwenden.<\/p>\n<h2>Modell 315 in schwarz bestellen<\/h2>\n<p>Mit einer so sch\u00f6nen Jacke von Versano k\u00f6nnen Sie sicher sein, dass Sie sie den ganzen Winter \u00fcber tragen k\u00f6nnen. Dieses Modell k\u00f6nnen Sie ganz einfach im Versano Webshop bestellen. Hier haben wir alle unsere Jacken f\u00fcr Sie zusammengestellt, damit Sie ganz einfach eine Bestellung aufgeben k\u00f6nnen. Bei Versano k\u00f6nnen Sie sich immer sicher sein, einen sch\u00f6nen und sorgf\u00e4ltig verarbeiteten Mantel zu kaufen. Bei uns k\u00f6nnen Sie ganz einfach die richtige Gr\u00f6\u00dfe anhand unserer smarten Anleitungsvideos ausw\u00e4hlen. Haben Sie Fragen oder sind Sie sich nicht sicher, welche Gr\u00f6\u00dfe Sie bestellen sollen? Dann k\u00f6nnen Sie uns jederzeit per Mail oder WhatsApp kontaktieren. Unsere Mitarbeiter m\u00f6chten Ihnen helfen!<\/p>\n<p>Marke: <a href=\"https:\/\/versano.nl\/\" target=\"_blank\" rel=\"noopener noreferrer\">Versano<\/a><br \/>\nMaterial: 100% Kunstleder<br \/>\nFutter: 100% Polyester<br \/>\nL\u00e4nge: kurz<br \/>\nPassform: ausgestattet<br \/>\nSchlie\u00dfung: Rei\u00dfverschluss<br \/>\nTaschen: RV-Taschen<br \/>\nKragen: Stehkragen<br \/>\nMaterial Au\u00dfenschicht: sehr hochwertiges und weiches Kunstleder<br \/>\nLieferzeit: 2-3 Werktage<\/p>","protected":false},"excerpt":{"rendered":"<p>W\u00c4HLEN SIE HIER EINE ANDERE FARBE<\/p>\n<p><a href=\"https:\/\/versano.nl\/shop\/imitatieleren-jas-dames-versano-lr-315-cognac\/\"><img loading=\"lazy\" decoding=\"async\" class=\"alignnone size-full wp-image-19827\" src=\"https:\/\/versano.nl\/wp-content\/uploads\/sites\/2\/2019\/01\/dames-leren-jassen-cognac-ronde-kraag-315-model2-thumb.jpg\" alt=\"\" width=\"57\" height=\"75\" \/><\/a><a href=\"https:\/\/versano.nl\/shop\/imitatieleren-jas-dames-versano-lr-315-blauw\/\"><img loading=\"lazy\" decoding=\"async\" class=\"alignnone size-full wp-image-19828\" src=\"https:\/\/versano.nl\/wp-content\/uploads\/sites\/2\/2019\/01\/leren-dames-jas-blauw-ronde-kraag-315-model4-thumb.jpg\" alt=\"\" width=\"57\" height=\"75\" \/><\/a><a href=\"https:\/\/versano.nl\/shop\/imitatie-leren-dames-jas-in-groen-versano-315\/\"><img loading=\"lazy\" decoding=\"async\" class=\"alignnone size-full wp-image-19829\" src=\"https:\/\/versano.nl\/wp-content\/uploads\/sites\/2\/2019\/01\/leren-dames-jas-groen-ronde-kraag-315-model4-thumb.jpg\" alt=\"\" width=\"57\" height=\"75\" \/><\/a><a href=\"https:\/\/versano.nl\/shop\/imitatieleren-dames-jas-bruin-versano-315\/\"><img loading=\"lazy\" decoding=\"async\" class=\"alignnone size-full wp-image-19830\" src=\"https:\/\/versano.nl\/wp-content\/uploads\/sites\/2\/2019\/01\/leren-dames-jassen-bruin-ronde-kraag-315-model3-thumb.jpg\" alt=\"\" width=\"57\" height=\"75\" \/><\/a><a href=\"https:\/\/versano.nl\/shop\/imitatieleren-jas-dames-versano-lr-315-rood\/\"><img loading=\"lazy\" decoding=\"async\" class=\"alignnone size-full wp-image-19833\" src=\"https:\/\/versano.nl\/wp-content\/uploads\/sites\/2\/2019\/01\/leren-jasje-rood-ronde-kraag-315-model2-thumb.jpg\" alt=\"\" width=\"57\" height=\"75\" \/><\/a><\/p>\n<p><span style=\"color: red;\">Fit Beratung:<\/span> Die Passform dieser Jacke ist eng geschnitten. Unser Modell ist 1,68 cm gro\u00df und tr\u00e4gt eine Gr\u00f6\u00dfe S.<\/p>\n<p>Wenn Sie sich bei Ihren Ma\u00dfen nicht sicher sind, empfehlen wir Ihnen, zuerst Ihre Gr\u00f6\u00dfenma\u00dfe zu messen und sie mit unserer Gr\u00f6\u00dfentabelle zu vergleichen. Wenn Sie keine Erfahrung mit der Messung von Umfangsgr\u00f6\u00dfen haben, klicken Sie auf <a href=\"https:\/\/www.youtube.com\/watch?v=3ZSfY87v6pM\"><em><span style=\"text-decoration: none;\">HIER<\/span><\/em>\u00a0<\/a>\u00a0zu <a href=\"https:\/\/www.youtube.com\/watch?v=3ZSfY87v6pM\"><em><span style=\"color: red; text-decoration: none;\">VIDEO<\/span><\/em><\/a>\u00a0 mit Anweisungen. Sie k\u00f6nnen uns auch direkt anrufen oder anrufen! Unsere Mitarbeiter stehen Ihnen jederzeit zur Verf\u00fcgung.<\/p>\n<p><strong><span style=\"color: black;\">LIEFERZEIT :<\/span><\/strong> 2 bis 3 Werktage.<\/p>","protected":false},"featured_media":16604,"comment_status":"closed","ping_status":"closed","template":"","meta":[],"product_brand":[],"product_cat":[1840,733,923,15,124,732,882],"product_tag":[191,500,1845,501,502,503,64,504,418,1875,67,68,74,70,1897,1837,1709],"class_list":{"0":"post-3378","1":"product","2":"type-product","3":"status-publish","4":"has-post-thumbnail","6":"product_cat-dames-imitatie-leren-jas","7":"product_cat-dames-leatherlook-jassen-lederlook-jassen","8":"product_cat-imitatie-leren-jas","9":"product_cat-imitatieleren-jassen","10":"product_cat-imitatieleren-jassen-dames","11":"product_cat-leatherlook-jassen","12":"product_cat-versano","13":"product_tag-dames-jas","14":"product_tag-dames-jas-imitatieleer-zwart","15":"product_tag-dames-zomerjassen","16":"product_tag-imitatie-leren-dames-jas-zwart","17":"product_tag-imitatie-leren-dames-jassen-zwart","18":"product_tag-imitatie-leren-jas-zwart","19":"product_tag-imitatieleer","20":"product_tag-imitatieleer-dames-zwart","21":"product_tag-imitatieleren-dames-jas-zwart","22":"product_tag-jassen-in-sale-versano","23":"product_tag-kunstleer","24":"product_tag-leatherlook-jas","25":"product_tag-rexion-leer","26":"product_tag-stoere-jack","27":"product_tag-uitverkoop-jassen","28":"product_tag-uitverkoop-versano","29":"product_tag-versano-zomerjassen","30":"product_shipping_class-verzendkosten-1","31":"tm-no-options","33":"first","34":"instock","35":"sale","36":"taxable","37":"shipping-taxable","38":"purchasable","39":"product-type-variable"},"yoast_head":"<!-- This site is optimized with the Yoast SEO plugin v27.2 - https:\/\/yoast.com\/product\/yoast-seo-wordpress\/ -->\n<title>Imitatie leren jas dames 315 zwart Versano, Versano dames jassen<\/title>\n<meta name=\"description\" content=\"Op zoek naar een imitatie leren jas dames 315 zwart Versano? Dan bent u bij ons aan het juiste adres voor leren en imitatie leren jassen.\" \/>\n<meta name=\"robots\" content=\"index, follow, max-snippet:-1, max-image-preview:large, max-video-preview:-1\" \/>\n<link rel=\"canonical\" href=\"https:\/\/versano.nl\/de\/shop\/imitatieleren-jas-dames-versano-lr-315-zwart\/\" \/>\n<meta property=\"og:locale\" content=\"de_DE\" \/>\n<meta property=\"og:type\" content=\"article\" \/>\n<meta property=\"og:title\" content=\"Imitatie leren jas dames 315 zwart Versano, Versano dames jassen\" \/>\n<meta property=\"og:description\" content=\"Op zoek naar een imitatie leren jas dames 315 zwart Versano? Dan bent u bij ons aan het juiste adres voor leren en imitatie leren jassen.\" \/>\n<meta property=\"og:url\" content=\"https:\/\/versano.nl\/de\/shop\/imitatieleren-jas-dames-versano-lr-315-zwart\/\" \/>\n<meta property=\"og:site_name\" content=\"Versano\" \/>\n<meta property=\"article:modified_time\" content=\"2026-04-02T04:53:22+00:00\" \/>\n<meta property=\"og:image\" content=\"https:\/\/versano.nl\/wp-content\/uploads\/2020\/07\/imitatie-leren-dames-jas-zwart-versano-315-voorkant.jpg\" \/>\n\t<meta property=\"og:image:width\" content=\"750\" \/>\n\t<meta property=\"og:image:height\" content=\"980\" \/>\n\t<meta property=\"og:image:type\" content=\"image\/jpeg\" \/>\n<meta name=\"twitter:card\" content=\"summary_large_image\" \/>\n<meta name=\"twitter:label1\" content=\"Gesch\u00e4tzte Lesezeit\" \/>\n\t<meta name=\"twitter:data1\" content=\"2\u00a0Minuten\" \/>\n<script type=\"application\/ld+json\" class=\"yoast-schema-graph\">{\"@context\":\"https:\/\/schema.org\",\"@graph\":[{\"@type\":\"WebPage\",\"@id\":\"https:\/\/versano.nl\/shop\/imitatieleren-jas-dames-versano-lr-315-zwart\/\",\"url\":\"https:\/\/versano.nl\/shop\/imitatieleren-jas-dames-versano-lr-315-zwart\/\",\"name\":\"Imitatie leren jas dames 315 zwart Versano, Versano dames jassen\",\"isPartOf\":{\"@id\":\"https:\/\/versano.nl\/#website\"},\"primaryImageOfPage\":{\"@id\":\"https:\/\/versano.nl\/shop\/imitatieleren-jas-dames-versano-lr-315-zwart\/#primaryimage\"},\"image\":{\"@id\":\"https:\/\/versano.nl\/shop\/imitatieleren-jas-dames-versano-lr-315-zwart\/#primaryimage\"},\"thumbnailUrl\":\"https:\/\/versano.nl\/wp-content\/uploads\/2020\/07\/imitatie-leren-dames-jas-zwart-versano-315-voorkant.jpg\",\"datePublished\":\"2015-03-22T17:03:15+00:00\",\"dateModified\":\"2026-04-02T04:53:22+00:00\",\"description\":\"Op zoek naar een imitatie leren jas dames 315 zwart Versano? Dan bent u bij ons aan het juiste adres voor leren en imitatie leren jassen.\",\"breadcrumb\":{\"@id\":\"https:\/\/versano.nl\/shop\/imitatieleren-jas-dames-versano-lr-315-zwart\/#breadcrumb\"},\"inLanguage\":\"de\",\"potentialAction\":[{\"@type\":\"ReadAction\",\"target\":[\"https:\/\/versano.nl\/shop\/imitatieleren-jas-dames-versano-lr-315-zwart\/\"]}]},{\"@type\":\"ImageObject\",\"inLanguage\":\"de\",\"@id\":\"https:\/\/versano.nl\/shop\/imitatieleren-jas-dames-versano-lr-315-zwart\/#primaryimage\",\"url\":\"https:\/\/versano.nl\/wp-content\/uploads\/2020\/07\/imitatie-leren-dames-jas-zwart-versano-315-voorkant.jpg\",\"contentUrl\":\"https:\/\/versano.nl\/wp-content\/uploads\/2020\/07\/imitatie-leren-dames-jas-zwart-versano-315-voorkant.jpg\",\"width\":750,\"height\":980,\"caption\":\"imitatie-leren-dames-jas-zwart-versano-315-voorkant\"},{\"@type\":\"BreadcrumbList\",\"@id\":\"https:\/\/versano.nl\/shop\/imitatieleren-jas-dames-versano-lr-315-zwart\/#breadcrumb\",\"itemListElement\":[{\"@type\":\"ListItem\",\"position\":1,\"name\":\"Home\",\"item\":\"https:\/\/versano.nl\/\"},{\"@type\":\"ListItem\",\"position\":2,\"name\":\"Shop\",\"item\":\"https:\/\/versano.nl\/shop\/\"},{\"@type\":\"ListItem\",\"position\":3,\"name\":\"Imitatie leren jas dames 315 zwart Versano\"}]},{\"@type\":\"WebSite\",\"@id\":\"https:\/\/versano.nl\/#website\",\"url\":\"https:\/\/versano.nl\/\",\"name\":\"Versano\",\"description\":\"winterjassen met bontkraag | leren dames jassen | leren heren jassen\",\"potentialAction\":[{\"@type\":\"SearchAction\",\"target\":{\"@type\":\"EntryPoint\",\"urlTemplate\":\"https:\/\/versano.nl\/?s={search_term_string}\"},\"query-input\":{\"@type\":\"PropertyValueSpecification\",\"valueRequired\":true,\"valueName\":\"search_term_string\"}}],\"inLanguage\":\"de\"}]}<\/script>\n<!-- \/ Yoast SEO plugin. -->","yoast_head_json":{"title":"Kunstlederjacke Damen 315 schwarz Versano, Versano Damenjacken","description":"Auf der Suche nach einer Kunstlederjacke Damen 315 schwarz Versano? Dann sind Sie bei Leder- und Kunstlederjacken genau richtig.","robots":{"index":"index","follow":"follow","max-snippet":"max-snippet:-1","max-image-preview":"max-image-preview:large","max-video-preview":"max-video-preview:-1"},"canonical":"https:\/\/versano.nl\/de\/shop\/imitatieleren-jas-dames-versano-lr-315-zwart\/","og_locale":"de_DE","og_type":"article","og_title":"Imitatie leren jas dames 315 zwart Versano, Versano dames jassen","og_description":"Op zoek naar een imitatie leren jas dames 315 zwart Versano? Dan bent u bij ons aan het juiste adres voor leren en imitatie leren jassen.","og_url":"https:\/\/versano.nl\/de\/shop\/imitatieleren-jas-dames-versano-lr-315-zwart\/","og_site_name":"Versano","article_modified_time":"2026-04-02T04:53:22+00:00","og_image":[{"width":750,"height":980,"url":"https:\/\/versano.nl\/wp-content\/uploads\/2020\/07\/imitatie-leren-dames-jas-zwart-versano-315-voorkant.jpg","type":"image\/jpeg"}],"twitter_card":"summary_large_image","twitter_misc":{"Gesch\u00e4tzte Lesezeit":"2\u00a0Minuten"},"schema":{"@context":"https:\/\/schema.org","@graph":[{"@type":"WebPage","@id":"https:\/\/versano.nl\/shop\/imitatieleren-jas-dames-versano-lr-315-zwart\/","url":"https:\/\/versano.nl\/shop\/imitatieleren-jas-dames-versano-lr-315-zwart\/","name":"Kunstlederjacke Damen 315 schwarz Versano, Versano Damenjacken","isPartOf":{"@id":"https:\/\/versano.nl\/#website"},"primaryImageOfPage":{"@id":"https:\/\/versano.nl\/shop\/imitatieleren-jas-dames-versano-lr-315-zwart\/#primaryimage"},"image":{"@id":"https:\/\/versano.nl\/shop\/imitatieleren-jas-dames-versano-lr-315-zwart\/#primaryimage"},"thumbnailUrl":"https:\/\/versano.nl\/wp-content\/uploads\/2020\/07\/imitatie-leren-dames-jas-zwart-versano-315-voorkant.jpg","datePublished":"2015-03-22T17:03:15+00:00","dateModified":"2026-04-02T04:53:22+00:00","description":"Auf der Suche nach einer Kunstlederjacke Damen 315 schwarz Versano? Dann sind Sie bei Leder- und Kunstlederjacken genau richtig.","breadcrumb":{"@id":"https:\/\/versano.nl\/shop\/imitatieleren-jas-dames-versano-lr-315-zwart\/#breadcrumb"},"inLanguage":"de","potentialAction":[{"@type":"ReadAction","target":["https:\/\/versano.nl\/shop\/imitatieleren-jas-dames-versano-lr-315-zwart\/"]}]},{"@type":"ImageObject","inLanguage":"de","@id":"https:\/\/versano.nl\/shop\/imitatieleren-jas-dames-versano-lr-315-zwart\/#primaryimage","url":"https:\/\/versano.nl\/wp-content\/uploads\/2020\/07\/imitatie-leren-dames-jas-zwart-versano-315-voorkant.jpg","contentUrl":"https:\/\/versano.nl\/wp-content\/uploads\/2020\/07\/imitatie-leren-dames-jas-zwart-versano-315-voorkant.jpg","width":750,"height":980,"caption":"imitatie-leren-dames-jas-zwart-versano-315-voorkant"},{"@type":"BreadcrumbList","@id":"https:\/\/versano.nl\/shop\/imitatieleren-jas-dames-versano-lr-315-zwart\/#breadcrumb","itemListElement":[{"@type":"ListItem","position":1,"name":"Home","item":"https:\/\/versano.nl\/"},{"@type":"ListItem","position":2,"name":"Shop","item":"https:\/\/versano.nl\/shop\/"},{"@type":"ListItem","position":3,"name":"Imitatie leren jas dames 315 zwart Versano"}]},{"@type":"WebSite","@id":"https:\/\/versano.nl\/#website","url":"https:\/\/versano.nl\/","name":"Versano","description":"Winterm\u00e4ntel mit Pelzkragen | Damen Lederjacken | Herren Lederjacken","potentialAction":[{"@type":"SearchAction","target":{"@type":"EntryPoint","urlTemplate":"https:\/\/versano.nl\/?s={search_term_string}"},"query-input":{"@type":"PropertyValueSpecification","valueRequired":true,"valueName":"search_term_string"}}],"inLanguage":"de"}]}},"_links":{"self":[{"href":"https:\/\/versano.nl\/de\/wp-json\/wp\/v2\/product\/3378","targetHints":{"allow":["GET"]}}],"collection":[{"href":"https:\/\/versano.nl\/de\/wp-json\/wp\/v2\/product"}],"about":[{"href":"https:\/\/versano.nl\/de\/wp-json\/wp\/v2\/types\/product"}],"replies":[{"embeddable":true,"href":"https:\/\/versano.nl\/de\/wp-json\/wp\/v2\/comments?post=3378"}],"wp:featuredmedia":[{"embeddable":true,"href":"https:\/\/versano.nl\/de\/wp-json\/wp\/v2\/media\/16604"}],"wp:attachment":[{"href":"https:\/\/versano.nl\/de\/wp-json\/wp\/v2\/media?parent=3378"}],"wp:term":[{"taxonomy":"product_brand","embeddable":true,"href":"https:\/\/versano.nl\/de\/wp-json\/wp\/v2\/product_brand?post=3378"},{"taxonomy":"product_cat","embeddable":true,"href":"https:\/\/versano.nl\/de\/wp-json\/wp\/v2\/product_cat?post=3378"},{"taxonomy":"product_tag","embeddable":true,"href":"https:\/\/versano.nl\/de\/wp-json\/wp\/v2\/product_tag?post=3378"}],"curies":[{"name":"wp","href":"https:\/\/api.w.org\/{rel}","templated":true}]}}