{"id":29572,"date":"2023-09-22T11:14:12","date_gmt":"2023-09-22T11:14:12","guid":{"rendered":"https:\/\/versano.nl\/shop\/dames-winterjas-met-bontkraag-shamila-ecru-new-generation\/"},"modified":"2026-03-06T15:03:50","modified_gmt":"2026-03-06T15:03:50","slug":"dames-winterjas-met-bontkraag-shamila-ecru-new-generation","status":"publish","type":"product","link":"https:\/\/versano.nl\/de\/shop\/dames-winterjas-met-bontkraag-shamila-ecru-new-generation\/","title":{"rendered":"Dames jas met bontkraag Shamila ecru new generation"},"content":{"rendered":"<h2>Dames jas met bontkraag Shamila ecru new generation<\/h2>\n<p>Op zoek naar een lekker warme dames jas met bontkraag die er ook nog eens lekker hip uitziet? Kijk dan eens bij deze dames jas met bontkraag Shamila ecru new generation van Versano. Deze jas heeft niet alleen twee ritsen, het is ook nog eens een jas met twee flinke steekzakken. Hier kunt u uw handen mooi in kwijt als het buiten een gure dag is.<\/p>\n<p>Diese Jacke ist nicht nur perfekt designt, sondern passt auch sehr gut. Die Jacke besteht aus den besten Materialien und einer speziellen Methode, mit der sie sich in Bezug auf die Bewegung sehr angenehm auf Ihrem K\u00f6rper anf\u00fchlt und Sie auch bei extrem kaltem Wetter warm h\u00e4lt. Diese Jacke hat einen doppelten Rei\u00dfverschluss und zwei Seitentaschen. Hier k\u00f6nnen Sie Ihre H\u00e4nde sch\u00f6n hineinlegen, wenn es drau\u00dfen ein k\u00fchler Tag ist. Sie k\u00f6nnen diesen Damenmantel mit Pelzkragen Shamila bei uns in verschiedenen Farben bestellen und der Pelzkragen ist optional. Mit dem Kragen k\u00f6nnen Sie zwischen einem Kragen aus echtem Pelz oder einem Kragen aus Kunstpelz w\u00e4hlen, der nicht von einem Kragen aus echtem Pelz unterschieden werden kann.<\/p>\n<h3>Ein topjas von Versano<\/h3>\n<p>Met zo\u2019n mooie jas van Versano weet u zeker dat u er de hele winter patent bij loopt. Dit zijn mooie jassen die niet alleen perfect zijn ontworpen, maar die ook nog eens van de beste materialen zijn gemaakt. U bestelt dames jas met bontkraag shamila ecru eenvoudig via onze webshop van Versano. We hebben al onze jassen hier overzichtelijk voor u bij elkaar gezet, zodat u eenvoudig een bestelling kunt maken. Bij Versano bent u er altijd zeker van dat u een mooie jas koopt waar met zorg aan is gewerkt.<\/p>\n<p>Marke: <a title=\"versano\" href=\"https:\/\/versano.nl\" target=\"_blank\" rel=\"noopener noreferrer\">Versano<\/a><br \/>\nL\u00e4nge: kurz<br \/>\nFit: Normal<br \/>\nFutter: 100% Polyester<br \/>\nBelagdicke: 200 Gramm ausgekleideten dicke<br \/>\n\u00c4rmell\u00e4nge: lang\u00e4rmelige<br \/>\nHOOD ausgekleidete, Massiv<br \/>\nExtras: verst\u00e4rkte N\u00e4hte<br \/>\nSchlie\u00dfung: Rei\u00dfverschluss<br \/>\nS\u00e4cke Rei\u00dfverschluss Seitentaschen, Innen<br \/>\nFunktion: wasserdicht, winddicht<br \/>\nMaterialau\u00dfenschicht: 100% Polyester<br \/>\nZubeh\u00f6r: Pelzkragen (optional)<\/p>\n<p>Zeit: 2-4 Tage<\/p>\n<p><strong>OPTIONAL: REAL FUR COLLAR RACCOON RACCOON ART OF FUR<\/strong><\/p>","protected":false},"excerpt":{"rendered":"<h4><strong>W\u00c4HLEN SIE HIER EINE ANDERE FARBE<\/strong><\/h4>\n<p><span style=\"color: #ff0000;\"><strong><a href=\"https:\/\/versano.nl\/shop\/dames-winterjas-met-bontkraag-shamila-zwart-new-generation\/\"><img loading=\"lazy\" decoding=\"async\" class=\"alignnone size-full wp-image-26987\" src=\"https:\/\/versano.nl\/wp-content\/uploads\/sites\/2\/2021\/08\/dames-winterjas-myversano-shamila-new-zwart-voorkant-nw-thumb.jpg\" alt=\"\" width=\"56\" height=\"75\" srcset=\"https:\/\/versano.nl\/wp-content\/uploads\/2021\/08\/dames-winterjas-myversano-shamila-new-zwart-voorkant-nw-thumb.jpg 56w, https:\/\/versano.nl\/wp-content\/uploads\/2021\/08\/dames-winterjas-myversano-shamila-new-zwart-voorkant-nw-thumb-9x12.jpg 9w\" sizes=\"auto, (max-width: 56px) 100vw, 56px\" \/><\/a><\/strong><\/span><strong><span style=\"color: #ff0000;\"><a href=\"https:\/\/versano.nl\/shop\/dames-winterjas-met-bontkraag-shamila-groen-new-generation\/\"><img loading=\"lazy\" decoding=\"async\" class=\"alignnone size-full wp-image-26986\" src=\"https:\/\/versano.nl\/wp-content\/uploads\/sites\/2\/2021\/08\/dames-winterjas-myversano-shamila-new-groen-voorkant-nw-thumb.jpg\" alt=\"\" width=\"56\" height=\"75\" srcset=\"https:\/\/versano.nl\/wp-content\/uploads\/2021\/08\/dames-winterjas-myversano-shamila-new-groen-voorkant-nw-thumb.jpg 56w, https:\/\/versano.nl\/wp-content\/uploads\/2021\/08\/dames-winterjas-myversano-shamila-new-groen-voorkant-nw-thumb-9x12.jpg 9w\" sizes=\"auto, (max-width: 56px) 100vw, 56px\" \/><\/a><\/span><\/strong><\/p>\n<p>&nbsp;<\/p>\n<p><strong><span style=\"color: #ff0000;\">Passformberatung:<\/span> <\/strong><\/p>\n<p><span style=\"color: #ff0000;\">Getailleerde pasvorm, bekijk de maattabel voor de juiste maat.<\/span><\/p>\n<p><span style=\"color: #ff0000;\">Ons model is 1.70 m en weegt 62 kilo, ze draagt een Small.<\/span><\/p>\n<p>&nbsp;<\/p>\n<p>Wenn Sie sich bei Ihren Ma\u00dfen nicht sicher sind, empfehlen wir Ihnen, zuerst Ihre Gr\u00f6\u00dfenma\u00dfe zu messen und sie mit unserer Gr\u00f6\u00dfentabelle zu vergleichen. Wenn Sie keine Erfahrung mit der Messung von Umfangsgr\u00f6\u00dfen haben, klicken Sie auf\u00a0<a href=\"https:\/\/www.youtube.com\/watch?v=3ZSfY87v6pM\"><em>HIER<\/em>\u00a0<\/a>\u00a0zu\u00a0<a href=\"https:\/\/www.youtube.com\/watch?v=3ZSfY87v6pM\"><em>VIDEO<\/em><\/a>\u00a0\u00a0mit Anweisungen. Sie k\u00f6nnen uns auch direkt anrufen oder anrufen! Unsere Mitarbeiter stehen Ihnen jederzeit zur Verf\u00fcgung.<\/p>\n<p>Lieferzeit: 2 bis 3 Werktage.<\/p>\n<p><span style=\"color: #ff0000;\">WICHTIGE INFO<\/span> :<\/p>\n<p>Wij hebben een gedetailleerd pasvorm advies aangegeven in de product afbeeldingen. Bekijk dit voordat u een bestelling plaatst.<\/p>\n<p>Sie k\u00f6nnen jede Versano-Jacke mit oder ohne Pelzkragen kaufen, der Pelzkragen ist nicht im Lieferumfang enthalten.<\/p>","protected":false},"featured_media":30616,"comment_status":"closed","ping_status":"closed","template":"","meta":[],"product_brand":[],"product_cat":[1403,89,1012,1353,1145,1384,1389,1382,1383,1037,1038,882,1143,1144,1415,1041,1042,215,1404,1339],"product_tag":[540,630,631,632,153,106,628,629],"class_list":{"0":"post-29572","1":"product","2":"type-product","3":"status-publish","4":"has-post-thumbnail","6":"product_cat-bontkraag-jas","7":"product_cat-dames","8":"product_cat-dames-jas-met-bontkraag","9":"product_cat-dames-jas-met-pels","10":"product_cat-dames-winterjas","11":"product_cat-dames-winterjas-met-bontkraag","12":"product_cat-dames-winterjas-met-pels","13":"product_cat-dames-winterjassen","14":"product_cat-dames-winterjassen-met-bontkraag","15":"product_cat-jas-met-bontkraag","16":"product_cat-jas-met-bontkraag-dames","17":"product_cat-versano","18":"product_cat-winterjas","19":"product_cat-winterjas-dames","20":"product_cat-winterjas-dames-met-bontkraag","21":"product_cat-winterjas-met-bontkraag","22":"product_cat-winterjas-met-bontkraag-dames","23":"product_cat-dames-jassen-met-bontkraag","24":"product_cat-winterjassen","25":"product_cat-winterjassen-dames","26":"product_tag-dames-vest-met-pels","27":"product_tag-imitatieleren-dames-jas-groen","28":"product_tag-imitatieleren-jas-dames-groen","29":"product_tag-imitatieleren-jassen-groen","30":"product_tag-leren-heren-jas-cognac","31":"product_tag-winter-leren-jassen","32":"product_tag-zwarte-leren-jas","33":"product_tag-zwarte-leren-versano-jas","34":"product_shipping_class-verzendkosten-1","35":"tm-has-options","37":"first","38":"instock","39":"sale","40":"taxable","41":"shipping-taxable","42":"purchasable","43":"product-type-variable"},"yoast_head":"<!-- This site is optimized with the Yoast SEO plugin v27.2 - https:\/\/yoast.com\/product\/yoast-seo-wordpress\/ -->\n<title>Dames jas met bontkraag Shamila ecru new generation<\/title>\n<meta name=\"description\" content=\"Ben je op zoek naar een Dames jas met bontkraag Shamila ecru new generation, shop dan in de Versano webshop.\" \/>\n<meta name=\"robots\" content=\"index, follow, max-snippet:-1, max-image-preview:large, max-video-preview:-1\" \/>\n<link rel=\"canonical\" href=\"https:\/\/versano.nl\/de\/shop\/dames-winterjas-met-bontkraag-shamila-ecru-new-generation\/\" \/>\n<meta property=\"og:locale\" content=\"de_DE\" \/>\n<meta property=\"og:type\" content=\"article\" \/>\n<meta property=\"og:title\" content=\"Dames jas met bontkraag Shamila ecru new generation\" \/>\n<meta property=\"og:description\" content=\"Ben je op zoek naar een Dames jas met bontkraag Shamila ecru new generation, shop dan in de Versano webshop.\" \/>\n<meta property=\"og:url\" content=\"https:\/\/versano.nl\/de\/shop\/dames-winterjas-met-bontkraag-shamila-ecru-new-generation\/\" \/>\n<meta property=\"og:site_name\" content=\"Versano\" \/>\n<meta property=\"article:modified_time\" content=\"2026-03-06T15:03:50+00:00\" \/>\n<meta property=\"og:image\" content=\"https:\/\/versano.nl\/wp-content\/uploads\/2023\/09\/999.jpg\" \/>\n\t<meta property=\"og:image:width\" content=\"600\" \/>\n\t<meta property=\"og:image:height\" content=\"800\" \/>\n\t<meta property=\"og:image:type\" content=\"image\/jpeg\" \/>\n<meta name=\"twitter:card\" content=\"summary_large_image\" \/>\n<meta name=\"twitter:label1\" content=\"Gesch\u00e4tzte Lesezeit\" \/>\n\t<meta name=\"twitter:data1\" content=\"2\u00a0Minuten\" \/>\n<script type=\"application\/ld+json\" class=\"yoast-schema-graph\">{\"@context\":\"https:\/\/schema.org\",\"@graph\":[{\"@type\":\"WebPage\",\"@id\":\"https:\/\/versano.nl\/shop\/dames-winterjas-met-bontkraag-shamila-ecru-new-generation\/\",\"url\":\"https:\/\/versano.nl\/shop\/dames-winterjas-met-bontkraag-shamila-ecru-new-generation\/\",\"name\":\"Dames jas met bontkraag Shamila ecru new generation\",\"isPartOf\":{\"@id\":\"https:\/\/versano.nl\/#website\"},\"primaryImageOfPage\":{\"@id\":\"https:\/\/versano.nl\/shop\/dames-winterjas-met-bontkraag-shamila-ecru-new-generation\/#primaryimage\"},\"image\":{\"@id\":\"https:\/\/versano.nl\/shop\/dames-winterjas-met-bontkraag-shamila-ecru-new-generation\/#primaryimage\"},\"thumbnailUrl\":\"https:\/\/versano.nl\/wp-content\/uploads\/2023\/09\/999.jpg\",\"datePublished\":\"2023-09-22T11:14:12+00:00\",\"dateModified\":\"2026-03-06T15:03:50+00:00\",\"description\":\"Ben je op zoek naar een Dames jas met bontkraag Shamila ecru new generation, shop dan in de Versano webshop.\",\"breadcrumb\":{\"@id\":\"https:\/\/versano.nl\/shop\/dames-winterjas-met-bontkraag-shamila-ecru-new-generation\/#breadcrumb\"},\"inLanguage\":\"de\",\"potentialAction\":[{\"@type\":\"ReadAction\",\"target\":[\"https:\/\/versano.nl\/shop\/dames-winterjas-met-bontkraag-shamila-ecru-new-generation\/\"]}]},{\"@type\":\"ImageObject\",\"inLanguage\":\"de\",\"@id\":\"https:\/\/versano.nl\/shop\/dames-winterjas-met-bontkraag-shamila-ecru-new-generation\/#primaryimage\",\"url\":\"https:\/\/versano.nl\/wp-content\/uploads\/2023\/09\/999.jpg\",\"contentUrl\":\"https:\/\/versano.nl\/wp-content\/uploads\/2023\/09\/999.jpg\",\"width\":600,\"height\":800},{\"@type\":\"BreadcrumbList\",\"@id\":\"https:\/\/versano.nl\/shop\/dames-winterjas-met-bontkraag-shamila-ecru-new-generation\/#breadcrumb\",\"itemListElement\":[{\"@type\":\"ListItem\",\"position\":1,\"name\":\"Home\",\"item\":\"https:\/\/versano.nl\/\"},{\"@type\":\"ListItem\",\"position\":2,\"name\":\"Shop\",\"item\":\"https:\/\/versano.nl\/shop\/\"},{\"@type\":\"ListItem\",\"position\":3,\"name\":\"Dames jas met bontkraag Shamila ecru new generation\"}]},{\"@type\":\"WebSite\",\"@id\":\"https:\/\/versano.nl\/#website\",\"url\":\"https:\/\/versano.nl\/\",\"name\":\"Versano\",\"description\":\"winterjassen met bontkraag | leren dames jassen | leren heren jassen\",\"potentialAction\":[{\"@type\":\"SearchAction\",\"target\":{\"@type\":\"EntryPoint\",\"urlTemplate\":\"https:\/\/versano.nl\/?s={search_term_string}\"},\"query-input\":{\"@type\":\"PropertyValueSpecification\",\"valueRequired\":true,\"valueName\":\"search_term_string\"}}],\"inLanguage\":\"de\"}]}<\/script>\n<!-- \/ Yoast SEO plugin. -->","yoast_head_json":{"title":"Dames jas met bontkraag Shamila ecru new generation","description":"Ben je op zoek naar een Dames jas met bontkraag Shamila ecru new generation, shop dan in de Versano webshop.","robots":{"index":"index","follow":"follow","max-snippet":"max-snippet:-1","max-image-preview":"max-image-preview:large","max-video-preview":"max-video-preview:-1"},"canonical":"https:\/\/versano.nl\/de\/shop\/dames-winterjas-met-bontkraag-shamila-ecru-new-generation\/","og_locale":"de_DE","og_type":"article","og_title":"Dames jas met bontkraag Shamila ecru new generation","og_description":"Ben je op zoek naar een Dames jas met bontkraag Shamila ecru new generation, shop dan in de Versano webshop.","og_url":"https:\/\/versano.nl\/de\/shop\/dames-winterjas-met-bontkraag-shamila-ecru-new-generation\/","og_site_name":"Versano","article_modified_time":"2026-03-06T15:03:50+00:00","og_image":[{"width":600,"height":800,"url":"https:\/\/versano.nl\/wp-content\/uploads\/2023\/09\/999.jpg","type":"image\/jpeg"}],"twitter_card":"summary_large_image","twitter_misc":{"Gesch\u00e4tzte Lesezeit":"2\u00a0Minuten"},"schema":{"@context":"https:\/\/schema.org","@graph":[{"@type":"WebPage","@id":"https:\/\/versano.nl\/shop\/dames-winterjas-met-bontkraag-shamila-ecru-new-generation\/","url":"https:\/\/versano.nl\/shop\/dames-winterjas-met-bontkraag-shamila-ecru-new-generation\/","name":"Dames jas met bontkraag Shamila ecru new generation","isPartOf":{"@id":"https:\/\/versano.nl\/#website"},"primaryImageOfPage":{"@id":"https:\/\/versano.nl\/shop\/dames-winterjas-met-bontkraag-shamila-ecru-new-generation\/#primaryimage"},"image":{"@id":"https:\/\/versano.nl\/shop\/dames-winterjas-met-bontkraag-shamila-ecru-new-generation\/#primaryimage"},"thumbnailUrl":"https:\/\/versano.nl\/wp-content\/uploads\/2023\/09\/999.jpg","datePublished":"2023-09-22T11:14:12+00:00","dateModified":"2026-03-06T15:03:50+00:00","description":"Ben je op zoek naar een Dames jas met bontkraag Shamila ecru new generation, shop dan in de Versano webshop.","breadcrumb":{"@id":"https:\/\/versano.nl\/shop\/dames-winterjas-met-bontkraag-shamila-ecru-new-generation\/#breadcrumb"},"inLanguage":"de","potentialAction":[{"@type":"ReadAction","target":["https:\/\/versano.nl\/shop\/dames-winterjas-met-bontkraag-shamila-ecru-new-generation\/"]}]},{"@type":"ImageObject","inLanguage":"de","@id":"https:\/\/versano.nl\/shop\/dames-winterjas-met-bontkraag-shamila-ecru-new-generation\/#primaryimage","url":"https:\/\/versano.nl\/wp-content\/uploads\/2023\/09\/999.jpg","contentUrl":"https:\/\/versano.nl\/wp-content\/uploads\/2023\/09\/999.jpg","width":600,"height":800},{"@type":"BreadcrumbList","@id":"https:\/\/versano.nl\/shop\/dames-winterjas-met-bontkraag-shamila-ecru-new-generation\/#breadcrumb","itemListElement":[{"@type":"ListItem","position":1,"name":"Home","item":"https:\/\/versano.nl\/"},{"@type":"ListItem","position":2,"name":"Shop","item":"https:\/\/versano.nl\/shop\/"},{"@type":"ListItem","position":3,"name":"Dames jas met bontkraag Shamila ecru new generation"}]},{"@type":"WebSite","@id":"https:\/\/versano.nl\/#website","url":"https:\/\/versano.nl\/","name":"Versano","description":"Winterm\u00e4ntel mit Pelzkragen | Damen Lederjacken | Herren Lederjacken","potentialAction":[{"@type":"SearchAction","target":{"@type":"EntryPoint","urlTemplate":"https:\/\/versano.nl\/?s={search_term_string}"},"query-input":{"@type":"PropertyValueSpecification","valueRequired":true,"valueName":"search_term_string"}}],"inLanguage":"de"}]}},"_links":{"self":[{"href":"https:\/\/versano.nl\/de\/wp-json\/wp\/v2\/product\/29572","targetHints":{"allow":["GET"]}}],"collection":[{"href":"https:\/\/versano.nl\/de\/wp-json\/wp\/v2\/product"}],"about":[{"href":"https:\/\/versano.nl\/de\/wp-json\/wp\/v2\/types\/product"}],"replies":[{"embeddable":true,"href":"https:\/\/versano.nl\/de\/wp-json\/wp\/v2\/comments?post=29572"}],"wp:featuredmedia":[{"embeddable":true,"href":"https:\/\/versano.nl\/de\/wp-json\/wp\/v2\/media\/30616"}],"wp:attachment":[{"href":"https:\/\/versano.nl\/de\/wp-json\/wp\/v2\/media?parent=29572"}],"wp:term":[{"taxonomy":"product_brand","embeddable":true,"href":"https:\/\/versano.nl\/de\/wp-json\/wp\/v2\/product_brand?post=29572"},{"taxonomy":"product_cat","embeddable":true,"href":"https:\/\/versano.nl\/de\/wp-json\/wp\/v2\/product_cat?post=29572"},{"taxonomy":"product_tag","embeddable":true,"href":"https:\/\/versano.nl\/de\/wp-json\/wp\/v2\/product_tag?post=29572"}],"curies":[{"name":"wp","href":"https:\/\/api.w.org\/{rel}","templated":true}]}}