{"id":28365,"date":"2023-01-03T23:07:24","date_gmt":"2023-01-03T23:07:24","guid":{"rendered":"https:\/\/versano.nl\/?post_type=product&#038;p=28365"},"modified":"2026-04-05T10:33:24","modified_gmt":"2026-04-05T10:33:24","slug":"halflange-heren-mantel-jas-zwart-versano-johnson","status":"publish","type":"product","link":"https:\/\/versano.nl\/de\/shop\/halflange-heren-mantel-jas-zwart-versano-johnson\/","title":{"rendered":"Herrenmanteljacke schwarz Versano johnson"},"content":{"rendered":"<h2>Herrenmanteljacke schwarz Versano johnson<\/h2>\n<p>Suchen Sie zuf\u00e4llig einen sch\u00f6nen Herrenmantel in der Farbe Schwarz? Suchen Sie nicht weiter, denn bei der bekannten Jackenmarke Versano sind Sie genau richtig. Der Johnson ist der perfekte Herrenmantel, der Sie sch\u00f6n warm h\u00e4lt und den Sie in mehreren Jahreszeiten tragen k\u00f6nnen! Die Herren-Manteljacke Black Johnson der bekannten Jackenmarke Versano ist nicht nur stylisch, sondern hat auch eine sch\u00f6n taillierte Passform. Dieses neue Modell von Versano ist ein halblanges Modell mit Taschen, die sich auf H\u00fcfth\u00f6he befinden. Die Jacke schlie\u00dft mit einem Knopfverschluss. Es ist ein Modell der neuen Versano-Kollektion zu einem wettbewerbsf\u00e4higen Preis. Wir haben den Johnson auch in den Farben schwarz und camel zum Verkauf.<\/p>\n<h2>Ein Umhang mit sch\u00f6nem Design<\/h2>\n<p>Kennen Sie Versano schon? Die Marke Versano ist vor allem f\u00fcr die sch\u00f6nen und besonderen Modelle von Jacken mit ma\u00dfgeschneiderten italienischen Passformen bekannt, aber dies ist nicht nur ein Design, wir nennen es &quot;A STATE OF ART&quot;. Mit einem so sch\u00f6nen Mantel von Versano k\u00f6nnen Sie sicher sein, dass Sie ihn den ganzen Winter lang tragen werden. Das sind wundersch\u00f6ne Jacken, die nicht nur perfekt designt, sondern auch aus den besten Materialien gefertigt sind. Sie k\u00f6nnen die Herren-Manteljacke schwarz Versano Johnson ganz einfach \u00fcber unseren Versano-Webshop bestellen. Wir haben hier alle unsere Jacken f\u00fcr Sie zusammengestellt, damit Sie ganz einfach eine Bestellung aufgeben k\u00f6nnen. Bei Versano k\u00f6nnen Sie immer sicher sein, dass Sie eine sch\u00f6ne, sorgf\u00e4ltig verarbeitete Jacke kaufen, an der Sie viel Freude haben werden.<\/p>\n<p>&nbsp;<\/p>\n<p>Marke: Versan<br \/>\nL\u00e4nge: H\u00e4lfte<br \/>\nMaterial: 64% Polyester, 34% Viscon, 2% Lycra, Synthetik<br \/>\nPassform: schmale Passform<br \/>\nFutter: 100% Polyester<\/p>\n<p><strong>Extras<\/strong><br \/>\nVerschluss: Knopfverschluss<br \/>\nTaschen: Seitentaschen<br \/>\nFunktion: wasserabweisend, winddicht<\/p>","protected":false},"excerpt":{"rendered":"<p><span style=\"color: #ff0000;\"><strong>Fit Beratung:\u00a0<\/strong><\/span>Ma\u00dfgeschneiderte Passform, f\u00e4llt wie normale niederl\u00e4ndische Gr\u00f6\u00dfen aus. Unser Model ist 1,85 cm gro\u00df und tr\u00e4gt M.<\/p>\n<p>Wenn Sie sich bei Ihren Ma\u00dfen nicht sicher sind, empfehlen wir Ihnen, zuerst Ihre Gr\u00f6\u00dfenma\u00dfe zu messen und sie mit unserer Gr\u00f6\u00dfentabelle zu vergleichen. Wenn Sie keine Erfahrung mit der Messung von Umfangsgr\u00f6\u00dfen haben, klicken Sie auf <a href=\"https:\/\/www.youtube.com\/watch?v=3ZSfY87v6pM\"><em>HIER<\/em>\u00a0<\/a>\u00a0zu <span style=\"color: #ff0000;\"><a style=\"color: #ff0000;\" href=\"https:\/\/www.youtube.com\/watch?v=3ZSfY87v6pM\"><em>VIDEO<\/em><\/a>\u00a0<\/span> mit Anweisungen. Sie k\u00f6nnen uns auch direkt anrufen oder anrufen! Unsere Mitarbeiter stehen Ihnen jederzeit zur Verf\u00fcgung.<\/p>\n<p><strong><span style=\"color: #000000;\">LIEFERZEIT<\/span> :<\/strong> 2 bis 3 Werktage.<\/p>","protected":false},"featured_media":29778,"comment_status":"closed","ping_status":"closed","template":"","meta":[],"product_brand":[],"product_cat":[2212,2213,2215,2180,1547,2214],"product_tag":[2190,2192,2191],"class_list":{"0":"post-28365","1":"product","2":"type-product","3":"status-publish","4":"has-post-thumbnail","6":"product_cat-heren-manteljas","7":"product_cat-heren-wollen-jas","8":"product_cat-manteljas-heren","9":"product_cat-heren-mantel-jassen","10":"product_cat-winterjassen-heren","11":"product_cat-wollen-jas-heren","12":"product_tag-halflange-heren-mantel-zwart","13":"product_tag-heren-mantel-halflang-zwart","14":"product_tag-heren-manter","15":"product_shipping_class-verzendkosten-1","16":"tm-no-options","18":"first","19":"instock","20":"sale","21":"taxable","22":"shipping-taxable","23":"purchasable","24":"product-type-variable"},"yoast_head":"<!-- This site is optimized with the Yoast SEO plugin v27.2 - https:\/\/yoast.com\/product\/yoast-seo-wordpress\/ -->\n<title>Heren mantel jas zwart Versano johnson<\/title>\n<meta name=\"description\" content=\"Ben je op zoek naar een Heren mantel jas zwart Versano johnson? Dan ben je bij Versano aan het juiste adres.\" \/>\n<meta name=\"robots\" content=\"index, follow, max-snippet:-1, max-image-preview:large, max-video-preview:-1\" \/>\n<link rel=\"canonical\" href=\"https:\/\/versano.nl\/de\/shop\/halflange-heren-mantel-jas-zwart-versano-johnson\/\" \/>\n<meta property=\"og:locale\" content=\"de_DE\" \/>\n<meta property=\"og:type\" content=\"article\" \/>\n<meta property=\"og:title\" content=\"Heren mantel jas zwart Versano johnson\" \/>\n<meta property=\"og:description\" content=\"Ben je op zoek naar een Heren mantel jas zwart Versano johnson? Dan ben je bij Versano aan het juiste adres.\" \/>\n<meta property=\"og:url\" content=\"https:\/\/versano.nl\/de\/shop\/halflange-heren-mantel-jas-zwart-versano-johnson\/\" \/>\n<meta property=\"og:site_name\" content=\"Versano\" \/>\n<meta property=\"article:modified_time\" content=\"2026-04-05T10:33:24+00:00\" \/>\n<meta property=\"og:image\" content=\"https:\/\/versano.nl\/wp-content\/uploads\/2023\/01\/Manteljas-heren-Johnsen-6.jpg\" \/>\n\t<meta property=\"og:image:width\" content=\"600\" \/>\n\t<meta property=\"og:image:height\" content=\"800\" \/>\n\t<meta property=\"og:image:type\" content=\"image\/jpeg\" \/>\n<meta name=\"twitter:card\" content=\"summary_large_image\" \/>\n<meta name=\"twitter:label1\" content=\"Gesch\u00e4tzte Lesezeit\" \/>\n\t<meta name=\"twitter:data1\" content=\"2\u00a0Minuten\" \/>\n<script type=\"application\/ld+json\" class=\"yoast-schema-graph\">{\"@context\":\"https:\/\/schema.org\",\"@graph\":[{\"@type\":\"WebPage\",\"@id\":\"https:\/\/versano.nl\/shop\/halflange-heren-mantel-jas-zwart-versano-johnson\/\",\"url\":\"https:\/\/versano.nl\/shop\/halflange-heren-mantel-jas-zwart-versano-johnson\/\",\"name\":\"Heren mantel jas zwart Versano johnson\",\"isPartOf\":{\"@id\":\"https:\/\/versano.nl\/#website\"},\"primaryImageOfPage\":{\"@id\":\"https:\/\/versano.nl\/shop\/halflange-heren-mantel-jas-zwart-versano-johnson\/#primaryimage\"},\"image\":{\"@id\":\"https:\/\/versano.nl\/shop\/halflange-heren-mantel-jas-zwart-versano-johnson\/#primaryimage\"},\"thumbnailUrl\":\"https:\/\/versano.nl\/wp-content\/uploads\/2023\/01\/Manteljas-heren-Johnsen-6.jpg\",\"datePublished\":\"2023-01-03T23:07:24+00:00\",\"dateModified\":\"2026-04-05T10:33:24+00:00\",\"description\":\"Ben je op zoek naar een Heren mantel jas zwart Versano johnson? Dan ben je bij Versano aan het juiste adres.\",\"breadcrumb\":{\"@id\":\"https:\/\/versano.nl\/shop\/halflange-heren-mantel-jas-zwart-versano-johnson\/#breadcrumb\"},\"inLanguage\":\"de\",\"potentialAction\":[{\"@type\":\"ReadAction\",\"target\":[\"https:\/\/versano.nl\/shop\/halflange-heren-mantel-jas-zwart-versano-johnson\/\"]}]},{\"@type\":\"ImageObject\",\"inLanguage\":\"de\",\"@id\":\"https:\/\/versano.nl\/shop\/halflange-heren-mantel-jas-zwart-versano-johnson\/#primaryimage\",\"url\":\"https:\/\/versano.nl\/wp-content\/uploads\/2023\/01\/Manteljas-heren-Johnsen-6.jpg\",\"contentUrl\":\"https:\/\/versano.nl\/wp-content\/uploads\/2023\/01\/Manteljas-heren-Johnsen-6.jpg\",\"width\":600,\"height\":800,\"caption\":\"Heren mantel jas zwart Versano johnson\"},{\"@type\":\"BreadcrumbList\",\"@id\":\"https:\/\/versano.nl\/shop\/halflange-heren-mantel-jas-zwart-versano-johnson\/#breadcrumb\",\"itemListElement\":[{\"@type\":\"ListItem\",\"position\":1,\"name\":\"Home\",\"item\":\"https:\/\/versano.nl\/\"},{\"@type\":\"ListItem\",\"position\":2,\"name\":\"Shop\",\"item\":\"https:\/\/versano.nl\/shop\/\"},{\"@type\":\"ListItem\",\"position\":3,\"name\":\"Heren mantel jas zwart Versano johnson\"}]},{\"@type\":\"WebSite\",\"@id\":\"https:\/\/versano.nl\/#website\",\"url\":\"https:\/\/versano.nl\/\",\"name\":\"Versano\",\"description\":\"winterjassen met bontkraag | leren dames jassen | leren heren jassen\",\"potentialAction\":[{\"@type\":\"SearchAction\",\"target\":{\"@type\":\"EntryPoint\",\"urlTemplate\":\"https:\/\/versano.nl\/?s={search_term_string}\"},\"query-input\":{\"@type\":\"PropertyValueSpecification\",\"valueRequired\":true,\"valueName\":\"search_term_string\"}}],\"inLanguage\":\"de\"}]}<\/script>\n<!-- \/ Yoast SEO plugin. -->","yoast_head_json":{"title":"Herrenmanteljacke schwarz Versano johnson","description":"Suchen Sie eine Herrenmanteljacke schwarz Versano johnson? Dann sind Sie bei Versano genau richtig.","robots":{"index":"index","follow":"follow","max-snippet":"max-snippet:-1","max-image-preview":"max-image-preview:large","max-video-preview":"max-video-preview:-1"},"canonical":"https:\/\/versano.nl\/de\/shop\/halflange-heren-mantel-jas-zwart-versano-johnson\/","og_locale":"de_DE","og_type":"article","og_title":"Heren mantel jas zwart Versano johnson","og_description":"Ben je op zoek naar een Heren mantel jas zwart Versano johnson? Dan ben je bij Versano aan het juiste adres.","og_url":"https:\/\/versano.nl\/de\/shop\/halflange-heren-mantel-jas-zwart-versano-johnson\/","og_site_name":"Versano","article_modified_time":"2026-04-05T10:33:24+00:00","og_image":[{"width":600,"height":800,"url":"https:\/\/versano.nl\/wp-content\/uploads\/2023\/01\/Manteljas-heren-Johnsen-6.jpg","type":"image\/jpeg"}],"twitter_card":"summary_large_image","twitter_misc":{"Gesch\u00e4tzte Lesezeit":"2\u00a0Minuten"},"schema":{"@context":"https:\/\/schema.org","@graph":[{"@type":"WebPage","@id":"https:\/\/versano.nl\/shop\/halflange-heren-mantel-jas-zwart-versano-johnson\/","url":"https:\/\/versano.nl\/shop\/halflange-heren-mantel-jas-zwart-versano-johnson\/","name":"Herrenmanteljacke schwarz Versano johnson","isPartOf":{"@id":"https:\/\/versano.nl\/#website"},"primaryImageOfPage":{"@id":"https:\/\/versano.nl\/shop\/halflange-heren-mantel-jas-zwart-versano-johnson\/#primaryimage"},"image":{"@id":"https:\/\/versano.nl\/shop\/halflange-heren-mantel-jas-zwart-versano-johnson\/#primaryimage"},"thumbnailUrl":"https:\/\/versano.nl\/wp-content\/uploads\/2023\/01\/Manteljas-heren-Johnsen-6.jpg","datePublished":"2023-01-03T23:07:24+00:00","dateModified":"2026-04-05T10:33:24+00:00","description":"Suchen Sie eine Herrenmanteljacke schwarz Versano johnson? Dann sind Sie bei Versano genau richtig.","breadcrumb":{"@id":"https:\/\/versano.nl\/shop\/halflange-heren-mantel-jas-zwart-versano-johnson\/#breadcrumb"},"inLanguage":"de","potentialAction":[{"@type":"ReadAction","target":["https:\/\/versano.nl\/shop\/halflange-heren-mantel-jas-zwart-versano-johnson\/"]}]},{"@type":"ImageObject","inLanguage":"de","@id":"https:\/\/versano.nl\/shop\/halflange-heren-mantel-jas-zwart-versano-johnson\/#primaryimage","url":"https:\/\/versano.nl\/wp-content\/uploads\/2023\/01\/Manteljas-heren-Johnsen-6.jpg","contentUrl":"https:\/\/versano.nl\/wp-content\/uploads\/2023\/01\/Manteljas-heren-Johnsen-6.jpg","width":600,"height":800,"caption":"Heren mantel jas zwart Versano johnson"},{"@type":"BreadcrumbList","@id":"https:\/\/versano.nl\/shop\/halflange-heren-mantel-jas-zwart-versano-johnson\/#breadcrumb","itemListElement":[{"@type":"ListItem","position":1,"name":"Home","item":"https:\/\/versano.nl\/"},{"@type":"ListItem","position":2,"name":"Shop","item":"https:\/\/versano.nl\/shop\/"},{"@type":"ListItem","position":3,"name":"Heren mantel jas zwart Versano johnson"}]},{"@type":"WebSite","@id":"https:\/\/versano.nl\/#website","url":"https:\/\/versano.nl\/","name":"Versano","description":"Winterm\u00e4ntel mit Pelzkragen | Damen Lederjacken | Herren Lederjacken","potentialAction":[{"@type":"SearchAction","target":{"@type":"EntryPoint","urlTemplate":"https:\/\/versano.nl\/?s={search_term_string}"},"query-input":{"@type":"PropertyValueSpecification","valueRequired":true,"valueName":"search_term_string"}}],"inLanguage":"de"}]}},"_links":{"self":[{"href":"https:\/\/versano.nl\/de\/wp-json\/wp\/v2\/product\/28365","targetHints":{"allow":["GET"]}}],"collection":[{"href":"https:\/\/versano.nl\/de\/wp-json\/wp\/v2\/product"}],"about":[{"href":"https:\/\/versano.nl\/de\/wp-json\/wp\/v2\/types\/product"}],"replies":[{"embeddable":true,"href":"https:\/\/versano.nl\/de\/wp-json\/wp\/v2\/comments?post=28365"}],"wp:featuredmedia":[{"embeddable":true,"href":"https:\/\/versano.nl\/de\/wp-json\/wp\/v2\/media\/29778"}],"wp:attachment":[{"href":"https:\/\/versano.nl\/de\/wp-json\/wp\/v2\/media?parent=28365"}],"wp:term":[{"taxonomy":"product_brand","embeddable":true,"href":"https:\/\/versano.nl\/de\/wp-json\/wp\/v2\/product_brand?post=28365"},{"taxonomy":"product_cat","embeddable":true,"href":"https:\/\/versano.nl\/de\/wp-json\/wp\/v2\/product_cat?post=28365"},{"taxonomy":"product_tag","embeddable":true,"href":"https:\/\/versano.nl\/de\/wp-json\/wp\/v2\/product_tag?post=28365"}],"curies":[{"name":"wp","href":"https:\/\/api.w.org\/{rel}","templated":true}]}}