{"id":26900,"date":"2022-10-09T10:42:18","date_gmt":"2022-10-09T10:42:18","guid":{"rendered":"https:\/\/versano.nl\/shop\/oversized-lange-dames-winterjas-chloe-zwart-versano-2\/"},"modified":"2026-03-06T15:06:04","modified_gmt":"2026-03-06T15:06:04","slug":"oversized-lange-dames-winterjas-chloe-zwart-versano","status":"publish","type":"product","link":"https:\/\/versano.nl\/de\/shop\/oversized-lange-dames-winterjas-chloe-zwart-versano\/","title":{"rendered":"\u00dcbergro\u00dfer langer Damen Wintermantel Chloe schwarz Versano"},"content":{"rendered":"<h2>\u00dcbergro\u00dfer langer Damen Wintermantel Chloe schwarz Versano<\/h2>\n<p>Deze Lange dames winterjas van het model Chloe zwart is een nieuw model van Versano. Bent u op zoek naar een lange oversized winterjas die er elegante uitziet maar ook een relax pasvorm heeft? Dan is dit model de juiste keuze voor jou. De jas heeft 2 rechte steekzakken in de zij, net als 2 ritsen onderin en is gemaakt van kwalitatief materiaal. De Oversized lange dames winterjas Chloe zwart Versano is een nieuw model van onze wintercollectie die voor alle leeftijden geschikt is. Wij raden wij u aan om de omvangsmaten te vergelijken met onze maattabel. Heeft u geen ervaring met het opmeten van uw omvangsmaten? Dan kunt u ons direct bellen of appen! Onze medewerkers staan altijd voor u klaar om te helpen.<\/p>\n<h2>Versano oversized winterjassen<\/h2>\n<p>Dames winterjassen van Versano zijn erg populair door hun pasvormen en hun Italiaanse ontwerp. U zult altijd veel aandacht trekken met elke winterjas die u van Versano kiest. Met zo\u2019n mooie jas weet u zeker dat u er de hele winter patent bij loopt. U bestelt deze Lange dames winterjas Chloe Versano eenvoudig in de webshop van Versano.\u00a0 We hebben al onze jassen hier overzichtelijk voor u bij elkaar gezet zodat u eenvoudig een bestelling kunt maken. Bij Versano bent u er altijd zeker van dat u een mooie jas koopt waar met zorg aan is gewerkt. . U kunt dit model bij ons bestellen in verschillende kleuren en de bontkraag is optioneel. Bij de kraag heeft u de keuze uit een kraag van echt bont, of een imitatie bontkraag die niet van echt bontkraag te onderscheiden is.<\/p>\n<p>Marke:\u00a0<a title=\"versano\" href=\"https:\/\/versano.nl\/\" target=\"_blank\" rel=\"noopener\">Versano<\/a><br \/>\nL\u00e4nge: lang<br \/>\npasvorm: oversized relax<br \/>\nliner: 100% Polyester<br \/>\nAuskleiden Dicke: 200 Gramm ausgekleideten dicke<br \/>\n\u00c4rmell\u00e4nge: Lange \u00c4rmel<br \/>\nHOOD ausgekleidete, Massiv<br \/>\nExtras: verst\u00e4rkte N\u00e4hte<br \/>\nSchlie\u00dfen: Full Zip<br \/>\nS\u00e4cke Rei\u00dfverschluss Seitentaschen, Innen<br \/>\nFunktion: wasserdicht, winddicht<br \/>\nMaterial Materialau\u00dfenschicht: 100% Polyester<br \/>\nZubeh\u00f6r: Pelzkragen (optional)<\/p>\n<p>Lieferzeit: 2-3 Werktage<\/p>\n<p>&nbsp;<\/p>","protected":false},"excerpt":{"rendered":"<p style=\"text-align: left;\"><strong><span style=\"color: #ff0000;\">Fit Beratung: <\/span><\/strong><\/p>\n<p style=\"text-align: left;\"><span style=\"color: #ff0000;\">Deze jas heeft een relax pasvorm, geschikt voor alle leeftijden.<\/span><\/p>\n<p style=\"text-align: left;\"><span style=\"color: #ff0000;\"> Ons model is 1.7o m en weegt 62 kilo, ze draagt een maat XS.<\/span><\/p>\n<p style=\"text-align: left;\">Wenn Sie sich bei Ihren Ma\u00dfen nicht sicher sind, empfehlen wir Ihnen, zuerst Ihre Gr\u00f6\u00dfenma\u00dfe zu messen und sie mit unserer Gr\u00f6\u00dfentabelle zu vergleichen. Wenn Sie keine Erfahrung mit der Messung von Umfangsgr\u00f6\u00dfen haben, klicken Sie auf\u00a0<a href=\"https:\/\/www.youtube.com\/watch?v=3ZSfY87v6pM\"><em>HIER<\/em>\u00a0<\/a>\u00a0zu\u00a0<span style=\"color: #ff0000;\"><a style=\"color: #ff0000;\" href=\"https:\/\/www.youtube.com\/watch?v=3ZSfY87v6pM\"><em>VIDEO<\/em><\/a><\/span>\u00a0 mit Anweisungen. Sie k\u00f6nnen uns auch direkt anrufen oder anrufen! Unsere Mitarbeiter stehen Ihnen jederzeit zur Verf\u00fcgung.<\/p>\n<p><strong>LIEFERZEIT:<\/strong> 2 bis 3 Werktage.<\/p>\n<p style=\"text-align: left;\"><span style=\"color: #ff0000;\">WICHTIGE INFO:<\/span> Sie k\u00f6nnen jede Versano-Jacke mit oder ohne Pelzkragen kaufen, der Pelzkragen ist nicht im Lieferumfang enthalten.<\/p>","protected":false},"featured_media":26901,"comment_status":"open","ping_status":"closed","template":"","meta":[],"product_brand":[],"product_cat":[1403,1012,1353,1145,1384,1389,1382,1383,1037,1038,1430,882,1143,1144,1415,1041,1042,215,1404,1339],"product_tag":[2150,2148,1214,2149,1374,1375,2147],"class_list":{"0":"post-26900","1":"product","2":"type-product","3":"status-publish","4":"has-post-thumbnail","6":"product_cat-bontkraag-jas","7":"product_cat-dames-jas-met-bontkraag","8":"product_cat-dames-jas-met-pels","9":"product_cat-dames-winterjas","10":"product_cat-dames-winterjas-met-bontkraag","11":"product_cat-dames-winterjas-met-pels","12":"product_cat-dames-winterjassen","13":"product_cat-dames-winterjassen-met-bontkraag","14":"product_cat-jas-met-bontkraag","15":"product_cat-jas-met-bontkraag-dames","16":"product_cat-lange-winterjas-dames","17":"product_cat-versano","18":"product_cat-winterjas","19":"product_cat-winterjas-dames","20":"product_cat-winterjas-dames-met-bontkraag","21":"product_cat-winterjas-met-bontkraag","22":"product_cat-winterjas-met-bontkraag-dames","23":"product_cat-dames-jassen-met-bontkraag","24":"product_cat-winterjassen","25":"product_cat-winterjassen-dames","26":"product_tag-dames-oversized-winterjas-zwart","27":"product_tag-lange-oversized-dames-winterjas","28":"product_tag-lange-winterjassen-dames","29":"product_tag-oversized-dames-winterjas-zwart","30":"product_tag-versano-winterjas","31":"product_tag-versano-winterjassen-dames","32":"product_tag-zwarte-oversized-dames-winterjas","33":"tm-has-options","35":"first","36":"instock","37":"sale","38":"taxable","39":"shipping-taxable","40":"purchasable","41":"product-type-variable"},"yoast_head":"<!-- This site is optimized with the Yoast SEO plugin v27.2 - https:\/\/yoast.com\/product\/yoast-seo-wordpress\/ -->\n<title>Lange Oversized lange dames winterjas Chloe zwart Versano<\/title>\n<meta name=\"description\" content=\"Bent u op zoek naar een Lange dames winterjas groen Alexa Versano, dan bent u bij ons aan het juiste adres voor lange groene winterjassen.\" \/>\n<meta name=\"robots\" content=\"index, follow, max-snippet:-1, max-image-preview:large, max-video-preview:-1\" \/>\n<link rel=\"canonical\" href=\"https:\/\/versano.nl\/de\/shop\/oversized-lange-dames-winterjas-chloe-zwart-versano\/\" \/>\n<meta property=\"og:locale\" content=\"de_DE\" \/>\n<meta property=\"og:type\" content=\"article\" \/>\n<meta property=\"og:title\" content=\"Lange Oversized lange dames winterjas Chloe zwart Versano\" \/>\n<meta property=\"og:description\" content=\"Bent u op zoek naar een Lange dames winterjas groen Alexa Versano, dan bent u bij ons aan het juiste adres voor lange groene winterjassen.\" \/>\n<meta property=\"og:url\" content=\"https:\/\/versano.nl\/de\/shop\/oversized-lange-dames-winterjas-chloe-zwart-versano\/\" \/>\n<meta property=\"og:site_name\" content=\"Versano\" \/>\n<meta property=\"article:modified_time\" content=\"2026-03-06T15:06:04+00:00\" \/>\n<meta property=\"og:image\" content=\"https:\/\/versano.nl\/wp-content\/uploads\/2022\/10\/oversized-dames-winterjas-versano-zwart-Chloe-1.jpg\" \/>\n\t<meta property=\"og:image:width\" content=\"900\" \/>\n\t<meta property=\"og:image:height\" content=\"1200\" \/>\n\t<meta property=\"og:image:type\" content=\"image\/jpeg\" \/>\n<meta name=\"twitter:card\" content=\"summary_large_image\" \/>\n<meta name=\"twitter:label1\" content=\"Gesch\u00e4tzte Lesezeit\" \/>\n\t<meta name=\"twitter:data1\" content=\"2\u00a0Minuten\" \/>\n<script type=\"application\/ld+json\" class=\"yoast-schema-graph\">{\"@context\":\"https:\/\/schema.org\",\"@graph\":[{\"@type\":\"WebPage\",\"@id\":\"https:\/\/versano.nl\/shop\/oversized-lange-dames-winterjas-chloe-zwart-versano\/\",\"url\":\"https:\/\/versano.nl\/shop\/oversized-lange-dames-winterjas-chloe-zwart-versano\/\",\"name\":\"Lange Oversized lange dames winterjas Chloe zwart Versano\",\"isPartOf\":{\"@id\":\"https:\/\/versano.nl\/#website\"},\"primaryImageOfPage\":{\"@id\":\"https:\/\/versano.nl\/shop\/oversized-lange-dames-winterjas-chloe-zwart-versano\/#primaryimage\"},\"image\":{\"@id\":\"https:\/\/versano.nl\/shop\/oversized-lange-dames-winterjas-chloe-zwart-versano\/#primaryimage\"},\"thumbnailUrl\":\"https:\/\/versano.nl\/wp-content\/uploads\/2022\/10\/oversized-dames-winterjas-versano-zwart-Chloe-1.jpg\",\"datePublished\":\"2022-10-09T10:42:18+00:00\",\"dateModified\":\"2026-03-06T15:06:04+00:00\",\"description\":\"Bent u op zoek naar een Lange dames winterjas groen Alexa Versano, dan bent u bij ons aan het juiste adres voor lange groene winterjassen.\",\"breadcrumb\":{\"@id\":\"https:\/\/versano.nl\/shop\/oversized-lange-dames-winterjas-chloe-zwart-versano\/#breadcrumb\"},\"inLanguage\":\"de\",\"potentialAction\":[{\"@type\":\"ReadAction\",\"target\":[\"https:\/\/versano.nl\/shop\/oversized-lange-dames-winterjas-chloe-zwart-versano\/\"]}]},{\"@type\":\"ImageObject\",\"inLanguage\":\"de\",\"@id\":\"https:\/\/versano.nl\/shop\/oversized-lange-dames-winterjas-chloe-zwart-versano\/#primaryimage\",\"url\":\"https:\/\/versano.nl\/wp-content\/uploads\/2022\/10\/oversized-dames-winterjas-versano-zwart-Chloe-1.jpg\",\"contentUrl\":\"https:\/\/versano.nl\/wp-content\/uploads\/2022\/10\/oversized-dames-winterjas-versano-zwart-Chloe-1.jpg\",\"width\":900,\"height\":1200,\"caption\":\"oversized-dames-winterjas-versano-zwart-Chloe\"},{\"@type\":\"BreadcrumbList\",\"@id\":\"https:\/\/versano.nl\/shop\/oversized-lange-dames-winterjas-chloe-zwart-versano\/#breadcrumb\",\"itemListElement\":[{\"@type\":\"ListItem\",\"position\":1,\"name\":\"Home\",\"item\":\"https:\/\/versano.nl\/\"},{\"@type\":\"ListItem\",\"position\":2,\"name\":\"Shop\",\"item\":\"https:\/\/versano.nl\/shop\/\"},{\"@type\":\"ListItem\",\"position\":3,\"name\":\"Oversized lange dames winterjas Chloe zwart Versano\"}]},{\"@type\":\"WebSite\",\"@id\":\"https:\/\/versano.nl\/#website\",\"url\":\"https:\/\/versano.nl\/\",\"name\":\"Versano\",\"description\":\"winterjassen met bontkraag | leren dames jassen | leren heren jassen\",\"potentialAction\":[{\"@type\":\"SearchAction\",\"target\":{\"@type\":\"EntryPoint\",\"urlTemplate\":\"https:\/\/versano.nl\/?s={search_term_string}\"},\"query-input\":{\"@type\":\"PropertyValueSpecification\",\"valueRequired\":true,\"valueName\":\"search_term_string\"}}],\"inLanguage\":\"de\"}]}<\/script>\n<!-- \/ Yoast SEO plugin. -->","yoast_head_json":{"title":"Lange Oversized lange dames winterjas Chloe zwart Versano","description":"Bent u op zoek naar een Lange dames winterjas groen Alexa Versano, dan bent u bij ons aan het juiste adres voor lange groene winterjassen.","robots":{"index":"index","follow":"follow","max-snippet":"max-snippet:-1","max-image-preview":"max-image-preview:large","max-video-preview":"max-video-preview:-1"},"canonical":"https:\/\/versano.nl\/de\/shop\/oversized-lange-dames-winterjas-chloe-zwart-versano\/","og_locale":"de_DE","og_type":"article","og_title":"Lange Oversized lange dames winterjas Chloe zwart Versano","og_description":"Bent u op zoek naar een Lange dames winterjas groen Alexa Versano, dan bent u bij ons aan het juiste adres voor lange groene winterjassen.","og_url":"https:\/\/versano.nl\/de\/shop\/oversized-lange-dames-winterjas-chloe-zwart-versano\/","og_site_name":"Versano","article_modified_time":"2026-03-06T15:06:04+00:00","og_image":[{"width":900,"height":1200,"url":"https:\/\/versano.nl\/wp-content\/uploads\/2022\/10\/oversized-dames-winterjas-versano-zwart-Chloe-1.jpg","type":"image\/jpeg"}],"twitter_card":"summary_large_image","twitter_misc":{"Gesch\u00e4tzte Lesezeit":"2\u00a0Minuten"},"schema":{"@context":"https:\/\/schema.org","@graph":[{"@type":"WebPage","@id":"https:\/\/versano.nl\/shop\/oversized-lange-dames-winterjas-chloe-zwart-versano\/","url":"https:\/\/versano.nl\/shop\/oversized-lange-dames-winterjas-chloe-zwart-versano\/","name":"Lange Oversized lange dames winterjas Chloe zwart Versano","isPartOf":{"@id":"https:\/\/versano.nl\/#website"},"primaryImageOfPage":{"@id":"https:\/\/versano.nl\/shop\/oversized-lange-dames-winterjas-chloe-zwart-versano\/#primaryimage"},"image":{"@id":"https:\/\/versano.nl\/shop\/oversized-lange-dames-winterjas-chloe-zwart-versano\/#primaryimage"},"thumbnailUrl":"https:\/\/versano.nl\/wp-content\/uploads\/2022\/10\/oversized-dames-winterjas-versano-zwart-Chloe-1.jpg","datePublished":"2022-10-09T10:42:18+00:00","dateModified":"2026-03-06T15:06:04+00:00","description":"Bent u op zoek naar een Lange dames winterjas groen Alexa Versano, dan bent u bij ons aan het juiste adres voor lange groene winterjassen.","breadcrumb":{"@id":"https:\/\/versano.nl\/shop\/oversized-lange-dames-winterjas-chloe-zwart-versano\/#breadcrumb"},"inLanguage":"de","potentialAction":[{"@type":"ReadAction","target":["https:\/\/versano.nl\/shop\/oversized-lange-dames-winterjas-chloe-zwart-versano\/"]}]},{"@type":"ImageObject","inLanguage":"de","@id":"https:\/\/versano.nl\/shop\/oversized-lange-dames-winterjas-chloe-zwart-versano\/#primaryimage","url":"https:\/\/versano.nl\/wp-content\/uploads\/2022\/10\/oversized-dames-winterjas-versano-zwart-Chloe-1.jpg","contentUrl":"https:\/\/versano.nl\/wp-content\/uploads\/2022\/10\/oversized-dames-winterjas-versano-zwart-Chloe-1.jpg","width":900,"height":1200,"caption":"oversized-dames-winterjas-versano-zwart-Chloe"},{"@type":"BreadcrumbList","@id":"https:\/\/versano.nl\/shop\/oversized-lange-dames-winterjas-chloe-zwart-versano\/#breadcrumb","itemListElement":[{"@type":"ListItem","position":1,"name":"Home","item":"https:\/\/versano.nl\/"},{"@type":"ListItem","position":2,"name":"Shop","item":"https:\/\/versano.nl\/shop\/"},{"@type":"ListItem","position":3,"name":"Oversized lange dames winterjas Chloe zwart Versano"}]},{"@type":"WebSite","@id":"https:\/\/versano.nl\/#website","url":"https:\/\/versano.nl\/","name":"Versano","description":"Winterm\u00e4ntel mit Pelzkragen | Damen Lederjacken | Herren Lederjacken","potentialAction":[{"@type":"SearchAction","target":{"@type":"EntryPoint","urlTemplate":"https:\/\/versano.nl\/?s={search_term_string}"},"query-input":{"@type":"PropertyValueSpecification","valueRequired":true,"valueName":"search_term_string"}}],"inLanguage":"de"}]}},"_links":{"self":[{"href":"https:\/\/versano.nl\/de\/wp-json\/wp\/v2\/product\/26900","targetHints":{"allow":["GET"]}}],"collection":[{"href":"https:\/\/versano.nl\/de\/wp-json\/wp\/v2\/product"}],"about":[{"href":"https:\/\/versano.nl\/de\/wp-json\/wp\/v2\/types\/product"}],"replies":[{"embeddable":true,"href":"https:\/\/versano.nl\/de\/wp-json\/wp\/v2\/comments?post=26900"}],"wp:featuredmedia":[{"embeddable":true,"href":"https:\/\/versano.nl\/de\/wp-json\/wp\/v2\/media\/26901"}],"wp:attachment":[{"href":"https:\/\/versano.nl\/de\/wp-json\/wp\/v2\/media?parent=26900"}],"wp:term":[{"taxonomy":"product_brand","embeddable":true,"href":"https:\/\/versano.nl\/de\/wp-json\/wp\/v2\/product_brand?post=26900"},{"taxonomy":"product_cat","embeddable":true,"href":"https:\/\/versano.nl\/de\/wp-json\/wp\/v2\/product_cat?post=26900"},{"taxonomy":"product_tag","embeddable":true,"href":"https:\/\/versano.nl\/de\/wp-json\/wp\/v2\/product_tag?post=26900"}],"curies":[{"name":"wp","href":"https:\/\/api.w.org\/{rel}","templated":true}]}}