{"id":26618,"date":"2022-09-26T20:52:15","date_gmt":"2022-09-26T20:52:15","guid":{"rendered":"https:\/\/versano.nl\/?post_type=product&#038;p=26618"},"modified":"2025-11-05T12:05:54","modified_gmt":"2025-11-05T12:05:54","slug":"heren-parka-winterjas-thomas-n-versano-blauw","status":"publish","type":"product","link":"https:\/\/versano.nl\/de\/shop\/heren-parka-winterjas-thomas-n-versano-blauw\/","title":{"rendered":"Herren Parka Winterjacke Thomas N Versano blau"},"content":{"rendered":"<h2>Herren Parka Winterjacke Thomas N Versano blau<\/h2>\n<p><span style=\"font-size: 11.0pt; font-family: 'Arial',sans-serif;\">Deze heren winterjas van Versano heeft een mooie slim fit pasvorm en is heerlijk warm gevoerd. De jas heeft een capuchon met drukknoppen waarop de bontkraag kan worden bevestigd, je kunt deze heren parka winterjas Thomas N Versano blauw uiteraard ook zonder bontkraag bestellen\/dragen. Verder heeft de jas een dubbele sluiting bestaande uit een rits en magneet knoopsluiting die doorloopt tot in de hoge kraag. Deze winterjas beschikt over 2 steekzakken met ritssluiting en een zakje op de borst met ritssluiting. Alle buitenzakjes zijn gemaakt van fleece om de handen lekker warm te houden en ook aan de binnenkant is de jas voorzien van 2 diepe zakken. Dit is een jas waarmee je zeker weet dat je ervan gaat genieten wanneer je ermee het gure weer in gaat. Hij houdt je dan ook goed warm en is dusdanig mooi ontworpen dat je er zeker de aandacht mee zult trekken.<\/span><\/p>\n<h2><span style=\"font-size: 14.0pt; font-family: 'Arial',sans-serif;\">Model Thomas N in het blauw bestellen<\/span><\/h2>\n<p><span style=\"font-size: 11.0pt; font-family: 'Arial',sans-serif;\">Mit einer so sch\u00f6nen Jacke von Versano k\u00f6nnen Sie sicher sein, dass Sie sie den ganzen Winter \u00fcber tragen k\u00f6nnen. Dieses Modell k\u00f6nnen Sie ganz einfach im Versano Webshop bestellen. Hier haben wir alle unsere Jacken f\u00fcr Sie zusammengestellt, damit Sie ganz einfach eine Bestellung aufgeben k\u00f6nnen. Bei Versano k\u00f6nnen Sie sich immer sicher sein, einen sch\u00f6nen und sorgf\u00e4ltig verarbeiteten Mantel zu kaufen. Bei uns k\u00f6nnen Sie ganz einfach die richtige Gr\u00f6\u00dfe anhand unserer smarten Anleitungsvideos ausw\u00e4hlen. Haben Sie Fragen oder sind Sie sich nicht sicher, welche Gr\u00f6\u00dfe Sie bestellen sollen? Dann k\u00f6nnen Sie uns jederzeit per Mail oder WhatsApp kontaktieren. Unsere Mitarbeiter m\u00f6chten Ihnen helfen!<\/span><\/p>\n<p><span style=\"font-family: 'Arial',sans-serif;\">Marke:<a title=\"versano\" href=\"https:\/\/versano.nl\" target=\"_blank\" rel=\"noopener noreferrer\"> Versano<\/a><br \/>\nL\u00e4nge: H\u00e4lfte<br \/>\nPassform: Dutch Slim Fit<br \/>\nFutter: 100% Polyester<br \/>\nBelagdicke: 200 Gramm ausgekleideten dicke<br \/>\n\u00c4rmell\u00e4nge: lang\u00e4rmelige<br \/>\nHOOD ausgekleidete, Massiv<br \/>\nExtras: verst\u00e4rkte N\u00e4hte<br \/>\nVerschluss: Rei\u00dfverschluss, mit Schutzklappe<br \/>\nTaschen: Seitentaschen an der H\u00fcfte mit Druckkn\u00f6pfen + Innentasche<br \/>\nFunktion: wasserdicht, winddicht<br \/>\nMaterialau\u00dfenschicht: 100% Polyester<br \/>\nZubeh\u00f6r: Pelzkragen (optional)<\/span><\/p>\n<p><span style=\"font-size: 11.0pt; font-family: 'Arial',sans-serif;\">Lieferzeit: 2-3 Werktage<\/span><\/p>","protected":false},"excerpt":{"rendered":"<p>W\u00c4HLEN SIE HIER EINE ANDERE FARBE<\/p>\n<p><strong><a href=\"https:\/\/versano.nl\/shop\/heren-winterjas-halflang-grijs-thomas-n-versano\/\"><img loading=\"lazy\" decoding=\"async\" class=\"alignnone size-full wp-image-19719\" src=\"https:\/\/versano.nl\/wp-content\/uploads\/sites\/2\/2020\/08\/heren-winterjas-halflang-grijs-met-capuchon-bontkraag-versano-thomas-thumb.jpg\" alt=\"\" width=\"56\" height=\"75\" \/><\/a><a href=\"https:\/\/versano.nl\/shop\/heren-parka-winterjas-halflang-zwart-thomas-n-versano\/\"><img loading=\"lazy\" decoding=\"async\" class=\"alignnone size-full wp-image-19720\" src=\"https:\/\/versano.nl\/wp-content\/uploads\/sites\/2\/2020\/08\/heren-winterjas-halflang-zwart-met-capuchon-bontkraag-versano-thomas-thumb.jpg\" alt=\"\" width=\"56\" height=\"75\" \/><\/a><\/strong><\/p>\n<p style=\"background: white; margin: 0cm 0cm 15.0pt 0cm;\"><strong><span style=\"font-size: 9.5pt; font-family: 'Arial',sans-serif; color: red;\">Fit Beratung:\u00a0<\/span><\/strong><span style=\"font-size: 9.5pt; font-family: 'Arial',sans-serif; color: #555555;\">Die Passform dieser Jacke ist schmal geschnitten. Unser Model ist 1,85 cm gro\u00df und tr\u00e4gt Gr\u00f6\u00dfe M.<\/span><\/p>\n<p style=\"background: white; text-align: start; margin: 0cm 0cm 15.0pt 0cm;\"><span style=\"font-size: 9.5pt; font-family: 'Arial',sans-serif; color: #555555;\">Wenn Sie sich bei Ihren Ma\u00dfen nicht sicher sind, empfehlen wir Ihnen, zuerst Ihre Gr\u00f6\u00dfenma\u00dfe zu messen und sie mit unserer Gr\u00f6\u00dfentabelle zu vergleichen. Wenn Sie keine Erfahrung mit der Messung von Umfangsgr\u00f6\u00dfen haben, klicken Sie auf\u00a0<a style=\"line-height: inherit;\" href=\"https:\/\/www.youtube.com\/watch?v=3ZSfY87v6pM\"><em style=\"line-height: inherit;\"><span style=\"font-family: 'Arial',sans-serif; color: #333333; text-decoration: none;\">HIER<\/span><\/em><span style=\"color: #333333;\">\u00a0<\/span><\/a>\u00a0zu\u00a0<\/span><span style=\"font-size: 9.5pt; font-family: 'Arial',sans-serif; color: red;\"><a style=\"line-height: inherit;\" href=\"https:\/\/www.youtube.com\/watch?v=3ZSfY87v6pM\"><em style=\"line-height: inherit;\"><span style=\"font-family: 'Arial',sans-serif; color: red; text-decoration: none;\">VIDEO<\/span><\/em><\/a><\/span><span style=\"font-size: 9.5pt; font-family: 'Arial',sans-serif; color: #555555;\">\u00a0 mit Anweisungen. Sie k\u00f6nnen uns auch direkt anrufen oder anrufen! Unsere Mitarbeiter stehen Ihnen jederzeit zur Verf\u00fcgung.<\/span><\/p>\n<p style=\"background: white; text-align: start; margin: 0cm 0cm 15.0pt 0cm;\"><strong style=\"line-height: inherit;\"><span style=\"font-size: 9.5pt; font-family: 'Arial',sans-serif; color: #555555;\">LIEFERZEIT :<\/span><\/strong><span style=\"font-size: 9.5pt; font-family: 'Arial',sans-serif; color: #555555;\">\u00a02 bis 3 Werktage.<\/span><\/p>\n<p style=\"background: white; text-align: start; margin: 0cm 0cm 15.0pt 0cm;\"><span style=\"font-size: 9.5pt; font-family: 'Arial',sans-serif; color: red;\">WICHTIGE INFO:<\/span><span style=\"font-size: 9.5pt; font-family: 'Arial',sans-serif; color: #555555;\">\u00a0Sie k\u00f6nnen jede Versano-Jacke mit oder ohne Pelzkragen kaufen, der Pelzkragen ist nicht im Lieferumfang enthalten.<\/span><\/p>\n<p>&nbsp;<\/p>","protected":false},"featured_media":26633,"comment_status":"closed","ping_status":"closed","template":"","meta":[],"product_brand":[],"product_cat":[1403,231,1146,1596,1601,1605,2060,1037,1080,882,1143,1147,1041,1081,1404,1082,1547],"product_tag":[2143,2146,2145,2144,1617,1108,1312,1623,1621,1620,1618,520,1325,1610,1613],"class_list":{"0":"post-26618","1":"product","2":"type-product","3":"status-publish","4":"has-post-thumbnail","6":"product_cat-bontkraag-jas","7":"product_cat-heren-jassen-met-bontkraag","8":"product_cat-heren-winterjas","9":"product_cat-heren-winterjas-met-bontkraag","10":"product_cat-heren-winterjas-met-pels","11":"product_cat-heren-winterjas-parka","12":"product_cat-heren-winterjassen","13":"product_cat-jas-met-bontkraag","14":"product_cat-jas-met-bontkraag-heren","15":"product_cat-versano","16":"product_cat-winterjas","17":"product_cat-winterjas-heren","18":"product_cat-winterjas-met-bontkraag","19":"product_cat-winterjas-met-bontkraag-heren","20":"product_cat-winterjassen","21":"product_cat-winterjassen-met-bontkraag-heren","22":"product_cat-winterjassen-heren","23":"product_tag-blauwe-heren-parka-jas","24":"product_tag-blauwe-heren-winterjas-parka","25":"product_tag-blauwe-parka-jas-voor-heren","26":"product_tag-blauwe-winterjas-heren-met-kraagh","27":"product_tag-goedkope-winterjassen-heren","28":"product_tag-heren-parka-jas","29":"product_tag-parka-heren-winterjas","30":"product_tag-parka-jas-met-bontkraag-heren","31":"product_tag-parka-jassen-voor-heren","32":"product_tag-parka-winterjas-heren","33":"product_tag-uitverkoop-winterjassen-voor-heren","34":"product_tag-versano-parka-jassen","35":"product_tag-versano-winterjassen","36":"product_tag-winterjas-heren-met-kraag","37":"product_tag-winterjassen-heren-in-sale","38":"tm-has-options","40":"first","41":"instock","42":"sale","43":"featured","44":"taxable","45":"shipping-taxable","46":"purchasable","47":"product-type-variable"},"yoast_head":"<!-- This site is optimized with the Yoast SEO plugin v27.2 - https:\/\/yoast.com\/product\/yoast-seo-wordpress\/ -->\n<title>Heren parka winterjas Thomas N Versano blauw<\/title>\n<meta name=\"description\" content=\"Ben je op zoek naar een heren parka winterjas Thomas N Versano blauw, dan ben je bij Versano aan het juiste adres voor parka jassen.\" \/>\n<meta name=\"robots\" content=\"index, follow, max-snippet:-1, max-image-preview:large, max-video-preview:-1\" \/>\n<link rel=\"canonical\" href=\"https:\/\/versano.nl\/de\/shop\/heren-parka-winterjas-thomas-n-versano-blauw\/\" \/>\n<meta property=\"og:locale\" content=\"de_DE\" \/>\n<meta property=\"og:type\" content=\"article\" \/>\n<meta property=\"og:title\" content=\"Heren parka winterjas Thomas N Versano blauw\" \/>\n<meta property=\"og:description\" content=\"Ben je op zoek naar een heren parka winterjas Thomas N Versano blauw, dan ben je bij Versano aan het juiste adres voor parka jassen.\" \/>\n<meta property=\"og:url\" content=\"https:\/\/versano.nl\/de\/shop\/heren-parka-winterjas-thomas-n-versano-blauw\/\" \/>\n<meta property=\"og:site_name\" content=\"Versano\" \/>\n<meta property=\"article:modified_time\" content=\"2025-11-05T12:05:54+00:00\" \/>\n<meta property=\"og:image\" content=\"https:\/\/versano.nl\/wp-content\/uploads\/2022\/09\/heren-winterjas-halflang-zwart-met-capuchon-versano-thomas-voorkant-gesloten.jpeg\" \/>\n\t<meta property=\"og:image:width\" content=\"900\" \/>\n\t<meta property=\"og:image:height\" content=\"1200\" \/>\n\t<meta property=\"og:image:type\" content=\"image\/jpeg\" \/>\n<meta name=\"twitter:card\" content=\"summary_large_image\" \/>\n<meta name=\"twitter:label1\" content=\"Gesch\u00e4tzte Lesezeit\" \/>\n\t<meta name=\"twitter:data1\" content=\"2\u00a0Minuten\" \/>\n<script type=\"application\/ld+json\" class=\"yoast-schema-graph\">{\"@context\":\"https:\/\/schema.org\",\"@graph\":[{\"@type\":\"WebPage\",\"@id\":\"https:\/\/versano.nl\/shop\/heren-parka-winterjas-thomas-n-versano-blauw\/\",\"url\":\"https:\/\/versano.nl\/shop\/heren-parka-winterjas-thomas-n-versano-blauw\/\",\"name\":\"Heren parka winterjas Thomas N Versano blauw\",\"isPartOf\":{\"@id\":\"https:\/\/versano.nl\/#website\"},\"primaryImageOfPage\":{\"@id\":\"https:\/\/versano.nl\/shop\/heren-parka-winterjas-thomas-n-versano-blauw\/#primaryimage\"},\"image\":{\"@id\":\"https:\/\/versano.nl\/shop\/heren-parka-winterjas-thomas-n-versano-blauw\/#primaryimage\"},\"thumbnailUrl\":\"https:\/\/versano.nl\/wp-content\/uploads\/2022\/09\/heren-winterjas-halflang-zwart-met-capuchon-versano-thomas-voorkant-gesloten.jpeg\",\"datePublished\":\"2022-09-26T20:52:15+00:00\",\"dateModified\":\"2025-11-05T12:05:54+00:00\",\"description\":\"Ben je op zoek naar een heren parka winterjas Thomas N Versano blauw, dan ben je bij Versano aan het juiste adres voor parka jassen.\",\"breadcrumb\":{\"@id\":\"https:\/\/versano.nl\/shop\/heren-parka-winterjas-thomas-n-versano-blauw\/#breadcrumb\"},\"inLanguage\":\"de\",\"potentialAction\":[{\"@type\":\"ReadAction\",\"target\":[\"https:\/\/versano.nl\/shop\/heren-parka-winterjas-thomas-n-versano-blauw\/\"]}]},{\"@type\":\"ImageObject\",\"inLanguage\":\"de\",\"@id\":\"https:\/\/versano.nl\/shop\/heren-parka-winterjas-thomas-n-versano-blauw\/#primaryimage\",\"url\":\"https:\/\/versano.nl\/wp-content\/uploads\/2022\/09\/heren-winterjas-halflang-zwart-met-capuchon-versano-thomas-voorkant-gesloten.jpeg\",\"contentUrl\":\"https:\/\/versano.nl\/wp-content\/uploads\/2022\/09\/heren-winterjas-halflang-zwart-met-capuchon-versano-thomas-voorkant-gesloten.jpeg\",\"width\":900,\"height\":1200,\"caption\":\"heren-winterjas-halflang-zwart-met-capuchon-versano-thomas-voorkant-gesloten\"},{\"@type\":\"BreadcrumbList\",\"@id\":\"https:\/\/versano.nl\/shop\/heren-parka-winterjas-thomas-n-versano-blauw\/#breadcrumb\",\"itemListElement\":[{\"@type\":\"ListItem\",\"position\":1,\"name\":\"Home\",\"item\":\"https:\/\/versano.nl\/\"},{\"@type\":\"ListItem\",\"position\":2,\"name\":\"Shop\",\"item\":\"https:\/\/versano.nl\/shop\/\"},{\"@type\":\"ListItem\",\"position\":3,\"name\":\"Heren parka winterjas Thomas N Versano blauw\"}]},{\"@type\":\"WebSite\",\"@id\":\"https:\/\/versano.nl\/#website\",\"url\":\"https:\/\/versano.nl\/\",\"name\":\"Versano\",\"description\":\"winterjassen met bontkraag | leren dames jassen | leren heren jassen\",\"potentialAction\":[{\"@type\":\"SearchAction\",\"target\":{\"@type\":\"EntryPoint\",\"urlTemplate\":\"https:\/\/versano.nl\/?s={search_term_string}\"},\"query-input\":{\"@type\":\"PropertyValueSpecification\",\"valueRequired\":true,\"valueName\":\"search_term_string\"}}],\"inLanguage\":\"de\"}]}<\/script>\n<!-- \/ Yoast SEO plugin. -->","yoast_head_json":{"title":"Herren Parka Winterjacke Thomas N Versano blau","description":"Ben je op zoek naar een heren parka winterjas Thomas N Versano blauw, dan ben je bij Versano aan het juiste adres voor parka jassen.","robots":{"index":"index","follow":"follow","max-snippet":"max-snippet:-1","max-image-preview":"max-image-preview:large","max-video-preview":"max-video-preview:-1"},"canonical":"https:\/\/versano.nl\/de\/shop\/heren-parka-winterjas-thomas-n-versano-blauw\/","og_locale":"de_DE","og_type":"article","og_title":"Heren parka winterjas Thomas N Versano blauw","og_description":"Ben je op zoek naar een heren parka winterjas Thomas N Versano blauw, dan ben je bij Versano aan het juiste adres voor parka jassen.","og_url":"https:\/\/versano.nl\/de\/shop\/heren-parka-winterjas-thomas-n-versano-blauw\/","og_site_name":"Versano","article_modified_time":"2025-11-05T12:05:54+00:00","og_image":[{"width":900,"height":1200,"url":"https:\/\/versano.nl\/wp-content\/uploads\/2022\/09\/heren-winterjas-halflang-zwart-met-capuchon-versano-thomas-voorkant-gesloten.jpeg","type":"image\/jpeg"}],"twitter_card":"summary_large_image","twitter_misc":{"Gesch\u00e4tzte Lesezeit":"2\u00a0Minuten"},"schema":{"@context":"https:\/\/schema.org","@graph":[{"@type":"WebPage","@id":"https:\/\/versano.nl\/shop\/heren-parka-winterjas-thomas-n-versano-blauw\/","url":"https:\/\/versano.nl\/shop\/heren-parka-winterjas-thomas-n-versano-blauw\/","name":"Herren Parka Winterjacke Thomas N Versano blau","isPartOf":{"@id":"https:\/\/versano.nl\/#website"},"primaryImageOfPage":{"@id":"https:\/\/versano.nl\/shop\/heren-parka-winterjas-thomas-n-versano-blauw\/#primaryimage"},"image":{"@id":"https:\/\/versano.nl\/shop\/heren-parka-winterjas-thomas-n-versano-blauw\/#primaryimage"},"thumbnailUrl":"https:\/\/versano.nl\/wp-content\/uploads\/2022\/09\/heren-winterjas-halflang-zwart-met-capuchon-versano-thomas-voorkant-gesloten.jpeg","datePublished":"2022-09-26T20:52:15+00:00","dateModified":"2025-11-05T12:05:54+00:00","description":"Ben je op zoek naar een heren parka winterjas Thomas N Versano blauw, dan ben je bij Versano aan het juiste adres voor parka jassen.","breadcrumb":{"@id":"https:\/\/versano.nl\/shop\/heren-parka-winterjas-thomas-n-versano-blauw\/#breadcrumb"},"inLanguage":"de","potentialAction":[{"@type":"ReadAction","target":["https:\/\/versano.nl\/shop\/heren-parka-winterjas-thomas-n-versano-blauw\/"]}]},{"@type":"ImageObject","inLanguage":"de","@id":"https:\/\/versano.nl\/shop\/heren-parka-winterjas-thomas-n-versano-blauw\/#primaryimage","url":"https:\/\/versano.nl\/wp-content\/uploads\/2022\/09\/heren-winterjas-halflang-zwart-met-capuchon-versano-thomas-voorkant-gesloten.jpeg","contentUrl":"https:\/\/versano.nl\/wp-content\/uploads\/2022\/09\/heren-winterjas-halflang-zwart-met-capuchon-versano-thomas-voorkant-gesloten.jpeg","width":900,"height":1200,"caption":"heren-winterjas-halflang-zwart-met-capuchon-versano-thomas-voorkant-gesloten"},{"@type":"BreadcrumbList","@id":"https:\/\/versano.nl\/shop\/heren-parka-winterjas-thomas-n-versano-blauw\/#breadcrumb","itemListElement":[{"@type":"ListItem","position":1,"name":"Home","item":"https:\/\/versano.nl\/"},{"@type":"ListItem","position":2,"name":"Shop","item":"https:\/\/versano.nl\/shop\/"},{"@type":"ListItem","position":3,"name":"Heren parka winterjas Thomas N Versano blauw"}]},{"@type":"WebSite","@id":"https:\/\/versano.nl\/#website","url":"https:\/\/versano.nl\/","name":"Versano","description":"Winterm\u00e4ntel mit Pelzkragen | Damen Lederjacken | Herren Lederjacken","potentialAction":[{"@type":"SearchAction","target":{"@type":"EntryPoint","urlTemplate":"https:\/\/versano.nl\/?s={search_term_string}"},"query-input":{"@type":"PropertyValueSpecification","valueRequired":true,"valueName":"search_term_string"}}],"inLanguage":"de"}]}},"_links":{"self":[{"href":"https:\/\/versano.nl\/de\/wp-json\/wp\/v2\/product\/26618","targetHints":{"allow":["GET"]}}],"collection":[{"href":"https:\/\/versano.nl\/de\/wp-json\/wp\/v2\/product"}],"about":[{"href":"https:\/\/versano.nl\/de\/wp-json\/wp\/v2\/types\/product"}],"replies":[{"embeddable":true,"href":"https:\/\/versano.nl\/de\/wp-json\/wp\/v2\/comments?post=26618"}],"wp:featuredmedia":[{"embeddable":true,"href":"https:\/\/versano.nl\/de\/wp-json\/wp\/v2\/media\/26633"}],"wp:attachment":[{"href":"https:\/\/versano.nl\/de\/wp-json\/wp\/v2\/media?parent=26618"}],"wp:term":[{"taxonomy":"product_brand","embeddable":true,"href":"https:\/\/versano.nl\/de\/wp-json\/wp\/v2\/product_brand?post=26618"},{"taxonomy":"product_cat","embeddable":true,"href":"https:\/\/versano.nl\/de\/wp-json\/wp\/v2\/product_cat?post=26618"},{"taxonomy":"product_tag","embeddable":true,"href":"https:\/\/versano.nl\/de\/wp-json\/wp\/v2\/product_tag?post=26618"}],"curies":[{"name":"wp","href":"https:\/\/api.w.org\/{rel}","templated":true}]}}