{"id":22327,"date":"2021-08-27T21:49:12","date_gmt":"2021-08-27T21:49:12","guid":{"rendered":"https:\/\/versano.nl\/shop\/korte-dames-winterjas-met-capuchon-sabrina-zwart-versano\/"},"modified":"2026-03-06T15:07:44","modified_gmt":"2026-03-06T15:07:44","slug":"korte-dames-winterjas-met-capuchon-sabrina-zwart-versano","status":"publish","type":"product","link":"https:\/\/versano.nl\/de\/shop\/korte-dames-winterjas-met-capuchon-sabrina-zwart-versano\/","title":{"rendered":"kurze Damen Winterjacke mit Kapuze Sabrina schwarz Versano"},"content":{"rendered":"<h2>kurze Damen Winterjacke mit Kapuze Sabrina schwarz Versano<\/h2>\n<p>Die kurze Damen Winterjacke mit Kapuze Sabrina schwarz Versano ist die perfekte Winterjacke um durch den Winter zu kommen. Die Sabrina von Versano ist nicht nur warm, sondern hat auch eine sch\u00f6n taillierte Passform. Dieses Versano-Modell ist ein kurzes Modell mit zwei tiefen Seitentaschen. Diese Taschen k\u00f6nnen mit einem Rei\u00dfverschluss geschlossen werden. Das Material dieses Modells ist dehnbar, wodurch die Jacke angenehm zu tragen ist und dieses Modell auch gut sitzt. Sie ist eine der meistverkauften Jacken von Versano zu einem wettbewerbsf\u00e4higen Preis. F\u00fcr einen gut aussehenden und qualitativ hochwertigen Wintermantel sind Sie bei der bekannten Jackenmarke Versano an der richtigen Adresse.<\/p>\n<h2>Versano Winterjacken f\u00fcr Damen<\/h2>\n<p>Die bekannte Jackenmarke Versano ist vor allem f\u00fcr ihre sch\u00f6nen und ausgefallenen Jackenmodelle mit taillierter italienischer Passform bekannt, aber das ist nicht nur ein Design, wir nennen es &quot;A STATE OF ART&quot;. Mit einer so sch\u00f6nen Jacke von Versano k\u00f6nnen Sie sicher sein, dass Sie sie den ganzen Winter \u00fcber tragen k\u00f6nnen. Das sind wundersch\u00f6ne Jacken, die nicht nur perfekt designt sind, sondern auch aus den besten Materialien gefertigt sind. Die kurze Damen Winterjacke mit Kapuze Sabrina schwarz Versano k\u00f6nnen Sie ganz einfach \u00fcber unseren Versano Webshop bestellen. Hier haben wir alle unsere Jacken f\u00fcr Sie zusammengestellt, damit Sie ganz einfach eine Bestellung aufgeben k\u00f6nnen. Bei Versano k\u00f6nnen Sie sich immer sicher sein, einen sch\u00f6nen und sorgf\u00e4ltig verarbeiteten Mantel zu kaufen.<\/p>\n<p>Marke: <a title=\"versano\" href=\"https:\/\/versano.nl\" target=\"_blank\" rel=\"noopener noreferrer\">Versano<\/a><br \/>\nL\u00e4nge: kurz<br \/>\nMaterial: 76% Polyamid 24% Elasthan<br \/>\nPassform: ausgestattet<br \/>\nFutter: 100% Polyester<br \/>\nWattierung: Kunstdaunen 100% Polyester<br \/>\nRei\u00dfverschl\u00fcsse: Skirei\u00dfverschl\u00fcsse<br \/>\nHOOD ausgekleidete, Massiv<br \/>\nExtras: verst\u00e4rkte N\u00e4hte<br \/>\nSchlie\u00dfung: Rei\u00dfverschluss<br \/>\nS\u00e4cke Rei\u00dfverschluss Seitentaschen, Innen<br \/>\nFunktion: wasserdicht, winddicht<br \/>\nMaterialau\u00dfenschicht: 100% Polyester<\/p>\n<p>Lieferzeit: 2-3 Werktage<\/p>","protected":false},"excerpt":{"rendered":"<p><strong>W\u00c4HLEN SIE HIER EINE ANDERE FARBE<\/strong><\/p>\n<p><span style=\"color: #ff0000;\"><strong><a href=\"https:\/\/versano.nl\/shop\/korte-dames-winterjas-met-capuchon-sabrina-blauw-versano\/\"><img loading=\"lazy\" decoding=\"async\" class=\"alignnone size-full wp-image-22085\" src=\"https:\/\/versano.nl\/wp-content\/uploads\/sites\/2\/2021\/08\/sabrina-thumb-blauw.png\" alt=\"\" width=\"57\" height=\"75\" srcset=\"https:\/\/versano.nl\/wp-content\/uploads\/2021\/08\/sabrina-thumb-blauw.png 57w, https:\/\/versano.nl\/wp-content\/uploads\/2021\/08\/sabrina-thumb-blauw-9x12.png 9w\" sizes=\"auto, (max-width: 57px) 100vw, 57px\" \/><\/a><a href=\"https:\/\/versano.nl\/shop\/korte-dames-winterjas-met-capuchon-sabrina-rood-versano\/\"><img loading=\"lazy\" decoding=\"async\" class=\"alignnone size-full wp-image-22086\" src=\"https:\/\/versano.nl\/wp-content\/uploads\/sites\/2\/2021\/08\/sabrina-thumb-rood.png\" alt=\"\" width=\"57\" height=\"75\" srcset=\"https:\/\/versano.nl\/wp-content\/uploads\/2021\/08\/sabrina-thumb-rood.png 57w, https:\/\/versano.nl\/wp-content\/uploads\/2021\/08\/sabrina-thumb-rood-9x12.png 9w\" sizes=\"auto, (max-width: 57px) 100vw, 57px\" \/><\/a><\/strong><\/span><\/p>\n<p><span style=\"color: #ff0000;\"><strong>Fit Beratung: <\/strong><\/span><strong>Getailleerde pasvorm, valt een maat kleine, kies aub een maat groter. Ons model is 1.70 cm lang en weeg 65 kilo en draagt een maat medium .Deze jas is vervaardigd uit hoogwaardige elastische stof en bied uitstekende waterafstotende en winddichte eigenschappen.<\/strong><\/p>\n<p><span style=\"color: #ff0000;\"><strong> \u00a0<\/strong><\/span>Wenn Sie sich bei Ihren Ma\u00dfen nicht sicher sind, empfehlen wir Ihnen, zuerst Ihre Gr\u00f6\u00dfenma\u00dfe zu messen und sie mit unserer Gr\u00f6\u00dfentabelle zu vergleichen. Wenn Sie keine Erfahrung mit der Messung von Umfangsgr\u00f6\u00dfen haben, klicken Sie auf <a href=\"https:\/\/www.youtube.com\/watch?v=3ZSfY87v6pM\"><em>HIER<\/em>\u00a0<\/a>\u00a0zu <span style=\"color: #ff0000;\"><a style=\"color: #ff0000;\" href=\"https:\/\/www.youtube.com\/watch?v=3ZSfY87v6pM\"><em>VIDEO<\/em><\/a>\u00a0<\/span> met instucties te bekijken. je kan ons ook direct bellen of appen! Onze medewerkers staan altijd voor je klaar om te helpen.<\/p>\n<p><strong><span style=\"color: #000000;\">LIEFERZEIT<\/span> :<\/strong> 2 bis 3 Werktage.<\/p>\n<p>&nbsp;<\/p>","protected":false},"featured_media":22564,"comment_status":"closed","ping_status":"closed","template":"","meta":[],"product_brand":[],"product_cat":[1145,1382,882,1143,1144,1404,1339],"product_tag":[2090,2079,396,1210,2072,386],"class_list":{"0":"post-22327","1":"product","2":"type-product","3":"status-publish","4":"has-post-thumbnail","6":"product_cat-dames-winterjas","7":"product_cat-dames-winterjassen","8":"product_cat-versano","9":"product_cat-winterjas","10":"product_cat-winterjas-dames","11":"product_cat-winterjassen","12":"product_cat-winterjassen-dames","13":"product_tag-dames-winterjas-kort","14":"product_tag-dames-winterjas-versano","15":"product_tag-dames-winterjas-zwart","16":"product_tag-korte-winterjas-dames","17":"product_tag-merk-winterjas-dames","18":"product_tag-zwarte-winterjas-dames","19":"product_shipping_class-verzendkosten-1","20":"tm-no-options","22":"first","23":"instock","24":"sale","25":"taxable","26":"shipping-taxable","27":"purchasable","28":"product-type-variable"},"yoast_head":"<!-- This site is optimized with the Yoast SEO plugin v27.2 - https:\/\/yoast.com\/product\/yoast-seo-wordpress\/ -->\n<title>korte dames winterjas met capuchon Sabrina zwart Versano<\/title>\n<meta name=\"description\" content=\"Ben je op zoek naar een korte dames winterjas met capuchon Sabrina zwart Versano, dan bent u bij versano aan het juiste adres.\" \/>\n<meta name=\"robots\" content=\"index, follow, max-snippet:-1, max-image-preview:large, max-video-preview:-1\" \/>\n<link rel=\"canonical\" href=\"https:\/\/versano.nl\/de\/shop\/korte-dames-winterjas-met-capuchon-sabrina-zwart-versano\/\" \/>\n<meta property=\"og:locale\" content=\"de_DE\" \/>\n<meta property=\"og:type\" content=\"article\" \/>\n<meta property=\"og:title\" content=\"korte dames winterjas met capuchon Sabrina zwart Versano\" \/>\n<meta property=\"og:description\" content=\"Ben je op zoek naar een korte dames winterjas met capuchon Sabrina zwart Versano, dan bent u bij versano aan het juiste adres.\" \/>\n<meta property=\"og:url\" content=\"https:\/\/versano.nl\/de\/shop\/korte-dames-winterjas-met-capuchon-sabrina-zwart-versano\/\" \/>\n<meta property=\"og:site_name\" content=\"Versano\" \/>\n<meta property=\"article:modified_time\" content=\"2026-03-06T15:07:44+00:00\" \/>\n<meta property=\"og:image\" content=\"https:\/\/versano.nl\/wp-content\/uploads\/2021\/08\/IMG_9183.jpg\" \/>\n\t<meta property=\"og:image:width\" content=\"900\" \/>\n\t<meta property=\"og:image:height\" content=\"1200\" \/>\n\t<meta property=\"og:image:type\" content=\"image\/jpeg\" \/>\n<meta name=\"twitter:card\" content=\"summary_large_image\" \/>\n<meta name=\"twitter:label1\" content=\"Gesch\u00e4tzte Lesezeit\" \/>\n\t<meta name=\"twitter:data1\" content=\"2\u00a0Minuten\" \/>\n<script type=\"application\/ld+json\" class=\"yoast-schema-graph\">{\"@context\":\"https:\/\/schema.org\",\"@graph\":[{\"@type\":\"WebPage\",\"@id\":\"https:\/\/versano.nl\/shop\/korte-dames-winterjas-met-capuchon-sabrina-zwart-versano\/\",\"url\":\"https:\/\/versano.nl\/shop\/korte-dames-winterjas-met-capuchon-sabrina-zwart-versano\/\",\"name\":\"korte dames winterjas met capuchon Sabrina zwart Versano\",\"isPartOf\":{\"@id\":\"https:\/\/versano.nl\/#website\"},\"primaryImageOfPage\":{\"@id\":\"https:\/\/versano.nl\/shop\/korte-dames-winterjas-met-capuchon-sabrina-zwart-versano\/#primaryimage\"},\"image\":{\"@id\":\"https:\/\/versano.nl\/shop\/korte-dames-winterjas-met-capuchon-sabrina-zwart-versano\/#primaryimage\"},\"thumbnailUrl\":\"https:\/\/versano.nl\/wp-content\/uploads\/2021\/08\/IMG_9183.jpg\",\"datePublished\":\"2021-08-27T21:49:12+00:00\",\"dateModified\":\"2026-03-06T15:07:44+00:00\",\"description\":\"Ben je op zoek naar een korte dames winterjas met capuchon Sabrina zwart Versano, dan bent u bij versano aan het juiste adres.\",\"breadcrumb\":{\"@id\":\"https:\/\/versano.nl\/shop\/korte-dames-winterjas-met-capuchon-sabrina-zwart-versano\/#breadcrumb\"},\"inLanguage\":\"de\",\"potentialAction\":[{\"@type\":\"ReadAction\",\"target\":[\"https:\/\/versano.nl\/shop\/korte-dames-winterjas-met-capuchon-sabrina-zwart-versano\/\"]}]},{\"@type\":\"ImageObject\",\"inLanguage\":\"de\",\"@id\":\"https:\/\/versano.nl\/shop\/korte-dames-winterjas-met-capuchon-sabrina-zwart-versano\/#primaryimage\",\"url\":\"https:\/\/versano.nl\/wp-content\/uploads\/2021\/08\/IMG_9183.jpg\",\"contentUrl\":\"https:\/\/versano.nl\/wp-content\/uploads\/2021\/08\/IMG_9183.jpg\",\"width\":900,\"height\":1200,\"caption\":\"korte-winterjas-dames-zwart\"},{\"@type\":\"BreadcrumbList\",\"@id\":\"https:\/\/versano.nl\/shop\/korte-dames-winterjas-met-capuchon-sabrina-zwart-versano\/#breadcrumb\",\"itemListElement\":[{\"@type\":\"ListItem\",\"position\":1,\"name\":\"Home\",\"item\":\"https:\/\/versano.nl\/\"},{\"@type\":\"ListItem\",\"position\":2,\"name\":\"Shop\",\"item\":\"https:\/\/versano.nl\/shop\/\"},{\"@type\":\"ListItem\",\"position\":3,\"name\":\"korte dames winterjas met capuchon Sabrina zwart Versano\"}]},{\"@type\":\"WebSite\",\"@id\":\"https:\/\/versano.nl\/#website\",\"url\":\"https:\/\/versano.nl\/\",\"name\":\"Versano\",\"description\":\"winterjassen met bontkraag | leren dames jassen | leren heren jassen\",\"potentialAction\":[{\"@type\":\"SearchAction\",\"target\":{\"@type\":\"EntryPoint\",\"urlTemplate\":\"https:\/\/versano.nl\/?s={search_term_string}\"},\"query-input\":{\"@type\":\"PropertyValueSpecification\",\"valueRequired\":true,\"valueName\":\"search_term_string\"}}],\"inLanguage\":\"de\"}]}<\/script>\n<!-- \/ Yoast SEO plugin. -->","yoast_head_json":{"title":"kurze Damen Winterjacke mit Kapuze Sabrina schwarz Versano","description":"Suchen Sie eine kurze Damen Winterjacke mit Kapuze Sabrina schwarz Versano, dann sind Sie bei Versano genau richtig.","robots":{"index":"index","follow":"follow","max-snippet":"max-snippet:-1","max-image-preview":"max-image-preview:large","max-video-preview":"max-video-preview:-1"},"canonical":"https:\/\/versano.nl\/de\/shop\/korte-dames-winterjas-met-capuchon-sabrina-zwart-versano\/","og_locale":"de_DE","og_type":"article","og_title":"korte dames winterjas met capuchon Sabrina zwart Versano","og_description":"Ben je op zoek naar een korte dames winterjas met capuchon Sabrina zwart Versano, dan bent u bij versano aan het juiste adres.","og_url":"https:\/\/versano.nl\/de\/shop\/korte-dames-winterjas-met-capuchon-sabrina-zwart-versano\/","og_site_name":"Versano","article_modified_time":"2026-03-06T15:07:44+00:00","og_image":[{"width":900,"height":1200,"url":"https:\/\/versano.nl\/wp-content\/uploads\/2021\/08\/IMG_9183.jpg","type":"image\/jpeg"}],"twitter_card":"summary_large_image","twitter_misc":{"Gesch\u00e4tzte Lesezeit":"2\u00a0Minuten"},"schema":{"@context":"https:\/\/schema.org","@graph":[{"@type":"WebPage","@id":"https:\/\/versano.nl\/shop\/korte-dames-winterjas-met-capuchon-sabrina-zwart-versano\/","url":"https:\/\/versano.nl\/shop\/korte-dames-winterjas-met-capuchon-sabrina-zwart-versano\/","name":"kurze Damen Winterjacke mit Kapuze Sabrina schwarz Versano","isPartOf":{"@id":"https:\/\/versano.nl\/#website"},"primaryImageOfPage":{"@id":"https:\/\/versano.nl\/shop\/korte-dames-winterjas-met-capuchon-sabrina-zwart-versano\/#primaryimage"},"image":{"@id":"https:\/\/versano.nl\/shop\/korte-dames-winterjas-met-capuchon-sabrina-zwart-versano\/#primaryimage"},"thumbnailUrl":"https:\/\/versano.nl\/wp-content\/uploads\/2021\/08\/IMG_9183.jpg","datePublished":"2021-08-27T21:49:12+00:00","dateModified":"2026-03-06T15:07:44+00:00","description":"Suchen Sie eine kurze Damen Winterjacke mit Kapuze Sabrina schwarz Versano, dann sind Sie bei Versano genau richtig.","breadcrumb":{"@id":"https:\/\/versano.nl\/shop\/korte-dames-winterjas-met-capuchon-sabrina-zwart-versano\/#breadcrumb"},"inLanguage":"de","potentialAction":[{"@type":"ReadAction","target":["https:\/\/versano.nl\/shop\/korte-dames-winterjas-met-capuchon-sabrina-zwart-versano\/"]}]},{"@type":"ImageObject","inLanguage":"de","@id":"https:\/\/versano.nl\/shop\/korte-dames-winterjas-met-capuchon-sabrina-zwart-versano\/#primaryimage","url":"https:\/\/versano.nl\/wp-content\/uploads\/2021\/08\/IMG_9183.jpg","contentUrl":"https:\/\/versano.nl\/wp-content\/uploads\/2021\/08\/IMG_9183.jpg","width":900,"height":1200,"caption":"korte-winterjas-dames-zwart"},{"@type":"BreadcrumbList","@id":"https:\/\/versano.nl\/shop\/korte-dames-winterjas-met-capuchon-sabrina-zwart-versano\/#breadcrumb","itemListElement":[{"@type":"ListItem","position":1,"name":"Home","item":"https:\/\/versano.nl\/"},{"@type":"ListItem","position":2,"name":"Shop","item":"https:\/\/versano.nl\/shop\/"},{"@type":"ListItem","position":3,"name":"korte dames winterjas met capuchon Sabrina zwart Versano"}]},{"@type":"WebSite","@id":"https:\/\/versano.nl\/#website","url":"https:\/\/versano.nl\/","name":"Versano","description":"Winterm\u00e4ntel mit Pelzkragen | Damen Lederjacken | Herren Lederjacken","potentialAction":[{"@type":"SearchAction","target":{"@type":"EntryPoint","urlTemplate":"https:\/\/versano.nl\/?s={search_term_string}"},"query-input":{"@type":"PropertyValueSpecification","valueRequired":true,"valueName":"search_term_string"}}],"inLanguage":"de"}]}},"_links":{"self":[{"href":"https:\/\/versano.nl\/de\/wp-json\/wp\/v2\/product\/22327","targetHints":{"allow":["GET"]}}],"collection":[{"href":"https:\/\/versano.nl\/de\/wp-json\/wp\/v2\/product"}],"about":[{"href":"https:\/\/versano.nl\/de\/wp-json\/wp\/v2\/types\/product"}],"replies":[{"embeddable":true,"href":"https:\/\/versano.nl\/de\/wp-json\/wp\/v2\/comments?post=22327"}],"wp:featuredmedia":[{"embeddable":true,"href":"https:\/\/versano.nl\/de\/wp-json\/wp\/v2\/media\/22564"}],"wp:attachment":[{"href":"https:\/\/versano.nl\/de\/wp-json\/wp\/v2\/media?parent=22327"}],"wp:term":[{"taxonomy":"product_brand","embeddable":true,"href":"https:\/\/versano.nl\/de\/wp-json\/wp\/v2\/product_brand?post=22327"},{"taxonomy":"product_cat","embeddable":true,"href":"https:\/\/versano.nl\/de\/wp-json\/wp\/v2\/product_cat?post=22327"},{"taxonomy":"product_tag","embeddable":true,"href":"https:\/\/versano.nl\/de\/wp-json\/wp\/v2\/product_tag?post=22327"}],"curies":[{"name":"wp","href":"https:\/\/api.w.org\/{rel}","templated":true}]}}