{"id":211,"date":"2017-04-20T12:06:22","date_gmt":"2017-04-20T12:06:22","guid":{"rendered":"https:\/\/leathershopdoci.nl\/shop\/leren-dames-jas-groen-versano-315\/"},"modified":"2026-02-27T11:51:24","modified_gmt":"2026-02-27T11:51:24","slug":"leren-dames-jas-groen-versano-315","status":"publish","type":"product","link":"https:\/\/versano.nl\/de\/shop\/leren-dames-jas-groen-versano-315\/","title":{"rendered":"Damen Lederjacke 315 gr\u00fcn Versano"},"content":{"rendered":"<h2>Damen Lederjacke 315 gr\u00fcn Versano<\/h2>\n<p>Suchen Sie eine schicke Lederjacke, in der Sie gerne herumlaufen? Bei Versano wissen sie, wie man eine solche Jacke entwirft und produziert. Nehmen Sie zum Beispiel diese sch\u00f6ne Damen Lederjacke 315 gr\u00fcn Versano. Dies ist eine Jacke, die, man kann es nicht leugnen, gro\u00dfartig aussieht. Das Finish ist absolut perfekt und alle Elemente sind sch\u00f6n aufeinander abgestimmt. Dies ist eines der Grundmodelle von Versano und als solches auch einer unserer Erfolge. Sie ist in strapazierf\u00e4higem Lammleder erh\u00e4ltlich, aber wenn Sie es lieber nicht tragen m\u00f6chten, haben wir diese Jacke auch aus Lederimitat gefertigt. Dieses Modell ist in mehreren Farben und auch in gr\u00f6\u00dferen Gr\u00f6\u00dfen bis 5xl erh\u00e4ltlich.<\/p>\n<h2><strong>Versano Modell 315 . bestellen<\/strong><\/h2>\n<p>Diese schicke Damenjacke von Versano ist eines der besten Basic-Modelle der italienischen Marke Versano. Es ist eine Jacke, die sich gut mit verschiedenen Arten von Kleidung kombinieren l\u00e4sst. Denken Sie an einen Rock, aber auch an eine coole Jeans. Die Jacke hat vier Taschen, zwei Seitentaschen und zwei kleinere Taschen auf der Brust. Der 315 Cognac von Versano besteht aus besten Materialien und ist weich und anschmiegsam, da es sich um 100% Lammfell handelt. Wenn Sie diese Jacke bei uns bestellen, erhalten Sie eine Jacke, die ein Leben lang sch\u00f6n bleibt. Die Farbe l\u00e4sst sich gut kombinieren und passt zu fast allen Outfits. Sein italienisches Design sorgt daf\u00fcr, dass die Jacke eng anliegt und trotzdem angenehm zu tragen ist. Dieses Modell ist nicht zu voll, was es zu einem Top-Klassiker macht. Sie k\u00f6nnen ganz einfach auf unserer Website bestellen.<\/p>\n<p>Marke: <a href=\"https:\/\/versano.nl\/\" target=\"_blank\" rel=\"noopener noreferrer\">Versano<\/a><br \/>\nMaterial: 100% Lammfell<br \/>\nFutter: 100% Polyester<br \/>\nL\u00e4nge: kurz<br \/>\nPassform: fest sitzend<br \/>\nSchlie\u00dfung: Rei\u00dfverschluss<br \/>\nTaschen: RV-Taschen<br \/>\nKragen: Stehkragen<br \/>\nMaterial Au\u00dfenschicht: hohe Qualit\u00e4t und weiches Lammfell<br \/>\nLieferzeit: 2-3 Werktage<\/p>","protected":false},"excerpt":{"rendered":"<p><strong>W\u00c4HLEN SIE HIER EINE ANDERE FARBE<\/strong><\/p>\n<p><a href=\"https:\/\/versano.nl\/shop\/dames-leren-jas-315-cognac-versano\/\"><img loading=\"lazy\" decoding=\"async\" class=\"alignnone size-full wp-image-19827\" src=\"https:\/\/versano.nl\/wp-content\/uploads\/sites\/2\/2019\/01\/dames-leren-jassen-cognac-ronde-kraag-315-model2-thumb.jpg\" alt=\"\" width=\"57\" height=\"75\" \/><\/a><a href=\"https:\/\/versano.nl\/shop\/dames-leren-jasje-315-blauw-versano\/\"><img loading=\"lazy\" decoding=\"async\" class=\"alignnone size-full wp-image-19828\" src=\"https:\/\/versano.nl\/wp-content\/uploads\/sites\/2\/2019\/01\/leren-dames-jas-blauw-ronde-kraag-315-model4-thumb.jpg\" alt=\"\" width=\"57\" height=\"75\" \/><\/a><a href=\"https:\/\/versano.nl\/shop\/leren-dames-jas-315-bruin-versano\/\"><img loading=\"lazy\" decoding=\"async\" class=\"alignnone size-full wp-image-19830\" src=\"https:\/\/versano.nl\/wp-content\/uploads\/sites\/2\/2019\/01\/leren-dames-jassen-bruin-ronde-kraag-315-model3-thumb.jpg\" alt=\"\" width=\"57\" height=\"75\" \/><\/a><a href=\"https:\/\/versano.nl\/shop\/dames-leren-jas-versano-315-zwart\/\"><img loading=\"lazy\" decoding=\"async\" class=\"alignnone size-full wp-image-19831\" src=\"https:\/\/versano.nl\/wp-content\/uploads\/sites\/2\/2019\/01\/leren-dames-jassen-zwart-ronde-kraag-315-model3-thumb.jpg\" alt=\"\" width=\"57\" height=\"75\" \/><\/a><a href=\"https:\/\/versano.nl\/shop\/leren-dames-jas-rood-versano-315\/\"><img loading=\"lazy\" decoding=\"async\" class=\"alignnone size-full wp-image-19833\" src=\"https:\/\/versano.nl\/wp-content\/uploads\/sites\/2\/2019\/01\/leren-jasje-rood-ronde-kraag-315-model2-thumb.jpg\" alt=\"\" width=\"57\" height=\"75\" \/><\/a><a href=\"https:\/\/versano.nl\/shop\/leren-dames-jas-beige-versano-315\/\"><img loading=\"lazy\" decoding=\"async\" class=\"alignnone size-full wp-image-19832\" src=\"https:\/\/versano.nl\/wp-content\/uploads\/sites\/2\/2019\/01\/leren-jasje-beige-ronde-kraag-315-model3-thumb.jpg\" alt=\"\" width=\"57\" height=\"75\" \/><\/a><a href=\"https:\/\/versano.nl\/shop\/leren-dames-jas-beige-versano-315\/\"><img loading=\"lazy\" decoding=\"async\" class=\"alignnone size-full wp-image-27050\" src=\"https:\/\/versano.nl\/wp-content\/uploads\/sites\/2\/2017\/04\/leren-dames-jas-taupe-camel-myversano-315-thumb.jpg\" alt=\"\" width=\"57\" height=\"76\" srcset=\"https:\/\/versano.nl\/wp-content\/uploads\/2017\/04\/leren-dames-jas-taupe-camel-myversano-315-thumb.jpg 57w, https:\/\/versano.nl\/wp-content\/uploads\/2017\/04\/leren-dames-jas-taupe-camel-myversano-315-thumb-9x12.jpg 9w\" sizes=\"auto, (max-width: 57px) 100vw, 57px\" \/><\/a><\/p>\n<p><span style=\"color: red;\">Fit Beratung:<\/span> Die Passform dieser Jacke ist eng geschnitten. Unser Modell ist 1,68 cm gro\u00df und tr\u00e4gt eine Gr\u00f6\u00dfe S.<\/p>\n<p>Wenn Sie sich bei Ihren Ma\u00dfen nicht sicher sind, empfehlen wir Ihnen, zuerst Ihre Gr\u00f6\u00dfenma\u00dfe zu messen und sie mit unserer Gr\u00f6\u00dfentabelle zu vergleichen. Wenn Sie keine Erfahrung mit der Messung von Umfangsgr\u00f6\u00dfen haben, klicken Sie auf <a href=\"https:\/\/www.youtube.com\/watch?v=3ZSfY87v6pM\"><em><span style=\"text-decoration: none;\">HIER<\/span><\/em>\u00a0<\/a>\u00a0zu <a href=\"https:\/\/www.youtube.com\/watch?v=3ZSfY87v6pM\"><em><span style=\"color: red; text-decoration: none;\">VIDEO<\/span><\/em><\/a>\u00a0 mit Anweisungen. Sie k\u00f6nnen uns auch direkt anrufen oder anrufen! Unsere Mitarbeiter stehen Ihnen jederzeit zur Verf\u00fcgung.<\/p>\n<p><strong><span style=\"color: black;\">LIEFERZEIT :<\/span><\/strong> 2 bis 3 Werktage.<\/p>","protected":false},"featured_media":16583,"comment_status":"closed","ping_status":"closed","template":"","meta":[],"product_brand":[],"product_cat":[90,874,875,1470,879,880,1712,881,2051,878,882],"product_tag":[110,111,112,113,114,95,115,116,98,101,105,106,107],"class_list":{"0":"post-211","1":"product","2":"type-product","3":"status-publish","4":"has-post-thumbnail","6":"product_cat-dames-leren-jassen","7":"product_cat-kort-leren-jasje","8":"product_cat-kort-leren-jasje-dames","9":"product_cat-leren-dames-jas","10":"product_cat-leren-dames-jassen","11":"product_cat-leren-jasje-dames","12":"product_cat-leren-jassen","13":"product_cat-leren-jassen-dames","14":"product_cat-leren-jassen-dames-grote-maten","15":"product_cat-leren-jassen-dames-uitverkoop","16":"product_cat-versano","17":"product_tag-dames-leren-jas-groen","18":"product_tag-goedkope-dames-leren-jas-groen","19":"product_tag-goedkope-leren-dames-jas-groen","20":"product_tag-groene-dames-leren-jas","21":"product_tag-groene-leren-dames-jas","22":"product_tag-korte-leren-jassen","23":"product_tag-leren-dames-jas-groen","24":"product_tag-leren-groene-jas-dames","25":"product_tag-leren-jasje","26":"product_tag-online-leren-jassen","27":"product_tag-versano-leren-jassen","28":"product_tag-winter-leren-jassen","29":"product_tag-zomer-leren-jassen","30":"tm-no-options","32":"first","33":"instock","34":"taxable","35":"shipping-taxable","36":"product-type-variable"},"yoast_head":"<!-- This site is optimized with the Yoast SEO plugin v27.2 - https:\/\/yoast.com\/product\/yoast-seo-wordpress\/ -->\n<title>Dames leren jas 315 groen Versano, dames leren jassen<\/title>\n<meta name=\"description\" content=\"Met de Dames leren jas groen 315 Versano mag je echt gezien worden. Deze jas is gemaakt van lamsleer, en heeft een uitstekende pasvorm.\" \/>\n<meta name=\"robots\" content=\"index, follow, max-snippet:-1, max-image-preview:large, max-video-preview:-1\" \/>\n<link rel=\"canonical\" href=\"https:\/\/versano.nl\/de\/shop\/leren-dames-jas-groen-versano-315\/\" \/>\n<meta property=\"og:locale\" content=\"de_DE\" \/>\n<meta property=\"og:type\" content=\"article\" \/>\n<meta property=\"og:title\" content=\"Dames leren jas 315 groen Versano, dames leren jassen\" \/>\n<meta property=\"og:description\" content=\"Met de Dames leren jas groen 315 Versano mag je echt gezien worden. Deze jas is gemaakt van lamsleer, en heeft een uitstekende pasvorm.\" \/>\n<meta property=\"og:url\" content=\"https:\/\/versano.nl\/de\/shop\/leren-dames-jas-groen-versano-315\/\" \/>\n<meta property=\"og:site_name\" content=\"Versano\" \/>\n<meta property=\"article:modified_time\" content=\"2026-02-27T11:51:24+00:00\" \/>\n<meta property=\"og:image\" content=\"https:\/\/versano.nl\/wp-content\/uploads\/2020\/07\/leren-dames-jas-groen-ronde-kraag-315-model5.jpg\" \/>\n\t<meta property=\"og:image:width\" content=\"900\" \/>\n\t<meta property=\"og:image:height\" content=\"1176\" \/>\n\t<meta property=\"og:image:type\" content=\"image\/jpeg\" \/>\n<meta name=\"twitter:card\" content=\"summary_large_image\" \/>\n<meta name=\"twitter:label1\" content=\"Gesch\u00e4tzte Lesezeit\" \/>\n\t<meta name=\"twitter:data1\" content=\"2\u00a0Minuten\" \/>\n<script type=\"application\/ld+json\" class=\"yoast-schema-graph\">{\"@context\":\"https:\/\/schema.org\",\"@graph\":[{\"@type\":\"WebPage\",\"@id\":\"https:\/\/versano.nl\/shop\/leren-dames-jas-groen-versano-315\/\",\"url\":\"https:\/\/versano.nl\/shop\/leren-dames-jas-groen-versano-315\/\",\"name\":\"Dames leren jas 315 groen Versano, dames leren jassen\",\"isPartOf\":{\"@id\":\"https:\/\/versano.nl\/#website\"},\"primaryImageOfPage\":{\"@id\":\"https:\/\/versano.nl\/shop\/leren-dames-jas-groen-versano-315\/#primaryimage\"},\"image\":{\"@id\":\"https:\/\/versano.nl\/shop\/leren-dames-jas-groen-versano-315\/#primaryimage\"},\"thumbnailUrl\":\"https:\/\/versano.nl\/wp-content\/uploads\/2020\/07\/leren-dames-jas-groen-ronde-kraag-315-model5.jpg\",\"datePublished\":\"2017-04-20T12:06:22+00:00\",\"dateModified\":\"2026-02-27T11:51:24+00:00\",\"description\":\"Met de Dames leren jas groen 315 Versano mag je echt gezien worden. Deze jas is gemaakt van lamsleer, en heeft een uitstekende pasvorm.\",\"breadcrumb\":{\"@id\":\"https:\/\/versano.nl\/shop\/leren-dames-jas-groen-versano-315\/#breadcrumb\"},\"inLanguage\":\"de\",\"potentialAction\":[{\"@type\":\"ReadAction\",\"target\":[\"https:\/\/versano.nl\/shop\/leren-dames-jas-groen-versano-315\/\"]}]},{\"@type\":\"ImageObject\",\"inLanguage\":\"de\",\"@id\":\"https:\/\/versano.nl\/shop\/leren-dames-jas-groen-versano-315\/#primaryimage\",\"url\":\"https:\/\/versano.nl\/wp-content\/uploads\/2020\/07\/leren-dames-jas-groen-ronde-kraag-315-model5.jpg\",\"contentUrl\":\"https:\/\/versano.nl\/wp-content\/uploads\/2020\/07\/leren-dames-jas-groen-ronde-kraag-315-model5.jpg\",\"width\":900,\"height\":1176,\"caption\":\"Dames leren jas 315 groen Versano\"},{\"@type\":\"BreadcrumbList\",\"@id\":\"https:\/\/versano.nl\/shop\/leren-dames-jas-groen-versano-315\/#breadcrumb\",\"itemListElement\":[{\"@type\":\"ListItem\",\"position\":1,\"name\":\"Home\",\"item\":\"https:\/\/versano.nl\/\"},{\"@type\":\"ListItem\",\"position\":2,\"name\":\"Shop\",\"item\":\"https:\/\/versano.nl\/shop\/\"},{\"@type\":\"ListItem\",\"position\":3,\"name\":\"Dames leren jas 315 groen Versano\"}]},{\"@type\":\"WebSite\",\"@id\":\"https:\/\/versano.nl\/#website\",\"url\":\"https:\/\/versano.nl\/\",\"name\":\"Versano\",\"description\":\"winterjassen met bontkraag | leren dames jassen | leren heren jassen\",\"potentialAction\":[{\"@type\":\"SearchAction\",\"target\":{\"@type\":\"EntryPoint\",\"urlTemplate\":\"https:\/\/versano.nl\/?s={search_term_string}\"},\"query-input\":{\"@type\":\"PropertyValueSpecification\",\"valueRequired\":true,\"valueName\":\"search_term_string\"}}],\"inLanguage\":\"de\"}]}<\/script>\n<!-- \/ Yoast SEO plugin. -->","yoast_head_json":{"title":"Damen Lederjacke 315 gr\u00fcn Versano, Damen Lederjacken","description":"Mit der Damen Lederjacke Gr\u00fcn 315 Versano kann man sich richtig sehen lassen. Diese Jacke ist aus Lammleder gefertigt und hat eine hervorragende Passform.","robots":{"index":"index","follow":"follow","max-snippet":"max-snippet:-1","max-image-preview":"max-image-preview:large","max-video-preview":"max-video-preview:-1"},"canonical":"https:\/\/versano.nl\/de\/shop\/leren-dames-jas-groen-versano-315\/","og_locale":"de_DE","og_type":"article","og_title":"Dames leren jas 315 groen Versano, dames leren jassen","og_description":"Met de Dames leren jas groen 315 Versano mag je echt gezien worden. Deze jas is gemaakt van lamsleer, en heeft een uitstekende pasvorm.","og_url":"https:\/\/versano.nl\/de\/shop\/leren-dames-jas-groen-versano-315\/","og_site_name":"Versano","article_modified_time":"2026-02-27T11:51:24+00:00","og_image":[{"width":900,"height":1176,"url":"https:\/\/versano.nl\/wp-content\/uploads\/2020\/07\/leren-dames-jas-groen-ronde-kraag-315-model5.jpg","type":"image\/jpeg"}],"twitter_card":"summary_large_image","twitter_misc":{"Gesch\u00e4tzte Lesezeit":"2\u00a0Minuten"},"schema":{"@context":"https:\/\/schema.org","@graph":[{"@type":"WebPage","@id":"https:\/\/versano.nl\/shop\/leren-dames-jas-groen-versano-315\/","url":"https:\/\/versano.nl\/shop\/leren-dames-jas-groen-versano-315\/","name":"Damen Lederjacke 315 gr\u00fcn Versano, Damen Lederjacken","isPartOf":{"@id":"https:\/\/versano.nl\/#website"},"primaryImageOfPage":{"@id":"https:\/\/versano.nl\/shop\/leren-dames-jas-groen-versano-315\/#primaryimage"},"image":{"@id":"https:\/\/versano.nl\/shop\/leren-dames-jas-groen-versano-315\/#primaryimage"},"thumbnailUrl":"https:\/\/versano.nl\/wp-content\/uploads\/2020\/07\/leren-dames-jas-groen-ronde-kraag-315-model5.jpg","datePublished":"2017-04-20T12:06:22+00:00","dateModified":"2026-02-27T11:51:24+00:00","description":"Mit der Damen Lederjacke Gr\u00fcn 315 Versano kann man sich richtig sehen lassen. Diese Jacke ist aus Lammleder gefertigt und hat eine hervorragende Passform.","breadcrumb":{"@id":"https:\/\/versano.nl\/shop\/leren-dames-jas-groen-versano-315\/#breadcrumb"},"inLanguage":"de","potentialAction":[{"@type":"ReadAction","target":["https:\/\/versano.nl\/shop\/leren-dames-jas-groen-versano-315\/"]}]},{"@type":"ImageObject","inLanguage":"de","@id":"https:\/\/versano.nl\/shop\/leren-dames-jas-groen-versano-315\/#primaryimage","url":"https:\/\/versano.nl\/wp-content\/uploads\/2020\/07\/leren-dames-jas-groen-ronde-kraag-315-model5.jpg","contentUrl":"https:\/\/versano.nl\/wp-content\/uploads\/2020\/07\/leren-dames-jas-groen-ronde-kraag-315-model5.jpg","width":900,"height":1176,"caption":"Dames leren jas 315 groen Versano"},{"@type":"BreadcrumbList","@id":"https:\/\/versano.nl\/shop\/leren-dames-jas-groen-versano-315\/#breadcrumb","itemListElement":[{"@type":"ListItem","position":1,"name":"Home","item":"https:\/\/versano.nl\/"},{"@type":"ListItem","position":2,"name":"Shop","item":"https:\/\/versano.nl\/shop\/"},{"@type":"ListItem","position":3,"name":"Dames leren jas 315 groen Versano"}]},{"@type":"WebSite","@id":"https:\/\/versano.nl\/#website","url":"https:\/\/versano.nl\/","name":"Versano","description":"Winterm\u00e4ntel mit Pelzkragen | Damen Lederjacken | Herren Lederjacken","potentialAction":[{"@type":"SearchAction","target":{"@type":"EntryPoint","urlTemplate":"https:\/\/versano.nl\/?s={search_term_string}"},"query-input":{"@type":"PropertyValueSpecification","valueRequired":true,"valueName":"search_term_string"}}],"inLanguage":"de"}]}},"_links":{"self":[{"href":"https:\/\/versano.nl\/de\/wp-json\/wp\/v2\/product\/211","targetHints":{"allow":["GET"]}}],"collection":[{"href":"https:\/\/versano.nl\/de\/wp-json\/wp\/v2\/product"}],"about":[{"href":"https:\/\/versano.nl\/de\/wp-json\/wp\/v2\/types\/product"}],"replies":[{"embeddable":true,"href":"https:\/\/versano.nl\/de\/wp-json\/wp\/v2\/comments?post=211"}],"wp:featuredmedia":[{"embeddable":true,"href":"https:\/\/versano.nl\/de\/wp-json\/wp\/v2\/media\/16583"}],"wp:attachment":[{"href":"https:\/\/versano.nl\/de\/wp-json\/wp\/v2\/media?parent=211"}],"wp:term":[{"taxonomy":"product_brand","embeddable":true,"href":"https:\/\/versano.nl\/de\/wp-json\/wp\/v2\/product_brand?post=211"},{"taxonomy":"product_cat","embeddable":true,"href":"https:\/\/versano.nl\/de\/wp-json\/wp\/v2\/product_cat?post=211"},{"taxonomy":"product_tag","embeddable":true,"href":"https:\/\/versano.nl\/de\/wp-json\/wp\/v2\/product_tag?post=211"}],"curies":[{"name":"wp","href":"https:\/\/api.w.org\/{rel}","templated":true}]}}